{"id":6250,"date":"2024-02-01T15:29:48","date_gmt":"2024-02-01T14:29:48","guid":{"rendered":"https:\/\/wonnebauer.de\/site\/grenzgaenger\/wasgibtesneues\/archiv-2021\/"},"modified":"2024-02-01T15:37:53","modified_gmt":"2024-02-01T14:37:53","slug":"archiv-2021","status":"publish","type":"page","link":"https:\/\/wonnebauer.de\/site\/grenzgaenger\/wasgibtesneues\/archiv-2021\/","title":{"rendered":"Archiv 2021"},"content":{"rendered":"<p>[et_pb_section fb_built=&#8220;1&#8243; admin_label=&#8220;Wilkommen Block 1&#8243; _builder_version=&#8220;4.16&#8243; custom_padding=&#8220;0px|0px|0px|&#8220; global_colors_info=&#8220;{}&#8220;][et_pb_row column_structure=&#8220;1_3,2_3&#8243; _builder_version=&#8220;4.16&#8243; global_colors_info=&#8220;{}&#8220;][et_pb_column type=&#8220;1_3&#8243; _builder_version=&#8220;4.16&#8243; background_position=&#8220;top_left&#8220; custom_padding=&#8220;0px|0px|0px|0px&#8220; global_colors_info=&#8220;{}&#8220; custom_padding__hover=&#8220;|||&#8220;][et_pb_text admin_label=&#8220;Text Abstandshalter&#8220; _builder_version=&#8220;4.16&#8243; custom_margin=&#8220;0px|0px|0px|0px&#8220; custom_padding=&#8220;0px|0px|0px|0px&#8220; global_colors_info=&#8220;{}&#8220;]<span style=\"color: #ffffff;\">:<\/span><br \/>\n<span style=\"color: #ffffff;\">:<\/span><br \/>\n[\/et_pb_text][et_pb_text admin_label=&#8220;Text Was gibt es Neues?&#8220; _builder_version=&#8220;4.23.1&#8243; hover_enabled=&#8220;0&#8243; z_index_tablet=&#8220;500&#8243; global_colors_info=&#8220;{}&#8220; sticky_enabled=&#8220;0&#8243;]<\/p>\n<h3><span style=\"color: #91001f;\">Archiv 2021<br \/><\/span><\/h3>\n<p>[\/et_pb_text][\/et_pb_column][et_pb_column type=&#8220;2_3&#8243; _builder_version=&#8220;4.16&#8243; background_position=&#8220;top_left&#8220; custom_padding=&#8220;0px|0px|0px|&#8220; global_colors_info=&#8220;{}&#8220; custom_padding__hover=&#8220;|||&#8220;][et_pb_text admin_label=&#8220;Text Abstandshalter&#8220; _builder_version=&#8220;4.16&#8243; custom_margin=&#8220;0px|0px|0px|0px&#8220; custom_padding=&#8220;0px|0px|0px|0px&#8220; global_colors_info=&#8220;{}&#8220;]<span style=\"color: #ffffff;\">:<\/span><br \/>\n<span style=\"color: #ffffff;\">:<\/span><br \/>\n[\/et_pb_text][\/et_pb_column][\/et_pb_row][\/et_pb_section][et_pb_section fb_built=&#8220;1&#8243; admin_label=&#8220;Wilkommen Block 1&#8243; _builder_version=&#8220;4.16&#8243; custom_padding=&#8220;0px|0px|0px|&#8220; global_colors_info=&#8220;{}&#8220;][et_pb_row column_structure=&#8220;2_3,1_3&#8243; _builder_version=&#8220;4.16&#8243; global_colors_info=&#8220;{}&#8220;][et_pb_column type=&#8220;2_3&#8243; _builder_version=&#8220;4.16&#8243; background_position=&#8220;top_left&#8220; custom_padding=&#8220;0px|0px|0px|0px&#8220; global_colors_info=&#8220;{}&#8220; custom_padding__hover=&#8220;|||&#8220;][et_pb_text admin_label=&#8220;Text \u00dcberschrift Was gibt es Neues in Luxemburg?&#8220; _builder_version=&#8220;4.16&#8243; global_colors_info=&#8220;{}&#8220;]<\/p>\n<div class=\"csc-header csc-header-n3\">\n<h3>Aktuelle Informationen f\u00fcr Grenzg\u00e4nger<\/h3>\n<\/div>\n<p>[\/et_pb_text][et_pb_text admin_label=&#8220;Text Was gibt es Neues in Luxemburg?&#8220; _builder_version=&#8220;4.23.1&#8243; _module_preset=&#8220;default&#8220; hover_enabled=&#8220;0&#8243; z_index_tablet=&#8220;500&#8243; text_text_shadow_horizontal_length_tablet=&#8220;0px&#8220; text_text_shadow_vertical_length_tablet=&#8220;0px&#8220; text_text_shadow_blur_strength_tablet=&#8220;1px&#8220; link_text_shadow_horizontal_length_tablet=&#8220;0px&#8220; link_text_shadow_vertical_length_tablet=&#8220;0px&#8220; link_text_shadow_blur_strength_tablet=&#8220;1px&#8220; ul_text_shadow_horizontal_length_tablet=&#8220;0px&#8220; ul_text_shadow_vertical_length_tablet=&#8220;0px&#8220; ul_text_shadow_blur_strength_tablet=&#8220;1px&#8220; ol_text_shadow_horizontal_length_tablet=&#8220;0px&#8220; ol_text_shadow_vertical_length_tablet=&#8220;0px&#8220; ol_text_shadow_blur_strength_tablet=&#8220;1px&#8220; quote_text_shadow_horizontal_length_tablet=&#8220;0px&#8220; quote_text_shadow_vertical_length_tablet=&#8220;0px&#8220; quote_text_shadow_blur_strength_tablet=&#8220;1px&#8220; header_text_shadow_horizontal_length_tablet=&#8220;0px&#8220; header_text_shadow_vertical_length_tablet=&#8220;0px&#8220; header_text_shadow_blur_strength_tablet=&#8220;1px&#8220; header_2_text_shadow_horizontal_length_tablet=&#8220;0px&#8220; header_2_text_shadow_vertical_length_tablet=&#8220;0px&#8220; header_2_text_shadow_blur_strength_tablet=&#8220;1px&#8220; header_3_text_shadow_horizontal_length_tablet=&#8220;0px&#8220; header_3_text_shadow_vertical_length_tablet=&#8220;0px&#8220; header_3_text_shadow_blur_strength_tablet=&#8220;1px&#8220; header_4_text_shadow_horizontal_length_tablet=&#8220;0px&#8220; header_4_text_shadow_vertical_length_tablet=&#8220;0px&#8220; header_4_text_shadow_blur_strength_tablet=&#8220;1px&#8220; header_5_text_shadow_horizontal_length_tablet=&#8220;0px&#8220; header_5_text_shadow_vertical_length_tablet=&#8220;0px&#8220; header_5_text_shadow_blur_strength_tablet=&#8220;1px&#8220; header_6_text_shadow_horizontal_length_tablet=&#8220;0px&#8220; header_6_text_shadow_vertical_length_tablet=&#8220;0px&#8220; header_6_text_shadow_blur_strength_tablet=&#8220;1px&#8220; box_shadow_horizontal_tablet=&#8220;0px&#8220; box_shadow_vertical_tablet=&#8220;0px&#8220; box_shadow_blur_tablet=&#8220;40px&#8220; box_shadow_spread_tablet=&#8220;0px&#8220; global_colors_info=&#8220;{}&#8220; sticky_enabled=&#8220;0&#8243;]<\/p>\n<div id=\"middle\">\n<div id=\"middle-content\">\n<div id=\"middle-marker-box\">\n<div id=\"middle-marker\">\n<div id=\"c761\" class=\"csc-default\">\n<div class=\"csc-textpic csc-textpic-intext-right\">\n<p><strong>07.12.2021 Erneute Verl\u00e4ngerung der Corona-Ausnahmeregel<\/strong><\/p>\n<p>Die Homeoffice-Tage werden auch noch im n\u00e4chsten Jahr in Luxemburg besteuert. Bis wann dies vorerst gilt, k\u00f6nnen Sie <a href=\"https:\/\/wonnebauer.de\/site\/grenzgaenger\/steuernindeutschland\/\">hier<\/a> recherchieren.<\/p>\n<p><strong>29.11.2021 Probleme bei der Sozialversicherung<\/strong><\/p>\n<p>Vorsicht bei der Arbeitszeit au\u00dferhalb Luxemburgs. Eine zu hohe Arbeitszeit au\u00dferhalb Luxemburgs k\u00f6nnte sich negativ f\u00fcr den Arbeitnehmer auswirken. Wie dies vorgebeugt werden kann erfahren Sie <a href=\"https:\/\/wonnebauer.de\/site\/grenzgaenger\/eusozialversicherungsrecht\/\">hier\u2026<\/a><\/p>\n<p><strong>08.11.2021 Krankengeld nachrechnen lohnt sich<\/strong><\/p>\n<p>Grenzg\u00e4nger sollten beim Bezug vom Krankengeld die H\u00f6he des Krankengeldes pr\u00fcfen. Das luxemburger System ist hier nicht perfekt. <a href=\"https:\/\/wonnebauer.de\/site\/grenzgaenger\/sozialversicherungluxemburg\/\">Mehr\u2026<\/a><\/p>\n<p><strong>03.11.2021 Kolumne November: \u00dcberlegungen zum Jahresende<br \/><\/strong><\/p>\n<p>Das Jahr neigt sich dem Ende zu. Daraufhin schlie\u00dfen viele Steuerpflichtige noch neue Versicherungen ab, um Steuern zu sparen. Doch macht das \u00fcberhaupt Sinn? <a href=\"https:\/\/wonnebauer.de\/site\/grenzgaenger\/kolumneimtrierischenvolksfreund\/\">Mehr&#8230;<\/a><\/p>\n<p><strong>26.10.2021 Der Sozialplan<\/strong><\/p>\n<p>Immer h\u00e4ufiger kommt es in Luxemburg zu Massenentlassungen. Viele Grenzg\u00e4nger werden daraufhin freigestellt. Doch was gibt es hierbei steuerlich zu beachten? Mehr\u2026\u00a0 <a href=\"https:\/\/wonnebauer.de\/site\/grenzgaenger\/steuernindeutschland\/\">Mehr&#8230;<\/a><\/p>\n<p><strong>21.10.2021 F\u00f6rderung der Photovoltaikanlagen in Luxemburg<\/strong><\/p>\n<p>Eine Gesetzes\u00e4nderung in Luxemburg bewirkt f\u00fcr Grenzg\u00e4nger weitere Vorteile f\u00fcr den globalen Steuersatz. <a href=\"https:\/\/wonnebauer.de\/site\/grenzgaenger\/steuerninluxemburg\/\">Mehr&#8230;<\/a><\/p>\n<p><strong>08.10.2021 Neue Mahnwelle des Finanzamtes<\/strong><\/p>\n<p>Jetzt wird es wieder Herbst. Das Finanzamt mahnt alle, die noch keine Steuererkl\u00e4rung abgegeben haben. Allerdings werden auch noch Mahnungen herausgeschickt, obwohl die Steuererkl\u00e4rungen schon abgegeben wurden. Die Mahnungen werden auch an ehemalige Grenzg\u00e4nger versendet. Der Datenbestand ist also folglich nicht immer ganz aktuell. <a href=\"https:\/\/wonnebauer.de\/site\/grenzgaenger\/steuerninluxemburg\/\">Mehr\u2026<\/a><\/p>\n<p><strong>01.10.2021 <\/strong><strong>Kolumne Oktober: Rentner k\u00f6nnen Steuererkl\u00e4rungen vermeiden<\/strong><\/p>\n<p>Viele Rentner \u00e4rgern sich, dass sie Steuererkl\u00e4rungen in Deutschland abgeben m\u00fcssen, obwohl am Ende keine Steuerzahlung herauskommt. Dies kann vermieden werden durch eine einfache Handhabung. <a href=\"https:\/\/wonnebauer.de\/site\/grenzgaenger\/kolumneimtrierischenvolksfreund\/\">Mehr\u2026<\/a><\/p>\n<p><strong>29.09.2021 Neue Vereinbarung zwischen Deutschland und Luxemburg<\/strong><\/p>\n<p>Die Homeoffice-Tage werden auch diese Jahr noch allein in Luxemburg besteuert. Die Ausnahmeregel zwischen Deutschland und Luxemburg macht dies m\u00f6glich. <a href=\"https:\/\/wonnebauer.de\/site\/grenzgaenger\/steuernindeutschland\/\">Mehr&#8230;<\/a><\/p>\n<p><strong>27.09.2021 Das Arbeitszeugnis in Luxemburg<\/strong><\/p>\n<p>In Luxemburg kennt man die in Deutschland \u00fcblich ausgestellten qualifizierten Zeugnisse nicht. Die dazu ergangene Rechtsprechung ist oft dehr differenziert. All dies erspart man sich in Luxemburg. <a href=\"https:\/\/wonnebauer.de\/site\/arbeitsrecht\/luxemburgerarbeitsrecht\/\">Mehr&#8230;<\/a><\/p>\n<p><strong>31.8.2021 Kolumne August: Besteuerung von Unfallrenten<br \/><\/strong><br \/><strong>Unfallrenten<\/strong> sind gemeinhin als <strong>steuerfre<\/strong>i bekannt. Anderes gilt aber in Luxemburg seit 2011. <strong><a href=\"https:\/\/wonnebauer.de\/site\/grenzgaenger\/kolumneimtrierischenvolksfreund\/\">Mehr&#8230;<\/a><br \/><\/strong><\/p>\n<p><strong>30.7.2021 Auch m\u00fcndliche K\u00fcndigungen k\u00f6nnen wirksam sein<\/strong><\/p>\n<p>In einem aktuellen Fall haben zwei Instanzen best\u00e4tigt, dass im Ausnahmefall auch eine m\u00fcndliche K\u00fcndigung eines Arbeitnehmers wirksam sein kann<strong>. <a href=\"https:\/\/wonnebauer.de\/site\/arbeitsrecht\/luxemburgerarbeitsrecht\/\">Mehr &#8230;<\/a><\/strong><\/p>\n<p><strong>30.7.2021 Erstattungsantr\u00e4ge an Rentenkasse<\/strong><\/p>\n<p>Wer mehrere Steuerkarten im Laufe eines Jahres hat, zahlt in bestimmten F\u00e4llen zu hohe Sozialversicherungsbeitr\u00e4ge. Da aber die Beitr\u00e4ge zur Rentenkasse dann keinen Einfluss mehr auf die Rentenh\u00f6he bewirken, kann man diese zur\u00fcckverlangen<strong>. <a href=\"https:\/\/wonnebauer.de\/site\/grenzgaenger\/sozialversicherungluxemburg\/\">Mehr &#8230;<\/a><\/strong><\/p>\n<p><strong>30.7.2021 Kolume Juli: Spenden in Luxemburg<\/strong><\/p>\n<p>Auch in Luxemburg kann man<strong> Spenden<\/strong> steuerlich ber\u00fccksichtigen. Im Einzelnen gibt es jedoch gro\u00dfe Unterschiede zu den deutschen Steuerregeln. Hier\u00fcber berichtet eine Juli-Kolumne. <a href=\"https:\/\/wonnebauer.de\/site\/grenzgaenger\/kolumneimtrierischenvolksfreund\/\"><strong>Mehr &#8230;<\/strong><\/a><\/p>\n<p><strong><br \/>30.7.2021 Kolumne im Trierischen Volksfreund<\/strong><\/p>\n<p>Aufgrund der hohen Nachfrage der TV-Leser nach verst\u00e4ndlichen Informationen f\u00fcr Grenzg\u00e4nger, werden die Kolumen nun\u00a0\u00a0 zweimal im Monat erscheinen. Jeweils dienstags gibt es jetzt die Seite Grenzg\u00e4nger, bei der gezielt Artikel f\u00fcr Berufst\u00e4tige erscheinen. Diese Kolumen erscheinen auch weiterhin auf unserer website.<strong><a href=\"https:\/\/wonnebauer.de\/site\/grenzgaenger\/kolumneimtrierischenvolksfreund\/\"> Mehr &#8230;<\/a><\/strong><\/p>\n<p><strong><br \/>30.7.2021 English Version<\/strong><\/p>\n<p>Aufgrund der hohen Zahl an Grenzg\u00e4ngern<strong> mit englischsprachigem Hintergrund <\/strong>gibt es seit Juli auch viele Artikel in<strong> englischer Sprache.<\/strong> In der Region wohnen viele Grenzg\u00e4nger, die Informationen in englischer Sprache besser verstehen.\u00a0 Dieser Nachfrage will hiermit entgegen gekommen werden. Somit gibt es nun die neue Rubrik INFO IN ENGLISH. Aber auch in den anderen Rubriken werden die Artikel nach und nach \u00fcbersetzt. <strong><a href=\"https:\/\/wonnebauer.de\/site\/tax-in-luxemburg\/\">Mehr &#8230;<\/a><\/strong><\/p>\n<p><strong><br \/>30.7.2021 Seminar zum Ebrecht<\/strong><\/p>\n<p>Endlich ist es wieder soweit. Die Volkshochschulen mussten ihre Seminarangebote mehrfach verschieben. Der <strong>Workshop zum Erbrecht und Vorsorge<\/strong> findet nun ab Ende Oktober endlich wieder bei der VHS Trier statt. <strong><a href=\"https:\/\/wonnebauer.de\/site\/seminare-zum-erbrecht\/\">Mehr &#8230;<\/a><\/strong><\/p>\n<p><strong><br \/>26.6.2021 Luxemburger bevorzugen Grenzg\u00e4nger<\/strong><\/p>\n<p>Es ist sch\u00f6n, ein Grenzg\u00e4nger zu sein. Man hat sogar mehr Vorteile als die Luxemburger selbst. Ein Fossil im Luxemburger Einkommensteuergesetz macht es in einem Ausnahmefall noch m\u00f6glich. Als Luxemburger Resident f\u00fchlt man sich wohl wie in einem schlechtem Film. There is also an english version of this article.<strong><a href=\"https:\/\/wonnebauer.de\/site\/grenzgaenger\/kolumneimtrierischenvolksfreund\/\"> Mehr &#8230;<\/a><\/strong><\/p>\n<p><strong> 16.6.2021 Neues Urteil im Arbeitsrecht<\/strong><\/p>\n<p>Einer Unart von Arbeitgebern ist das luxemburger Berufungsgericht in Arbeitsrechtssachen jetzt entgegen getreten. <strong><a href=\"https:\/\/wonnebauer.de\/site\/arbeitsrecht\/luxemburgerarbeitsrecht\/\">Mehr &#8230;<\/a><br \/><\/strong><\/p>\n<p><strong>16.6.2021 Neues Rundschreiben des Steuerdirektors<\/strong><\/p>\n<p>Die Steuerdirektorin hat sich in einem neuen Circulaire zu Werbungkosten ge\u00e4u\u00dfert. Diese Dienstanweisung gibt allerdings nur Altbekanntes wider.<strong><a href=\"https:\/\/wonnebauer.de\/site\/grenzgaenger\/steuerninluxemburg\/\">Mehr &#8230;<\/a><\/strong><\/p>\n<p><strong>16.6.2021 Pflichtbeitr\u00e4ge zu steuerfreien Eink\u00fcnften<\/strong><\/p>\n<p>Bei Grenzg\u00e4ngern eher unbekannt ist die M\u00f6glichkeit, die in Deutschland gezahlten Pflichtbeitr\u00e4ge zur Sozialversicherung in der Steuererkl\u00e4rung geltend zu machen. Das hat erhebliche Auswirkungen auf das Steuerergebnis<strong>. <a href=\"https:\/\/wonnebauer.de\/site\/grenzgaenger\/steuerninluxemburg\/\">Mehr &#8230;<\/a><\/strong><\/p>\n<p><strong>29.5.2021 Bausparkassenbeitr\u00e4ge kritisch sehen<\/strong><\/p>\n<p>Viele Grenzg\u00e4nger verf\u00fcgen noch \u00fcber Bausparvertr\u00e4ge und k\u00f6nnen die Beitr\u00e4ge in der Steuererkl\u00e4rung geltend machen. Luxemburg will zwar das Bauen von Eigenheimen f\u00f6rdern. Wer aber andere Pl\u00e4ne f\u00fcr die Verwendung des Guthabens hat, wird bitter entt\u00e4uscht.<strong><a href=\"https:\/\/wonnebauer.de\/site\/grenzgaenger\/steuerninluxemburg\/\"> Mehr &#8230;<\/a><br \/><\/strong><\/p>\n<p><strong>29.5.2021 Mittelalterlicher Werbungskostenbegriff<\/strong><\/p>\n<p>In Luxemburg ist der Werbungkostenbegriff nur grob definiert. Grenzg\u00e4nger k\u00f6nnen praktisch kaum Kosten geltend machen und setzen meist die Pauschale von 540 Euro an. Die Finanzverwaltung ist sehr restriktiv bei der Pr\u00fcfung und lehnt Kosten meist ab. <a href=\"https:\/\/wonnebauer.de\/site\/grenzgaenger\/steuerninluxemburg\/\"><strong>Mehr &#8230;<\/strong> <\/a><\/p>\n<p><strong>29.5.2021 Kolumne Mai 2021 Verst\u00e4ndigungsverfahren zur 19-Tage-Regel<\/strong><\/p>\n<p>In einem aktuellen Verst\u00e4ndigungsverfahren hat Luxemburg seine Haltung aufgegeben, die 19-Tage-Regel unterj\u00e4hrig nicht als Pro-Rate-Berechnung anzuwenden. Damit ist ein jahrelanger Streitpunkt und damit auch eine Grauzone endlich gekl\u00e4rt.<a href=\"https:\/\/wonnebauer.de\/site\/grenzgaenger\/kolumneimtrierischenvolksfreund\/\"><strong> Mehr &#8230;<\/strong><\/a><\/p>\n<p><strong> 31.3.2021 Kolumne M\u00e4rz: Grenzg\u00e4nger haben Holpflicht<\/strong><\/p>\n<p>Die heutige Generation der Grenzg\u00e4nger hat mehr Pflichten als die Vorgeneration. Die Anforderungen der Finanz\u00e4mter erh\u00f6hen sich st\u00e4ndig, aber auch in anderen Rechtsbereichen muss man sich selbst informieren, wenn man nicht benachteiligt werden will. <strong><a href=\"https:\/\/wonnebauer.de\/site\/grenzgaenger\/kolumneimtrierischenvolksfreund\/\">Mehr &#8230;<\/a><\/strong><\/p>\n<p><strong>31.3.2021\u00a0 Reform des Steuerkartensystems<\/strong><\/p>\n<p>Anfang des Jahres bricht immer wieder Hektik aus. Wo bleiben die Steuerkarten? Nach welcher Steuerklasse\u00a0 soll mein Arbeitgeber abrechnen, wenn sie fehlt. <strong>Diese Situation soll ab 2022 der Vergangenheit angeh\u00f6ren. <a href=\"https:\/\/wonnebauer.de\/site\/grenzgaenger\/steuerninluxemburg\/\">Mehr &#8230;<\/a><\/strong><\/p>\n<p><strong>31.3.2021 Steuerklassenwahl nicht untersch\u00e4tzen<br \/><\/strong><\/p>\n<p>Nach deutschem Steuerrecht kann eine \u00c4nderung der eigenen Steuerklasse erfolgen bis zur Bestandskraft eines Steuerbescheids. <strong>In Luxemburg ist im Gesetz festgelegt, dass das bez\u00fcglich der Steuerklasse nicht gilt. <a href=\"https:\/\/wonnebauer.de\/site\/grenzgaenger\/steuerninluxemburg\/\">Mehr &#8230;<\/a><\/strong><\/p>\n<p><strong>31.3.2021 Werbungskosten in Luxemburg<\/strong><\/p>\n<p>Arbeitnehmer haben kaum M\u00f6glichkeiten, Werbungskosten geltend zu machen. Der aus Deutschland bekannte Begriff existiert praktisch gar nicht in Luxemburg. <a href=\"https:\/\/wonnebauer.de\/site\/grenzgaenger\/steuerninluxemburg\/\">Mehr &#8230;<\/a><\/p>\n<p><strong>23.2.2021 Sozialversicherungsbeitr\u00e4ge des Nicht-Grenzg\u00e4ngers<\/strong><\/p>\n<p>Ob der<strong> Nicht-Grenzg\u00e4nger-Ehegatte <\/strong>des Grenzg\u00e4ngers in die<strong> Sozialversicherung<\/strong> einzahlt ist entscheidend f\u00fcr die Steuerberechnung im Detail<strong><strong>. <a href=\"https:\/\/wonnebauer.de\/site\/grenzgaenger\/steuerninluxemburg\/\">Mehr &#8230;<\/a><\/strong><\/strong><\/p>\n<p><strong>23.2.2021 Unterschied zwischen Steuerklasse 1 und Einzelveranlagung<br \/><\/strong><br \/>Eheleute haben eine Prozentzahl auf der Steuerkarte stehen, auch wenn sie Einzelveranlagung beantragen. <strong>Was ist die Besonderheit? <a href=\"https:\/\/wonnebauer.de\/site\/grenzgaenger\/steuerninluxemburg\/\">Mehr&#8230;<\/a><br \/><\/strong><strong><br \/>23.2.2021 Keine \u00c4nderungsm\u00f6glichkeit von Steuerbescheiden bei eigenen Fehlern?<\/strong><\/p>\n<p>Seit neuestem verh\u00e4lt sich das <strong>Steuerb\u00fcro Z<\/strong> seltsam, wenn man<strong> Korrekturantr\u00e4ge f\u00fcr Steuerbescheide <\/strong>stellt. <strong>Wenn man den Fehler selbst verursacht hat, wird eine \u00c4nderung abgelehnt. Ist das rechtens?<a href=\"https:\/\/wonnebauer.de\/site\/grenzgaenger\/steuerninluxemburg\/\">\u00a0 Mehr &#8230;\u00a0<\/a><\/strong><\/p>\n<p><strong>25.2.2021 Renteneintritt planen<\/strong><\/p>\n<p>Wer seinen<strong> Renteneintritt plant, mit 57, 60 oder 65, <\/strong>sollte sich mit Steuern und Sozialversicherungen besch\u00e4ftigen, um keine b\u00f6se \u00dcberraschung zu erleben<strong>. <a href=\"https:\/\/wonnebauer.de\/site\/erben-und-vermoegen\/finanzplanung\/\">Mehr &#8230;<\/a><\/strong><\/p>\n<p><strong>25.2.2021 Beweispflicht liegt beim Grenzg\u00e4nger<\/strong><\/p>\n<p>Die<strong> Kolumne <\/strong>vom<strong> Februar erkl\u00e4rt, <\/strong>welchen Mehraufwand Grenzg\u00e4nger betreiben m\u00fcssen, um sich f\u00fcr R\u00fcckfragen des Finanzamtes zu wappnen. <strong><a href=\"https:\/\/wonnebauer.de\/site\/grenzgaenger\/kolumneimtrierischenvolksfreund\/\">Mehr &#8230;<\/a><\/strong><\/p>\n<p><strong>31.01.2021 Rentner sollten Lohnsteuerjahresausgleich erw\u00e4gen<br \/><\/strong><br \/>F\u00fcr viele Rentner kommt eine<strong> Einkommensteuererkl\u00e4rung nicht mehr in Betracht <\/strong>mangels Erreichen der 90 Prozent-Grenze. Eventuell lohnt sich aber ein <strong>Lohnsteuerjahresausgleich. <a href=\"https:\/\/wonnebauer.de\/site\/grenzgaenger\/kolumneimtrierischenvolksfreund\/\">Mehr &#8230;<\/a><\/strong><\/p>\n<p><strong>26.01.2021 Umsatzbesteuerung von Dienstwagen<\/strong><\/p>\n<p>Arbeitgeber, die Grenzg\u00e4nger Dienstwagen zur Verf\u00fcgung stellen, m\u00fcssen die Umsatzsteuer in Deutschland zahlen. <a href=\"https:\/\/wonnebauer.de\/site\/steuerberatung\/beratungfuerunternehmer\/\"><strong>Mehr \u2026<\/strong><\/a><\/p>\n<p><strong>26.01.2021 Neue Steuerkarten zum Jahresanfang<\/strong><\/p>\n<p>Im Januar kamen die neuen Steuerkarten.<\/p>\n<p>Neue Steuerkarten werden grunds\u00e4tzlich zum Jahresanfang ausgestellt, aber auch mit Erlass eines neuen Steuerbescheides. Mitunter erhalten Grenzg\u00e4nger im Januar mehrere neue Steuerkarten, da zuf\u00e4lligerweise im Januar auch noch einmal neue Steuerbescheide ergangen sind. Was tun? <a href=\"https:\/\/wonnebauer.de\/site\/grenzgaenger\/steuerninluxemburg\/\"><strong>Mehr \u2026<\/strong><\/a><\/p>\n<\/div>\n<\/div>\n<\/div>\n<div id=\"middle-marker\">\n<div id=\"c761\" class=\"csc-default\">\n<div class=\"csc-textpic csc-textpic-intext-right\">\n<p>&nbsp;<\/p>\n<\/div>\n<\/div>\n<\/div>\n<\/div>\n<\/div>\n<\/div>\n<p>[\/et_pb_text][\/et_pb_column][et_pb_column type=&#8220;1_3&#8243; _builder_version=&#8220;4.16&#8243; background_position=&#8220;top_left&#8220; custom_padding=&#8220;0px|0px|0px|&#8220; global_colors_info=&#8220;{}&#8220; custom_padding__hover=&#8220;|||&#8220;][et_pb_text admin_label=&#8220;Text OK54&#8243; _builder_version=&#8220;4.16&#8243; custom_margin=&#8220;0px|0px|0px|0px&#8220; custom_padding=&#8220;0px|0px|0px|0px&#8220; z_index_tablet=&#8220;500&#8243; global_colors_info=&#8220;{}&#8220;]<\/p>\n<div class=\"csc-header csc-header-n1\">\n<h4 class=\"csc-firstHeader\">TV Interview im OK54:<br \/>\nDie wichtigsten Steuer-Infos f\u00fcr<br \/>\nLuxemburg-Grenzg\u00e4nger (Stand 2020)<b><br \/>\n<\/b><\/h4>\n<\/div>\n<p>[\/et_pb_text][et_pb_text admin_label=&#8220;Text&#8220; _builder_version=&#8220;4.16&#8243; global_colors_info=&#8220;{}&#8220;]<strong>Stephan Wonnebauer<br \/>\nmit Infos zum Steuerrecht f\u00fcr Grenzg\u00e4nger<br \/>\nim Zusammenhang mit der Corona-Pandemie,<br \/>\nzur 19-Tage Regel, Homeoffice<br \/>\nsowie \u00fcber die Erbschaftsteuer<br \/>\nf\u00fcr Luxemburger in Deutschland und mehr.<br \/>\n<\/strong><br \/>\n[\/et_pb_text][et_pb_image src=&#8220;https:\/\/wonnebauer.de\/site\/wp-content\/uploads\/2020\/09\/Interview_OK54_Sept_2020.jpg&#8220; title_text=&#8220;Interview_OK54_Sept_2020&#8243; url=&#8220;https:\/\/youtu.be\/QfLXQ7x5g00&#8243; url_new_window=&#8220;on&#8220; align_tablet=&#8220;center&#8220; align_phone=&#8220;&#8220; align_last_edited=&#8220;on|desktop&#8220; admin_label=&#8220;Bild OK54&#8243; _builder_version=&#8220;4.16&#8243; custom_margin=&#8220;||0px|&#8220; custom_padding=&#8220;||0px|&#8220; z_index_tablet=&#8220;500&#8243; global_colors_info=&#8220;{}&#8220;][\/et_pb_image][et_pb_text admin_label=&#8220;Text Video OK&#8220; _builder_version=&#8220;4.16&#8243; custom_margin=&#8220;0px||0px|&#8220; custom_padding=&#8220;0px||0px|&#8220; global_colors_info=&#8220;{}&#8220;]Grafik OK54<br \/>\n[\/et_pb_text][et_pb_text admin_label=&#8220;Text OK54&#8243; _builder_version=&#8220;4.16&#8243; custom_margin=&#8220;0px|0px|0px|0px&#8220; custom_padding=&#8220;0px|0px|0px|0px&#8220; z_index_tablet=&#8220;500&#8243; global_colors_info=&#8220;{}&#8220;]<\/p>\n<div class=\"csc-header csc-header-n1\">\n<p class=\"csc-firstHeader\"><strong><sup><sub><br \/>\n<\/sub><\/sup>Interview ansehen im<\/strong><br \/>\n<a href=\"https:\/\/youtu.be\/QfLXQ7x5g00\" target=\"_blank\" rel=\"noopener noreferrer\"><strong>Youtube-Kanal vom OK54<\/strong><\/a><\/p>\n<\/div>\n<p>[\/et_pb_text][et_pb_text admin_label=&#8220;Text Abstandshalter&#8220; _builder_version=&#8220;4.16&#8243; custom_margin=&#8220;0px|0px|0px|0px&#8220; custom_padding=&#8220;0px|0px|0px|0px&#8220; global_colors_info=&#8220;{}&#8220;]<span style=\"color: #ffffff;\">:<\/span><br \/>\n<span style=\"color: #ffffff;\">:<\/span><br \/>\n[\/et_pb_text][et_pb_image src=&#8220;https:\/\/wonnebauer.de\/site\/wp-content\/uploads\/2019\/02\/z_WHHNMQ.jpeg&#8220; align_tablet=&#8220;center&#8220; align_phone=&#8220;&#8220; align_last_edited=&#8220;on|desktop&#8220; admin_label=&#8220;Bild Wonnebauer_finanzgerichtstag_18_dr_kokott_P1110175&#8243; _builder_version=&#8220;4.16&#8243; global_colors_info=&#8220;{}&#8220;][\/et_pb_image][et_pb_image src=&#8220;https:\/\/wonnebauer.de\/site\/wp-content\/uploads\/2018\/11\/P1140228.jpg&#8220; align_tablet=&#8220;center&#8220; align_phone=&#8220;&#8220; align_last_edited=&#8220;on|desktop&#8220; admin_label=&#8220;Bild Wonnebauer_finanzgerichtstag_18_dr_kokott_P1110174&#8243; _builder_version=&#8220;4.16&#8243; global_colors_info=&#8220;{}&#8220;][\/et_pb_image][\/et_pb_column][\/et_pb_row][et_pb_row column_structure=&#8220;1_3,2_3&#8243; _builder_version=&#8220;4.16&#8243; background_size=&#8220;initial&#8220; background_position=&#8220;top_left&#8220; background_repeat=&#8220;repeat&#8220; locked=&#8220;off&#8220; global_colors_info=&#8220;{}&#8220;][et_pb_column type=&#8220;1_3&#8243; _builder_version=&#8220;4.16&#8243; custom_padding=&#8220;|||&#8220; global_colors_info=&#8220;{}&#8220; custom_padding__hover=&#8220;|||&#8220;][et_pb_text admin_label=&#8220;Text Abstandshalter&#8220; _builder_version=&#8220;4.16&#8243; custom_margin=&#8220;0px|0px|0px|0px&#8220; custom_padding=&#8220;0px|0px|0px|0px&#8220; global_colors_info=&#8220;{}&#8220;]<span style=\"color: #ffffff;\"><br \/>\n:<\/span><br \/>\n<span style=\"color: #ffffff;\">:<\/span><br \/>\n[\/et_pb_text][\/et_pb_column][et_pb_column type=&#8220;2_3&#8243; _builder_version=&#8220;4.16&#8243; custom_padding=&#8220;|||&#8220; global_colors_info=&#8220;{}&#8220; custom_padding__hover=&#8220;|||&#8220;][et_pb_text admin_label=&#8220;Text Abstandshalter&#8220; _builder_version=&#8220;4.16&#8243; custom_margin=&#8220;0px|0px|0px|0px&#8220; custom_padding=&#8220;0px|0px|0px|0px&#8220; global_colors_info=&#8220;{}&#8220;]<span style=\"color: #ffffff;\"><br \/>\n:<\/span><br \/>\n<span style=\"color: #ffffff;\">:<\/span><br \/>\n[\/et_pb_text][\/et_pb_column][\/et_pb_row][\/et_pb_section][et_pb_section fb_built=&#8220;1&#8243; _builder_version=&#8220;4.16&#8243; custom_padding=&#8220;0px|0px|0px|0px&#8220; global_colors_info=&#8220;{}&#8220;][et_pb_row _builder_version=&#8220;4.16&#8243; background_size=&#8220;initial&#8220; background_position=&#8220;top_left&#8220; background_repeat=&#8220;repeat&#8220; custom_padding=&#8220;0px|0px|0px|0px&#8220; global_colors_info=&#8220;{}&#8220;][et_pb_column type=&#8220;4_4&#8243; _builder_version=&#8220;4.16&#8243; custom_padding=&#8220;|||&#8220; global_colors_info=&#8220;{}&#8220; custom_padding__hover=&#8220;|||&#8220;][et_pb_text admin_label=&#8220;Text Abstandshalter mit Leerzeilen&#8220; _builder_version=&#8220;4.16&#8243; custom_margin=&#8220;0px|0px|0px|0px&#8220; custom_padding=&#8220;0px|0px|10px|0px&#8220; border_style=&#8220;solid&#8220; global_colors_info=&#8220;{}&#8220;]<span style=\"color: #ffffff;\">:<\/span><br \/>\n<span style=\"color: #ffffff;\">:<\/span><br \/>\n[\/et_pb_text][et_pb_text admin_label=&#8220;Text + Link Impressum Rechtsanwalt Stephan Wonnebauer&#8220; _builder_version=&#8220;4.16&#8243; custom_padding=&#8220;||5px|&#8220; border_style=&#8220;solid&#8220; global_colors_info=&#8220;{}&#8220;]<\/p>\n<p style=\"text-align: center;\"><span class=\"st\">\u00a9Rechtsanwalt Stephan Wonnebauer &#8211; <a href=\"https:\/\/wonnebauer.de\/site\/home\/impressum\/\">Impressum<\/a><br \/>\n<\/span><\/p>\n<p>[\/et_pb_text][\/et_pb_column][\/et_pb_row][\/et_pb_section]<\/p>\n","protected":false},"excerpt":{"rendered":"<p>: : Archiv 2021: : Aktuelle Informationen f\u00fcr Grenzg\u00e4nger 07.12.2021 Erneute Verl\u00e4ngerung der Corona-Ausnahmeregel Die Homeoffice-Tage werden auch noch im n\u00e4chsten Jahr in Luxemburg besteuert. Bis wann dies vorerst gilt, k\u00f6nnen Sie hier recherchieren. 29.11.2021 Probleme bei der Sozialversicherung Vorsicht bei der Arbeitszeit au\u00dferhalb Luxemburgs. Eine zu hohe Arbeitszeit au\u00dferhalb Luxemburgs k\u00f6nnte sich negativ f\u00fcr [&hellip;]<\/p>\n","protected":false},"author":1,"featured_media":0,"parent":1796,"menu_order":0,"comment_status":"closed","ping_status":"closed","template":"","meta":{"_et_pb_use_builder":"on","_et_pb_old_content":"","_et_gb_content_width":"","footnotes":""},"class_list":["post-6250","page","type-page","status-publish","hentry"],"_links":{"self":[{"href":"https:\/\/wonnebauer.de\/site\/wp-json\/wp\/v2\/pages\/6250","targetHints":{"allow":["GET"]}}],"collection":[{"href":"https:\/\/wonnebauer.de\/site\/wp-json\/wp\/v2\/pages"}],"about":[{"href":"https:\/\/wonnebauer.de\/site\/wp-json\/wp\/v2\/types\/page"}],"author":[{"embeddable":true,"href":"https:\/\/wonnebauer.de\/site\/wp-json\/wp\/v2\/users\/1"}],"replies":[{"embeddable":true,"href":"https:\/\/wonnebauer.de\/site\/wp-json\/wp\/v2\/comments?post=6250"}],"version-history":[{"count":3,"href":"https:\/\/wonnebauer.de\/site\/wp-json\/wp\/v2\/pages\/6250\/revisions"}],"predecessor-version":[{"id":6256,"href":"https:\/\/wonnebauer.de\/site\/wp-json\/wp\/v2\/pages\/6250\/revisions\/6256"}],"up":[{"embeddable":true,"href":"https:\/\/wonnebauer.de\/site\/wp-json\/wp\/v2\/pages\/1796"}],"wp:attachment":[{"href":"https:\/\/wonnebauer.de\/site\/wp-json\/wp\/v2\/media?parent=6250"}],"curies":[{"name":"wp","href":"https:\/\/api.w.org\/{rel}","templated":true}]}}