{"id":1826,"date":"2018-05-27T18:03:03","date_gmt":"2018-05-27T16:03:03","guid":{"rendered":"https:\/\/wonnebauer.de\/site\/?page_id=1826"},"modified":"2025-10-09T10:38:34","modified_gmt":"2025-10-09T08:38:34","slug":"intunternehmensteuerrecht","status":"publish","type":"page","link":"https:\/\/wonnebauer.de\/site\/grenzgaenger\/intunternehmensteuerrecht\/","title":{"rendered":"Internat. Unternehmens-Steuerrecht"},"content":{"rendered":"<p>[et_pb_section fb_built=&#8220;1&#8243; admin_label=&#8220;Wilkommen Block 1&#8243; _builder_version=&#8220;4.16&#8243; custom_padding=&#8220;0px|0px|0px|&#8220; global_colors_info=&#8220;{}&#8220;][et_pb_row column_structure=&#8220;1_3,2_3&#8243; _builder_version=&#8220;4.16&#8243; global_colors_info=&#8220;{}&#8220;][et_pb_column type=&#8220;1_3&#8243; _builder_version=&#8220;4.16&#8243; background_position=&#8220;top_left&#8220; custom_padding=&#8220;0px|0px|0px|0px&#8220; global_colors_info=&#8220;{}&#8220; custom_padding__hover=&#8220;|||&#8220;][et_pb_text admin_label=&#8220;Text Abstandshalter&#8220; _builder_version=&#8220;4.16&#8243; custom_margin=&#8220;0px|0px|0px|0px&#8220; custom_padding=&#8220;0px|0px|0px|0px&#8220; global_colors_info=&#8220;{}&#8220;]<span style=\"color: #ffffff;\">:<\/span><br \/>\n<span style=\"color: #ffffff;\">:<\/span><br \/>\n[\/et_pb_text][et_pb_text admin_label=&#8220;Text Int. Unternehmensteuerrecht&#8220; _builder_version=&#8220;4.16&#8243; global_colors_info=&#8220;{}&#8220;]<\/p>\n<h3><span style=\"color: #91001f;\">Int. Unternehmensteuerrecht<\/span><\/h3>\n<p>[\/et_pb_text][\/et_pb_column][et_pb_column type=&#8220;2_3&#8243; _builder_version=&#8220;4.16&#8243; background_position=&#8220;top_left&#8220; custom_padding=&#8220;0px|0px|0px|&#8220; global_colors_info=&#8220;{}&#8220; custom_padding__hover=&#8220;|||&#8220;][et_pb_text admin_label=&#8220;Text Abstandshalter&#8220; _builder_version=&#8220;4.16&#8243; custom_margin=&#8220;0px|0px|0px|0px&#8220; custom_padding=&#8220;0px|0px|0px|0px&#8220; global_colors_info=&#8220;{}&#8220;]<span style=\"color: #ffffff;\">:<\/span><br \/>\n<span style=\"color: #ffffff;\">:<\/span><br \/>\n[\/et_pb_text][\/et_pb_column][\/et_pb_row][et_pb_row column_structure=&#8220;2_3,1_3&#8243; _builder_version=&#8220;4.16&#8243; global_colors_info=&#8220;{}&#8220;][et_pb_column type=&#8220;2_3&#8243; _builder_version=&#8220;4.16&#8243; background_position=&#8220;top_left&#8220; custom_padding=&#8220;0px|0px|0px|0px&#8220; global_colors_info=&#8220;{}&#8220; custom_padding__hover=&#8220;|||&#8220;][et_pb_text admin_label=&#8220;Text Abstandshalter&#8220; _builder_version=&#8220;4.16&#8243; custom_margin=&#8220;0px|0px|0px|0px&#8220; custom_padding=&#8220;0px|0px|0px|0px&#8220; global_colors_info=&#8220;{}&#8220;]<span style=\"color: #ffffff;\">:<\/span><br \/>\n<span style=\"color: #ffffff;\">:<\/span><br \/>\n[\/et_pb_text][et_pb_text admin_label=&#8220;\u00dcberschrift Betriebsst\u00e4tte in Luxemburg&#8220; _builder_version=&#8220;4.25.2&#8243; hover_enabled=&#8220;0&#8243; global_colors_info=&#8220;{}&#8220; sticky_enabled=&#8220;0&#8243;]<\/p>\n<h3 class=\"csc-firstHeader\">Betriebsst\u00e4tte in Luxemburg<\/h3>\n<p>[\/et_pb_text][et_pb_text admin_label=&#8220;Text Betriebsst\u00e4tte in Luxemburg &#8220; _builder_version=&#8220;4.25.2&#8243; hover_enabled=&#8220;0&#8243; global_colors_info=&#8220;{}&#8220; sticky_enabled=&#8220;0&#8243;]<\/p>\n<p>Menschen neigen dazu, sich ihr Leben so gem\u00fctlich wie m\u00f6glich einzurichten. Gerne profitiert man von den g\u00fcnstigen luxemburgischen Vorschriften. Ungerne will man aber von Frankfurt, Hamburg oder M\u00fcnchen wirklich in persona in Luxemburg aufschlagen. Die St\u00e4dte sind interessanter als Luxemburg, au\u00dferdem hat man famili\u00e4re Bande. Letztlich verdient man ja auch Geld in Deutschland. Luxemburg soll nur noch das Sahneh\u00e4ubchen sein. Dazu ist man auch bereit, sich Steuermodelle einfallen zu lassen. <br \/>Viele Ideen auf dem Papier \u00fcberleben den Praxistest letztlich aber nicht. Das liegt oft ganz einfach daran, dass die Ideenhaber die Besteuerungspraxis der Finanz\u00e4mter nur aus Fernsehserien kennen oder von fragw\u00fcrdigen Beratern haben. Das Steuermodell \u00fcbersteht dann oft schon die erste Steuererkl\u00e4rung nicht. Mit Einspr\u00fcchen und Klagen wird dann das Steuermodell so lange wie m\u00f6glich am Leben gehalten. Dann ist irgendwann auch das Geld alle. Das war es dann mit dem Luxemburg -Abenteuer. <br \/>Die Steuerpraxis im internationalen Steuerrecht duldet keine Gradwanderungen. Eine Betriebsst\u00e4tte in Deutschland hat man schneller begr\u00fcndet, als viele Steuerberater denken. Wer von Deutschland aus Einfluss nimmt auf die Gesch\u00e4ftsf\u00fchrung in Luxemburg, begr\u00fcndet dadurch eine Betriebsst\u00e4tte. <br \/>Beratung kann die Fehler vermeiden. Voraussetzung ist allerdings, dass der Steuermandant diesem Rat dann auch tats\u00e4chlich folgt und nicht versucht, dies nur gegen\u00fcber dem Finanzamt vorzut\u00e4uschen. <\/p>\n<p>[\/et_pb_text][\/et_pb_column][et_pb_column type=&#8220;1_3&#8243; _builder_version=&#8220;4.16&#8243; background_position=&#8220;top_left&#8220; custom_padding=&#8220;0px|0px|0px|&#8220; global_colors_info=&#8220;{}&#8220; custom_padding__hover=&#8220;|||&#8220;][et_pb_image src=&#8220;https:\/\/wonnebauer.de\/site\/wp-content\/uploads\/2025\/10\/modern-building-4971219_960_720.jpg&#8220; title_text=&#8220;modern-building-4971219_960_720&#8243; align_tablet=&#8220;center&#8220; align_phone=&#8220;center&#8220; align_last_edited=&#8220;on|desktop&#8220; admin_label=&#8220;Bild IFA 2024 EU&#8220; _builder_version=&#8220;4.25.2&#8243; width=&#8220;85.9%&#8220; custom_margin=&#8220;76px|||||&#8220; custom_padding=&#8220;||0px|||&#8220; hover_enabled=&#8220;0&#8243; global_colors_info=&#8220;{}&#8220; sticky_enabled=&#8220;0&#8243;][\/et_pb_image][\/et_pb_column][\/et_pb_row][et_pb_row column_structure=&#8220;2_3,1_3&#8243; _builder_version=&#8220;4.16&#8243; global_colors_info=&#8220;{}&#8220;][et_pb_column type=&#8220;2_3&#8243; _builder_version=&#8220;4.16&#8243; background_position=&#8220;top_left&#8220; custom_padding=&#8220;0px|0px|0px|0px&#8220; global_colors_info=&#8220;{}&#8220; custom_padding__hover=&#8220;|||&#8220;][et_pb_text admin_label=&#8220;Text Abstandshalter&#8220; _builder_version=&#8220;4.16&#8243; custom_margin=&#8220;0px|0px|0px|0px&#8220; custom_padding=&#8220;0px|0px|0px|0px&#8220; global_colors_info=&#8220;{}&#8220;]<span style=\"color: #ffffff;\">:<\/span><br \/>\n<span style=\"color: #ffffff;\">:<\/span><br \/>\n[\/et_pb_text][et_pb_text admin_label=&#8220;\u00dcberschrift Neue Regeln f\u00fcr Grenzg\u00e4nger ab 2026&#8243; _builder_version=&#8220;4.25.2&#8243; global_colors_info=&#8220;{}&#8220;]<\/p>\n<h3 class=\"csc-firstHeader\">Neue Regeln f\u00fcr Grenzg\u00e4nger ab 2026<\/h3>\n<p>[\/et_pb_text][et_pb_text admin_label=&#8220;Text Neue Regeln f\u00fcr Grenzg\u00e4nger ab 2026&#8243; _builder_version=&#8220;4.25.2&#8243; global_colors_info=&#8220;{}&#8220;]<\/p>\n<p>Die OECD hat erkannt, dass es neue Regeln f\u00fcr Grenzg\u00e4nger geben muss. Das Thema hei\u00dft auf internationaler Ebene Global Mobility. Seit der Covid-Zeit hat man erkannt, dass sich durch Homeoffice und Remotework neue Probleme f\u00fcr Unternehmer und deren Angestellte ergeben k\u00f6nnen. In unserer Region wissen wir ein Lied davon zu singen und l\u00f6sen die Probleme schon seit Jahrzehnten. Die Gro\u00dfregion ist insoweit auf diese neuen Regeln vorbereitet. Hier werden schon die Schwierigkeiten der Besteuerung in mehreren L\u00e4ndern, Zust\u00e4ndigkeit der Sozialversicherung und mehreren Pensionen bearbeitet. <br \/>Eine weltweite Studie von PwC London hat ergeben, dass Remotework gerade bei grenz\u00fcberschreitender T\u00e4tigkeit vorkommt und insbesondere bei jungen Angestellten beliebt ist. Von den Berufen, in denen Remotework m\u00f6glich ist, w\u00fcrden 56% der Angestellten auch Remote arbeiten. Das deutet darauf hin, dass dies noch oft verdeckt und heimlich geschieht, also an den Verwaltungen vorbei. Grenzg\u00e4nger wollen den Aufwand vermeiden. Das illegale Verhalten wurde erkannt. Man versucht nun durch neue Regeln Wege in die Realit\u00e4t und Legalit\u00e4t zu bauen. Man wird gespannt sein, was n\u00e4chstes Jahr ver\u00f6ffentlich wird. <\/p>\n<p>[\/et_pb_text][\/et_pb_column][et_pb_column type=&#8220;1_3&#8243; _builder_version=&#8220;4.16&#8243; background_position=&#8220;top_left&#8220; custom_padding=&#8220;0px|0px|0px|&#8220; global_colors_info=&#8220;{}&#8220; custom_padding__hover=&#8220;|||&#8220;][et_pb_image src=&#8220;https:\/\/wonnebauer.de\/site\/wp-content\/uploads\/2025\/10\/IMG_2701.jpg&#8220; title_text=&#8220;IMG_2701&#8243; align_tablet=&#8220;center&#8220; align_phone=&#8220;center&#8220; align_last_edited=&#8220;on|desktop&#8220; admin_label=&#8220;Bild IFA 2024 EU&#8220; _builder_version=&#8220;4.25.2&#8243; width=&#8220;85.9%&#8220; custom_margin=&#8220;76px|||||&#8220; custom_padding=&#8220;||0px|||&#8220; global_colors_info=&#8220;{}&#8220;][\/et_pb_image][\/et_pb_column][\/et_pb_row][et_pb_row column_structure=&#8220;2_3,1_3&#8243; _builder_version=&#8220;4.16&#8243; global_colors_info=&#8220;{}&#8220;][et_pb_column type=&#8220;2_3&#8243; _builder_version=&#8220;4.16&#8243; background_position=&#8220;top_left&#8220; custom_padding=&#8220;0px|0px|0px|0px&#8220; global_colors_info=&#8220;{}&#8220; custom_padding__hover=&#8220;|||&#8220;][et_pb_text admin_label=&#8220;Text Abstandshalter&#8220; _builder_version=&#8220;4.16&#8243; custom_margin=&#8220;0px|0px|0px|0px&#8220; custom_padding=&#8220;0px|0px|0px|0px&#8220; global_colors_info=&#8220;{}&#8220;]<span style=\"color: #ffffff;\">:<\/span><br \/>\n<span style=\"color: #ffffff;\">:<\/span><br \/>\n[\/et_pb_text][et_pb_text admin_label=&#8220;\u00dcberschrift Unternehmenssitz in Luxemburg&#8220; _builder_version=&#8220;4.25.2&#8243; global_colors_info=&#8220;{}&#8220;]<\/p>\n<h3 class=\"csc-firstHeader\">Unternehmenssitz in Luxemburg<\/h3>\n<p>[\/et_pb_text][et_pb_text admin_label=&#8220;Text Unternehmenssitz Luxemburg &#8220; _builder_version=&#8220;4.25.2&#8243; global_colors_info=&#8220;{}&#8220;]<\/p>\n<p>Ort der Gesch\u00e4ftsleitung. Luxemburg lockt mit seinen niedrigen Steuern. Um es klarzustellen: <br \/>Luxemburg ist kein Niedrigsteuerland. Auch hier werden durchschnittlich 30% Steuern gezahlt. Allerdings gibt es zahlreiche steuerg\u00fcnstige Vorschriften, die die Steuerbasis senken. Hinzu treten zahlreiche Steuersubventionen. Dennoch gibt es viele Unternehmen, denen auch das nicht genug ist. Sie wollen zwar in Luxemburg eine Gesellschaft gr\u00fcnden, denken aber gar nicht daran, die Steuervorschriften dazu einzuhalten. <\/p>\n<p>Im Wesentlichen geht es um die steuerliche Ans\u00e4ssigkeit in Luxemburg. Entgegen der landl\u00e4ufigen Meinung reicht es nicht aus, in Luxemburg eine Adresse zu haben. Vielmehr geht es darum, dass dort auch die tats\u00e4chliche Gesch\u00e4ftsleitung stattfindet. Wer als Unternehmer das Tagesgesch\u00e4ft von seinem Homeoffice in Deutschland leitet, begr\u00fcndet so den Sitz in Deutschland \u2013 trotz Luxemburger Adresse. Wenn das also bei einer Steuerpr\u00fcfung festgestellt wird, waren alle Kosten f\u00fcr die Sitzbegr\u00fcndung in Luxemburg f\u00fcr die Katz. Unternehmer sollten nicht alleine ihren jahrelangen Steuerberater zu Rate ziehen, sondern erfahrene Berater im internationalen Steuerrecht. Das sollte aber nicht so verstanden werden, dass dann der gute Rat nur zum Schein eingehalten wird. <\/p>\n<p>Der Wechsel des Steuerberaters ist daher die beste L\u00f6sung. Steuerberatung ist Vertrauenssache. Wenn die Mandanten den Rat nicht wirklich befolgen wollen, wird es kein Vertrauensverh\u00e4ltnis geben. Das Mandat und damit auch der Erfolg des Unternehmens sind dann zum Scheitern verurteilt. <\/p>\n<p>&nbsp;<\/p>\n<p>[\/et_pb_text][\/et_pb_column][et_pb_column type=&#8220;1_3&#8243; _builder_version=&#8220;4.16&#8243; background_position=&#8220;top_left&#8220; custom_padding=&#8220;0px|0px|0px|&#8220; global_colors_info=&#8220;{}&#8220; custom_padding__hover=&#8220;|||&#8220;][et_pb_image src=&#8220;https:\/\/wonnebauer.de\/site\/wp-content\/uploads\/2025\/10\/IMG_2652.jpg&#8220; title_text=&#8220;IMG_2652&#8243; align_tablet=&#8220;center&#8220; align_phone=&#8220;center&#8220; align_last_edited=&#8220;on|desktop&#8220; admin_label=&#8220;Bild IFA 2024 EU&#8220; _builder_version=&#8220;4.25.2&#8243; width=&#8220;85.9%&#8220; custom_margin=&#8220;76px|||||&#8220; custom_padding=&#8220;||0px|||&#8220; global_colors_info=&#8220;{}&#8220;][\/et_pb_image][\/et_pb_column][\/et_pb_row][et_pb_row column_structure=&#8220;2_3,1_3&#8243; _builder_version=&#8220;4.16&#8243; global_colors_info=&#8220;{}&#8220;][et_pb_column type=&#8220;2_3&#8243; _builder_version=&#8220;4.16&#8243; background_position=&#8220;top_left&#8220; custom_padding=&#8220;0px|0px|0px|0px&#8220; global_colors_info=&#8220;{}&#8220; custom_padding__hover=&#8220;|||&#8220;][et_pb_text admin_label=&#8220;Text Abstandshalter&#8220; _builder_version=&#8220;4.16&#8243; custom_margin=&#8220;0px|0px|0px|0px&#8220; custom_padding=&#8220;0px|0px|0px|0px&#8220; global_colors_info=&#8220;{}&#8220;]<span style=\"color: #ffffff;\">:<\/span><br \/>\n<span style=\"color: #ffffff;\">:<\/span><br \/>\n[\/et_pb_text][et_pb_text admin_label=&#8220;\u00dcberschrift Bedeutung der EU&#8220; _builder_version=&#8220;4.25.2&#8243; global_colors_info=&#8220;{}&#8220;]<\/p>\n<h3 class=\"csc-firstHeader\">Die Bedeutung der EU f\u00fcr die Besteuerung<\/h3>\n<p>[\/et_pb_text][et_pb_text admin_label=&#8220;Text Bedeutung der EU f\u00fcr die Besteuerung&#8220; _builder_version=&#8220;4.25.2&#8243; global_colors_info=&#8220;{}&#8220;]<\/p>\n<p>Die EU hat gro\u00dfen Einfluss auf die Besteuerung. Aufgrund der grenz\u00fcberschreitenden Verpflechtungen kann mit rein nationalen Vorschriften die Besteuerung von Gesellschaften und Personen nicht mehr sichergestellt werden. Der Austausch von Informationen innerhalb der EU-Staaten wird durch ein Softwaresystem gew\u00e4hrleistet. Besondere Konzentration wird gerichtet gegen agressive Steuerplanung von grenz\u00fcberschreitenden Unternehmensverpflechtungen.<\/p>\n<p>Vieles ist noch in der Entwicklung. Beispielsweise wird eine Richtlinie ab 2030 in Kraft treten, wonach die Quellensteuer auf Dividenden von \u00f6ffentlich gehandelten Wertpaieren schneller erstattet werden soll. Ein neues elektronisches Zertifikat soll die Besteuerung erleichtern. Die Bearbeitung soll dann nur noch 60 Tage. Aktuelle sind es 600 Tage.<\/p>\n<p>Viele Direktiven gehen auf die Vorlagen der OECD zur\u00fcck. Soweit EU-Recht mit DBA kollidiert, zieht der EuGH zur Interpretation der Vorschriften die Literatur der OECD hinzu. Hintergrund ist die Beachtung von Rechtssicherheit. Deutschland wiederum setzt EU-Richtlinien grunds\u00e4tzlich schnell in nationale Gesetze um, beispielsweise das Mindeststeuergesetz f\u00fcr gro\u00dfe Unternehmen. Zudem gibt es immer mehr Vorschriften gegen mi\u00dfbr\u00e4uchliche Steuergestaltung.<\/p>\n<p>Es gibt aber auch schon Ideen \u00fcber die Einf\u00fchrung einer eigenen europ\u00e4ischen Steuer. Freilich fehlt dazu eine Vorschrift in dem Vertrag \u00fcber die Arbeitsweise der EU.<\/p>\n<p>Streitig ist derzeit die deutsche Wegzugsbesteuerung. Diese verst\u00f6\u00dft gegen das g\u00fcnstigere EU-Recht. Ein Wegzug aus\u00a0 Deutschland f\u00fchrt zu der Besteuerung von stillen Reserven. Man kann die Steuerzahlung auf 7 Jahre verteilen. Sie verst\u00f6\u00dft gegen die europ\u00e4ischen Freiheitsrechte, denn innerhalb der EU muss ein Umzug ohne steuerliche Konsequenzen m\u00f6glich sein. <\/p>\n<\/p>\n<p>[\/et_pb_text][\/et_pb_column][et_pb_column type=&#8220;1_3&#8243; _builder_version=&#8220;4.16&#8243; background_position=&#8220;top_left&#8220; custom_padding=&#8220;0px|0px|0px|&#8220; global_colors_info=&#8220;{}&#8220; custom_padding__hover=&#8220;|||&#8220;][et_pb_image src=&#8220;https:\/\/wonnebauer.de\/site\/wp-content\/uploads\/2024\/10\/EU.jpg&#8220; title_text=&#8220;EU&#8220; align_tablet=&#8220;center&#8220; align_phone=&#8220;center&#8220; align_last_edited=&#8220;on|desktop&#8220; admin_label=&#8220;Bild IFA 2024 EU&#8220; _builder_version=&#8220;4.25.2&#8243; width=&#8220;85.9%&#8220; custom_margin=&#8220;76px|||||&#8220; custom_padding=&#8220;||0px|||&#8220; global_colors_info=&#8220;{}&#8220;][\/et_pb_image][\/et_pb_column][\/et_pb_row][\/et_pb_section][et_pb_section fb_built=&#8220;1&#8243; admin_label=&#8220;Wilkommen Block 1&#8243; _builder_version=&#8220;4.16&#8243; custom_padding=&#8220;0px|0px|0px|&#8220; global_colors_info=&#8220;{}&#8220;][et_pb_row column_structure=&#8220;2_3,1_3&#8243; _builder_version=&#8220;4.16&#8243; global_colors_info=&#8220;{}&#8220;][et_pb_column type=&#8220;2_3&#8243; _builder_version=&#8220;4.16&#8243; background_position=&#8220;top_left&#8220; custom_padding=&#8220;0px|0px|0px|0px&#8220; global_colors_info=&#8220;{}&#8220; custom_padding__hover=&#8220;|||&#8220;][et_pb_text admin_label=&#8220;Text Abstandshalter&#8220; _builder_version=&#8220;4.16&#8243; custom_margin=&#8220;0px|0px|0px|0px&#8220; custom_padding=&#8220;0px|0px|0px|0px&#8220; global_colors_info=&#8220;{}&#8220;]<span style=\"color: #ffffff;\">:<\/span><br \/>\n<span style=\"color: #ffffff;\">:<\/span><br \/>\n[\/et_pb_text][et_pb_text admin_label=&#8220;\u00dcberschrift der wirtschaftlich Beg\u00fcnstigste&#8220; _builder_version=&#8220;4.25.2&#8243; global_colors_info=&#8220;{}&#8220;]<\/p>\n<h3 class=\"csc-firstHeader\">Der wirtschaftlich Beg\u00fcnstige\u00a0 &#8211; the beneficial owner<\/h3>\n<p>[\/et_pb_text][et_pb_text admin_label=&#8220;Text wirtschaftlich Berechtigter&#8220; _builder_version=&#8220;4.25.2&#8243; global_colors_info=&#8220;{}&#8220;]<\/p>\n<p>Luxemburg hat neben dem Handelsregister auch ein Register der <strong>wirtschaftlich Beg\u00fcnstigten <\/strong>eingerichtet. Somit kann gepr\u00fcft werden, wer hinter einer Gesellschaft steht. Allerdings hat nicht jedermann Zugang zu diesem Register. Man muss hierzu registriert sein, beispielsweise als Avocat.<\/p>\n<p>Der wirtschaftlich Beg\u00fcnstigte ist letztlich auch derjenige, dem <strong>Kapitalertr\u00e4ge<\/strong>\u00a0 oder<strong> Lizenzeinnahmen<\/strong> zugerechnet werden. In der Praxis gibt es weltweit Gerichtsentscheidungen dar\u00fcber, dass die Gesellschafter und Berater hiebei nicht immer genau aufgepasst haben. Denn es gibt viele internationale Verpflechtungen mit Luxemburg und anderen Staaten. So kann es geschehen, dass nicht blo\u00df Luxemburger Gerichte \u00fcber die Richtigkeit der Besteuerung in Luxemburg entscheiden, sondern auch Gerichte in Kanada oder S\u00fcdafrika, je nachdem, wo die Gesellschafter sitzen.<\/p>\n<p>Sp\u00e4testens im Zeitpunkt, in dem es zur Zinszahlung kommt, m\u00fcssen korrekte Steuererkl\u00e4rungen in mehreren L\u00e4ndern erstellt werden. Dabei f\u00e4llt dann erst auf, dass die Vertr\u00e4ge oder <strong>Registereintragungen f<\/strong>ehlerhaft waren. Das ist ein gern gesehenes Einfallstor f\u00fcr Finanzverwaltungen mit der Folge von oft <strong>doppelter Besteuerung<\/strong>. Die urspr\u00fcnglich geplante Steuerfreiheit oder Steuerverg\u00fcnstigung verkehrt sich dann genau in das Gegenteil. Gerichtsverfahren hier\u00fcber sind aufwendig und f\u00fchren oftmals f\u00fcr die Unternehmen nicht zu besseren Ergebnissen. Dabei ist es schon fast egal, ob es in den betroffenen L\u00e4ndern eigene Finanzgerichte gibt oder nicht. In vielen L\u00e4ndern der Welt &#8211; auch in Luxemburg &#8211; gibt es keine spezialisierten Richter f\u00fcr Steuerrecht.<\/p>\n<p>Darum muss also schon bei dem Aufbau der Gesellschaftsstrukturen professionell gearbeitet werden. Gemeint ist eine Gestaltung mit Steuerexperten und Kenntnis der einschl\u00e4gigen Rechtsprechung.<\/p>\n<p>&nbsp;<\/p>\n<p>&nbsp;<\/p>\n<p>&nbsp;<\/p>\n<p>[\/et_pb_text][\/et_pb_column][et_pb_column type=&#8220;1_3&#8243; _builder_version=&#8220;4.16&#8243; background_position=&#8220;top_left&#8220; custom_padding=&#8220;0px|0px|0px|&#8220; global_colors_info=&#8220;{}&#8220; custom_padding__hover=&#8220;|||&#8220;][et_pb_image src=&#8220;https:\/\/wonnebauer.de\/site\/wp-content\/uploads\/2024\/10\/Bild1.jpg&#8220; title_text=&#8220;Bild1&#8243; align_tablet=&#8220;center&#8220; align_phone=&#8220;center&#8220; align_last_edited=&#8220;on|desktop&#8220; admin_label=&#8220;Bild IFA 2024 Beneficial Ownership&#8220; _builder_version=&#8220;4.25.2&#8243; width=&#8220;85.9%&#8220; custom_margin=&#8220;76px|||||&#8220; custom_padding=&#8220;||0px|||&#8220; global_colors_info=&#8220;{}&#8220;][\/et_pb_image][\/et_pb_column][\/et_pb_row][et_pb_row column_structure=&#8220;2_3,1_3&#8243; _builder_version=&#8220;4.16&#8243; global_colors_info=&#8220;{}&#8220;][et_pb_column type=&#8220;2_3&#8243; _builder_version=&#8220;4.16&#8243; background_position=&#8220;top_left&#8220; custom_padding=&#8220;0px|0px|0px|0px&#8220; global_colors_info=&#8220;{}&#8220; custom_padding__hover=&#8220;|||&#8220;][et_pb_text admin_label=&#8220;Text Abstandshalter&#8220; _builder_version=&#8220;4.16&#8243; custom_margin=&#8220;0px|0px|0px|0px&#8220; custom_padding=&#8220;0px|0px|0px|0px&#8220; global_colors_info=&#8220;{}&#8220;]<span style=\"color: #ffffff;\">:<\/span><br \/>\n<span style=\"color: #ffffff;\">:<\/span><br \/>\n[\/et_pb_text][et_pb_text admin_label=&#8220;\u00dcberschrift Die Welt wird transparenter&#8220; _builder_version=&#8220;4.22.1&#8243; global_colors_info=&#8220;{}&#8220;]<\/p>\n<h3 class=\"csc-firstHeader\">Die Welt wird transparenter<\/h3>\n<p>[\/et_pb_text][et_pb_text admin_label=&#8220;Text Beteiligungen an Luxemburger Unternehmen&#8220; _builder_version=&#8220;4.22.1&#8243; global_colors_info=&#8220;{}&#8220;]<\/p>\n<p>Die Finanz\u00e4mter erhalten laufend Informationen von Bankkonten in aller Welt. Grund daf\u00fcr ist der internationale Informationsaustausch gem\u00e4\u00df den OECD-Vereinbarungen. Und der funktioniert heutzutage.<\/p>\n<p>So werden pl\u00f6tzlich auch Bankverbindungen in den USA oder China bekannt. In Europa ist der Austausch von Bankdaten schon der Normalfall. Grenzg\u00e4nger werden nicht selten vom Finanzamt angeschrieben, man habe Informationen \u00fcber eine Bankverbindung in Luxemburg und sollen sich dazu erkl\u00e4ren. Das dann als unbedeutend angesehene Girokonto steht pl\u00f6tzlich im Focus einer umfangreichen Korrespondenz mit dem Finanzamt.<\/p>\n<p>Es ist dann oft sehr aufw\u00e4ndig von seiner Bank f\u00fcr die letzten Jahre Unterlagen zu besorgen, die man schon selbst entsorgt hatte. Das kostet Zeit und Geld.<\/p>\n<p>Besser ist es, jedes Konto in seiner Steuererkl\u00e4rung anzugeben, auch wenn man meint, es sei unbedeutend. Denn auf lange Sicht zahlt es sich aus, jedes Konto j\u00e4hrlich anzugeben. Ein Steuerberater scannt bestenfalls die Unterlagen ein und kann sie noch nach 10 Jahren bereitstellen.<\/p>\n<p>Damit erspart man sich letztlich die Wiederbeschaffungskosten, die manchmal ein paar hundert Euro kosten.<\/p>\n<p>&nbsp;<\/p>\n<p>&nbsp;<\/p>\n<p>[\/et_pb_text][\/et_pb_column][et_pb_column type=&#8220;1_3&#8243; _builder_version=&#8220;4.16&#8243; background_position=&#8220;top_left&#8220; custom_padding=&#8220;0px|0px|0px|&#8220; global_colors_info=&#8220;{}&#8220; custom_padding__hover=&#8220;|||&#8220;][et_pb_image src=&#8220;https:\/\/wonnebauer.de\/site\/wp-content\/uploads\/2023\/10\/IMG_2595.jpg&#8220; title_text=&#8220;IMG_2595&#8243; align_tablet=&#8220;center&#8220; align_phone=&#8220;center&#8220; align_last_edited=&#8220;on|desktop&#8220; admin_label=&#8220;Bild IFA 2023&#8243; _builder_version=&#8220;4.22.1&#8243; width=&#8220;85.9%&#8220; custom_margin=&#8220;76px|||||&#8220; custom_padding=&#8220;||0px|||&#8220; global_colors_info=&#8220;{}&#8220;][\/et_pb_image][\/et_pb_column][\/et_pb_row][et_pb_row column_structure=&#8220;2_3,1_3&#8243; _builder_version=&#8220;4.16&#8243; global_colors_info=&#8220;{}&#8220;][et_pb_column type=&#8220;2_3&#8243; _builder_version=&#8220;4.16&#8243; background_position=&#8220;top_left&#8220; custom_padding=&#8220;0px|0px|0px|0px&#8220; global_colors_info=&#8220;{}&#8220; custom_padding__hover=&#8220;|||&#8220;][et_pb_text admin_label=&#8220;Text Abstandshalter&#8220; _builder_version=&#8220;4.16&#8243; custom_margin=&#8220;0px|0px|0px|0px&#8220; custom_padding=&#8220;0px|0px|0px|0px&#8220; global_colors_info=&#8220;{}&#8220;]<span style=\"color: #ffffff;\">:<\/span><br \/>\n<span style=\"color: #ffffff;\">:<\/span><br \/>\n[\/et_pb_text][et_pb_text admin_label=&#8220;\u00dcberschrift Ergebnisabgrenzung &#8211; Gewinnabgrenzung&#8220; _builder_version=&#8220;4.22.1&#8243; global_colors_info=&#8220;{}&#8220;]<\/p>\n<h3 class=\"csc-firstHeader\">Ergebnisabgrenzung &#8211; Gewinnabgrenzung <\/h3>\n<p>[\/et_pb_text][et_pb_text admin_label=&#8220;Text Ergebnisabrenzung &#8211; Gewinnabgrenzung&#8220; _builder_version=&#8220;4.22.1&#8243; global_colors_info=&#8220;{}&#8220;]<\/p>\n<p>Haben Grenzg\u00e4nger als selbst\u00e4ndige Unternehmer h\u00fcben wie dr\u00fcben ein Unternehmer, m\u00fcssen die Gewinne abgegrenzt werden, um das richtige steuerliche Ergebnis zu erzielen. Das ist eine f\u00fcr die Bilanz vorbereitende Aufgabe und erfordert Spezialkenntnisse im Bereich der Verrechnungspreise.<\/p>\n<p>Hintergrund daf\u00fcr ist Art. 7 des OECD Musterabkommens, das weltweit angewendet wird. Das bedeutet, dass so getan wird, als handele es sich bei den eigenen Unternehmen um fremde Unternehmen. Diese m\u00fcssen steuerlich so betrachtet werden, als w\u00fcrden sie miteinander Gesch\u00e4fte machen. Dazu kann dann geh\u00f6ren, dass man sich f\u00fcr erteilte Darlehen gegenseitig Zinsen zahlt. M\u00f6glich ist auch die Zahlung einer Managementgeb\u00fchr an die andere Unternehmenseinheit. Der Austausch von Waren oder Arbeitsmittel wird so behandelt wie ein Verkauf an fremde Kunden. Dabei wird auch ein Gewinnaufschlag kalkuliert. In der Praxis muss eine Einigung \u00fcber die Preise mit dem Finanzamt erzielt werden. Das ist aufwendig und oft nicht von Erfolg gekr\u00f6nt. Gute Beratung tut hier Not.<\/p>\n<p>[\/et_pb_text][\/et_pb_column][et_pb_column type=&#8220;1_3&#8243; _builder_version=&#8220;4.16&#8243; background_position=&#8220;top_left&#8220; custom_padding=&#8220;0px|0px|0px|&#8220; global_colors_info=&#8220;{}&#8220; custom_padding__hover=&#8220;|||&#8220;][et_pb_image src=&#8220;https:\/\/wonnebauer.de\/site\/wp-content\/uploads\/2023\/10\/IFA-2023.jpg&#8220; title_text=&#8220;IFA 2023&#8243; align_tablet=&#8220;center&#8220; align_phone=&#8220;center&#8220; align_last_edited=&#8220;on|desktop&#8220; admin_label=&#8220;Bild IFA 2023&#8243; _builder_version=&#8220;4.22.1&#8243; width=&#8220;100%&#8220; custom_padding=&#8220;33px|57px|0px|0px||&#8220; global_colors_info=&#8220;{}&#8220;][\/et_pb_image][\/et_pb_column][\/et_pb_row][et_pb_row column_structure=&#8220;2_3,1_3&#8243; _builder_version=&#8220;4.16&#8243; global_colors_info=&#8220;{}&#8220;][et_pb_column type=&#8220;2_3&#8243; _builder_version=&#8220;4.16&#8243; background_position=&#8220;top_left&#8220; custom_padding=&#8220;0px|0px|0px|0px&#8220; global_colors_info=&#8220;{}&#8220; custom_padding__hover=&#8220;|||&#8220;][et_pb_text admin_label=&#8220;Text Abstandshalter&#8220; _builder_version=&#8220;4.16&#8243; custom_margin=&#8220;0px|0px|0px|0px&#8220; custom_padding=&#8220;0px|0px|0px|0px&#8220; global_colors_info=&#8220;{}&#8220;]<span style=\"color: #ffffff;\">:<\/span><br \/>\n<span style=\"color: #ffffff;\">:<\/span><br \/>\n[\/et_pb_text][et_pb_text admin_label=&#8220;Text \u00dcberschrift Besteuerung von Robotern?&#8220; _builder_version=&#8220;4.16&#8243; global_colors_info=&#8220;{}&#8220;]<\/p>\n<h3 class=\"csc-firstHeader\">Besteuerung von Robotern?<\/h3>\n<p>[\/et_pb_text][et_pb_text admin_label=&#8220;Text Besteuerung von Robotern?&#8220; _builder_version=&#8220;4.16&#8243; global_colors_info=&#8220;{}&#8220;]<b>Roboter\u00a0<\/b>leisten schon heute Arbeiten &#8211; oft besser als Menschen -, womit\u00a0<b>Arbeitspl\u00e4tze vernichtet<\/b>\u00a0werden.<\/p>\n<p>Es gibt sogar schon Roboter, die<b>\u00a0Rechtsberatung<\/b>\u00a0durchf\u00fchren.<br \/>\nGemeint ist das automatische Lesen und Auswerten von Literatur.<\/p>\n<p>In Japan werden schon Hotels mit Robotern betrieben.<\/p>\n<p>Roboter werden auch in den<b>\u00a0sozialen Medien<\/b>\u00a0eingesetzt f\u00fcr Meinungsmache.<\/p>\n<p>In der<b>\u00a0Steuerwissenschaft\u00a0<\/b>stellt sich aktuell die Frage, wie und ob Roboter besteuert werden.<br \/>\nEs wird wohl darauf hinauslaufen, dass die<b>Nutzung von Robotern<\/b>\u00a0schon aus politischen Gr\u00fcnden<br \/>\nbesteuert werden muss. Vergleichbar wird dies sein, mit den Zusatzabgaben f\u00fcr Unternehmen,<br \/>\ndie keine Behinderten einstellen.<\/p>\n<p>Andererseits werden Unternehmen ja nur deshalb Roboter besch\u00e4ftigen,<br \/>\num Personalkosten einzusparen. Damit steigen die Gewinne und auch wieder die Steuern.<br \/>\n[\/et_pb_text][\/et_pb_column][et_pb_column type=&#8220;1_3&#8243; _builder_version=&#8220;4.16&#8243; background_position=&#8220;top_left&#8220; custom_padding=&#8220;0px|0px|0px|&#8220; global_colors_info=&#8220;{}&#8220; custom_padding__hover=&#8220;|||&#8220;][et_pb_image src=&#8220;https:\/\/wonnebauer.de\/site\/wp-content\/uploads\/2018\/06\/Wonnebauer_ifa_2017_P1090679.jpg&#8220; align_tablet=&#8220;center&#8220; align_phone=&#8220;center&#8220; align_last_edited=&#8220;on|desktop&#8220; admin_label=&#8220;Bild Wonnebauer_ifa_2017_P1090679&#8243; _builder_version=&#8220;4.16&#8243; min_height=&#8220;198px&#8220; custom_margin=&#8220;40px|||||&#8220; custom_padding=&#8220;||65px|||&#8220; global_colors_info=&#8220;{}&#8220;][\/et_pb_image][\/et_pb_column][\/et_pb_row][et_pb_row column_structure=&#8220;2_3,1_3&#8243; _builder_version=&#8220;4.16&#8243; global_colors_info=&#8220;{}&#8220;][et_pb_column type=&#8220;2_3&#8243; _builder_version=&#8220;4.16&#8243; background_position=&#8220;top_left&#8220; custom_padding=&#8220;0px|0px|0px|0px&#8220; global_colors_info=&#8220;{}&#8220; custom_padding__hover=&#8220;|||&#8220;][et_pb_text admin_label=&#8220;Text Abstandshalter&#8220; _builder_version=&#8220;4.16&#8243; custom_margin=&#8220;0px|0px|0px|0px&#8220; custom_padding=&#8220;0px|0px|0px|0px&#8220; global_colors_info=&#8220;{}&#8220;]<span style=\"color: #ffffff;\">:<\/span><br \/>\n<span style=\"color: #ffffff;\">:<\/span><br \/>\n[\/et_pb_text][et_pb_text admin_label=&#8220;Text \u00dcberschrift \u00d6ffentliche Berichterstattung \u00fcber Besteuerung von Unternehmen&#8220; _builder_version=&#8220;4.16&#8243; global_colors_info=&#8220;{}&#8220;]<\/p>\n<h3>\u00d6ffentliche Berichterstattung \u00fcber Besteuerung von Unternehmen<\/h3>\n<p>[\/et_pb_text][et_pb_text admin_label=&#8220;Text \u00d6ffentliche Berichterstattung \u00fcber Besteuerung von Unternehmen&#8220; _builder_version=&#8220;4.16&#8243; global_colors_info=&#8220;{}&#8220;]Die EU plant, dass gro\u00dfe grenz\u00fcberschreitend t\u00e4tige Unternehmen ihre L\u00e4nderberichte<br \/>\n(Country-by-Country-Reportings)\u00a0<b>ver\u00f6ffentlichen<\/b>\u00a0m\u00fcssen.<\/p>\n<p>Derzeit m\u00fcssen Konzerne schon<b>\u00a0L\u00e4nderberichte\u00a0<\/b>vorlegen, damit die Finanzverwaltung<br \/>\ndie Zusammenh\u00e4nge verstehen kann.<\/p>\n<p>Dieses Verfahren soll noch erweitert werden. Geplant ist die\u00a0<b>Ver\u00f6ffentlichung<\/b>\u00a0diese Berichte.<br \/>\nGerechtfertigt wird dies mit den Interesse der Investoren und der Allgemeinheit.<\/p>\n<p>Der\u00a0<b>Deutsche Bundestag\u00a0<\/b>hat das Verfahren schon Anfang 2016 pr\u00fcfen lassen und kann sich<br \/>\neine Umsetzung in deutsches Recht vorstellen. Bedenken bestehen nur bei der Ver\u00f6ffentlichung<br \/>\nder Verrechnungspreise.<br \/>\n<a class=\"external-link-new-window\" title=\"\u00d6ffnet externen Link in neuem Fenster\" href=\"https:\/\/www.bundestag.de\/blob\/436832\/2802675c4752a138b34014635742b6c2\/wd-4-068-16-pdf-data.pdf\"><br \/>\n<b>Zum Bericht des Wissenschaftlichen Dienstes<\/b><\/a><br \/>\n[\/et_pb_text][\/et_pb_column][et_pb_column type=&#8220;1_3&#8243; _builder_version=&#8220;4.16&#8243; background_position=&#8220;top_left&#8220; custom_padding=&#8220;0px|0px|0px|&#8220; global_colors_info=&#8220;{}&#8220; custom_padding__hover=&#8220;|||&#8220;][et_pb_text admin_label=&#8220;Text Abstandshalter&#8220; _builder_version=&#8220;4.16&#8243; custom_margin=&#8220;0px|0px|0px|0px&#8220; custom_padding=&#8220;0px|0px|0px|0px&#8220; global_colors_info=&#8220;{}&#8220;]<span style=\"color: #ffffff;\">:<\/span><br \/>\n<span style=\"color: #ffffff;\">:<\/span><br \/>\n[\/et_pb_text][et_pb_image src=&#8220;https:\/\/wonnebauer.de\/site\/wp-content\/uploads\/2018\/06\/Wonnebauer_ifa_2017_P1090676.jpg&#8220; align_tablet=&#8220;center&#8220; align_phone=&#8220;center&#8220; align_last_edited=&#8220;on|desktop&#8220; admin_label=&#8220;Bild Wonnebauer_ifa_2017_P1090676&#8243; _builder_version=&#8220;4.16&#8243; custom_margin=&#8220;||0px|&#8220; global_colors_info=&#8220;{}&#8220;][\/et_pb_image][\/et_pb_column][\/et_pb_row][et_pb_row column_structure=&#8220;2_3,1_3&#8243; _builder_version=&#8220;4.16&#8243; global_colors_info=&#8220;{}&#8220;][et_pb_column type=&#8220;2_3&#8243; _builder_version=&#8220;4.16&#8243; background_position=&#8220;top_left&#8220; custom_padding=&#8220;0px|0px|0px|0px&#8220; global_colors_info=&#8220;{}&#8220; custom_padding__hover=&#8220;|||&#8220;][et_pb_text admin_label=&#8220;Text Abstandshalter&#8220; _builder_version=&#8220;4.16&#8243; custom_margin=&#8220;0px|0px|0px|0px&#8220; custom_padding=&#8220;0px|0px|0px|0px&#8220; global_colors_info=&#8220;{}&#8220;]<span style=\"color: #ffffff;\">:<\/span><br \/>\n<span style=\"color: #ffffff;\">:<\/span><br \/>\n[\/et_pb_text][et_pb_text admin_label=&#8220;Text \u00dcberschrift Auswirkungen des Multilateralen Instruments auf Luxemburg&#8220; module_id=&#8220;auswirkungendesmultilateraleninstruments&#8220; _builder_version=&#8220;4.16&#8243; global_colors_info=&#8220;{}&#8220;]<\/p>\n<h3>Auswirkungen des Multilateralen Instruments auf Luxemburg<\/h3>\n<p>[\/et_pb_text][et_pb_text admin_label=&#8220;Text Auswirkungen des Multilateralen Instruments auf Luxemburg&#8220; _builder_version=&#8220;4.16&#8243; global_colors_info=&#8220;{}&#8220;]Im<b>\u00a0Juni 2017\u00a0<\/b>vereinbarten rund 70 Staaten eine intensive Zusammenarbeit in Steuersachen.<br \/>\nDies geht letztlich auf den\u00a0<b>BEPS-Aktionsplan<\/b>\u00a0zur\u00fcck, in dem diese Vorgehensweise schon 2013<br \/>\nvon den OECD-Staaten vereinbart wurde. Die G-20 Staaten ermutigten die OECD dazu.<\/p>\n<p>Aktuell besteht die OECD aus<b>\u00a035 Mitgliedsstaaten<\/b>. Weitere Staaten wollen Mitglied werden.<br \/>\nDie OECD startet viele Initiativen, denen sich auch Nichtmitgliedsstaaten anschlie\u00dfen.<\/p>\n<p>Voraussetzung f\u00fcr die Aufnahme als Mitglied ist, dass der Staat \u00fcber ein gewisses\u00a0<b>organisiertes Besteuerungsverfahren<\/b>\u00a0verf\u00fcgt, insbesondere \u00fcber ein Regime zu Verrechnungspreisen und<br \/>\nUmsatzsteuer verf\u00fcgt.<\/p>\n<p>Als erster Schritt auf dem Weg, Mitglied zu werden, sollen die Nichtmitglieder die Initiativen<br \/>\nder OECD unterst\u00fctzen. F\u00fcnfzig Staaten werden daher noch in diesem Jahr\u00a0<b>automatisch<br \/>\nsteuerliche Auskunft erteilen.<\/b><\/p>\n<p>Normalerweise kennt man<b>\u00a0bilaterale Vertr\u00e4ge zum Steuerrecht,<\/b>\u00a0insbesondere<br \/>\n<b>Doppelbesteuerungsabkommen.\u00a0<\/b>Die neue<b>multilaterale Vereinbarung\u00a0<\/b>wird eben<br \/>\nvon vielen Staaten unterzeichnet.\u00a0<b><a class=\"external-link-new-window\" title=\"\u00d6ffnet externen Link in neuem Fenster\" href=\"http:\/\/www.oecd.org\/tax\/treaties\/beps-multilateral-instrument-text-translation-german.pdf\">Eine deutsche \u00dcbersetzung ist hier erh\u00e4ltlich<\/a>.<br \/>\n<\/b><br \/>\nDer Vertrag ist praktisch ein<b>\u00a0Blick in die Zukunft.<br \/>\n<\/b>Er nimmt voraus, welche Steuergesetze es in Zukunft in Deutschland und Luxemburg geben wird.<br \/>\nDas Abkommen gibt den Rahmen vor, wie die Staaten die Regeln in nationales Recht umsetzen sollen.<br \/>\nEr dient auch als\u00a0<b>Auslegungshilfe<\/b>\u00a0f\u00fcr die k\u00fcnftigen Gesetze. Bereits bestehende DBA werden<br \/>\n<b>durch das MLI erg\u00e4nzt<\/b>.<\/p>\n<p>Es gibt auch einen Rahmen vor, wie\u00a0<b>bilaterale Vertr\u00e4ge\u00a0<\/b>von den teilnehmenden Staaten,<br \/>\nalso zuk\u00fcnftige DBA, zu gestalten sind. Der MLI gibt\u00a0 Optionen vor, die dann von den Staaten<br \/>\nfrei kombiniert werden k\u00f6nnen. Letztlich geht es um das Austrocknen von Steueroasen.<br \/>\nMinimumstandards sollen weltweit gesetzt werden.<\/p>\n<p>Zur Vermeidung von Doppelbesteuerung m\u00fcssen auch Verfahren zur Streitbeilegung bestehen,<br \/>\ndie in 60 Tagen abgeschlossen werden m\u00fcssen.<\/p>\n<p>Aus deutscher Sicht, gibt es darin viele Regelungen, die es in Deutschland l\u00e4ngst gibt.<br \/>\nDas deutsche Steuerrecht hat in der<b>Steuerwissenschaft<\/b>\u00a0ohnehin gro\u00dfen Einfluss auf die OECD-Aktivit\u00e4ten.<br \/>\n<b><br \/>\nDeutsche und Luxemburger\u00a0<\/b>mit Eink\u00fcnften in Drittl\u00e4ndern m\u00fcssen also damit rechnen,<br \/>\ndass bislang verschwiegenes Verm\u00f6gen in Steueroasen nun bekannt wird.<br \/>\n[\/et_pb_text][\/et_pb_column][et_pb_column type=&#8220;1_3&#8243; _builder_version=&#8220;4.16&#8243; background_position=&#8220;top_left&#8220; custom_padding=&#8220;0px|0px|0px|&#8220; global_colors_info=&#8220;{}&#8220; custom_padding__hover=&#8220;|||&#8220;][et_pb_text admin_label=&#8220;Text Abstandshalter&#8220; _builder_version=&#8220;4.16&#8243; custom_margin=&#8220;0px|0px|0px|0px&#8220; custom_padding=&#8220;0px|0px|0px|0px&#8220; global_colors_info=&#8220;{}&#8220;]<span style=\"color: #ffffff;\">:<\/span><br \/>\n<span style=\"color: #ffffff;\">:<\/span><br \/>\n[\/et_pb_text][et_pb_image src=&#8220;https:\/\/wonnebauer.de\/site\/wp-content\/uploads\/2018\/06\/Wonnebauer_ifa_2017_P1090615.jpg&#8220; align_tablet=&#8220;center&#8220; align_phone=&#8220;center&#8220; align_last_edited=&#8220;on|desktop&#8220; admin_label=&#8220;Bild Wonnebauer_ifa_2017_P1090615&#8243; _builder_version=&#8220;4.16&#8243; custom_margin=&#8220;||0px|&#8220; global_colors_info=&#8220;{}&#8220;][\/et_pb_image][\/et_pb_column][\/et_pb_row][et_pb_row column_structure=&#8220;2_3,1_3&#8243; _builder_version=&#8220;4.16&#8243; global_colors_info=&#8220;{}&#8220;][et_pb_column type=&#8220;2_3&#8243; _builder_version=&#8220;4.16&#8243; background_position=&#8220;top_left&#8220; custom_padding=&#8220;0px|0px|0px|0px&#8220; global_colors_info=&#8220;{}&#8220; custom_padding__hover=&#8220;|||&#8220;][et_pb_text admin_label=&#8220;Text Abstandshalter&#8220; _builder_version=&#8220;4.16&#8243; custom_margin=&#8220;0px|0px|0px|0px&#8220; custom_padding=&#8220;0px|0px|0px|0px&#8220; global_colors_info=&#8220;{}&#8220;]<span style=\"color: #ffffff;\">:<\/span><br \/>\n<span style=\"color: #ffffff;\">:<\/span><br \/>\n[\/et_pb_text][et_pb_text admin_label=&#8220;Text \u00dcberschrift Vorabverst\u00e4ndigungsverfahren zwischen Unternehmen und Finanzverwaltungen&#8220; module_id=&#8220;vorabverst\u00e4ndigungsverfahrenzuf&#8220; _builder_version=&#8220;4.16&#8243; global_colors_info=&#8220;{}&#8220;]<\/p>\n<h3>Vorabverst\u00e4ndigungsverfahren zwischen Unternehmen und Finanzverwaltungen<\/h3>\n<p>[\/et_pb_text][et_pb_text admin_label=&#8220;Text Vorabverst\u00e4ndigungsverfahren zwischen Unternehmen und Finanzverwaltungen&#8220; _builder_version=&#8220;4.16&#8243; global_colors_info=&#8220;{}&#8220;]<b>Steuer-rulings<\/b>\u00a0sind sp\u00e4testens seit Lux-Leaks in aller Munde.<br \/>\nDabei handelt es sich um ein allgemein anerkanntes Verfahren,<br \/>\nbei dem sich Unternehmen mit Steuerverwaltungen auf Verrechnungspreise<br \/>\nund sonstige Steuersachverhalte vorab festlegen k\u00f6nnen.<br \/>\nAuch hierzu gibt es\u00a0<a class=\"external-link-new-window\" title=\"\u00d6ffnet externen Link in neuem Fenster\" href=\"http:\/\/www.oecd.org\/tax\/transfer-pricing\/guidelinesforapa.htm\"><b>Richtlinien der OECD.<\/b><\/a><\/p>\n<p>Der Vorteil liegt in der<b>\u00a0Rechtssicherheit<\/b>. Interessanterweise sind seit Bekanntwerden<br \/>\nvon Lux-Leaks die Vereinbarungen in die H\u00f6he geschossen. Wahrscheinlich war vorher<br \/>\nnicht bekannt, dass es solche M\u00f6glichkeiten gibt.<\/p>\n<p>In Deutschland ist das Verfahren unter der\u00a0<b>verbindlichen Auskunft<\/b>bekannt.<br \/>\nDie Finanzverwaltung kann f\u00fcr ihre Arbeit sogar Geb\u00fchren verlangen.<br \/>\nGew\u00f6hnlich werden hier schwierige und komplexe Fragestellungen behandelt.<\/p>\n<p>Gerade f\u00fcr\u00a0<b>Verrechnungspreise<\/b>\u00a0gibt es ein\u00a0<b><a class=\"external-link-new-window\" title=\"\u00d6ffnet externen Link in neuem Fenster\" href=\"http:\/\/www.bundesfinanzministerium.de\/Content\/DE\/Downloads\/BMF_Schreiben\/Internationales_Steuerrecht\/Allgemeine_Informationen\/2006-10-05-Merkblatt-APA.pdf;jsessionid=4CCF3E16D60E674D8D2F5B45A8A803E5?__blob=publicationFile&amp;v=3\">spezielles Vorabverst\u00e4ndigungsverfahren<\/a><\/b>\u00a0in Deutschland.<\/p>\n<p>Diese Verst\u00e4ndigungen gibt es sogar weltweit.<\/p>\n<p>In der Vergangenheit haben die Verfahren\u00a0<b>sehr lange gedauert<\/b>.<br \/>\nGrund hierf\u00fcr war \u00fcberwiegend die Ressourcenknappheit von Personal.<\/p>\n<p><b>Ab 2017\u00a0<\/b>wurde in Deutschland eine\u00a0<b>Maximaldauer von 6 Monaten<\/b>\u00a0eingef\u00fchrt.<br \/>\nErfahrungen dazu stehen noch aus.<\/p>\n<p>In der<b>\u00a0EU\u00a0<\/b>werden solche Verfahren von der EU-Kommission auf\u00a0<b>unzul\u00e4ssige Staatsbehilfen<\/b>\u00a0gepr\u00fcft.<br \/>\nDie Vereinbarung darf also\u00a0<b>keine versteckte staatliche Subvention<\/b>\u00a0f\u00fcr einzelne Unternehmen sein.<br \/>\nAuch die EU gibt Richtlinien hierzu heraus. Untersuchungen gegen Luxemburg wegen Mc Donalds<br \/>\nund Amazon sind noch nicht abgeschlossen.<br \/>\nDie Kommission wendet den allgemeinen Fremdvergleichsgrundsatz an.<br \/>\n[\/et_pb_text][\/et_pb_column][et_pb_column type=&#8220;1_3&#8243; _builder_version=&#8220;4.16&#8243; background_position=&#8220;top_left&#8220; custom_padding=&#8220;0px|0px|0px|&#8220; global_colors_info=&#8220;{}&#8220; custom_padding__hover=&#8220;|||&#8220;][et_pb_text admin_label=&#8220;Text Abstandshalter&#8220; _builder_version=&#8220;4.16&#8243; custom_margin=&#8220;0px|0px|0px|0px&#8220; custom_padding=&#8220;0px|0px|0px|0px&#8220; global_colors_info=&#8220;{}&#8220;]<span style=\"color: #ffffff;\">:<\/span><br \/>\n<span style=\"color: #ffffff;\">:<\/span><br \/>\n[\/et_pb_text][et_pb_image src=&#8220;https:\/\/wonnebauer.de\/site\/wp-content\/uploads\/2018\/06\/Wonnebauer_ifa_2017_P1090614.jpg&#8220; align_tablet=&#8220;center&#8220; align_phone=&#8220;center&#8220; align_last_edited=&#8220;on|desktop&#8220; admin_label=&#8220;Bild Wonnebauer_ifa_2017_P1090614&#8243; _builder_version=&#8220;4.16&#8243; custom_margin=&#8220;||0px|&#8220; global_colors_info=&#8220;{}&#8220;][\/et_pb_image][\/et_pb_column][\/et_pb_row][et_pb_row column_structure=&#8220;2_3,1_3&#8243; _builder_version=&#8220;4.16&#8243; global_colors_info=&#8220;{}&#8220;][et_pb_column type=&#8220;2_3&#8243; _builder_version=&#8220;4.16&#8243; background_position=&#8220;top_left&#8220; custom_padding=&#8220;0px|0px|0px|0px&#8220; global_colors_info=&#8220;{}&#8220; custom_padding__hover=&#8220;|||&#8220;][et_pb_text admin_label=&#8220;Text Abstandshalter&#8220; _builder_version=&#8220;4.16&#8243; custom_margin=&#8220;0px|0px|0px|0px&#8220; custom_padding=&#8220;0px|0px|0px|0px&#8220; global_colors_info=&#8220;{}&#8220;]<span style=\"color: #ffffff;\">:<\/span><br \/>\n<span style=\"color: #ffffff;\">:<\/span><br \/>\n[\/et_pb_text][et_pb_text admin_label=&#8220;Text \u00dcberschrift Verrechnungspreise im DBA Luxemburg &#8211; Herausgabe von Unterlagen&#8220; module_id=&#8220;verrechnungspreiseimdbalux&#8220; _builder_version=&#8220;4.16&#8243; global_colors_info=&#8220;{}&#8220;]<\/p>\n<h3>Verrechnungspreise im DBA Luxemburg &#8211; Herausgabe von Unterlagen<\/h3>\n<p>[\/et_pb_text][et_pb_text admin_label=&#8220;Text Verrechnungspreise im DBA Luxemburg &#8211; Herausgabe von Unterlagen&#8220; _builder_version=&#8220;4.16&#8243; global_colors_info=&#8220;{}&#8220;]Die<b>\u00a0OECD-Staaten\u00a0<\/b>haben Richtlinien herausgegeben, die von den Mitgliedsstaaten\u00a0 umgesetzt werden,<br \/>\nalso auch von Deutschland und Luxemburg.<\/p>\n<p>Ein ma\u00dfgeblicher Grundsatz ist der\u00a0<b>Fremdvergleichsgrundsatz (arm&#8217;s length principle)<\/b>.<br \/>\nPreise, die verbundene Unternehmen untereinander berechnen, m\u00fcssen also dem Vergleich<br \/>\nmit einem fremden Unternehmen standhalten.<\/p>\n<p>Bei Auslegungsfragen kann daher Bezug genommen werden auf die OECD-Doktrin.<\/p>\n<p>Bei\u00a0<b>Streitigkeiten<\/b>\u00a0zwischen den Staaten \u00fcber die Auslegung werden Verst\u00e4ndigungsverfahren eingeleitet.<\/p>\n<p>In\u00a0<b>Artikel 9 OECD-Musterabkommen<\/b>\u00a0ist eine weite Fassung des Prinzips enthalten.<\/p>\n<p>Die\u00a0<b>EU-Kommission<\/b>\u00a0legt die Vorschriften anders aus.<\/p>\n<p>Fest steht jedenfalls, dass es nicht die eine richtige L\u00f6sung bei der Findung der Preise gibt.<br \/>\n<b>Auslegungsspielraum<\/b>\u00a0ist also garantiert.<\/p>\n<p>Gerade im internationalen Bereich wird versucht, Gewinne durch Verrechnungspreise zu verschieben.<\/p>\n<p>In der EU gibt es die Idee einer\u00a0<b>gleichen K\u00f6rperschaftsteuer<\/b>.<br \/>\nDamit w\u00e4ren die meisten Problemf\u00e4lle gel\u00f6st.<br \/>\nAllerdings ist mit dieser Entwicklung in den n\u00e4chsten Jahren nicht zu rechnen.<br \/>\nDie\u00a0<b>Steuersysteme der EU-Staaten<\/b>\u00a0sind dazu zu unterschiedlich.<\/p>\n<p>Mehrheitlich wird davon ausgegangen, dass der Fremdvergleichsgrundsatz in naher Zukunft<br \/>\nnicht durch eine andere Methode ersetzt werden kann &#8211; trotz aller L\u00fccken und M\u00e4ngel.<\/p>\n<p>Allerdings muss auch die\u00a0<b>BEPS-Initiative<\/b>\u00a0 in Zusammenhang mit den Transferpreisen gesehen werden.<\/p>\n<p>Der\u00a0<b>BFH<\/b>\u00a0hat schon in 2013 in einem Fall mit Beziehung Deutschland-Luxemburg entschieden,<br \/>\ndass\u00a0<b>Verrechnungspreise dokumentiert<\/b>\u00a0werden m\u00fcssen zwischen nahestehenden Personen.<br \/>\nDas k\u00f6nnen auch Kapitalgesellschaften sein mit grenz\u00fcberschreitender Beteiligung.<br \/>\nEin Nahestehen wird angenommen, wenn eine wesentliche Beteiligung, also mindestens<br \/>\neine Beteiligung von 25 Prozent vorliegt.<\/p>\n<p>Die Anforderung der Unterlagen ist erforderlich\u00a0<b>zur Aufkl\u00e4rung des Sachverhaltes<\/b>.<br \/>\nDas Allgemeininteresse an einer\u00a0<b>gleichm\u00e4\u00dfigen Besteuerung<\/b>\u00a0geht dabei vor allen anderen Aspekten.<\/p>\n<p>Das Finanzamt wendet die\u00a0<b>Gewinnabgrenzungsaufzeichnungs-Verordnung<\/b>\u00a0an.<\/p>\n<p>Insofern haben alle in Deutschland unbeschr\u00e4nkt oder beschr\u00e4nkt Steuerpflichtigen,<br \/>\nkein Recht, die Vorlage solcher Unterlagen zu verweigern.<br \/>\n[\/et_pb_text][\/et_pb_column][et_pb_column type=&#8220;1_3&#8243; _builder_version=&#8220;4.16&#8243; background_position=&#8220;top_left&#8220; custom_padding=&#8220;0px|0px|0px|&#8220; global_colors_info=&#8220;{}&#8220; custom_padding__hover=&#8220;|||&#8220;][et_pb_text admin_label=&#8220;Text Abstandshalter&#8220; _builder_version=&#8220;4.16&#8243; custom_margin=&#8220;0px|0px|0px|0px&#8220; custom_padding=&#8220;0px|0px|0px|0px&#8220; global_colors_info=&#8220;{}&#8220;]<span style=\"color: #ffffff;\">:<\/span><br \/>\n<span style=\"color: #ffffff;\">:<\/span><br \/>\n[\/et_pb_text][et_pb_image src=&#8220;https:\/\/wonnebauer.de\/site\/wp-content\/uploads\/2018\/06\/Wonnebauer_ifa_2017_P1090607.jpg&#8220; align_tablet=&#8220;center&#8220; align_phone=&#8220;center&#8220; align_last_edited=&#8220;on|desktop&#8220; admin_label=&#8220;Bild Wonnebauer_ifa_2017_P1090607&#8243; _builder_version=&#8220;4.16&#8243; custom_margin=&#8220;||0px|&#8220; global_colors_info=&#8220;{}&#8220;][\/et_pb_image][\/et_pb_column][\/et_pb_row][et_pb_row column_structure=&#8220;2_3,1_3&#8243; _builder_version=&#8220;4.16&#8243; global_colors_info=&#8220;{}&#8220;][et_pb_column type=&#8220;2_3&#8243; _builder_version=&#8220;4.16&#8243; background_position=&#8220;top_left&#8220; custom_padding=&#8220;0px|0px|0px|0px&#8220; global_colors_info=&#8220;{}&#8220; custom_padding__hover=&#8220;|||&#8220;][et_pb_text admin_label=&#8220;Text Abstandshalter&#8220; _builder_version=&#8220;4.16&#8243; custom_margin=&#8220;0px|0px|0px|0px&#8220; custom_padding=&#8220;0px|0px|0px|0px&#8220; global_colors_info=&#8220;{}&#8220;]<span style=\"color: #ffffff;\">:<\/span><br \/>\n<span style=\"color: #ffffff;\">:<\/span><br \/>\n[\/et_pb_text][et_pb_text admin_label=&#8220;Text \u00dcberschrift Aktuelle Entwicklungen in 2017 zu BEPS&#8220; module_id=&#8220;entwicklungenin2017zubeps&#8220; _builder_version=&#8220;4.16&#8243; global_colors_info=&#8220;{}&#8220;]<\/p>\n<h3>Aktuelle Entwicklungen in 2017 zu BEPS<\/h3>\n<p>[\/et_pb_text][et_pb_text admin_label=&#8220;Text Aktuelle Entwicklungen in 2017 zu BEPS&#8220; _builder_version=&#8220;4.16&#8243; global_colors_info=&#8220;{}&#8220;]Seit 2012 versuchen die\u00a0<b>Regierungen der OECD<\/b>\u00a0Steuersparmodelle von international<br \/>\nt\u00e4tigen Konzernen zu vermeiden.<\/p>\n<p>Diese Regeln gelten nicht nur f\u00fcr multinationale Konzerne, sondern im Prinzip auch<br \/>\nf\u00fcr\u00a0<b>alle Unternehmen, die international t\u00e4tig<\/b>\u00a0sind, also auch kleine Unternehmen,<br \/>\ndie\u00a0<b>grenz\u00fcberschreitend in Deutschland und Luxemburg<\/b>\u00a0t\u00e4tig sind.<\/p>\n<p>Luxemburg hat schon die Steuersubventionen f\u00fcr Softwareentwicklung wieder abschaffen m\u00fcssen,<br \/>\nweil dies von der EU-Kommission als unzul\u00e4ssige Bevorzugung angesehen wurde.<\/p>\n<p>Der Einfluss der internationalen Entwicklungen auf das deutsche Steuerrecht ist somit beachtlich.<\/p>\n<p>Allerdings ist zu beoachten, dass viele Unternehmen in der Grenzregion ganz offensichtlich von<br \/>\ndieser Entwicklung keine Notiz nehmen und im Old-School Verfahren &#8211; also mit veralteten oder<br \/>\nv\u00f6llig abstrusen\u00a0 Ansichten zum Steuerrecht fortsetzen.<\/p>\n<p>Der Jammer ist gro\u00df, wenn es erst einmal zu einer<b>\u00a0Steuerpr\u00fcfung<\/b>\u00a0kommt und das Steuermodell verworfen wird.<br \/>\n[\/et_pb_text][\/et_pb_column][et_pb_column type=&#8220;1_3&#8243; _builder_version=&#8220;4.16&#8243; background_position=&#8220;top_left&#8220; custom_padding=&#8220;0px|0px|0px|&#8220; global_colors_info=&#8220;{}&#8220; custom_padding__hover=&#8220;|||&#8220;][et_pb_text admin_label=&#8220;Text Abstandshalter&#8220; _builder_version=&#8220;4.16&#8243; custom_margin=&#8220;0px|0px|0px|0px&#8220; custom_padding=&#8220;0px|0px|0px|0px&#8220; global_colors_info=&#8220;{}&#8220;]<span style=\"color: #ffffff;\">:<\/span><br \/>\n<span style=\"color: #ffffff;\">:<\/span><br \/>\n[\/et_pb_text][et_pb_image src=&#8220;https:\/\/wonnebauer.de\/site\/wp-content\/uploads\/2018\/06\/Wonnebauer_ifa_2017_P1090613.jpg&#8220; align_tablet=&#8220;center&#8220; align_phone=&#8220;center&#8220; align_last_edited=&#8220;on|desktop&#8220; admin_label=&#8220;Bild Wonnebauer_ifa_2017_P1090613&#8243; _builder_version=&#8220;4.16&#8243; custom_margin=&#8220;||0px|&#8220; global_colors_info=&#8220;{}&#8220;][\/et_pb_image][\/et_pb_column][\/et_pb_row][et_pb_row column_structure=&#8220;2_3,1_3&#8243; _builder_version=&#8220;4.16&#8243; global_colors_info=&#8220;{}&#8220;][et_pb_column type=&#8220;2_3&#8243; _builder_version=&#8220;4.16&#8243; background_position=&#8220;top_left&#8220; custom_padding=&#8220;0px|0px|0px|0px&#8220; global_colors_info=&#8220;{}&#8220; custom_padding__hover=&#8220;|||&#8220;][et_pb_text admin_label=&#8220;Text Abstandshalter&#8220; _builder_version=&#8220;4.16&#8243; custom_margin=&#8220;0px|0px|0px|0px&#8220; custom_padding=&#8220;0px|0px|0px|0px&#8220; global_colors_info=&#8220;{}&#8220;]<span style=\"color: #ffffff;\">:<\/span><br \/>\n<span style=\"color: #ffffff;\">:<\/span><br \/>\n[\/et_pb_text][et_pb_text admin_label=&#8220;Text \u00dcberschrift Staatliche Subventionen in Luxemburg kritisch betrachten&#8220; _builder_version=&#8220;4.16&#8243; global_colors_info=&#8220;{}&#8220;]<\/p>\n<h3>Staatliche Subventionen in Luxemburg kritisch betrachten<\/h3>\n<p>[\/et_pb_text][et_pb_text admin_label=&#8220;Text Staatliche Subventionen in Luxemburg kritisch betrachten&#8220; _builder_version=&#8220;4.16&#8243; global_colors_info=&#8220;{}&#8220;]Luxemburg ist ein<b>\u00a0kleiner Staat,<\/b>\u00a0der anders agieren muss, als gro\u00dfe Staaten.<\/p>\n<p>2008 wurde eine Vorschrift eingef\u00fchrt, die man allgemein als\u00a0<b>IP-Box\u00a0<\/b>betrachtet.<br \/>\nUnternehmen, die Software entwickelten, erhielten einen<b>Steuernachlass<\/b>\u00a0von 80 Prozent.<\/p>\n<p>Auf Druck der EU muss diese Vorschrift bis 2020 auslaufen.<\/p>\n<p>Unzul\u00e4ssige Staatsbeihilfen liegen vor, wenn es keinen wirklichen Grund im Steuersystem<br \/>\nf\u00fcr diese F\u00f6rderung gibt.<\/p>\n<p>Unternehmen, die auf solche Lockmittel reagieren und ihren\u00a0<b>Sitz nach Luxemburg verlagert haben<\/b><br \/>\noder planen, sollten die Rechnung also nicht ohne die EU machen. Was n\u00fctzt also eine teuere<br \/>\n<b>Sitzverlagerung<\/b>, wenn man ahnen kann, dass die Vorschrift von der EU gekippt wird.<\/p>\n<p>Konnte man sich fr\u00fcher noch auf diese Sondervorschriften einlassen, so ist dies in der\u00a0<b>vernetzten Welt<br \/>\n<\/b>nicht mehr so leicht m\u00f6glich, denn aufgrund des\u00a0<b>schnelleren Informationsaustauschs<\/b>\u00a0zwischen den<br \/>\nStaaten, fallen solche F\u00e4lle nun viel fr\u00fcher auf und die Staaten reagieren darauf also viel schneller.<br \/>\n[\/et_pb_text][\/et_pb_column][et_pb_column type=&#8220;1_3&#8243; _builder_version=&#8220;4.16&#8243; background_position=&#8220;top_left&#8220; custom_padding=&#8220;0px|0px|0px|&#8220; global_colors_info=&#8220;{}&#8220; custom_padding__hover=&#8220;|||&#8220;][et_pb_text admin_label=&#8220;Text Abstandshalter&#8220; _builder_version=&#8220;4.16&#8243; custom_margin=&#8220;0px|0px|0px|0px&#8220; custom_padding=&#8220;0px|0px|0px|0px&#8220; global_colors_info=&#8220;{}&#8220;]<span style=\"color: #ffffff;\">:<\/span><br \/>\n<span style=\"color: #ffffff;\">:<\/span><br \/>\n[\/et_pb_text][et_pb_image src=&#8220;https:\/\/wonnebauer.de\/site\/wp-content\/uploads\/2018\/06\/Wonnebauer_ifa_2017_P1090604.jpg&#8220; align_tablet=&#8220;center&#8220; align_phone=&#8220;center&#8220; align_last_edited=&#8220;on|desktop&#8220; admin_label=&#8220;Bild Wonnebauer_ifa_2017_P1090604&#8243; _builder_version=&#8220;4.16&#8243; custom_margin=&#8220;||0px|&#8220; global_colors_info=&#8220;{}&#8220;][\/et_pb_image][\/et_pb_column][\/et_pb_row][et_pb_row column_structure=&#8220;2_3,1_3&#8243; _builder_version=&#8220;4.16&#8243; global_colors_info=&#8220;{}&#8220;][et_pb_column type=&#8220;2_3&#8243; _builder_version=&#8220;4.16&#8243; background_position=&#8220;top_left&#8220; custom_padding=&#8220;0px|0px|0px|0px&#8220; global_colors_info=&#8220;{}&#8220; custom_padding__hover=&#8220;|||&#8220;][et_pb_text admin_label=&#8220;Text Abstandshalter&#8220; _builder_version=&#8220;4.16&#8243; custom_margin=&#8220;0px|0px|0px|0px&#8220; custom_padding=&#8220;0px|0px|0px|0px&#8220; global_colors_info=&#8220;{}&#8220;]<span style=\"color: #ffffff;\">:<\/span><br \/>\n<span style=\"color: #ffffff;\">:<\/span><br \/>\n[\/et_pb_text][et_pb_text admin_label=&#8220;Text \u00dcberschrift OECD gegen k\u00fcnstliche Vermeidung von Betriebsst\u00e4tten&#8220; _builder_version=&#8220;4.16&#8243; global_colors_info=&#8220;{}&#8220;]<\/p>\n<h3>OECD gegen k\u00fcnstliche Vermeidung von Betriebsst\u00e4tten<\/h3>\n<p>[\/et_pb_text][et_pb_text admin_label=&#8220;Text OECD gegen k\u00fcnstliche Vermeidung von Betriebsst\u00e4tten&#8220; _builder_version=&#8220;4.16&#8243; global_colors_info=&#8220;{}&#8220;]<b>Betriebsst\u00e4tten<\/b>\u00a0im Ausland f\u00fchren zu<b>\u00a0Steuersubjekten<\/b>.<\/p>\n<p>Unternehmen versuchen daher Vertr\u00e4ge und Sachverhalte so zu gestalten,<br \/>\ndass eine Betriebsst\u00e4tte vermieden wird. Dem setzen OECD und EU grenzen.<\/p>\n<p>In der oben genannten Multilateralen Vereinbarung werden k\u00fcnstliche Vertragsgestaltungen<br \/>\nkritischer untersucht. Vertragsparteien werden als Ganzes betrachtet, damit Fristen nicht verk\u00fcrzt werden.<br \/>\n[\/et_pb_text][\/et_pb_column][et_pb_column type=&#8220;1_3&#8243; _builder_version=&#8220;4.16&#8243; background_position=&#8220;top_left&#8220; custom_padding=&#8220;0px|0px|0px|&#8220; global_colors_info=&#8220;{}&#8220; custom_padding__hover=&#8220;|||&#8220;][et_pb_text admin_label=&#8220;Text Abstandshalter&#8220; _builder_version=&#8220;4.16&#8243; custom_margin=&#8220;0px|0px|0px|0px&#8220; custom_padding=&#8220;0px|0px|0px|0px&#8220; global_colors_info=&#8220;{}&#8220;]<span style=\"color: #ffffff;\">:<\/span><br \/>\n<span style=\"color: #ffffff;\">:<\/span><br \/>\n[\/et_pb_text][et_pb_image src=&#8220;https:\/\/wonnebauer.de\/site\/wp-content\/uploads\/2018\/06\/Wonnebauer_ifa_2017_P1090690.jpg&#8220; align_tablet=&#8220;center&#8220; align_phone=&#8220;center&#8220; align_last_edited=&#8220;on|desktop&#8220; admin_label=&#8220;Bild Wonnebauer_ifa_2017_P1090690&#8243; _builder_version=&#8220;4.16&#8243; custom_margin=&#8220;||0px|&#8220; global_colors_info=&#8220;{}&#8220;][\/et_pb_image][\/et_pb_column][\/et_pb_row][et_pb_row column_structure=&#8220;2_3,1_3&#8243; _builder_version=&#8220;4.16&#8243; global_colors_info=&#8220;{}&#8220;][et_pb_column type=&#8220;2_3&#8243; _builder_version=&#8220;4.16&#8243; background_position=&#8220;top_left&#8220; custom_padding=&#8220;0px|0px|0px|0px&#8220; global_colors_info=&#8220;{}&#8220; custom_padding__hover=&#8220;|||&#8220;][et_pb_text admin_label=&#8220;Text Abstandshalter&#8220; _builder_version=&#8220;4.16&#8243; custom_margin=&#8220;0px|0px|0px|0px&#8220; custom_padding=&#8220;0px|0px|0px|0px&#8220; global_colors_info=&#8220;{}&#8220;]<span style=\"color: #ffffff;\">:<\/span><br \/>\n<span style=\"color: #ffffff;\">:<\/span><br \/>\n[\/et_pb_text][et_pb_text admin_label=&#8220;Text \u00dcberschrift Staatshilfen noch k\u00fcnftig in der EU m\u00f6glich?&#8220; _builder_version=&#8220;4.16&#8243; global_colors_info=&#8220;{}&#8220;]<\/p>\n<h3>Staatshilfen noch k\u00fcnftig in der EU m\u00f6glich?<\/h3>\n<p>[\/et_pb_text][et_pb_text admin_label=&#8220;Text Staatshilfen noch k\u00fcnftig in der EU m\u00f6glich?&#8220; _builder_version=&#8220;4.16&#8243; global_colors_info=&#8220;{}&#8220;]Eine Staatshilfe liegt dann vor, wenn der Staat eine Auszahlung an Unternehmen leistet,<br \/>\num diesem Unternehmen einen\u00a0<b>Marktvorteil<\/b>\u00a0zuzuwenden, weil dies irgendwie politisch gewollt ist.<\/p>\n<p>Der EuGH hat Staatshilfen grunds\u00e4tzlich als unzul\u00e4ssig angesehen.<\/p>\n<p>Hierzu geh\u00f6ren auch reduzierte Steuern, beispielsweise f\u00fcr Banken und Textilfirmen (Italien).<\/p>\n<p>Eine\u00a0<b>Hilfe f\u00fcr alle<\/b>\u00a0Unternehmen ist also keine unzul\u00e4ssige Staatshilfe.<\/p>\n<p>Wo sind also die Grenzen von Staatshilfen?<\/p>\n<p>Eine Entscheidung des EuGH zu den Steuerrulings steht noch aus.<br \/>\n[\/et_pb_text][\/et_pb_column][et_pb_column type=&#8220;1_3&#8243; _builder_version=&#8220;4.16&#8243; background_position=&#8220;top_left&#8220; custom_padding=&#8220;0px|0px|0px|&#8220; global_colors_info=&#8220;{}&#8220; custom_padding__hover=&#8220;|||&#8220;][et_pb_text admin_label=&#8220;Text Abstandshalter&#8220; _builder_version=&#8220;4.16&#8243; custom_margin=&#8220;0px|0px|0px|0px&#8220; custom_padding=&#8220;0px|0px|0px|0px&#8220; global_colors_info=&#8220;{}&#8220;]<span style=\"color: #ffffff;\">:<\/span><br \/>\n<span style=\"color: #ffffff;\">:<\/span><br \/>\n[\/et_pb_text][et_pb_image src=&#8220;https:\/\/wonnebauer.de\/site\/wp-content\/uploads\/2018\/06\/Wonnebauer_ifa_2016_P1030807.jpg&#8220; align_tablet=&#8220;center&#8220; align_phone=&#8220;center&#8220; align_last_edited=&#8220;on|desktop&#8220; admin_label=&#8220;Bild Wonnebauer_ifa_2016_P1030807&#8243; _builder_version=&#8220;4.16&#8243; custom_margin=&#8220;||0px|&#8220; global_colors_info=&#8220;{}&#8220;][\/et_pb_image][\/et_pb_column][\/et_pb_row][et_pb_row column_structure=&#8220;2_3,1_3&#8243; _builder_version=&#8220;4.16&#8243; global_colors_info=&#8220;{}&#8220;][et_pb_column type=&#8220;2_3&#8243; _builder_version=&#8220;4.16&#8243; background_position=&#8220;top_left&#8220; custom_padding=&#8220;0px|0px|0px|0px&#8220; global_colors_info=&#8220;{}&#8220; custom_padding__hover=&#8220;|||&#8220;][et_pb_text admin_label=&#8220;Text Abstandshalter&#8220; _builder_version=&#8220;4.16&#8243; custom_margin=&#8220;0px|0px|0px|0px&#8220; custom_padding=&#8220;0px|0px|0px|0px&#8220; global_colors_info=&#8220;{}&#8220;]<span style=\"color: #ffffff;\">:<\/span><br \/>\n<span style=\"color: #ffffff;\">:<\/span><br \/>\n[\/et_pb_text][et_pb_text admin_label=&#8220;Text \u00dcberschrift Auswirkungen der BEPS-Diskussion auf Luxemburgische Unternehmen&#8220; _builder_version=&#8220;4.16&#8243; global_colors_info=&#8220;{}&#8220;]<\/p>\n<h3>Auswirkungen der BEPS-Diskussion auf Luxemburgische Unternehmen<\/h3>\n<p>[\/et_pb_text][et_pb_text admin_label=&#8220;Text Auswirkungen der BEPS-Diskussion auf Luxemburgische Unternehmen&#8220; _builder_version=&#8220;4.16&#8243; global_colors_info=&#8220;{}&#8220;]Weltweit haben sich Staaten zusammengeschlossen, um<b>\u00a0Steuervermeidung gro\u00dfer Konzerne<\/b>\u00a0zu bek\u00e4mpfen (Stichwort Amazon, Apple, Irland, Luxemburg). Die Verschiebung von Gewinnen in Niedrigsteuerl\u00e4nder kann nur gemeinsam bek\u00e4mpft werden. Das Bundesminsterium der Finanzen informiert \u00fcber die Ma\u00dfnahmen auf seiner Seite.<b>\u00a0<\/b><a class=\"external-link-new-window\" title=\"\u00d6ffnet externen Link in neuem Fenster\" href=\"http:\/\/www.bundesfinanzministerium.de\/Content\/DE\/FAQ\/2014-06-05-faq-beps.html\"><b>Mehr ..<\/b>.<br \/>\n<\/a><br \/>\nEin Problem dabei ist, dass vor Ort nur\u00a0<b>1-2 M\u00e4nnlein<\/b>\u00a0sitzen, auf die jedoch Gewinne von mehren hundert Millionen Euro verbucht werden.<\/p>\n<p>Die international t\u00e4tigen Unternehmen m\u00fcssen nun handeln. Heerscharen von Steuerjuristen sind nun besch\u00e4ftigt.<\/p>\n<p>Eine Taktik von vielen der Unternehmen ist es nun, die\u00a0<b>Anzahl der Mitarbeiter virtuell zu erh\u00f6hen<\/b>. Besonders schamlos gehen dabei Unternehmen vor, die keine Gesch\u00e4ftsbeziehung zu Deutschland haben, wo die Kontrolldichte sehr hoch ist.<\/p>\n<p>Nat\u00fcrlich werden dort nicht mehr Menschen arbeiten. Das w\u00e4re ja zu teuer und w\u00fcrde den Gewinn schm\u00e4lern. Vielmehr ist es so, dass<b>\u00a0Arbeitsvertr\u00e4ge gesplittet\u00a0<\/b>werden. Mitarbeiter m\u00fcssen nun\u00a0<b>mehrere Arbeitsvertr\u00e4ge<\/b>\u00a0unterzeichnen, wobei sie dann nur noch stundenweise f\u00fcr die ein oder andere Firma auf dem Papier t\u00e4tig sind. Nat\u00fcrlich bekommen die Mitarbeiter in der Summe nicht mehr Gehalt.<\/p>\n<p>Damit sind aus Sicht der Personalabteilung und der Mitarbeiter neue Probleme im\u00a0<b>Steuerrecht und Arbeitsrecht<\/b>vorprogrammiert:<\/p>\n<p>Was passiert im Falle der K\u00fcndigung? Es m\u00fcssen mehrere K\u00fcndigungen ausgesprochen werden.<\/p>\n<p>Wie wird der Urlaub auf die verschiedenen Firmen verteilt? Der neue gro\u00dfe Verwaltungsaufwand muss sich lohnen.<\/p>\n<p>Gibt es nur\u00a0<b>eine Personalabteilung<\/b>? Na klar. Der Mitarbeiter wird ja nur von einem Vorgesetzten einer\u00a0 Firma angewiesen. Ist dann das Steuersparmodell noch wirksam?<\/p>\n<p>Wie wird die 19-Tage-Regel gez\u00e4hlt, wenn f\u00fcr mehrere Arbeitgeber verreist wird? Werden dann wirklich mehrere Spesenantr\u00e4ge gestellt? Ganz sch\u00f6n umst\u00e4ndlich.<\/p>\n<p>Gibt es Probleme bei der Frage der Sozialversicherungspflicht, wenn die 25% Grenze \u00fcberschritten wird.<\/p>\n<p>Welcher Arbeitgeber haftet bei einem Arbeitsunfall? Bei welchem Arbeitgeber steigen dann die<b>\u00a0Beitr\u00e4ge zur Unfallkasse AAA<\/b>.<\/p>\n<p>Die Frage wird also sein, was den Mitarbeitern alles zugemutet wird, damit die Konzerne weiterhin Steuernsparen.<\/p>\n<p><b>Unternehmen und Personaler<\/b>\u00a0sollten sich dar\u00fcber Gedanken machen.<br \/>\n[\/et_pb_text][\/et_pb_column][et_pb_column type=&#8220;1_3&#8243; _builder_version=&#8220;4.16&#8243; background_position=&#8220;top_left&#8220; custom_padding=&#8220;0px|0px|0px|&#8220; global_colors_info=&#8220;{}&#8220; custom_padding__hover=&#8220;|||&#8220;][et_pb_text admin_label=&#8220;Text Abstandshalter&#8220; _builder_version=&#8220;4.16&#8243; custom_margin=&#8220;0px|0px|0px|0px&#8220; custom_padding=&#8220;0px|0px|0px|0px&#8220; global_colors_info=&#8220;{}&#8220;]<span style=\"color: #ffffff;\">:<\/span><br \/>\n<span style=\"color: #ffffff;\">:<\/span><br \/>\n[\/et_pb_text][et_pb_image src=&#8220;https:\/\/wonnebauer.de\/site\/wp-content\/uploads\/2018\/06\/Wonnebauer_ifa_2016_P1030800.jpg&#8220; align_tablet=&#8220;center&#8220; align_phone=&#8220;center&#8220; align_last_edited=&#8220;on|desktop&#8220; admin_label=&#8220;Bild Wonnebauer_ifa_2016_P1030800&#8243; _builder_version=&#8220;4.16&#8243; custom_margin=&#8220;||0px|&#8220; global_colors_info=&#8220;{}&#8220;][\/et_pb_image][\/et_pb_column][\/et_pb_row][et_pb_row column_structure=&#8220;2_3,1_3&#8243; _builder_version=&#8220;4.16&#8243; global_colors_info=&#8220;{}&#8220;][et_pb_column type=&#8220;2_3&#8243; _builder_version=&#8220;4.16&#8243; background_position=&#8220;top_left&#8220; custom_padding=&#8220;0px|0px|0px|0px&#8220; global_colors_info=&#8220;{}&#8220; custom_padding__hover=&#8220;|||&#8220;][et_pb_text admin_label=&#8220;Text Abstandshalter&#8220; _builder_version=&#8220;4.16&#8243; custom_margin=&#8220;0px|0px|0px|0px&#8220; custom_padding=&#8220;0px|0px|0px|0px&#8220; global_colors_info=&#8220;{}&#8220;]<span style=\"color: #ffffff;\">:<\/span><br \/>\n<span style=\"color: #ffffff;\">:<\/span><br \/>\n[\/et_pb_text][et_pb_text admin_label=&#8220;Text \u00dcberschrift Lager in Deutschland als Betriebsst\u00e4tte des luxemburger Unternehmens ?&#8220; _builder_version=&#8220;4.16&#8243; global_colors_info=&#8220;{}&#8220;]<\/p>\n<h3>Lager in Deutschland als Betriebsst\u00e4tte des luxemburger Unternehmens ?<\/h3>\n<p>[\/et_pb_text][et_pb_text admin_label=&#8220;Text Lager in Deutschland als Betriebsst\u00e4tte des luxemburger Unternehmens ?&#8220; _builder_version=&#8220;4.16&#8243; global_colors_info=&#8220;{}&#8220;]<\/p>\n<p class=\"bodytext\">Viele\u00a0<b>Grenzg\u00e4nger-Unternehmer<\/b>\u00a0haben zwar in Luxemburg ihren Sitz gegebenenfalls<br \/>\nauch einen Betriebshof. In vielen F\u00e4llen werden jedoch<b>\u00a0Lager in Deutschland<\/b>\u00a0unterhalten<br \/>\naus dem einfachen Grund, weil dort die Mieten viel g\u00fcnstiger sind, als in Luxemburg.<\/p>\n<p>In der Praxis liegt die Konstellation dann h\u00e4ufig so, dass sich die Angestellten morgens<br \/>\nin dem Lager treffen und dort in einen Firmenbus oder Firmenwagen einsteigen,<br \/>\num dann \u00fcber die Grenze zur Firma zu fahren. Gelegentlich werden auch noch bestimmte<br \/>\nWaren aus dem Lager mit eingeladen.<\/p>\n<p>Bei diesen Arbeitsg\u00e4ngen stellt sich dann die Frage, ob mit dem<b>\u00a0Einsteigen in das Firmenfahrzeug<\/b><br \/>\nschon die Dienstzeit anf\u00e4ngt zu ticken. Normalerweise beginnt die<b>\u00a0bezahlte Arbeitszeit<\/b>\u00a0jedoch immer<br \/>\nerst ab der Baustelle bzw. ab Betreten des Firmengeb\u00e4udes.<\/p>\n<p>Es m\u00fcssen schon gr\u00f6\u00dfere Arbeitshandlungen hinzu treten, damit hier von einer zu versteuernden<br \/>\nArbeitszeit im Sinne der 19-Tage-Regel gesprochen werden kann. Dies ist im Einzelfall dann zu pr\u00fcfen<br \/>\nund bleibt weiterhin Fokus des Finanzamtes.<\/p>\n<p class=\"bodytext\">Zwischenzeitlich gibt es einen weiteren Theorienstreit. Zwar ist nach DBA-Luxemburg ein<br \/>\n<b>Warenlager keine Betriebsst\u00e4tte.\u00a0<\/b>Nach der deutschen Abgabenordnung ist es das aber sehr wohl.<\/p>\n<p>Das Finanzamt \u00fcberlegt, ob es aus dieser Konstruktion nicht eine\u00a0<b>Pflicht des Arbeitgebers<br \/>\nzur Einbehaltung der auf Deutschland entfallenden Lohnsteuer<\/b>\u00a0konstruieren kann.<\/p>\n<p>Nach Auffassung der Kanzlei Wonnebauer ist die Rechtslage diesbez\u00fcglich grunds\u00e4tzlich nicht so gelagert.<br \/>\nDenn das\u00a0<b>Arbeitsverh\u00e4ltnis\u00a0<\/b>besteht nicht mit einer deutschen Betriebsst\u00e4tte, sondern mit dem luxemburger<br \/>\nArbeitgeber. Zwar gibt es eine\u00a0<b>Entscheidung des Bundesfinanzhofes<\/b>\u00a0hierzu, diese stammt jedoch aus dem Jahr 1986.<\/p>\n<p>Man wird gespannt verfolgen, wie sich diese Gemengelage in Zukunft steuerrechtlich aufl\u00f6sen wird.<br \/>\n[\/et_pb_text][\/et_pb_column][et_pb_column type=&#8220;1_3&#8243; _builder_version=&#8220;4.16&#8243; background_position=&#8220;top_left&#8220; custom_padding=&#8220;0px|0px|0px|&#8220; global_colors_info=&#8220;{}&#8220; custom_padding__hover=&#8220;|||&#8220;][et_pb_text admin_label=&#8220;Text Abstandshalter&#8220; _builder_version=&#8220;4.16&#8243; custom_margin=&#8220;0px|0px|0px|0px&#8220; custom_padding=&#8220;0px|0px|0px|0px&#8220; global_colors_info=&#8220;{}&#8220;]<span style=\"color: #ffffff;\">:<\/span><br \/>\n<span style=\"color: #ffffff;\">:<\/span><br \/>\n[\/et_pb_text][\/et_pb_column][\/et_pb_row][et_pb_row column_structure=&#8220;2_3,1_3&#8243; _builder_version=&#8220;4.16&#8243; global_colors_info=&#8220;{}&#8220;][et_pb_column type=&#8220;2_3&#8243; _builder_version=&#8220;4.16&#8243; background_position=&#8220;top_left&#8220; custom_padding=&#8220;0px|0px|0px|0px&#8220; global_colors_info=&#8220;{}&#8220; custom_padding__hover=&#8220;|||&#8220;][et_pb_text admin_label=&#8220;Text Abstandshalter&#8220; _builder_version=&#8220;4.16&#8243; custom_margin=&#8220;0px|0px|0px|0px&#8220; custom_padding=&#8220;0px|0px|0px|0px&#8220; global_colors_info=&#8220;{}&#8220;]<span style=\"color: #ffffff;\">:<\/span><br \/>\n<span style=\"color: #ffffff;\">:<\/span><br \/>\n[\/et_pb_text][et_pb_text admin_label=&#8220;Text \u00dcberschrift Probleme bei der Anerkennung ausl\u00e4ndischer Rechtsmodelle&#8220; _builder_version=&#8220;4.16&#8243; global_colors_info=&#8220;{}&#8220;]<\/p>\n<h3>Probleme bei der Anerkennung ausl\u00e4ndischer Rechtsmodelle<\/h3>\n<p>[\/et_pb_text][et_pb_text admin_label=&#8220;Text Probleme bei der Anerkennung ausl\u00e4ndischer Rechtsmodelle&#8220; _builder_version=&#8220;4.16&#8243; global_colors_info=&#8220;{}&#8220;]<\/p>\n<p class=\"bodytext\">Wer<b>\u00a0international<\/b>\u00a0t\u00e4tig ist, und das sind bereits<b>\u00a0Gesch\u00e4fte in Luxemburg<\/b>, muss wachsam sein sein.<\/p>\n<p>In\u00a0<b>ausl\u00e4ndischen Rechtssystemen<\/b>\u00a0gelten andere Regeln.\u00a0<b>Steuervorteile<\/b>, die dort versprochen werden,<br \/>\ngelten grunds\u00e4tzlich nur im dortigen<b>\u00a0nationalen Rechtssystem<\/b>\u00a0als steuerfrei.<\/p>\n<p>Wer in Deutschland steuerpflichtig ist, muss daher bedenken, dass diese ausl\u00e4ndischen Steuervorteile<br \/>\neventuell von der deutschen Finanzverwaltung als steuerpflichtig betrachtet werden.<\/p>\n<p>Es n\u00fctzt nichts, auf die deutsche Finanzverwaltung zu schimpfen: Diese Betrachtungsweisen sind<br \/>\n<b>weltweit \u00fcblich<\/b>, zumindest bei den ma\u00dfgeblichen Staaten, den\u00a0<b>OECD-Staaten<\/b>. Dass Luxemburg dazu<br \/>\ngeh\u00f6rt, sollten die luxemburger Banken und Berater wissen. Luxemburg ist seit 1961 Gr\u00fcndungsmitglied.<\/p>\n<p><b>Seri\u00f6se Berater<\/b>\u00a0h\u00e4tten also auf die Rechtsfolgen hinweisen m\u00fcssen. Leider ist die Quote der Unwissenden<br \/>\noder schwarzen Schafe in Luxemburg \u00fcberproportional hoch, was einfach bewiesen ist durch den gro\u00dfen \u00c4rger,<br \/>\nder im Nachhinein entsteht, wenn es einmal um die Wurst geht, also die deutsche Besteuerung.<\/p>\n<p><b>Beispiele:<\/b><\/p>\n<p>1.\u00a0<b>Zinsen f\u00fcr Gesellschafterdarlehen &#8230;\u00a0<\/b><\/p>\n<p>&#8230; in einer S.\u00e0.r.l. werden in der luxemburger Bilanz stehen gelassen. Grunds\u00e4tzlich gilt das Zuflussprinzip.<br \/>\nMan k\u00f6nnte denken, dass der deutsche Gesellschafter die von seiner Gesellschaft gezahlten Zinsen nicht in<br \/>\nDeutschland als Zinseink\u00fcnfte versteuern hat.<\/p>\n<p>Weit gefehlt: Nach st\u00e4ndiger Rechtsprechung des BFH handelt es sich z.B. bei Alleingesellchafter bereits<br \/>\num einen Zufluss. Folge: Die Zinsen sind in Deutschland mit der Buchung in der Bilanz zu versteuern.<\/p>\n<p>2.\u00a0<b>Kapitalertr\u00e4ge<\/b><br \/>\nViele luxemburger Banken haben deutschen Kunden Fonds verkauft, die angeblich in Deutschland<br \/>\nnicht steuerpflichtig sind.<\/p>\n<p>In Wahrheit handelt es sich nach deutschem Recht oft um sogenannte intransparente Fonds.<br \/>\nDa oder weil es keine offiziell berechenbaren Ertr\u00e4ge gibt, gilt das Investmentsteuergesetz.<br \/>\nDanach sind die Ertr\u00e4ge pauschal in Deutschland zu versteuern.<\/p>\n<p><b>3. Sopafi<br \/>\n<\/b><br \/>\nDie Gesellschaftsform wird f\u00fcr Residents in Luxemburg gerne gew\u00e4hlt, weil die Ertr\u00e4ge aus der privaten<br \/>\nVerm\u00f6gensverwaltung in Luxemburg steuerfrei sind.<\/p>\n<p>Dies wird vom BFH f\u00fcr in Deutschland wohnhafte Personen aber ganz anders gesehen.<br \/>\nBei der Soparfi handelt es sich aus deutscher Betrachtungsweise um eine rein k\u00fcnstliche<br \/>\nKonstruktion zur Steuervermeidung, schlicht also Gestaltungsmissbrauch.<\/p>\n<p class=\"bodytext\"><b>4. Domiciliation<br \/>\n<\/b><br \/>\nBestimmte Gewerbe k\u00f6nnen ein Domizil in Luxemburg haben. Gemeint ist eine Adresse<br \/>\nbei einem Fiduciaire oder Anwalt. Ein B\u00fcrobetrieb, eine T\u00e4tigkeit etc.\u00a0 ist nicht erforderlich.<\/p>\n<p>Selbstredend, dass es sich nach deutschem Steuerrecht dabei nicht um einen Niederlassung<br \/>\noder Betriebsst\u00e4tte handelt. Noch heute gibt es solche Gestaltungen, die von den luxemburger<br \/>\nBeratern vor vielen Jahren eingerichtet wurden und von Grenzg\u00e4ngern noch immer gehalten<br \/>\nwerden im Glauben, das alles seine Richtigkeit hat.<\/p>\n<p class=\"bodytext\"><b>5. Stockoptions als Gehaltsbestandteil\u00a0<\/b><\/p>\n<p>In Luxemburg wird gerne geworben mit einer<b>\u00a0Sachzuwendung<\/b>\u00a0in Form von\u00a0<b>Aktienoptionen<\/b>.<br \/>\nViele Personen verdienen viel Geld damit, dieses Modelle an Arbeitgeber zu verkaufen.<br \/>\nIn Luxemburg gelten besondere\u00a0<b>Steuerbefreiungsvorschriften<\/b>\u00a0und eine Spekulationsfrist von 6 Monaten.<\/p>\n<p>Wie soll es anders sein: &#8230; gilt nat\u00fcrlich nicht f\u00fcr\u00a0<b>deutsche Grenzg\u00e4nger<\/b>. Leider wird dieser Aspekt<br \/>\nvon den Verk\u00e4ufern oft vergessen (?, oder sie werden nicht entsprechend geschult).<br \/>\nDie steuerfreien Lohnteile werden nach deutschem Recht nicht anerkannt und sind in<br \/>\nDeutschland als Gehalt zu versteuern.<\/p>\n<p>In Luxemburg ist die Belegschaft in Unternehmen sehr<b>\u00a0international,<\/b><br \/>\nmanchesmal sollen auch Deutsche darunter sein (ca. 40.000, Stand 2015).<\/p>\n<p>Diese Liste ist nicht abschlie\u00dfend.<br \/>\n[\/et_pb_text][\/et_pb_column][et_pb_column type=&#8220;1_3&#8243; _builder_version=&#8220;4.16&#8243; background_position=&#8220;top_left&#8220; custom_padding=&#8220;0px|0px|0px|&#8220; global_colors_info=&#8220;{}&#8220; custom_padding__hover=&#8220;|||&#8220;][et_pb_text admin_label=&#8220;Text Abstandshalter&#8220; _builder_version=&#8220;4.16&#8243; custom_margin=&#8220;0px|0px|0px|0px&#8220; custom_padding=&#8220;0px|0px|0px|0px&#8220; global_colors_info=&#8220;{}&#8220;]<span style=\"color: #ffffff;\">:<\/span><br \/>\n<span style=\"color: #ffffff;\">:<\/span><br \/>\n[\/et_pb_text][et_pb_image src=&#8220;https:\/\/wonnebauer.de\/site\/wp-content\/uploads\/2018\/06\/Wonnebauer_ifa_2015_IMG_7983.jpg&#8220; align_tablet=&#8220;center&#8220; align_phone=&#8220;center&#8220; align_last_edited=&#8220;on|desktop&#8220; admin_label=&#8220;Bild Wonnebauer_ifa_2015_IMG_7983&#8243; _builder_version=&#8220;4.16&#8243; custom_margin=&#8220;||0px|&#8220; global_colors_info=&#8220;{}&#8220;][\/et_pb_image][\/et_pb_column][\/et_pb_row][et_pb_row column_structure=&#8220;2_3,1_3&#8243; _builder_version=&#8220;4.16&#8243; global_colors_info=&#8220;{}&#8220;][et_pb_column type=&#8220;2_3&#8243; _builder_version=&#8220;4.16&#8243; background_position=&#8220;top_left&#8220; custom_padding=&#8220;0px|0px|0px|0px&#8220; global_colors_info=&#8220;{}&#8220; custom_padding__hover=&#8220;|||&#8220;][et_pb_text admin_label=&#8220;Text Abstandshalter&#8220; _builder_version=&#8220;4.16&#8243; custom_margin=&#8220;0px|0px|0px|0px&#8220; custom_padding=&#8220;0px|0px|0px|0px&#8220; global_colors_info=&#8220;{}&#8220;]<span style=\"color: #ffffff;\">:<\/span><br \/>\n<span style=\"color: #ffffff;\">:<\/span><br \/>\n[\/et_pb_text][et_pb_text admin_label=&#8220;Text \u00dcberschrift Das neue Erfordernis der Substanz f\u00fcr ausl\u00e4ndische Gesellschaften&#8220; _builder_version=&#8220;4.16&#8243; global_colors_info=&#8220;{}&#8220;]<\/p>\n<h3>Das neue Erfordernis der Substanz f\u00fcr ausl\u00e4ndische Gesellschaften<\/h3>\n<p>[\/et_pb_text][et_pb_text admin_label=&#8220;Text Das neue Erfordernis der Substanz f\u00fcr ausl\u00e4ndische Gesellschaften&#8220; _builder_version=&#8220;4.16&#8243; global_colors_info=&#8220;{}&#8220;]<\/p>\n<p class=\"bodytext\"><b>Gewinnverschiebungen in Niedrigsteuerl\u00e4nder<\/b>\u00a0liegt oft zugrunde,<br \/>\ndass dort eine Gesellschaft gegr\u00fcndet wird nur zu diesem Zweck.<br \/>\nAuch wenn es z.B. L\u00e4nder sind, die grunds\u00e4tzlich keine niedrigen Steuern haben,<br \/>\nwie Luxemburg, gibt es dort jedoch dann oft besondere Steuervorteile<br \/>\n(Steuerkredite, Patentbox, besondere Betriebsausgaben, besondere Steuerfreibetr\u00e4ge),<br \/>\nbevor der Steuersatz greift.<\/p>\n<p>Worauf muss also geachtet werden?<\/p>\n<p><b>Briefkastenfirmen<\/b>\u00a0(letterbox companies) werden grunds\u00e4tzlich als steuerlich<br \/>\nnichtexistent betrachtet. Es muss ein B\u00fcro verhanden sein. Entsprechend<b>qualifiziertes<\/b><br \/>\nPersonal muss vor Ort sein, um die Aufgaben zu erf\u00fcllen. Es m\u00fcssen entsprechende<br \/>\nArbeitsmittel vorhanden sein.<\/p>\n<p>Auch\u00a0<b>k\u00fcnstlich geschaffene Darlehen<\/b>, damit Zinszahlungen ins Ausland den deutschen<br \/>\nGewinn mindern, sind mit Vorsicht zu betrachten.<\/p>\n<p>Die\u00a0<b>OECD<\/b>\u00a0arbeitet schon an neuen Steuersystemen, bei denen es auf die Gesellschaftsformen<br \/>\noder die Niederlassung nicht mehr ankommt. Man spricht von<b>\u00a0abgeleiteter Gewinnbesteuerung.<br \/>\n<\/b>Entscheidend sein werden andere Aspekte, zum Beispiel die nicht greifbare Antwort auf die Frage,<br \/>\nwo ein<b>\u00a0Mehrwert<\/b>\u00a0f\u00fcr die Leistung entsteht.<br \/>\n[\/et_pb_text][\/et_pb_column][et_pb_column type=&#8220;1_3&#8243; _builder_version=&#8220;4.16&#8243; background_position=&#8220;top_left&#8220; custom_padding=&#8220;0px|0px|0px|&#8220; global_colors_info=&#8220;{}&#8220; custom_padding__hover=&#8220;|||&#8220;][et_pb_text admin_label=&#8220;Text Abstandshalter&#8220; _builder_version=&#8220;4.16&#8243; custom_margin=&#8220;0px|0px|0px|0px&#8220; custom_padding=&#8220;0px|0px|0px|0px&#8220; global_colors_info=&#8220;{}&#8220;]<span style=\"color: #ffffff;\">:<\/span><br \/>\n<span style=\"color: #ffffff;\">:<\/span><br \/>\n[\/et_pb_text][et_pb_image src=&#8220;https:\/\/wonnebauer.de\/site\/wp-content\/uploads\/2018\/06\/Wonnebauer_gebaeude_IMG_8020.jpg&#8220; align_tablet=&#8220;center&#8220; align_phone=&#8220;center&#8220; align_last_edited=&#8220;on|desktop&#8220; admin_label=&#8220;Bild Wonnebauer_gebaeude_IMG_8020&#8243; _builder_version=&#8220;4.16&#8243; custom_margin=&#8220;||0px|&#8220; global_colors_info=&#8220;{}&#8220;][\/et_pb_image][\/et_pb_column][\/et_pb_row][et_pb_row column_structure=&#8220;2_3,1_3&#8243; _builder_version=&#8220;4.16&#8243; global_colors_info=&#8220;{}&#8220;][et_pb_column type=&#8220;2_3&#8243; _builder_version=&#8220;4.16&#8243; background_position=&#8220;top_left&#8220; custom_padding=&#8220;0px|0px|0px|0px&#8220; global_colors_info=&#8220;{}&#8220; custom_padding__hover=&#8220;|||&#8220;][et_pb_text admin_label=&#8220;Text Abstandshalter&#8220; _builder_version=&#8220;4.16&#8243; custom_margin=&#8220;0px|0px|0px|0px&#8220; custom_padding=&#8220;0px|0px|0px|0px&#8220; global_colors_info=&#8220;{}&#8220;]<span style=\"color: #ffffff;\">:<\/span><br \/>\n<span style=\"color: #ffffff;\">:<\/span><br \/>\n[\/et_pb_text][et_pb_text admin_label=&#8220;Text \u00dcberschrift Unternehmen und Finanzamt&#8220; _builder_version=&#8220;4.16&#8243; global_colors_info=&#8220;{}&#8220;]<\/p>\n<h3>Unternehmen und Finanzamt<\/h3>\n<p>[\/et_pb_text][et_pb_text admin_label=&#8220;Text Unternehmen und Finanzamt&#8220; _builder_version=&#8220;4.16&#8243; global_colors_info=&#8220;{}&#8220;]<\/p>\n<p class=\"bodytext\">Willkommen im\u00a0<b>Kreis der Grenzg\u00e4nger<\/b>\u00a0und damit willkommen im\u00a0<b>internationalen Steuerrecht<\/b>.<\/p>\n<p>Wer sich entscheidet, Gesch\u00e4fte in Luxemburg zu machen oder gar dort eine Niederlassung zu gr\u00fcnden,<br \/>\nhat selbstverst\u00e4ndlich auch einen\u00a0<b>h\u00f6heren Beratungsaufwand<\/b>\u00a0und logischerweise auch\u00a0<b>h\u00f6here Beratungskosten<\/b>.<\/p>\n<p>Es sollte daher vor dem Schritt eine\u00a0<b>Kostenrechnung\u00a0<\/b>aufgestellt werden, ob sich der Aufwand auch lohnt.<br \/>\nJe nach Branche sind die damit verbundenen Kosten gar nicht so schnell reinzuholen.<br \/>\nUm dennoch den Mandanten weiter zu begleiten, wird oft zu fragw\u00fcrdigen Beratungsmethoden gegriffen.<br \/>\nEs wird herumgefummelt, um die Beratungskosten gering zu halten. Dies kann allerdings nur gelingen,<br \/>\nin dem wesentliche steuerliche Aspekte untet den Teppich gekehrt werden. Das b\u00f6se Erwachen kommt<br \/>\nerst einige Jahre sp\u00e4ter, wenn das Kind schon in den Brunnen gefallen ist.<\/p>\n<p>Dabei stellt sich schon die grunds\u00e4tzliche Frage, ob der bisherige Berater noch der Richtige ist.<br \/>\n<b>Deutsches Steuerrecht ist sehr anspruchsvoll<\/b>. Nicht jeder Berater ist jedoch auch erfahren<br \/>\nmit ausl\u00e4ndischem Steuerrecht, hier luxemburger Recht. Es ist jedoch noch eine\u00a0<b>dritte Stufe<\/b><br \/>\n&#8218;zu bedenken, n\u00e4mlich die\u00a0<b>Verkn\u00fcpfung der beiden Rechtssysteme<\/b>. Ist der Berater auch darin<br \/>\nerfahren? Wahrscheinlich lautet die Antwort in der \u00fcberwiegenden Zahl der F\u00e4lle schlicht &#8222;Nein&#8220;.<\/p>\n<p>Oft sollte der Berater jedoch im Boot bleiben, denn er kennt die Verh\u00e4ltnisse genau.<br \/>\nEr sollte jedoch so klug sein, seine Grenzen zu erkennen und<b>\u00a0Fachleute einschalten,<br \/>\ndie die neuen Rechtsbereiche abdecken.<br \/>\n<\/b><br \/>\nBei gro\u00dfen Unternehmen ist dies der Normalfall. Bei kleineren Unternehmen ist dies<br \/>\ndie\u00a0<b>absolute Ausnahme<\/b>.<\/p>\n<p>Die Vorf\u00e4lle der Vergangenheit, gemeint sind\u00a0<b>Steuerpr\u00fcfungen verbunden mit hohen Nachzahlungen<\/b>,<br \/>\nsollten doch eine Lehre sein.\u00a0<b>Sollte man meinen &#8230;\u00a0<\/b><br \/>\n[\/et_pb_text][\/et_pb_column][et_pb_column type=&#8220;1_3&#8243; _builder_version=&#8220;4.16&#8243; background_position=&#8220;top_left&#8220; custom_padding=&#8220;0px|0px|0px|&#8220; global_colors_info=&#8220;{}&#8220; custom_padding__hover=&#8220;|||&#8220;][et_pb_text admin_label=&#8220;Text Abstandshalter&#8220; _builder_version=&#8220;4.16&#8243; custom_margin=&#8220;0px|0px|0px|0px&#8220; custom_padding=&#8220;0px|0px|0px|0px&#8220; global_colors_info=&#8220;{}&#8220;]<span style=\"color: #ffffff;\">:<\/span><br \/>\n<span style=\"color: #ffffff;\">:<\/span><br \/>\n[\/et_pb_text][et_pb_image src=&#8220;https:\/\/wonnebauer.de\/site\/wp-content\/uploads\/2018\/06\/Wonnebauer_gebaeude_und_park_IMG_3206.jpg&#8220; align_tablet=&#8220;center&#8220; align_phone=&#8220;center&#8220; align_last_edited=&#8220;on|desktop&#8220; admin_label=&#8220;Bild Wonnebauer_gebaeude_und_park_IMG_3206&#8243; _builder_version=&#8220;4.16&#8243; custom_margin=&#8220;||0px|&#8220; global_colors_info=&#8220;{}&#8220;][\/et_pb_image][\/et_pb_column][\/et_pb_row][et_pb_row column_structure=&#8220;2_3,1_3&#8243; _builder_version=&#8220;4.16&#8243; global_colors_info=&#8220;{}&#8220;][et_pb_column type=&#8220;2_3&#8243; _builder_version=&#8220;4.16&#8243; background_position=&#8220;top_left&#8220; custom_padding=&#8220;0px|0px|0px|0px&#8220; global_colors_info=&#8220;{}&#8220; custom_padding__hover=&#8220;|||&#8220;][et_pb_text admin_label=&#8220;Text Abstandshalter&#8220; _builder_version=&#8220;4.16&#8243; custom_margin=&#8220;0px|0px|0px|0px&#8220; custom_padding=&#8220;0px|0px|0px|0px&#8220; global_colors_info=&#8220;{}&#8220;]<span style=\"color: #ffffff;\">:<\/span><br \/>\n<span style=\"color: #ffffff;\">:<\/span><br \/>\n[\/et_pb_text][et_pb_text admin_label=&#8220;Text \u00dcberschrift Steuerliche F\u00f6rderung von Forschung und Entwicklung&#8220; _builder_version=&#8220;4.16&#8243; global_colors_info=&#8220;{}&#8220;]<\/p>\n<h3>Steuerliche F\u00f6rderung von Forschung und Entwicklung<\/h3>\n<p>[\/et_pb_text][et_pb_text admin_label=&#8220;Text Steuerliche F\u00f6rderung von Forschung und Entwicklung&#8220; _builder_version=&#8220;4.16&#8243; global_colors_info=&#8220;{}&#8220;]<\/p>\n<p class=\"bodytext\">Luxemburg f\u00f6rdert Unternehmen, die<b>\u00a0Urheberrechte<\/b>\u00a0herstellen, z.B. in der\u00a0<b>Softwareerstellung<\/b>.<br \/>\nEin spezielles Gesetz im Einkommensteuergesetz gibt Steuernachl\u00e4sse von 80 Prozent !<\/p>\n<p>\u00c4hnliche Regeln kennt man<b>\u00a0in vielen anderen Staaten<\/b>\u00a0unter den Namen Patent Box oder<br \/>\nInnovation Box oder Knowledge Box &#8211; nicht aber in Deutschland.<\/p>\n<p>Andere Staaten sehen dies allerdings als\u00a0<b>unzul\u00e4ssige staatliche Beihilfe<\/b>\u00a0an,<br \/>\ndie den Wettbewerb verzerrt und zu einem Steuerwettbewerb unter Staaten f\u00fchrt.<br \/>\nDenn es handelt es sich um eine\u00a0<b>Beg\u00fcnstigung<\/b>\u00a0bestimmter Branchen.<br \/>\nInsofern m\u00fcssen die Staaten sehr auf eine Ausgewogenheit der Steuerma\u00dfnahmen achten.<br \/>\nDie F\u00f6rderung soll nicht weiter gehen, als unbedingt f\u00fcr politische Zwecke notwendig.<\/p>\n<p>Von Vorteil ist es, lediglich die\u00a0<b>Entwicklungsabteilung<\/b>\u00a0eines Unternehmens nach Luxemburg zu verlegen.<br \/>\nDie g\u00fcnstige Produktion wird sodann im Extremfall nach Osteuropa oder Asien verlagert.<\/p>\n<p>Der\u00a0<b>Gleichheitsgrundsatz<\/b>\u00a0muss beachtet werden. Dieser Grundsatz gilt sowohl in Luxemburg,<br \/>\nalso auch in Deutschland.<\/p>\n<p>Luxemburg wird also diese F\u00f6rderung so schnell nicht wieder abschaffen,<br \/>\nsolange sogar andere Staaten diese Idee nicht verwerfen, sondern ihre Einf\u00fchrung ebenfalls \u00fcberlegen.<\/p>\n<p><b>Wir beraten zu diesem Thema.<\/b><br \/>\n[\/et_pb_text][\/et_pb_column][et_pb_column type=&#8220;1_3&#8243; _builder_version=&#8220;4.16&#8243; background_position=&#8220;top_left&#8220; custom_padding=&#8220;0px|0px|0px|&#8220; global_colors_info=&#8220;{}&#8220; custom_padding__hover=&#8220;|||&#8220;][et_pb_text admin_label=&#8220;Text Abstandshalter&#8220; _builder_version=&#8220;4.16&#8243; custom_margin=&#8220;0px|0px|0px|0px&#8220; custom_padding=&#8220;0px|0px|0px|0px&#8220; global_colors_info=&#8220;{}&#8220;]<span style=\"color: #ffffff;\">:<\/span><br \/>\n<span style=\"color: #ffffff;\">:<\/span><br \/>\n[\/et_pb_text][et_pb_image src=&#8220;https:\/\/wonnebauer.de\/site\/wp-content\/uploads\/2018\/06\/Wonnebauer_lux_fahne_mit_hand_2131279_640.jpg&#8220; align_tablet=&#8220;center&#8220; align_phone=&#8220;center&#8220; align_last_edited=&#8220;on|desktop&#8220; admin_label=&#8220;Bild Wonnebauer_lux_fahne_mit_hand_2131279_640&#8243; _builder_version=&#8220;4.16&#8243; custom_margin=&#8220;||0px|&#8220; global_colors_info=&#8220;{}&#8220;][\/et_pb_image][\/et_pb_column][\/et_pb_row][et_pb_row column_structure=&#8220;2_3,1_3&#8243; _builder_version=&#8220;4.16&#8243; global_colors_info=&#8220;{}&#8220;][et_pb_column type=&#8220;2_3&#8243; _builder_version=&#8220;4.16&#8243; background_position=&#8220;top_left&#8220; custom_padding=&#8220;0px|0px|0px|0px&#8220; global_colors_info=&#8220;{}&#8220; custom_padding__hover=&#8220;|||&#8220;][et_pb_text admin_label=&#8220;Text Abstandshalter&#8220; _builder_version=&#8220;4.16&#8243; custom_margin=&#8220;0px|0px|0px|0px&#8220; custom_padding=&#8220;0px|0px|0px|0px&#8220; global_colors_info=&#8220;{}&#8220;]<span style=\"color: #ffffff;\">:<\/span><br \/>\n<span style=\"color: #ffffff;\">:<\/span><br \/>\n[\/et_pb_text][et_pb_text admin_label=&#8220;Text \u00dcberschrift Steuerliche F\u00f6rderung in der EU&#8220; _builder_version=&#8220;4.16&#8243; global_colors_info=&#8220;{}&#8220;]<\/p>\n<h3>Steuerliche F\u00f6rderung in der EU<\/h3>\n<p>[\/et_pb_text][et_pb_text admin_label=&#8220;Text Steuerliche F\u00f6rderung in der EU&#8220; _builder_version=&#8220;4.16&#8243; global_colors_info=&#8220;{}&#8220;]<\/p>\n<p class=\"bodytext\">In Europa gilt die\u00a0<b>Niederlassungsfreiheit<\/b>\u00a0und die\u00a0<b>Dienstleistungsfreiheit<\/b>.<\/p>\n<p>Artikel 107 Vertrag \u00fcber die Arbeitsweise der EU besagt, dass die M\u00f6glichkeit zur F\u00f6rderung bestimmter Industriebereiche\u00a0<b>beschr\u00e4nkt<\/b>\u00a0ist.<\/p>\n<p class=\"bodytext\">Derzeit herrscht eine rege Diskussion in Europa,\u00a0<b>welche F\u00f6rderungen zul\u00e4ssig<\/b>sind.<\/p>\n<p class=\"bodytext\">Diese Steuerf\u00f6rderungen werden auch\u00a0<b>Steuerkredite oder Patentbox<\/b>\u00a0genannt.<br \/>\nHierbei stellen sich viele weitere Fragen. Zum Teil werden die Steuerkredite ab einer<br \/>\nbestimmten H\u00f6he gekappt. Andere Staaten sehen eine \u00dcbertragung in das n\u00e4chste Jahr vor,<br \/>\nwenn ein Verbrauch nicht stattgefunden hat.<\/p>\n<p>[\/et_pb_text][\/et_pb_column][et_pb_column type=&#8220;1_3&#8243; _builder_version=&#8220;4.16&#8243; background_position=&#8220;top_left&#8220; custom_padding=&#8220;0px|0px|0px|&#8220; global_colors_info=&#8220;{}&#8220; custom_padding__hover=&#8220;|||&#8220;][et_pb_text admin_label=&#8220;Text Abstandshalter&#8220; _builder_version=&#8220;4.16&#8243; custom_margin=&#8220;0px|0px|0px|0px&#8220; custom_padding=&#8220;0px|0px|0px|0px&#8220; global_colors_info=&#8220;{}&#8220;]<span style=\"color: #ffffff;\">:<\/span><br \/>\n<span style=\"color: #ffffff;\">:<\/span><br \/>\n[\/et_pb_text][et_pb_image src=&#8220;https:\/\/wonnebauer.de\/site\/wp-content\/uploads\/2018\/06\/Wonnebauer_gebaeude_IMG_7985.jpg&#8220; align_tablet=&#8220;center&#8220; align_phone=&#8220;center&#8220; align_last_edited=&#8220;on|desktop&#8220; admin_label=&#8220;Bild Wonnebauer_gebaeude_IMG_7985&#8243; _builder_version=&#8220;4.16&#8243; custom_margin=&#8220;||0px|&#8220; global_colors_info=&#8220;{}&#8220;][\/et_pb_image][\/et_pb_column][\/et_pb_row][et_pb_row column_structure=&#8220;2_3,1_3&#8243; _builder_version=&#8220;4.16&#8243; global_colors_info=&#8220;{}&#8220;][et_pb_column type=&#8220;2_3&#8243; _builder_version=&#8220;4.16&#8243; background_position=&#8220;top_left&#8220; custom_padding=&#8220;0px|0px|0px|0px&#8220; global_colors_info=&#8220;{}&#8220; custom_padding__hover=&#8220;|||&#8220;][et_pb_text admin_label=&#8220;Text Abstandshalter&#8220; _builder_version=&#8220;4.16&#8243; custom_margin=&#8220;0px|0px|0px|0px&#8220; custom_padding=&#8220;0px|0px|0px|0px&#8220; global_colors_info=&#8220;{}&#8220;]<span style=\"color: #ffffff;\">:<\/span><br \/>\n<span style=\"color: #ffffff;\">:<\/span><br \/>\n[\/et_pb_text][et_pb_text admin_label=&#8220;Text \u00dcberschrift Outsourcing und Sitzverlagerung&#8220; _builder_version=&#8220;4.16&#8243; global_colors_info=&#8220;{}&#8220;]<\/p>\n<h3>Outsourcing und Sitzverlagerung<\/h3>\n<p>[\/et_pb_text][et_pb_text admin_label=&#8220;Text Outsourcing und Sitzverlagerung&#8220; _builder_version=&#8220;4.16&#8243; global_colors_info=&#8220;{}&#8220;]<\/p>\n<p class=\"bodytext\">Unternehmer stellen sich oft die Frage, wie man\u00a0<b>Gewinne erh\u00f6hen<\/b>\u00a0und\u00a0<b>Steuern sparen<\/b>\u00a0kann.<br \/>\nDabei\u00a0 kommt ihnen oft der Gedanke einer Sitzverlagerung nach Luxemburg.<\/p>\n<p>Um es auf den Punkt zu bringen: Gerade bei Neugr\u00fcndungen lohnt sich ein Sitz in Luxemburg nicht.<br \/>\nDie\u00a0<b>Fixkosten<\/b>\u00a0(Miete, Mindestlohn, zus\u00e4tzlicher Anfahrtaufwand,h\u00f6herer Beratungsaufwand) sind<br \/>\nf\u00fcr die allermeisten Unternehmen so hoch, dass sie den sonstigen Vorteil gleich wieder nivellieren.<\/p>\n<p>Die\u00a0<b>Beratungskosten sind h\u00f6her<\/b>. Denn hier kann der Wald- und Wiesensteuerberater oder gar<br \/>\ngewerblicher Buchhaltungshelfer nicht mehr weiterhelfen.<\/p>\n<p>Die<b>\u00a0Entwicklungen im internationalen Steuerrecht<\/b>\u00a0gehen ohnehin in die Richtung,<br \/>\ndass der Beratungsaufwand immer gr\u00f6\u00dfer wird. Grund daf\u00fcr sind die sich laufend ver\u00e4ndernden Steuergesetze.<br \/>\nAber auch der\u00a0<b>Dokumentationsaufwand<\/b>\u00a0f\u00fcr die Unternehmen wird immer gr\u00f6\u00dfer.<br \/>\nNur dann erkennt das Finanzamt bestimmte Steuerverh\u00e4ltnisse an.<br \/>\nDas Argument &#8222;das habe ich aber alles nicht gewu\u00dft&#8220; oder &#8222;das hat mir niemand gesagt&#8220;,<br \/>\nwird selbstverst\u00e4ndlich nicht akzeptiert. Auf diesem Niveau k\u00f6nnen die Steuerangelegenheiten<br \/>\neines Unternehmens nicht geregelt werden.<\/p>\n<p>Bei\u00a0<b>mittelst\u00e4ndischen Unternehmen<\/b>\u00a0stellt sich die Frage, inwieweit\u00a0<b>Unternehmensteile<\/b><br \/>\nnach Luxemburg ausgelagert werden k\u00f6nnen. \u00dcblich ist bereits die Verlagerung von Verwaltung und Vertrieb.<\/p>\n<p>Aber auch die\u00a0<b>Entwicklungsabteilungen<\/b>\u00a0sind hierf\u00fcr sehr geeignet. Denn gerade f\u00fcr die<br \/>\nEntwicklung von Software gibt es im luxemburger Steuerrecht besondere Verg\u00fcnstigungen.<\/p>\n<p>Zwischenzeitlich hat aber auch der Fiskus erkannt, dass durch diese Verlagerungen viele<br \/>\nSteuermittel verloren gehen. Daher wird mit Steuervorschriften die Verlagerung erschwert.<\/p>\n<p>Steuerlich problematisch ist n\u00e4mlich, inwieweit die\u00a0<b>verlagerten Unternehmensteile<\/b><br \/>\neigenst\u00e4ndige Betriebsst\u00e4tten darstellen. Nur wenn alle Voraussetzungen erf\u00fcllt sind,<br \/>\nverbleibt das Besteuerungsrecht in Luxemburg. Es ist also eine der vornehmliches Aufgaben<br \/>\nder deutschen Finanzverwaltung, die Sitzverlagerungen genau unter die Lupe zu nehmen.<br \/>\n[\/et_pb_text][\/et_pb_column][et_pb_column type=&#8220;1_3&#8243; _builder_version=&#8220;4.16&#8243; background_position=&#8220;top_left&#8220; custom_padding=&#8220;0px|0px|0px|&#8220; global_colors_info=&#8220;{}&#8220; custom_padding__hover=&#8220;|||&#8220;][et_pb_text admin_label=&#8220;Text Abstandshalter&#8220; _builder_version=&#8220;4.16&#8243; custom_margin=&#8220;0px|0px|0px|0px&#8220; custom_padding=&#8220;0px|0px|0px|0px&#8220; global_colors_info=&#8220;{}&#8220;]<span style=\"color: #ffffff;\">:<\/span><br \/>\n<span style=\"color: #ffffff;\">:<\/span><br \/>\n[\/et_pb_text][et_pb_image src=&#8220;https:\/\/wonnebauer.de\/site\/wp-content\/uploads\/2018\/06\/Wonnebauer_gebaeude_mit_lux_fahnen_und_emblem_P1020315.jpg&#8220; align_tablet=&#8220;center&#8220; align_phone=&#8220;center&#8220; align_last_edited=&#8220;on|desktop&#8220; admin_label=&#8220;Bild Wonnebauer_gebaeude_mit_lux_fahnen_und_emblem_P1020315&#8243; _builder_version=&#8220;4.16&#8243; custom_margin=&#8220;||0px|&#8220; global_colors_info=&#8220;{}&#8220;][\/et_pb_image][\/et_pb_column][\/et_pb_row][et_pb_row column_structure=&#8220;2_3,1_3&#8243; _builder_version=&#8220;4.16&#8243; global_colors_info=&#8220;{}&#8220;][et_pb_column type=&#8220;2_3&#8243; _builder_version=&#8220;4.16&#8243; background_position=&#8220;top_left&#8220; custom_padding=&#8220;0px|0px|0px|0px&#8220; global_colors_info=&#8220;{}&#8220; custom_padding__hover=&#8220;|||&#8220;][et_pb_text admin_label=&#8220;Text Abstandshalter&#8220; _builder_version=&#8220;4.16&#8243; custom_margin=&#8220;0px|0px|0px|0px&#8220; custom_padding=&#8220;0px|0px|0px|0px&#8220; global_colors_info=&#8220;{}&#8220;]<span style=\"color: #ffffff;\">:<\/span><br \/>\n<span style=\"color: #ffffff;\">:<\/span><br \/>\n[\/et_pb_text][et_pb_text admin_label=&#8220;Text \u00dcberschrift BEPS &#8211; Was hat die OECD vor?&#8220; _builder_version=&#8220;4.16&#8243; global_colors_info=&#8220;{}&#8220;]<\/p>\n<h3>BEPS &#8211; Was hat die OECD vor?<\/h3>\n<p>[\/et_pb_text][et_pb_text admin_label=&#8220;Text BEPS &#8211; Was hat die OECD vor?&#8220; _builder_version=&#8220;4.16&#8243; global_colors_info=&#8220;{}&#8220;]<\/p>\n<p class=\"bodytext\">Der\u00a0<b>BEPS &#8211; Aktionsplan der OECD<\/b>\u00a0soll\u00a0<b>Steuerverk\u00fcrzung<\/b>\u00a0und\u00a0<b>Steuerhinterziehung<\/b>\u00a0vermeiden.<br \/>\nDie wirtschaftlich relevanten Staaten sprechen sich seit 2013 noch mehr ab, wie sich das internationale<br \/>\nund nationale Steuerrecht in Zukunft weiter entwickeln soll.<\/p>\n<p>34 OECD-Staaten und 8 weitere Nicht-OECD-Staaten haben sich darauf verst\u00e4ndigt,<br \/>\nk\u00fcnftig koordiniert gegen Steuervermeidung von globalen Unternehmen vorzugehen.<\/p>\n<p>Ab dem Jahr 2016 sollen die Vorschriften greifen. Unternehmen haben also nicht mehr viel Zeit,<br \/>\nsich den neuen Regeln anzupassen.<\/p>\n<p>Bereits im\u00a0<b>nationalen Steuerrecht<\/b>\u00a0sollen die Staaten Gesetze einf\u00fchren oder konkretisieren,<br \/>\nwie Partnerstaaten nicht bewu\u00dft im Steueraufkommen gesch\u00e4digt werden sollen.<\/p>\n<p>Auf dieser Basis verpflichten sich die Staaten selbst, bei der Verhandlung zuk\u00fcnftiger<br \/>\nDoppelbesteuerungsabkommen oder sonstiger Steuerabkommen, die vorgenannten Ziele<br \/>\nals Paradigma zu beachten.<\/p>\n<p>Erkl\u00e4rtes Ziel der OECD ist es, dieses Abkommen auch auf NICHT-OECD-Staaten auszudehnen.<br \/>\n[\/et_pb_text][\/et_pb_column][et_pb_column type=&#8220;1_3&#8243; _builder_version=&#8220;4.16&#8243; background_position=&#8220;top_left&#8220; custom_padding=&#8220;0px|0px|0px|&#8220; global_colors_info=&#8220;{}&#8220; custom_padding__hover=&#8220;|||&#8220;][et_pb_text admin_label=&#8220;Text Abstandshalter&#8220; _builder_version=&#8220;4.16&#8243; custom_margin=&#8220;0px|0px|0px|0px&#8220; custom_padding=&#8220;0px|0px|0px|0px&#8220; global_colors_info=&#8220;{}&#8220;]<span style=\"color: #ffffff;\">:<\/span><br \/>\n<span style=\"color: #ffffff;\">:<\/span><br \/>\n[\/et_pb_text][\/et_pb_column][\/et_pb_row][et_pb_row column_structure=&#8220;2_3,1_3&#8243; _builder_version=&#8220;4.16&#8243; global_colors_info=&#8220;{}&#8220;][et_pb_column type=&#8220;2_3&#8243; _builder_version=&#8220;4.16&#8243; background_position=&#8220;top_left&#8220; custom_padding=&#8220;0px|0px|0px|0px&#8220; global_colors_info=&#8220;{}&#8220; custom_padding__hover=&#8220;|||&#8220;][et_pb_text admin_label=&#8220;Text Abstandshalter&#8220; _builder_version=&#8220;4.16&#8243; custom_margin=&#8220;0px|0px|0px|0px&#8220; custom_padding=&#8220;0px|0px|0px|0px&#8220; global_colors_info=&#8220;{}&#8220;]<span style=\"color: #ffffff;\">:<\/span><br \/>\n<span style=\"color: #ffffff;\">:<\/span><br \/>\n[\/et_pb_text][et_pb_text admin_label=&#8220;Text \u00dcberschrift Was bedeutet wirtschaftliche Substanz f\u00fcr deutsche Unternehmen in Luxemburg?&#8220; _builder_version=&#8220;4.16&#8243; global_colors_info=&#8220;{}&#8220;]<\/p>\n<h3>Was bedeutet wirtschaftliche Substanz f\u00fcr deutsche Unternehmen in Luxemburg?<\/h3>\n<p>[\/et_pb_text][et_pb_text admin_label=&#8220;Text Was bedeutet wirtschaftliche Substanz f\u00fcr deutsche Unternehmen in Luxemburg?&#8220; _builder_version=&#8220;4.16&#8243; global_colors_info=&#8220;{}&#8220;]<\/p>\n<p class=\"bodytext\"><b>Koh\u00e4renz<\/b>,\u00a0<b>Transparenz<\/b>\u00a0und\u00a0<b>Substanz<\/b>\u00a0sind die Schlagworte des Actionsplans.<\/p>\n<p>Das Zeitalter von Briefkastenfirmen ist damit vorbei. Es wird nunmehr\u00a0<b>wirtschaftliche Substanz<\/b>\u00a0gefordert.<br \/>\nWas bedeutet das? Eine gesetzliche Definition gibt es jedenfalls nicht. Berater und Finanzverwaltung haben<br \/>\ndaher zun\u00e4chst die M\u00f6glichkeit, auszuprobieren, was es bedeutet.<\/p>\n<p class=\"bodytext\">Das\u00a0<b>BMF<\/b>\u00a0hat jedoch folgende Meinung dazu: Ein ausl\u00e4ndisches Unternehmen muss soviele Aktiva und<br \/>\nPersonal vorhalten, um den Umsatz, den das Unternehmen erzielt, bearbeiten und ausf\u00fchren zu k\u00f6nnen.<br \/>\nFiktionen werden nicht akzeptiert. Es kommt daher auf die Branche an, wie Substanz auszulegen ist.<br \/>\nDer\u00a0<b>Fremdvergleich<\/b>\u00a0wird, als international anerkanntes Verfahren, ebenfalls zur Bewertung herangezogen.<\/p>\n<p>Wieviele Arbeitnehmer ben\u00f6tigt beispielsweise ein Reiseb\u00fcro, um wieviel Umsatz zu erzielen.<br \/>\nSicherlich gibt es bereits Erfahrungswerte und Statistiken, wie dies errechnet wird.<br \/>\nDementsprechend m\u00fcssen dann auch PCs und ein Netzwerk vorhanden sein.<br \/>\nWer also 10 Mitabeiter in Luxemburg besch\u00e4ftigt, sollte daher auch ungef\u00e4hr 10 PCs<br \/>\nund Telefone vorhalten &#8211; sonst spielt die Finanzverwaltung nicht mehr mit.<br \/>\nSelbstredend, dass dort auch ein entsprechend gro\u00dfer Raum, Tische und St\u00fchle vorhanden sein m\u00fcssen.<\/p>\n<p>Auch f\u00fcr die vielen\u00a0<b>B\u00fcroservices in Luxemburg<\/b>\u00a0wird sich die Situation \u00e4ndern.<br \/>\nBei welchem Unternehmen wird die Substanz als ausreichend angesehen,<br \/>\nwenn lediglich ein Spint f\u00fcr ein paar Akten zur Verf\u00fcgung steht?<br \/>\nVorstellbar ist es z.B. f\u00fcr einen selbst\u00e4ndigen Versicherungsvertreter.<br \/>\nProbleme wird es schon geben, wenn Personal vorhanden ist.<\/p>\n<p>Es gibt sogar jetzt schon ausl\u00e4ndische Finanzverwaltungen, die zu anderen Kontinenten fliegen,<br \/>\num zu pr\u00fcfen, ob eine Firma wirklich ein B\u00fcro im Ausland hat.<\/p>\n<p><b>Unternehmen<\/b>\u00a0m\u00fcssen diese\u00a0<b>Entwicklungen<\/b>\u00a0zu Kenntnis nehmen und sich beraten lassen.<br \/>\n[\/et_pb_text][\/et_pb_column][et_pb_column type=&#8220;1_3&#8243; _builder_version=&#8220;4.16&#8243; background_position=&#8220;top_left&#8220; custom_padding=&#8220;0px|0px|0px|&#8220; global_colors_info=&#8220;{}&#8220; custom_padding__hover=&#8220;|||&#8220;][et_pb_text admin_label=&#8220;Text Abstandshalter&#8220; _builder_version=&#8220;4.16&#8243; custom_margin=&#8220;0px|0px|0px|0px&#8220; custom_padding=&#8220;0px|0px|0px|0px&#8220; global_colors_info=&#8220;{}&#8220;]<span style=\"color: #ffffff;\">:<\/span><br \/>\n<span style=\"color: #ffffff;\">:<\/span><br \/>\n[\/et_pb_text][et_pb_image src=&#8220;https:\/\/wonnebauer.de\/site\/wp-content\/uploads\/2018\/06\/Wonnebauer_lux_fahne_emblem_P1020303.jpg&#8220; align_tablet=&#8220;center&#8220; align_phone=&#8220;center&#8220; align_last_edited=&#8220;on|desktop&#8220; admin_label=&#8220;Bild Wonnebauer_lux_fahne_emblem_P1020303&#8243; _builder_version=&#8220;4.16&#8243; custom_margin=&#8220;||0px|&#8220; global_colors_info=&#8220;{}&#8220;][\/et_pb_image][\/et_pb_column][\/et_pb_row][et_pb_row column_structure=&#8220;2_3,1_3&#8243; _builder_version=&#8220;4.16&#8243; global_colors_info=&#8220;{}&#8220;][et_pb_column type=&#8220;2_3&#8243; _builder_version=&#8220;4.16&#8243; background_position=&#8220;top_left&#8220; custom_padding=&#8220;0px|0px|0px|0px&#8220; global_colors_info=&#8220;{}&#8220; custom_padding__hover=&#8220;|||&#8220;][et_pb_text admin_label=&#8220;Text Abstandshalter&#8220; _builder_version=&#8220;4.16&#8243; custom_margin=&#8220;0px|0px|0px|0px&#8220; custom_padding=&#8220;0px|0px|0px|0px&#8220; global_colors_info=&#8220;{}&#8220;]<span style=\"color: #ffffff;\">:<\/span><br \/>\n<span style=\"color: #ffffff;\">:<\/span><br \/>\n[\/et_pb_text][et_pb_text admin_label=&#8220;Text \u00dcberschrift BEPS Projekt und Luxemburg&#8220; _builder_version=&#8220;4.16&#8243; global_colors_info=&#8220;{}&#8220;]<\/p>\n<h3>BEPS Projekt und Luxemburg<\/h3>\n<p>[\/et_pb_text][et_pb_text admin_label=&#8220;Text BEPS Projekt und Luxemburg&#8220; _builder_version=&#8220;4.16&#8243; global_colors_info=&#8220;{}&#8220;]<\/p>\n<p class=\"bodytext\">Im Jahr 2013 hat die\u00a0<a class=\"external-link-new-window\" title=\"\u00d6ffnet externen Link in neuem Fenster\" href=\"http:\/\/www.oecd.org\/\"><b>OECD<\/b><\/a>\u00a0den\u00a0<b>BEPS-Aktionsplan<\/b>\u00a0beschlossen.<\/p>\n<p>Die wirtschaftlich relevanten Staaten haben hier beschlossen,<br \/>\n<b>kreative (agressive) Steuerplanung<\/b>\u00a0mit dem Ziel der Gewinnvermeidung oder<br \/>\nGewinnverlagerung in andere Staaten, nicht l\u00e4nger hinzunehmen.<\/p>\n<p>Inbesondere\u00a0<b>k\u00fcnstliche Gestaltungen<\/b>\u00a0von Unternehmensstrukturen, die<br \/>\nnichts anderes bezwecken, als die Steuervermeidung, soll es in Zukunft nicht mehr geben.<\/p>\n<p>Was hat nun\u00a0<b>Luxemburg<\/b>\u00a0damit zu tun? Viele in Luxemburg etablierte und jahrelang tolerierte Formen<br \/>\nfallen darunter.<\/p>\n<p><b>Briefkastenfirmen<\/b>\u00a0oder einfach nur<b>\u00a0leerstehende B\u00fcror\u00e4ume<\/b>, um einen Firmensitz zu begr\u00fcnden,<br \/>\nwerden derzeit noch von vielen &#8222;Beratern&#8220; angepriesen. Diese verdienen wiederum neben den<br \/>\n&#8222;Beratungsgeb\u00fchren&#8220; an den Mieteinnahmen f\u00fcr diese R\u00e4ume.<\/p>\n<p><b>Business-Center<\/b>\u00a0bieten Minib\u00fcror\u00e4ume nebst einer\u00a0<b>Telefonzentrale<\/b>\u00a0und einem\u00a0<b>Konferenzraum<\/b><br \/>\nf\u00fcr alle Mieter an. Zum Teil wird noch nicht einmal ein Raum vermietet, sondern nur ein Spind.<br \/>\nF\u00fcr viel Geld, versteht sich. Diese &#8222;Beratungskultur&#8220; m\u00fc\u00dfte nun eigentlich zittern.<br \/>\nEile scheint den &#8222;Beratern&#8220; aber nicht geboten nach dem Motto:<br \/>\nDer Krug geht so lange zum Brunnen, bis er bricht.<\/p>\n<p>Erschreckend ist jedoch viel mehr, dass viele\u00a0<b>Unternehmer<\/b>\u00a0und<b>\u00a0Steuerberater<\/b><br \/>\ndiese Entwicklungen \u00fcberhaupt nicht wahrnehmen und &#8211; als w\u00e4re die Zeit vor 20 Jahre f\u00fcr sie stehengeblieben &#8211;<br \/>\nnach dem oben genannten Muster sogar noch heutzutage ein Unternehmen in Luxemburg gr\u00fcnden wollen.<\/p>\n<p>Nach deutschen Steuerrecht muss eben neben einer\u00a0<b>Personalfunktion<\/b>\u00a0auch eine\u00a0<b>gewisse Substanz<br \/>\n<\/b>des Unternehmens in Luxemburg vorhanden sein. Viele der Vorgenannten sind dann nach einer<b>\u00a0Betriebspr\u00fcfung<br \/>\n<\/b>v\u00f6llig \u00fcberrascht, dass das Steuermodell &#8222;pl\u00f6tzlich&#8220; nicht funktionieren soll.<\/p>\n<p>Das \u00fcbliche Muster schlechter Berater ist es dann, die Mandanten zu<b>\u00a0sinnlosen<\/b>\u00a0und<b>\u00a0langen<\/b>\u00a0Prozessen<br \/>\nzu \u00fcberreden, um die eigene Beraterunf\u00e4higkeit so lange wie m\u00f6glich verschleiern zu k\u00f6nnen.<br \/>\nDie dadurch zus\u00e4tzlich entstehenden Kosten fressen dann alle vermeindlichen Steuervorteile<br \/>\naus dem Luxemburg-Modell wieder auf.<\/p>\n<p>Besser w\u00e4re es gewesen, sich mit den\u00a0<b>Grunds\u00e4tzen im internationalen Steuerrecht<\/b>\u00a0zu besch\u00e4ftigen.<br \/>\nDas ist nat\u00fcrlich mit viel Arbeit verbunden, zumal dieses Wissen weder kostenlos oder gar billig, noch<br \/>\num die Ecke zu erwerben ist. Der Schritt nach Luxemburg muss daher wohl geplant werden.<br \/>\n[\/et_pb_text][\/et_pb_column][et_pb_column type=&#8220;1_3&#8243; _builder_version=&#8220;4.16&#8243; background_position=&#8220;top_left&#8220; custom_padding=&#8220;0px|0px|0px|&#8220; global_colors_info=&#8220;{}&#8220; custom_padding__hover=&#8220;|||&#8220;][et_pb_text admin_label=&#8220;Text Abstandshalter&#8220; _builder_version=&#8220;4.16&#8243; custom_margin=&#8220;0px|0px|0px|0px&#8220; custom_padding=&#8220;0px|0px|0px|0px&#8220; global_colors_info=&#8220;{}&#8220;]<span style=\"color: #ffffff;\">:<\/span><br \/>\n<span style=\"color: #ffffff;\">:<\/span><br \/>\n[\/et_pb_text][et_pb_image src=&#8220;https:\/\/wonnebauer.de\/site\/wp-content\/uploads\/2018\/06\/Wonnebauer_gold_statue_P1020302.jpg&#8220; align_tablet=&#8220;center&#8220; align_phone=&#8220;center&#8220; align_last_edited=&#8220;on|desktop&#8220; admin_label=&#8220;Bild Wonnebauer_gold_statue_P1020302&#8243; _builder_version=&#8220;4.16&#8243; custom_margin=&#8220;||0px|&#8220; global_colors_info=&#8220;{}&#8220;][\/et_pb_image][\/et_pb_column][\/et_pb_row][et_pb_row column_structure=&#8220;2_3,1_3&#8243; _builder_version=&#8220;4.16&#8243; global_colors_info=&#8220;{}&#8220;][et_pb_column type=&#8220;2_3&#8243; _builder_version=&#8220;4.16&#8243; background_position=&#8220;top_left&#8220; custom_padding=&#8220;0px|0px|0px|0px&#8220; global_colors_info=&#8220;{}&#8220; custom_padding__hover=&#8220;|||&#8220;][et_pb_text admin_label=&#8220;Text Abstandshalter&#8220; _builder_version=&#8220;4.16&#8243; custom_margin=&#8220;0px|0px|0px|0px&#8220; custom_padding=&#8220;0px|0px|0px|0px&#8220; global_colors_info=&#8220;{}&#8220;]<span style=\"color: #ffffff;\">:<\/span><br \/>\n<span style=\"color: #ffffff;\">:<\/span><br \/>\n[\/et_pb_text][et_pb_text admin_label=&#8220;Text \u00dcberschrift \u00dcberarbeitung des OECD-Musterabkommens 2014&#8243; _builder_version=&#8220;4.16&#8243; global_colors_info=&#8220;{}&#8220;]<\/p>\n<h3>\u00dcberarbeitung des OECD-Musterabkommens 2014<\/h3>\n<p>[\/et_pb_text][et_pb_text admin_label=&#8220;Text \u00dcberarbeitung des OECD-Musterabkommens 2014&#8243; _builder_version=&#8220;4.16&#8243; global_colors_info=&#8220;{}&#8220;]<\/p>\n<p class=\"bodytext\">Das<b>\u00a0Musterabkommen der OECD<\/b>\u00a0ist ein Wegweiser f\u00fcr die\u00a0<b>Auslegung<\/b>\u00a0von Doppelbesteuerungsabkommen.<\/p>\n<p>Es ist daher wichtig zu wissen, was dort steht, aber insbesondere auch, was dort nicht geregelt ist.<br \/>\nKennen sollte man es also schon, wenn man im internationalen Steuerrecht unterwegs ist.<\/p>\n<p>Bislang war beispielsweise fraglich, ob<b>\u00a0nach Steuerrecht gemeldete Daten<\/b>\u00a0von den Empf\u00e4ngerstaaten<br \/>\nauch\u00a0<b>f\u00fcr andere Zwecke<\/b>\u00a0genutzt werden k\u00f6nnen. Wenn Luxemburg also Daten nach Deutschland meldet<br \/>\n(Rente, ab 2015 L\u00f6hne) k\u00f6nnen diese auch von anderen Beh\u00f6rden, als den Finanz\u00e4mtern genutzt werden.<\/p>\n<p>F\u00fcr Grenzg\u00e4nger wird dies Bedeutung haben bez\u00fcglich der\u00a0<b>Krankenkassenbeitr\u00e4ge<\/b>\u00a0und der\u00a0<b>Rentenversicherung<\/b>.<\/p>\n<p>Bislang sind die\u00a0<b>deutschen Krankenkassen<\/b>\u00a0wegen der\u00a0<b>Verbeitragung der luxemburgischen Renten<br \/>\n<\/b>\u00a0auf die Initiative der Grenzg\u00e4nger angewiesen &#8211; die jedoch selten ist. Grenzg\u00e4nger m\u00fcssen bei Bezug<br \/>\neiner deutschen und luxemburgischen Rente die luxemburgische Renten in Deutschland verbeitragen.<br \/>\nEs ist also damit zu rechnen, dass es in der Zukunft zu einer\u00a0<b>Art Fahndungsverfahren der Krankenkassen<br \/>\n<\/b>\u00a0kommen wird. Beitr\u00e4ge werden dann\u00a0<b>bis 2011 r\u00fcckwirkend<\/b>\u00a0 verlangt. Man wird sehen, inwieweit die Politik<br \/>\ndies stoppt oder einschr\u00e4nkt, da hier mit finanziellen Katastrophen f\u00fcr Einzelne zu rechnen ist.<\/p>\n<p>Die Tore werden dann auch f\u00fcr\u00a0<b>Ermittlungen der Rentenversicherung<\/b>\u00a0ge\u00f6ffnet. Die Fahndungen der<br \/>\nFinanzverwaltung haben ergeben, dass viele Grenzg\u00e4nger au\u00dferhalb Luxemburg gearbeitet haben.<br \/>\nDies f\u00fchrt schlimmstenfalls dazu, dass Grenzg\u00e4nger r\u00fcckwirkend von luxemburgischen Sozialversicherung<br \/>\nabgemeldet werden. Die Rentenbeitr\u00e4ge werden dann dem deutschen Rentenkonto gutschrieben.<br \/>\nBislang durfte das Finanzamt die Daten nicht an die Rentenversicherung weitergeben.<br \/>\n[\/et_pb_text][\/et_pb_column][et_pb_column type=&#8220;1_3&#8243; _builder_version=&#8220;4.16&#8243; background_position=&#8220;top_left&#8220; custom_padding=&#8220;0px|0px|0px|&#8220; global_colors_info=&#8220;{}&#8220; custom_padding__hover=&#8220;|||&#8220;][et_pb_text admin_label=&#8220;Text Abstandshalter&#8220; _builder_version=&#8220;4.16&#8243; custom_margin=&#8220;0px|0px|0px|0px&#8220; custom_padding=&#8220;0px|0px|0px|0px&#8220; global_colors_info=&#8220;{}&#8220;]<span style=\"color: #ffffff;\">:<\/span><br \/>\n<span style=\"color: #ffffff;\">:<\/span><br \/>\n[\/et_pb_text][\/et_pb_column][\/et_pb_row][et_pb_row column_structure=&#8220;2_3,1_3&#8243; _builder_version=&#8220;4.16&#8243; global_colors_info=&#8220;{}&#8220;][et_pb_column type=&#8220;2_3&#8243; _builder_version=&#8220;4.16&#8243; background_position=&#8220;top_left&#8220; custom_padding=&#8220;0px|0px|0px|0px&#8220; global_colors_info=&#8220;{}&#8220; custom_padding__hover=&#8220;|||&#8220;][et_pb_text admin_label=&#8220;Text Abstandshalter&#8220; _builder_version=&#8220;4.16&#8243; custom_margin=&#8220;0px|0px|0px|0px&#8220; custom_padding=&#8220;0px|0px|0px|0px&#8220; global_colors_info=&#8220;{}&#8220;]<span style=\"color: #ffffff;\">:<\/span><br \/>\n<span style=\"color: #ffffff;\">:<\/span><br \/>\n[\/et_pb_text][et_pb_text admin_label=&#8220;Text \u00dcberschrift Entwicklungen bez\u00fcglich ausl\u00e4ndischer Betriebsst\u00e4tten&#8220; _builder_version=&#8220;4.16&#8243; global_colors_info=&#8220;{}&#8220;]<\/p>\n<h3>Entwicklungen bez\u00fcglich ausl\u00e4ndischer Betriebsst\u00e4tten<\/h3>\n<p>[\/et_pb_text][et_pb_text admin_label=&#8220;Text Entwicklungen bez\u00fcglich ausl\u00e4ndischer Betriebsst\u00e4tten&#8220; _builder_version=&#8220;4.16&#8243; global_colors_info=&#8220;{}&#8220;]<\/p>\n<p class=\"bodytext\"><b>Betriebsst\u00e4tten im Ausland<\/b>\u00a0werden dann von der deutschen Finanzverwaltung angenommen<br \/>\nund akzeptiert, wenn dort\u00a0<b>Personal Funktionen<\/b>\u00a0aus\u00fcbt und andererseits eine\u00a0<b>gewissen Substanz<\/b><br \/>\nvorhanden ist. Nur dann darf der Steuerpflichtige die Gewinne im Ausland versteuern.<br \/>\nWenn dies steuerlich vorteilhaft ist, wird sich der Unternehmer darum bem\u00fchen,<br \/>\nmuss jedoch diese Grunds\u00e4tze beachten und<b>\u00a0beweisen<\/b>.<\/p>\n<p>Was dies im Einzelnen bedeutet, war und ist zum Teil umstritten.<br \/>\nLetztlich kommt es immer auf den Einzelfall an.<br \/>\n<b>Allgemeing\u00fcltige Checklisten gibt es nicht<\/b>.<br \/>\nDie Finanzverwaltung will sich hier nicht festlegen,<br \/>\nweil dies wieder kreativen Beratern Gestaltungsm\u00f6glichkeiten geben w\u00fcrde.<\/p>\n<p>Der\u00a0<b>Beweis<\/b>\u00a0ist von dem Unternehmer zu bringen.<br \/>\nDenn bei\u00a0<b>Auslandssachverhalten<\/b>\u00a0gilt eine\u00a0<b>erh\u00f6hte Mitwirkungspflicht<\/b>.<br \/>\nSchlichtes Behaupten oder das Berufen auf ein schlechtes Ged\u00e4chtnis<br \/>\n(als H\u00f6hepunkt des Nichtwissen wird dann meist die Schuld bei anderen gesucht: Das hat mir niemand gesagt)<br \/>\n&#8211; also das \u00fcbliche Gehabe von Mittelst\u00e4ndlern &#8211; werden also hier nicht weiterhelfen.<\/p>\n<p class=\"bodytext\">Es hilft nichts: Fundierte Steuerrechtskenntnisse sind notwendig.<br \/>\nAuch die Finanzverwaltung wird es dem Unternehmer zugutehalten, wenn er sich professionell beraten l\u00e4\u00dft.<br \/>\nDenn wer schon h\u00f6heren\u00a0<b>Profit mit Auslandsgestaltungen<\/b>\u00a0erzielen will, muss wissen, dass damit auch<b><br \/>\nFolgekosten<\/b>, insbesondere\u00a0<b>h\u00f6herwertige Beratungsleistungen<\/b>\u00a0verbunden sind.<br \/>\nDenn kein Unternehmer st\u00fcrzt sich vern\u00fcnftigerweise unvorbereitet in ein Auslandsabenteuer.<br \/>\nSollte man meinen.<\/p>\n<p>Die Praxis lehrt uns jedoch, dass hier mit\u00a0<b>erh\u00f6hter Naivit\u00e4t<\/b>\u00a0und\u00a0<b>vermeintlicher Bauernschl\u00e4ue<\/b><br \/>\ngenau das Gegenteil getan wurde und wird. Das Problem besteht meist auch noch darin, dass man<br \/>\ndiese alten Strukturen verstecken will, damit es die Finanzverwaltung nicht merkt.<br \/>\nDamit wird die Situation dann auch noch verschlimmbessert.<br \/>\nEin ungewisses Ende des Unternehmens steht dann bevor.<\/p>\n<p>Ein aktuelles\u00a0<b>Beispiel f\u00fcr die Verschlimmbesserung<\/b>\u00a0aus unserer Kanzlei gef\u00e4llig?:<br \/>\nEin bekanntes Bauunternehmen, also kein Kleinkr\u00e4merladen, sendet seine Grenzg\u00e4nger<br \/>\nauf eine deutsche Baustelle f\u00fcr 50 Tage. Es erfolgt eine dementsprechende Meldung an die Soka-Bau.<br \/>\nIn der Bescheinigung f\u00fcr den Mitarbeiter zur Vorlage an das Finanzamt stehen jedoch nur 20 Tage.<br \/>\nDas Unternehmen droht dem Mitarbeiter unverhohlen mit Konsequenzen, wenn er gegen\u00fcber dem<br \/>\nFinanzamt die richtigen 50 Tage angibt. Aus Angst vor der Entlassung und dem Ausscheiden aus dem<br \/>\nluxemburger Rentensystem begeht der Arbeitnehmer dann Steuerbetrug. Bei\u00a0<b>richtiger Steuererkl\u00e4rung<br \/>\n<\/b>h\u00e4tte er in Deutschland sogar weniger Steuern gezahlt, als ihm in Luxemburg zur\u00fcckerstattet worden w\u00e4re.<\/p>\n<p>Unsere Kanzlei hat das\u00a0<b>Mandat gegen\u00fcber dem Arbeitnehmer niedergelegt<\/b>\u00a0und die Steuererkl\u00e4rung<br \/>\nalso nicht eingereicht. Logisch zu erkl\u00e4ren ist das Verhalten des Unternehmens nicht. Hier m\u00fcssen also<br \/>\nandere Leichen im Keller liegen. Und so werden immer weitere Personen in den Schlamassel des<br \/>\nBauunternehmens hineingezogen.<br \/>\n[\/et_pb_text][\/et_pb_column][et_pb_column type=&#8220;1_3&#8243; _builder_version=&#8220;4.16&#8243; background_position=&#8220;top_left&#8220; custom_padding=&#8220;0px|0px|0px|&#8220; global_colors_info=&#8220;{}&#8220; custom_padding__hover=&#8220;|||&#8220;][et_pb_text admin_label=&#8220;Text Abstandshalter&#8220; _builder_version=&#8220;4.16&#8243; custom_margin=&#8220;0px|0px|0px|0px&#8220; custom_padding=&#8220;0px|0px|0px|0px&#8220; global_colors_info=&#8220;{}&#8220;]<span style=\"color: #ffffff;\">:<\/span><br \/>\n<span style=\"color: #ffffff;\">:<\/span><br \/>\n[\/et_pb_text][et_pb_image src=&#8220;https:\/\/wonnebauer.de\/site\/wp-content\/uploads\/2018\/06\/Wonnebauer_gebaeude_lux_fahnen_P1020296.jpg&#8220; align_tablet=&#8220;center&#8220; align_phone=&#8220;center&#8220; align_last_edited=&#8220;on|desktop&#8220; admin_label=&#8220;Bild Wonnebauer_gebaeude_lux_fahnen_P1020296&#8243; _builder_version=&#8220;4.16&#8243; custom_margin=&#8220;||0px|&#8220; global_colors_info=&#8220;{}&#8220;][\/et_pb_image][\/et_pb_column][\/et_pb_row][\/et_pb_section][et_pb_section fb_built=&#8220;1&#8243; _builder_version=&#8220;4.16&#8243; custom_padding=&#8220;0px|0px|0px|0px&#8220; global_colors_info=&#8220;{}&#8220;][et_pb_row _builder_version=&#8220;4.16&#8243; background_size=&#8220;initial&#8220; background_position=&#8220;top_left&#8220; background_repeat=&#8220;repeat&#8220; custom_padding=&#8220;0px|0px|0px|0px&#8220; global_colors_info=&#8220;{}&#8220;][et_pb_column type=&#8220;4_4&#8243; _builder_version=&#8220;4.16&#8243; custom_padding=&#8220;|||&#8220; global_colors_info=&#8220;{}&#8220; custom_padding__hover=&#8220;|||&#8220;][et_pb_text admin_label=&#8220;Text Abstandshalter mit Leerzeilen&#8220; _builder_version=&#8220;4.16&#8243; custom_margin=&#8220;0px|0px|0px|0px&#8220; custom_padding=&#8220;0px|0px|10px|0px&#8220; border_style=&#8220;solid&#8220; global_colors_info=&#8220;{}&#8220;]<span style=\"color: #ffffff;\">:<\/span><br \/>\n<span style=\"color: #ffffff;\">:<\/span><br \/>\n[\/et_pb_text][et_pb_text admin_label=&#8220;Text + Link Impressum Rechtsanwalt Stephan Wonnebauer&#8220; _builder_version=&#8220;4.16&#8243; custom_padding=&#8220;||5px|&#8220; border_style=&#8220;solid&#8220; global_colors_info=&#8220;{}&#8220;]<\/p>\n<p style=\"text-align: center;\"><span class=\"st\">\u00a9Rechtsanwalt Stephan Wonnebauer &#8211; <a href=\"https:\/\/wonnebauer.de\/site\/home\/impressum\/\">Impressum<\/a><br \/>\n<\/span><\/p>\n<p>[\/et_pb_text][\/et_pb_column][\/et_pb_row][\/et_pb_section]<\/p>\n","protected":false},"excerpt":{"rendered":"<p>: : Int. Unternehmensteuerrecht : : : : Betriebsst\u00e4tte in LuxemburgMenschen neigen dazu, sich ihr Leben so gem\u00fctlich wie m\u00f6glich einzurichten. Gerne profitiert man von den g\u00fcnstigen luxemburgischen Vorschriften. Ungerne will man aber von Frankfurt, Hamburg oder M\u00fcnchen wirklich in persona in Luxemburg aufschlagen. Die St\u00e4dte sind interessanter als Luxemburg, au\u00dferdem hat man famili\u00e4re Bande. [&hellip;]<\/p>\n","protected":false},"author":1,"featured_media":0,"parent":967,"menu_order":19,"comment_status":"closed","ping_status":"closed","template":"","meta":{"_et_pb_use_builder":"on","_et_pb_old_content":"","_et_gb_content_width":"","footnotes":""},"class_list":["post-1826","page","type-page","status-publish","hentry"],"_links":{"self":[{"href":"https:\/\/wonnebauer.de\/site\/wp-json\/wp\/v2\/pages\/1826","targetHints":{"allow":["GET"]}}],"collection":[{"href":"https:\/\/wonnebauer.de\/site\/wp-json\/wp\/v2\/pages"}],"about":[{"href":"https:\/\/wonnebauer.de\/site\/wp-json\/wp\/v2\/types\/page"}],"author":[{"embeddable":true,"href":"https:\/\/wonnebauer.de\/site\/wp-json\/wp\/v2\/users\/1"}],"replies":[{"embeddable":true,"href":"https:\/\/wonnebauer.de\/site\/wp-json\/wp\/v2\/comments?post=1826"}],"version-history":[{"count":32,"href":"https:\/\/wonnebauer.de\/site\/wp-json\/wp\/v2\/pages\/1826\/revisions"}],"predecessor-version":[{"id":7100,"href":"https:\/\/wonnebauer.de\/site\/wp-json\/wp\/v2\/pages\/1826\/revisions\/7100"}],"up":[{"embeddable":true,"href":"https:\/\/wonnebauer.de\/site\/wp-json\/wp\/v2\/pages\/967"}],"wp:attachment":[{"href":"https:\/\/wonnebauer.de\/site\/wp-json\/wp\/v2\/media?parent=1826"}],"curies":[{"name":"wp","href":"https:\/\/api.w.org\/{rel}","templated":true}]}}