{"id":1816,"date":"2018-05-27T17:56:49","date_gmt":"2018-05-27T15:56:49","guid":{"rendered":"https:\/\/wonnebauer.de\/site\/?page_id=1816"},"modified":"2026-04-22T09:04:04","modified_gmt":"2026-04-22T07:04:04","slug":"steuernindeutschland","status":"publish","type":"page","link":"https:\/\/wonnebauer.de\/site\/grenzgaenger\/steuernindeutschland\/","title":{"rendered":"Steuern in Deutschland"},"content":{"rendered":"<p>[et_pb_section fb_built=&#8220;1&#8243; admin_label=&#8220;Wilkommen Block 1&#8243; _builder_version=&#8220;4.16&#8243; custom_padding=&#8220;0px|0px|0px|&#8220; global_colors_info=&#8220;{}&#8220;][et_pb_row column_structure=&#8220;1_3,2_3&#8243; _builder_version=&#8220;4.16&#8243; global_colors_info=&#8220;{}&#8220;][et_pb_column type=&#8220;1_3&#8243; _builder_version=&#8220;4.16&#8243; background_position=&#8220;top_left&#8220; custom_padding=&#8220;0px|0px|0px|0px&#8220; global_colors_info=&#8220;{}&#8220; custom_padding__hover=&#8220;|||&#8220;][et_pb_text admin_label=&#8220;Text Abstandshalter&#8220; _builder_version=&#8220;4.16&#8243; custom_margin=&#8220;0px|0px|0px|0px&#8220; custom_padding=&#8220;0px|0px|0px|0px&#8220; global_colors_info=&#8220;{}&#8220;]<\/p>\n<p>\n<span style=\"color: #ffffff;\">:<\/span><br \/><span style=\"color: #ffffff;\">:<\/span><\/p>\n<p>[\/et_pb_text][et_pb_text admin_label=&#8220;Text Steuern in Deutschland&#8220; _builder_version=&#8220;4.16&#8243; global_colors_info=&#8220;{}&#8220;]<\/p>\n<h3><span style=\"color: #91001f;\">Steuern in Deutschland<\/span><\/h3>\n<p>[\/et_pb_text][\/et_pb_column][et_pb_column type=&#8220;2_3&#8243; _builder_version=&#8220;4.16&#8243; background_position=&#8220;top_left&#8220; custom_padding=&#8220;0px|0px|0px|&#8220; global_colors_info=&#8220;{}&#8220; custom_padding__hover=&#8220;|||&#8220;][et_pb_text admin_label=&#8220;Text Abstandshalter&#8220; _builder_version=&#8220;4.16&#8243; custom_margin=&#8220;0px|0px|0px|0px&#8220; custom_padding=&#8220;0px|0px|0px|0px&#8220; global_colors_info=&#8220;{}&#8220;]<\/p>\n<p>\n<span style=\"color: #ffffff;\">:<\/span><br \/><span style=\"color: #ffffff;\">:<\/span><\/p>\n<p>[\/et_pb_text][\/et_pb_column][\/et_pb_row][\/et_pb_section][et_pb_section fb_built=&#8220;1&#8243; admin_label=&#8220;Wilkommen Block 1&#8243; _builder_version=&#8220;4.16&#8243; custom_padding=&#8220;0px|0px|0px|&#8220; global_colors_info=&#8220;{}&#8220;][et_pb_row column_structure=&#8220;2_3,1_3&#8243; _builder_version=&#8220;4.16&#8243; global_colors_info=&#8220;{}&#8220;][et_pb_column type=&#8220;2_3&#8243; _builder_version=&#8220;4.16&#8243; background_position=&#8220;top_left&#8220; custom_padding=&#8220;0px|0px|0px|0px&#8220; global_colors_info=&#8220;{}&#8220; custom_padding__hover=&#8220;|||&#8220;][et_pb_text admin_label=&#8220;Text Abstandshalter&#8220; _builder_version=&#8220;4.16&#8243; custom_margin=&#8220;0px|0px|0px|0px&#8220; custom_padding=&#8220;0px|0px|0px|0px&#8220; global_colors_info=&#8220;{}&#8220;]<\/p>\n<p><span style=\"color: #ffffff;\">:<\/span><br \/><span style=\"color: #ffffff;\">:<\/span><\/p>\n<p>[\/et_pb_text][et_pb_text admin_label=&#8220;\u00dcberschrift Altersvorsorgezulage&#8220; _builder_version=&#8220;4.25.2&#8243; global_colors_info=&#8220;{}&#8220;]<\/p>\n<h3><strong>Altersvorsorgezulage f\u00fcr Grenzg\u00e4nger!\u00a0<\/strong><\/h3>\n<p>[\/et_pb_text][et_pb_text admin_label=&#8220;Text \u00dcberstunden&#8220; _builder_version=&#8220;4.25.2&#8243; hover_enabled=&#8220;0&#8243; global_colors_info=&#8220;{}&#8220; sticky_enabled=&#8220;0&#8243;]<\/p>\n<p>Viele \u00e4ltere Grenzg\u00e4nger haben die sogenannte Riesterrente abgeschlossen, bevor sie nach Luxemburg gewechselt sind. Im Rahmen der deutschen Steuererkl\u00e4rung von Grenzg\u00e4ngern wird die Zulage in der Regel ber\u00fccksichtigt und beeinflusst die Steuerberechnung. In vielen F\u00e4llen wird die Zulage jedoch nicht gew\u00e4hrt \u2013 mit dem Hinweis, man sei Grenzg\u00e4nger. Grund daf\u00fcr ist h\u00e4ufig die Meldung des Versicherers.<\/p>\n<p>Bei vielen Versicherungen ist im Datensatz jedoch nicht hinterlegt, wann der Riestervertrag abgeschlossen wurde. F\u00fcr Grenzg\u00e4nger wurde eine Ausnahme geschaffen.<br \/>Grenzg\u00e4nger k\u00f6nnen demnach unter bestimmten Voraussetzungen weiterhin eine Zulage erhalten. Sie m\u00fcssen unbeschr\u00e4nkt einkommensteuerpflichtig sein, das hei\u00dft, sie m\u00fcssen in Deutschland wohnen. Zudem m\u00fcssen sie Mitglied in einem ausl\u00e4ndischen gesetzlichen Rentensystem sein, was bei Grenzg\u00e4ngern in der Regel zutrifft. Au\u00dferdem muss der Status als Grenzg\u00e4nger bereits vor dem 01.01.2010 bestanden haben. Auch der Riestervertrag muss vor diesem Datum abgeschlossen worden sein.<\/p>\n<p>Offensichtlich ist diese Rechtslage den meisten Versicherungen nicht bekannt. Denn diese lehnen grunds\u00e4tzlich ohne weitere Nachpr\u00fcfung die Zulage bei Grenzg\u00e4ngern ab. Die vorgenannten Grunds\u00e4tze waren schon im Jahr 2009 in einem Schreiben des Bundesfinanzministeriums gekl\u00e4rt worden. Aufgrund der H\u00e4ufigkeit dieser Vorf\u00e4lle und den daraus entstehenden Steuerschaden sollen die Grenzg\u00e4nger an dieser Stelle noch einmal hier\u00fcber informiert werden. <\/p>\n<p>[\/et_pb_text][et_pb_text admin_label=&#8220;Text Abstandshalter&#8220; _builder_version=&#8220;4.16&#8243; custom_margin=&#8220;0px|0px|0px|0px&#8220; custom_padding=&#8220;0px|0px|0px|0px&#8220; global_colors_info=&#8220;{}&#8220;]<\/p>\n<p><span style=\"color: #ffffff;\">:<\/span><br \/><span style=\"color: #ffffff;\">:<\/span><\/p>\n<p>[\/et_pb_text][\/et_pb_column][et_pb_column type=&#8220;1_3&#8243; _builder_version=&#8220;4.16&#8243; background_position=&#8220;top_left&#8220; custom_padding=&#8220;0px|0px|0px|&#8220; global_colors_info=&#8220;{}&#8220; custom_padding__hover=&#8220;|||&#8220;][et_pb_image src=&#8220;https:\/\/wonnebauer.de\/site\/wp-content\/uploads\/2023\/08\/income-tax-4097292_1280.jpg&#8220; title_text=&#8220;income-tax-4097292_1280&#8243; align_tablet=&#8220;center&#8220; align_phone=&#8220;&#8220; align_last_edited=&#8220;on|desktop&#8220; admin_label=&#8220;Bild BFH&#8220; _builder_version=&#8220;4.25.2&#8243; global_colors_info=&#8220;{}&#8220;][\/et_pb_image][\/et_pb_column][\/et_pb_row][et_pb_row column_structure=&#8220;2_3,1_3&#8243; _builder_version=&#8220;4.16&#8243; global_colors_info=&#8220;{}&#8220;][et_pb_column type=&#8220;2_3&#8243; _builder_version=&#8220;4.16&#8243; background_position=&#8220;top_left&#8220; custom_padding=&#8220;0px|0px|0px|0px&#8220; global_colors_info=&#8220;{}&#8220; custom_padding__hover=&#8220;|||&#8220;][et_pb_text admin_label=&#8220;Text Abstandshalter&#8220; _builder_version=&#8220;4.16&#8243; custom_margin=&#8220;0px|0px|0px|0px&#8220; custom_padding=&#8220;0px|0px|0px|0px&#8220; global_colors_info=&#8220;{}&#8220;]<\/p>\n<p><span style=\"color: #ffffff;\">:<\/span><br \/><span style=\"color: #ffffff;\">:<\/span><\/p>\n<p>[\/et_pb_text][et_pb_text admin_label=&#8220;\u00dcberschrift \u00dcberstunden &#8220; _builder_version=&#8220;4.25.2&#8243; global_colors_info=&#8220;{}&#8220;]<\/p>\n<h3 class=\"csc-firstHeader\"><strong>Besteuerung der \u00dcberstunden!\u00a0<\/strong><\/h3>\n<p>[\/et_pb_text][et_pb_text admin_label=&#8220;Text \u00dcberstunden&#8220; _builder_version=&#8220;4.25.2&#8243; global_colors_info=&#8220;{}&#8220;]<\/p>\n<p>Steuer auf \u00dcberstunden muss nicht gezahlt werden. Die Finanz\u00e4mter in Rheinland-Pfalz haben nun ihre Besteuerungspraxis bez\u00fcglich der \u00dcberstunden vorl\u00e4ufig ge\u00e4ndert. <\/p>\n<p>Nachdem der Bundesfinanzhof im M\u00e4rz 2026 beschlossen hatte, dass Zweifel an der Besteuerung der \u00dcberstunden und Beteiligungspr\u00e4mie bestehen, wurde in einem Verfahren aus dem Saarland die Aussetzung der Vollziehung angeordnet. <br \/>Jetzt werden die Grenzg\u00e4nger durch die Finanz\u00e4mter darauf hingewiesen, dass sie f\u00fcr Einspruchsverfahren bez\u00fcglich \u00dcberstunden der Aussetzung der Vollziehung beantragen k\u00f6nnen, f\u00fcr Veranlagungsjahre bis zum Jahr 2023.<\/p>\n<p>Sollte die Angelegenheit verloren gehen, m\u00fcssten sp\u00e4ter Zinsen gezahlt werden. <\/p>\n<p>Damit haben die Grenzg\u00e4nger somit einen Teilerfolg erzielt. <\/p>\n<p>Mit den abschlie\u00dfenden Urteilen wird im Sommer 2026 gerechnet. <\/p>\n<p>[\/et_pb_text][et_pb_text admin_label=&#8220;Text Abstandshalter&#8220; _builder_version=&#8220;4.16&#8243; custom_margin=&#8220;0px|0px|0px|0px&#8220; custom_padding=&#8220;0px|0px|0px|0px&#8220; global_colors_info=&#8220;{}&#8220;]<\/p>\n<p><span style=\"color: #ffffff;\">:<\/span><br \/><span style=\"color: #ffffff;\">:<\/span><\/p>\n<p>[\/et_pb_text][\/et_pb_column][et_pb_column type=&#8220;1_3&#8243; _builder_version=&#8220;4.16&#8243; background_position=&#8220;top_left&#8220; custom_padding=&#8220;0px|0px|0px|&#8220; global_colors_info=&#8220;{}&#8220; custom_padding__hover=&#8220;|||&#8220;][et_pb_image src=&#8220;https:\/\/wonnebauer.de\/site\/wp-content\/uploads\/2024\/01\/consulting-3031678_1280.jpg&#8220; title_text=&#8220;consulting-3031678_1280&#8243; align_tablet=&#8220;center&#8220; align_phone=&#8220;&#8220; align_last_edited=&#8220;on|desktop&#8220; admin_label=&#8220;Bild BFH&#8220; _builder_version=&#8220;4.25.2&#8243; global_colors_info=&#8220;{}&#8220;][\/et_pb_image][\/et_pb_column][\/et_pb_row][et_pb_row column_structure=&#8220;2_3,1_3&#8243; _builder_version=&#8220;4.16&#8243; global_colors_info=&#8220;{}&#8220;][et_pb_column type=&#8220;2_3&#8243; _builder_version=&#8220;4.16&#8243; background_position=&#8220;top_left&#8220; custom_padding=&#8220;0px|0px|0px|0px&#8220; global_colors_info=&#8220;{}&#8220; custom_padding__hover=&#8220;|||&#8220;][et_pb_text admin_label=&#8220;Text Abstandshalter&#8220; _builder_version=&#8220;4.16&#8243; custom_margin=&#8220;0px|0px|0px|0px&#8220; custom_padding=&#8220;0px|0px|0px|0px&#8220; global_colors_info=&#8220;{}&#8220;]<\/p>\n<p><span style=\"color: #ffffff;\">:<\/span><br \/><span style=\"color: #ffffff;\">:<\/span><\/p>\n<p>[\/et_pb_text][et_pb_text admin_label=&#8220;\u00dcberschrift Neuer Beschluss bez\u00fcglich Beteiligungspr\u00e4mie &#8220; _builder_version=&#8220;4.25.2&#8243; global_colors_info=&#8220;{}&#8220;]<\/p>\n<h3 class=\"csc-firstHeader\"><strong>Neuer Beschluss bez\u00fcglich Beteiligungspr\u00e4mie!\u00a0<\/strong><\/h3>\n<p>[\/et_pb_text][et_pb_text admin_label=&#8220;Text Neuer Beschluss bez\u00fcglich Beteiligungspr\u00e4mie &#8220; _builder_version=&#8220;4.25.2&#8243; global_colors_info=&#8220;{}&#8220;]<\/p>\n<p>Der Bundesfinanzhof hat in einem Beschluss vom 04.03.2026 entschieden, dass es ernstlich zweifelhaft ist, ob der steuerfreie Anteil der Beteiligungspr\u00e4mie in Deutschland steuerpflichtig ist. Vorinstanz war das Finanzgericht Rheinland-Pfalz in einem Eilverfahren wegen Aussetzung der Vollziehung der Steuerzahlung. <\/p>\n<p>Wir hatten vor Kurzem schon \u00fcber einen \u00e4hnlichen Beschluss bez\u00fcglich der \u00dcberstunden berichtet. In dem neuen Beschluss differenziert der BFH sogar danach, zu welchem Zeitpunkt die Beteiligungspr\u00e4mie ausgezahlt wurde. Im konkreten Fall befand sich der Grenzg\u00e4nger in der Pre-Retraite, also im staatlich gef\u00f6rderten Ruhestand.<\/p>\n<p>Der BFH stellt auch in diesem Beschluss auf den Begriff \u201eTeile von Eink\u00fcnften\u201c ab. Das Finanzamt besteuert die Beteiligungspr\u00e4mie, da sie ein Teil der Lohneink\u00fcnfte sei. Nach der gegenteiligen Meinung werden steuerfreie Teile nicht besteuert, wenn schon ein anderer Lohnteil, hier der Grundlohn besteuert wurde. Diese Frage sei bislang h\u00f6chstrichterlich nicht gekl\u00e4rt und umstritten. <\/p>\n<p>Nach Ansicht des BFH ist die Beteiligungspr\u00e4mie in jedem Fall f\u00fcr die aktive T\u00e4tigkeitsphase in Luxemburg zu besteuern und in Deutschland von der Bemessungsgrundlage auszunehmen, also nur unter Progressionsvorbehalt zu ber\u00fccksichtigen. Eine anteilige Ber\u00fccksichtigung bei der deutschen Steuer komme nur in Betracht, wenn auch Arbeitstage in Deutschland aufzuteilen waren. Die Beteiligungspr\u00e4mie ist ein Bestandteil des Lohnes. Wie Boni unterlag auch dieser Anteil schon immer der Aufteilung f\u00fcr den Fall, dass die entsprechenden Bagatellgrenzen \u2013 fr\u00fcher 19 Tage, heute 34 Tage \u2013 \u00fcberschritten worden waren.<\/p>\n<p>Der neue Beschluss ist noch etwas ausf\u00fchrlicher als der Beschluss bez\u00fcglich der \u00dcberstunden und gibt nach meiner Auffassung auch schon ganz gut eine Vorausschau auf die k\u00fcnftigen abschlie\u00dfenden Urteile in den anh\u00e4ngigen Revisionsverfahren.<br \/>Es gibt also Hoffnung f\u00fcr die Grenzg\u00e4nger. Unsere Kanzlei erwartet jetzt ein paar Urteile in dieser Angelegenheit.<\/p>\n<p>[\/et_pb_text][et_pb_text admin_label=&#8220;Text Abstandshalter&#8220; _builder_version=&#8220;4.16&#8243; custom_margin=&#8220;0px|0px|0px|0px&#8220; custom_padding=&#8220;0px|0px|0px|0px&#8220; global_colors_info=&#8220;{}&#8220;]<\/p>\n<p><span style=\"color: #ffffff;\">:<\/span><br \/><span style=\"color: #ffffff;\">:<\/span><\/p>\n<p>[\/et_pb_text][\/et_pb_column][et_pb_column type=&#8220;1_3&#8243; _builder_version=&#8220;4.16&#8243; background_position=&#8220;top_left&#8220; custom_padding=&#8220;0px|0px|0px|&#8220; global_colors_info=&#8220;{}&#8220; custom_padding__hover=&#8220;|||&#8220;][et_pb_image src=&#8220;https:\/\/wonnebauer.de\/site\/wp-content\/uploads\/2023\/11\/teamwork-3213924_1280.jpg&#8220; title_text=&#8220;teamwork-3213924_1280&#8243; align_tablet=&#8220;center&#8220; align_phone=&#8220;&#8220; align_last_edited=&#8220;on|desktop&#8220; admin_label=&#8220;Bild BFH&#8220; _builder_version=&#8220;4.25.2&#8243; global_colors_info=&#8220;{}&#8220;][\/et_pb_image][\/et_pb_column][\/et_pb_row][et_pb_row column_structure=&#8220;2_3,1_3&#8243; _builder_version=&#8220;4.16&#8243; global_colors_info=&#8220;{}&#8220;][et_pb_column type=&#8220;2_3&#8243; _builder_version=&#8220;4.16&#8243; background_position=&#8220;top_left&#8220; custom_padding=&#8220;0px|0px|0px|0px&#8220; global_colors_info=&#8220;{}&#8220; custom_padding__hover=&#8220;|||&#8220;][et_pb_text admin_label=&#8220;Text Abstandshalter&#8220; _builder_version=&#8220;4.16&#8243; custom_margin=&#8220;0px|0px|0px|0px&#8220; custom_padding=&#8220;0px|0px|0px|0px&#8220; global_colors_info=&#8220;{}&#8220;]<\/p>\n<p><span style=\"color: #ffffff;\">:<\/span><br \/><span style=\"color: #ffffff;\">:<\/span><\/p>\n<p>[\/et_pb_text][et_pb_text admin_label=&#8220;\u00dcberschrift Hoffnung f\u00fcr Grenzg\u00e4nger wegen \u00dcberstunden&#8220; _builder_version=&#8220;4.25.2&#8243; global_colors_info=&#8220;{}&#8220;]<\/p>\n<h3 class=\"csc-firstHeader\"><strong>Hoffnung f\u00fcr Grenzg\u00e4nger wegen \u00dcberstunden!<\/strong><\/h3>\n<p>[\/et_pb_text][et_pb_text admin_label=&#8220;Text Hoffnung f\u00fcr Grenzg\u00e4nger wegen \u00dcberstunden &#8220; _builder_version=&#8220;4.25.2&#8243; global_colors_info=&#8220;{}&#8220;]<\/p>\n<p>In einem aktuellen Beschluss des Bundesfinanzhofes (BFH) vom 11.03.2026 erachten die Richter die Besteuerung der \u00dcberstunden durch die deutschen Finanz\u00e4mter als zweifelhaft.<\/p>\n<p>Dem Grenzg\u00e4nger wurden \u00dcberstunden ausgezahlt. Das Finanzamt Merzig hatte diese besteuert. Weder das Finanzamt noch das saarl\u00e4ndische Finanzgericht hatten dem Antrag auf Aussetzung der Vollziehung stattgegeben.<\/p>\n<p>In dem Beschwerdeverfahren beschloss der BFH nun die Aussetzung der Vollziehung. Ist die Rechtslage nicht eindeutig, so ist im summarischen Verfahren nicht abschlie\u00dfend zu entscheiden, sondern im Regelfall die Vollziehung auszusetzen. Der Grenzg\u00e4nger ist also berechtigt, die Zahlung erst einmal zur\u00fcckzuhalten bis zum Abschluss des Hauptverfahrens.<\/p>\n<p>Das Gericht verweist auf bislang ergangene Urteile und Meinungen in der Steuerrechtswissenschaft zu dieser Problematik. In dem Beschluss erkl\u00e4rt der BFH, dass es ernstliche Zweifel g\u00e4be, ob der in Luxemburg steuerfreie Lohnanteil der \u00dcberstunden in Deutschland steuerpflichtig sei. Dies h\u00e4nge von der Rechtsfrage ab, wie der Begriff \u201eTeile von Eink\u00fcnften\u201c auszulegen sei. Diese Frage sei bislang h\u00f6chstrichterlich nicht gekl\u00e4rt und umstritten.<br \/>Wir rechnen mit einer Entscheidung in mehreren Hauptsacheverfahren noch im ersten Halbjahr 2026. <\/p>\n<p>[\/et_pb_text][et_pb_text admin_label=&#8220;Text Abstandshalter&#8220; _builder_version=&#8220;4.16&#8243; custom_margin=&#8220;0px|0px|0px|0px&#8220; custom_padding=&#8220;0px|0px|0px|0px&#8220; global_colors_info=&#8220;{}&#8220;]<\/p>\n<p><span style=\"color: #ffffff;\">:<\/span><br \/><span style=\"color: #ffffff;\">:<\/span><\/p>\n<p>[\/et_pb_text][\/et_pb_column][et_pb_column type=&#8220;1_3&#8243; _builder_version=&#8220;4.16&#8243; background_position=&#8220;top_left&#8220; custom_padding=&#8220;0px|0px|0px|&#8220; global_colors_info=&#8220;{}&#8220; custom_padding__hover=&#8220;|||&#8220;][et_pb_image src=&#8220;https:\/\/wonnebauer.de\/site\/wp-content\/uploads\/2026\/03\/unnamed.jpg&#8220; title_text=&#8220;unnamed&#8220; align_tablet=&#8220;center&#8220; align_phone=&#8220;&#8220; align_last_edited=&#8220;on|desktop&#8220; admin_label=&#8220;Bild BFH&#8220; _builder_version=&#8220;4.25.2&#8243; global_colors_info=&#8220;{}&#8220;][\/et_pb_image][\/et_pb_column][\/et_pb_row][et_pb_row column_structure=&#8220;2_3,1_3&#8243; _builder_version=&#8220;4.16&#8243; global_colors_info=&#8220;{}&#8220;][et_pb_column type=&#8220;2_3&#8243; _builder_version=&#8220;4.16&#8243; background_position=&#8220;top_left&#8220; custom_padding=&#8220;0px|0px|0px|0px&#8220; global_colors_info=&#8220;{}&#8220; custom_padding__hover=&#8220;|||&#8220;][et_pb_text admin_label=&#8220;Text Abstandshalter&#8220; _builder_version=&#8220;4.16&#8243; custom_margin=&#8220;0px|0px|0px|0px&#8220; custom_padding=&#8220;0px|0px|0px|0px&#8220; global_colors_info=&#8220;{}&#8220;]<\/p>\n<p><span style=\"color: #ffffff;\">:<\/span><br \/><span style=\"color: #ffffff;\">:<\/span><\/p>\n<p>[\/et_pb_text][et_pb_text admin_label=&#8220;\u00dcberschrift Gerichtsurteil Beteiligungspr\u00e4mie  &#8220; _builder_version=&#8220;4.25.2&#8243; global_colors_info=&#8220;{}&#8220;]<\/p>\n<h3 class=\"csc-firstHeader\"><strong>Erstes Gerichtsurteil bez\u00fcglich Beteiligungspr\u00e4mie liegt vor!<\/strong><\/h3>\n<p>[\/et_pb_text][et_pb_text admin_label=&#8220;Text Gerichtsurteile Beteiligungspr\u00e4mie&#8220; _builder_version=&#8220;4.25.2&#8243; global_colors_info=&#8220;{}&#8220;]<\/p>\n<p>Die in Luxemburg gezahlte Beteiligungspr\u00e4mie ist zur H\u00e4lfte in Deutschland zu versteuern. Dies hat das Finanzgericht Rheinland-Pfalz jetzt erstmals in seinem Urteil vom 19.11.2025 entschieden, Az. 1 K 1498\/25.<br \/>Luxemburg hatte im Jahr 2021 eine neue Beteiligungspr\u00e4mie eingef\u00fchrt, die von wenigen gro\u00dfen Arbeitgebern gezahlt werden. Bei der Beteiligungspr\u00e4mie handelt es sich nicht wirklich um eine Beteiligung des Arbeitnehmers. Vielmehr gemeint ist eine Art Bonus. 50 Prozent dieses Bonus werden in Luxemburg von der Steuer freigestellt. <\/p>\n<p>Dies hat die deutsche Finanzverwaltung zum Anlass genommen, genau diesen Betrag dann in Deutschland voll zu besteuern. Die Finanzverwaltung beruft sich dabei auf die sogenannte R\u00fcckfallklausel. Danach kann Deutschland Lohnanteile besteuern, wenn sie in Luxemburg von der Steuer freigestellt werden. Es gibt hierzu zwar eine Verst\u00e4ndigungsvereinbarung. Dort ist beispielsweise geregelt, dass Abfindungen oder die Lohnzahlung w\u00e4hrend einer Freistellung nach K\u00fcndigung in Luxemburg versteuert werden. <\/p>\n<p>Von der Beteiligungspr\u00e4mie ist hier jedoch keine Rede. Deutschland hat zum Steuerjahr 2017 eine Vorschrift eingef\u00fchrt, wonach auf steuerbefreite Einkunftsteile die deutsche Steuer erhoben werden kann. Bis dahin hatte die Rechtsprechung entschieden, dass diese Einkunftsteile in Deutschland steuerfrei zu behandeln sind. Fr\u00fcher wurde die Rechtslage so gesehen, dass eine Einkunftsart, wie beispielsweise Lohn, in Deutschland steuerbefreit bleibt, auch wenn Teile davon in Luxemburg als steuerfrei angesehen werden. Die Gesetzes\u00e4nderung in Deutschland hat dann zu einer Besteuerung in Deutschland gef\u00fchrt. <\/p>\n<p>Da diese Rechtsfrage in der Steuerwissenschaft \u00e4u\u00dferst umstritten ist, hat das Finanzgericht die Revision zugelassen. Letztendlich wird also auch hier der Bundesfinanzhof entscheiden. Die Rechtsfrage ist \u00e4hnlich der Verfahren bez\u00fcglich der \u00dcberstundenbesteuerung. Es gibt eine Vielzahl von Grenzg\u00e4ngern, deren Verfahren ruhend gestellt wurde, bis dieser Rechtsstreit entschieden ist. <\/p>\n<p>[\/et_pb_text][et_pb_text admin_label=&#8220;Text Abstandshalter&#8220; _builder_version=&#8220;4.16&#8243; custom_margin=&#8220;0px|0px|0px|0px&#8220; custom_padding=&#8220;0px|0px|0px|0px&#8220; global_colors_info=&#8220;{}&#8220;]<\/p>\n<p><span style=\"color: #ffffff;\">:<\/span><br \/><span style=\"color: #ffffff;\">:<\/span><\/p>\n<p>[\/et_pb_text][\/et_pb_column][et_pb_column type=&#8220;1_3&#8243; _builder_version=&#8220;4.16&#8243; background_position=&#8220;top_left&#8220; custom_padding=&#8220;0px|0px|0px|&#8220; global_colors_info=&#8220;{}&#8220; custom_padding__hover=&#8220;|||&#8220;][et_pb_image src=&#8220;https:\/\/wonnebauer.de\/site\/wp-content\/uploads\/2025\/11\/law-6808677_640.jpg&#8220; title_text=&#8220;law-6808677_640&#8243; align_tablet=&#8220;center&#8220; align_phone=&#8220;&#8220; align_last_edited=&#8220;on|desktop&#8220; admin_label=&#8220;Bild Urteil&#8220; _builder_version=&#8220;4.25.2&#8243; global_colors_info=&#8220;{}&#8220;][\/et_pb_image][\/et_pb_column][\/et_pb_row][et_pb_row column_structure=&#8220;2_3,1_3&#8243; _builder_version=&#8220;4.16&#8243; global_colors_info=&#8220;{}&#8220;][et_pb_column type=&#8220;2_3&#8243; _builder_version=&#8220;4.16&#8243; background_position=&#8220;top_left&#8220; custom_padding=&#8220;0px|0px|0px|0px&#8220; global_colors_info=&#8220;{}&#8220; custom_padding__hover=&#8220;|||&#8220;][et_pb_text admin_label=&#8220;Text Abstandshalter&#8220; _builder_version=&#8220;4.16&#8243; custom_margin=&#8220;0px|0px|0px|0px&#8220; custom_padding=&#8220;0px|0px|0px|0px&#8220; global_colors_info=&#8220;{}&#8220;]<\/p>\n<p><span style=\"color: #ffffff;\">:<\/span><br \/><span style=\"color: #ffffff;\">:<\/span><\/p>\n<p>[\/et_pb_text][et_pb_text admin_label=&#8220;\u00dcberschrift Gerichtsurteile \u00dcberstunden &#8220; _builder_version=&#8220;4.25.2&#8243; global_colors_info=&#8220;{}&#8220;]<\/p>\n<h3 class=\"csc-firstHeader\"><strong>Erste Gerichtsurteile wegen \u00dcberstunden am 21.10.2025 eingegangen!\u00a0<\/strong><\/h3>\n<p>[\/et_pb_text][et_pb_text admin_label=&#8220;Text Gerichtsurteile \u00dcberstunden &#8220; _builder_version=&#8220;4.25.2&#8243; global_colors_info=&#8220;{}&#8220;]<\/p>\n<p>Das Finanzgericht Rheinland Pfalz hat am 01.10.2025 in mehreren Klageverfahren entschieden, dass die \u00dcberstundenbesteuerung rechtm\u00e4\u00dfig ist. Allerdings ist sich das Gericht unsicher. Die Rechtslage ist also noch nicht abschlie\u00dfend gekl\u00e4rt. Die Revision wurde wegen grunds\u00e4tzlicher Bedeutung zugelassen, da bislang keine h\u00f6chstrichterliche Rechtsprechung zu diesem Problem ergangen ist. Bis zur Entscheidung des Bundesfinanzhofes (BFH) k\u00f6nnen also noch ein paar Monate vergehen.<\/p>\n<p>Die Rechtslage bleibt danach weiterhin offen. Die Finanz\u00e4mter werden also weiterhin die \u00dcberstunden besteuern.<\/p>\n<p>Das Finanzgericht f\u00fchrt unter anderem aus, dass es kein R\u00fcckwirkungsverbot sieht. Zwar seien nach der \u00c4nderung des Doppelbesteuerungsabkommens auch Eink\u00fcnfte und nicht blo\u00df Einkunftsteile erfasst. Aufgrund \u00a7 50d Abs. 9 Satz 4 EStG seien nach deutschem Recht jedenfalls auch Einkunftsteile besteuerbar. Das Gericht sieht die \u00dcberstunden als in Luxemburg nicht versteuert an.<\/p>\n<p>Dies ergebe sich aus dem Wortlaut der luxemburgischen Steuerbefreiungsvorschrift. Es fehlt daher einer tats\u00e4chlichen Besteuerung. Der Senat schlie\u00dft sich auch nicht der Kommentarliteratur gegen die Vorschrift des \u00a7 50d Abs. 9 Satz 4 an.<br \/>Der Senat nimmt somit auch hin, dass die nationale Vorschrift des Einkommensteuergesetzes das Doppelbesteuerungsabkommen \u00fcberschreibt, sog. \u201eTreaty Override\u201c. Dass die Finanzbeh\u00f6rde \u00fcber eine l\u00e4ngere Zeitspanne rechtsirrig die \u00dcberstunden nicht besteuert habe, f\u00fchre nicht zu einem Vertrauen des B\u00fcrgers in diese Rechtsanwendung.<\/p>\n<p>Das Finanzamt k\u00f6nne sich in jedem Besteuerungsjahr die Rechtsanwendung neu \u00fcberlegen. Tats\u00e4chlich hatte kein Finanzamt in Deutschland jahrzehntelang die Besteuerung der \u00dcberstunden auf dem Schirm.<br \/>Grenzg\u00e4nger k\u00f6nnen also noch Hoffnung haben, bis der BFH entscheidet. Allerdings ist auch hier immer Vorsicht geboten. Der BFH ist nicht grunds\u00e4tzlich der Retter der Arbeitnehmer.<\/p>\n<p>[\/et_pb_text][et_pb_text admin_label=&#8220;Text Abstandshalter&#8220; _builder_version=&#8220;4.16&#8243; custom_margin=&#8220;0px|0px|0px|0px&#8220; custom_padding=&#8220;0px|0px|0px|0px&#8220; global_colors_info=&#8220;{}&#8220;]<\/p>\n<p><span style=\"color: #ffffff;\">:<\/span><br \/><span style=\"color: #ffffff;\">:<\/span><\/p>\n<p>[\/et_pb_text][\/et_pb_column][et_pb_column type=&#8220;1_3&#8243; _builder_version=&#8220;4.16&#8243; background_position=&#8220;top_left&#8220; custom_padding=&#8220;0px|0px|0px|&#8220; global_colors_info=&#8220;{}&#8220; custom_padding__hover=&#8220;|||&#8220;][et_pb_image src=&#8220;https:\/\/wonnebauer.de\/site\/wp-content\/uploads\/2025\/10\/gavel-8436504_640.jpg&#8220; title_text=&#8220;gavel-8436504_640&#8243; align_tablet=&#8220;center&#8220; align_phone=&#8220;&#8220; align_last_edited=&#8220;on|desktop&#8220; admin_label=&#8220;Bild Urteil&#8220; _builder_version=&#8220;4.25.2&#8243; global_colors_info=&#8220;{}&#8220;][\/et_pb_image][\/et_pb_column][\/et_pb_row][et_pb_row column_structure=&#8220;2_3,1_3&#8243; _builder_version=&#8220;4.16&#8243; global_colors_info=&#8220;{}&#8220;][et_pb_column type=&#8220;2_3&#8243; _builder_version=&#8220;4.16&#8243; background_position=&#8220;top_left&#8220; custom_padding=&#8220;0px|0px|0px|0px&#8220; global_colors_info=&#8220;{}&#8220; custom_padding__hover=&#8220;|||&#8220;][et_pb_text admin_label=&#8220;Text Abstandshalter&#8220; _builder_version=&#8220;4.16&#8243; custom_margin=&#8220;0px|0px|0px|0px&#8220; custom_padding=&#8220;0px|0px|0px|0px&#8220; global_colors_info=&#8220;{}&#8220;]<\/p>\n<p><span style=\"color: #ffffff;\">:<\/span><br \/><span style=\"color: #ffffff;\">:<\/span><\/p>\n<p>[\/et_pb_text][et_pb_text admin_label=&#8220;\u00dcberschrift Thema Kapitalertr\u00e4ge angeben&#8220; _builder_version=&#8220;4.25.2&#8243; global_colors_info=&#8220;{}&#8220;]<\/p>\n<h3 class=\"csc-firstHeader\"><strong>Thema Kapitalertr\u00e4ge angeben<\/strong><\/h3>\n<p>[\/et_pb_text][et_pb_text admin_label=&#8220;Text Thema Kapitalertr\u00e4ge angeben&#8220; _builder_version=&#8220;4.25.2&#8243; global_colors_info=&#8220;{}&#8220;]<\/p>\n<p>Kapitalertr\u00e4ge in der Steuererkl\u00e4rung:<br \/>Die OECD ist die Vereinigung der Regierungen der Industriestaaten. Diese Organisation setzt neben anderem die Richtlinien f\u00fcr die internationale Besteuerung.<br \/>Als Luxemburg-Grenzg\u00e4nger muss man also darauf achten, was dort erarbeitet wird. Die Steuerlandschaft wird sich weiterentwickeln. Schon heute funktionieren die internationalen Meldungen von Kapitalertr\u00e4gen.<br \/>Die Finanz\u00e4mter erhalten Kontoinformationen von China, den Bermudas und nat\u00fcrlich auch von Bankkonten in Luxemburg und Frankreich. Wer also Steuerkl\u00e4rungen abgibt, sollte alle Konten offenlegen, damit ein korrekte Besteuerung erfolgt. Denn es ist peinlich, wenn das Finanzamt den Steuerberater ein paar Jahre sp\u00e4ter auf diese Umst\u00e4nde aufmerksam macht.<br \/>In der Praxis oft problematisch ist, dass die Grenzg\u00e4nger oft nur ungeordnete Unterlagen ihrer ausl\u00e4ndischen Banken haben. Sie legen dem Steuerberater dann manchmal nur Fragmente von Unterlagen vor. Dieser muss dann quasi raten, um was es sich handelt. Auch werden Unterlagen f\u00fcr ein Sparkonto vorgelegt mit l\u00e4cherlich geringen Zinsen. Das Depot mit den Aktiengewinnen wird jedoch vergessen. Da die Steuerberatung Vertrauenssache ist, kommt man sich als Berater dann oftmals verdummt vor. Von solchen Mandanten sollten sich Steuerberater schleunigst trennen. Denn das Finanzamt vertraut auch darauf, dass die Steuerberater ihre Arbeit richtig machen. Darum \u00fcberhaupt gibt es ja diesen Berufsstand.<br \/>Er soll eine professionelle Aufarbeitung der Steuererkl\u00e4rung garantieren. Steuerberater werden also nicht so l\u00e4ssig vorgehen wie die Grenzg\u00e4nger, die ihre Steuererkl\u00e4rungen selbst oder mit Hilfe von Freunden erstellen. Daf\u00fcr haben die Steuermandanten auch mehr Rechtssicherheit und keine schlaflosen N\u00e4chte wegen ihrer steuerlichen Verh\u00e4ltnisse.<\/p>\n<p>[\/et_pb_text][et_pb_text admin_label=&#8220;Text Abstandshalter&#8220; _builder_version=&#8220;4.16&#8243; custom_margin=&#8220;0px|0px|0px|0px&#8220; custom_padding=&#8220;0px|0px|0px|0px&#8220; global_colors_info=&#8220;{}&#8220;]<\/p>\n<p><span style=\"color: #ffffff;\">:<\/span><br \/><span style=\"color: #ffffff;\">:<\/span><\/p>\n<p>[\/et_pb_text][\/et_pb_column][et_pb_column type=&#8220;1_3&#8243; _builder_version=&#8220;4.16&#8243; background_position=&#8220;top_left&#8220; custom_padding=&#8220;0px|0px|0px|&#8220; global_colors_info=&#8220;{}&#8220; custom_padding__hover=&#8220;|||&#8220;][et_pb_image src=&#8220;https:\/\/wonnebauer.de\/site\/wp-content\/uploads\/2025\/10\/gold-1013593_1280.webp&#8220; title_text=&#8220;gold-1013593_1280&#8243; align_tablet=&#8220;center&#8220; align_phone=&#8220;&#8220; align_last_edited=&#8220;on|desktop&#8220; admin_label=&#8220;Bild Gold&#8220; _builder_version=&#8220;4.25.2&#8243; global_colors_info=&#8220;{}&#8220;][\/et_pb_image][\/et_pb_column][\/et_pb_row][et_pb_row column_structure=&#8220;2_3,1_3&#8243; _builder_version=&#8220;4.16&#8243; global_colors_info=&#8220;{}&#8220;][et_pb_column type=&#8220;2_3&#8243; _builder_version=&#8220;4.16&#8243; background_position=&#8220;top_left&#8220; custom_padding=&#8220;0px|0px|0px|0px&#8220; global_colors_info=&#8220;{}&#8220; custom_padding__hover=&#8220;|||&#8220;][et_pb_text admin_label=&#8220;\u00dcberschrift Besteuerung \u00dcberstunden&#8220; _builder_version=&#8220;4.25.2&#8243; global_colors_info=&#8220;{}&#8220;]<\/p>\n<h3 class=\"csc-firstHeader\"><strong>Aktueller Stand zur Besteuerung der \u00dcberstunden<\/strong><\/h3>\n<p>[\/et_pb_text][et_pb_text admin_label=&#8220;Text Besteuerung der \u00dcberstunden &#8220; _builder_version=&#8220;4.25.2&#8243; global_colors_info=&#8220;{}&#8220;]<\/p>\n<p>Seit 2024 besteuern die deutschen Finanzbeh\u00f6rden die in Luxemburg geleisteten \u00dcberstunden der Grenzg\u00e4nger. Begr\u00fcndet wird dies mit der R\u00fcckfallklausel. <br \/>Weil die \u00dcberstunden in Luxemburg g\u00e4nzlich steuerfrei seien, sei eine Besteuerung in Deutschland m\u00f6glich. Gemeint sind der Grundlohn f\u00fcr die \u00dcberstunden und der Zuschlag in H\u00f6he von 40 %. Eine Besteuerung kommt somit nicht in Betracht, wenn die Grenzg\u00e4nger die \u00dcberstunden als Freizeit abfeiern. <\/p>\n<p>Derzeit sind beim Finanzgericht Rheinland-Pfalz 3 Klagen diesbez\u00fcglich anh\u00e4ngig. Sie betreffen die Jahre 2023 und fr\u00fchere Jahre. Im Wesentlichen wird die Klage begr\u00fcndet mit dem R\u00fcckwirkungsverbot. Das Finanzamt weist diese Begr\u00fcndung zur\u00fcck, weil das Gesetz schon immer so gelautet h\u00e4tte. Man h\u00e4tte es also schon fr\u00fcher anwenden k\u00f6nnen. Das Finanzamt verschweigt in seiner Argumentation, dass es praktisch keine Anwendungsf\u00e4lle gab. In der Praxis war man sich dar\u00fcber einig, dass als besteuert auch Lohnbestandteile gelten, f\u00fcr die es Steuerbefreiungsvorschriften gibt. <\/p>\n<p>Der Stein kam ins Rollen durch die neue Konsultationsvereinbarung, in welcher explizit vereinbart wurde, dass \u00dcberstunden als nicht besteuert gelten. Das R\u00fcckwirkungsverbot wird in der Wissenschaft jedoch auch im Verwaltungshandeln gesehen. Wenn 30 Jahre lang die \u00dcberstunden nicht besteuert wurden, w\u00fcrde auch ein r\u00fcckwirkendes Verwaltungshandeln gegen das R\u00fcckwirkungsverbot versto\u00dfen. <br \/>Im Saarland bringt man die Verfahren meistens zum Ruhen, weil man die Entscheidungen des Finanzgerichts Rheinland-Pfalz abwarten will. <\/p>\n<p>Allerdings hat unsere Kanzlei darauf gedr\u00e4ngt, dass auch hier Einspruchsentscheidungen erlassen werden, damit auch im Saarland hier\u00fcber entschieden wird. Es kommt im Steuerrecht oft vor, dass es in den Bundesl\u00e4ndern unterschiedliche Ergebnisse gibt. <\/p>\n<p>Wie der Fall auch ausgeht, er wird garantiert vor dem BFH landen, da tausende von Grenzg\u00e4ngern von der Problematik betroffen sind.<\/p>\n<p>&nbsp;<\/p>\n<p>[\/et_pb_text][\/et_pb_column][et_pb_column type=&#8220;1_3&#8243; _builder_version=&#8220;4.16&#8243; background_position=&#8220;top_left&#8220; custom_padding=&#8220;0px|0px|0px|&#8220; global_colors_info=&#8220;{}&#8220; custom_padding__hover=&#8220;|||&#8220;][et_pb_image src=&#8220;https:\/\/wonnebauer.de\/site\/wp-content\/uploads\/2025\/06\/stress-2883648_1280.jpg&#8220; title_text=&#8220;stress-2883648_1280&#8243; align_tablet=&#8220;center&#8220; align_phone=&#8220;&#8220; align_last_edited=&#8220;on|desktop&#8220; admin_label=&#8220;Bild \u00dcberstunden &#8220; _builder_version=&#8220;4.25.2&#8243; global_colors_info=&#8220;{}&#8220;][\/et_pb_image][\/et_pb_column][\/et_pb_row][et_pb_row column_structure=&#8220;2_3,1_3&#8243; _builder_version=&#8220;4.16&#8243; global_colors_info=&#8220;{}&#8220;][et_pb_column type=&#8220;2_3&#8243; _builder_version=&#8220;4.16&#8243; background_position=&#8220;top_left&#8220; custom_padding=&#8220;0px|0px|0px|0px&#8220; global_colors_info=&#8220;{}&#8220; custom_padding__hover=&#8220;|||&#8220;][et_pb_text admin_label=&#8220;Text Abstandshalter&#8220; _builder_version=&#8220;4.16&#8243; custom_margin=&#8220;0px|0px|0px|0px&#8220; custom_padding=&#8220;0px|0px|0px|0px&#8220; global_colors_info=&#8220;{}&#8220;]<\/p>\n<p><span style=\"color: #ffffff;\">:<\/span><br \/><span style=\"color: #ffffff;\">:<\/span><\/p>\n<p>[\/et_pb_text][et_pb_text admin_label=&#8220;Text \u00dcberschrift Wir fertigen Steuererkl\u00e4rungen f\u00fcr Grenzg\u00e4nger&#8220; _builder_version=&#8220;4.25.2&#8243; global_colors_info=&#8220;{}&#8220;]<\/p>\n<h3 class=\"csc-firstHeader\"><strong>Wir fertigen Steuererkl\u00e4rungen f\u00fcr Grenzg\u00e4nger<\/strong><\/h3>\n<p>[\/et_pb_text][et_pb_text admin_label=&#8220;Text Wir fertigen Steuererkl\u00e4rungen f\u00fcr Grenzg\u00e4nger&#8220; _builder_version=&#8220;4.16&#8243; global_colors_info=&#8220;{}&#8220;]<\/p>\n<p>\nWir sind auf die Erstellung von\u00a0<b>deutschen und luxemburger Steuererkl\u00e4rungen<br \/>von Luxemburg-Grenzg\u00e4ngern<\/b>\u00a0spezialisiert.<\/p>\n<p>Unsere Mandanten haben meist\u00a0<b>komplexe Ausgangssitutionen<\/b>, die nicht zum Tagesgesch\u00e4ft<br \/>von Steuerberatern geh\u00f6ren und daher nicht mehr beherrscht werden.<\/p>\n<p>Unsere Mandanten stammen nicht blo\u00df aus der Region Trier,\u00a0<b>sondern aus ganz Deutschland<\/b>.<br \/>Wir kennen daher die gesamte Landschaft der Finanz\u00e4mter in Deutschland.<\/p>\n<p>Die Erfahrung zeigt, dass die\u00a0<b>Erstellung beider Erkl\u00e4rungen aus einer Hand<\/b>\u00a0am sinnvollsten ist.<br \/>Nur durch die\u00a0<b>Parallelbearbeitung<\/b>\u00a0werden die beidseits der Grenzen auftretenden Steuerprobleme\u00a0sichtbar.<\/p>\n<p>Dar\u00fcber hinaus\u00a0<b>beraten\u00a0<\/b>wir\u00a0zu allen auf dieser Website aufgef\u00fchrten Themen.<\/p>\n<p>[\/et_pb_text][\/et_pb_column][et_pb_column type=&#8220;1_3&#8243; _builder_version=&#8220;4.16&#8243; background_position=&#8220;top_left&#8220; custom_padding=&#8220;0px|0px|0px|&#8220; global_colors_info=&#8220;{}&#8220; custom_padding__hover=&#8220;|||&#8220;][et_pb_image src=&#8220;https:\/\/wonnebauer.de\/site\/wp-content\/uploads\/2018\/06\/Wonebauer_buecher_dba_IMG_0507.jpg&#8220; title_text=&#8220;Wonebauer_buecher_dba_IMG_0507&#8243; align_tablet=&#8220;center&#8220; align_phone=&#8220;&#8220; align_last_edited=&#8220;on|desktop&#8220; admin_label=&#8220;Bild B\u00fccher&#8220; _builder_version=&#8220;4.16&#8243; global_colors_info=&#8220;{}&#8220;][\/et_pb_image][\/et_pb_column][\/et_pb_row][et_pb_row column_structure=&#8220;2_3,1_3&#8243; _builder_version=&#8220;4.16&#8243; global_colors_info=&#8220;{}&#8220;][et_pb_column type=&#8220;2_3&#8243; _builder_version=&#8220;4.16&#8243; background_position=&#8220;top_left&#8220; custom_padding=&#8220;0px|0px|0px|0px&#8220; global_colors_info=&#8220;{}&#8220; custom_padding__hover=&#8220;|||&#8220;][et_pb_text admin_label=&#8220;Text Abstandshalter&#8220; _builder_version=&#8220;4.16&#8243; custom_margin=&#8220;0px|0px|0px|0px&#8220; custom_padding=&#8220;0px|0px|0px|0px&#8220; global_colors_info=&#8220;{}&#8220;]<\/p>\n<p><span style=\"color: #ffffff;\">:<\/span><br \/><span style=\"color: #ffffff;\">:<\/span><\/p>\n<p>[\/et_pb_text][et_pb_text admin_label=&#8220;\u00dcberschrift: Luxemburger Staatsrenten werden in Deutschland besteuert.&#8220; _builder_version=&#8220;4.25.2&#8243; z_index_tablet=&#8220;500&#8243; text_text_shadow_horizontal_length_tablet=&#8220;0px&#8220; text_text_shadow_vertical_length_tablet=&#8220;0px&#8220; text_text_shadow_blur_strength_tablet=&#8220;1px&#8220; link_text_shadow_horizontal_length_tablet=&#8220;0px&#8220; link_text_shadow_vertical_length_tablet=&#8220;0px&#8220; link_text_shadow_blur_strength_tablet=&#8220;1px&#8220; ul_text_shadow_horizontal_length_tablet=&#8220;0px&#8220; ul_text_shadow_vertical_length_tablet=&#8220;0px&#8220; ul_text_shadow_blur_strength_tablet=&#8220;1px&#8220; ol_text_shadow_horizontal_length_tablet=&#8220;0px&#8220; ol_text_shadow_vertical_length_tablet=&#8220;0px&#8220; ol_text_shadow_blur_strength_tablet=&#8220;1px&#8220; quote_text_shadow_horizontal_length_tablet=&#8220;0px&#8220; quote_text_shadow_vertical_length_tablet=&#8220;0px&#8220; quote_text_shadow_blur_strength_tablet=&#8220;1px&#8220; header_text_shadow_horizontal_length_tablet=&#8220;0px&#8220; header_text_shadow_vertical_length_tablet=&#8220;0px&#8220; header_text_shadow_blur_strength_tablet=&#8220;1px&#8220; header_2_text_shadow_horizontal_length_tablet=&#8220;0px&#8220; header_2_text_shadow_vertical_length_tablet=&#8220;0px&#8220; header_2_text_shadow_blur_strength_tablet=&#8220;1px&#8220; header_3_text_shadow_horizontal_length_tablet=&#8220;0px&#8220; header_3_text_shadow_vertical_length_tablet=&#8220;0px&#8220; header_3_text_shadow_blur_strength_tablet=&#8220;1px&#8220; header_4_text_shadow_horizontal_length_tablet=&#8220;0px&#8220; header_4_text_shadow_vertical_length_tablet=&#8220;0px&#8220; header_4_text_shadow_blur_strength_tablet=&#8220;1px&#8220; header_5_text_shadow_horizontal_length_tablet=&#8220;0px&#8220; header_5_text_shadow_vertical_length_tablet=&#8220;0px&#8220; header_5_text_shadow_blur_strength_tablet=&#8220;1px&#8220; header_6_text_shadow_horizontal_length_tablet=&#8220;0px&#8220; header_6_text_shadow_vertical_length_tablet=&#8220;0px&#8220; header_6_text_shadow_blur_strength_tablet=&#8220;1px&#8220; box_shadow_horizontal_tablet=&#8220;0px&#8220; box_shadow_vertical_tablet=&#8220;0px&#8220; box_shadow_blur_tablet=&#8220;40px&#8220; box_shadow_spread_tablet=&#8220;0px&#8220; global_colors_info=&#8220;{}&#8220;]<\/p>\n<h3><strong>Luxemburger Staatsrenten werden in Deutschland besteuert<\/strong><\/h3>\n<p>[\/et_pb_text][et_pb_text admin_label=&#8220;Text: Luxemburger Staatsrenten werden in Deutschland besteuert.&#8220; _builder_version=&#8220;4.25.2&#8243; z_index_tablet=&#8220;500&#8243; text_text_shadow_horizontal_length_tablet=&#8220;0px&#8220; text_text_shadow_vertical_length_tablet=&#8220;0px&#8220; text_text_shadow_blur_strength_tablet=&#8220;1px&#8220; link_text_shadow_horizontal_length_tablet=&#8220;0px&#8220; link_text_shadow_vertical_length_tablet=&#8220;0px&#8220; link_text_shadow_blur_strength_tablet=&#8220;1px&#8220; ul_text_shadow_horizontal_length_tablet=&#8220;0px&#8220; ul_text_shadow_vertical_length_tablet=&#8220;0px&#8220; ul_text_shadow_blur_strength_tablet=&#8220;1px&#8220; ol_text_shadow_horizontal_length_tablet=&#8220;0px&#8220; ol_text_shadow_vertical_length_tablet=&#8220;0px&#8220; ol_text_shadow_blur_strength_tablet=&#8220;1px&#8220; quote_text_shadow_horizontal_length_tablet=&#8220;0px&#8220; quote_text_shadow_vertical_length_tablet=&#8220;0px&#8220; quote_text_shadow_blur_strength_tablet=&#8220;1px&#8220; header_text_shadow_horizontal_length_tablet=&#8220;0px&#8220; header_text_shadow_vertical_length_tablet=&#8220;0px&#8220; header_text_shadow_blur_strength_tablet=&#8220;1px&#8220; header_2_text_shadow_horizontal_length_tablet=&#8220;0px&#8220; header_2_text_shadow_vertical_length_tablet=&#8220;0px&#8220; header_2_text_shadow_blur_strength_tablet=&#8220;1px&#8220; header_3_text_shadow_horizontal_length_tablet=&#8220;0px&#8220; header_3_text_shadow_vertical_length_tablet=&#8220;0px&#8220; header_3_text_shadow_blur_strength_tablet=&#8220;1px&#8220; header_4_text_shadow_horizontal_length_tablet=&#8220;0px&#8220; header_4_text_shadow_vertical_length_tablet=&#8220;0px&#8220; header_4_text_shadow_blur_strength_tablet=&#8220;1px&#8220; header_5_text_shadow_horizontal_length_tablet=&#8220;0px&#8220; header_5_text_shadow_vertical_length_tablet=&#8220;0px&#8220; header_5_text_shadow_blur_strength_tablet=&#8220;1px&#8220; header_6_text_shadow_horizontal_length_tablet=&#8220;0px&#8220; header_6_text_shadow_vertical_length_tablet=&#8220;0px&#8220; header_6_text_shadow_blur_strength_tablet=&#8220;1px&#8220; box_shadow_horizontal_tablet=&#8220;0px&#8220; box_shadow_vertical_tablet=&#8220;0px&#8220; box_shadow_blur_tablet=&#8220;40px&#8220; box_shadow_spread_tablet=&#8220;0px&#8220; global_colors_info=&#8220;{}&#8220;]<\/p>\n<p>Das Steuerrecht f\u00fcr Grenzg\u00e4nger wird immer differenzierter. Dabei handelt es sich nicht um eine Neuerung. Das Gesetz lautete schon immer so. Allerdings gab es wohl sehr wenige Anwendungsf\u00e4lle, weshalb die Problematik jahrzehntelang nicht erkannt worden war, weder von den Beratern noch von den Finanz\u00e4mtern. Die Zeit der Arglosigkeit ist aber jetzt auch hier vorbei. Auch der Auszahlungsstelle des luxemburger Staates ist das Problem erst letztes Jahr bewusst geworden. Bis dahin wurde die Steuer einfach einbehalten. Nachdem das Problem publik wurde, werden die Steuern auf diese Renten seit 2025 nicht mehr einbehalten.<\/p>\n<p>Normalerweise lautet der Grundsatz, dass Renten der Grenzg\u00e4nger in Luxemburg besteuert werden. Davon gibt es tats\u00e4chlich Ausnahmen: Mitarbeiter im \u00f6ffentlichen Dienst, die Staatsbeamte sind, m\u00fcssen ihre Renten in Deutschland versteuern. <br \/>Dazu geh\u00f6ren Mitarbeiter des Staates, bestimmter staatlicher Organisationen oder von Kommunen. Das Gesetz bietet noch weitere \u00dcberraschungen. Denn nur Grenzg\u00e4nger mit deutscher Staatsangeh\u00f6rigkeit sind betroffen. Wenn also ein luxemburger Staatsangeh\u00f6riger in Deutschland lebt, verbleibt die Steuerzahlung in Luxemburg. <\/p>\n<p>Die betroffenen Grenzg\u00e4nger befinden sich jetzt in einem Dilemma. Sind sie schon Staatsbeamte, haben sie keine Chance mehr, der Besteuerung in Deutschland zu entgehen. Viele Mitarbeiter befinden sich noch nicht im Beamtenstatus, stehen jedoch kurz davor. F\u00fcr diese gilt es jetzt durchzurechnen, ob sich die Verbesserung im Berufsleben sp\u00e4ter bei der Rente nicht r\u00e4cht. Denn die Steuer in Deutschland ist um ein paar Tausend Euro h\u00f6her. Das k\u00f6nnte f\u00fcr den ein- oder anderen deutschen Grenzg\u00e4nger, der einen Beamtenstatus anstrebt, am Ende zu einem Nullsummenspiel werden. Hier gilt, die steuerliche Situation von einem Spezialisten durchzurechnen zu lassen. <\/p>\n<p>Damit aber nicht genug: In Deutschland ist aktuell noch streitig, ob es sich bei der luxemburger Pension um eine Rente oder eine Pension im deutschen Sinne handelt. Derzeit werden schon die ersten Rechtsstreitigkeiten dazu gef\u00fchrt. Die Pension wird bekannterma\u00dfen zu hundert Prozent besteuert. Die Rente wird je nach Renteneintritt nur anteilig besteuert. Betroffene Grenzg\u00e4nger sollten sich dringend beraten lassen.<\/p>\n<p>&nbsp;<\/p>\n<p>&nbsp;<\/p>\n<p>[\/et_pb_text][\/et_pb_column][et_pb_column type=&#8220;1_3&#8243; _builder_version=&#8220;4.16&#8243; background_position=&#8220;top_left&#8220; custom_padding=&#8220;0px|0px|0px|&#8220; global_colors_info=&#8220;{}&#8220; custom_padding__hover=&#8220;|||&#8220;][et_pb_text admin_label=&#8220;Text Abstandshalter&#8220; _builder_version=&#8220;4.16&#8243; custom_margin=&#8220;0px|0px|49px|0px||&#8220; custom_padding=&#8220;0px|0px|0px|0px&#8220; global_colors_info=&#8220;{}&#8220;]<\/p>\n<p>\n<span style=\"color: #ffffff;\">:<\/span><br \/><span style=\"color: #ffffff;\">:<\/span><\/p>\n<p>[\/et_pb_text][et_pb_image src=&#8220;https:\/\/wonnebauer.de\/site\/wp-content\/uploads\/2023\/03\/bank-gf01a467e4_1920.jpg&#8220; title_text=&#8220;bank-gf01a467e4_1920&#8243; align_tablet=&#8220;center&#8220; align_phone=&#8220;&#8220; align_last_edited=&#8220;on|desktop&#8220; admin_label=&#8220;Mann auf Bank &#8220; _builder_version=&#8220;4.25.2&#8243; min_height=&#8220;113.7px&#8220; custom_margin=&#8220;||78px|||&#8220; z_index_tablet=&#8220;500&#8243; box_shadow_horizontal_tablet=&#8220;0px&#8220; box_shadow_vertical_tablet=&#8220;0px&#8220; box_shadow_blur_tablet=&#8220;40px&#8220; box_shadow_spread_tablet=&#8220;0px&#8220; global_colors_info=&#8220;{}&#8220;][\/et_pb_image][\/et_pb_column][\/et_pb_row][et_pb_row column_structure=&#8220;2_3,1_3&#8243; _builder_version=&#8220;4.16&#8243; global_colors_info=&#8220;{}&#8220;][et_pb_column type=&#8220;2_3&#8243; _builder_version=&#8220;4.16&#8243; background_position=&#8220;top_left&#8220; custom_padding=&#8220;0px|0px|0px|0px&#8220; global_colors_info=&#8220;{}&#8220; custom_padding__hover=&#8220;|||&#8220;][et_pb_text admin_label=&#8220;Text Abstandshalter&#8220; _builder_version=&#8220;4.16&#8243; custom_margin=&#8220;0px|0px|0px|0px&#8220; custom_padding=&#8220;0px|0px|0px|0px&#8220; global_colors_info=&#8220;{}&#8220;]<\/p>\n<p><span style=\"color: #ffffff;\">:<\/span><br \/><span style=\"color: #ffffff;\">:<\/span><\/p>\n<p>[\/et_pb_text][et_pb_text admin_label=&#8220;\u00dcberschrift: Beteilungspr\u00e4mie auf dem Pr\u00fcfstand&#8220; _builder_version=&#8220;4.25.2&#8243; z_index_tablet=&#8220;500&#8243; text_text_shadow_horizontal_length_tablet=&#8220;0px&#8220; text_text_shadow_vertical_length_tablet=&#8220;0px&#8220; text_text_shadow_blur_strength_tablet=&#8220;1px&#8220; link_text_shadow_horizontal_length_tablet=&#8220;0px&#8220; link_text_shadow_vertical_length_tablet=&#8220;0px&#8220; link_text_shadow_blur_strength_tablet=&#8220;1px&#8220; ul_text_shadow_horizontal_length_tablet=&#8220;0px&#8220; ul_text_shadow_vertical_length_tablet=&#8220;0px&#8220; ul_text_shadow_blur_strength_tablet=&#8220;1px&#8220; ol_text_shadow_horizontal_length_tablet=&#8220;0px&#8220; ol_text_shadow_vertical_length_tablet=&#8220;0px&#8220; ol_text_shadow_blur_strength_tablet=&#8220;1px&#8220; quote_text_shadow_horizontal_length_tablet=&#8220;0px&#8220; quote_text_shadow_vertical_length_tablet=&#8220;0px&#8220; quote_text_shadow_blur_strength_tablet=&#8220;1px&#8220; header_text_shadow_horizontal_length_tablet=&#8220;0px&#8220; header_text_shadow_vertical_length_tablet=&#8220;0px&#8220; header_text_shadow_blur_strength_tablet=&#8220;1px&#8220; header_2_text_shadow_horizontal_length_tablet=&#8220;0px&#8220; header_2_text_shadow_vertical_length_tablet=&#8220;0px&#8220; header_2_text_shadow_blur_strength_tablet=&#8220;1px&#8220; header_3_text_shadow_horizontal_length_tablet=&#8220;0px&#8220; header_3_text_shadow_vertical_length_tablet=&#8220;0px&#8220; header_3_text_shadow_blur_strength_tablet=&#8220;1px&#8220; header_4_text_shadow_horizontal_length_tablet=&#8220;0px&#8220; header_4_text_shadow_vertical_length_tablet=&#8220;0px&#8220; header_4_text_shadow_blur_strength_tablet=&#8220;1px&#8220; header_5_text_shadow_horizontal_length_tablet=&#8220;0px&#8220; header_5_text_shadow_vertical_length_tablet=&#8220;0px&#8220; header_5_text_shadow_blur_strength_tablet=&#8220;1px&#8220; header_6_text_shadow_horizontal_length_tablet=&#8220;0px&#8220; header_6_text_shadow_vertical_length_tablet=&#8220;0px&#8220; header_6_text_shadow_blur_strength_tablet=&#8220;1px&#8220; box_shadow_horizontal_tablet=&#8220;0px&#8220; box_shadow_vertical_tablet=&#8220;0px&#8220; box_shadow_blur_tablet=&#8220;40px&#8220; box_shadow_spread_tablet=&#8220;0px&#8220; global_colors_info=&#8220;{}&#8220;]<\/p>\n<h3><strong>Geht es jetzt auch an die Beteiligungspr\u00e4mie?<br \/><\/strong><\/h3>\n<p>[\/et_pb_text][et_pb_text admin_label=&#8220;Text: Beteilungspr\u00e4mie auf dem Pr\u00fcfstand&#8220; _builder_version=&#8220;4.25.2&#8243; z_index_tablet=&#8220;500&#8243; text_text_shadow_horizontal_length_tablet=&#8220;0px&#8220; text_text_shadow_vertical_length_tablet=&#8220;0px&#8220; text_text_shadow_blur_strength_tablet=&#8220;1px&#8220; link_text_shadow_horizontal_length_tablet=&#8220;0px&#8220; link_text_shadow_vertical_length_tablet=&#8220;0px&#8220; link_text_shadow_blur_strength_tablet=&#8220;1px&#8220; ul_text_shadow_horizontal_length_tablet=&#8220;0px&#8220; ul_text_shadow_vertical_length_tablet=&#8220;0px&#8220; ul_text_shadow_blur_strength_tablet=&#8220;1px&#8220; ol_text_shadow_horizontal_length_tablet=&#8220;0px&#8220; ol_text_shadow_vertical_length_tablet=&#8220;0px&#8220; ol_text_shadow_blur_strength_tablet=&#8220;1px&#8220; quote_text_shadow_horizontal_length_tablet=&#8220;0px&#8220; quote_text_shadow_vertical_length_tablet=&#8220;0px&#8220; quote_text_shadow_blur_strength_tablet=&#8220;1px&#8220; header_text_shadow_horizontal_length_tablet=&#8220;0px&#8220; header_text_shadow_vertical_length_tablet=&#8220;0px&#8220; header_text_shadow_blur_strength_tablet=&#8220;1px&#8220; header_2_text_shadow_horizontal_length_tablet=&#8220;0px&#8220; header_2_text_shadow_vertical_length_tablet=&#8220;0px&#8220; header_2_text_shadow_blur_strength_tablet=&#8220;1px&#8220; header_3_text_shadow_horizontal_length_tablet=&#8220;0px&#8220; header_3_text_shadow_vertical_length_tablet=&#8220;0px&#8220; header_3_text_shadow_blur_strength_tablet=&#8220;1px&#8220; header_4_text_shadow_horizontal_length_tablet=&#8220;0px&#8220; header_4_text_shadow_vertical_length_tablet=&#8220;0px&#8220; header_4_text_shadow_blur_strength_tablet=&#8220;1px&#8220; header_5_text_shadow_horizontal_length_tablet=&#8220;0px&#8220; header_5_text_shadow_vertical_length_tablet=&#8220;0px&#8220; header_5_text_shadow_blur_strength_tablet=&#8220;1px&#8220; header_6_text_shadow_horizontal_length_tablet=&#8220;0px&#8220; header_6_text_shadow_vertical_length_tablet=&#8220;0px&#8220; header_6_text_shadow_blur_strength_tablet=&#8220;1px&#8220; box_shadow_horizontal_tablet=&#8220;0px&#8220; box_shadow_vertical_tablet=&#8220;0px&#8220; box_shadow_blur_tablet=&#8220;40px&#8220; box_shadow_spread_tablet=&#8220;0px&#8220; global_colors_info=&#8220;{}&#8220;]<\/p>\n<p>&nbsp;<\/p>\n<p>In Luxemburg wurde vor 3 Jahren eine Beteiligungspr\u00e4mie eingef\u00fchrt. Damit sollen zum einen die Mitarbeiter gr\u00f6\u00dferer Unternehmen motiviert werden. Zum anderen ist diese Pr\u00e4mie auch noch zu 50 Prozent nach luxemburgischem Recht steuerfrei.<\/p>\n<p>Derzeit pr\u00fcft das Finanzamt Trier, ob dieser steuerfreie Anteil der Beteiligungspr\u00e4mie in Deutschland versteuert werden kann. Damit folgt das Finanzamt dem Schema der Besteuerung der \u00dcberstunden. Diesbez\u00fcglich hat das Finanzamt schon Besteuerungen f\u00fcr alle offenen F\u00e4lle vorgenommen.<\/p>\n<p>Es gibt noch viele weitere steuerfreie Gehaltsbestandteile in Luxemburg. Es wird also f\u00fcr Grenzg\u00e4nger spannend, inwieweit hierdurch das deutsche Steuerrecht das luxemburgische Steuerrecht untergr\u00e4bt.<\/p>\n<p>Die laufenden Musterprozesse wegen der \u00dcberstunden werden somit auch Antwort geben auf die Taktik der deutschen Finanzbeh\u00f6rden, weitere steuerfreie Gehaltsbestandteile in Zukunft in Deutschland zu besteuern.<\/p>\n<p>Richtig ist aber auch: Manche Unternehmen in Luxemburg \u00fcbertreiben es mit den \u00dcberstunden. Bis zu zwanzig Prozent des Gehaltes als \u00dcberstunden zu zahlen, ist irgendwie auch unrealistisch. Eigentlich sind \u00dcberstunden in Luxemburg gegen\u00fcber der Gewerbeaufsicht zu begr\u00fcnden. Dort scheint man allerdings ganz offensichtlich mit der grenzwertigen Ausnutzung der \u00dcberstunden nicht mehr zurecht zu kommen. W\u00fcrde die Gewerbeaufsicht ihrer eigenen Aufgabe gerecht werden, k\u00f6nnte es so hohe \u00dcberstundenzahlungen gar nicht geben. Wenn die Luxemburger Regierung das aber schleifen l\u00e4sst, schadet sie den Grenzg\u00e4ngern im Allgemeinen. Die Firmen, die sich an die Regeln halten und bis zu 10 Prozent an \u00dcberstunden zahlen, werden jetzt leider durch die vielen schwarzen Schafe unter den Arbeitgebern ebenfalls benachteiligt. Das w\u00e4re das eigentliche Gespr\u00e4chsthema zwischen den Staaten Deutschland und Luxemburg, anstatt die \u00dcberstunden einfach zu besteuern.<\/p>\n<p>&nbsp;<\/p>\n<p>[\/et_pb_text][\/et_pb_column][et_pb_column type=&#8220;1_3&#8243; _builder_version=&#8220;4.16&#8243; background_position=&#8220;top_left&#8220; custom_padding=&#8220;0px|0px|0px|&#8220; global_colors_info=&#8220;{}&#8220; custom_padding__hover=&#8220;|||&#8220;][et_pb_text admin_label=&#8220;Text Abstandshalter&#8220; _builder_version=&#8220;4.16&#8243; custom_margin=&#8220;0px|0px|49px|0px||&#8220; custom_padding=&#8220;0px|0px|0px|0px&#8220; global_colors_info=&#8220;{}&#8220;]<\/p>\n<p>\n<span style=\"color: #ffffff;\">:<\/span><br \/><span style=\"color: #ffffff;\">:<\/span><\/p>\n<p>[\/et_pb_text][et_pb_image src=&#8220;https:\/\/wonnebauer.de\/site\/wp-content\/uploads\/2018\/07\/random_grenzgaenger_03.jpg&#8220; title_text=&#8220;random_grenzgaenger_03&#8243; align_tablet=&#8220;center&#8220; align_phone=&#8220;&#8220; align_last_edited=&#8220;on|desktop&#8220; admin_label=&#8220;Computer Europa &#8220; _builder_version=&#8220;4.25.2&#8243; min_height=&#8220;113.7px&#8220; custom_margin=&#8220;||78px|||&#8220; z_index_tablet=&#8220;500&#8243; box_shadow_horizontal_tablet=&#8220;0px&#8220; box_shadow_vertical_tablet=&#8220;0px&#8220; box_shadow_blur_tablet=&#8220;40px&#8220; box_shadow_spread_tablet=&#8220;0px&#8220; global_colors_info=&#8220;{}&#8220;][\/et_pb_image][\/et_pb_column][\/et_pb_row][et_pb_row column_structure=&#8220;2_3,1_3&#8243; _builder_version=&#8220;4.16&#8243; global_colors_info=&#8220;{}&#8220;][et_pb_column type=&#8220;2_3&#8243; _builder_version=&#8220;4.16&#8243; background_position=&#8220;top_left&#8220; custom_padding=&#8220;0px|0px|0px|0px&#8220; global_colors_info=&#8220;{}&#8220; custom_padding__hover=&#8220;|||&#8220;][et_pb_text admin_label=&#8220;Text Abstandshalter&#8220; _builder_version=&#8220;4.16&#8243; custom_margin=&#8220;0px|0px|0px|0px&#8220; custom_padding=&#8220;0px|0px|0px|0px&#8220; global_colors_info=&#8220;{}&#8220;]<\/p>\n<p><span style=\"color: #ffffff;\">:<\/span><br \/><span style=\"color: #ffffff;\">:<\/span><\/p>\n<p>[\/et_pb_text][et_pb_text admin_label=&#8220;\u00dcberschrift: Aktuelle Entwicklung zu den \u00dcberstunden &#8220; _builder_version=&#8220;4.25.2&#8243; z_index_tablet=&#8220;500&#8243; text_text_shadow_horizontal_length_tablet=&#8220;0px&#8220; text_text_shadow_vertical_length_tablet=&#8220;0px&#8220; text_text_shadow_blur_strength_tablet=&#8220;1px&#8220; link_text_shadow_horizontal_length_tablet=&#8220;0px&#8220; link_text_shadow_vertical_length_tablet=&#8220;0px&#8220; link_text_shadow_blur_strength_tablet=&#8220;1px&#8220; ul_text_shadow_horizontal_length_tablet=&#8220;0px&#8220; ul_text_shadow_vertical_length_tablet=&#8220;0px&#8220; ul_text_shadow_blur_strength_tablet=&#8220;1px&#8220; ol_text_shadow_horizontal_length_tablet=&#8220;0px&#8220; ol_text_shadow_vertical_length_tablet=&#8220;0px&#8220; ol_text_shadow_blur_strength_tablet=&#8220;1px&#8220; quote_text_shadow_horizontal_length_tablet=&#8220;0px&#8220; quote_text_shadow_vertical_length_tablet=&#8220;0px&#8220; quote_text_shadow_blur_strength_tablet=&#8220;1px&#8220; header_text_shadow_horizontal_length_tablet=&#8220;0px&#8220; header_text_shadow_vertical_length_tablet=&#8220;0px&#8220; header_text_shadow_blur_strength_tablet=&#8220;1px&#8220; header_2_text_shadow_horizontal_length_tablet=&#8220;0px&#8220; header_2_text_shadow_vertical_length_tablet=&#8220;0px&#8220; header_2_text_shadow_blur_strength_tablet=&#8220;1px&#8220; header_3_text_shadow_horizontal_length_tablet=&#8220;0px&#8220; header_3_text_shadow_vertical_length_tablet=&#8220;0px&#8220; header_3_text_shadow_blur_strength_tablet=&#8220;1px&#8220; header_4_text_shadow_horizontal_length_tablet=&#8220;0px&#8220; header_4_text_shadow_vertical_length_tablet=&#8220;0px&#8220; header_4_text_shadow_blur_strength_tablet=&#8220;1px&#8220; header_5_text_shadow_horizontal_length_tablet=&#8220;0px&#8220; header_5_text_shadow_vertical_length_tablet=&#8220;0px&#8220; header_5_text_shadow_blur_strength_tablet=&#8220;1px&#8220; header_6_text_shadow_horizontal_length_tablet=&#8220;0px&#8220; header_6_text_shadow_vertical_length_tablet=&#8220;0px&#8220; header_6_text_shadow_blur_strength_tablet=&#8220;1px&#8220; box_shadow_horizontal_tablet=&#8220;0px&#8220; box_shadow_vertical_tablet=&#8220;0px&#8220; box_shadow_blur_tablet=&#8220;40px&#8220; box_shadow_spread_tablet=&#8220;0px&#8220; global_colors_info=&#8220;{}&#8220;]<\/p>\n<h3><strong>Aktuelle Entwicklung zu den \u00dcberstunden<br \/><\/strong><\/h3>\n<p>[\/et_pb_text][et_pb_text admin_label=&#8220;Text: Aktuelle Entwicklung zu  den \u00dcberstunden&#8220; _builder_version=&#8220;4.25.2&#8243; z_index_tablet=&#8220;500&#8243; text_text_shadow_horizontal_length_tablet=&#8220;0px&#8220; text_text_shadow_vertical_length_tablet=&#8220;0px&#8220; text_text_shadow_blur_strength_tablet=&#8220;1px&#8220; link_text_shadow_horizontal_length_tablet=&#8220;0px&#8220; link_text_shadow_vertical_length_tablet=&#8220;0px&#8220; link_text_shadow_blur_strength_tablet=&#8220;1px&#8220; ul_text_shadow_horizontal_length_tablet=&#8220;0px&#8220; ul_text_shadow_vertical_length_tablet=&#8220;0px&#8220; ul_text_shadow_blur_strength_tablet=&#8220;1px&#8220; ol_text_shadow_horizontal_length_tablet=&#8220;0px&#8220; ol_text_shadow_vertical_length_tablet=&#8220;0px&#8220; ol_text_shadow_blur_strength_tablet=&#8220;1px&#8220; quote_text_shadow_horizontal_length_tablet=&#8220;0px&#8220; quote_text_shadow_vertical_length_tablet=&#8220;0px&#8220; quote_text_shadow_blur_strength_tablet=&#8220;1px&#8220; header_text_shadow_horizontal_length_tablet=&#8220;0px&#8220; header_text_shadow_vertical_length_tablet=&#8220;0px&#8220; header_text_shadow_blur_strength_tablet=&#8220;1px&#8220; header_2_text_shadow_horizontal_length_tablet=&#8220;0px&#8220; header_2_text_shadow_vertical_length_tablet=&#8220;0px&#8220; header_2_text_shadow_blur_strength_tablet=&#8220;1px&#8220; header_3_text_shadow_horizontal_length_tablet=&#8220;0px&#8220; header_3_text_shadow_vertical_length_tablet=&#8220;0px&#8220; header_3_text_shadow_blur_strength_tablet=&#8220;1px&#8220; header_4_text_shadow_horizontal_length_tablet=&#8220;0px&#8220; header_4_text_shadow_vertical_length_tablet=&#8220;0px&#8220; header_4_text_shadow_blur_strength_tablet=&#8220;1px&#8220; header_5_text_shadow_horizontal_length_tablet=&#8220;0px&#8220; header_5_text_shadow_vertical_length_tablet=&#8220;0px&#8220; header_5_text_shadow_blur_strength_tablet=&#8220;1px&#8220; header_6_text_shadow_horizontal_length_tablet=&#8220;0px&#8220; header_6_text_shadow_vertical_length_tablet=&#8220;0px&#8220; header_6_text_shadow_blur_strength_tablet=&#8220;1px&#8220; box_shadow_horizontal_tablet=&#8220;0px&#8220; box_shadow_vertical_tablet=&#8220;0px&#8220; box_shadow_blur_tablet=&#8220;40px&#8220; box_shadow_spread_tablet=&#8220;0px&#8220; global_colors_info=&#8220;{}&#8220;]<\/p>\n<p>Das luxemburgische Finanzministerium hat die neue Steuerreform am 22.07.2024 vorgestellt.<\/p>\n<p>Bez\u00fcglich der \u00dcberstunden gibt es dazu interessante Neuigkeiten. Es wird eine Steuergutschrift von bis zu 700,00 Euro eingef\u00fchrt f\u00fcr Grenzg\u00e4nger, die \u00dcberstunden in Deutschland versteuern m\u00fcssen. Die Gutschrift erfolgt im Rahmen der Steuererkl\u00e4rung, wenn nachgewiesen wird, dass man in Deutschland \u00dcberstunden versteuert hat. Das geschieht dann durch Vorlage des Steuerbescheides.<\/p>\n<p>Interessanterweise ergibt sich aus den Motiven f\u00fcr die Einf\u00fchrung der Gutschrift, dass Luxemburg nun davon ausgeht, dass die \u00dcberstunden in Luxemburg besteuert sind.<\/p>\n<p>Dieser neue CIHS = credit imp\u00f4t heures suppl\u00e9mentaires wird wie folgt gewertet:<\/p>\n<p>Bei \u00dcberstunden bis 1.200,00 Euro erfolgt kein CIHS.<\/p>\n<p>Bei \u00dcberstundenauszahlungen zwischen 1.200,00 und 4.000,00 Euro gibt es eine gestaffelte Auszahlung. Diese endet dann jedoch bei 4.000,00 Euro mit maximal 700,00 Euro.<\/p>\n<p>In der Kommentierung zu dem neusten Gesetzesentwurf erkl\u00e4rt das Finanzministerium, dass es davon ausgehe, dass die \u00dcberstunden gesetzlich von der Steuer freigestellt sind. Gem\u00e4\u00df Artikel 115, Nr. 11-1. Damit zieht es eindeutig Position gegen die bisherige Linie. Denn in der Konsultationsvereinbarung vom Januar 2024 hatte Luxemburg noch erkl\u00e4rt, es betrachte die \u00dcberstunden als nicht besteuert.<\/p>\n<p>F\u00fcr den Fall, dass das Land mit dem ein Doppelbesteuerungsabkommen bestehe &#8211; hier also Deutschland \u2013 diese Besteuerung nicht anerkenne, wurde dann der neue Steuerkredit eingef\u00fchrt.<\/p>\n<p>Sollte es tats\u00e4chlich am Ende bei der Besteuerung der \u00dcberstunden in Deutschland bleiben, ist dieser CIHS jedoch ein schwacher Trost. Denn viele Grenzg\u00e4nger werden weitaus mehr als 700,00 Euro Steuerlast zu zahlen haben. Die Weiterentwicklung bei den \u00dcberstunden bleibt abzuwarten. Jedenfalls gibt es jetzt auch schon eine gute Nachricht:<\/p>\n<p>Im Saarland wird den Antr\u00e4gen auf Aussetzung der Vollziehung stattgegeben. Dort ist man sich wohl auch nicht so sicher, ob die neue gesetzliche Anwendung einer gerichtlichen \u00dcberpr\u00fcfung standh\u00e4lt.<\/p>\n<p>In Reinland-Pfalz wird der Aussetzung nicht stattgegeben, weil man ritterlich von der Richtigkeit der Besteuerung der \u00dcberstunden \u00fcberzeugt ist. Man wird diese Diskussion gespannt weiterverfolgen k\u00f6nnen.<\/p>\n<p>[\/et_pb_text][\/et_pb_column][et_pb_column type=&#8220;1_3&#8243; _builder_version=&#8220;4.16&#8243; background_position=&#8220;top_left&#8220; custom_padding=&#8220;0px|0px|0px|&#8220; global_colors_info=&#8220;{}&#8220; custom_padding__hover=&#8220;|||&#8220;][et_pb_text admin_label=&#8220;Text Abstandshalter&#8220; _builder_version=&#8220;4.16&#8243; custom_margin=&#8220;0px|0px|49px|0px||&#8220; custom_padding=&#8220;0px|0px|0px|0px&#8220; global_colors_info=&#8220;{}&#8220;]<\/p>\n<p>\n<span style=\"color: #ffffff;\">:<\/span><br \/><span style=\"color: #ffffff;\">:<\/span><\/p>\n<p>[\/et_pb_text][et_pb_image src=&#8220;https:\/\/wonnebauer.de\/site\/wp-content\/uploads\/2024\/04\/money-5350262_1280.jpg&#8220; title_text=&#8220;money-5350262_1280&#8243; align_tablet=&#8220;center&#8220; align_phone=&#8220;&#8220; align_last_edited=&#8220;on|desktop&#8220; admin_label=&#8220;Computer Europa &#8220; _builder_version=&#8220;4.25.2&#8243; min_height=&#8220;113.7px&#8220; custom_margin=&#8220;||78px|||&#8220; z_index_tablet=&#8220;500&#8243; box_shadow_horizontal_tablet=&#8220;0px&#8220; box_shadow_vertical_tablet=&#8220;0px&#8220; box_shadow_blur_tablet=&#8220;40px&#8220; box_shadow_spread_tablet=&#8220;0px&#8220; global_colors_info=&#8220;{}&#8220;][\/et_pb_image][\/et_pb_column][\/et_pb_row][et_pb_row column_structure=&#8220;2_3,1_3&#8243; _builder_version=&#8220;4.16&#8243; global_colors_info=&#8220;{}&#8220;][et_pb_column type=&#8220;2_3&#8243; _builder_version=&#8220;4.16&#8243; background_position=&#8220;top_left&#8220; custom_padding=&#8220;0px|0px|0px|0px&#8220; global_colors_info=&#8220;{}&#8220; custom_padding__hover=&#8220;|||&#8220;][et_pb_text admin_label=&#8220;Text Abstandshalter&#8220; _builder_version=&#8220;4.16&#8243; custom_margin=&#8220;0px|0px|0px|0px&#8220; custom_padding=&#8220;0px|0px|0px|0px&#8220; global_colors_info=&#8220;{}&#8220;]<\/p>\n<p><span style=\"color: #ffffff;\">:<\/span><br \/><span style=\"color: #ffffff;\">:<\/span><\/p>\n<p>[\/et_pb_text][et_pb_text admin_label=&#8220;\u00dcberschrift: \u00dcberstunden und Abgabe der Steuererkl\u00e4rung &#8220; _builder_version=&#8220;4.25.2&#8243; z_index_tablet=&#8220;500&#8243; text_text_shadow_horizontal_length_tablet=&#8220;0px&#8220; text_text_shadow_vertical_length_tablet=&#8220;0px&#8220; text_text_shadow_blur_strength_tablet=&#8220;1px&#8220; link_text_shadow_horizontal_length_tablet=&#8220;0px&#8220; link_text_shadow_vertical_length_tablet=&#8220;0px&#8220; link_text_shadow_blur_strength_tablet=&#8220;1px&#8220; ul_text_shadow_horizontal_length_tablet=&#8220;0px&#8220; ul_text_shadow_vertical_length_tablet=&#8220;0px&#8220; ul_text_shadow_blur_strength_tablet=&#8220;1px&#8220; ol_text_shadow_horizontal_length_tablet=&#8220;0px&#8220; ol_text_shadow_vertical_length_tablet=&#8220;0px&#8220; ol_text_shadow_blur_strength_tablet=&#8220;1px&#8220; quote_text_shadow_horizontal_length_tablet=&#8220;0px&#8220; quote_text_shadow_vertical_length_tablet=&#8220;0px&#8220; quote_text_shadow_blur_strength_tablet=&#8220;1px&#8220; header_text_shadow_horizontal_length_tablet=&#8220;0px&#8220; header_text_shadow_vertical_length_tablet=&#8220;0px&#8220; header_text_shadow_blur_strength_tablet=&#8220;1px&#8220; header_2_text_shadow_horizontal_length_tablet=&#8220;0px&#8220; header_2_text_shadow_vertical_length_tablet=&#8220;0px&#8220; header_2_text_shadow_blur_strength_tablet=&#8220;1px&#8220; header_3_text_shadow_horizontal_length_tablet=&#8220;0px&#8220; header_3_text_shadow_vertical_length_tablet=&#8220;0px&#8220; header_3_text_shadow_blur_strength_tablet=&#8220;1px&#8220; header_4_text_shadow_horizontal_length_tablet=&#8220;0px&#8220; header_4_text_shadow_vertical_length_tablet=&#8220;0px&#8220; header_4_text_shadow_blur_strength_tablet=&#8220;1px&#8220; header_5_text_shadow_horizontal_length_tablet=&#8220;0px&#8220; header_5_text_shadow_vertical_length_tablet=&#8220;0px&#8220; header_5_text_shadow_blur_strength_tablet=&#8220;1px&#8220; header_6_text_shadow_horizontal_length_tablet=&#8220;0px&#8220; header_6_text_shadow_vertical_length_tablet=&#8220;0px&#8220; header_6_text_shadow_blur_strength_tablet=&#8220;1px&#8220; box_shadow_horizontal_tablet=&#8220;0px&#8220; box_shadow_vertical_tablet=&#8220;0px&#8220; box_shadow_blur_tablet=&#8220;40px&#8220; box_shadow_spread_tablet=&#8220;0px&#8220; global_colors_info=&#8220;{}&#8220;]<\/p>\n<h3><strong>\u00dcberstunden und Abgabe der Steuererkl\u00e4rung<br \/><\/strong><\/h3>\n<p>[\/et_pb_text][et_pb_text admin_label=&#8220;Text: \u00dcberstunden und Abgabe der Steuererkl\u00e4rung &#8220; _builder_version=&#8220;4.25.2&#8243; z_index_tablet=&#8220;500&#8243; text_text_shadow_horizontal_length_tablet=&#8220;0px&#8220; text_text_shadow_vertical_length_tablet=&#8220;0px&#8220; text_text_shadow_blur_strength_tablet=&#8220;1px&#8220; link_text_shadow_horizontal_length_tablet=&#8220;0px&#8220; link_text_shadow_vertical_length_tablet=&#8220;0px&#8220; link_text_shadow_blur_strength_tablet=&#8220;1px&#8220; ul_text_shadow_horizontal_length_tablet=&#8220;0px&#8220; ul_text_shadow_vertical_length_tablet=&#8220;0px&#8220; ul_text_shadow_blur_strength_tablet=&#8220;1px&#8220; ol_text_shadow_horizontal_length_tablet=&#8220;0px&#8220; ol_text_shadow_vertical_length_tablet=&#8220;0px&#8220; ol_text_shadow_blur_strength_tablet=&#8220;1px&#8220; quote_text_shadow_horizontal_length_tablet=&#8220;0px&#8220; quote_text_shadow_vertical_length_tablet=&#8220;0px&#8220; quote_text_shadow_blur_strength_tablet=&#8220;1px&#8220; header_text_shadow_horizontal_length_tablet=&#8220;0px&#8220; header_text_shadow_vertical_length_tablet=&#8220;0px&#8220; header_text_shadow_blur_strength_tablet=&#8220;1px&#8220; header_2_text_shadow_horizontal_length_tablet=&#8220;0px&#8220; header_2_text_shadow_vertical_length_tablet=&#8220;0px&#8220; header_2_text_shadow_blur_strength_tablet=&#8220;1px&#8220; header_3_text_shadow_horizontal_length_tablet=&#8220;0px&#8220; header_3_text_shadow_vertical_length_tablet=&#8220;0px&#8220; header_3_text_shadow_blur_strength_tablet=&#8220;1px&#8220; header_4_text_shadow_horizontal_length_tablet=&#8220;0px&#8220; header_4_text_shadow_vertical_length_tablet=&#8220;0px&#8220; header_4_text_shadow_blur_strength_tablet=&#8220;1px&#8220; header_5_text_shadow_horizontal_length_tablet=&#8220;0px&#8220; header_5_text_shadow_vertical_length_tablet=&#8220;0px&#8220; header_5_text_shadow_blur_strength_tablet=&#8220;1px&#8220; header_6_text_shadow_horizontal_length_tablet=&#8220;0px&#8220; header_6_text_shadow_vertical_length_tablet=&#8220;0px&#8220; header_6_text_shadow_blur_strength_tablet=&#8220;1px&#8220; box_shadow_horizontal_tablet=&#8220;0px&#8220; box_shadow_vertical_tablet=&#8220;0px&#8220; box_shadow_blur_tablet=&#8220;40px&#8220; box_shadow_spread_tablet=&#8220;0px&#8220; global_colors_info=&#8220;{}&#8220;]<\/p>\n<p>Derzeit laufen einige Musterverfahren zu dem Thema, ob die Besteuerung der \u00dcberstunden rechtm\u00e4\u00dfig ist.<\/p>\n<p>Grunds\u00e4tzlich sind die Grenzg\u00e4nger jetzt verpflichtet, die \u00dcberstunden in ihrer Steuererkl\u00e4rung f\u00fcr das Jahr 2023 anzugeben. Da die Rechtslage allerdings derzeit unsicher ist, k\u00f6nnten Grenzg\u00e4nger ihre Steuererkl\u00e4rung dementsprechend sp\u00e4ter abgeben.<\/p>\n<p>Die normale Abgabe Frist ist der 2. September 2024- Grenzg\u00e4nger die steuerlich vertreten sind, haben aber Zeit bis zum 2. Juni 2025.<\/p>\n<p>Bis dahin sollte es weiterf\u00fchrende Informationen \u00fcber die Besteuerung der \u00dcberstunden geben. Grenzg\u00e4nger k\u00f6nnen also die Zeit f\u00fcr sich spielen lassen.<\/p>\n<p>[\/et_pb_text][\/et_pb_column][et_pb_column type=&#8220;1_3&#8243; _builder_version=&#8220;4.16&#8243; background_position=&#8220;top_left&#8220; custom_padding=&#8220;0px|0px|0px|&#8220; global_colors_info=&#8220;{}&#8220; custom_padding__hover=&#8220;|||&#8220;][et_pb_text admin_label=&#8220;Text Abstandshalter&#8220; _builder_version=&#8220;4.16&#8243; custom_margin=&#8220;0px|0px|49px|0px||&#8220; custom_padding=&#8220;0px|0px|0px|0px&#8220; global_colors_info=&#8220;{}&#8220;]<\/p>\n<p>\n<span style=\"color: #ffffff;\">:<\/span><br \/><span style=\"color: #ffffff;\">:<\/span><\/p>\n<p>[\/et_pb_text][et_pb_image src=&#8220;https:\/\/wonnebauer.de\/site\/wp-content\/uploads\/2024\/02\/coins-1523383_1280.jpg&#8220; title_text=&#8220;coins-1523383_1280&#8243; align_tablet=&#8220;center&#8220; align_phone=&#8220;&#8220; align_last_edited=&#8220;on|desktop&#8220; admin_label=&#8220;Computer Europa &#8220; _builder_version=&#8220;4.25.2&#8243; min_height=&#8220;113.7px&#8220; custom_margin=&#8220;||78px|||&#8220; z_index_tablet=&#8220;500&#8243; box_shadow_horizontal_tablet=&#8220;0px&#8220; box_shadow_vertical_tablet=&#8220;0px&#8220; box_shadow_blur_tablet=&#8220;40px&#8220; box_shadow_spread_tablet=&#8220;0px&#8220; global_colors_info=&#8220;{}&#8220;][\/et_pb_image][\/et_pb_column][\/et_pb_row][et_pb_row column_structure=&#8220;2_3,1_3&#8243; _builder_version=&#8220;4.16&#8243; global_colors_info=&#8220;{}&#8220;][et_pb_column type=&#8220;2_3&#8243; _builder_version=&#8220;4.16&#8243; background_position=&#8220;top_left&#8220; custom_padding=&#8220;0px|0px|0px|0px&#8220; global_colors_info=&#8220;{}&#8220; custom_padding__hover=&#8220;|||&#8220;][et_pb_text admin_label=&#8220;Text Abstandshalter&#8220; _builder_version=&#8220;4.16&#8243; custom_margin=&#8220;0px|0px|0px|0px&#8220; custom_padding=&#8220;0px|0px|0px|0px&#8220; global_colors_info=&#8220;{}&#8220;]<\/p>\n<p><span style=\"color: #ffffff;\">:<\/span><br \/><span style=\"color: #ffffff;\">:<\/span><\/p>\n<p>[\/et_pb_text][et_pb_text admin_label=&#8220;\u00dcberschrift:Die Besteuerung von \u00dcberstunden wird konreter&#8220; _builder_version=&#8220;4.24.2&#8243; z_index_tablet=&#8220;500&#8243; text_text_shadow_horizontal_length_tablet=&#8220;0px&#8220; text_text_shadow_vertical_length_tablet=&#8220;0px&#8220; text_text_shadow_blur_strength_tablet=&#8220;1px&#8220; link_text_shadow_horizontal_length_tablet=&#8220;0px&#8220; link_text_shadow_vertical_length_tablet=&#8220;0px&#8220; link_text_shadow_blur_strength_tablet=&#8220;1px&#8220; ul_text_shadow_horizontal_length_tablet=&#8220;0px&#8220; ul_text_shadow_vertical_length_tablet=&#8220;0px&#8220; ul_text_shadow_blur_strength_tablet=&#8220;1px&#8220; ol_text_shadow_horizontal_length_tablet=&#8220;0px&#8220; ol_text_shadow_vertical_length_tablet=&#8220;0px&#8220; ol_text_shadow_blur_strength_tablet=&#8220;1px&#8220; quote_text_shadow_horizontal_length_tablet=&#8220;0px&#8220; quote_text_shadow_vertical_length_tablet=&#8220;0px&#8220; quote_text_shadow_blur_strength_tablet=&#8220;1px&#8220; header_text_shadow_horizontal_length_tablet=&#8220;0px&#8220; header_text_shadow_vertical_length_tablet=&#8220;0px&#8220; header_text_shadow_blur_strength_tablet=&#8220;1px&#8220; header_2_text_shadow_horizontal_length_tablet=&#8220;0px&#8220; header_2_text_shadow_vertical_length_tablet=&#8220;0px&#8220; header_2_text_shadow_blur_strength_tablet=&#8220;1px&#8220; header_3_text_shadow_horizontal_length_tablet=&#8220;0px&#8220; header_3_text_shadow_vertical_length_tablet=&#8220;0px&#8220; header_3_text_shadow_blur_strength_tablet=&#8220;1px&#8220; header_4_text_shadow_horizontal_length_tablet=&#8220;0px&#8220; header_4_text_shadow_vertical_length_tablet=&#8220;0px&#8220; header_4_text_shadow_blur_strength_tablet=&#8220;1px&#8220; header_5_text_shadow_horizontal_length_tablet=&#8220;0px&#8220; header_5_text_shadow_vertical_length_tablet=&#8220;0px&#8220; header_5_text_shadow_blur_strength_tablet=&#8220;1px&#8220; header_6_text_shadow_horizontal_length_tablet=&#8220;0px&#8220; header_6_text_shadow_vertical_length_tablet=&#8220;0px&#8220; header_6_text_shadow_blur_strength_tablet=&#8220;1px&#8220; box_shadow_horizontal_tablet=&#8220;0px&#8220; box_shadow_vertical_tablet=&#8220;0px&#8220; box_shadow_blur_tablet=&#8220;40px&#8220; box_shadow_spread_tablet=&#8220;0px&#8220; global_colors_info=&#8220;{}&#8220;]<\/p>\n<h3><strong>Die Besteuerung von \u00dcberstunden wird konkreter<br \/><\/strong><\/h3>\n<p>[\/et_pb_text][et_pb_text admin_label=&#8220;Text: Verwirrung um Besteuerung von \u00dcberstunden&#8220; _builder_version=&#8220;4.24.2&#8243; z_index_tablet=&#8220;500&#8243; text_text_shadow_horizontal_length_tablet=&#8220;0px&#8220; text_text_shadow_vertical_length_tablet=&#8220;0px&#8220; text_text_shadow_blur_strength_tablet=&#8220;1px&#8220; link_text_shadow_horizontal_length_tablet=&#8220;0px&#8220; link_text_shadow_vertical_length_tablet=&#8220;0px&#8220; link_text_shadow_blur_strength_tablet=&#8220;1px&#8220; ul_text_shadow_horizontal_length_tablet=&#8220;0px&#8220; ul_text_shadow_vertical_length_tablet=&#8220;0px&#8220; ul_text_shadow_blur_strength_tablet=&#8220;1px&#8220; ol_text_shadow_horizontal_length_tablet=&#8220;0px&#8220; ol_text_shadow_vertical_length_tablet=&#8220;0px&#8220; ol_text_shadow_blur_strength_tablet=&#8220;1px&#8220; quote_text_shadow_horizontal_length_tablet=&#8220;0px&#8220; quote_text_shadow_vertical_length_tablet=&#8220;0px&#8220; quote_text_shadow_blur_strength_tablet=&#8220;1px&#8220; header_text_shadow_horizontal_length_tablet=&#8220;0px&#8220; header_text_shadow_vertical_length_tablet=&#8220;0px&#8220; header_text_shadow_blur_strength_tablet=&#8220;1px&#8220; header_2_text_shadow_horizontal_length_tablet=&#8220;0px&#8220; header_2_text_shadow_vertical_length_tablet=&#8220;0px&#8220; header_2_text_shadow_blur_strength_tablet=&#8220;1px&#8220; header_3_text_shadow_horizontal_length_tablet=&#8220;0px&#8220; header_3_text_shadow_vertical_length_tablet=&#8220;0px&#8220; header_3_text_shadow_blur_strength_tablet=&#8220;1px&#8220; header_4_text_shadow_horizontal_length_tablet=&#8220;0px&#8220; header_4_text_shadow_vertical_length_tablet=&#8220;0px&#8220; header_4_text_shadow_blur_strength_tablet=&#8220;1px&#8220; header_5_text_shadow_horizontal_length_tablet=&#8220;0px&#8220; header_5_text_shadow_vertical_length_tablet=&#8220;0px&#8220; header_5_text_shadow_blur_strength_tablet=&#8220;1px&#8220; header_6_text_shadow_horizontal_length_tablet=&#8220;0px&#8220; header_6_text_shadow_vertical_length_tablet=&#8220;0px&#8220; header_6_text_shadow_blur_strength_tablet=&#8220;1px&#8220; box_shadow_horizontal_tablet=&#8220;0px&#8220; box_shadow_vertical_tablet=&#8220;0px&#8220; box_shadow_blur_tablet=&#8220;40px&#8220; box_shadow_spread_tablet=&#8220;0px&#8220; global_colors_info=&#8220;{}&#8220;]<\/p>\n<p>Nach einer Pressemitteilung des Finanzamtes Trier vom 9. April 2024 sind \u00dcberstunden deutscher Grenzg\u00e4nger nach Luxemburg, in Deutschland zu versteuern.<\/p>\n<p>In Reinland-Pfalz soll es hierzu aber zu einer einheitlichen Anwendung kommen. Grenzg\u00e4nger m\u00fcssen also jetzt nicht von sich aus Steuererkl\u00e4rungen abgeben, sondern erst auf Anforderung. Es wird jetzt also keinen Ansturm auf Steuerberater geben. <br \/>Grenzg\u00e4nger, die bislang in der Vergangenheit keine Steuererkl\u00e4rung in Deutschland abgeben mussten, sollten sich dennoch vorab einmal vorsorglich informieren, was denn eine m\u00f6gliche Steuerlast w\u00e4re.<\/p>\n<p>Die Lohnsteuerbescheinigungen aus Luxemburg werden seit 2015 automatisch an die Wohnsitzfinanz\u00e4mter in Deutschland gemeldet. Die Daten sind also schon vorhanden und k\u00f6nnten von den deutschen Finanz\u00e4mtern leicht ausgewertet werden.<\/p>\n<p>\u00dcberstunden bis zum Werbungskostenpauschbetrag, der 2023 1.230,00 Euro betr\u00e4gt, w\u00fcrden also praktisch nicht besteuert werden. Der Werbungskostenpauschbetrag hat sich in den letzten Jahren erh\u00f6ht. Theoretisch k\u00f6nnte das Finanzamt f\u00fcr 7 Jahre r\u00fcckwirkend die Steuererkl\u00e4rung anfordern.<\/p>\n<p>[\/et_pb_text][\/et_pb_column][et_pb_column type=&#8220;1_3&#8243; _builder_version=&#8220;4.16&#8243; background_position=&#8220;top_left&#8220; custom_padding=&#8220;0px|0px|0px|&#8220; global_colors_info=&#8220;{}&#8220; custom_padding__hover=&#8220;|||&#8220;][et_pb_text admin_label=&#8220;Text Abstandshalter&#8220; _builder_version=&#8220;4.16&#8243; custom_margin=&#8220;0px|0px|49px|0px||&#8220; custom_padding=&#8220;0px|0px|0px|0px&#8220; global_colors_info=&#8220;{}&#8220;]<\/p>\n<p>\n<span style=\"color: #ffffff;\">:<\/span><br \/><span style=\"color: #ffffff;\">:<\/span><\/p>\n<p>[\/et_pb_text][et_pb_image src=&#8220;https:\/\/wonnebauer.de\/site\/wp-content\/uploads\/2024\/04\/money-5350262_1280.jpg&#8220; title_text=&#8220;money-5350262_1280&#8243; align_tablet=&#8220;center&#8220; align_phone=&#8220;&#8220; align_last_edited=&#8220;on|desktop&#8220; admin_label=&#8220;Computer Europa &#8220; _builder_version=&#8220;4.24.2&#8243; min_height=&#8220;113.7px&#8220; custom_margin=&#8220;||78px|||&#8220; z_index_tablet=&#8220;500&#8243; box_shadow_horizontal_tablet=&#8220;0px&#8220; box_shadow_vertical_tablet=&#8220;0px&#8220; box_shadow_blur_tablet=&#8220;40px&#8220; box_shadow_spread_tablet=&#8220;0px&#8220; global_colors_info=&#8220;{}&#8220;][\/et_pb_image][\/et_pb_column][\/et_pb_row][et_pb_row column_structure=&#8220;2_3,1_3&#8243; _builder_version=&#8220;4.16&#8243; global_colors_info=&#8220;{}&#8220;][et_pb_column type=&#8220;2_3&#8243; _builder_version=&#8220;4.16&#8243; background_position=&#8220;top_left&#8220; custom_padding=&#8220;0px|0px|0px|0px&#8220; global_colors_info=&#8220;{}&#8220; custom_padding__hover=&#8220;|||&#8220;][et_pb_text admin_label=&#8220;Text Abstandshalter&#8220; _builder_version=&#8220;4.16&#8243; custom_margin=&#8220;0px|0px|0px|0px&#8220; custom_padding=&#8220;0px|0px|0px|0px&#8220; global_colors_info=&#8220;{}&#8220;]<\/p>\n<p><span style=\"color: #ffffff;\">:<\/span><br \/><span style=\"color: #ffffff;\">:<\/span><\/p>\n<p>[\/et_pb_text][et_pb_text admin_label=&#8220;\u00dcberschrift:Verwirrung um Besteuerung von \u00dcberstunden&#8220; _builder_version=&#8220;4.23.1&#8243; z_index_tablet=&#8220;500&#8243; text_text_shadow_horizontal_length_tablet=&#8220;0px&#8220; text_text_shadow_vertical_length_tablet=&#8220;0px&#8220; text_text_shadow_blur_strength_tablet=&#8220;1px&#8220; link_text_shadow_horizontal_length_tablet=&#8220;0px&#8220; link_text_shadow_vertical_length_tablet=&#8220;0px&#8220; link_text_shadow_blur_strength_tablet=&#8220;1px&#8220; ul_text_shadow_horizontal_length_tablet=&#8220;0px&#8220; ul_text_shadow_vertical_length_tablet=&#8220;0px&#8220; ul_text_shadow_blur_strength_tablet=&#8220;1px&#8220; ol_text_shadow_horizontal_length_tablet=&#8220;0px&#8220; ol_text_shadow_vertical_length_tablet=&#8220;0px&#8220; ol_text_shadow_blur_strength_tablet=&#8220;1px&#8220; quote_text_shadow_horizontal_length_tablet=&#8220;0px&#8220; quote_text_shadow_vertical_length_tablet=&#8220;0px&#8220; quote_text_shadow_blur_strength_tablet=&#8220;1px&#8220; header_text_shadow_horizontal_length_tablet=&#8220;0px&#8220; header_text_shadow_vertical_length_tablet=&#8220;0px&#8220; header_text_shadow_blur_strength_tablet=&#8220;1px&#8220; header_2_text_shadow_horizontal_length_tablet=&#8220;0px&#8220; header_2_text_shadow_vertical_length_tablet=&#8220;0px&#8220; header_2_text_shadow_blur_strength_tablet=&#8220;1px&#8220; header_3_text_shadow_horizontal_length_tablet=&#8220;0px&#8220; header_3_text_shadow_vertical_length_tablet=&#8220;0px&#8220; header_3_text_shadow_blur_strength_tablet=&#8220;1px&#8220; header_4_text_shadow_horizontal_length_tablet=&#8220;0px&#8220; header_4_text_shadow_vertical_length_tablet=&#8220;0px&#8220; header_4_text_shadow_blur_strength_tablet=&#8220;1px&#8220; header_5_text_shadow_horizontal_length_tablet=&#8220;0px&#8220; header_5_text_shadow_vertical_length_tablet=&#8220;0px&#8220; header_5_text_shadow_blur_strength_tablet=&#8220;1px&#8220; header_6_text_shadow_horizontal_length_tablet=&#8220;0px&#8220; header_6_text_shadow_vertical_length_tablet=&#8220;0px&#8220; header_6_text_shadow_blur_strength_tablet=&#8220;1px&#8220; box_shadow_horizontal_tablet=&#8220;0px&#8220; box_shadow_vertical_tablet=&#8220;0px&#8220; box_shadow_blur_tablet=&#8220;40px&#8220; box_shadow_spread_tablet=&#8220;0px&#8220; global_colors_info=&#8220;{}&#8220;]<\/p>\n<h3><strong>Verwirrung um Besteuerung von \u00dcberstunden<\/strong><\/h3>\n<p>[\/et_pb_text][et_pb_text admin_label=&#8220;Text: Verwirrung um Besteuerung von \u00dcberstunden&#8220; _builder_version=&#8220;4.24.2&#8243; z_index_tablet=&#8220;500&#8243; text_text_shadow_horizontal_length_tablet=&#8220;0px&#8220; text_text_shadow_vertical_length_tablet=&#8220;0px&#8220; text_text_shadow_blur_strength_tablet=&#8220;1px&#8220; link_text_shadow_horizontal_length_tablet=&#8220;0px&#8220; link_text_shadow_vertical_length_tablet=&#8220;0px&#8220; link_text_shadow_blur_strength_tablet=&#8220;1px&#8220; ul_text_shadow_horizontal_length_tablet=&#8220;0px&#8220; ul_text_shadow_vertical_length_tablet=&#8220;0px&#8220; ul_text_shadow_blur_strength_tablet=&#8220;1px&#8220; ol_text_shadow_horizontal_length_tablet=&#8220;0px&#8220; ol_text_shadow_vertical_length_tablet=&#8220;0px&#8220; ol_text_shadow_blur_strength_tablet=&#8220;1px&#8220; quote_text_shadow_horizontal_length_tablet=&#8220;0px&#8220; quote_text_shadow_vertical_length_tablet=&#8220;0px&#8220; quote_text_shadow_blur_strength_tablet=&#8220;1px&#8220; header_text_shadow_horizontal_length_tablet=&#8220;0px&#8220; header_text_shadow_vertical_length_tablet=&#8220;0px&#8220; header_text_shadow_blur_strength_tablet=&#8220;1px&#8220; header_2_text_shadow_horizontal_length_tablet=&#8220;0px&#8220; header_2_text_shadow_vertical_length_tablet=&#8220;0px&#8220; header_2_text_shadow_blur_strength_tablet=&#8220;1px&#8220; header_3_text_shadow_horizontal_length_tablet=&#8220;0px&#8220; header_3_text_shadow_vertical_length_tablet=&#8220;0px&#8220; header_3_text_shadow_blur_strength_tablet=&#8220;1px&#8220; header_4_text_shadow_horizontal_length_tablet=&#8220;0px&#8220; header_4_text_shadow_vertical_length_tablet=&#8220;0px&#8220; header_4_text_shadow_blur_strength_tablet=&#8220;1px&#8220; header_5_text_shadow_horizontal_length_tablet=&#8220;0px&#8220; header_5_text_shadow_vertical_length_tablet=&#8220;0px&#8220; header_5_text_shadow_blur_strength_tablet=&#8220;1px&#8220; header_6_text_shadow_horizontal_length_tablet=&#8220;0px&#8220; header_6_text_shadow_vertical_length_tablet=&#8220;0px&#8220; header_6_text_shadow_blur_strength_tablet=&#8220;1px&#8220; box_shadow_horizontal_tablet=&#8220;0px&#8220; box_shadow_vertical_tablet=&#8220;0px&#8220; box_shadow_blur_tablet=&#8220;40px&#8220; box_shadow_spread_tablet=&#8220;0px&#8220; global_colors_info=&#8220;{}&#8220;]<\/p>\n<p>Seit neustem (Februar 2024) wird in den Foren diskutiert, ob in Luxemburg gezahlte \u00dcberstunden in Deutschland zu versteuern sind. Auf den ersten Blick scheint dies unm\u00f6glich zu sein. Allerdings gibt es eine neue Verst\u00e4ndigungsvereinbarung zwischen Deutschland und Luxemburg vom Januar 2024, die auf dem neuem Doppelbesteuerungsabkommen basiert, das seit dem 1. Januar 2024 wirksam ist.<\/p>\n<p>Dort ist recht unscheinbar auf der Seite 13 erkl\u00e4rt, dass \u00dcberstunden, die in Luxemburg vollst\u00e4ndig steuerfrei sind, als tats\u00e4chlich nicht besteuert gelten. Gleiches gelte auch f\u00fcr einen Lotteriegewinn.<\/p>\n<p>Die Verst\u00e4ndigungsvereinbarung (Konsultationsvereinbarung) erkl\u00e4rt auch einen Unterschied zwischen steuerfreien Betr\u00e4gen, also Betr\u00e4ge die steuerlich nur zum Teil oder aufgrund von Freibetr\u00e4gen nicht besteuert werden.<br \/>Tats\u00e4chlich gibt es f\u00fcr die \u00dcberstunden einen Freibetrag. Es ist auf den ersten Blick nicht zu erkennen, wo der Unterschied sein soll zu den steuerfreien Zuschl\u00e4gen.<br \/>Man wird gespannt sein, wie die Finanzverwaltung das BMF-Schreiben versteht.<\/p>\n<p>Es ist im Grunde genommen unvorstellbar, dass jetzt auf einmal \u00dcberstunden in Deutschland besteuert werden sollen.<\/p>\n<p>Das w\u00e4re jedoch nicht die erste unsinnige Regel, die eventuell sp\u00e4ter vom Bundesfinanzhof wieder kassiert wird. Bereits die letzte Verst\u00e4ndigungsvereinbarung wurde vom Bundesfinanzhof in Teilen als unwirksam angesehen.<br \/>Verst\u00e4ndigungsvereinbarungen sind keine Gesetze, sondern Verwaltungsvertr\u00e4ge zwischen zwei Staaten, die jedoch das Recht, hier das Doppelbesteuerungsabkommen, nicht brechen d\u00fcrfen.<\/p>\n<p>Wir werden gespannt die weitere Entwicklung verfolgen.<\/p>\n<p>Auf der anderen Seite fragt man sich wieder einmal, wie ein luxemburger Finanzbeamter eine solche Vereinbarung tats\u00e4chlich unterschreiben konnte.<\/p>\n<p>F\u00fcr Grenzg\u00e4nger bleibt es spannend. F\u00fcr Steuerberater darum auch<\/p>\n<p>Wir freuen uns schon auf den ersten Musterprozess.<\/p>\n<p>[\/et_pb_text][\/et_pb_column][et_pb_column type=&#8220;1_3&#8243; _builder_version=&#8220;4.16&#8243; background_position=&#8220;top_left&#8220; custom_padding=&#8220;0px|0px|0px|&#8220; global_colors_info=&#8220;{}&#8220; custom_padding__hover=&#8220;|||&#8220;][et_pb_text admin_label=&#8220;Text Abstandshalter&#8220; _builder_version=&#8220;4.16&#8243; custom_margin=&#8220;0px|0px|49px|0px||&#8220; custom_padding=&#8220;0px|0px|0px|0px&#8220; global_colors_info=&#8220;{}&#8220;]<\/p>\n<p>\n<span style=\"color: #ffffff;\">:<\/span><br \/><span style=\"color: #ffffff;\">:<\/span><\/p>\n<p>[\/et_pb_text][et_pb_image src=&#8220;https:\/\/wonnebauer.de\/site\/wp-content\/uploads\/2024\/02\/computer-3233754_1280.jpg&#8220; title_text=&#8220;computer-3233754_1280&#8243; align_tablet=&#8220;center&#8220; align_phone=&#8220;&#8220; align_last_edited=&#8220;on|desktop&#8220; admin_label=&#8220;Computer Europa &#8220; _builder_version=&#8220;4.23.1&#8243; min_height=&#8220;113.7px&#8220; custom_margin=&#8220;||78px|||&#8220; z_index_tablet=&#8220;500&#8243; box_shadow_horizontal_tablet=&#8220;0px&#8220; box_shadow_vertical_tablet=&#8220;0px&#8220; box_shadow_blur_tablet=&#8220;40px&#8220; box_shadow_spread_tablet=&#8220;0px&#8220; global_colors_info=&#8220;{}&#8220;][\/et_pb_image][\/et_pb_column][\/et_pb_row][et_pb_row column_structure=&#8220;2_3,1_3&#8243; _builder_version=&#8220;4.16&#8243; global_colors_info=&#8220;{}&#8220;][et_pb_column type=&#8220;2_3&#8243; _builder_version=&#8220;4.16&#8243; background_position=&#8220;top_left&#8220; custom_padding=&#8220;0px|0px|0px|0px&#8220; global_colors_info=&#8220;{}&#8220; custom_padding__hover=&#8220;|||&#8220;][et_pb_text admin_label=&#8220;Text Abstandshalter&#8220; _builder_version=&#8220;4.16&#8243; custom_margin=&#8220;0px|0px|0px|0px&#8220; custom_padding=&#8220;0px|0px|0px|0px&#8220; global_colors_info=&#8220;{}&#8220;]<\/p>\n<p><span style=\"color: #ffffff;\">:<\/span><br \/><span style=\"color: #ffffff;\">:<\/span><\/p>\n<p>[\/et_pb_text][et_pb_text admin_label=&#8220;\u00dcberschrift:Mobiles Arbeiten \u2013 Homeoffice &#8220; _builder_version=&#8220;4.22.1&#8243; z_index_tablet=&#8220;500&#8243; text_text_shadow_horizontal_length_tablet=&#8220;0px&#8220; text_text_shadow_vertical_length_tablet=&#8220;0px&#8220; text_text_shadow_blur_strength_tablet=&#8220;1px&#8220; link_text_shadow_horizontal_length_tablet=&#8220;0px&#8220; link_text_shadow_vertical_length_tablet=&#8220;0px&#8220; link_text_shadow_blur_strength_tablet=&#8220;1px&#8220; ul_text_shadow_horizontal_length_tablet=&#8220;0px&#8220; ul_text_shadow_vertical_length_tablet=&#8220;0px&#8220; ul_text_shadow_blur_strength_tablet=&#8220;1px&#8220; ol_text_shadow_horizontal_length_tablet=&#8220;0px&#8220; ol_text_shadow_vertical_length_tablet=&#8220;0px&#8220; ol_text_shadow_blur_strength_tablet=&#8220;1px&#8220; quote_text_shadow_horizontal_length_tablet=&#8220;0px&#8220; quote_text_shadow_vertical_length_tablet=&#8220;0px&#8220; quote_text_shadow_blur_strength_tablet=&#8220;1px&#8220; header_text_shadow_horizontal_length_tablet=&#8220;0px&#8220; header_text_shadow_vertical_length_tablet=&#8220;0px&#8220; header_text_shadow_blur_strength_tablet=&#8220;1px&#8220; header_2_text_shadow_horizontal_length_tablet=&#8220;0px&#8220; header_2_text_shadow_vertical_length_tablet=&#8220;0px&#8220; header_2_text_shadow_blur_strength_tablet=&#8220;1px&#8220; header_3_text_shadow_horizontal_length_tablet=&#8220;0px&#8220; header_3_text_shadow_vertical_length_tablet=&#8220;0px&#8220; header_3_text_shadow_blur_strength_tablet=&#8220;1px&#8220; header_4_text_shadow_horizontal_length_tablet=&#8220;0px&#8220; header_4_text_shadow_vertical_length_tablet=&#8220;0px&#8220; header_4_text_shadow_blur_strength_tablet=&#8220;1px&#8220; header_5_text_shadow_horizontal_length_tablet=&#8220;0px&#8220; header_5_text_shadow_vertical_length_tablet=&#8220;0px&#8220; header_5_text_shadow_blur_strength_tablet=&#8220;1px&#8220; header_6_text_shadow_horizontal_length_tablet=&#8220;0px&#8220; header_6_text_shadow_vertical_length_tablet=&#8220;0px&#8220; header_6_text_shadow_blur_strength_tablet=&#8220;1px&#8220; box_shadow_horizontal_tablet=&#8220;0px&#8220; box_shadow_vertical_tablet=&#8220;0px&#8220; box_shadow_blur_tablet=&#8220;40px&#8220; box_shadow_spread_tablet=&#8220;0px&#8220; global_colors_info=&#8220;{}&#8220;]<\/p>\n<h3><strong>Mobiles Arbeiten \u2013 Homeoffice <br \/><\/strong><\/h3>\n<p>[\/et_pb_text][et_pb_text admin_label=&#8220;Text: Mobiles Arbeiten &#8211; Homeoffice&#8220; _builder_version=&#8220;4.22.1&#8243; z_index_tablet=&#8220;500&#8243; text_text_shadow_horizontal_length_tablet=&#8220;0px&#8220; text_text_shadow_vertical_length_tablet=&#8220;0px&#8220; text_text_shadow_blur_strength_tablet=&#8220;1px&#8220; link_text_shadow_horizontal_length_tablet=&#8220;0px&#8220; link_text_shadow_vertical_length_tablet=&#8220;0px&#8220; link_text_shadow_blur_strength_tablet=&#8220;1px&#8220; ul_text_shadow_horizontal_length_tablet=&#8220;0px&#8220; ul_text_shadow_vertical_length_tablet=&#8220;0px&#8220; ul_text_shadow_blur_strength_tablet=&#8220;1px&#8220; ol_text_shadow_horizontal_length_tablet=&#8220;0px&#8220; ol_text_shadow_vertical_length_tablet=&#8220;0px&#8220; ol_text_shadow_blur_strength_tablet=&#8220;1px&#8220; quote_text_shadow_horizontal_length_tablet=&#8220;0px&#8220; quote_text_shadow_vertical_length_tablet=&#8220;0px&#8220; quote_text_shadow_blur_strength_tablet=&#8220;1px&#8220; header_text_shadow_horizontal_length_tablet=&#8220;0px&#8220; header_text_shadow_vertical_length_tablet=&#8220;0px&#8220; header_text_shadow_blur_strength_tablet=&#8220;1px&#8220; header_2_text_shadow_horizontal_length_tablet=&#8220;0px&#8220; header_2_text_shadow_vertical_length_tablet=&#8220;0px&#8220; header_2_text_shadow_blur_strength_tablet=&#8220;1px&#8220; header_3_text_shadow_horizontal_length_tablet=&#8220;0px&#8220; header_3_text_shadow_vertical_length_tablet=&#8220;0px&#8220; header_3_text_shadow_blur_strength_tablet=&#8220;1px&#8220; header_4_text_shadow_horizontal_length_tablet=&#8220;0px&#8220; header_4_text_shadow_vertical_length_tablet=&#8220;0px&#8220; header_4_text_shadow_blur_strength_tablet=&#8220;1px&#8220; header_5_text_shadow_horizontal_length_tablet=&#8220;0px&#8220; header_5_text_shadow_vertical_length_tablet=&#8220;0px&#8220; header_5_text_shadow_blur_strength_tablet=&#8220;1px&#8220; header_6_text_shadow_horizontal_length_tablet=&#8220;0px&#8220; header_6_text_shadow_vertical_length_tablet=&#8220;0px&#8220; header_6_text_shadow_blur_strength_tablet=&#8220;1px&#8220; box_shadow_horizontal_tablet=&#8220;0px&#8220; box_shadow_vertical_tablet=&#8220;0px&#8220; box_shadow_blur_tablet=&#8220;40px&#8220; box_shadow_spread_tablet=&#8220;0px&#8220; global_colors_info=&#8220;{}&#8220;]<\/p>\n<p>Das Thema Mobiles Arbeiten ist in aller Munde. In bestimmten Branchen ist es m\u00f6glich, in anderen nicht. Komplizierter wird es, wenn der Homeworker in einem anderen Land arbeitet als das Unternehmen sitzt. Denn dann ergeben sich Besonderheiten im Steuerrecht, Sozialversicherungsrecht und Arbeitsrecht. Diese Situation \u00fcberfordert viele Grenzg\u00e4nger und Unternehmen derart, dass man sie m\u00f6glichst vermeiden oder verschweigen will.<\/p>\n<p>Es hilft aber niemanden so mit dieser Materie umzugehen, denn dadurch entsteht noch mehr ungesunder Stress. Allein das st\u00e4ndige Verschweigen und Schummeln gegen\u00fcber den Beh\u00f6rden nimmt viel Zeit und Nerven in Anspruch. Durch die Corona \u2013 Zeit ist die Entdeckungsgefahr dieser Konstellation auch h\u00f6her geworden. Denn in der Region ist man daf\u00fcr sensibel geworden.<\/p>\n<p>Auch wenn der Gang zum Berater schwer f\u00e4llt und Geld kostet: Grenzg\u00e4nger trifft eine erh\u00f6hte Sorgfalts- und Mitwirkungspflicht bei der Gestaltung grenz\u00fcberschreitender Arbeitsmodelle. Es geht nicht nur um Steuerrecht. Mittlerweile pr\u00fcft auch die luxemburgische Sozialversicherung vermehrt, ob ein Arbeitsverh\u00e4ltnis wirklich besteht und der Grenzg\u00e4nger \u00fcberhaupt in Luxemburg arbeitet. Die Folgen sind eine r\u00fcckwirkende Abmeldung von der Sozialversicherung bis zu 5 Jahren und Einleitung eines Strafverfahrens wegen nicht gezahlter Sozialversicherung in Deutschland.<\/p>\n<p>Was ist also besser?<\/p>\n<p>[\/et_pb_text][\/et_pb_column][et_pb_column type=&#8220;1_3&#8243; _builder_version=&#8220;4.16&#8243; background_position=&#8220;top_left&#8220; custom_padding=&#8220;0px|0px|0px|&#8220; global_colors_info=&#8220;{}&#8220; custom_padding__hover=&#8220;|||&#8220;][et_pb_text admin_label=&#8220;Text Abstandshalter&#8220; _builder_version=&#8220;4.16&#8243; custom_margin=&#8220;0px|0px|49px|0px||&#8220; custom_padding=&#8220;0px|0px|0px|0px&#8220; global_colors_info=&#8220;{}&#8220;]<\/p>\n<p>\n<span style=\"color: #ffffff;\">:<\/span><br \/><span style=\"color: #ffffff;\">:<\/span><\/p>\n<p>[\/et_pb_text][et_pb_image src=&#8220;https:\/\/wonnebauer.de\/site\/wp-content\/uploads\/2023\/10\/office-ga5745d7c5_1920.jpg&#8220; title_text=&#8220;office-ga5745d7c5_1920&#8243; align_tablet=&#8220;center&#8220; align_phone=&#8220;&#8220; align_last_edited=&#8220;on|desktop&#8220; admin_label=&#8220;Homeoffice &#8220; _builder_version=&#8220;4.22.1&#8243; min_height=&#8220;113.7px&#8220; custom_margin=&#8220;||78px|||&#8220; z_index_tablet=&#8220;500&#8243; box_shadow_horizontal_tablet=&#8220;0px&#8220; box_shadow_vertical_tablet=&#8220;0px&#8220; box_shadow_blur_tablet=&#8220;40px&#8220; box_shadow_spread_tablet=&#8220;0px&#8220; global_colors_info=&#8220;{}&#8220;][\/et_pb_image][\/et_pb_column][\/et_pb_row][et_pb_row column_structure=&#8220;2_3,1_3&#8243; _builder_version=&#8220;4.16&#8243; global_colors_info=&#8220;{}&#8220;][et_pb_column type=&#8220;2_3&#8243; _builder_version=&#8220;4.16&#8243; background_position=&#8220;top_left&#8220; custom_padding=&#8220;0px|0px|0px|0px&#8220; global_colors_info=&#8220;{}&#8220; custom_padding__hover=&#8220;|||&#8220;][et_pb_text admin_label=&#8220;Text Abstandshalter&#8220; _builder_version=&#8220;4.16&#8243; custom_margin=&#8220;0px|0px|0px|0px&#8220; custom_padding=&#8220;0px|0px|0px|0px&#8220; global_colors_info=&#8220;{}&#8220;]<\/p>\n<p><span style=\"color: #ffffff;\">:<\/span><br \/><span style=\"color: #ffffff;\">:<\/span><\/p>\n<p>[\/et_pb_text][et_pb_text admin_label=&#8220;\u00dcberschrift:Homeoffice im Arbeitszimmer&#8220; _builder_version=&#8220;4.19.4&#8243; z_index_tablet=&#8220;500&#8243; text_text_shadow_horizontal_length_tablet=&#8220;0px&#8220; text_text_shadow_vertical_length_tablet=&#8220;0px&#8220; text_text_shadow_blur_strength_tablet=&#8220;1px&#8220; link_text_shadow_horizontal_length_tablet=&#8220;0px&#8220; link_text_shadow_vertical_length_tablet=&#8220;0px&#8220; link_text_shadow_blur_strength_tablet=&#8220;1px&#8220; ul_text_shadow_horizontal_length_tablet=&#8220;0px&#8220; ul_text_shadow_vertical_length_tablet=&#8220;0px&#8220; ul_text_shadow_blur_strength_tablet=&#8220;1px&#8220; ol_text_shadow_horizontal_length_tablet=&#8220;0px&#8220; ol_text_shadow_vertical_length_tablet=&#8220;0px&#8220; ol_text_shadow_blur_strength_tablet=&#8220;1px&#8220; quote_text_shadow_horizontal_length_tablet=&#8220;0px&#8220; quote_text_shadow_vertical_length_tablet=&#8220;0px&#8220; quote_text_shadow_blur_strength_tablet=&#8220;1px&#8220; header_text_shadow_horizontal_length_tablet=&#8220;0px&#8220; header_text_shadow_vertical_length_tablet=&#8220;0px&#8220; header_text_shadow_blur_strength_tablet=&#8220;1px&#8220; header_2_text_shadow_horizontal_length_tablet=&#8220;0px&#8220; header_2_text_shadow_vertical_length_tablet=&#8220;0px&#8220; header_2_text_shadow_blur_strength_tablet=&#8220;1px&#8220; header_3_text_shadow_horizontal_length_tablet=&#8220;0px&#8220; header_3_text_shadow_vertical_length_tablet=&#8220;0px&#8220; header_3_text_shadow_blur_strength_tablet=&#8220;1px&#8220; header_4_text_shadow_horizontal_length_tablet=&#8220;0px&#8220; header_4_text_shadow_vertical_length_tablet=&#8220;0px&#8220; header_4_text_shadow_blur_strength_tablet=&#8220;1px&#8220; header_5_text_shadow_horizontal_length_tablet=&#8220;0px&#8220; header_5_text_shadow_vertical_length_tablet=&#8220;0px&#8220; header_5_text_shadow_blur_strength_tablet=&#8220;1px&#8220; header_6_text_shadow_horizontal_length_tablet=&#8220;0px&#8220; header_6_text_shadow_vertical_length_tablet=&#8220;0px&#8220; header_6_text_shadow_blur_strength_tablet=&#8220;1px&#8220; box_shadow_horizontal_tablet=&#8220;0px&#8220; box_shadow_vertical_tablet=&#8220;0px&#8220; box_shadow_blur_tablet=&#8220;40px&#8220; box_shadow_spread_tablet=&#8220;0px&#8220; global_colors_info=&#8220;{}&#8220;]<\/p>\n<h3><strong>Homeoffice im Arbeitszimmer<br \/><\/strong><\/h3>\n<p>[\/et_pb_text][et_pb_text admin_label=&#8220;Text: Homeoffice im Arbeitszimmer&#8220; _builder_version=&#8220;4.19.4&#8243; z_index_tablet=&#8220;500&#8243; text_text_shadow_horizontal_length_tablet=&#8220;0px&#8220; text_text_shadow_vertical_length_tablet=&#8220;0px&#8220; text_text_shadow_blur_strength_tablet=&#8220;1px&#8220; link_text_shadow_horizontal_length_tablet=&#8220;0px&#8220; link_text_shadow_vertical_length_tablet=&#8220;0px&#8220; link_text_shadow_blur_strength_tablet=&#8220;1px&#8220; ul_text_shadow_horizontal_length_tablet=&#8220;0px&#8220; ul_text_shadow_vertical_length_tablet=&#8220;0px&#8220; ul_text_shadow_blur_strength_tablet=&#8220;1px&#8220; ol_text_shadow_horizontal_length_tablet=&#8220;0px&#8220; ol_text_shadow_vertical_length_tablet=&#8220;0px&#8220; ol_text_shadow_blur_strength_tablet=&#8220;1px&#8220; quote_text_shadow_horizontal_length_tablet=&#8220;0px&#8220; quote_text_shadow_vertical_length_tablet=&#8220;0px&#8220; quote_text_shadow_blur_strength_tablet=&#8220;1px&#8220; header_text_shadow_horizontal_length_tablet=&#8220;0px&#8220; header_text_shadow_vertical_length_tablet=&#8220;0px&#8220; header_text_shadow_blur_strength_tablet=&#8220;1px&#8220; header_2_text_shadow_horizontal_length_tablet=&#8220;0px&#8220; header_2_text_shadow_vertical_length_tablet=&#8220;0px&#8220; header_2_text_shadow_blur_strength_tablet=&#8220;1px&#8220; header_3_text_shadow_horizontal_length_tablet=&#8220;0px&#8220; header_3_text_shadow_vertical_length_tablet=&#8220;0px&#8220; header_3_text_shadow_blur_strength_tablet=&#8220;1px&#8220; header_4_text_shadow_horizontal_length_tablet=&#8220;0px&#8220; header_4_text_shadow_vertical_length_tablet=&#8220;0px&#8220; header_4_text_shadow_blur_strength_tablet=&#8220;1px&#8220; header_5_text_shadow_horizontal_length_tablet=&#8220;0px&#8220; header_5_text_shadow_vertical_length_tablet=&#8220;0px&#8220; header_5_text_shadow_blur_strength_tablet=&#8220;1px&#8220; header_6_text_shadow_horizontal_length_tablet=&#8220;0px&#8220; header_6_text_shadow_vertical_length_tablet=&#8220;0px&#8220; header_6_text_shadow_blur_strength_tablet=&#8220;1px&#8220; box_shadow_horizontal_tablet=&#8220;0px&#8220; box_shadow_vertical_tablet=&#8220;0px&#8220; box_shadow_blur_tablet=&#8220;40px&#8220; box_shadow_spread_tablet=&#8220;0px&#8220; global_colors_info=&#8220;{}&#8220;]<\/p>\n<p>Aufgrund der Coronazeit haben viele Arbeitgeber erkannt, dass Homeofficearbeit viele Vorteile hat. Wenn man dies konsequent in seiner Belegschaft umsetzt, k\u00f6nnen manche Firmen sogar in kleinere Geb\u00e4ude umziehen und sparen sich damit Mietkosten. Auf der anderen Seite erh\u00f6hen Grenzg\u00e4nger ihre Lebensqualit\u00e4t, indem sie einen Tag in der Woche den Verkehrsdschungel vermeiden k\u00f6nnen. Wer nun ein Homeoffice nutzt, kann in seiner deutschen Steuererkl\u00e4rung entsprechende Kosten bis zu 1.250 Euro absetzen.<\/p>\n<p>Somit kann der Steuerpflichtige den zu versteuernden Anteil seines Gehalt reduzieren. Manche Grenzg\u00e4nger wollen sich auch einen Workspace anmieten. Diese Kosten k\u00f6nnen sogar dann 1.250 Euro \u00fcberschreiten, da es sich nicht um ein Arbeitszimmer handelt.<\/p>\n<p>In der luxemburger Steuererkl\u00e4rung kann das Arbeitszimmer dann ebenfalls geltend gemacht werden bei den steuerbefreiten Eink\u00fcnften.Interessant ist hier jedoch, dass die Berechnung g\u00fcnstiger ist, also zu h\u00f6heren Betr\u00e4gen f\u00fchrt als in Deutschland. Grund daf\u00fcr ist eine g\u00fcnstigere Abschreibung. Denn der Geb\u00e4udeanteil in Luxemburg liegt grunds\u00e4tzlich bei 80 Prozent des Kaufpreises. Au\u00dferdem gibt es bei Neubauten eine h\u00f6here Abschreibung. Letztlich kennt Luxemburg auch keine Begrenzung der Kosten des Arbeitszimmers wie in Deutschland auf 1.250 Euro. Die Steuererkl\u00e4rung wird daher anspruchsvoller sein, wenn man das Optimum herausholen will.<\/p>\n<p>[\/et_pb_text][\/et_pb_column][et_pb_column type=&#8220;1_3&#8243; _builder_version=&#8220;4.16&#8243; background_position=&#8220;top_left&#8220; custom_padding=&#8220;0px|0px|0px|&#8220; global_colors_info=&#8220;{}&#8220; custom_padding__hover=&#8220;|||&#8220;][et_pb_text admin_label=&#8220;Text Abstandshalter&#8220; _builder_version=&#8220;4.16&#8243; custom_margin=&#8220;0px|0px|49px|0px||&#8220; custom_padding=&#8220;0px|0px|0px|0px&#8220; global_colors_info=&#8220;{}&#8220;]<\/p>\n<p>\n<span style=\"color: #ffffff;\">:<\/span><br \/><span style=\"color: #ffffff;\">:<\/span><\/p>\n<p>[\/et_pb_text][et_pb_image src=&#8220;https:\/\/wonnebauer.de\/site\/wp-content\/uploads\/2023\/02\/study-room-g8a1d8678d_1280.png&#8220; title_text=&#8220;study-room-g8a1d8678d_1280&#8243; align_tablet=&#8220;center&#8220; align_phone=&#8220;&#8220; align_last_edited=&#8220;on|desktop&#8220; admin_label=&#8220;Organizer &#8220; _builder_version=&#8220;4.19.4&#8243; min_height=&#8220;113.7px&#8220; custom_margin=&#8220;||78px|||&#8220; z_index_tablet=&#8220;500&#8243; box_shadow_horizontal_tablet=&#8220;0px&#8220; box_shadow_vertical_tablet=&#8220;0px&#8220; box_shadow_blur_tablet=&#8220;40px&#8220; box_shadow_spread_tablet=&#8220;0px&#8220; global_colors_info=&#8220;{}&#8220;][\/et_pb_image][\/et_pb_column][\/et_pb_row][et_pb_row column_structure=&#8220;2_3,1_3&#8243; _builder_version=&#8220;4.16&#8243; global_colors_info=&#8220;{}&#8220;][et_pb_column type=&#8220;2_3&#8243; _builder_version=&#8220;4.16&#8243; background_position=&#8220;top_left&#8220; custom_padding=&#8220;0px|0px|0px|0px&#8220; global_colors_info=&#8220;{}&#8220; custom_padding__hover=&#8220;|||&#8220;][et_pb_text admin_label=&#8220;Text Abstandshalter&#8220; _builder_version=&#8220;4.16&#8243; custom_margin=&#8220;0px|0px|0px|0px&#8220; custom_padding=&#8220;0px|0px|0px|0px&#8220; global_colors_info=&#8220;{}&#8220;]<\/p>\n<p><span style=\"color: #ffffff;\">:<\/span><br \/><span style=\"color: #ffffff;\">:<\/span><\/p>\n<p>[\/et_pb_text][et_pb_text admin_label=&#8220;\u00dcberschrift: 50-Tage-Regel beachten&#8220; _builder_version=&#8220;4.16&#8243; z_index_tablet=&#8220;500&#8243; text_text_shadow_horizontal_length_tablet=&#8220;0px&#8220; text_text_shadow_vertical_length_tablet=&#8220;0px&#8220; text_text_shadow_blur_strength_tablet=&#8220;1px&#8220; link_text_shadow_horizontal_length_tablet=&#8220;0px&#8220; link_text_shadow_vertical_length_tablet=&#8220;0px&#8220; link_text_shadow_blur_strength_tablet=&#8220;1px&#8220; ul_text_shadow_horizontal_length_tablet=&#8220;0px&#8220; ul_text_shadow_vertical_length_tablet=&#8220;0px&#8220; ul_text_shadow_blur_strength_tablet=&#8220;1px&#8220; ol_text_shadow_horizontal_length_tablet=&#8220;0px&#8220; ol_text_shadow_vertical_length_tablet=&#8220;0px&#8220; ol_text_shadow_blur_strength_tablet=&#8220;1px&#8220; quote_text_shadow_horizontal_length_tablet=&#8220;0px&#8220; quote_text_shadow_vertical_length_tablet=&#8220;0px&#8220; quote_text_shadow_blur_strength_tablet=&#8220;1px&#8220; header_text_shadow_horizontal_length_tablet=&#8220;0px&#8220; header_text_shadow_vertical_length_tablet=&#8220;0px&#8220; header_text_shadow_blur_strength_tablet=&#8220;1px&#8220; header_2_text_shadow_horizontal_length_tablet=&#8220;0px&#8220; header_2_text_shadow_vertical_length_tablet=&#8220;0px&#8220; header_2_text_shadow_blur_strength_tablet=&#8220;1px&#8220; header_3_text_shadow_horizontal_length_tablet=&#8220;0px&#8220; header_3_text_shadow_vertical_length_tablet=&#8220;0px&#8220; header_3_text_shadow_blur_strength_tablet=&#8220;1px&#8220; header_4_text_shadow_horizontal_length_tablet=&#8220;0px&#8220; header_4_text_shadow_vertical_length_tablet=&#8220;0px&#8220; header_4_text_shadow_blur_strength_tablet=&#8220;1px&#8220; header_5_text_shadow_horizontal_length_tablet=&#8220;0px&#8220; header_5_text_shadow_vertical_length_tablet=&#8220;0px&#8220; header_5_text_shadow_blur_strength_tablet=&#8220;1px&#8220; header_6_text_shadow_horizontal_length_tablet=&#8220;0px&#8220; header_6_text_shadow_vertical_length_tablet=&#8220;0px&#8220; header_6_text_shadow_blur_strength_tablet=&#8220;1px&#8220; box_shadow_horizontal_tablet=&#8220;0px&#8220; box_shadow_vertical_tablet=&#8220;0px&#8220; box_shadow_blur_tablet=&#8220;40px&#8220; box_shadow_spread_tablet=&#8220;0px&#8220; global_colors_info=&#8220;{}&#8220;]<\/p>\n<h3><strong>50-Tage-Regel beachten<br \/><\/strong><\/h3>\n<p>[\/et_pb_text][et_pb_text admin_label=&#8220;Text: 50-Tage-Regel beachten&#8220; _builder_version=&#8220;4.16&#8243; z_index_tablet=&#8220;500&#8243; text_text_shadow_horizontal_length_tablet=&#8220;0px&#8220; text_text_shadow_vertical_length_tablet=&#8220;0px&#8220; text_text_shadow_blur_strength_tablet=&#8220;1px&#8220; link_text_shadow_horizontal_length_tablet=&#8220;0px&#8220; link_text_shadow_vertical_length_tablet=&#8220;0px&#8220; link_text_shadow_blur_strength_tablet=&#8220;1px&#8220; ul_text_shadow_horizontal_length_tablet=&#8220;0px&#8220; ul_text_shadow_vertical_length_tablet=&#8220;0px&#8220; ul_text_shadow_blur_strength_tablet=&#8220;1px&#8220; ol_text_shadow_horizontal_length_tablet=&#8220;0px&#8220; ol_text_shadow_vertical_length_tablet=&#8220;0px&#8220; ol_text_shadow_blur_strength_tablet=&#8220;1px&#8220; quote_text_shadow_horizontal_length_tablet=&#8220;0px&#8220; quote_text_shadow_vertical_length_tablet=&#8220;0px&#8220; quote_text_shadow_blur_strength_tablet=&#8220;1px&#8220; header_text_shadow_horizontal_length_tablet=&#8220;0px&#8220; header_text_shadow_vertical_length_tablet=&#8220;0px&#8220; header_text_shadow_blur_strength_tablet=&#8220;1px&#8220; header_2_text_shadow_horizontal_length_tablet=&#8220;0px&#8220; header_2_text_shadow_vertical_length_tablet=&#8220;0px&#8220; header_2_text_shadow_blur_strength_tablet=&#8220;1px&#8220; header_3_text_shadow_horizontal_length_tablet=&#8220;0px&#8220; header_3_text_shadow_vertical_length_tablet=&#8220;0px&#8220; header_3_text_shadow_blur_strength_tablet=&#8220;1px&#8220; header_4_text_shadow_horizontal_length_tablet=&#8220;0px&#8220; header_4_text_shadow_vertical_length_tablet=&#8220;0px&#8220; header_4_text_shadow_blur_strength_tablet=&#8220;1px&#8220; header_5_text_shadow_horizontal_length_tablet=&#8220;0px&#8220; header_5_text_shadow_vertical_length_tablet=&#8220;0px&#8220; header_5_text_shadow_blur_strength_tablet=&#8220;1px&#8220; header_6_text_shadow_horizontal_length_tablet=&#8220;0px&#8220; header_6_text_shadow_vertical_length_tablet=&#8220;0px&#8220; header_6_text_shadow_blur_strength_tablet=&#8220;1px&#8220; box_shadow_horizontal_tablet=&#8220;0px&#8220; box_shadow_vertical_tablet=&#8220;0px&#8220; box_shadow_blur_tablet=&#8220;40px&#8220; box_shadow_spread_tablet=&#8220;0px&#8220; global_colors_info=&#8220;{}&#8220;]<\/p>\n<p>Das absolute Limit f\u00fcr Grenzg\u00e4nger au\u00dferhalb Luxemburg zu arbeiten sollten 50 Tage sein. Zum einen gibt es hierzu eine Regel im Steuerrecht, zum andern im Sozialversicherungsrecht. Hier wollen wir nur die steuerrechtliche Seite betrachten.<\/p>\n<p>Verheiratete Grenzg\u00e4nger die bis zu 50 Tagen au\u00dferhalb Luxemburg arbeiten werden so gestellt, als w\u00fcrden Sie 90 Prozent ihrer Eink\u00fcnfte in Luxemburg erzielen. 50 von 220 Tagen ergibt ein Lohnanteil von 22,72 Prozent. In einem Rundschreiben des Steuerdirektors gibt es zwar noch eine Sonderregel, die f\u00fcr das \u00dcberschreiten der 50-Tage-Regel gilt. Die genaue Anwendung ist aber ungewiss.<\/p>\n<p>In einem aktuellen Fall hatte der Mitarbeiter 61 Tage au\u00dferhalb Luxemburgs gearbeitet. Dies f\u00fchrte letztendlich dazu, dass die Ausnahmeregelung verworfen wurde. Das B\u00fcro Z erkl\u00e4rte sich f\u00fcr unzust\u00e4ndig. Eine Einkommensteuererkl\u00e4rung war demnach nicht mehr m\u00f6glich. Die Angelegenheit wurde an das B\u00fcro RTS verwiesen. Von dort wurde auch keine Erstattung mehr gew\u00e4hrt. Dort wird dann das in Deutschland zu versteuernde Gehalt unter Progressionsvorbehalt ber\u00fccksichtigt. Die urspr\u00fcnglich vermutete Erstattung verwandelte sich sodann in eine Nachzahlung, von der die Finanzverwaltung im Rahmen dieses Verfahrens absieht. Eine Doppelbesteuerung liegt damit nach Ansicht der Steuerdirektion dennoch nicht vor. Alles entspreche den luxemburgischen Vorschriften.<\/p>\n<p>Insofern kann allen Grenzg\u00e4ngern nur geraten werden, um nicht unn\u00f6tig steuerlich belastet zu werden, die 50-Tage-Grenze zu beachten. Dass es eine Solche im Steuerrecht gibt, ist im Vergleich zu anderen Doppelbesteuerungsabkommen au\u00dfergew\u00f6hnlich vorteilhaft.<\/p>\n<p>[\/et_pb_text][\/et_pb_column][et_pb_column type=&#8220;1_3&#8243; _builder_version=&#8220;4.16&#8243; background_position=&#8220;top_left&#8220; custom_padding=&#8220;0px|0px|0px|&#8220; global_colors_info=&#8220;{}&#8220; custom_padding__hover=&#8220;|||&#8220;][et_pb_text admin_label=&#8220;Text Abstandshalter&#8220; _builder_version=&#8220;4.16&#8243; custom_margin=&#8220;0px|0px|49px|0px||&#8220; custom_padding=&#8220;0px|0px|0px|0px&#8220; global_colors_info=&#8220;{}&#8220;]<\/p>\n<p>\n<span style=\"color: #ffffff;\">:<\/span><br \/><span style=\"color: #ffffff;\">:<\/span><\/p>\n<p>[\/et_pb_text][et_pb_image src=&#8220;https:\/\/wonnebauer.de\/site\/wp-content\/uploads\/2022\/04\/organizer-g49bd69abc_1920.jpg&#8220; title_text=&#8220;organizer-g49bd69abc_1920&#8243; align_tablet=&#8220;center&#8220; align_phone=&#8220;&#8220; align_last_edited=&#8220;on|desktop&#8220; admin_label=&#8220;Organizer &#8220; _builder_version=&#8220;4.16&#8243; min_height=&#8220;113.7px&#8220; custom_margin=&#8220;||78px|||&#8220; z_index_tablet=&#8220;500&#8243; box_shadow_horizontal_tablet=&#8220;0px&#8220; box_shadow_vertical_tablet=&#8220;0px&#8220; box_shadow_blur_tablet=&#8220;40px&#8220; box_shadow_spread_tablet=&#8220;0px&#8220; global_colors_info=&#8220;{}&#8220;][\/et_pb_image][\/et_pb_column][\/et_pb_row][et_pb_row column_structure=&#8220;2_3,1_3&#8243; _builder_version=&#8220;4.16&#8243; global_colors_info=&#8220;{}&#8220;][et_pb_column type=&#8220;2_3&#8243; _builder_version=&#8220;4.16&#8243; background_position=&#8220;top_left&#8220; custom_padding=&#8220;0px|0px|0px|0px&#8220; global_colors_info=&#8220;{}&#8220; custom_padding__hover=&#8220;|||&#8220;][et_pb_text admin_label=&#8220;Text Abstandshalter&#8220; _builder_version=&#8220;4.16&#8243; custom_margin=&#8220;0px|0px|0px|0px&#8220; custom_padding=&#8220;0px|0px|0px|0px&#8220; global_colors_info=&#8220;{}&#8220;]<\/p>\n<p><span style=\"color: #ffffff;\">:<\/span><br \/><span style=\"color: #ffffff;\">:<\/span><\/p>\n<p>[\/et_pb_text][et_pb_text admin_label=&#8220;\u00dcberschrift: Kraftfahrzeugsteuer&#8220; _builder_version=&#8220;4.16&#8243; z_index_tablet=&#8220;500&#8243; text_text_shadow_horizontal_length_tablet=&#8220;0px&#8220; text_text_shadow_vertical_length_tablet=&#8220;0px&#8220; text_text_shadow_blur_strength_tablet=&#8220;1px&#8220; link_text_shadow_horizontal_length_tablet=&#8220;0px&#8220; link_text_shadow_vertical_length_tablet=&#8220;0px&#8220; link_text_shadow_blur_strength_tablet=&#8220;1px&#8220; ul_text_shadow_horizontal_length_tablet=&#8220;0px&#8220; ul_text_shadow_vertical_length_tablet=&#8220;0px&#8220; ul_text_shadow_blur_strength_tablet=&#8220;1px&#8220; ol_text_shadow_horizontal_length_tablet=&#8220;0px&#8220; ol_text_shadow_vertical_length_tablet=&#8220;0px&#8220; ol_text_shadow_blur_strength_tablet=&#8220;1px&#8220; quote_text_shadow_horizontal_length_tablet=&#8220;0px&#8220; quote_text_shadow_vertical_length_tablet=&#8220;0px&#8220; quote_text_shadow_blur_strength_tablet=&#8220;1px&#8220; header_text_shadow_horizontal_length_tablet=&#8220;0px&#8220; header_text_shadow_vertical_length_tablet=&#8220;0px&#8220; header_text_shadow_blur_strength_tablet=&#8220;1px&#8220; header_2_text_shadow_horizontal_length_tablet=&#8220;0px&#8220; header_2_text_shadow_vertical_length_tablet=&#8220;0px&#8220; header_2_text_shadow_blur_strength_tablet=&#8220;1px&#8220; header_3_text_shadow_horizontal_length_tablet=&#8220;0px&#8220; header_3_text_shadow_vertical_length_tablet=&#8220;0px&#8220; header_3_text_shadow_blur_strength_tablet=&#8220;1px&#8220; header_4_text_shadow_horizontal_length_tablet=&#8220;0px&#8220; header_4_text_shadow_vertical_length_tablet=&#8220;0px&#8220; header_4_text_shadow_blur_strength_tablet=&#8220;1px&#8220; header_5_text_shadow_horizontal_length_tablet=&#8220;0px&#8220; header_5_text_shadow_vertical_length_tablet=&#8220;0px&#8220; header_5_text_shadow_blur_strength_tablet=&#8220;1px&#8220; header_6_text_shadow_horizontal_length_tablet=&#8220;0px&#8220; header_6_text_shadow_vertical_length_tablet=&#8220;0px&#8220; header_6_text_shadow_blur_strength_tablet=&#8220;1px&#8220; box_shadow_horizontal_tablet=&#8220;0px&#8220; box_shadow_vertical_tablet=&#8220;0px&#8220; box_shadow_blur_tablet=&#8220;40px&#8220; box_shadow_spread_tablet=&#8220;0px&#8220; global_colors_info=&#8220;{}&#8220;]<\/p>\n<h3><strong>Kraftfahrzeugsteuer<br \/><\/strong><\/h3>\n<p>[\/et_pb_text][et_pb_text admin_label=&#8220;Text: Kraftfahrzeugsteuer&#8220; _builder_version=&#8220;4.16&#8243; z_index_tablet=&#8220;500&#8243; text_text_shadow_horizontal_length_tablet=&#8220;0px&#8220; text_text_shadow_vertical_length_tablet=&#8220;0px&#8220; text_text_shadow_blur_strength_tablet=&#8220;1px&#8220; link_text_shadow_horizontal_length_tablet=&#8220;0px&#8220; link_text_shadow_vertical_length_tablet=&#8220;0px&#8220; link_text_shadow_blur_strength_tablet=&#8220;1px&#8220; ul_text_shadow_horizontal_length_tablet=&#8220;0px&#8220; ul_text_shadow_vertical_length_tablet=&#8220;0px&#8220; ul_text_shadow_blur_strength_tablet=&#8220;1px&#8220; ol_text_shadow_horizontal_length_tablet=&#8220;0px&#8220; ol_text_shadow_vertical_length_tablet=&#8220;0px&#8220; ol_text_shadow_blur_strength_tablet=&#8220;1px&#8220; quote_text_shadow_horizontal_length_tablet=&#8220;0px&#8220; quote_text_shadow_vertical_length_tablet=&#8220;0px&#8220; quote_text_shadow_blur_strength_tablet=&#8220;1px&#8220; header_text_shadow_horizontal_length_tablet=&#8220;0px&#8220; header_text_shadow_vertical_length_tablet=&#8220;0px&#8220; header_text_shadow_blur_strength_tablet=&#8220;1px&#8220; header_2_text_shadow_horizontal_length_tablet=&#8220;0px&#8220; header_2_text_shadow_vertical_length_tablet=&#8220;0px&#8220; header_2_text_shadow_blur_strength_tablet=&#8220;1px&#8220; header_3_text_shadow_horizontal_length_tablet=&#8220;0px&#8220; header_3_text_shadow_vertical_length_tablet=&#8220;0px&#8220; header_3_text_shadow_blur_strength_tablet=&#8220;1px&#8220; header_4_text_shadow_horizontal_length_tablet=&#8220;0px&#8220; header_4_text_shadow_vertical_length_tablet=&#8220;0px&#8220; header_4_text_shadow_blur_strength_tablet=&#8220;1px&#8220; header_5_text_shadow_horizontal_length_tablet=&#8220;0px&#8220; header_5_text_shadow_vertical_length_tablet=&#8220;0px&#8220; header_5_text_shadow_blur_strength_tablet=&#8220;1px&#8220; header_6_text_shadow_horizontal_length_tablet=&#8220;0px&#8220; header_6_text_shadow_vertical_length_tablet=&#8220;0px&#8220; header_6_text_shadow_blur_strength_tablet=&#8220;1px&#8220; box_shadow_horizontal_tablet=&#8220;0px&#8220; box_shadow_vertical_tablet=&#8220;0px&#8220; box_shadow_blur_tablet=&#8220;40px&#8220; box_shadow_spread_tablet=&#8220;0px&#8220; global_colors_info=&#8220;{}&#8220;]<\/p>\n<p>Der Zoll kontrolliert immer mehr Grenzg\u00e4nger, ob auch die Kraftfahrzeugsteuer richtig abgef\u00fchrt wurde. Zum einen treffen die Kontrollen Fahrzeuge mit luxemburger Kennzeichen, die in Deutschland geparkt werden, zum anderen geht es auch um andere europ\u00e4ische Kennzeichen, die \u00fcberpr\u00fcft werden.<\/p>\n<p>Grunds\u00e4tzlich gilt auch f\u00fcr Fahrzeuge eine Art Wohnsitzprinzip. Die KFZ-Steuer muss da gezahlt werden, wo sich das Fahrzeug aufh\u00e4lt.<\/p>\n<p>Viele Luxemburger, die in Deutschland wohnen, legen jedoch aus oftmals nicht nachvollziehbaren Gr\u00fcnden Wert darauf, weiterhin ein luxemburgisches Nummernschild zu f\u00fchren. Rational gesehen ergibt dies keinen Sinn. In Deutschland sind in jedem Fall die KFZ-Versicherungen viel g\u00fcnstiger als in Luxemburg. Die KFZ-Steuer ist \u00e4hnlich. In der Gesamtsumme ist es also viel vorteilhafter, ein deutsches Nummernschild zu f\u00fchren und die KFZ-Steuer in Deutschland zu zahlen.<\/p>\n<p>Bei anderen europ\u00e4ischen Staaten mag dies anders sein. Wer beispielsweise als polnischer Staatsb\u00fcrger in Deutschland wohnt und in Luxemburg arbeitet, muss gegen\u00fcber dem Finanzamt darlegen wo er sich haupts\u00e4chlich aufh\u00e4lt. In Polen wird jedenfalls keine Kraftfahrzeugsteuer bezahlt. Die Rechtsfindung h\u00e4ngt dann oft von dem banalen Z\u00e4hlen der Aufenthaltstage in Deutschland, Polen und Luxemburg ab.<\/p>\n<p>[\/et_pb_text][\/et_pb_column][et_pb_column type=&#8220;1_3&#8243; _builder_version=&#8220;4.16&#8243; background_position=&#8220;top_left&#8220; custom_padding=&#8220;0px|0px|0px|&#8220; global_colors_info=&#8220;{}&#8220; custom_padding__hover=&#8220;|||&#8220;][et_pb_text admin_label=&#8220;Text Abstandshalter&#8220; _builder_version=&#8220;4.16&#8243; custom_margin=&#8220;0px|0px|0px|0px&#8220; custom_padding=&#8220;0px|0px|0px|0px&#8220; global_colors_info=&#8220;{}&#8220;]<\/p>\n<p>\n<span style=\"color: #ffffff;\">:<\/span><br \/><span style=\"color: #ffffff;\">:<\/span><\/p>\n<p>[\/et_pb_text][et_pb_image src=&#8220;https:\/\/wonnebauer.de\/site\/wp-content\/uploads\/2021\/11\/oldtimer-g45ad22153_1920.jpg&#8220; title_text=&#8220;oldtimer-g45ad22153_1920&#8243; align_tablet=&#8220;center&#8220; align_phone=&#8220;&#8220; align_last_edited=&#8220;on|desktop&#8220; admin_label=&#8220;Bild Oldtimer&#8220; _builder_version=&#8220;4.16&#8243; min_height=&#8220;208.7px&#8220; custom_margin=&#8220;47px||0px|||&#8220; z_index_tablet=&#8220;500&#8243; box_shadow_horizontal_tablet=&#8220;0px&#8220; box_shadow_vertical_tablet=&#8220;0px&#8220; box_shadow_blur_tablet=&#8220;40px&#8220; box_shadow_spread_tablet=&#8220;0px&#8220; global_colors_info=&#8220;{}&#8220;][\/et_pb_image][\/et_pb_column][\/et_pb_row][et_pb_row column_structure=&#8220;2_3,1_3&#8243; _builder_version=&#8220;4.16&#8243; global_colors_info=&#8220;{}&#8220;][et_pb_column type=&#8220;2_3&#8243; _builder_version=&#8220;4.16&#8243; background_position=&#8220;top_left&#8220; custom_padding=&#8220;0px|0px|0px|0px&#8220; global_colors_info=&#8220;{}&#8220; custom_padding__hover=&#8220;|||&#8220;][et_pb_text admin_label=&#8220;Text Abstandshalter&#8220; _builder_version=&#8220;4.16&#8243; custom_margin=&#8220;0px|0px|0px|0px&#8220; custom_padding=&#8220;0px|0px|0px|0px&#8220; global_colors_info=&#8220;{}&#8220;]<\/p>\n<p><span style=\"color: #ffffff;\">:<\/span><br \/><span style=\"color: #ffffff;\">:<\/span><\/p>\n<p>[\/et_pb_text][et_pb_text admin_label=&#8220;\u00dcberschrift: Sozialplan&#8220; _builder_version=&#8220;4.16&#8243; z_index_tablet=&#8220;500&#8243; text_text_shadow_horizontal_length_tablet=&#8220;0px&#8220; text_text_shadow_vertical_length_tablet=&#8220;0px&#8220; text_text_shadow_blur_strength_tablet=&#8220;1px&#8220; link_text_shadow_horizontal_length_tablet=&#8220;0px&#8220; link_text_shadow_vertical_length_tablet=&#8220;0px&#8220; link_text_shadow_blur_strength_tablet=&#8220;1px&#8220; ul_text_shadow_horizontal_length_tablet=&#8220;0px&#8220; ul_text_shadow_vertical_length_tablet=&#8220;0px&#8220; ul_text_shadow_blur_strength_tablet=&#8220;1px&#8220; ol_text_shadow_horizontal_length_tablet=&#8220;0px&#8220; ol_text_shadow_vertical_length_tablet=&#8220;0px&#8220; ol_text_shadow_blur_strength_tablet=&#8220;1px&#8220; quote_text_shadow_horizontal_length_tablet=&#8220;0px&#8220; quote_text_shadow_vertical_length_tablet=&#8220;0px&#8220; quote_text_shadow_blur_strength_tablet=&#8220;1px&#8220; header_text_shadow_horizontal_length_tablet=&#8220;0px&#8220; header_text_shadow_vertical_length_tablet=&#8220;0px&#8220; header_text_shadow_blur_strength_tablet=&#8220;1px&#8220; header_2_text_shadow_horizontal_length_tablet=&#8220;0px&#8220; header_2_text_shadow_vertical_length_tablet=&#8220;0px&#8220; header_2_text_shadow_blur_strength_tablet=&#8220;1px&#8220; header_3_text_shadow_horizontal_length_tablet=&#8220;0px&#8220; header_3_text_shadow_vertical_length_tablet=&#8220;0px&#8220; header_3_text_shadow_blur_strength_tablet=&#8220;1px&#8220; header_4_text_shadow_horizontal_length_tablet=&#8220;0px&#8220; header_4_text_shadow_vertical_length_tablet=&#8220;0px&#8220; header_4_text_shadow_blur_strength_tablet=&#8220;1px&#8220; header_5_text_shadow_horizontal_length_tablet=&#8220;0px&#8220; header_5_text_shadow_vertical_length_tablet=&#8220;0px&#8220; header_5_text_shadow_blur_strength_tablet=&#8220;1px&#8220; header_6_text_shadow_horizontal_length_tablet=&#8220;0px&#8220; header_6_text_shadow_vertical_length_tablet=&#8220;0px&#8220; header_6_text_shadow_blur_strength_tablet=&#8220;1px&#8220; box_shadow_horizontal_tablet=&#8220;0px&#8220; box_shadow_vertical_tablet=&#8220;0px&#8220; box_shadow_blur_tablet=&#8220;40px&#8220; box_shadow_spread_tablet=&#8220;0px&#8220; global_colors_info=&#8220;{}&#8220;]<\/p>\n<h3><strong>Sozialplan<br \/><\/strong><\/h3>\n<p>[\/et_pb_text][et_pb_text admin_label=&#8220;Text: Sozialplan&#8220; _builder_version=&#8220;4.16&#8243; z_index_tablet=&#8220;500&#8243; text_text_shadow_horizontal_length_tablet=&#8220;0px&#8220; text_text_shadow_vertical_length_tablet=&#8220;0px&#8220; text_text_shadow_blur_strength_tablet=&#8220;1px&#8220; link_text_shadow_horizontal_length_tablet=&#8220;0px&#8220; link_text_shadow_vertical_length_tablet=&#8220;0px&#8220; link_text_shadow_blur_strength_tablet=&#8220;1px&#8220; ul_text_shadow_horizontal_length_tablet=&#8220;0px&#8220; ul_text_shadow_vertical_length_tablet=&#8220;0px&#8220; ul_text_shadow_blur_strength_tablet=&#8220;1px&#8220; ol_text_shadow_horizontal_length_tablet=&#8220;0px&#8220; ol_text_shadow_vertical_length_tablet=&#8220;0px&#8220; ol_text_shadow_blur_strength_tablet=&#8220;1px&#8220; quote_text_shadow_horizontal_length_tablet=&#8220;0px&#8220; quote_text_shadow_vertical_length_tablet=&#8220;0px&#8220; quote_text_shadow_blur_strength_tablet=&#8220;1px&#8220; header_text_shadow_horizontal_length_tablet=&#8220;0px&#8220; header_text_shadow_vertical_length_tablet=&#8220;0px&#8220; header_text_shadow_blur_strength_tablet=&#8220;1px&#8220; header_2_text_shadow_horizontal_length_tablet=&#8220;0px&#8220; header_2_text_shadow_vertical_length_tablet=&#8220;0px&#8220; header_2_text_shadow_blur_strength_tablet=&#8220;1px&#8220; header_3_text_shadow_horizontal_length_tablet=&#8220;0px&#8220; header_3_text_shadow_vertical_length_tablet=&#8220;0px&#8220; header_3_text_shadow_blur_strength_tablet=&#8220;1px&#8220; header_4_text_shadow_horizontal_length_tablet=&#8220;0px&#8220; header_4_text_shadow_vertical_length_tablet=&#8220;0px&#8220; header_4_text_shadow_blur_strength_tablet=&#8220;1px&#8220; header_5_text_shadow_horizontal_length_tablet=&#8220;0px&#8220; header_5_text_shadow_vertical_length_tablet=&#8220;0px&#8220; header_5_text_shadow_blur_strength_tablet=&#8220;1px&#8220; header_6_text_shadow_horizontal_length_tablet=&#8220;0px&#8220; header_6_text_shadow_vertical_length_tablet=&#8220;0px&#8220; header_6_text_shadow_blur_strength_tablet=&#8220;1px&#8220; box_shadow_horizontal_tablet=&#8220;0px&#8220; box_shadow_vertical_tablet=&#8220;0px&#8220; box_shadow_blur_tablet=&#8220;40px&#8220; box_shadow_spread_tablet=&#8220;0px&#8220; global_colors_info=&#8220;{}&#8220;]<\/p>\n<p>Massenentlassungen werden in Luxemburg durch einen Sozialplan geregelt. Der Sozialplan ist im Steuerrecht beg\u00fcnstigt. Wenn n\u00e4mlich eine Freistellung innerhalb eines Sozialplanes erfolgt, hat Luxemburg das Besteuerungsrecht an dem Lohn. In allen anderen K\u00fcndigungsf\u00e4llen hat Deutschland das Besteuerungsrecht. Dieser mehr oder weniger ungeschriebene Rechtssatz ist aktuell noch eine Grauzone, da er in Luxemburg eher unbekannt ist. Denn die luxemburgischen Arbeitgeber besteuern den Lohn auch bei Betriebsvereinbarungen oder normalen K\u00fcndigungen in Luxemburg. Es handelt sich also um unbekanntes Terrain bei den luxemburgischen Personalabteilungen.<\/p>\n<p>F\u00fcr die deutsche Finanzverwaltung ist die Rechtslage jedoch wieder einmal ganz klar:<\/p>\n<p>Wo nicht Sozialplan drauf steht erfolgt die Besteuerung in Deutschland.<\/p>\n<p>In der Vergangenheit hatte das Finanzamt Trier jedenfalls Betriebsvereinbarungen den Sozialpl\u00e4nen gleichgestellt. Damit ist es nun vorbei. Arbeitnehmer sollten also im Rahmen von K\u00fcndigungen bedenken, welche Steuerlast f\u00fcr sie entsteht, weil die Besteuerung letztendlich in Deutschland zu erfolgen hat. Sie sollten Ihren Arbeitgeber darauf hinweisen, der dies offensichtlich regelm\u00e4\u00dfig nicht wei\u00df bzw. von luxemburgischen Anw\u00e4lten anders beraten wird.<\/p>\n<p>Da es sich bei der Verst\u00e4ndigungsvereinbarung bzgl. der Sozialpl\u00e4ne schon um eine Ausnahme von der Regel handelt ist davon auszugehen, dass ein Gericht die Betriebsvereinbarungen der Sozialpl\u00e4ne nicht gleichstellen wird. Auch ein Verst\u00e4ndigungsverfahren wird nicht zu diesem Ergebnis f\u00fchren, denn die Linie der deutschen Finanzverwaltung ist wieder einmal festgefahren. Grenzg\u00e4nger sollten sich also auf diese Wirren schon einmal vorbereiten.<\/p>\n<p>[\/et_pb_text][\/et_pb_column][et_pb_column type=&#8220;1_3&#8243; _builder_version=&#8220;4.16&#8243; background_position=&#8220;top_left&#8220; custom_padding=&#8220;0px|0px|0px|&#8220; global_colors_info=&#8220;{}&#8220; custom_padding__hover=&#8220;|||&#8220;][et_pb_text admin_label=&#8220;Text Abstandshalter&#8220; _builder_version=&#8220;4.16&#8243; custom_margin=&#8220;0px|0px|0px|0px&#8220; custom_padding=&#8220;0px|0px|0px|0px&#8220; global_colors_info=&#8220;{}&#8220;]<\/p>\n<p>\n<span style=\"color: #ffffff;\">:<\/span><br \/><span style=\"color: #ffffff;\">:<\/span><\/p>\n<p>[\/et_pb_text][et_pb_image src=&#8220;https:\/\/wonnebauer.de\/site\/wp-content\/uploads\/2021\/10\/lady-justice-g8ed2058d4_1920.jpg&#8220; title_text=&#8220;lady-justice-g8ed2058d4_1920&#8243; align_tablet=&#8220;center&#8220; align_phone=&#8220;&#8220; align_last_edited=&#8220;on|desktop&#8220; admin_label=&#8220;Bild  Uhren &#8220; _builder_version=&#8220;4.16&#8243; custom_margin=&#8220;71px||0px|||&#8220; z_index_tablet=&#8220;500&#8243; box_shadow_horizontal_tablet=&#8220;0px&#8220; box_shadow_vertical_tablet=&#8220;0px&#8220; box_shadow_blur_tablet=&#8220;40px&#8220; box_shadow_spread_tablet=&#8220;0px&#8220; global_colors_info=&#8220;{}&#8220;][\/et_pb_image][\/et_pb_column][\/et_pb_row][et_pb_row column_structure=&#8220;2_3,1_3&#8243; _builder_version=&#8220;4.16&#8243; global_colors_info=&#8220;{}&#8220;][et_pb_column type=&#8220;2_3&#8243; _builder_version=&#8220;4.16&#8243; background_position=&#8220;top_left&#8220; custom_padding=&#8220;0px|0px|0px|0px&#8220; global_colors_info=&#8220;{}&#8220; custom_padding__hover=&#8220;|||&#8220;][et_pb_text admin_label=&#8220;Text Abstandshalter&#8220; _builder_version=&#8220;4.16&#8243; custom_margin=&#8220;0px|0px|0px|0px&#8220; custom_padding=&#8220;0px|0px|0px|0px&#8220; global_colors_info=&#8220;{}&#8220;]<\/p>\n<p>\n<span style=\"color: #ffffff;\">:<\/span><br \/><span style=\"color: #ffffff;\">:<\/span><\/p>\n<p>[\/et_pb_text][et_pb_text admin_label=&#8220;\u00dcberschrift: Grenzg\u00e4nger und Nebenjob&#8220; _builder_version=&#8220;4.16&#8243; z_index_tablet=&#8220;500&#8243; text_text_shadow_horizontal_length_tablet=&#8220;0px&#8220; text_text_shadow_vertical_length_tablet=&#8220;0px&#8220; text_text_shadow_blur_strength_tablet=&#8220;1px&#8220; link_text_shadow_horizontal_length_tablet=&#8220;0px&#8220; link_text_shadow_vertical_length_tablet=&#8220;0px&#8220; link_text_shadow_blur_strength_tablet=&#8220;1px&#8220; ul_text_shadow_horizontal_length_tablet=&#8220;0px&#8220; ul_text_shadow_vertical_length_tablet=&#8220;0px&#8220; ul_text_shadow_blur_strength_tablet=&#8220;1px&#8220; ol_text_shadow_horizontal_length_tablet=&#8220;0px&#8220; ol_text_shadow_vertical_length_tablet=&#8220;0px&#8220; ol_text_shadow_blur_strength_tablet=&#8220;1px&#8220; quote_text_shadow_horizontal_length_tablet=&#8220;0px&#8220; quote_text_shadow_vertical_length_tablet=&#8220;0px&#8220; quote_text_shadow_blur_strength_tablet=&#8220;1px&#8220; header_text_shadow_horizontal_length_tablet=&#8220;0px&#8220; header_text_shadow_vertical_length_tablet=&#8220;0px&#8220; header_text_shadow_blur_strength_tablet=&#8220;1px&#8220; header_2_text_shadow_horizontal_length_tablet=&#8220;0px&#8220; header_2_text_shadow_vertical_length_tablet=&#8220;0px&#8220; header_2_text_shadow_blur_strength_tablet=&#8220;1px&#8220; header_3_text_shadow_horizontal_length_tablet=&#8220;0px&#8220; header_3_text_shadow_vertical_length_tablet=&#8220;0px&#8220; header_3_text_shadow_blur_strength_tablet=&#8220;1px&#8220; header_4_text_shadow_horizontal_length_tablet=&#8220;0px&#8220; header_4_text_shadow_vertical_length_tablet=&#8220;0px&#8220; header_4_text_shadow_blur_strength_tablet=&#8220;1px&#8220; header_5_text_shadow_horizontal_length_tablet=&#8220;0px&#8220; header_5_text_shadow_vertical_length_tablet=&#8220;0px&#8220; header_5_text_shadow_blur_strength_tablet=&#8220;1px&#8220; header_6_text_shadow_horizontal_length_tablet=&#8220;0px&#8220; header_6_text_shadow_vertical_length_tablet=&#8220;0px&#8220; header_6_text_shadow_blur_strength_tablet=&#8220;1px&#8220; box_shadow_horizontal_tablet=&#8220;0px&#8220; box_shadow_vertical_tablet=&#8220;0px&#8220; box_shadow_blur_tablet=&#8220;40px&#8220; box_shadow_spread_tablet=&#8220;0px&#8220; global_colors_info=&#8220;{}&#8220;]<\/p>\n<h3><strong>Grenzg\u00e4nger und Nebenjob<br \/><\/strong><\/h3>\n<p>[\/et_pb_text][et_pb_text admin_label=&#8220;Text  Grenzg\u00e4nger und Nebenjob &#8220; _builder_version=&#8220;4.16&#8243; z_index_tablet=&#8220;500&#8243; text_text_shadow_horizontal_length_tablet=&#8220;0px&#8220; text_text_shadow_vertical_length_tablet=&#8220;0px&#8220; text_text_shadow_blur_strength_tablet=&#8220;1px&#8220; link_text_shadow_horizontal_length_tablet=&#8220;0px&#8220; link_text_shadow_vertical_length_tablet=&#8220;0px&#8220; link_text_shadow_blur_strength_tablet=&#8220;1px&#8220; ul_text_shadow_horizontal_length_tablet=&#8220;0px&#8220; ul_text_shadow_vertical_length_tablet=&#8220;0px&#8220; ul_text_shadow_blur_strength_tablet=&#8220;1px&#8220; ol_text_shadow_horizontal_length_tablet=&#8220;0px&#8220; ol_text_shadow_vertical_length_tablet=&#8220;0px&#8220; ol_text_shadow_blur_strength_tablet=&#8220;1px&#8220; quote_text_shadow_horizontal_length_tablet=&#8220;0px&#8220; quote_text_shadow_vertical_length_tablet=&#8220;0px&#8220; quote_text_shadow_blur_strength_tablet=&#8220;1px&#8220; header_text_shadow_horizontal_length_tablet=&#8220;0px&#8220; header_text_shadow_vertical_length_tablet=&#8220;0px&#8220; header_text_shadow_blur_strength_tablet=&#8220;1px&#8220; header_2_text_shadow_horizontal_length_tablet=&#8220;0px&#8220; header_2_text_shadow_vertical_length_tablet=&#8220;0px&#8220; header_2_text_shadow_blur_strength_tablet=&#8220;1px&#8220; header_3_text_shadow_horizontal_length_tablet=&#8220;0px&#8220; header_3_text_shadow_vertical_length_tablet=&#8220;0px&#8220; header_3_text_shadow_blur_strength_tablet=&#8220;1px&#8220; header_4_text_shadow_horizontal_length_tablet=&#8220;0px&#8220; header_4_text_shadow_vertical_length_tablet=&#8220;0px&#8220; header_4_text_shadow_blur_strength_tablet=&#8220;1px&#8220; header_5_text_shadow_horizontal_length_tablet=&#8220;0px&#8220; header_5_text_shadow_vertical_length_tablet=&#8220;0px&#8220; header_5_text_shadow_blur_strength_tablet=&#8220;1px&#8220; header_6_text_shadow_horizontal_length_tablet=&#8220;0px&#8220; header_6_text_shadow_vertical_length_tablet=&#8220;0px&#8220; header_6_text_shadow_blur_strength_tablet=&#8220;1px&#8220; box_shadow_horizontal_tablet=&#8220;0px&#8220; box_shadow_vertical_tablet=&#8220;0px&#8220; box_shadow_blur_tablet=&#8220;40px&#8220; box_shadow_spread_tablet=&#8220;0px&#8220; global_colors_info=&#8220;{}&#8220;]<\/p>\n<p>Es gibt Grenzg\u00e4nger, die gerne auch noch in Deutschland einem Hobby nachgehen und damit Geld verdienen. <\/p>\n<p>Das sind zum einen T\u00e4tigkeiten in Sportvereinen oder Fitnessclubs oder als Musiker oder Nebenerwerbslandwirt. Die Variationen sind vielf\u00e4ltig. <\/p>\n<p>Welche Folgen hat dies f\u00fcr die <strong>Besteuerung<\/strong>? Insbesondere der Minijob soll hier behandelt werden. <\/p>\n<p>Gew\u00f6hnlich ist der <strong>Minijob<\/strong> in Deutschland steuer-und sozialversicherungsfrei. <\/p>\n<p>Bei Grenzg\u00e4ngern liegt der Fall jedoch komplett anders. Da bei zwei Besch\u00e4ftigungsverh\u00e4ltnissen die Sozialversicherung koordiniert werden muss, ist der Minijob in Deutschland <strong>nicht steuerfrei<\/strong>. Er muss vielmehr auf Steuerkarte abgerechnet werden und in der deutschen Steuererkl\u00e4rung wie eine normale Anstellung versteuert werden. <\/p>\n<p>Die auf diesen Nebenjob entfallende <strong>Sozialversicherung<\/strong> muss an die luxemburgische CCSS gezahlt werden. Sie kann jedoch in der deutschen Steuererkl\u00e4rung wiederum steuermindernd geltend gemacht werden, weil sie sich auf den deutschen Lohn bezieht. <\/p>\n<p>Je nach Arbeitgeber ist dieses komplexe Verfahren umst\u00e4ndlich und nicht bekannt. <\/p>\n<p>Letztendlich ist der richtige Minijobber sogar f\u00fcr den Arbeitgeber teurer als der Grenzg\u00e4nger mit Minijob, da die Sozialabgaben eben in Luxemburg geringer sind.<\/p>\n<p>[\/et_pb_text][\/et_pb_column][et_pb_column type=&#8220;1_3&#8243; _builder_version=&#8220;4.16&#8243; background_position=&#8220;top_left&#8220; custom_padding=&#8220;0px|0px|0px|&#8220; global_colors_info=&#8220;{}&#8220; custom_padding__hover=&#8220;|||&#8220;][et_pb_text admin_label=&#8220;Text Abstandshalter&#8220; _builder_version=&#8220;4.16&#8243; custom_margin=&#8220;0px|0px|0px|0px&#8220; custom_padding=&#8220;0px|0px|98px|0px||&#8220; global_colors_info=&#8220;{}&#8220;]<\/p>\n<p>\n<span style=\"color: #ffffff;\">:<\/span><br \/><span style=\"color: #ffffff;\">:<\/span><\/p>\n<p>[\/et_pb_text][et_pb_image src=&#8220;https:\/\/wonnebauer.de\/site\/wp-content\/uploads\/2018\/06\/Wonnebauer_schilder_lux_trier_DSC01342_001.jpg&#8220; align_tablet=&#8220;center&#8220; align_phone=&#8220;&#8220; align_last_edited=&#8220;on|desktop&#8220; admin_label=&#8220;Bild  Ich mit Buch Klage im Steuerrecht&#8220; _builder_version=&#8220;4.16&#8243; custom_margin=&#8220;||0px|&#8220; z_index_tablet=&#8220;500&#8243; box_shadow_horizontal_tablet=&#8220;0px&#8220; box_shadow_vertical_tablet=&#8220;0px&#8220; box_shadow_blur_tablet=&#8220;40px&#8220; box_shadow_spread_tablet=&#8220;0px&#8220; global_colors_info=&#8220;{}&#8220;][\/et_pb_image][\/et_pb_column][\/et_pb_row][et_pb_row column_structure=&#8220;2_3,1_3&#8243; _builder_version=&#8220;4.16&#8243; global_colors_info=&#8220;{}&#8220;][et_pb_column type=&#8220;2_3&#8243; _builder_version=&#8220;4.16&#8243; background_position=&#8220;top_left&#8220; custom_padding=&#8220;0px|0px|0px|0px&#8220; global_colors_info=&#8220;{}&#8220; custom_padding__hover=&#8220;|||&#8220;][et_pb_text admin_label=&#8220;Text Abstandshalter&#8220; _builder_version=&#8220;4.16&#8243; custom_margin=&#8220;0px|0px|0px|0px&#8220; custom_padding=&#8220;0px|0px|0px|0px&#8220; global_colors_info=&#8220;{}&#8220;]<\/p>\n<p>\n<span style=\"color: #ffffff;\">:<\/span><br \/><span style=\"color: #ffffff;\">:<\/span><\/p>\n<p>[\/et_pb_text][et_pb_text admin_label=&#8220;\u00dcberschrift: Ausnahme  19 . Tage Regel&#8220; _builder_version=&#8220;4.16&#8243; z_index_tablet=&#8220;500&#8243; text_text_shadow_horizontal_length_tablet=&#8220;0px&#8220; text_text_shadow_vertical_length_tablet=&#8220;0px&#8220; text_text_shadow_blur_strength_tablet=&#8220;1px&#8220; link_text_shadow_horizontal_length_tablet=&#8220;0px&#8220; link_text_shadow_vertical_length_tablet=&#8220;0px&#8220; link_text_shadow_blur_strength_tablet=&#8220;1px&#8220; ul_text_shadow_horizontal_length_tablet=&#8220;0px&#8220; ul_text_shadow_vertical_length_tablet=&#8220;0px&#8220; ul_text_shadow_blur_strength_tablet=&#8220;1px&#8220; ol_text_shadow_horizontal_length_tablet=&#8220;0px&#8220; ol_text_shadow_vertical_length_tablet=&#8220;0px&#8220; ol_text_shadow_blur_strength_tablet=&#8220;1px&#8220; quote_text_shadow_horizontal_length_tablet=&#8220;0px&#8220; quote_text_shadow_vertical_length_tablet=&#8220;0px&#8220; quote_text_shadow_blur_strength_tablet=&#8220;1px&#8220; header_text_shadow_horizontal_length_tablet=&#8220;0px&#8220; header_text_shadow_vertical_length_tablet=&#8220;0px&#8220; header_text_shadow_blur_strength_tablet=&#8220;1px&#8220; header_2_text_shadow_horizontal_length_tablet=&#8220;0px&#8220; header_2_text_shadow_vertical_length_tablet=&#8220;0px&#8220; header_2_text_shadow_blur_strength_tablet=&#8220;1px&#8220; header_3_text_shadow_horizontal_length_tablet=&#8220;0px&#8220; header_3_text_shadow_vertical_length_tablet=&#8220;0px&#8220; header_3_text_shadow_blur_strength_tablet=&#8220;1px&#8220; header_4_text_shadow_horizontal_length_tablet=&#8220;0px&#8220; header_4_text_shadow_vertical_length_tablet=&#8220;0px&#8220; header_4_text_shadow_blur_strength_tablet=&#8220;1px&#8220; header_5_text_shadow_horizontal_length_tablet=&#8220;0px&#8220; header_5_text_shadow_vertical_length_tablet=&#8220;0px&#8220; header_5_text_shadow_blur_strength_tablet=&#8220;1px&#8220; header_6_text_shadow_horizontal_length_tablet=&#8220;0px&#8220; header_6_text_shadow_vertical_length_tablet=&#8220;0px&#8220; header_6_text_shadow_blur_strength_tablet=&#8220;1px&#8220; box_shadow_horizontal_tablet=&#8220;0px&#8220; box_shadow_vertical_tablet=&#8220;0px&#8220; box_shadow_blur_tablet=&#8220;40px&#8220; box_shadow_spread_tablet=&#8220;0px&#8220; global_colors_info=&#8220;{}&#8220;]<\/p>\n<h3><strong>Ist Ausnahme von der 19-Tage-Regel wegen Corona wirklich ein Vorteil?<br \/><\/strong><\/h3>\n<p>[\/et_pb_text][et_pb_text admin_label=&#8220;Text  Ausnahm 19-Tage &#8211; Regel&#8220; _builder_version=&#8220;4.16&#8243; z_index_tablet=&#8220;500&#8243; text_text_shadow_horizontal_length_tablet=&#8220;0px&#8220; text_text_shadow_vertical_length_tablet=&#8220;0px&#8220; text_text_shadow_blur_strength_tablet=&#8220;1px&#8220; link_text_shadow_horizontal_length_tablet=&#8220;0px&#8220; link_text_shadow_vertical_length_tablet=&#8220;0px&#8220; link_text_shadow_blur_strength_tablet=&#8220;1px&#8220; ul_text_shadow_horizontal_length_tablet=&#8220;0px&#8220; ul_text_shadow_vertical_length_tablet=&#8220;0px&#8220; ul_text_shadow_blur_strength_tablet=&#8220;1px&#8220; ol_text_shadow_horizontal_length_tablet=&#8220;0px&#8220; ol_text_shadow_vertical_length_tablet=&#8220;0px&#8220; ol_text_shadow_blur_strength_tablet=&#8220;1px&#8220; quote_text_shadow_horizontal_length_tablet=&#8220;0px&#8220; quote_text_shadow_vertical_length_tablet=&#8220;0px&#8220; quote_text_shadow_blur_strength_tablet=&#8220;1px&#8220; header_text_shadow_horizontal_length_tablet=&#8220;0px&#8220; header_text_shadow_vertical_length_tablet=&#8220;0px&#8220; header_text_shadow_blur_strength_tablet=&#8220;1px&#8220; header_2_text_shadow_horizontal_length_tablet=&#8220;0px&#8220; header_2_text_shadow_vertical_length_tablet=&#8220;0px&#8220; header_2_text_shadow_blur_strength_tablet=&#8220;1px&#8220; header_3_text_shadow_horizontal_length_tablet=&#8220;0px&#8220; header_3_text_shadow_vertical_length_tablet=&#8220;0px&#8220; header_3_text_shadow_blur_strength_tablet=&#8220;1px&#8220; header_4_text_shadow_horizontal_length_tablet=&#8220;0px&#8220; header_4_text_shadow_vertical_length_tablet=&#8220;0px&#8220; header_4_text_shadow_blur_strength_tablet=&#8220;1px&#8220; header_5_text_shadow_horizontal_length_tablet=&#8220;0px&#8220; header_5_text_shadow_vertical_length_tablet=&#8220;0px&#8220; header_5_text_shadow_blur_strength_tablet=&#8220;1px&#8220; header_6_text_shadow_horizontal_length_tablet=&#8220;0px&#8220; header_6_text_shadow_vertical_length_tablet=&#8220;0px&#8220; header_6_text_shadow_blur_strength_tablet=&#8220;1px&#8220; box_shadow_horizontal_tablet=&#8220;0px&#8220; box_shadow_vertical_tablet=&#8220;0px&#8220; box_shadow_blur_tablet=&#8220;40px&#8220; box_shadow_spread_tablet=&#8220;0px&#8220; global_colors_info=&#8220;{}&#8220;]<\/p>\n<p>Die Politik k\u00fcndigt an, die 19-Tageregel in bestimmten F\u00e4llen ab dem 11. M\u00e4rz 2020 <strong>auszusetzen<\/strong>, sinngem\u00e4\u00df, um Grenzg\u00e4nger vor steuerlichem Unheil zu bewahren. Die Verst\u00e4ndigungsvereinbarung vom 26. Mai 2011 m\u00fc\u00dfte daher durch den Bundestag ge\u00e4ndert werden. <\/p>\n<p>Es sollen jedoch nicht alle Grenzg\u00e4nger von dieser Ausnahme profitieren k\u00f6nnen. Nur solche Grenzg\u00e4nger d\u00fcrfen sich auf die Ausnahme berufen, die von Ihrem <strong>Arbeitgeber zur Homeoffice-Arbeit gezwungen<\/strong> werden. Es bleibt also noch offen, ob die Regel auch dann gilt, wenn der Arbeitgeber dem Arbeitnehmer die Wahl l\u00e4sst.<\/p>\n<p>Die Nachrichten und Pressemitteilungen lassen den Eindruck zu, dass die Besteuerung in Deutschland unzumutbare H\u00e4rten hervorrufen w\u00fcrde. Aus der Praxis kann dies nicht best\u00e4tigt werden. Es ist jedenfalls nicht so, dass hier generell eine Unzumutbarkeit vorliegt, die unbedingt durch eine Gesetzes\u00e4nderung beseitigt werden muss. Vielmehr ist es sogar so, dass je nach Verm\u00f6gensverh\u00e4ltnissen die Anwendung der <strong>19-Tageregel sogar g\u00fcnstiger<\/strong> sein kann, also die alleinige Besteuerung in Deutschland. Dies h\u00e4ngt mit den unterschiedlichen zu versteuernden Eink\u00fcnften zusammen. <\/p>\n<p><strong>Ein Beispiel aus der Praxis:<\/strong> Ein Manager, der rund EUR 150.000,00 verdient und 25 Tage au\u00dferhalb Luxemburgs arbeitet, h\u00e4tte sogar einen Vorteil von EUR 1.000,00 netto, wenn die 19-Tageregel Anwendung findet. Bei 35 Tagen au\u00dferhalb Luxemburgs betr\u00e4gt der Nachteil gerade mal EUR 48. In dem echten Beispielsfall hat der Manager auch noch Mieteink\u00fcnfte in Deutschland. Seine Frau hat sogar noch einen Teilzeitjob.<\/p>\n<p>Insofern stellt sich die Frage, warum sich die Politik hier f\u00fcr eine Ausnahmeregel einsetzt. Die Steuerbelastung ist n\u00e4mlich nicht pauschal ermittelbar, sondern nur mit aufwendigen individuellen Berechnungen. Ganz sicher haben sich die Politiker, die sich f\u00fcr diese Regel haben einspannen lassen, keine tiefgreifenden Gedanken hierzu gemacht. Warum auch? <\/p>\n<p>[\/et_pb_text][\/et_pb_column][et_pb_column type=&#8220;1_3&#8243; _builder_version=&#8220;4.16&#8243; background_position=&#8220;top_left&#8220; custom_padding=&#8220;0px|0px|0px|&#8220; global_colors_info=&#8220;{}&#8220; custom_padding__hover=&#8220;|||&#8220;][et_pb_text admin_label=&#8220;Text Abstandshalter&#8220; _builder_version=&#8220;4.16&#8243; custom_margin=&#8220;0px|0px|0px|0px&#8220; custom_padding=&#8220;0px|0px|0px|0px&#8220; global_colors_info=&#8220;{}&#8220;]<\/p>\n<p>\n<span style=\"color: #ffffff;\">:<\/span><br \/><span style=\"color: #ffffff;\">:<\/span><\/p>\n<p>[\/et_pb_text][et_pb_image src=&#8220;https:\/\/wonnebauer.de\/site\/wp-content\/uploads\/2019\/10\/z_WHHNMQ.jpeg&#8220; align_tablet=&#8220;center&#8220; align_phone=&#8220;&#8220; align_last_edited=&#8220;on|desktop&#8220; admin_label=&#8220;Bild  Ich mit Buch Klage im Steuerrecht&#8220; _builder_version=&#8220;4.16&#8243; custom_margin=&#8220;95px||0px|||&#8220; z_index_tablet=&#8220;500&#8243; box_shadow_horizontal_tablet=&#8220;0px&#8220; box_shadow_vertical_tablet=&#8220;0px&#8220; box_shadow_blur_tablet=&#8220;40px&#8220; box_shadow_spread_tablet=&#8220;0px&#8220; global_colors_info=&#8220;{}&#8220;][\/et_pb_image][\/et_pb_column][\/et_pb_row][et_pb_row column_structure=&#8220;2_3,1_3&#8243; _builder_version=&#8220;4.16&#8243; global_colors_info=&#8220;{}&#8220;][et_pb_column type=&#8220;2_3&#8243; _builder_version=&#8220;4.16&#8243; background_position=&#8220;top_left&#8220; custom_padding=&#8220;0px|0px|0px|0px&#8220; global_colors_info=&#8220;{}&#8220; custom_padding__hover=&#8220;|||&#8220;][et_pb_text admin_label=&#8220;Text Abstandshalter&#8220; _builder_version=&#8220;4.16&#8243; custom_margin=&#8220;0px|0px|0px|0px&#8220; custom_padding=&#8220;0px|0px|0px|0px&#8220; global_colors_info=&#8220;{}&#8220;]<\/p>\n<p>\n<span style=\"color: #ffffff;\">:<\/span><br \/><span style=\"color: #ffffff;\">:<\/span><\/p>\n<p>[\/et_pb_text][et_pb_text admin_label=&#8220;\u00dcberschrift: l M\u00fcssen Grenzg\u00e4nger Steuererkl\u00e4rung abgeben&#8220; _builder_version=&#8220;4.16&#8243; z_index_tablet=&#8220;500&#8243; text_text_shadow_horizontal_length_tablet=&#8220;0px&#8220; text_text_shadow_vertical_length_tablet=&#8220;0px&#8220; text_text_shadow_blur_strength_tablet=&#8220;1px&#8220; link_text_shadow_horizontal_length_tablet=&#8220;0px&#8220; link_text_shadow_vertical_length_tablet=&#8220;0px&#8220; link_text_shadow_blur_strength_tablet=&#8220;1px&#8220; ul_text_shadow_horizontal_length_tablet=&#8220;0px&#8220; ul_text_shadow_vertical_length_tablet=&#8220;0px&#8220; ul_text_shadow_blur_strength_tablet=&#8220;1px&#8220; ol_text_shadow_horizontal_length_tablet=&#8220;0px&#8220; ol_text_shadow_vertical_length_tablet=&#8220;0px&#8220; ol_text_shadow_blur_strength_tablet=&#8220;1px&#8220; quote_text_shadow_horizontal_length_tablet=&#8220;0px&#8220; quote_text_shadow_vertical_length_tablet=&#8220;0px&#8220; quote_text_shadow_blur_strength_tablet=&#8220;1px&#8220; header_text_shadow_horizontal_length_tablet=&#8220;0px&#8220; header_text_shadow_vertical_length_tablet=&#8220;0px&#8220; header_text_shadow_blur_strength_tablet=&#8220;1px&#8220; header_2_text_shadow_horizontal_length_tablet=&#8220;0px&#8220; header_2_text_shadow_vertical_length_tablet=&#8220;0px&#8220; header_2_text_shadow_blur_strength_tablet=&#8220;1px&#8220; header_3_text_shadow_horizontal_length_tablet=&#8220;0px&#8220; header_3_text_shadow_vertical_length_tablet=&#8220;0px&#8220; header_3_text_shadow_blur_strength_tablet=&#8220;1px&#8220; header_4_text_shadow_horizontal_length_tablet=&#8220;0px&#8220; header_4_text_shadow_vertical_length_tablet=&#8220;0px&#8220; header_4_text_shadow_blur_strength_tablet=&#8220;1px&#8220; header_5_text_shadow_horizontal_length_tablet=&#8220;0px&#8220; header_5_text_shadow_vertical_length_tablet=&#8220;0px&#8220; header_5_text_shadow_blur_strength_tablet=&#8220;1px&#8220; header_6_text_shadow_horizontal_length_tablet=&#8220;0px&#8220; header_6_text_shadow_vertical_length_tablet=&#8220;0px&#8220; header_6_text_shadow_blur_strength_tablet=&#8220;1px&#8220; box_shadow_horizontal_tablet=&#8220;0px&#8220; box_shadow_vertical_tablet=&#8220;0px&#8220; box_shadow_blur_tablet=&#8220;40px&#8220; box_shadow_spread_tablet=&#8220;0px&#8220; global_colors_info=&#8220;{}&#8220;]<\/p>\n<h3><strong>M\u00fcssen Grenzg\u00e4nger auch eine deutsche Steuererkl\u00e4rung abgeben?<br \/><\/strong><\/h3>\n<p>[\/et_pb_text][et_pb_text admin_label=&#8220;Text M\u00fcssen Grenzg\u00e4nger Steuererkl\u00e4rungen abgeben&#8220; _builder_version=&#8220;4.16&#8243; z_index_tablet=&#8220;500&#8243; text_text_shadow_horizontal_length_tablet=&#8220;0px&#8220; text_text_shadow_vertical_length_tablet=&#8220;0px&#8220; text_text_shadow_blur_strength_tablet=&#8220;1px&#8220; link_text_shadow_horizontal_length_tablet=&#8220;0px&#8220; link_text_shadow_vertical_length_tablet=&#8220;0px&#8220; link_text_shadow_blur_strength_tablet=&#8220;1px&#8220; ul_text_shadow_horizontal_length_tablet=&#8220;0px&#8220; ul_text_shadow_vertical_length_tablet=&#8220;0px&#8220; ul_text_shadow_blur_strength_tablet=&#8220;1px&#8220; ol_text_shadow_horizontal_length_tablet=&#8220;0px&#8220; ol_text_shadow_vertical_length_tablet=&#8220;0px&#8220; ol_text_shadow_blur_strength_tablet=&#8220;1px&#8220; quote_text_shadow_horizontal_length_tablet=&#8220;0px&#8220; quote_text_shadow_vertical_length_tablet=&#8220;0px&#8220; quote_text_shadow_blur_strength_tablet=&#8220;1px&#8220; header_text_shadow_horizontal_length_tablet=&#8220;0px&#8220; header_text_shadow_vertical_length_tablet=&#8220;0px&#8220; header_text_shadow_blur_strength_tablet=&#8220;1px&#8220; header_2_text_shadow_horizontal_length_tablet=&#8220;0px&#8220; header_2_text_shadow_vertical_length_tablet=&#8220;0px&#8220; header_2_text_shadow_blur_strength_tablet=&#8220;1px&#8220; header_3_text_shadow_horizontal_length_tablet=&#8220;0px&#8220; header_3_text_shadow_vertical_length_tablet=&#8220;0px&#8220; header_3_text_shadow_blur_strength_tablet=&#8220;1px&#8220; header_4_text_shadow_horizontal_length_tablet=&#8220;0px&#8220; header_4_text_shadow_vertical_length_tablet=&#8220;0px&#8220; header_4_text_shadow_blur_strength_tablet=&#8220;1px&#8220; header_5_text_shadow_horizontal_length_tablet=&#8220;0px&#8220; header_5_text_shadow_vertical_length_tablet=&#8220;0px&#8220; header_5_text_shadow_blur_strength_tablet=&#8220;1px&#8220; header_6_text_shadow_horizontal_length_tablet=&#8220;0px&#8220; header_6_text_shadow_vertical_length_tablet=&#8220;0px&#8220; header_6_text_shadow_blur_strength_tablet=&#8220;1px&#8220; box_shadow_horizontal_tablet=&#8220;0px&#8220; box_shadow_vertical_tablet=&#8220;0px&#8220; box_shadow_blur_tablet=&#8220;40px&#8220; box_shadow_spread_tablet=&#8220;0px&#8220; global_colors_info=&#8220;{}&#8220;]<\/p>\n<p>Ehepaare, bei denen einer Grenzg\u00e4nger ist und der andere Nicht-Grenzg\u00e4nger ist,\u00a0 m\u00fcssen <strong>beide<\/strong> in Deutschland Steuererkl\u00e4rungen abgeben. In der Vergangenheit wurde von den Finanz\u00e4mtern aus Pragmatismus oft nur die Erkl\u00e4rung des Nicht-Grenzg\u00e4nges angefordert. Auch der Grenzg\u00e4nger wird zwischenzeitlich regelm\u00e4\u00dfig von den Finanz\u00e4mtern aufgefordert, seiner Erkl\u00e4rungspflicht nachzukommen. <\/p>\n<p>Dies ist f\u00fcr den Grenzg\u00e4nger \u00e4rgerlich, weil am Ende in den meisten F\u00e4llen ohnehin keine Steuer entsteht. Das Finanzamt ben\u00f6tigt jedoch eine entsprechende Kontrollm\u00f6glichkeiten. <\/p>\n<p>Das Einkommensteuergesetz sieht die Pflicht zur Abgabe der Steuererkl\u00e4rung auch vor. Immerhin k\u00f6nnte das Grenzg\u00e4nger-Ehepaar ja den Fehler begehen, Zusammenveranlagung zu w\u00e4hlen. Dann w\u00fcrde eine Steuer f\u00fcr das Ehepaar entstehen. Bei der Einzelveranlagung kommt dies f\u00fcr den Grenzg\u00e4nger jedenfalls nicht in Frage.<\/p>\n<p>Das Finanzamt Trier jedenfalls hat Anfang 2020 bekanntgegeben, dass es grunds\u00e4tzlich auch von den Grenzg\u00e4ngern die Steuererkl\u00e4rung anfordert. <\/p>\n<p>[\/et_pb_text][\/et_pb_column][et_pb_column type=&#8220;1_3&#8243; _builder_version=&#8220;4.16&#8243; background_position=&#8220;top_left&#8220; custom_padding=&#8220;0px|0px|0px|&#8220; global_colors_info=&#8220;{}&#8220; custom_padding__hover=&#8220;|||&#8220;][et_pb_text admin_label=&#8220;Text Abstandshalter&#8220; _builder_version=&#8220;4.16&#8243; custom_margin=&#8220;0px|0px|0px|0px&#8220; custom_padding=&#8220;0px|0px|0px|0px&#8220; global_colors_info=&#8220;{}&#8220;]<\/p>\n<p>\n<span style=\"color: #ffffff;\">:<\/span><br \/><span style=\"color: #ffffff;\">:<\/span><\/p>\n<p>[\/et_pb_text][et_pb_image src=&#8220;https:\/\/wonnebauer.de\/site\/wp-content\/uploads\/2018\/06\/Wonnebauer_internationales_steuerrecht_4390_240px.jpg&#8220; align_tablet=&#8220;center&#8220; align_phone=&#8220;&#8220; align_last_edited=&#8220;on|desktop&#8220; admin_label=&#8220;Bild  Ich mit Buch Klage im Steuerrecht&#8220; _builder_version=&#8220;4.16&#8243; custom_margin=&#8220;68px||0px|||&#8220; z_index_tablet=&#8220;500&#8243; box_shadow_horizontal_tablet=&#8220;0px&#8220; box_shadow_vertical_tablet=&#8220;0px&#8220; box_shadow_blur_tablet=&#8220;40px&#8220; box_shadow_spread_tablet=&#8220;0px&#8220; global_colors_info=&#8220;{}&#8220;][\/et_pb_image][\/et_pb_column][\/et_pb_row][et_pb_row column_structure=&#8220;2_3,1_3&#8243; _builder_version=&#8220;4.16&#8243; global_colors_info=&#8220;{}&#8220;][et_pb_column type=&#8220;2_3&#8243; _builder_version=&#8220;4.16&#8243; background_position=&#8220;top_left&#8220; custom_padding=&#8220;0px|0px|0px|0px&#8220; global_colors_info=&#8220;{}&#8220; custom_padding__hover=&#8220;|||&#8220;][et_pb_text admin_label=&#8220;Text Abstandshalter&#8220; _builder_version=&#8220;4.16&#8243; custom_margin=&#8220;0px|0px|0px|0px&#8220; custom_padding=&#8220;0px|0px|0px|0px&#8220; global_colors_info=&#8220;{}&#8220;]<\/p>\n<p>\n<span style=\"color: #ffffff;\">:<\/span><br \/><span style=\"color: #ffffff;\">:<\/span><\/p>\n<p>[\/et_pb_text][et_pb_text admin_label=&#8220;\u00dcberschrift: lux. Pflegeversicherung Urteil des FG &#8220; _builder_version=&#8220;4.16&#8243; z_index_tablet=&#8220;500&#8243; text_text_shadow_horizontal_length_tablet=&#8220;0px&#8220; text_text_shadow_vertical_length_tablet=&#8220;0px&#8220; text_text_shadow_blur_strength_tablet=&#8220;1px&#8220; link_text_shadow_horizontal_length_tablet=&#8220;0px&#8220; link_text_shadow_vertical_length_tablet=&#8220;0px&#8220; link_text_shadow_blur_strength_tablet=&#8220;1px&#8220; ul_text_shadow_horizontal_length_tablet=&#8220;0px&#8220; ul_text_shadow_vertical_length_tablet=&#8220;0px&#8220; ul_text_shadow_blur_strength_tablet=&#8220;1px&#8220; ol_text_shadow_horizontal_length_tablet=&#8220;0px&#8220; ol_text_shadow_vertical_length_tablet=&#8220;0px&#8220; ol_text_shadow_blur_strength_tablet=&#8220;1px&#8220; quote_text_shadow_horizontal_length_tablet=&#8220;0px&#8220; quote_text_shadow_vertical_length_tablet=&#8220;0px&#8220; quote_text_shadow_blur_strength_tablet=&#8220;1px&#8220; header_text_shadow_horizontal_length_tablet=&#8220;0px&#8220; header_text_shadow_vertical_length_tablet=&#8220;0px&#8220; header_text_shadow_blur_strength_tablet=&#8220;1px&#8220; header_2_text_shadow_horizontal_length_tablet=&#8220;0px&#8220; header_2_text_shadow_vertical_length_tablet=&#8220;0px&#8220; header_2_text_shadow_blur_strength_tablet=&#8220;1px&#8220; header_3_text_shadow_horizontal_length_tablet=&#8220;0px&#8220; header_3_text_shadow_vertical_length_tablet=&#8220;0px&#8220; header_3_text_shadow_blur_strength_tablet=&#8220;1px&#8220; header_4_text_shadow_horizontal_length_tablet=&#8220;0px&#8220; header_4_text_shadow_vertical_length_tablet=&#8220;0px&#8220; header_4_text_shadow_blur_strength_tablet=&#8220;1px&#8220; header_5_text_shadow_horizontal_length_tablet=&#8220;0px&#8220; header_5_text_shadow_vertical_length_tablet=&#8220;0px&#8220; header_5_text_shadow_blur_strength_tablet=&#8220;1px&#8220; header_6_text_shadow_horizontal_length_tablet=&#8220;0px&#8220; header_6_text_shadow_vertical_length_tablet=&#8220;0px&#8220; header_6_text_shadow_blur_strength_tablet=&#8220;1px&#8220; box_shadow_horizontal_tablet=&#8220;0px&#8220; box_shadow_vertical_tablet=&#8220;0px&#8220; box_shadow_blur_tablet=&#8220;40px&#8220; box_shadow_spread_tablet=&#8220;0px&#8220; global_colors_info=&#8220;{}&#8220;]<\/p>\n<h3><strong>Finanzgericht Rheinland-Pfalz hat entschieden: Pflegeversicherung absetzbar<br \/><\/strong><\/h3>\n<p>[\/et_pb_text][et_pb_text admin_label=&#8220;Tex Urteil des FG  wegen Pflegeversicherung&#8220; _builder_version=&#8220;4.16&#8243; z_index_tablet=&#8220;500&#8243; text_text_shadow_horizontal_length_tablet=&#8220;0px&#8220; text_text_shadow_vertical_length_tablet=&#8220;0px&#8220; text_text_shadow_blur_strength_tablet=&#8220;1px&#8220; link_text_shadow_horizontal_length_tablet=&#8220;0px&#8220; link_text_shadow_vertical_length_tablet=&#8220;0px&#8220; link_text_shadow_blur_strength_tablet=&#8220;1px&#8220; ul_text_shadow_horizontal_length_tablet=&#8220;0px&#8220; ul_text_shadow_vertical_length_tablet=&#8220;0px&#8220; ul_text_shadow_blur_strength_tablet=&#8220;1px&#8220; ol_text_shadow_horizontal_length_tablet=&#8220;0px&#8220; ol_text_shadow_vertical_length_tablet=&#8220;0px&#8220; ol_text_shadow_blur_strength_tablet=&#8220;1px&#8220; quote_text_shadow_horizontal_length_tablet=&#8220;0px&#8220; quote_text_shadow_vertical_length_tablet=&#8220;0px&#8220; quote_text_shadow_blur_strength_tablet=&#8220;1px&#8220; header_text_shadow_horizontal_length_tablet=&#8220;0px&#8220; header_text_shadow_vertical_length_tablet=&#8220;0px&#8220; header_text_shadow_blur_strength_tablet=&#8220;1px&#8220; header_2_text_shadow_horizontal_length_tablet=&#8220;0px&#8220; header_2_text_shadow_vertical_length_tablet=&#8220;0px&#8220; header_2_text_shadow_blur_strength_tablet=&#8220;1px&#8220; header_3_text_shadow_horizontal_length_tablet=&#8220;0px&#8220; header_3_text_shadow_vertical_length_tablet=&#8220;0px&#8220; header_3_text_shadow_blur_strength_tablet=&#8220;1px&#8220; header_4_text_shadow_horizontal_length_tablet=&#8220;0px&#8220; header_4_text_shadow_vertical_length_tablet=&#8220;0px&#8220; header_4_text_shadow_blur_strength_tablet=&#8220;1px&#8220; header_5_text_shadow_horizontal_length_tablet=&#8220;0px&#8220; header_5_text_shadow_vertical_length_tablet=&#8220;0px&#8220; header_5_text_shadow_blur_strength_tablet=&#8220;1px&#8220; header_6_text_shadow_horizontal_length_tablet=&#8220;0px&#8220; header_6_text_shadow_vertical_length_tablet=&#8220;0px&#8220; header_6_text_shadow_blur_strength_tablet=&#8220;1px&#8220; box_shadow_horizontal_tablet=&#8220;0px&#8220; box_shadow_vertical_tablet=&#8220;0px&#8220; box_shadow_blur_tablet=&#8220;40px&#8220; box_shadow_spread_tablet=&#8220;0px&#8220; global_colors_info=&#8220;{}&#8220;]<\/p>\n<p>Das<strong> Finanzgericht Rheinland-Pfalz<\/strong> hat am 27.1.2020 entschieden, dass die luxemburgische Pflegeversicherung in der deutschen Steuererkl\u00e4rung zu 100 % abgesetzt werden kann.<\/p>\n<p>Richtungsweisend war das Urteil des Europ\u00e4ischen Gerichtshofes in der Sache \u201eBechtel\u201c. Letztendlich geht es darum, dass der Staat f\u00fcr seine B\u00fcrger Vorsorge treffen muss und ihnen eine ordentliche Vorsorge gew\u00e4hren muss. Dazu geh\u00f6rt auch eine steuerliche Entlastung f\u00fcr die Kosten, die hierzu entstehen und steuerlich in dem T\u00e4tigkeitsstaat nicht anerkannt werden. Insbesondere in Luxemburg wird die Pflegeversicherung steuerlich nicht ber\u00fccksichtigt. Somit muss letztendlich der Wohnsitzstaat einen Abzug gew\u00e4hrleisten.<\/p>\n<p>Das<strong> Finanzamt Trier<\/strong> erkennt das Urteil nicht an und wird die Pflegeversicherung auch weiterhin nicht anerkennen, was aber zu der ordnungsgem\u00e4\u00dfen Aufgabe eines Beamten geh\u00f6rt.<\/p>\n<p>Das Finanzgericht hat die Revision zugelassen. Die Sache wird jetzt abschlie\u00dfend vom BFH entschieden.<\/p>\n<p>Mit einem anderen Ergebnis ist allerdings hier nicht zu rechnen, da die Interpretation des Finanzamtes Trier bislang nicht vom Wortlaut des Urteils des Europ\u00e4ischen Gerichtshofes gedeckt war. Es handelte sich eher um eine eigenwillige Auslegung, sodass f\u00fcr Fachleute voraussehbar war, dass das Finanzamt Trier in diesem Prozess unterliegen wird.\u00a0 In seiner Kolumne im Trierischen Volksfreund\u00a0 im April 2018 hatte Rechtsanwalt Wonnebauer die Entscheidung des Finanzgerichts vorhergesagt.<\/p>\n<p>[\/et_pb_text][\/et_pb_column][et_pb_column type=&#8220;1_3&#8243; _builder_version=&#8220;4.16&#8243; background_position=&#8220;top_left&#8220; custom_padding=&#8220;0px|0px|0px|&#8220; global_colors_info=&#8220;{}&#8220; custom_padding__hover=&#8220;|||&#8220;][et_pb_text admin_label=&#8220;Text Abstandshalter&#8220; _builder_version=&#8220;4.16&#8243; custom_margin=&#8220;0px|0px|0px|0px&#8220; custom_padding=&#8220;0px|0px|0px|0px&#8220; global_colors_info=&#8220;{}&#8220;]<\/p>\n<p>\n<span style=\"color: #ffffff;\">:<\/span><br \/><span style=\"color: #ffffff;\">:<\/span><\/p>\n<p>[\/et_pb_text][et_pb_image src=&#8220;https:\/\/wonnebauer.de\/site\/wp-content\/uploads\/2018\/06\/Wonnebauer_cour_de_justice_eu_DSC01369_001.jpg&#8220; align_tablet=&#8220;center&#8220; align_phone=&#8220;&#8220; align_last_edited=&#8220;on|desktop&#8220; admin_label=&#8220;Bild  Ich mit Buch Klage im Steuerrecht&#8220; _builder_version=&#8220;4.16&#8243; custom_margin=&#8220;106px||0px|||&#8220; z_index_tablet=&#8220;500&#8243; box_shadow_horizontal_tablet=&#8220;0px&#8220; box_shadow_vertical_tablet=&#8220;0px&#8220; box_shadow_blur_tablet=&#8220;40px&#8220; box_shadow_spread_tablet=&#8220;0px&#8220; global_colors_info=&#8220;{}&#8220;][\/et_pb_image][\/et_pb_column][\/et_pb_row][et_pb_row column_structure=&#8220;2_3,1_3&#8243; _builder_version=&#8220;4.16&#8243; global_colors_info=&#8220;{}&#8220;][et_pb_column type=&#8220;2_3&#8243; _builder_version=&#8220;4.16&#8243; background_position=&#8220;top_left&#8220; custom_padding=&#8220;0px|0px|0px|0px&#8220; global_colors_info=&#8220;{}&#8220; custom_padding__hover=&#8220;|||&#8220;][et_pb_text admin_label=&#8220;Text Abstandshalter&#8220; _builder_version=&#8220;4.16&#8243; custom_margin=&#8220;0px|0px|0px|0px&#8220; custom_padding=&#8220;0px|0px|0px|0px&#8220; global_colors_info=&#8220;{}&#8220;]<\/p>\n<p>\n<span style=\"color: #ffffff;\">:<\/span><br \/><span style=\"color: #ffffff;\">:<\/span><\/p>\n<p>[\/et_pb_text][et_pb_text admin_label=&#8220;\u00dcberschrift: lux. Pflegeversicherung in dt. Steuererkl\u00e4rung&#8220; _builder_version=&#8220;4.16&#8243; z_index_tablet=&#8220;500&#8243; text_text_shadow_horizontal_length_tablet=&#8220;0px&#8220; text_text_shadow_vertical_length_tablet=&#8220;0px&#8220; text_text_shadow_blur_strength_tablet=&#8220;1px&#8220; link_text_shadow_horizontal_length_tablet=&#8220;0px&#8220; link_text_shadow_vertical_length_tablet=&#8220;0px&#8220; link_text_shadow_blur_strength_tablet=&#8220;1px&#8220; ul_text_shadow_horizontal_length_tablet=&#8220;0px&#8220; ul_text_shadow_vertical_length_tablet=&#8220;0px&#8220; ul_text_shadow_blur_strength_tablet=&#8220;1px&#8220; ol_text_shadow_horizontal_length_tablet=&#8220;0px&#8220; ol_text_shadow_vertical_length_tablet=&#8220;0px&#8220; ol_text_shadow_blur_strength_tablet=&#8220;1px&#8220; quote_text_shadow_horizontal_length_tablet=&#8220;0px&#8220; quote_text_shadow_vertical_length_tablet=&#8220;0px&#8220; quote_text_shadow_blur_strength_tablet=&#8220;1px&#8220; header_text_shadow_horizontal_length_tablet=&#8220;0px&#8220; header_text_shadow_vertical_length_tablet=&#8220;0px&#8220; header_text_shadow_blur_strength_tablet=&#8220;1px&#8220; header_2_text_shadow_horizontal_length_tablet=&#8220;0px&#8220; header_2_text_shadow_vertical_length_tablet=&#8220;0px&#8220; header_2_text_shadow_blur_strength_tablet=&#8220;1px&#8220; header_3_text_shadow_horizontal_length_tablet=&#8220;0px&#8220; header_3_text_shadow_vertical_length_tablet=&#8220;0px&#8220; header_3_text_shadow_blur_strength_tablet=&#8220;1px&#8220; header_4_text_shadow_horizontal_length_tablet=&#8220;0px&#8220; header_4_text_shadow_vertical_length_tablet=&#8220;0px&#8220; header_4_text_shadow_blur_strength_tablet=&#8220;1px&#8220; header_5_text_shadow_horizontal_length_tablet=&#8220;0px&#8220; header_5_text_shadow_vertical_length_tablet=&#8220;0px&#8220; header_5_text_shadow_blur_strength_tablet=&#8220;1px&#8220; header_6_text_shadow_horizontal_length_tablet=&#8220;0px&#8220; header_6_text_shadow_vertical_length_tablet=&#8220;0px&#8220; header_6_text_shadow_blur_strength_tablet=&#8220;1px&#8220; box_shadow_horizontal_tablet=&#8220;0px&#8220; box_shadow_vertical_tablet=&#8220;0px&#8220; box_shadow_blur_tablet=&#8220;40px&#8220; box_shadow_spread_tablet=&#8220;0px&#8220; global_colors_info=&#8220;{}&#8220;]<\/p>\n<h3><strong>Mehrere Klagen wegen luxemburger Pflegeversicherung anh\u00e4ngig<br \/><\/strong><\/h3>\n<p>[\/et_pb_text][et_pb_text admin_label=&#8220;Text Klagen wegen Pflegeversicherung&#8220; _builder_version=&#8220;4.16&#8243; z_index_tablet=&#8220;500&#8243; text_text_shadow_horizontal_length_tablet=&#8220;0px&#8220; text_text_shadow_vertical_length_tablet=&#8220;0px&#8220; text_text_shadow_blur_strength_tablet=&#8220;1px&#8220; link_text_shadow_horizontal_length_tablet=&#8220;0px&#8220; link_text_shadow_vertical_length_tablet=&#8220;0px&#8220; link_text_shadow_blur_strength_tablet=&#8220;1px&#8220; ul_text_shadow_horizontal_length_tablet=&#8220;0px&#8220; ul_text_shadow_vertical_length_tablet=&#8220;0px&#8220; ul_text_shadow_blur_strength_tablet=&#8220;1px&#8220; ol_text_shadow_horizontal_length_tablet=&#8220;0px&#8220; ol_text_shadow_vertical_length_tablet=&#8220;0px&#8220; ol_text_shadow_blur_strength_tablet=&#8220;1px&#8220; quote_text_shadow_horizontal_length_tablet=&#8220;0px&#8220; quote_text_shadow_vertical_length_tablet=&#8220;0px&#8220; quote_text_shadow_blur_strength_tablet=&#8220;1px&#8220; header_text_shadow_horizontal_length_tablet=&#8220;0px&#8220; header_text_shadow_vertical_length_tablet=&#8220;0px&#8220; header_text_shadow_blur_strength_tablet=&#8220;1px&#8220; header_2_text_shadow_horizontal_length_tablet=&#8220;0px&#8220; header_2_text_shadow_vertical_length_tablet=&#8220;0px&#8220; header_2_text_shadow_blur_strength_tablet=&#8220;1px&#8220; header_3_text_shadow_horizontal_length_tablet=&#8220;0px&#8220; header_3_text_shadow_vertical_length_tablet=&#8220;0px&#8220; header_3_text_shadow_blur_strength_tablet=&#8220;1px&#8220; header_4_text_shadow_horizontal_length_tablet=&#8220;0px&#8220; header_4_text_shadow_vertical_length_tablet=&#8220;0px&#8220; header_4_text_shadow_blur_strength_tablet=&#8220;1px&#8220; header_5_text_shadow_horizontal_length_tablet=&#8220;0px&#8220; header_5_text_shadow_vertical_length_tablet=&#8220;0px&#8220; header_5_text_shadow_blur_strength_tablet=&#8220;1px&#8220; header_6_text_shadow_horizontal_length_tablet=&#8220;0px&#8220; header_6_text_shadow_vertical_length_tablet=&#8220;0px&#8220; header_6_text_shadow_blur_strength_tablet=&#8220;1px&#8220; box_shadow_horizontal_tablet=&#8220;0px&#8220; box_shadow_vertical_tablet=&#8220;0px&#8220; box_shadow_blur_tablet=&#8220;40px&#8220; box_shadow_spread_tablet=&#8220;0px&#8220; global_colors_info=&#8220;{}&#8220;]<\/p>\n<p>Das Urteil des<strong> EuGH in Sachen \u201eBechtel\u201c<\/strong> aus dem Jahr 2016 hat die Interpretationen bez\u00fcglich dem Abzug der luxemburgischen Pflegeversicherung in der deutschen Steuererkl\u00e4rung angeheizt.<\/p>\n<p>Nach dem Urteil konnte man der Auffassung sein, dass die Pflegeversicherung in der deutschen Steuererkl\u00e4rung zu 100 Prozent angesetzt werden kann. Dem sind die Finanz\u00e4mter der Region entgegen getreten und lassen allenfalls eine quotale Ber\u00fccksichtigung zu, wenn der Grenzg\u00e4nger einen Teil seines Lohns in Deutschland versteuern muss. Hat er keinen Anteil des luxemburgischen Lohns in Deutschland zu versteuern (gem\u00e4\u00df der Verst\u00e4ndigungsvereinbarung), wird auch weiterhin die Pflegeversicherung nicht ber\u00fccksichtigt.<\/p>\n<p>Das Finanzamt argumentiert, dass das Urteil des EuGH so auszulegen sei, dass die Pflegeversicherung keine Ber\u00fccksichtigung findet, weil ja die Renten- und Krankenversicherung in Luxemburg steuermindernd ber\u00fccksichtigt w\u00fcrden. <\/p>\n<p>Hiergegen sind beim Finanzgericht Rheinland-Pfalz mehrere Klagen anh\u00e4ngig (Stand November 2019).<\/p>\n<p>Die Hauptargumentation der Kl\u00e4ger geht in die Richtung, dass der <strong>Wohnsitzstaat<\/strong> verpflichtet ist, existenzsichernde Sonderausgaben zu ber\u00fccksichtigen, auch und gerade wenn der T\u00e4tigkeitsstaat dies nicht tut. Grunds\u00e4tzlich rechtfertigt dies eine quotale Ber\u00fccksichtigung. Die quotale Ber\u00fccksichtigung geht jedoch davon aus, dass der andere Staat <strong>keine Ber\u00fccksichtigung<\/strong> vornimmt. Gerade bei der Pflegeversicherung ist eine steuermindernde Ber\u00fccksichtigung in Luxemburg nicht vorgesehen.<\/p>\n<p>Letztendlich ist es eigentlich auch ein Skandal.\u00a0 Denn wenn der EuGH urteilt, dass existenzsichernde Vorsorgeaufwendungen ber\u00fccksichtigt werden m\u00fcssen, dann m\u00fcsste Luxemburg dies auch in seine Steuergesetzgebung einbringen bzw. seine Gesetze dementsprechend anpassen.<\/p>\n<p>Die Ansicht der deutschen Finanzverwaltung ist auch irgendwie nachzuvollziehen: denn das deutsche Steueraufkommen sollte grunds\u00e4tzlich nicht gemindert werden, weil andere Staaten ein europarechtswidriges Steuersystem haben. <\/p>\n<p>Weil jedoch alle EU-B\u00fcrger in einem Boot sitzen, muss der Wohnsitzstaat in erster Linie\u00a0 f\u00fcr seine B\u00fcrger Sorge tragen und demgem\u00e4\u00df sein Steuergesetz als Reparaturwerkst\u00e4tte ber\u00fccksichtigen.<\/p>\n<p>[\/et_pb_text][\/et_pb_column][et_pb_column type=&#8220;1_3&#8243; _builder_version=&#8220;4.16&#8243; background_position=&#8220;top_left&#8220; custom_padding=&#8220;0px|0px|0px|&#8220; global_colors_info=&#8220;{}&#8220; custom_padding__hover=&#8220;|||&#8220;][et_pb_text admin_label=&#8220;Text Abstandshalter&#8220; _builder_version=&#8220;4.16&#8243; custom_margin=&#8220;0px|0px|0px|0px&#8220; custom_padding=&#8220;0px|0px|0px|0px&#8220; global_colors_info=&#8220;{}&#8220;]<\/p>\n<p>\n<span style=\"color: #ffffff;\">:<\/span><br \/><span style=\"color: #ffffff;\">:<\/span><\/p>\n<p>[\/et_pb_text][et_pb_image src=&#8220;https:\/\/wonnebauer.de\/site\/wp-content\/uploads\/2018\/05\/Wonnebauer_EU_Flagge_3122_01.jpg&#8220; align_tablet=&#8220;center&#8220; align_phone=&#8220;&#8220; align_last_edited=&#8220;on|desktop&#8220; admin_label=&#8220;Bild  Ich mit Buch Klage im Steuerrecht&#8220; _builder_version=&#8220;4.16&#8243; custom_margin=&#8220;73px||0px|||&#8220; z_index_tablet=&#8220;500&#8243; box_shadow_horizontal_tablet=&#8220;0px&#8220; box_shadow_vertical_tablet=&#8220;0px&#8220; box_shadow_blur_tablet=&#8220;40px&#8220; box_shadow_spread_tablet=&#8220;0px&#8220; global_colors_info=&#8220;{}&#8220;][\/et_pb_image][\/et_pb_column][\/et_pb_row][et_pb_row column_structure=&#8220;2_3,1_3&#8243; _builder_version=&#8220;4.16&#8243; global_colors_info=&#8220;{}&#8220;][et_pb_column type=&#8220;2_3&#8243; _builder_version=&#8220;4.16&#8243; background_position=&#8220;top_left&#8220; custom_padding=&#8220;0px|0px|0px|0px&#8220; global_colors_info=&#8220;{}&#8220; custom_padding__hover=&#8220;|||&#8220;][et_pb_text admin_label=&#8220;Text Abstandshalter&#8220; _builder_version=&#8220;4.16&#8243; custom_margin=&#8220;0px|0px|0px|0px&#8220; custom_padding=&#8220;0px|0px|0px|0px&#8220; global_colors_info=&#8220;{}&#8220;]<\/p>\n<p>\n<span style=\"color: #ffffff;\">:<\/span><br \/><span style=\"color: #ffffff;\">:<\/span><\/p>\n<p>[\/et_pb_text][et_pb_text admin_label=&#8220;\u00dcberschrift:  Aufsichtsratst\u00e4tigkeit&#8220; _builder_version=&#8220;4.16&#8243; z_index_tablet=&#8220;500&#8243; global_colors_info=&#8220;{}&#8220;]<\/p>\n<h3><strong>FA Trier \u00fcberpr\u00fcft Eink\u00fcnfte von luxemburger Aufsichtsr\u00e4ten<br \/><\/strong><\/h3>\n<p>[\/et_pb_text][et_pb_text admin_label=&#8220;Text Aufsichtsratst\u00e4tigkeit&#8220; _builder_version=&#8220;4.16&#8243; z_index_tablet=&#8220;500&#8243; global_colors_info=&#8220;{}&#8220;]<\/p>\n<p>Nach dem DBA mit Luxemburg m\u00fcssen Grenzg\u00e4nger, die <strong>Tantiemen f\u00fcr Aufsichtsratst\u00e4tigkeiten<\/strong> erhalten, in Deutschland Steuern hierf\u00fcr zahlen.In Luxemburg wird zwar eine Pauschale von 20 % Steuern einbehalten. Dieser Betrag wird jedoch auf die deutsche Steuer angerechnet.Zum Teil wurden die Eink\u00fcnfte in der Vergangenheit unter Progressionsvorbehalt angegeben, zum Teil aber auch anderweitig.<\/p>\n<p>Das Finanzamt hat diese Steuerquelle entdeckt und <strong>massenhaft Aufsichtsr\u00e4te angeschrieben<\/strong>.\u00a0<\/p>\n<p>Das Problem liegt jedoch wiederum im Detail: Luxemburg kennt <strong>Aufsichtsr\u00e4te und Verwaltungsr\u00e4te<\/strong> bei Aktiengesellschaften (Societ\u00e9 anonym). Allerdings ist der luxemburgische Verwaltungsrat mit einem Vorstandsmitglied einer Aktiengesellschaft gleichzusetzen. Vorstandsmitglieder k\u00fcmmern sich grunds\u00e4tzlich um die laufenden Gesch\u00e4fte, haben also eine gesch\u00e4ftsf\u00fchrende T\u00e4tigkeit.<\/p>\n<p>Daneben kennt Luxemburg aber auch Aufsichtsr\u00e4te einer Aktiengesellschaft. Diese kontrollieren die T\u00e4tigkeit des Vorstandes, also die der Verwaltungsr\u00e4te.<\/p>\n<p>Das luxemburgische Steuergesetz sieht wiederum eine Differenzierung bei der Besteuerung vor. Die laufende Gesch\u00e4ftst\u00e4tigkeit wird ganz normal auf Lohnsteuerkarte abgerechnet. Die aufsichtsrechtliche T\u00e4tigkeit unterliegt der pauschalen Besteuerung als sogenannte Tantieme. F\u00fcr deutsche Ohren ist dieser Begriff irritierend, der er eher mit meinem Bonus gleichgesetzt wird.<\/p>\n<p>In der Praxis ist es nun aber so, dass die luxemburgischen Expert comptable genau diese Differenzierung nicht vornehmen und <strong>grunds\u00e4tzlich die Verg\u00fctung als Tantieme<\/strong> abrechnen.<\/p>\n<p>Warum das so ist, m\u00fcsste noch ergr\u00fcndet werden. Entweder wird hier nach dem Motto gearbeitet: Das war schon immer so\u2026 oder aber der Unternehmer gibt seinem Buchhalter keine anderweitige Information. Dass der Buchhalter eine kl\u00e4rende R\u00fcckfrage stellt, ist in Luxemburg eher un\u00fcblich. Er tut grunds\u00e4tzlich das, was man ihm auftr\u00e4gt, weshalb er in Luxemburg auch nicht als Freiberufler gilt, sondern als Gewerbetreibender. Wenn also der Unternehmer sagt, man m\u00f6ge einen Aufsichtsrat abrechnen, wird der Buchhalter dies grunds\u00e4tzlich genauso ohne R\u00fcckfrage tun.<\/p>\n<p>Hier liegt aber die Krux. Das deutsche Finanzamt fragt sich daher, warum eine Gesch\u00e4ftsf\u00fchrert\u00e4tigkeit vorliegen soll, wenn doch grunds\u00e4tzlich eine Tantieme abgerechnet wird, die eindeutig auf eine Aufsichtsratst\u00e4tigkeit hinweist.<\/p>\n<p>Hier m\u00fcssen also einige Expert comptable und Steuerberater noch ihre Hausaufgaben machen und \u00fcberlegen, was sie denn da in Luxemburg als Tantieme abrechnen.<\/p>\n<p>Dabei spielt es zun\u00e4chst keine Rolle, ob dies am Ende bei der luxemburger Einkommensteuererkl\u00e4rung ins Gewicht f\u00e4llt oder nicht. Denn bei Aufsichtsr\u00e4ten, die L\u00f6hne \u00fcber 100.000 \u20ac versteuern, m\u00fcssen die Tantiemen ohnehin in Luxemburg nachversteuert werden. Dies bedeutet, dass in vielen F\u00e4llen die Form der Tantieme am Ende \u00fcberhaupt keinen steuerlichen Vorteil f\u00fcr den steuerpflichtigen Grenzg\u00e4nger mit sich bringt. Somit gibt es wieder mal ein Thema, das aufgrund der \u00dcberpr\u00fcfung des Finanzamtes Trier in seinen Grunds\u00e4tzen ins Wanken ger\u00e4t.<\/p>\n<p><strong>Unsere Kanzlei ber\u00e4t in diesen F\u00e4llen.<\/strong><\/p>\n<p>[\/et_pb_text][\/et_pb_column][et_pb_column type=&#8220;1_3&#8243; _builder_version=&#8220;4.16&#8243; background_position=&#8220;top_left&#8220; custom_padding=&#8220;0px|0px|0px|&#8220; global_colors_info=&#8220;{}&#8220; custom_padding__hover=&#8220;|||&#8220;][et_pb_text admin_label=&#8220;Text Abstandshalter&#8220; _builder_version=&#8220;4.16&#8243; custom_margin=&#8220;0px|0px|0px|0px&#8220; custom_padding=&#8220;0px|0px|0px|0px&#8220; global_colors_info=&#8220;{}&#8220;]<\/p>\n<p>\n<span style=\"color: #ffffff;\">:<\/span><br \/><span style=\"color: #ffffff;\">:<\/span><\/p>\n<p>[\/et_pb_text][et_pb_image src=&#8220;https:\/\/wonnebauer.de\/site\/wp-content\/uploads\/2019\/10\/z_WHHNMQ.jpeg&#8220; align_tablet=&#8220;center&#8220; align_phone=&#8220;&#8220; align_last_edited=&#8220;on|desktop&#8220; admin_label=&#8220;Bild  Ich mit Buch Klage im Steuerrecht&#8220; _builder_version=&#8220;4.16&#8243; custom_margin=&#8220;63px||0px|||&#8220; z_index_tablet=&#8220;500&#8243; global_colors_info=&#8220;{}&#8220;][\/et_pb_image][\/et_pb_column][\/et_pb_row][et_pb_row column_structure=&#8220;2_3,1_3&#8243; _builder_version=&#8220;4.16&#8243; global_colors_info=&#8220;{}&#8220;][et_pb_column type=&#8220;2_3&#8243; _builder_version=&#8220;4.16&#8243; background_position=&#8220;top_left&#8220; custom_padding=&#8220;0px|0px|0px|0px&#8220; global_colors_info=&#8220;{}&#8220; custom_padding__hover=&#8220;|||&#8220;][et_pb_text admin_label=&#8220;Text Abstandshalter&#8220; _builder_version=&#8220;4.16&#8243; custom_margin=&#8220;0px|0px|0px|0px&#8220; custom_padding=&#8220;0px|0px|0px|0px&#8220; global_colors_info=&#8220;{}&#8220;]<\/p>\n<p>\n<span style=\"color: #ffffff;\">:<\/span><br \/><span style=\"color: #ffffff;\">:<\/span><\/p>\n<p>[\/et_pb_text][et_pb_text admin_label=&#8220;\u00dcberschrift:  Zusatzpension Sachzuwendung&#8220; _builder_version=&#8220;4.16&#8243; z_index_tablet=&#8220;500&#8243; global_colors_info=&#8220;{}&#8220;]<\/p>\n<h3><strong>Zusatzpension als Sachzuwendung<br \/><\/strong><\/h3>\n<p>[\/et_pb_text][et_pb_text admin_label=&#8220;Text Zusatzpension Sachzuwendung&#8220; _builder_version=&#8220;4.16&#8243; z_index_tablet=&#8220;500&#8243; global_colors_info=&#8220;{}&#8220;]<\/p>\n<p>Einige wenige luxemburgische Arbeitgeber zahlen in eine <strong>betriebliche Altersversorgung<\/strong> f\u00fcr den Arbeitnehmer ein. Dies erfolgt nach dem <strong>Zusatzpensionsregime<\/strong> aus dem Jahr 1999\/2000, welches bereits mehrfach reformiert wurde. <\/p>\n<p>Letztendlich f\u00fchrt dies jedoch dazu, dass der Arbeitgeber w\u00e4hrend der Einzahlungsphase die Beitr\u00e4ge mit 20 % pauschal versteuert. In der Auszahlungsphase ist die Versicherung steuerfrei, sowohl in Deutschland als auch in Luxemburg. In Luxemburg beeinflusst sie nicht den globalen Steuersatz, in Deutschland hingegen schon. <\/p>\n<p>Die eingezahlten Betr\u00e4ge erscheinen jedoch weder auf der monatlichen Lohnabrechnung des Arbeitnehmers noch auf der Jahreslohnsteuerbescheinigung. Sie sind also in den Steuerunterlagen nicht zu erkennen. <\/p>\n<p>Richtigerweise m\u00fcssten diese jedoch \u2013 zumindest nach deutschem Verst\u00e4ndnis \u2013 irgendwo notiert sein und in der deutschen Steuererkl\u00e4rung ber\u00fccksichtigt werden. Dies f\u00fchrt zu keiner deutschen Steuer, solange es keine Lohnaufteilung nach der Verst\u00e4ndigungsvereinbarung gibt. In manchen F\u00e4llen wird dies jedoch dem Progressionsvorbehalt erh\u00f6hen.<\/p>\n<p>Sp\u00e4testens wenn die Versicherung ausgezahlt wird, erfolgt eine <strong>automatische Meldung<\/strong> an die deutsche Finanzverwaltung. Diese kann dann zumindest f\u00fcr die letzten 10 Jahre eine Nachversteuerung des Lohnes erwirken.<\/p>\n<p><strong>\u00a0<\/strong><\/p>\n<p>[\/et_pb_text][\/et_pb_column][et_pb_column type=&#8220;1_3&#8243; _builder_version=&#8220;4.16&#8243; background_position=&#8220;top_left&#8220; custom_padding=&#8220;0px|0px|0px|&#8220; global_colors_info=&#8220;{}&#8220; custom_padding__hover=&#8220;|||&#8220;][et_pb_text admin_label=&#8220;Text Abstandshalter&#8220; _builder_version=&#8220;4.16&#8243; custom_margin=&#8220;0px|0px|0px|0px&#8220; custom_padding=&#8220;0px|0px|0px|0px&#8220; global_colors_info=&#8220;{}&#8220;]<\/p>\n<p>\n<span style=\"color: #ffffff;\">:<\/span><br \/><span style=\"color: #ffffff;\">:<\/span><\/p>\n<p>[\/et_pb_text][et_pb_image src=&#8220;https:\/\/wonnebauer.de\/site\/wp-content\/uploads\/2019\/10\/P1100150.jpg&#8220; align_tablet=&#8220;center&#8220; align_phone=&#8220;&#8220; align_last_edited=&#8220;on|desktop&#8220; admin_label=&#8220;Bild  Ich mit Buch Klage im Steuerrecht&#8220; _builder_version=&#8220;4.16&#8243; custom_margin=&#8220;47px||0px|||&#8220; z_index_tablet=&#8220;500&#8243; global_colors_info=&#8220;{}&#8220;][\/et_pb_image][\/et_pb_column][\/et_pb_row][et_pb_row column_structure=&#8220;2_3,1_3&#8243; _builder_version=&#8220;4.16&#8243; global_colors_info=&#8220;{}&#8220;][et_pb_column type=&#8220;2_3&#8243; _builder_version=&#8220;4.16&#8243; background_position=&#8220;top_left&#8220; custom_padding=&#8220;0px|0px|0px|0px&#8220; global_colors_info=&#8220;{}&#8220; custom_padding__hover=&#8220;|||&#8220;][et_pb_text admin_label=&#8220;Text Abstandshalter&#8220; _builder_version=&#8220;4.16&#8243; custom_margin=&#8220;0px|0px|0px|0px&#8220; custom_padding=&#8220;0px|0px|0px|0px&#8220; global_colors_info=&#8220;{}&#8220;]<\/p>\n<p>\n<span style=\"color: #ffffff;\">:<\/span><br \/><span style=\"color: #ffffff;\">:<\/span><\/p>\n<p>[\/et_pb_text][et_pb_text admin_label=&#8220;\u00dcberschrift:  Mehrheitsgesellschafter kein AN &#8220; _builder_version=&#8220;4.16&#8243; z_index_tablet=&#8220;500&#8243; global_colors_info=&#8220;{}&#8220;]<\/p>\n<h3><strong>Mehrheitsgesellschafter ist kein Arbeitnehmer = keine 19-Tage-Regel<\/strong><\/h3>\n<p>[\/et_pb_text][et_pb_text admin_label=&#8220;Text Mehrheitsgesellschafter kein AN&#8220; _builder_version=&#8220;4.16&#8243; z_index_tablet=&#8220;500&#8243; global_colors_info=&#8220;{}&#8220;]<\/p>\n<p>Der <strong>Bundesfinanzhof<\/strong> (BFH) hatte ein Urteil des<strong> Finanzgerichts Rheinland-Pfal<\/strong>z aufgehoben und die Angelegenheit zur\u00fcckverwiesen zur Neuverhandlung.<\/p>\n<p>Urspr\u00fcnglich war das Finanzgericht der Meinung des Finanzamtes Trier gefolgt. Dieses hatte von einem Gesch\u00e4ftsf\u00fchrer, der auch gleichzeitig alleiniger Inhaber der luxemburgischen S.\u00e0.r.l. war,\u00a0 verlangt, eine Tageauflistung wegen der 19-Tage-Regel einzureichen.<\/p>\n<p>Diese Vorschrift galt nach unserer Ansicht nach nur f\u00fcr Arbeitnehmer. In der ersten Instanz hat das Finanzgericht allerdings dies so ausgelegt, dass der alleinige Gesellschafter auch Arbeitnehmer sei.<\/p>\n<p>Auf die Revision hob der BFH dieses Urteil auf und verwies die Sache zur Neuverhandlung zur\u00fcck.<\/p>\n<p>In der Neuverhandlung stellte das Finanzgericht jetzt fest, dass bei Gesamtw\u00fcrdigung der Umst\u00e4nde der <strong>Gesch\u00e4ftsf\u00fchrer selbstst\u00e4ndig<\/strong> ist.Seine Eink\u00fcnfte seien auch <strong>nicht als verdeckte Gewinnaussch\u00fcttung<\/strong> in Deutschland zu versteuern. Letztendlich ging die Klage jedoch verloren mangels Betriebsst\u00e4tte des Gesch\u00e4ftsf\u00fchrers.<\/p>\n<p>Die Rechtslage ist kompliziert und betrifft jedoch <strong>mehrere hundert deutsche Grenzg\u00e4nger<\/strong>, die eine S.\u00e0.r.l. in Luxemburg als alleiniger Gesellschafter f\u00fchren.<\/p>\n<p>Wer aufgrund von<strong> Kundenbesuchen au\u00dferhalb Luxemburgs<\/strong> eine deutsche Steuererkl\u00e4rung abgeben muss, kann um eine Steuerzahlung herumkommen. Vorausgesetzt ist, dass die Konstruktion des Vertragsverh\u00e4ltnisses zwischen dem Gesch\u00e4ftsf\u00fchrer und seiner eigenen S.\u00e0.r.l. dementsprechend gestaltet ist. Au\u00dferdem muss er auch eine Betriebsst\u00e4tte nachweisen k\u00f6nnen, was rechtlich auch m\u00f6glich ist.<\/p>\n<p>F\u00fcr diesen Fall versteuert er sein Gesch\u00e4ftsf\u00fchrergehalt nur in Luxemburg, auch wenn er die 19-Tage-Grenze \u00fcberschreitet.<\/p>\n<p><strong>Unsere Kanzlei hilft in diesen F\u00e4llen zu beraten.<\/strong><\/p>\n<p>[\/et_pb_text][\/et_pb_column][et_pb_column type=&#8220;1_3&#8243; _builder_version=&#8220;4.16&#8243; background_position=&#8220;top_left&#8220; custom_padding=&#8220;0px|0px|0px|&#8220; global_colors_info=&#8220;{}&#8220; custom_padding__hover=&#8220;|||&#8220;][et_pb_text admin_label=&#8220;Text Abstandshalter&#8220; _builder_version=&#8220;4.16&#8243; custom_margin=&#8220;0px|0px|0px|0px&#8220; custom_padding=&#8220;0px|0px|0px|0px&#8220; global_colors_info=&#8220;{}&#8220;]<\/p>\n<p>\n<span style=\"color: #ffffff;\">:<\/span><br \/><span style=\"color: #ffffff;\">:<\/span><\/p>\n<p>[\/et_pb_text][et_pb_image src=&#8220;https:\/\/wonnebauer.de\/site\/wp-content\/uploads\/2018\/06\/Wonnebauer_geht_2_IMG_0703.jpg&#8220; align_tablet=&#8220;center&#8220; align_phone=&#8220;&#8220; align_last_edited=&#8220;on|desktop&#8220; admin_label=&#8220;Bild  Ich mit Buch Klage im Steuerrecht&#8220; _builder_version=&#8220;4.16&#8243; min_height=&#8220;128px&#8220; custom_margin=&#8220;||0px|&#8220; custom_padding=&#8220;54px|||||&#8220; z_index_tablet=&#8220;500&#8243; global_colors_info=&#8220;{}&#8220;][\/et_pb_image][\/et_pb_column][\/et_pb_row][et_pb_row column_structure=&#8220;2_3,1_3&#8243; _builder_version=&#8220;4.16&#8243; global_colors_info=&#8220;{}&#8220;][et_pb_column type=&#8220;2_3&#8243; _builder_version=&#8220;4.16&#8243; background_position=&#8220;top_left&#8220; custom_padding=&#8220;0px|0px|0px|0px&#8220; global_colors_info=&#8220;{}&#8220; custom_padding__hover=&#8220;|||&#8220;][et_pb_text admin_label=&#8220;Text Abstandshalter&#8220; _builder_version=&#8220;4.16&#8243; custom_margin=&#8220;0px|0px|0px|0px&#8220; custom_padding=&#8220;0px|0px|0px|0px&#8220; global_colors_info=&#8220;{}&#8220;]<\/p>\n<p>\n<span style=\"color: #ffffff;\">:<\/span><br \/><span style=\"color: #ffffff;\">:<\/span><\/p>\n<p>[\/et_pb_text][et_pb_text admin_label=&#8220;Text Meldungen von Konten und Steuermodellen&#8220; _builder_version=&#8220;4.16&#8243; global_colors_info=&#8220;{}&#8220;]<\/p>\n<h3><strong>Automatische Meldungen von Konten und Steuermodellen<br \/><\/strong><\/h3>\n<p>[\/et_pb_text][et_pb_text admin_label=&#8220;Text Konten werden in der EU gemeldet&#8220; _builder_version=&#8220;4.16&#8243; z_index_tablet=&#8220;500&#8243; global_colors_info=&#8220;{}&#8220;]<\/p>\n<p><strong>Luxemburger Banken<\/strong> und Finanzinstitute sind nach der EU-Richtlinie 2014\/207 verpflichtet, jeweils bis sp\u00e4testens zum 30. Juni des Folgejahres<strong> automatisch und regelm\u00e4\u00dfig<\/strong> Informationen an das Wohnsitzland zu melden. Bez\u00fcglich <strong>Bankkonten<\/strong> werden Kontost\u00e4nde und Kontobewegungen gemeldet. Dieses urspr\u00fcnglich von der OECD weltweit eingef\u00fchrte System gilt somit auch in Europa.<\/p>\n<p>Es wird daher nicht mehr m\u00f6glich sein, Bankkonten in Luxemburg zu verschweigen. Steuerhinterziehungen in diesem Bereich werden dadurch vermieden.<\/p>\n<p>Zur Meldung verpflichtet sind Finanzinstitute, insbesondere <strong>Banken.<\/strong> Versto\u00dfen sie gegen diese Pflichten drohen hohe Bu\u00dfgelder.<\/p>\n<p>Nach einer weiteren neuen Richtlinie m\u00fcssen Berater <strong>grenz\u00fcberschreitende Steuergestaltungsmodelle<\/strong> ab dem 25. Juni 2018 melden. Die Richtlinie wird zwar erst ab dem 1. Juli 2020 angewendet. Sodann m\u00fcssen aber auch schon Gestaltungen gemeldet werden, die im Jahr 2018 begonnen haben.<\/p>\n<p>Meldepflichtig sind in diesem Fall sind <strong>Rechtsanw\u00e4lte und Steuerberater<\/strong>.<\/p>\n<p>[\/et_pb_text][\/et_pb_column][et_pb_column type=&#8220;1_3&#8243; _builder_version=&#8220;4.16&#8243; background_position=&#8220;top_left&#8220; custom_padding=&#8220;0px|0px|0px|&#8220; global_colors_info=&#8220;{}&#8220; custom_padding__hover=&#8220;|||&#8220;][et_pb_text admin_label=&#8220;Text Abstandshalter&#8220; _builder_version=&#8220;4.16&#8243; custom_margin=&#8220;0px|0px|0px|0px&#8220; custom_padding=&#8220;0px|0px|0px|0px&#8220; global_colors_info=&#8220;{}&#8220;]<\/p>\n<p>\n<span style=\"color: #ffffff;\">:<\/span><br \/><span style=\"color: #ffffff;\">:<\/span><\/p>\n<p>[\/et_pb_text][et_pb_image src=&#8220;https:\/\/wonnebauer.de\/site\/wp-content\/uploads\/2018\/06\/Wonnebauer_gebaeude_eu_fahnen_DSC01374.jpg&#8220; align_tablet=&#8220;center&#8220; align_phone=&#8220;&#8220; align_last_edited=&#8220;on|desktop&#8220; admin_label=&#8220;Bild Flaggen&#8220; _builder_version=&#8220;4.16&#8243; custom_margin=&#8220;74px||0px|||&#8220; global_colors_info=&#8220;{}&#8220;][\/et_pb_image][\/et_pb_column][\/et_pb_row][et_pb_row column_structure=&#8220;2_3,1_3&#8243; _builder_version=&#8220;4.16&#8243; global_colors_info=&#8220;{}&#8220;][et_pb_column type=&#8220;2_3&#8243; _builder_version=&#8220;4.16&#8243; background_position=&#8220;top_left&#8220; custom_padding=&#8220;0px|0px|0px|0px&#8220; global_colors_info=&#8220;{}&#8220; custom_padding__hover=&#8220;|||&#8220;][et_pb_text admin_label=&#8220;Text Abstandshalter&#8220; _builder_version=&#8220;4.16&#8243; custom_margin=&#8220;0px|0px|0px|0px&#8220; custom_padding=&#8220;0px|0px|0px|0px&#8220; global_colors_info=&#8220;{}&#8220;]<\/p>\n<p>\n<span style=\"color: #ffffff;\">:<\/span><br \/><span style=\"color: #ffffff;\">:<\/span><\/p>\n<p>[\/et_pb_text][et_pb_text admin_label=&#8220;Text \u00dcberschrift h\u00e4rtere Gangart gegen Grenzg\u00e4nger&#8220; _builder_version=&#8220;4.16&#8243; global_colors_info=&#8220;{}&#8220;]<\/p>\n<h3><strong>Bundesrechnungshof r\u00fcgt Finanz\u00e4mter &#8211; H\u00e4rtere Gangart gegen Grenzg\u00e4nger zu erwarten<br \/><\/strong><\/h3>\n<p>[\/et_pb_text][et_pb_text admin_label=&#8220;Text H\u00e4rtere Gangart gegen Grenzg\u00e4nger zu erwarten. &#8220; _builder_version=&#8220;4.16&#8243; global_colors_info=&#8220;{}&#8220;]<\/p>\n<p>\nDer Bundesrechnungshof wirft den Finanz\u00e4mtern vor, sie w\u00fcrden hunderte Millionen Euro ver-schenken durch Unkenntnis und verschleppte Steuerverfahren.<\/p>\n<p>Selbst in rechtlichen Zweifelf\u00e4llen habe das Finanzministerium die Steuer zu erheben. Eventuelle Streitf\u00e4lle m\u00fcssen die Finanzgerichte entscheiden, so der Bundesrechnungshof.<\/p>\n<p>Besonders hervorgehoben wurde, dass f\u00fcr Selbstanzeigen und in Steuerstrafverfahren auch noch Zinsen auf Einkommenssteuervorauszahlungen h\u00e4tten erhoben werden m\u00fcssen.<\/p>\n<p>Grenzg\u00e4nger, beispielsweise die f\u00fcr 10 Jahre r\u00fcckwirkend Steuererkl\u00e4rungen abgeben m\u00fcssen, w\u00e4ren in der Zukunft davon besonders betroffen.<\/p>\n<p>Auf Altjahre werden 6 % Verzugszinsen erhoben, jedoch erst 15 Monate nach dem betreffenden Steuerjahr. F\u00fcr das Jahr 2010 werden somit Verzugszinsen erst ab dem 01. April 2012 berechnet.<\/p>\n<p>Der Bundesrechnungshof meint jedoch, bei richtiger Steueranwendung des B\u00fcrgers, h\u00e4tte das Finanzamt schon das Jahr \u00fcber auf die entstehenden Nachzahlungen Vorauszahlungen erhoben. Diese w\u00e4ren dann gew\u00f6hnlich im M\u00e4rz, Juni, September und Dezember 2010 zu erheben gewesen. Die Verzugszinsen w\u00fcrden also weitaus fr\u00fcher f\u00e4llig werden. Dies mangelte in der Vergangenheit an der Komplexheit dieser Verzugsberechnung. Gegebenenfalls hatten die Finanzamt hierzu auch keine Software.<\/p>\n<p>In der Zukunft ist also damit zu rechnen, dass Nachzahlungen aufgrund von Selbstanzeigen und Steuerverfahren den Steuerb\u00fcrger noch viel teurer kommen werden. Gerade die Zinsen machen einen Gro\u00dfteil der Nachzahlungen aus. Zwar wird derzeit diskutiert, ob ein Zinssatz von 6 % nicht verfassungswidrig sei, eine abschlie\u00dfende Entscheidung hierzu steht noch aus.<\/p>\n<p>Sowohl die Steuerpflichtigen als auch die Steuerberater sind daher angehalten, noch gr\u00fcndlicher \u00fcber ihre Steuerangelegenheiten nachzudenken. Ansonsten kommen Steuernachzahlungen\u00a0 teuerer zu stehen.<\/p>\n<p>[\/et_pb_text][\/et_pb_column][et_pb_column type=&#8220;1_3&#8243; _builder_version=&#8220;4.16&#8243; background_position=&#8220;top_left&#8220; custom_padding=&#8220;0px|0px|0px|&#8220; global_colors_info=&#8220;{}&#8220; custom_padding__hover=&#8220;|||&#8220;][et_pb_text admin_label=&#8220;Text Abstandshalter&#8220; _builder_version=&#8220;4.16&#8243; custom_margin=&#8220;0px|0px|0px|0px&#8220; custom_padding=&#8220;0px|0px|0px|0px&#8220; global_colors_info=&#8220;{}&#8220;]<\/p>\n<p>\n<span style=\"color: #ffffff;\">:<\/span><br \/><span style=\"color: #ffffff;\">:<\/span><\/p>\n<p>[\/et_pb_text][et_pb_image src=&#8220;https:\/\/wonnebauer.de\/site\/wp-content\/uploads\/2018\/06\/Wonnebauer_internationales_steuerrecht_4390_240px.jpg&#8220; align_tablet=&#8220;center&#8220; align_phone=&#8220;&#8220; align_last_edited=&#8220;on|desktop&#8220; admin_label=&#8220;Bild Buch Schaumburg &#8220; _builder_version=&#8220;4.16&#8243; custom_margin=&#8220;64px||0px|||&#8220; global_colors_info=&#8220;{}&#8220;][\/et_pb_image][\/et_pb_column][\/et_pb_row][et_pb_row column_structure=&#8220;2_3,1_3&#8243; _builder_version=&#8220;4.16&#8243; global_colors_info=&#8220;{}&#8220;][et_pb_column type=&#8220;2_3&#8243; _builder_version=&#8220;4.16&#8243; background_position=&#8220;top_left&#8220; custom_padding=&#8220;0px|0px|0px|0px&#8220; global_colors_info=&#8220;{}&#8220; custom_padding__hover=&#8220;|||&#8220;][et_pb_text admin_label=&#8220;Text Abstandshalter&#8220; _builder_version=&#8220;4.16&#8243; custom_margin=&#8220;0px|0px|0px|0px&#8220; custom_padding=&#8220;0px|0px|0px|0px&#8220; global_colors_info=&#8220;{}&#8220;]<\/p>\n<p>\n<span style=\"color: #ffffff;\">:<\/span><br \/><span style=\"color: #ffffff;\">:<\/span><\/p>\n<p>[\/et_pb_text][et_pb_text admin_label=&#8220;Text \u00dcberschrift Beitr\u00e4ge zur frewilligen Rentenversicherung absetzbar&#8220; _builder_version=&#8220;4.16&#8243; global_colors_info=&#8220;{}&#8220;]<\/p>\n<h3><strong>Beitr\u00e4ge zur freiwilligen luxemburger Rentenversicherung jetzt in Deutschland abziehbar<br \/><\/strong><\/h3>\n<p>[\/et_pb_text][et_pb_text admin_label=&#8220;Text Beitr\u00e4ge in lux. Rentenversicherung absetzbar in D Erkl\u00e4rung&#8220; _builder_version=&#8220;4.16&#8243; global_colors_info=&#8220;{}&#8220;]<\/p>\n<p>\nEhemalige Grenzg\u00e4nger k\u00f6nnen weiterhin <strong>freiwillig in die luxemburgische Rentenversicherung<\/strong> einzahlen. Damit erhalten sie ihren Rentenanspruch, als w\u00fcrden sie weiterhin Grenzg\u00e4nger sein.<\/p>\n<p>Diese Beitr\u00e4ge k\u00f6nnen seit dem <strong>Erla\u00df des Bundesfinanzministerums vom Dezember 2017<\/strong> nun auch in der deutschen Steuererkl\u00e4rung wie gesetzliche Beitr\u00e4ge angesetzt werden. Bislang hatten die Finanz\u00e4mter dies abgelehnt mit der Begr\u00fcndung, die luxemburger Renten w\u00fcrden\u00a0 schlie\u00dflich auch nicht in Deutschland versteuert. Der Erla\u00df geht wiederum zur\u00fcck auf das Urteil des EuGH in der Sache Bechtel.<\/p>\n<p>Voraussetzung ist, dass die Beitr\u00e4ge <strong>nicht schon in der luxemburger Steuererkl\u00e4rung <\/strong>steuermindernd geltend gemacht wurden. Das ist bei ehemaligen Grenzg\u00e4ngern der Fall.<\/p>\n<p>Nicht abzugsf\u00e4hig w\u00e4ren daher freiwillige Rentenbeitr\u00e4ge <strong>von Grenzg\u00e4ngern,<\/strong> da diese ja in der luxemburger Steuererkl\u00e4rung geltend gemacht werden k\u00f6nnen.<\/p>\n<p>Ob dies so bleibt ist fraglich, da eine Gesetz\u00e4nderung geplant ist.<\/p>\n<p>Aktuell sollten Grenzg\u00e4nger diese Abzugsm\u00f6glichkeit nutzen.<\/p>\n<p>[\/et_pb_text][\/et_pb_column][et_pb_column type=&#8220;1_3&#8243; _builder_version=&#8220;4.16&#8243; background_position=&#8220;top_left&#8220; custom_padding=&#8220;0px|0px|0px|&#8220; global_colors_info=&#8220;{}&#8220; custom_padding__hover=&#8220;|||&#8220;][et_pb_text admin_label=&#8220;Text Abstandshalter&#8220; _builder_version=&#8220;4.16&#8243; custom_margin=&#8220;0px|0px|0px|0px&#8220; custom_padding=&#8220;0px|0px|0px|0px&#8220; global_colors_info=&#8220;{}&#8220;]<\/p>\n<p>\n<span style=\"color: #ffffff;\">:<\/span><br \/><span style=\"color: #ffffff;\">:<\/span><\/p>\n<p>[\/et_pb_text][et_pb_image src=&#8220;https:\/\/wonnebauer.de\/site\/wp-content\/uploads\/2018\/06\/Wonnebauer_cour_de_justice_eu_DSC01369_001.jpg&#8220; align_tablet=&#8220;center&#8220; align_phone=&#8220;&#8220; align_last_edited=&#8220;on|desktop&#8220; admin_label=&#8220;Bild EuGH-Schild&#8220; _builder_version=&#8220;4.16&#8243; custom_margin=&#8220;49px||0px|||&#8220; global_colors_info=&#8220;{}&#8220;][\/et_pb_image][\/et_pb_column][\/et_pb_row][et_pb_row column_structure=&#8220;2_3,1_3&#8243; _builder_version=&#8220;4.16&#8243; global_colors_info=&#8220;{}&#8220;][et_pb_column type=&#8220;2_3&#8243; _builder_version=&#8220;4.16&#8243; background_position=&#8220;top_left&#8220; custom_padding=&#8220;0px|0px|0px|0px&#8220; global_colors_info=&#8220;{}&#8220; custom_padding__hover=&#8220;|||&#8220;][et_pb_text admin_label=&#8220;Text Abstandshalter&#8220; _builder_version=&#8220;4.16&#8243; custom_margin=&#8220;0px|0px|0px|0px&#8220; custom_padding=&#8220;0px|0px|0px|0px&#8220; global_colors_info=&#8220;{}&#8220;]<\/p>\n<p>\n<span style=\"color: #ffffff;\">:<\/span><br \/><span style=\"color: #ffffff;\">:<\/span><\/p>\n<p>[\/et_pb_text][et_pb_text admin_label=&#8220;Text \u00dcberschrift 19 Tage \u00f6ffentl. Dienst&#8220; _builder_version=&#8220;4.16&#8243; global_colors_info=&#8220;{}&#8220;]<\/p>\n<h3><strong>Gilt die 19-Tageregel auch f\u00fcr Mitarbeiter des \u00f6ffentlichen Dienstes?<\/strong><\/h3>\n<p>[\/et_pb_text][et_pb_text admin_label=&#8220;Text 19 Tage \u00f6ffentl. Dienst&#8220; _builder_version=&#8220;4.16&#8243; global_colors_info=&#8220;{}&#8220;]<\/p>\n<p>\nDie 19-Tagegrenze besagt bei Luxemburg-Grenzg\u00e4ngern folgendes: Ein in Deutschland wohnhafter Grenzg\u00e4nger, der Arbeitstage au\u00dferhalb Luxemburgs verbringt, muss daf\u00fcr anteilig in Deutschland Steuern zahlen, wenn er mehr als 19 Tage au\u00dferhalb Luxemburgs t\u00e4tig ist. Diese Regel gilt grunds\u00e4tzlich f\u00fcr Angestellte.<\/p>\n<p>Bislang wurden in der Praxis Mitarbeiter des \u00f6ffentlichen Dienstes nicht hierunter verstanden. Erstmals hat das Finanzamt Wittlich nun einen im \u00f6ffentlichen Dienst t\u00e4tigen Grenzg\u00e4nger anteilig besteuert. Das Finanzamt geht davon aus, dass es sich hierbei zwar nicht um ein Dienstverh\u00e4ltnis im Sinne des Artikel 14 handelt, das grunds\u00e4tzlich f\u00fcr Angestellte gilt.<\/p>\n<p>Im Doppelbesteuerungsabkommen gibt es eine besondere Vorschrift f\u00fcr Mitarbeiter im \u00f6ffentlichen Dienst. Hierbei kommt es nicht darauf an, ob die Mitarbeiter Beamte sind. Es reicht aus, wenn die Lohnzahlung durch die \u00f6ffentliche Hand erfolgt.<\/p>\n<p>Da hier auch nicht die 19-Tageregel gilt, so dass Finanzamt Wittlich, m\u00fcssten in jedem Fall anteilige Arbeitstage in Deutschland versteuert werden.<\/p>\n<p>Die Klage ist derzeit beim Finanzgericht Rheinland-Pfalz anh\u00e4ngig. Unsere Kanzlei vertritt die Ansicht, dass die anteilige Besteuerung nicht grunds\u00e4tzlich f\u00fcr Mitarbeiter im \u00f6ffentlichen Dienst gilt. Hierbei muss differenziert werden, welche Aufgabe der Mitarbeiter aus\u00fcbt. Handelt es sich um eine hoheitliche Aufgabe, kommt nach Auffassung unserer Kanzlei keine anteilige Besteuerung in Deutschland in Betracht.<\/p>\n<p>Nur in den F\u00e4llen, in denen die Mitarbeiter des \u00f6ffentlichen Dienstes wie private Unternehmen agieren, kann eine Gleichstellung mit den Mitarbeitern von privaten Unternehmen zul\u00e4ssig sein.<\/p>\n<p>Der Europ\u00e4ische Gerichtshof hat bereits 1998 entschieden, dass eine Gleichstellung zwischen Mitarbeitern des \u00f6ffentlichen Dienstes und Privatunternehmen nicht erforderlich ist, sondern eine Differenzierung sogar gerechtfertigt sein kann.<\/p>\n<p>Betroffen von dem Urteil sind alle Mitarbeiter des \u00f6ffentlichen Dienstes, beispielsweise auch Lehrkr\u00e4fte, die zu Hause Klausuren korrigieren.<\/p>\n<p>[\/et_pb_text][\/et_pb_column][et_pb_column type=&#8220;1_3&#8243; _builder_version=&#8220;4.16&#8243; background_position=&#8220;top_left&#8220; custom_padding=&#8220;0px|0px|0px|&#8220; global_colors_info=&#8220;{}&#8220; custom_padding__hover=&#8220;|||&#8220;][et_pb_text admin_label=&#8220;Text Abstandshalter&#8220; _builder_version=&#8220;4.16&#8243; custom_margin=&#8220;0px|0px|0px|0px&#8220; custom_padding=&#8220;0px|0px|0px|0px&#8220; global_colors_info=&#8220;{}&#8220;]<\/p>\n<p>\n<span style=\"color: #ffffff;\">:<\/span><br \/><span style=\"color: #ffffff;\">:<\/span><\/p>\n<p>[\/et_pb_text][et_pb_image src=&#8220;https:\/\/wonnebauer.de\/site\/wp-content\/uploads\/2018\/08\/P1140180-e1534350149236.jpg&#8220; align_tablet=&#8220;center&#8220; align_phone=&#8220;&#8220; align_last_edited=&#8220;on|desktop&#8220; admin_label=&#8220;Bild Wonnebauer_seminarraum_P1100277&#8243; _builder_version=&#8220;4.16&#8243; custom_margin=&#8220;51px||0px|||&#8220; global_colors_info=&#8220;{}&#8220;][\/et_pb_image][\/et_pb_column][\/et_pb_row][et_pb_row column_structure=&#8220;2_3,1_3&#8243; _builder_version=&#8220;4.16&#8243; global_colors_info=&#8220;{}&#8220;][et_pb_column type=&#8220;2_3&#8243; _builder_version=&#8220;4.16&#8243; background_position=&#8220;top_left&#8220; custom_padding=&#8220;0px|0px|0px|0px&#8220; global_colors_info=&#8220;{}&#8220; custom_padding__hover=&#8220;|||&#8220;][et_pb_text admin_label=&#8220;Text Abstandshalter&#8220; _builder_version=&#8220;4.16&#8243; custom_margin=&#8220;0px|0px|0px|0px&#8220; custom_padding=&#8220;0px|0px|0px|0px&#8220; global_colors_info=&#8220;{}&#8220;]<\/p>\n<p>\n<span style=\"color: #ffffff;\">:<\/span><br \/><span style=\"color: #ffffff;\">:<\/span><\/p>\n<p>[\/et_pb_text][et_pb_text admin_label=&#8220;Text \u00dcberschrift Wann Einzel-, wann Zusammenveranlagung?&#8220; _builder_version=&#8220;4.16&#8243; global_colors_info=&#8220;{}&#8220;]<\/p>\n<h3>Wann Einzel-, wann Zusammenveranlagung?<\/h3>\n<p>[\/et_pb_text][et_pb_text admin_label=&#8220;Text Wann Einzel-, wann Zusammenveranlagung?&#8220; _builder_version=&#8220;4.16&#8243; global_colors_info=&#8220;{}&#8220;]<\/p>\n<p class=\"bodytext\">Bei Grenzg\u00e4ngern stellt sich oft die Frage der\u00a0<b>Einzel- oder Zusammenveranlagung<\/b>.<br \/>Je nach Einkommensverh\u00e4ltnissen der Ehegatten lohnt es sich, die Einzelveranlagung zu w\u00e4hlen.<br \/>Dies f\u00fchrt bei den Nichtgrenzg\u00e4ngern dazu, dass das luxemburgische Einkommen nicht unter<br \/>Progressionsvorbehalt ber\u00fccksichtigt wird.<\/p>\n<p class=\"bodytext\">Im Rahmen der<b>\u00a0Einzelveranlagung<\/b>\u00a0sind noch folgende Punkte zu bedenken:<\/p>\n<p class=\"bodytext\">Es gibt die M\u00f6glichkeit, dass der Freibetrag zur\u00a0<b>Abgeltung des Sonderbedarfs<\/b>\u00a0bei der Berufsausbildung<br \/>eines vollj\u00e4hrigen Kindes bei der Einzelveranlagung\u00a0<b>nur einem Ehegatten zugewiesen<\/b>wird.\u00a0 Da der<br \/>Grenzg\u00e4nger meistens kein Einkommen in Deutschland zu versteuern hat, lohnt es sich, diesen Freibetrag<br \/>zu 100 % dem Nichtgrenzg\u00e4nger zuzuweisen.<\/p>\n<p class=\"bodytext\">Des Weiteren gibt es die M\u00f6glichkeit, auch die<b>\u00a0haushaltsnahen Dienstleistungen<\/b>, Sonderausgaben<br \/>und au\u00dfergerichtliche Belastungen\u00a0<b>unter den Ehegatten h\u00e4lftig aufzuteilen<\/b>. Dies lohnt sich immer<br \/>dann, wenn der Grenzg\u00e4nger viel h\u00f6here Versicherungsleistungen als der Nichtgrenzg\u00e4nger hat.<br \/>Bei dem Grenzg\u00e4nger wirken sie sich ohnehin nicht aus.<\/p>\n<p>Mit diesem Antrag kann die H\u00e4lfte der Versicherungen jeweils gegenseitig dem anderen Ehegatten<br \/>\u00fcbertragen werden. Diese Variante der Steuererkl\u00e4rung sollte bei Grenzg\u00e4ngern mit Einzelveranlagung<br \/>stets gepr\u00fcft werden und f\u00fchrt oftmals zu einer\u00a0<b>erheblichen Steuerersparnis<\/b>.<\/p>\n<p>[\/et_pb_text][\/et_pb_column][et_pb_column type=&#8220;1_3&#8243; _builder_version=&#8220;4.16&#8243; background_position=&#8220;top_left&#8220; custom_padding=&#8220;0px|0px|0px|&#8220; global_colors_info=&#8220;{}&#8220; custom_padding__hover=&#8220;|||&#8220;][et_pb_text admin_label=&#8220;Text Abstandshalter&#8220; _builder_version=&#8220;4.16&#8243; custom_margin=&#8220;0px|0px|0px|0px&#8220; custom_padding=&#8220;0px|0px|0px|0px&#8220; global_colors_info=&#8220;{}&#8220;]<\/p>\n<p>\n<span style=\"color: #ffffff;\">:<\/span><br \/><span style=\"color: #ffffff;\">:<\/span><\/p>\n<p>[\/et_pb_text][et_pb_image src=&#8220;https:\/\/wonnebauer.de\/site\/wp-content\/uploads\/2018\/07\/Wonnebauer_seminarraum_P1100277.jpg&#8220; align_tablet=&#8220;center&#8220; align_phone=&#8220;&#8220; align_last_edited=&#8220;on|desktop&#8220; admin_label=&#8220;Bild Wonnebauer_seminarraum_P1100277&#8243; _builder_version=&#8220;4.16&#8243; custom_margin=&#8220;72px||0px|||&#8220; global_colors_info=&#8220;{}&#8220;][\/et_pb_image][\/et_pb_column][\/et_pb_row][et_pb_row column_structure=&#8220;2_3,1_3&#8243; _builder_version=&#8220;4.16&#8243; global_colors_info=&#8220;{}&#8220;][et_pb_column type=&#8220;2_3&#8243; _builder_version=&#8220;4.16&#8243; background_position=&#8220;top_left&#8220; custom_padding=&#8220;0px|0px|0px|0px&#8220; global_colors_info=&#8220;{}&#8220; custom_padding__hover=&#8220;|||&#8220;][et_pb_text admin_label=&#8220;Text Abstandshalter&#8220; _builder_version=&#8220;4.16&#8243; custom_margin=&#8220;0px|0px|0px|0px&#8220; custom_padding=&#8220;0px|0px|0px|0px&#8220; global_colors_info=&#8220;{}&#8220;]<\/p>\n<p>\n<span style=\"color: #ffffff;\">:<\/span><br \/><span style=\"color: #ffffff;\">:<\/span><\/p>\n<p>[\/et_pb_text][et_pb_text admin_label=&#8220;Text \u00dcberschrift Luxemburger Pflegeversicherung in deutscher Steuererkl\u00e4rung&#8220; _builder_version=&#8220;4.16&#8243; global_colors_info=&#8220;{}&#8220;]<\/p>\n<h3><a href=\"https:\/\/www.bundesfinanzministerium.de\/Content\/DE\/Downloads\/BMF_Schreiben\/Steuerarten\/Einkommensteuer\/2017-12-11-Rechtssache-Bechtel.pdf?__blob=publicationFile&amp;v=4\">Luxemburger Pflegeversicherung in deutscher Steuererkl\u00e4rung absetzbar?<\/a><\/h3>\n<p>[\/et_pb_text][et_pb_text admin_label=&#8220;Text Luxemburger Pflegeversicherung in deutscher Steuererkl\u00e4rung&#8220; _builder_version=&#8220;4.16&#8243; global_colors_info=&#8220;{}&#8220;]<\/p>\n<p class=\"bodytext\">Nach dem Urteil des EuGH in der\u00a0<b>Sache Bechtel<\/b>\u00a0ist nun doch Verunsicherung eingetreten.<\/p>\n<p>Das Urteil besagt zun\u00e4chst, dass\u00a0<b>Sozialversicherungsbeitr\u00e4ge<\/b>, die mit steuerfreien Einnahmen<br \/>zusammenh\u00e4ngen, im Wohnsitzland steuerlich ber\u00fccksichtigt werden k\u00f6nnen.<\/p>\n<p>Das\u00a0<b>Bundesfinanzministerium<\/b>\u00a0hat weitere Bedingungen aufgestellt, die jedoch alle auf die<br \/>luxemburgische Pflegeversicherung zutreffen. Dort hei\u00dft es:<\/p>\n<p class=\"bodytext\">Entgegen \u00a7 10 Absatz 2 Satz 1 Nummer 1 EStG sind Vorsorgeaufwendungen nach \u00a7 10<\/p>\n<p class=\"bodytext\">Absatz 1 Nummer 2, 3 und 3a EStG als Sonderausgaben zu ber\u00fccksichtigen, wenn<\/p>\n<p class=\"bodytext\">1. solche Beitr\u00e4ge in<b>\u00a0unmittelbarem wirtschaftlichen Zusammenhang<\/b>\u00a0mit in einem<br \/>Mitgliedstaat der Europ\u00e4ischen Union oder einem Vertragsstaat des Abkommens \u00fcber den<br \/>Europ\u00e4ischen Wirtschaftsraum erzielten Einnahmen aus\u00a0<b>nichtselbst\u00e4ndiger T\u00e4tigkeit<\/b>\u00a0stehen,<\/p>\n<p class=\"bodytext\">2. diese Einnahmen nach einem Doppelbesteuerungsabkommen<b>\u00a0im Inland steuerfrei<\/b>\u00a0sind,<\/p>\n<p class=\"bodytext\">3. der<b>\u00a0Besch\u00e4ftigungsstaat\u00a0<\/b>keinerlei Abzug der mit den steuerfreien Einnahmen in unmittelbarem<br \/>wirtschaftlichen Zusammenhang stehenden Beitr\u00e4ge im Besteuerungsverfahren\u00a0<b>zul\u00e4sst<\/b>\u00a0und<\/p>\n<p class=\"bodytext\">4. auch das Doppelbesteuerungsabkommen die Ber\u00fccksichtigung der pers\u00f6nlichen Abz\u00fcge nicht<br \/>dem Besch\u00e4ftigungsstaat zuweist.<\/p>\n<p class=\"bodytext\">Die vorstehenden Regelungen sind in allen noch offenen F\u00e4llen anzuwenden.<\/p>\n<p>Alle\u00a0<b>4 Bedingungen<\/b>\u00a0sind im Falle der Pflegeversicherung erf\u00fcllt. Insbesondere werden die Beitr\u00e4ge<br \/>in Luxemburg<b>\u00a0nicht steuermindernd ber\u00fccksichtigt<\/b>.<\/p>\n<p>\u201eEgal\u201c, winkt die Juristin des Finanzamtes Trier auf Anfrage des<a class=\"external-link-new-window\" title=\"\u00d6ffnet externen Link in neuem Fenster\" href=\"https:\/\/www.volksfreund.de\/nachrichten\/luxemburg\/kein-steuerbonus-fuer-grenzgaenger_aid-22750943\">\u00a0Trierischen Volksfreundes<\/a>\u00a0ab.<br \/>\u201eEs kommt nicht darauf an, dass genau identische Sozial\u00adversicherungsbeitr\u00e4ge abzugsf\u00e4hig sind,<br \/>sondern nur, dass \u00fcberhaupt irgendwelche Beitr\u00e4ge ber\u00fccksichtigt werden\u201c, sagt K\u00f6ster.<br \/>Hei\u00dft: Die Luxemburger Pflegeversicherungsbeitr\u00e4ge k\u00f6nnen nicht zus\u00e4tzlich von der deutschen<br \/>Steuer abgesetzt werden.<\/p>\n<p>Woher das Finanzamt Trier allerdings dieses &#8222;egal&#8220; herholt, muss noch aufgekl\u00e4rt werden.<\/p>\n<p>Der Wortlaut des BMF-Schreibens ist doch eigentlich deutlich. Allerdings h\u00e4tte man sich in der<br \/>Rheinland-Pfalz so mit allen Finanz\u00e4mtern abgestimmt.<\/p>\n<p>Oder soll &#8222;keinerlei&#8220; bedeuten, dass ja der Abzug von Renten- und Krankenversicherungsbeitr\u00e4gen m\u00f6glich ist.<br \/>Damit liege ja ein Abzug vor, der dann die Ber\u00fccksichtigung der Pflegeversicherung ausschliesst? Nicht vorstellbar,<br \/>dass der EuGH dies so kleinlich gemeint hat. Wir meinen, dass\u00a0<b>keinerlei abziehbare Pflegeversicherung in<br \/>Luxemburg\u00a0<\/b>gemeint ist.<\/p>\n<p>Es wird sich nun zeigen, wie andere Finanz\u00e4mter au\u00dferhalb von Rheinland-Pfalnz mit der neuen Rechtslage umgehen. Grenzg\u00e4nger gibt es schlie\u00dflich nicht blo\u00df beim Finanzamt Trier.<\/p>\n<p><b>Die Rechtslage muss dann wohl in einem Klageverfahren gekl\u00e4rt werden.\u00a0<\/b><\/p>\n<p>Dass die deutsche Vorschrift europarechtswidrig ist und daher ge\u00e4ndert werden muss, steht ja bereits fest.<br \/>Bis dahin ist die<b>Auslegung des Landesamtes f\u00fcr Finanzen in Rheinland-Pfalz nur eine \u00dcbergangsl\u00f6sung<\/b>.<br \/>Vielleicht kommt das BMF ja in der konkreten Gesetzgebung zu mehr Klarheit.<\/p>\n<p>[\/et_pb_text][\/et_pb_column][et_pb_column type=&#8220;1_3&#8243; _builder_version=&#8220;4.16&#8243; background_position=&#8220;top_left&#8220; custom_padding=&#8220;0px|0px|0px|&#8220; global_colors_info=&#8220;{}&#8220; custom_padding__hover=&#8220;|||&#8220;][et_pb_text admin_label=&#8220;Text Abstandshalter&#8220; _builder_version=&#8220;4.16&#8243; custom_margin=&#8220;0px|0px|0px|0px&#8220; custom_padding=&#8220;0px|0px|0px|0px&#8220; global_colors_info=&#8220;{}&#8220;]<\/p>\n<p>\n<span style=\"color: #ffffff;\">:<\/span><br \/><span style=\"color: #ffffff;\">:<\/span><\/p>\n<p>[\/et_pb_text][et_pb_image src=&#8220;https:\/\/wonnebauer.de\/site\/wp-content\/uploads\/2018\/06\/Wonnebauer_gebaeude_eu_court_of_justice_213379_640.jpg&#8220; align_tablet=&#8220;center&#8220; align_phone=&#8220;&#8220; align_last_edited=&#8220;on|desktop&#8220; admin_label=&#8220;Bild Wonnebauer_gebaeude_eu_court_of_justice_213379_640&#8243; _builder_version=&#8220;4.16&#8243; custom_margin=&#8220;64px||0px|||&#8220; global_colors_info=&#8220;{}&#8220;][\/et_pb_image][\/et_pb_column][\/et_pb_row][et_pb_row column_structure=&#8220;2_3,1_3&#8243; _builder_version=&#8220;4.16&#8243; global_colors_info=&#8220;{}&#8220;][et_pb_column type=&#8220;2_3&#8243; _builder_version=&#8220;4.16&#8243; background_position=&#8220;top_left&#8220; custom_padding=&#8220;0px|0px|0px|0px&#8220; global_colors_info=&#8220;{}&#8220; custom_padding__hover=&#8220;|||&#8220;][et_pb_text admin_label=&#8220;Text Abstandshalter&#8220; _builder_version=&#8220;4.16&#8243; custom_margin=&#8220;0px|0px|0px|0px&#8220; custom_padding=&#8220;0px|0px|0px|0px&#8220; global_colors_info=&#8220;{}&#8220;]<\/p>\n<p>\n<span style=\"color: #ffffff;\">:<\/span><br \/><span style=\"color: #ffffff;\">:<\/span><\/p>\n<p>[\/et_pb_text][et_pb_text admin_label=&#8220;Text \u00dcberschrift Wann m\u00fcssen Grenzg\u00e4nger in Deutschland eine Steuererkl\u00e4rung abgeben?&#8220; _builder_version=&#8220;4.16&#8243; global_colors_info=&#8220;{}&#8220;]<\/p>\n<h3>Wann m\u00fcssen Grenzg\u00e4nger in Deutschland eine Steuererkl\u00e4rung abgeben?<\/h3>\n<p>[\/et_pb_text][et_pb_text admin_label=&#8220;Text Wann m\u00fcssen Grenzg\u00e4nger in Deutschland eine Steuererkl\u00e4rung abgeben?&#8220; _builder_version=&#8220;4.16&#8243; global_colors_info=&#8220;{}&#8220;]<\/p>\n<p class=\"bodytext\">Diese Frage wird oft unterschiedlich beantwortet. In der Praxis wird dies auch von den\u00a0<b>Finanz\u00e4mtern unterschiedlich<\/b>\u00a0gehandhabt.<\/p>\n<p>Man kann nicht aus der Praxis verschiedener Finanz\u00e4mter der Region einen R\u00fcckschluss auf die wirkliche<br \/>Rechtslage schlie\u00dfen.<\/p>\n<p>Tats\u00e4chlich ist es so, dass auch Grenzg\u00e4nger\u00a0<b>weiterhin einer Steuererkl\u00e4rungspflicht<\/b>\u00a0unterliegen.<br \/>Denn\u00a0<b>erst durch die eingereichte Steuererkl\u00e4rung\u00a0<\/b>erfolgt eine ordnungsgem\u00e4\u00dfe Pr\u00fcfung durch das<br \/>Finanzamt, ob die Eink\u00fcnfte aus dem luxemburgischen Besch\u00e4ftigungsverh\u00e4ltnis aufgrund von bestimmten<br \/>Regelungen dem Progressionsvorbehalt in Deutschland unterliegen oder eventuell sogar voll in Deutschland<br \/>zu versteuern sind.<\/p>\n<p>Insbesondere pr\u00fcft das Finanzamt auch die sogenannte\u00a0<b>R\u00fcckfallklausel<\/b>.<\/p>\n<p>Au\u00dferdem muss die Steuererkl\u00e4rung der Grenzg\u00e4nger auch Angaben dar\u00fcber enthalten,\u00a0<b>wo<\/b>\u00a0die T\u00e4tigkeit<br \/>ausge\u00fcbt wurde.<\/p>\n<p>Letztendlich will das Finanzamt auch pr\u00fcfen, ob\u00a0<b>in Luxemburg \u00fcberhaupt Steuern gezahlt<\/b>\u00a0wurden.<\/p>\n<p>Erst wenn diese drei Punkte gepr\u00fcft sind, trifft das Finanzamt seine Entscheidung.<\/p>\n<p>Viele Finanz\u00e4mter in NRW gehen so vor. Das Finanzamt Merzig weist in seiner Korrespondenz explizit<br \/>auf diese Grundlagen explizit hin.<\/p>\n<p><b>Finanz\u00e4mter in Rheinland-Pfalz<\/b>\u00a0sehen die Rechtslage allerdings entspannter, wohlwissend, dass in vielen<br \/>F\u00e4llen am Ende keine Besteuerung entsteht.<\/p>\n<p>Die Grenzg\u00e4nger sollten sich daher mit den Usancen<b>\u00a0ihres Wohnsitzfinanzamtes<\/b>\u00a0vertraut machen,<br \/>damit es sp\u00e4ter nicht zu \u00dcberraschungen kommt.<br \/>(11.4.2017)<\/p>\n<p>[\/et_pb_text][\/et_pb_column][et_pb_column type=&#8220;1_3&#8243; _builder_version=&#8220;4.16&#8243; background_position=&#8220;top_left&#8220; custom_padding=&#8220;0px|0px|0px|&#8220; global_colors_info=&#8220;{}&#8220; custom_padding__hover=&#8220;|||&#8220;][et_pb_text admin_label=&#8220;Text Abstandshalter&#8220; _builder_version=&#8220;4.16&#8243; custom_margin=&#8220;0px|0px|0px|0px&#8220; custom_padding=&#8220;0px|0px|0px|0px&#8220; global_colors_info=&#8220;{}&#8220;]<\/p>\n<p>\n<span style=\"color: #ffffff;\">:<\/span><br \/><span style=\"color: #ffffff;\">:<\/span><\/p>\n<p>[\/et_pb_text][et_pb_image src=&#8220;https:\/\/wonnebauer.de\/site\/wp-content\/uploads\/2018\/06\/Wonnebauer_visitenkarte_IMG_1225.jpg&#8220; align_tablet=&#8220;center&#8220; align_phone=&#8220;&#8220; align_last_edited=&#8220;on|desktop&#8220; admin_label=&#8220;Bild Wonnebauer_visitenkarte_IMG_1225&#8243; _builder_version=&#8220;4.16&#8243; custom_margin=&#8220;54px||0px|||&#8220; global_colors_info=&#8220;{}&#8220;][\/et_pb_image][\/et_pb_column][\/et_pb_row][et_pb_row column_structure=&#8220;2_3,1_3&#8243; _builder_version=&#8220;4.16&#8243; global_colors_info=&#8220;{}&#8220;][et_pb_column type=&#8220;2_3&#8243; _builder_version=&#8220;4.16&#8243; background_position=&#8220;top_left&#8220; custom_padding=&#8220;0px|0px|0px|0px&#8220; global_colors_info=&#8220;{}&#8220; custom_padding__hover=&#8220;|||&#8220;][et_pb_text admin_label=&#8220;Text Abstandshalter&#8220; _builder_version=&#8220;4.16&#8243; custom_margin=&#8220;0px|0px|0px|0px&#8220; custom_padding=&#8220;0px|0px|0px|0px&#8220; global_colors_info=&#8220;{}&#8220;]<\/p>\n<p>\n<span style=\"color: #ffffff;\">:<\/span><br \/><span style=\"color: #ffffff;\">:<\/span><\/p>\n<p>[\/et_pb_text][et_pb_text admin_label=&#8220;Text \u00dcberschrift Lohn f\u00fcr Bereitschaftsdienst nun gekl\u00e4rt &#8211; Verst\u00e4ndigungsverfahren abgeschlossen&#8220; module_id=&#8220;lfbereitschaftsdienst&#8220; _builder_version=&#8220;4.16&#8243; global_colors_info=&#8220;{}&#8220;]<\/p>\n<h3>Lohn f\u00fcr Bereitschaftsdienst nun gekl\u00e4rt &#8211; Verst\u00e4ndigungsverfahren abgeschlossen<\/h3>\n<p>[\/et_pb_text][et_pb_text admin_label=&#8220;Text Lohn f\u00fcr Bereitschaftsdienst nun gekl\u00e4rt &#8211; Verst\u00e4ndigungsverfahren abgeschlossen&#8220; _builder_version=&#8220;4.16&#8243; global_colors_info=&#8220;{}&#8220;]<\/p>\n<p class=\"bodytext\"><b>Der Lohn f\u00fcr Rufbereitschaft wird in Deutschland versteuert.<br \/><\/b>Grenzg\u00e4nger, die Rufbereitschaftsdienste leisten m\u00fcssen, k\u00f6nnen aufatmen.<br \/>Diese wurden bislang doppelt besteuert, n\u00e4mlich von Luxemburg und Deutschland.<\/p>\n<p>Ein Techniker hatte ein paar Wochen im Jahr nach Feierabend bis zum n\u00e4chsten Morgen<br \/>von Montag bis Freitag die Pflicht, auf Abruf direkt nach Luxemburg zu fahren. Hierf\u00fcr erhielt<br \/>er pro Woche eine Pauschale von ein paar hundert Euro. Im Jahr kamen so ein paar tausend<br \/>Euro Extragehalt zusammen.<\/p>\n<p>Nach\u00a0 Auffassung der deutschen Finanzverwaltung handelt es sich bei der Rufbereitschaft um<br \/>eine\u00a0<b>vertraglich vereinbarte T\u00e4tigkeit.<\/b>\u00a0Die betroffenen Grenzg\u00e4nger halten sich in Deutschland<br \/>bereit und erhalten daf\u00fcr eine Pauschale. Diese Meinung wird auch in der Steuerrechtswissenschaft<br \/>international vertreten. Demgem\u00e4\u00df wurden eine Selbstanzeige f\u00fcr mehrere Jahre gefertigt.<\/p>\n<p>Aber auch das luxemburger Finanzamt bestand auf die<b>\u00a0Besteuerung in Luxemburg<\/b>.<br \/>Es argumentierte: Das Land hat das Besteuerungsrecht, wo die Arbeit zu leisten gewesen w\u00e4re.<br \/>Antr\u00e4ge auf Erstattung wegen Doppelbesteuerung wurden von Luxemburg nicht beschieden.<\/p>\n<p>Unsere Kanzlei hatte diesbez\u00fcglich im Jahr 2015 ein\u00a0<b>Verst\u00e4ndigungsverfahren<\/b>\u00a0wegen<br \/>Doppelbesteuerung eingeleitet.<\/p>\n<p>Dieses fand nun im November 2017 seinen Abschluss. Das Ergebnis ist eine Einigung zwischen<br \/>den beiden Staaten dahingehend, dass das\u00a0<b>Besteuerungsrecht f\u00fcr die Verg\u00fctung, die f\u00fcr<br \/>Bereitschaftsdienst gezahlt wird, ausschlie\u00dflich Deutschland<\/b>\u00a0zusteht. Die Doppelbesteuerung<br \/>wird dadurch vermieden, dass Luxemburg die bislang einbehaltene \u00a0Lohnsteuer erstattet.<\/p>\n<p>Grenzg\u00e4nger die davon betroffen sind, sollten daher Rechtsrat einholen.<\/p>\n<p>[\/et_pb_text][\/et_pb_column][et_pb_column type=&#8220;1_3&#8243; _builder_version=&#8220;4.16&#8243; background_position=&#8220;top_left&#8220; custom_padding=&#8220;0px|0px|0px|&#8220; global_colors_info=&#8220;{}&#8220; custom_padding__hover=&#8220;|||&#8220;][et_pb_text admin_label=&#8220;Text Abstandshalter&#8220; _builder_version=&#8220;4.16&#8243; custom_margin=&#8220;0px|0px|0px|0px&#8220; custom_padding=&#8220;0px|0px|0px|0px&#8220; global_colors_info=&#8220;{}&#8220;]<\/p>\n<p>\n<span style=\"color: #ffffff;\">:<\/span><br \/><span style=\"color: #ffffff;\">:<\/span><\/p>\n<p>[\/et_pb_text][et_pb_image src=&#8220;https:\/\/wonnebauer.de\/site\/wp-content\/uploads\/2018\/06\/Wonnebauer_buecher_dba_IMG_0746.jpg&#8220; align_tablet=&#8220;center&#8220; align_phone=&#8220;&#8220; align_last_edited=&#8220;on|desktop&#8220; admin_label=&#8220;Bild Wonnebauer_buecher_dba_IMG_0746&#8243; _builder_version=&#8220;4.16&#8243; custom_margin=&#8220;73px||0px|||&#8220; global_colors_info=&#8220;{}&#8220;][\/et_pb_image][\/et_pb_column][\/et_pb_row][et_pb_row column_structure=&#8220;2_3,1_3&#8243; _builder_version=&#8220;4.16&#8243; global_colors_info=&#8220;{}&#8220;][et_pb_column type=&#8220;2_3&#8243; _builder_version=&#8220;4.16&#8243; background_position=&#8220;top_left&#8220; custom_padding=&#8220;0px|0px|0px|0px&#8220; global_colors_info=&#8220;{}&#8220; custom_padding__hover=&#8220;|||&#8220;][et_pb_text admin_label=&#8220;Text Abstandshalter&#8220; _builder_version=&#8220;4.16&#8243; custom_margin=&#8220;0px|0px|0px|0px&#8220; custom_padding=&#8220;0px|0px|0px|0px&#8220; global_colors_info=&#8220;{}&#8220;]<\/p>\n<p>\n<span style=\"color: #ffffff;\">:<\/span><br \/><span style=\"color: #ffffff;\">:<\/span><\/p>\n<p>[\/et_pb_text][et_pb_text admin_label=&#8220;Text \u00dcberschrift 19-Tage-Regel gilt grunds\u00e4tzlich nicht f\u00fcr Mehrheitsgesellschafter &#8211; Neues Urteil des BFH&#8220; module_id=&#8220;19tageregelgiltgrunds\u00e4tzlichnicht&#8220; _builder_version=&#8220;4.16&#8243; global_colors_info=&#8220;{}&#8220;]<\/p>\n<h3>19-Tage-Regel gilt grunds\u00e4tzlich nicht f\u00fcr Mehrheitsgesellschafter &#8211; Neues Urteil des BFH<\/h3>\n<p>[\/et_pb_text][et_pb_text admin_label=&#8220;Text 19-Tage-Regel gilt grunds\u00e4tzlich nicht f\u00fcr Mehrheitsgesellschafter &#8211; Neues Urteil des BFH&#8220; _builder_version=&#8220;4.16&#8243; global_colors_info=&#8220;{}&#8220;]<\/p>\n<p class=\"bodytext\">Der\u00a0<b>BFH hat mit Urteil vom 29. M\u00e4rz 2017<\/b>\u00a0zu einem Fall unserer Kanzlei entschieden,<br \/>der selbstst\u00e4ndige Grenzg\u00e4nger betrifft.<\/p>\n<p class=\"bodytext\">Das Finanzamt Trier hatte die Gehaltseink\u00fcnfte des Kl\u00e4gers als\u00a0<b>Allein-Gesch\u00e4ftsf\u00fchrer seiner GmbH<\/b><br \/>anteilig f\u00fcr seine Aufenthalte in Deutschland gesch\u00e4tzt. Es qualifizierte die von der S.\u00e0.r.l. empfangenen<br \/>Zahlungen als\u00a0<b>Einnahmen aus nichtselbstst\u00e4ndiger T\u00e4tigkeit<\/b>. Das Finanzgericht folgte den Ausf\u00fchrungen<br \/>des Finanzamtes. Es qualifizierte den Kl\u00e4ger als Arbeitnehmer.<\/p>\n<p>Der BFH moniert, dass das Finanzgericht dabei \u00fcbersehen hat, dass er an der S.\u00e0.r.l. zu 100 % beteiligt war.<\/p>\n<p>Darum hob der BFH das Urteil des FG auf. Ob ein Gesch\u00e4ftsf\u00fchrer Eink\u00fcnfte aus nichtselbstst\u00e4ndiger T\u00e4tigkeit habe,<br \/>sei von vielen Indizien und einer Gesamtw\u00fcrdigung abh\u00e4ngig. Allerdings stellt der BFH auch klar, dass bei<br \/>einer\u00a0<b>Mehrheitsbeteiligung nicht regelm\u00e4\u00dfig<\/b>\u00a0von einer selbstst\u00e4ndigen T\u00e4tigkeit auszugehen sei.<\/p>\n<p>Das Urteil wurde aufgehoben und an das Finanzgericht zur\u00fcckverwiesen. Der BFH gab jedoch schon<br \/>Hinweise dahingehend, dass aus seiner Sicht letztendlich ein\u00a0<b>Arbeitnehmerstatus nicht vorliege<\/b>.<br \/>Stattdessen sei allerdings zu pr\u00fcfen, ob die Eink\u00fcnfte dann eventuell als Kapitalverm\u00f6gen zu qualifizieren seien.<\/p>\n<p>F\u00fcr diesen Fall ist dann allerdings auch noch fraglich, ob die Kapitalertr\u00e4ge in Deutschland oder Luxemburg<br \/>zu versteuern seien.<\/p>\n<p><b>Mit dem Urteil wurde gekl\u00e4rt, dass das Finanzamt Trier nicht grunds\u00e4tzlich bei<br \/>Ein-Mann-GmbH-Gesellschaften die 19-Tageregel anwendet<\/b>.<\/p>\n<p>Allerdings ist damit das Problem noch nicht gel\u00f6st, sondern nur eingegrenzt worden.<\/p>\n<p>Wir vertreten die Ansicht, dass der Gesch\u00e4ftsf\u00fchrer<b>\u00a0selbst\u00e4ndiger Dienstleister<\/b>\u00a0in Luxemburg ist<br \/>und daher die Gehaltszahlungen f\u00fcr eine selbst\u00e4ndige T\u00e4tigkeit gezahlt werden.<\/p>\n<p>[\/et_pb_text][\/et_pb_column][et_pb_column type=&#8220;1_3&#8243; _builder_version=&#8220;4.16&#8243; background_position=&#8220;top_left&#8220; custom_padding=&#8220;0px|0px|0px|&#8220; global_colors_info=&#8220;{}&#8220; custom_padding__hover=&#8220;|||&#8220;][et_pb_text admin_label=&#8220;Text Abstandshalter&#8220; _builder_version=&#8220;4.16&#8243; custom_margin=&#8220;0px|0px|0px|0px&#8220; custom_padding=&#8220;0px|0px|0px|0px&#8220; global_colors_info=&#8220;{}&#8220;]<\/p>\n<p>\n<span style=\"color: #ffffff;\">:<\/span><br \/><span style=\"color: #ffffff;\">:<\/span><\/p>\n<p>[\/et_pb_text][et_pb_image src=&#8220;https:\/\/wonnebauer.de\/site\/wp-content\/uploads\/2022\/09\/desktop-g597c3e935_1920.jpg&#8220; title_text=&#8220;desktop-g597c3e935_1920&#8243; align_tablet=&#8220;center&#8220; align_phone=&#8220;&#8220; align_last_edited=&#8220;on|desktop&#8220; admin_label=&#8220;Bild Wonnebauer_Gemaelde_Elephant_8240_360px&#8220; _builder_version=&#8220;4.18.0&#8243; custom_margin=&#8220;78px||0px|||&#8220; global_colors_info=&#8220;{}&#8220;][\/et_pb_image][\/et_pb_column][\/et_pb_row][et_pb_row column_structure=&#8220;2_3,1_3&#8243; _builder_version=&#8220;4.16&#8243; global_colors_info=&#8220;{}&#8220;][et_pb_column type=&#8220;2_3&#8243; _builder_version=&#8220;4.16&#8243; background_position=&#8220;top_left&#8220; custom_padding=&#8220;0px|0px|0px|0px&#8220; global_colors_info=&#8220;{}&#8220; custom_padding__hover=&#8220;|||&#8220;][et_pb_text admin_label=&#8220;Text Abstandshalter&#8220; _builder_version=&#8220;4.16&#8243; custom_margin=&#8220;0px|0px|0px|0px&#8220; custom_padding=&#8220;0px|0px|0px|0px&#8220; global_colors_info=&#8220;{}&#8220;]<\/p>\n<p>\n<span style=\"color: #ffffff;\">:<\/span><br \/><span style=\"color: #ffffff;\">:<\/span><\/p>\n<p>[\/et_pb_text][et_pb_text admin_label=&#8220;Text \u00dcberschrift Erh\u00f6hte Mitwirkungspflicht und Sch\u00e4tzungsbefugnis des Finanzamtes haben ihre Grenzen&#8220; _builder_version=&#8220;4.16&#8243; global_colors_info=&#8220;{}&#8220;]<\/p>\n<h3>Erh\u00f6hte Mitwirkungspflicht und Sch\u00e4tzungsbefugnis des Finanzamtes haben ihre Grenzen<\/h3>\n<p>[\/et_pb_text][et_pb_text admin_label=&#8220;Text Erh\u00f6hte Mitwirkungspflicht und Sch\u00e4tzungsbefugnis des Finanzamtes haben ihre Grenzen&#8220; _builder_version=&#8220;4.16&#8243; global_colors_info=&#8220;{}&#8220;]<\/p>\n<p class=\"bodytext\"><b>\u00c4hnliche F\u00e4lle gibt es auch bei unseren Finanz\u00e4mter in der Grenzregion:\u00a0<\/b><\/p>\n<p>In einem\u00a0<b>Finanzgerichtsverfahren<\/b>\u00a0beim Finanzgericht Berlin-Brandenburg sch\u00e4tzte das Finanzamt<br \/>Kapitalertr\u00e4ge aus ausl\u00e4ndischen Konten.\u00a0 Dass es ein ausl\u00e4ndisches Konto gab, stand nicht fest.<br \/>Das Finanzamt ging jedoch davon aus, dass es zur Sch\u00e4tzung befugt sei.<\/p>\n<p>Das Finanzgericht stellt jedoch fest, dass es\u00a0<b>keine Mitwirkungspflicht f\u00fcr einen Negativbeweis<\/b>\u00a0gibt.<br \/>Es besteht daher keine Verpflichtung eines Steuerpflichtigen nachzuweisen, dass er im Ausland kein Konto<br \/>unterh\u00e4lt. Erlangt ein Finanzamt Informationen \u00fcber eine angebliche Geldanlage eines deutschen Anlegers<br \/>im Ausland, tr\u00e4gt es weiterhin die objektive Beweislast f\u00fcr die Annahmen.<b>\u00a0Daran \u00e4ndert auch nichts die<br \/>erh\u00f6hte Mitwirkungspflicht bei Auslandssachverhalten.<\/b><\/p>\n<p class=\"bodytext\">W\u00fcrde man die Feststellungslast bei steuerbegr\u00fcndeten Tatsachen mit Auslandsbezug umkehren,<br \/>so h\u00e4tte dies zur Folge, dass der Steuerpflichtige zum Beispiel das Nichtvorhandensein von Eink\u00fcnften<br \/>nachweisen m\u00fcsste. Dem hat das Finanzgericht einen Riegel vorgeschoben.<\/p>\n<p>Der\u00a0<b>Grundsatz in dubio pro reo\u00a0<\/b>gilt auch au\u00dferhalb des Strafverfahrens, also auch im Besteuerungsverfahren.<b><br \/>Das Finanzamt kann folglich nicht einfach Sch\u00e4tzungen vornehmen, wenn Mitwirkungspflichten verletzt werden.<\/b><\/p>\n<p>Bei nichtbehebbaren Zweifeln ist die Feststellung einer Steuerhinterziehung mittels reduzierten Beweisma\u00dfes<br \/>\u2013mithin im Sch\u00e4tzungswege- nicht zul\u00e4ssig (FG Berlin-Brandenburg, Urteil vom 20.04.2016, Az. 14 K 14207\/5).<\/p>\n<p>In der\u00a0<b>Grenzregion Luxemburg\u00a0<\/b>versuchen Finanz\u00e4mter oft unter Hinweis auf die erh\u00f6hte Mitwirkungspflicht bei<br \/>Auslandssachverhalten Druck aufzubauen, damit ihre Ermittlungen wegen der 19-Tage-Grenze oder sonstigen<br \/>steuerbegr\u00fcndenden Sachverhalten \u00fcberhaupt Erfolg haben. Ob dies im Einzelfall wirklich zul\u00e4ssig ist, ist oftmals die Frage.<\/p>\n<p>[\/et_pb_text][\/et_pb_column][et_pb_column type=&#8220;1_3&#8243; _builder_version=&#8220;4.16&#8243; background_position=&#8220;top_left&#8220; custom_padding=&#8220;0px|0px|0px|&#8220; global_colors_info=&#8220;{}&#8220; custom_padding__hover=&#8220;|||&#8220;][et_pb_text admin_label=&#8220;Text Abstandshalter&#8220; _builder_version=&#8220;4.16&#8243; custom_margin=&#8220;0px|0px|0px|0px&#8220; custom_padding=&#8220;0px|0px|0px|0px&#8220; global_colors_info=&#8220;{}&#8220;]<\/p>\n<p>\n<span style=\"color: #ffffff;\">:<\/span><br \/><span style=\"color: #ffffff;\">:<\/span><\/p>\n<p>[\/et_pb_text][et_pb_image src=&#8220;https:\/\/wonnebauer.de\/site\/wp-content\/uploads\/2018\/06\/Wonnebauer_istr_IMG_0965.jpg&#8220; align_tablet=&#8220;center&#8220; align_phone=&#8220;&#8220; align_last_edited=&#8220;on|desktop&#8220; admin_label=&#8220;Bild Wonnebauer_istr_IMG_0965&#8243; _builder_version=&#8220;4.16&#8243; min_height=&#8220;109px&#8220; custom_margin=&#8220;63px||0px|||&#8220; global_colors_info=&#8220;{}&#8220;][\/et_pb_image][\/et_pb_column][\/et_pb_row][et_pb_row column_structure=&#8220;2_3,1_3&#8243; _builder_version=&#8220;4.16&#8243; global_colors_info=&#8220;{}&#8220;][et_pb_column type=&#8220;2_3&#8243; _builder_version=&#8220;4.16&#8243; background_position=&#8220;top_left&#8220; custom_padding=&#8220;0px|0px|0px|0px&#8220; global_colors_info=&#8220;{}&#8220; custom_padding__hover=&#8220;|||&#8220;][et_pb_text admin_label=&#8220;Text Abstandshalter&#8220; _builder_version=&#8220;4.16&#8243; custom_margin=&#8220;0px|0px|0px|0px&#8220; custom_padding=&#8220;0px|0px|0px|0px&#8220; global_colors_info=&#8220;{}&#8220;]<\/p>\n<p>\n<span style=\"color: #ffffff;\">:<\/span><br \/><span style=\"color: #ffffff;\">:<\/span><\/p>\n<p>[\/et_pb_text][et_pb_text admin_label=&#8220;Text \u00dcberschrift Neues zur \u00dcbernachtungspauschale f\u00fcr Berufskraftfahrer&#8220; _builder_version=&#8220;4.16&#8243; global_colors_info=&#8220;{}&#8220;]<\/p>\n<h3>Neues zur \u00dcbernachtungspauschale f\u00fcr Berufskraftfahrer<\/h3>\n<p>[\/et_pb_text][et_pb_text admin_label=&#8220;Text Neues zur \u00dcbernachtungspauschale f\u00fcr Berufskraftfahrer&#8220; _builder_version=&#8220;4.16&#8243; global_colors_info=&#8220;{}&#8220;]<\/p>\n<p class=\"bodytext\">Seit Jahren erkennen die Finanz\u00e4mter f\u00fcr \u00dcbernachtungen im Lkw eine Pauschale von 5,00 Euro an.<br \/>Dies geht letztlich auf verschiedene Urteile von Finanzgerichten zur\u00fcck, zuletzt ein Urteil des\u00a0<b>Bundesfinanzhofs<\/b>,<br \/>das unsere Kanzlei erstritten hat.<\/p>\n<p>Hierauf hat das Bundesfinanzministerium dann einen<b>\u00a0Nichtanwendungserlass<\/b>erlassen mit der Bedeutung,<br \/>dass das Urteil des Bundesfinanzhofes \u00fcber den Einzelfall hinaus nicht anwendbar ist.<\/p>\n<p>Stattdessen sollen die Finanz\u00e4mter von den Berufskraftfahrern verlangen, dass diese<b>\u00a0exemplarisch<br \/>f\u00fcr mindestens drei Monate<\/b>\u00a0Aufzeichnungen f\u00fchren, welche t\u00e4glichen Kosten aufgrund der \u00dcbernachtung<br \/>im F\u00fchrerhaus entstehen.<\/p>\n<p>Eine Zeitlang haben die Finanz\u00e4mter den Nichtanwendungserlass jedoch gar nicht beachtet,<br \/>denn jedes Finanzgericht widerum anders entschieden. In den letzten Monaten erleben wir es<br \/>doch h\u00e4ufiger, dass diese\u00a0<b>Aufzeichnungen<\/b>, zumindest vorsorglich f\u00fcr zuk\u00fcnftige Veranlagungen,<br \/>von den Steuerpflichtigen verlangt werden.<\/p>\n<p>Alle Berufskraftfahrer sollten daher f\u00fcr ein paar Monate noch einmal die Belege sammeln,<br \/>um ihre \u00dcbernachtungskosten im Lkw nachzuweisen, also Duschkosten, Toilettenkosten,<br \/>Batterien und sonstige Gebrauchsgegenst\u00e4nde f\u00fcr die \u00dcbernachtung in der Fahrerkabine.<\/p>\n<p>[\/et_pb_text][\/et_pb_column][et_pb_column type=&#8220;1_3&#8243; _builder_version=&#8220;4.16&#8243; background_position=&#8220;top_left&#8220; custom_padding=&#8220;0px|0px|0px|&#8220; global_colors_info=&#8220;{}&#8220; custom_padding__hover=&#8220;|||&#8220;][et_pb_text admin_label=&#8220;Text Abstandshalter&#8220; _builder_version=&#8220;4.16&#8243; custom_margin=&#8220;0px|0px|0px|0px&#8220; custom_padding=&#8220;0px|0px|0px|0px&#8220; global_colors_info=&#8220;{}&#8220;]<\/p>\n<p>\n<span style=\"color: #ffffff;\">:<\/span><br \/><span style=\"color: #ffffff;\">:<\/span><\/p>\n<p>[\/et_pb_text][et_pb_image src=&#8220;https:\/\/wonnebauer.de\/site\/wp-content\/uploads\/2018\/05\/Wonnebauer_am_Schreibtisch_8208_240px.jpg&#8220; align_tablet=&#8220;center&#8220; align_phone=&#8220;&#8220; align_last_edited=&#8220;on|desktop&#8220; admin_label=&#8220;Bild Wonnebauer_am_Schreibtisch_8208_240px&#8220; _builder_version=&#8220;4.16&#8243; custom_margin=&#8220;||0px|&#8220; global_colors_info=&#8220;{}&#8220;][\/et_pb_image][\/et_pb_column][\/et_pb_row][et_pb_row column_structure=&#8220;2_3,1_3&#8243; _builder_version=&#8220;4.16&#8243; global_colors_info=&#8220;{}&#8220;][et_pb_column type=&#8220;2_3&#8243; _builder_version=&#8220;4.16&#8243; background_position=&#8220;top_left&#8220; custom_padding=&#8220;0px|0px|0px|0px&#8220; global_colors_info=&#8220;{}&#8220; custom_padding__hover=&#8220;|||&#8220;][et_pb_text admin_label=&#8220;Text Abstandshalter&#8220; _builder_version=&#8220;4.16&#8243; custom_margin=&#8220;0px|0px|0px|0px&#8220; custom_padding=&#8220;0px|0px|0px|0px&#8220; global_colors_info=&#8220;{}&#8220;]<\/p>\n<p>\n<span style=\"color: #ffffff;\">:<\/span><br \/><span style=\"color: #ffffff;\">:<\/span><\/p>\n<p>[\/et_pb_text][et_pb_text admin_label=&#8220;Text \u00dcberschrift Viele Finanz\u00e4mter bestrafen Grenzg\u00e4nger mit R\u00fcckfallklausel&#8220; _builder_version=&#8220;4.16&#8243; global_colors_info=&#8220;{}&#8220;]<\/p>\n<h3>Viele Finanz\u00e4mter bestrafen Grenzg\u00e4nger mit R\u00fcckfallklausel<\/h3>\n<p>[\/et_pb_text][et_pb_text admin_label=&#8220;Text Viele Finanz\u00e4mter bestrafen Grenzg\u00e4nger mit R\u00fcckfallklausel&#8220; _builder_version=&#8220;4.16&#8243; global_colors_info=&#8220;{}&#8220;]<\/p>\n<p class=\"bodytext\"><b>Luxemburg-Grenzg\u00e4nger<\/b>\u00a0gibt es nicht nur im Raum Trier. Viele Grenzg\u00e4nger kommen von weit her:<br \/>K\u00f6ln, Frankfurt, Stuttgart, Berlin und wohnen die Woche \u00fcber in einem Appartement in der N\u00e4he Luxemburgs.<br \/>Die dann\u00a0<b>zust\u00e4ndigen Finanz\u00e4mter\u00a0<\/b>haben kaum Erfahrung mit Grenzg\u00e4ngern.<\/p>\n<p>So k\u00f6nnen Katastrophen stehen, wie dieser Fall:<\/p>\n<p>Ein Grenzg\u00e4nger aus der Gegend von Siegen erkl\u00e4rte seine Eink\u00fcnfte auf der Anlage N-AUS.<br \/>Das Finanzamt veranlagt und erbittet noch nachtr\u00e4glich den\u00a0<b>Nachweis der Steuerzahlung in Luxemburg<\/b>.<\/p>\n<p>Dieser Hinweis bliebt jedoch sowohl vom Steuerpflichtigen als auch von dessen Steuerberater<br \/>unbemerkt oder unbeachtet.<\/p>\n<p><b>Zwei Jahre\u00a0<\/b>sp\u00e4ter \u00e4ndert das Finanzamt den Bescheid und besteuert das luxemburger Gehalt<br \/>zu hundert Prozent in Deutschland. Nachzahlung inkl. Zinsen zirka 11.000 \u20ac.<\/p>\n<p>Der Steuerberater wei\u00df nicht, wie der verlangte Nachweis auszusehen hat.<br \/>Der Steuerpflichtige ist dem Herzinfarkt nahe.<\/p>\n<p>Unsere Kanzlei hat sodann dem Finanzamt die notwendigen Erkl\u00e4rungen abgegeben,<br \/>insbesondere \u00a7 50d Abs. 8 EStG beachtet und erl\u00e4utert.<\/p>\n<p>Es ist in der Tat so, dass nach der deutschen Rechtslage eine Besteuerung des Grenzg\u00e4ngergehaltes<br \/>grunds\u00e4tzlich in Deutschland erfolgen darf. Der Grenzg\u00e4nger muss beweisen, dass er auch tats\u00e4chlich<br \/><b>Steuern in Luxemburg<\/b>\u00a0gezahlt hat. Damit soll eine\u00a0<b>doppelte Nichtbesteuerung\u00a0<\/b>vermieden werden.<br \/>Dazu ist nicht unbedingt ein Steuerbescheid notwendig. Die Steuerzahlung ergibt sich ja auch aus dem<br \/>Certificat de salaire. Allerdings mu\u00df den deutschen Finanzbeamten dazu die ein oder andere \u00dcbersetzung<br \/>geliefert werden. Der Grenzg\u00e4nger hat eine Bringpflicht, bzw.\u00a0<b>erh\u00f6hte Mitwirkungspflicht wegen einem Auslandssachverhalt<\/b>.<\/p>\n<p>Nur in F\u00e4llen, in denen der Grenzg\u00e4nger keine Macht hat, an Daten zu gelangen, besteht eine Amtsermittlungspflicht<br \/>des Finanzamtes durch Einholung von Ausk\u00fcnften. So entschied auch k\u00fcrzlich das FG K\u00f6ln. Leider gibt es auch ein paar<br \/>\u00fcberforderte Finanzbeamte, die dann eher \u00fcberreagieren und\u00a0 sofort einen Bescheid erlassen ohne selbst einmal M\u00fchen<br \/>walten zu lassen.<\/p>\n<p>Dem o.g. Grenzg\u00e4nger konnte geholfen werden.<\/p>\n<p>[\/et_pb_text][\/et_pb_column][et_pb_column type=&#8220;1_3&#8243; _builder_version=&#8220;4.16&#8243; background_position=&#8220;top_left&#8220; custom_padding=&#8220;0px|0px|0px|&#8220; global_colors_info=&#8220;{}&#8220; custom_padding__hover=&#8220;|||&#8220;][et_pb_text admin_label=&#8220;Text Abstandshalter&#8220; _builder_version=&#8220;4.16&#8243; custom_margin=&#8220;0px|0px|0px|0px&#8220; custom_padding=&#8220;0px|0px|0px|0px&#8220; global_colors_info=&#8220;{}&#8220;]<\/p>\n<p>\n<span style=\"color: #ffffff;\">:<\/span><br \/><span style=\"color: #ffffff;\">:<\/span><\/p>\n<p>[\/et_pb_text][et_pb_image src=&#8220;https:\/\/wonnebauer.de\/site\/wp-content\/uploads\/2018\/06\/Wonnebauer_diktiergeraet_IMG_0786.jpg&#8220; align_tablet=&#8220;center&#8220; align_phone=&#8220;&#8220; align_last_edited=&#8220;on|desktop&#8220; admin_label=&#8220;Bild Wonnebauer_diktiergeraet_IMG_0786&#8243; _builder_version=&#8220;4.16&#8243; custom_margin=&#8220;||0px|&#8220; global_colors_info=&#8220;{}&#8220;][\/et_pb_image][\/et_pb_column][\/et_pb_row][et_pb_row column_structure=&#8220;2_3,1_3&#8243; _builder_version=&#8220;4.16&#8243; global_colors_info=&#8220;{}&#8220;][et_pb_column type=&#8220;2_3&#8243; _builder_version=&#8220;4.16&#8243; background_position=&#8220;top_left&#8220; custom_padding=&#8220;0px|0px|0px|0px&#8220; global_colors_info=&#8220;{}&#8220; custom_padding__hover=&#8220;|||&#8220;][et_pb_text admin_label=&#8220;Text Abstandshalter&#8220; _builder_version=&#8220;4.16&#8243; custom_margin=&#8220;0px|0px|0px|0px&#8220; custom_padding=&#8220;0px|0px|0px|0px&#8220; global_colors_info=&#8220;{}&#8220;]<\/p>\n<p>\n<span style=\"color: #ffffff;\">:<\/span><br \/><span style=\"color: #ffffff;\">:<\/span><\/p>\n<p>[\/et_pb_text][et_pb_text admin_label=&#8220;Text \u00dcberschrift Doppelte Nichtbesteuerung einer deutschen Betriebsrente&#8220; _builder_version=&#8220;4.16&#8243; global_colors_info=&#8220;{}&#8220;]<\/p>\n<h3>Doppelte Nichtbesteuerung einer deutschen Betriebsrente<\/h3>\n<p>[\/et_pb_text][et_pb_text admin_label=&#8220;Text Doppelte Nichtbesteuerung einer deutschen Betriebsrente&#8220; _builder_version=&#8220;4.16&#8243; global_colors_info=&#8220;{}&#8220;]<\/p>\n<p class=\"bodytext\">Im internationalen Steuerrecht gibt es komplizierte Regelungen, bei denen sich oft sogar die Finanz\u00e4mter<br \/>verschiedener Bundesl\u00e4nder in Deutschland streiten, wie die Rechtslage ist.<\/p>\n<p><b>Der Fall betrifft einen in Luxemburg wohnenden Rentner, der eine deutsche Betriebsrente erh\u00e4lt.<br \/><\/b>Die Luxemburger der \u00e4lteren Generation haben oft in Deutschland gearbeitet und dort eine gesetzliche Rente<br \/>erworben, eventuell verbunden mit\u00a0<b>Versorgungsbez\u00fcgen<\/b>\u00a0der deutschen Firma.<\/p>\n<p>Dies geht letztendlich darauf zur\u00fcck, dass das neue<b>\u00a0DBA mit Luxemburg, das seit 2014 in Kraft<\/b>\u00a0ist, auch<br \/>neue Formulierungen in sich birgt, deren Bedeutung von den Anwendern erst noch herausgefunden werden muss.<\/p>\n<p>Ein konkreter Fall unserer Kanzlei liegt wie folgt:<\/p>\n<p>Der in Luxemburg wohnhafte Rentner bezieht eine\u00a0<b>betriebliche Altersversorgung aus Deutschland<\/b>.<br \/>W\u00e4hrend der Einzahlungsphase hatte das Unternehmen R\u00fcckstellungen gebildet, also steuerlich profitiert.<\/p>\n<p>Nun ist streitig, ob das Wohnsitzprinzip gilt oder das Quellenstaatsprinzip. Die\u00a0<b>deutsche Pensionskasse<\/b><br \/>geht davon aus, dass eine Besteuerung im Ausland stattfindet, also konkret hier in Luxemburg. Das\u00a0<b>Finanzamt Neubrandenburg<\/b>, dass f\u00fcr\u00a0<b>Auslandsrentner<\/b>\u00a0zust\u00e4ndig ist, ist sich noch nicht sicher, wie die Rechtslage ist.<br \/>Man habe noch keine Erfahrungswerte, wie die neuen Formulierungen im DBA zu verstehen seien.<\/p>\n<p>Die\u00a0<b>luxemburger Finanzverwaltung<\/b>\u00a0meint jedoch, dass diese Rente in Deutschland zu versteuern sei und<br \/>hat auch definitiv eine Best\u00e4tigung diesbez\u00fcglich ausgestellt.<\/p>\n<p>Die\u00a0<b>R\u00fcckfallklausel nach \u00a7 50 d Abs. 8<\/b>\u00a0gilt indes nur f\u00fcr\u00a0<b>unbeschr\u00e4nkt\u00a0<\/b>Steuerpflichtige. Wenn Deutschland<br \/>also letztendlich die betriebliche Pension von der Steuer freistellt, haben wir am Ende sogenannte wei\u00dfe Eink\u00fcnfte.<br \/>Gerade dies sollte eigentlich durch das DBA und der Politik der OECD vermieden werden, ist jedoch tats\u00e4chlich<br \/>immer noch Praxis.<\/p>\n<p>Nach einigem Hin- und Her hat sich dann doch noch das deutsche Finanzamt f\u00fcr zust\u00e4ndig erkl\u00e4rt.<br \/>Die\u00a0<b>Betriebspension ist in Deutschland zu versteuern<\/b>. Der Arbeitgeber mu\u00dfte seine Lohnbuchhaltung<br \/>demnach korrigieren.<\/p>\n<p>[\/et_pb_text][\/et_pb_column][et_pb_column type=&#8220;1_3&#8243; _builder_version=&#8220;4.16&#8243; background_position=&#8220;top_left&#8220; custom_padding=&#8220;0px|0px|0px|&#8220; global_colors_info=&#8220;{}&#8220; custom_padding__hover=&#8220;|||&#8220;][et_pb_text admin_label=&#8220;Text Abstandshalter&#8220; _builder_version=&#8220;4.16&#8243; custom_margin=&#8220;0px|0px|0px|0px&#8220; custom_padding=&#8220;0px|0px|0px|0px&#8220; global_colors_info=&#8220;{}&#8220;]<\/p>\n<p>\n<span style=\"color: #ffffff;\">:<\/span><br \/><span style=\"color: #ffffff;\">:<\/span><\/p>\n<p>[\/et_pb_text][et_pb_image src=&#8220;https:\/\/wonnebauer.de\/site\/wp-content\/uploads\/2018\/06\/Wonnebauer_am_eingang_IMG_0869.jpg&#8220; align_tablet=&#8220;center&#8220; align_phone=&#8220;&#8220; align_last_edited=&#8220;on|desktop&#8220; admin_label=&#8220;Bild Wonnebauer_am_eingang_IMG_0869&#8243; _builder_version=&#8220;4.16&#8243; custom_margin=&#8220;||0px|&#8220; global_colors_info=&#8220;{}&#8220;][\/et_pb_image][\/et_pb_column][\/et_pb_row][et_pb_row column_structure=&#8220;2_3,1_3&#8243; _builder_version=&#8220;4.16&#8243; global_colors_info=&#8220;{}&#8220;][et_pb_column type=&#8220;2_3&#8243; _builder_version=&#8220;4.16&#8243; background_position=&#8220;top_left&#8220; custom_padding=&#8220;0px|0px|0px|0px&#8220; global_colors_info=&#8220;{}&#8220; custom_padding__hover=&#8220;|||&#8220;][et_pb_text admin_label=&#8220;Text Abstandshalter&#8220; _builder_version=&#8220;4.16&#8243; custom_margin=&#8220;0px|0px|0px|0px&#8220; custom_padding=&#8220;0px|0px|0px|0px&#8220; global_colors_info=&#8220;{}&#8220;]<\/p>\n<p>\n<span style=\"color: #ffffff;\">:<\/span><br \/><span style=\"color: #ffffff;\">:<\/span><\/p>\n<p>[\/et_pb_text][et_pb_text admin_label=&#8220;Text \u00dcberschrift Gilt 19-Tage-Regel auch f\u00fcr Grenzg\u00e4nger im \u00f6ffentlichen Dienst?&#8220; _builder_version=&#8220;4.16&#8243; global_colors_info=&#8220;{}&#8220;]<\/p>\n<h3>Gilt 19-Tage-Regel auch f\u00fcr Grenzg\u00e4nger im \u00f6ffentlichen Dienst?<\/h3>\n<p>[\/et_pb_text][et_pb_text admin_label=&#8220;Text Gilt 19-Tage-Regel auch f\u00fcr Grenzg\u00e4nger im \u00f6ffentlichen Dienst?&#8220; _builder_version=&#8220;4.16&#8243; global_colors_info=&#8220;{}&#8220;]<\/p>\n<p class=\"bodytext\"><b>Die Besteuerung der Grenzg\u00e4nger des \u00f6ffentlichen Dienstes steht derzeit auf dem Pr\u00fcfstand<br \/>wegen der 19-Tage-Regel.<br \/><\/b><\/p>\n<p class=\"bodytext\">Viele Grenzg\u00e4nger arbeiten im \u00f6ffentlichen Dienst in Luxemburg, beispielsweise Schullehrer und Professoren.<\/p>\n<p class=\"bodytext\">Nach dem Doppelbesteuerungsabkommen handelt es sich hierbei\u00a0<b>nicht<\/b>\u00a0um Eink\u00fcnfte aus<br \/>nicht-selbstst\u00e4ndiger T\u00e4tigkeit, sondern um eine eigene Eink\u00fcnfteart im internationalen Steuerrecht.<br \/>Die\u00a0<b>19-Tage-Regel<\/b>\u00a0gilt grunds\u00e4tzlich nur f\u00fcr diese Eink\u00fcnfte.<\/p>\n<p>Das\u00a0<b>OECD-Musterabkommen<\/b>\u00a0kennt noch andere Besteuerungskriterien. Hierzu geh\u00f6rt das\u00a0<b>Kassenstaatsprinzip<\/b>.<br \/>Dies bedeutet, dass L\u00f6hne und Geh\u00e4lter, die aus\u00a0<b>\u00f6ffentlichen Kassen<\/b>, beispielsweise von Bund, Land oder<br \/>\u00f6ffentlich-rechtlichen K\u00f6rperschaften, wie Universit\u00e4ten, gezahlt werden, nicht mit sonstigen Eink\u00fcnften<br \/>aus nicht-selbstst\u00e4ndiger T\u00e4tigkeit gleichgesetzt werden, weil der\u00a0<b>Lohn aus Steuergeldern<\/b>\u00a0stammt.<\/p>\n<p>Dabei kommt es nicht darauf an, ob es sich um Beamte oder um Angestellte im \u00f6ffentlichen Dienst handelt.<br \/>Entscheidend ist allein, dass die zahlende Kasse der \u00f6ffentliche Dienst, also der Staat ist. Das Besteuerungsrecht<br \/>bleibt hier immer im\u00a0<b>Kassenstaat<\/b>\u00a0mit der Folge, dass auch eine Lohnaufteilung nicht in Betracht kommt.<\/p>\n<p>Nach diesem Prinzip ist das Finanzamt Trier bislang auch vorgegangen. Andere Finanz\u00e4mter halten dies \u00e4hnlich.<\/p>\n<p>Gerade diese Besteuerung steht jetzt aber auf dem Pr\u00fcfstand, wie das Finanzamt Trier informell mitgeteilt hat.<br \/>Man wolle die Rechtsansicht nun bundesweit abstimmen.<\/p>\n<p>Es sei nicht einzusehen, dass die vorgenannten Berufsgruppen eben nicht den Lohn aufteilen m\u00fcssen.<br \/>Man denke an\u00a0<b>Lehrer<\/b>, die die Hausaufgaben und den Unterricht in ihrem h\u00e4uslichen Arbeitszimmer vorbereiten.<br \/>Hier w\u00fcrden hohe Steuersummen an den deutschen Fiskus flie\u00dfen. Auch<b>\u00a0Professoren\u00a0<\/b>haben Heimarbeitstage.<\/p>\n<p>Nach Ansicht unserer Kanzlei ist die aktuelle Rechtspraxis richtig.<\/p>\n<p>In diesem Zusammenhang sei auf das aktuelle<b>\u00a0Revisionsverfahren unserer Kanzlei beim Bundesfinanzhof<br \/>bez\u00fcglich der Mehrheitsgesellschafter-Gesch\u00e4ftsf\u00fchrer\u00a0<\/b>hingewiesen (siehe eigener Artikel) Auch hier handelt<br \/>es sich um eine\u00a0<b>besondere Berufsgruppe<\/b>, die ein Zwischending zwischen den Angestellten und den Selbstst\u00e4ndigen<br \/>darstellt. Letztendlich ist auch hier eine Einordnung in die Gruppe der Selbstst\u00e4ndigen angebracht, mit der weiteren<br \/>Folge, dass keine Lohnaufteilung vorliegt.<\/p>\n<p><b>Wir bleiben bei unserer Auffassung und werden an der Besteuerung unserer Mandanten vorerst nichts ver\u00e4ndern.<\/b><\/p>\n<p>&nbsp;<\/p>\n<p>[\/et_pb_text][\/et_pb_column][et_pb_column type=&#8220;1_3&#8243; _builder_version=&#8220;4.16&#8243; background_position=&#8220;top_left&#8220; custom_padding=&#8220;0px|0px|0px|&#8220; global_colors_info=&#8220;{}&#8220; custom_padding__hover=&#8220;|||&#8220;][et_pb_text admin_label=&#8220;Text Abstandshalter&#8220; _builder_version=&#8220;4.16&#8243; custom_margin=&#8220;0px|0px|0px|0px&#8220; custom_padding=&#8220;0px|0px|0px|0px&#8220; global_colors_info=&#8220;{}&#8220;]<\/p>\n<p>\n<span style=\"color: #ffffff;\">:<\/span><br \/><span style=\"color: #ffffff;\">:<\/span><\/p>\n<p>[\/et_pb_text][et_pb_image src=&#8220;https:\/\/wonnebauer.de\/site\/wp-content\/uploads\/2018\/06\/Wonnebauer_logo_P1020231.jpg&#8220; align_tablet=&#8220;center&#8220; align_phone=&#8220;&#8220; align_last_edited=&#8220;on|desktop&#8220; admin_label=&#8220;Bild Wonnebauer_logo_P1020231&#8243; _builder_version=&#8220;4.16&#8243; custom_margin=&#8220;||0px|&#8220; global_colors_info=&#8220;{}&#8220;][\/et_pb_image][\/et_pb_column][\/et_pb_row][et_pb_row column_structure=&#8220;2_3,1_3&#8243; _builder_version=&#8220;4.16&#8243; global_colors_info=&#8220;{}&#8220;][et_pb_column type=&#8220;2_3&#8243; _builder_version=&#8220;4.16&#8243; background_position=&#8220;top_left&#8220; custom_padding=&#8220;0px|0px|0px|0px&#8220; global_colors_info=&#8220;{}&#8220; custom_padding__hover=&#8220;|||&#8220;][et_pb_text admin_label=&#8220;Text Abstandshalter&#8220; _builder_version=&#8220;4.16&#8243; custom_margin=&#8220;0px|0px|0px|0px&#8220; custom_padding=&#8220;0px|0px|0px|0px&#8220; global_colors_info=&#8220;{}&#8220;]<\/p>\n<p>\n<span style=\"color: #ffffff;\">:<\/span><br \/><span style=\"color: #ffffff;\">:<\/span><\/p>\n<p>[\/et_pb_text][et_pb_text admin_label=&#8220;Text \u00dcberschrift Aktienoptionen als Arbeitslohn in Luxemburg sehr beliebt &#8211; beim deutschen Fiskus im Fokus&#8220; _builder_version=&#8220;4.16&#8243; global_colors_info=&#8220;{}&#8220;]<\/p>\n<h3>Aktienoptionen als Arbeitslohn in Luxemburg sehr beliebt &#8211; beim deutschen Fiskus im Fokus<\/h3>\n<p>[\/et_pb_text][et_pb_text admin_label=&#8220;Text Aktienoptionen als Arbeitslohn in Luxemburg sehr beliebt &#8211; beim deutschen Fiskus im Fokus&#8220; _builder_version=&#8220;4.16&#8243; global_colors_info=&#8220;{}&#8220;]<\/p>\n<p class=\"bodytext\">In Luxemburg ist es m\u00f6glich,\u00a0<b>Manager oder leitende Angestellte<\/b>\u00a0neben dem Lohn mit Warrants bzw.<br \/>Aktienoptionen zu verg\u00fcten. Nach luxemburgischem Recht hat dies den Vorteil, dass es hier einen gro\u00dfen<br \/>Steuerfreibetrag gibt. Wer beispielsweise Aktienoptionen in H\u00f6he von 50.000,00 \u20ac erh\u00e4lt, muss nur 17,5%<br \/>davon versteuern, also rund 9.000,00 \u20ac. Die restlichen 41.000,00 \u20ac werden somit steuerfrei an den Mitarbeiter<br \/>zugewendet. Leider funktioniert dies nur bei Angestellten, die keine Grenzg\u00e4nger sind, also in Luxemburg wohnen.<\/p>\n<p class=\"bodytext\"><b>Grenzg\u00e4nger aus Deutschland<\/b>\u00a0unterliegen dem deutschen Steuerrecht. Dies hat alles auch keine weitere Bedeutung,<br \/>wenn der Grenzg\u00e4nger nur in Luxemburg arbeitet.<\/p>\n<p>F\u00fcr den Fall der\u00a0<b>Lohnaufteilung, also \u00dcberschreitung der 19-Tage Grenze,<\/b>\u00a0muss jedoch der wahre Wert der<br \/>Warrants in der deutschen Steuererkl\u00e4rung angegeben werden.<\/p>\n<p>Das Problem besteht nun wiederum darin, dass sich dieser<b>\u00a0Lohnbestandteil\u00a0<\/b>nicht aus der<br \/>Jahreslohnsteuerbescheinigung ersichtlich ist. Vielen Angestelltensind diese Hintergr\u00fcnde auch<br \/>gar nicht bekannt und erst recht nicht die steuerliche Folge in Deutschland.<\/p>\n<p>Wer jedoch\u00a0<b>Steuererkl\u00e4rungen\u00a0<\/b>abgibt oder gar\u00a0<b>Selbstanzeigen<\/b>\u00a0f\u00fcr die Vergangenheit in Bezug auf die<br \/><b>19-Tage Regel<\/b>macht,\u00a0 sollte sich dieses Problems bewusst sein und vollst\u00e4ndige Unterlagen an den<br \/>Steuerberater liefern, damit dieser eine ordnungsgem\u00e4\u00dfe\u00a0<b>vollst\u00e4ndige\u00a0<\/b>Steuererkl\u00e4rung abgeben kann.<\/p>\n<p class=\"bodytext\">Fakt ist, dass diese Lohnart nicht sehr verbreitet ist und wenn ja, eher bei den leitenden Angestellten.<\/p>\n<p>Da dies zu weiteren\u00a0<b>hohen Steuereinnahmen<\/b>\u00a0in Deutschland f\u00fchrt, ist dieser Sachverhalt nun im<br \/><b>Fokus des deutschen Finanzamtes.<\/b><\/p>\n<p>[\/et_pb_text][\/et_pb_column][et_pb_column type=&#8220;1_3&#8243; _builder_version=&#8220;4.16&#8243; background_position=&#8220;top_left&#8220; custom_padding=&#8220;0px|0px|0px|&#8220; global_colors_info=&#8220;{}&#8220; custom_padding__hover=&#8220;|||&#8220;][et_pb_text admin_label=&#8220;Text Abstandshalter&#8220; _builder_version=&#8220;4.16&#8243; custom_margin=&#8220;0px|0px|0px|0px&#8220; custom_padding=&#8220;0px|0px|0px|0px&#8220; global_colors_info=&#8220;{}&#8220;]<\/p>\n<p>\n<span style=\"color: #ffffff;\">:<\/span><br \/><span style=\"color: #ffffff;\">:<\/span><\/p>\n<p>[\/et_pb_text][et_pb_image src=&#8220;https:\/\/wonnebauer.de\/site\/wp-content\/uploads\/2018\/06\/Wonnebauer_tastatur_IMG_1266.jpg&#8220; align_tablet=&#8220;center&#8220; align_phone=&#8220;&#8220; align_last_edited=&#8220;on|desktop&#8220; admin_label=&#8220;Bild Wonnebauer_tastatur_IMG_1266&#8243; _builder_version=&#8220;4.16&#8243; custom_margin=&#8220;||0px|&#8220; global_colors_info=&#8220;{}&#8220;][\/et_pb_image][\/et_pb_column][\/et_pb_row][et_pb_row column_structure=&#8220;2_3,1_3&#8243; _builder_version=&#8220;4.16&#8243; global_colors_info=&#8220;{}&#8220;][et_pb_column type=&#8220;2_3&#8243; _builder_version=&#8220;4.16&#8243; background_position=&#8220;top_left&#8220; custom_padding=&#8220;0px|0px|0px|0px&#8220; global_colors_info=&#8220;{}&#8220; custom_padding__hover=&#8220;|||&#8220;][et_pb_text admin_label=&#8220;Text Abstandshalter&#8220; _builder_version=&#8220;4.16&#8243; custom_margin=&#8220;0px|0px|0px|0px&#8220; custom_padding=&#8220;0px|0px|0px|0px&#8220; global_colors_info=&#8220;{}&#8220;]<\/p>\n<p>\n<span style=\"color: #ffffff;\">:<\/span><br \/><span style=\"color: #ffffff;\">:<\/span><\/p>\n<p>[\/et_pb_text][et_pb_text admin_label=&#8220;Text \u00dcberschrift Ob die 19-Tage-Regel auch f\u00fcr Gesellschafter-Gesch\u00e4ftsf\u00fchrer einer S.a.r.l. gilt, ist noch ungekl\u00e4rt&#8220; _builder_version=&#8220;4.16&#8243; global_colors_info=&#8220;{}&#8220;]<\/p>\n<h3>Ob die 19-Tage-Regel auch f\u00fcr Gesellschafter-Gesch\u00e4ftsf\u00fchrer einer S.a.r.l. gilt, ist noch ungekl\u00e4rt<\/h3>\n<p>[\/et_pb_text][et_pb_text admin_label=&#8220;Text Ob die 19-Tage-Regel auch f\u00fcr Gesellschafter-Gesch\u00e4ftsf\u00fchrer einer S.a.r.l. gilt, ist noch ungekl\u00e4rt&#8220; _builder_version=&#8220;4.16&#8243; global_colors_info=&#8220;{}&#8220;]<\/p>\n<p class=\"bodytext\">Das\u00a0<b>Finanzgericht Rheinland-Pfalz<\/b>\u00a0hat am 15.06.2016\u00a0 in einen von unserer Kanzlei gef\u00fchrten Rechtsstreit<br \/>entschieden, dass die 19-Tage-Regel auch f\u00fcr Gesellschafter-Gesch\u00e4ftsf\u00fchrer gilt, die mindestens 50% des<br \/>Stammkapitals inne haben.<\/p>\n<p>Allerdings wurde die<b>\u00a0Revision zugelassen<\/b>\u00a0zur Sicherung einer einheitlichen Rechtsprechung.<\/p>\n<p>Denn zu dieser Rechtsfrage gibt es zum einen\u00a0<b>bislang kein explizites Urteil des Bundesfinanzhofes<\/b>,<br \/>konkret zu Luxemburg-Grenzg\u00e4ngern. Allerdings gibt es zwei unterschiedliche Auffassungen bei den Senaten<br \/>des Bundesfinanzhofes.<\/p>\n<p>Der\u00a0<b>6. Senat\u00a0<\/b>beurteilt die vorgenannte Personengruppe\u00a0<b>als Arbeitnehmer<\/b>. Dem schlie\u00dft sich das<br \/>Finanzgericht an, mit der Konsequenz, dass auch die 19-Tage-Regel, die eigentlich nur f\u00fcr Arbeitnehmer gilt,<br \/>auf Gesellschafter-Gesch\u00e4ftsf\u00fchrer angewendet wird.<\/p>\n<p>Der\u00a0<b>8. Senat<\/b>\u00a0hat die Rechtsfrage anders gesehen. Denn dort werden die GmbH-Gesellschafter regelm\u00e4\u00dfig<br \/>als Selbst\u00e4ndige angesehen.<\/p>\n<p>Dass diese vorgenannte Personengruppe im Sozialversicherungsrecht ohnehin als Selbstst\u00e4ndige<br \/>betrachtet werden, spielt dabei nur nebens\u00e4chlich eine Rolle.<\/p>\n<p>Die Rechtsfrage ist deshalb spannend, weil die vorgenannten Senate die Frage nicht beantwortet hatten zu<br \/><b>Grenzg\u00e4ngern<\/b>, weil Sie nicht f\u00fcr internationale F\u00e4lle zust\u00e4ndige sind. Letztlich wird hier\u00fcber der f\u00fcr<br \/>internationales Steuerrecht zust\u00e4ndige\u00a0<b>1. Senat<\/b>\u00a0entscheiden.<\/p>\n<p>Sowohl f\u00fcr die eine als auch f\u00fcr die andere L\u00f6sung gibt es prominente Vertreter aus der Rechtswissenschaft.<\/p>\n<p>Die Rechtsfrage hat gerade im\u00a0<b>Grenzgebiet Luxemburg Deutschland\u00a0<\/b>gro\u00dfe Bedeutung. Im Jahr 2011<br \/>wurde die\u00a0<b>19-Tage-Regel<\/b>\u00a0eingef\u00fchrt. Danach m\u00fcssen Arbeitnehmer, die in Deutschland wohnen, aber<br \/>in Luxemburg besch\u00e4ftigt sind und mehr als 19 Tage au\u00dferhalb Luxemburgs arbeiten, den anteiligen<br \/>Lohn in Deutschland versteuern. Zur Kontrolle verlangt das Finanzamt umfangreiche Ausk\u00fcnfte und<br \/>Vorlage von Dokumentationen.<\/p>\n<p>Nun gibt es sehr viele Unternehmer, die in der\u00a0<b>Rechtsform der s.\u00e0.r.l.<\/b>\u00a0(luxemburgische GmbH) t\u00e4tig sind.<br \/>Diese sind oft auch Alleingesellschafter.<\/p>\n<p>Das<b>\u00a0Finanzamt Trier<\/b>\u00a0hat ein Interesse daran, auch diese Personen mit ihren Gesch\u00e4ftsf\u00fchrergeh\u00e4ltern in<br \/>Deutschland zu versteuern. Aus diesem Grunde vertritt es die Auffassung des 6. Senates, der pro Fiskus geurteilt hat.<\/p>\n<p>Viele\u00a0<b>Gesellschafter-Gesch\u00e4ftsf\u00fchrer<\/b>\u00a0sind daher im Visier der Trierer Steuerfahndung und der umliegenden<br \/>Finanz\u00e4mter. Diese werden aufgefordert, ihre Tage zu z\u00e4hlen und Unterlagen hierzu einzureichen. All dies kommt<br \/>nicht in Betracht, wenn die Gesch\u00e4ftsf\u00fchrer als Selbstst\u00e4ndige angesehen werden.<\/p>\n<p>In der Folge hat das Finanzamt die Argumentation jedoch vom Tisch gewischt und Sch\u00e4tzungen durchgef\u00fchrt.<br \/>Da das Finanzgericht Rheinland-Pfalz der Auffassung des 6. Senates folgt, hat es konsequenterweise die Sch\u00e4tzungen<br \/>des Finanzamtes Trier abgesegnet.<\/p>\n<p>Der Ausgang dieses Rechtsfalles wird folglich eine gro\u00dfe Bedeutung f\u00fcr die Grenzregion haben.<\/p>\n<p>[\/et_pb_text][\/et_pb_column][et_pb_column type=&#8220;1_3&#8243; _builder_version=&#8220;4.16&#8243; background_position=&#8220;top_left&#8220; custom_padding=&#8220;0px|0px|0px|&#8220; global_colors_info=&#8220;{}&#8220; custom_padding__hover=&#8220;|||&#8220;][et_pb_text admin_label=&#8220;Text Abstandshalter&#8220; _builder_version=&#8220;4.16&#8243; custom_margin=&#8220;0px|0px|0px|0px&#8220; custom_padding=&#8220;0px|0px|0px|0px&#8220; global_colors_info=&#8220;{}&#8220;]<\/p>\n<p>\n<span style=\"color: #ffffff;\">:<\/span><br \/><span style=\"color: #ffffff;\">:<\/span><\/p>\n<p>[\/et_pb_text][et_pb_image src=&#8220;https:\/\/wonnebauer.de\/site\/wp-content\/uploads\/2018\/06\/Wonnebauer_gebaeude_und_park_P1020316.jpg&#8220; align_tablet=&#8220;center&#8220; align_phone=&#8220;&#8220; align_last_edited=&#8220;on|desktop&#8220; admin_label=&#8220;Bild Wonnebauer_gebaeude_und_park_P1020316&#8243; _builder_version=&#8220;4.16&#8243; custom_margin=&#8220;||0px|&#8220; global_colors_info=&#8220;{}&#8220;][\/et_pb_image][\/et_pb_column][\/et_pb_row][et_pb_row column_structure=&#8220;2_3,1_3&#8243; _builder_version=&#8220;4.16&#8243; global_colors_info=&#8220;{}&#8220;][et_pb_column type=&#8220;2_3&#8243; _builder_version=&#8220;4.16&#8243; background_position=&#8220;top_left&#8220; custom_padding=&#8220;0px|0px|0px|0px&#8220; global_colors_info=&#8220;{}&#8220; custom_padding__hover=&#8220;|||&#8220;][et_pb_text admin_label=&#8220;Text Abstandshalter&#8220; _builder_version=&#8220;4.16&#8243; custom_margin=&#8220;0px|0px|0px|0px&#8220; custom_padding=&#8220;0px|0px|0px|0px&#8220; global_colors_info=&#8220;{}&#8220;]<\/p>\n<p>\n<span style=\"color: #ffffff;\">:<\/span><br \/><span style=\"color: #ffffff;\">:<\/span><\/p>\n<p>[\/et_pb_text][et_pb_text admin_label=&#8220;Text \u00dcberschrift Automatische Meldung der Lohnsteuerkarten von Grenzg\u00e4ngern ab Zeitraum 2014&#8243; _builder_version=&#8220;4.16&#8243; global_colors_info=&#8220;{}&#8220;]<\/p>\n<h3>Automatische Meldung der Lohnsteuerkarten von Grenzg\u00e4ngern ab Zeitraum 2014<\/h3>\n<p>[\/et_pb_text][et_pb_text admin_label=&#8220;Text Automatische Meldung der Lohnsteuerkarten von Grenzg\u00e4ngern ab Zeitraum 2014&#8243; _builder_version=&#8220;4.16&#8243; global_colors_info=&#8220;{}&#8220;]<\/p>\n<p class=\"bodytext\">In Deutschland gab es in den letzten Jahren schon mehrfach\u00a0<b>gesetzlich gewollte Deadlines<\/b><br \/>f\u00fcr die Erstattung von Selbstanzeigen wegen Steuerhinterziehung. Man erinnere sich an die<br \/>Steueramnestie im Jahre 2004\/2005. Die Reaktion in der Bev\u00f6lkerung war verhalten.<\/p>\n<p>Sp\u00e4ter warnte man alle\u00a0<b>Rentne<\/b>r, sie m\u00f6gen doch ihre Steuererkl\u00e4rungen abgeben, bevor die<br \/>Deutsche Rentenversicherung ab dem Jahr 2005 an das Finanzamt die Rentendaten meldet.<br \/>Einige Rentner r\u00fchrten sich.<\/p>\n<p>Nun ist es wieder soweit. Und niemand hat es irgendwie bemerkt. Es kamen jedoch auch<br \/>keine fanfarenartigen Warnungen mehr, wie fr\u00fcher.<\/p>\n<p><b>Seit 2015<\/b>\u00a0werden die\u00a0<b>Lohndaten von Luxemburg-Grenzg\u00e4nger nach Deutschland gemeldet,<br \/>\u00fcbrigens auch die Renten,\u00a0 und zwar ab dem Jahr 2014<\/b>. Der Computer des Finanzamtes f\u00fcllt<br \/>sich also automatisch mit Daten von Grenzg\u00e4ngern. Pl\u00f6tzlich werden Namen und Geh\u00e4lter auftauchen,<br \/>von Leuten, die bis dahin nicht beim Finanzamt gef\u00fchrt wurden.<br \/><b><br \/>Je nach Beruf und Arbeitgeber<\/b>\u00a0wird sich das Finanzamt dann die Frage stellen, ob nicht auch nach der Verst\u00e4ndigungsvereinbarung zu verfahren und anteiliges Gehalt in Deutschland zu versteuern ist.<br \/>Und f\u00fcr die\u00a0<b>Vergangenheit?\u00a0<\/b><\/p>\n<p>Ab dem Jahr 2015 weisen die Steuerkarten auch die<b>\u00a0Auslandtage<\/b>\u00a0aus.<br \/>Was wird das Finanzamt wohl denken, wie es sich bei dem Grenzg\u00e4nger in den\u00a0<b>Vorjahren<\/b>\u00a0verhalten hat?<\/p>\n<p>Es wird also eigentlich h\u00f6chste Zeit f\u00fcr einige Grenzg\u00e4nger, \u00fcber eine\u00a0<b>Selbstanzeige<\/b>\u00a0nachzudenken,<br \/>sei es wegen der<b>\u00fcberschrittenen 19-Tage-Grenze<\/b>\u00a0oder sonstigen Eink\u00fcnften.<\/p>\n<p>Aufgrund der regelm\u00e4\u00dfigen Informationen in der Presse, kann sich im Grunde kein Grenzg\u00e4nger mehr<br \/>auf Unwissen berufen.\u00a0<b>Packen Sie es an! Die Zeit l\u00e4uft<\/b>.<\/p>\n<p>[\/et_pb_text][\/et_pb_column][et_pb_column type=&#8220;1_3&#8243; _builder_version=&#8220;4.16&#8243; background_position=&#8220;top_left&#8220; custom_padding=&#8220;0px|0px|0px|&#8220; global_colors_info=&#8220;{}&#8220; custom_padding__hover=&#8220;|||&#8220;][et_pb_text admin_label=&#8220;Text Abstandshalter&#8220; _builder_version=&#8220;4.16&#8243; custom_margin=&#8220;0px|0px|0px|0px&#8220; custom_padding=&#8220;0px|0px|0px|0px&#8220; global_colors_info=&#8220;{}&#8220;]<\/p>\n<p>\n<span style=\"color: #ffffff;\">:<\/span><br \/><span style=\"color: #ffffff;\">:<\/span><\/p>\n<p>[\/et_pb_text][et_pb_image src=&#8220;https:\/\/wonnebauer.de\/site\/wp-content\/uploads\/2018\/06\/Wonnebauer_buch_steuerrechtsordnung_P1020234.jpg&#8220; align_tablet=&#8220;center&#8220; align_phone=&#8220;&#8220; align_last_edited=&#8220;on|desktop&#8220; admin_label=&#8220;Bild Wonnebauer_buch_steuerrechtsordnung_P1020234&#8243; _builder_version=&#8220;4.16&#8243; custom_margin=&#8220;||0px|&#8220; global_colors_info=&#8220;{}&#8220;][\/et_pb_image][\/et_pb_column][\/et_pb_row][et_pb_row column_structure=&#8220;2_3,1_3&#8243; _builder_version=&#8220;4.16&#8243; global_colors_info=&#8220;{}&#8220;][et_pb_column type=&#8220;2_3&#8243; _builder_version=&#8220;4.16&#8243; background_position=&#8220;top_left&#8220; custom_padding=&#8220;0px|0px|0px|0px&#8220; global_colors_info=&#8220;{}&#8220; custom_padding__hover=&#8220;|||&#8220;][et_pb_text admin_label=&#8220;Text Abstandshalter&#8220; _builder_version=&#8220;4.16&#8243; custom_margin=&#8220;0px|0px|0px|0px&#8220; custom_padding=&#8220;0px|0px|0px|0px&#8220; global_colors_info=&#8220;{}&#8220;]<\/p>\n<p>\n<span style=\"color: #ffffff;\">:<\/span><br \/><span style=\"color: #ffffff;\">:<\/span><\/p>\n<p>[\/et_pb_text][et_pb_text admin_label=&#8220;Text \u00dcberschrift Automatischer Informationsaustausch &#8211; Wo geht die Reise hin?&#8220; _builder_version=&#8220;4.16&#8243; global_colors_info=&#8220;{}&#8220;]<\/p>\n<h3>Automatischer Informationsaustausch &#8211; Wo geht die Reise hin?<\/h3>\n<p>[\/et_pb_text][et_pb_text admin_label=&#8220;Text Automatischer Informationsaustausch &#8211; Wo geht die Reise hin?&#8220; _builder_version=&#8220;4.16&#8243; global_colors_info=&#8220;{}&#8220;]<\/p>\n<p class=\"bodytext\">Ab dem\u00a0<b>Jahr 2015<\/b>\u00a0werden nun auch\u00a0<b>L\u00f6hne und Pensionen<\/b>\u00a0von Luxemburg nach Deutschland automatisch<br \/>gemeldet. Die luxemburger<b>\u00a0Lohnsteuerkarten<\/b>werden dann auch noch die\u00a0<b>Anzahl der Arbeitstage<\/b>\u00a0au\u00dferhalb<br \/>Luxemburgs ausweisen.<\/p>\n<p>Auskunft auf Anfrage hat Luxemburg schon immer gegeben. Neu ist also, dass Daten\u00a0<b>automatisch<\/b>\u00a0gemeldet werden.<\/p>\n<p>Der<b>\u00a0EuGH<\/b>\u00a0hat bereits dazu entschieden, dass der Steuerpflichtige\u00a0<b>weder \u00fcber die Anfrage noch \u00fcber Antwort<br \/><\/b>\u00a0informiert werden muss (C-276\/12). Er hat also auch kein Recht auf die Formulierung der Anfrage Einfluss zu nehmen. Ebensowenig kann er Kritik an der erteilten Auskunft des anderen Staaten\u00a0 nehmen. In dem Fall, der Tschechien<br \/>und Ungarn betraf, ging es um die Frage, ob es ein\u00a0<b>Grundrecht auf informationelle Selbstbestimmung<\/b><br \/>auch im Bereich des Auskunftsverfahrens gibt.<\/p>\n<p>Auch auf<b>\u00a0internationaler Ebene<\/b>\u00a0&#8211; au\u00dferhalb der EU &#8211; gibt es diesen<b>\u00a0Informationsaustausch<br \/><\/b>(EoI Exchange of Information).<br \/>Es wird derzeit die Frage gestellt, wie weit diese Verfahren in die Rechte des Einzelnen eingreifen d\u00fcrfen.<\/p>\n<p>Standard ist jedenfalls, dass es eine\u00a0<b>globale Steuertransperenz<\/b>\u00a0zu geben hat. Demgem\u00e4\u00df muss der<br \/>Informationsaustausch zwischen den Staaten effektiv gestaltet werden. Andererseits ist auch international<br \/>anerkannt, dass der Steuerzahler hier nicht rechtlos gestellt werden kann, sondern gewisse Grundrechte<br \/>haben muss. Das Informationsrecht darf nat\u00fcrlich die Ermittlungen, also die Aufkl\u00e4rung des Sachverhalts,<br \/>nicht gef\u00e4hrden.<\/p>\n<p>Die<b>\u00a0Deutsche Verhandlungsgrundlage f\u00fcr DBA<\/b>\u00a0sieht bereits vor, dass es ein\u00a0<b>informationelles<br \/>Selbstbestimmungsrecht <\/b>gibt. Die wurde bereits 1983 h\u00f6chstrichtlich entschieden. Die erteilte<br \/>Auskunft darf auch f\u00fcr andere, als steuerliche Zwecke, verwendet werden, wenn der andere Staat<br \/>dem zustimmt. Hinzu tritt ein Protokoll zu Artikel 25, was so viel bedeutet wie eine Kommentierung<br \/>von Einzelfragen zu dem Thema.<\/p>\n<p>Deutschland w\u00fcrde keine Informationen erteilen, wenn die Informationen in dem anderen Staat zu<br \/>einer Todesstrafe f\u00fchren k\u00f6nnten. Der Ordre Public ist zu wahren.<\/p>\n<p>[\/et_pb_text][\/et_pb_column][et_pb_column type=&#8220;1_3&#8243; _builder_version=&#8220;4.16&#8243; background_position=&#8220;top_left&#8220; custom_padding=&#8220;0px|0px|0px|&#8220; global_colors_info=&#8220;{}&#8220; custom_padding__hover=&#8220;|||&#8220;][et_pb_text admin_label=&#8220;Text Abstandshalter&#8220; _builder_version=&#8220;4.16&#8243; custom_margin=&#8220;0px|0px|0px|0px&#8220; custom_padding=&#8220;0px|0px|0px|0px&#8220; global_colors_info=&#8220;{}&#8220;]<\/p>\n<p>\n<span style=\"color: #ffffff;\">:<\/span><br \/><span style=\"color: #ffffff;\">:<\/span><\/p>\n<p>[\/et_pb_text][et_pb_image src=&#8220;https:\/\/wonnebauer.de\/site\/wp-content\/uploads\/2018\/06\/Wonnebauer_ifa_2015_IMG_7983.jpg&#8220; align_tablet=&#8220;center&#8220; align_phone=&#8220;&#8220; align_last_edited=&#8220;on|desktop&#8220; admin_label=&#8220;Bild Wonnebauer_ifa_2015_IMG_7983&#8243; _builder_version=&#8220;4.16&#8243; custom_margin=&#8220;||0px|&#8220; global_colors_info=&#8220;{}&#8220;][\/et_pb_image][\/et_pb_column][\/et_pb_row][et_pb_row column_structure=&#8220;2_3,1_3&#8243; _builder_version=&#8220;4.16&#8243; global_colors_info=&#8220;{}&#8220;][et_pb_column type=&#8220;2_3&#8243; _builder_version=&#8220;4.16&#8243; background_position=&#8220;top_left&#8220; custom_padding=&#8220;0px|0px|0px|0px&#8220; global_colors_info=&#8220;{}&#8220; custom_padding__hover=&#8220;|||&#8220;][et_pb_text admin_label=&#8220;Text Abstandshalter&#8220; _builder_version=&#8220;4.16&#8243; custom_margin=&#8220;0px|0px|0px|0px&#8220; custom_padding=&#8220;0px|0px|0px|0px&#8220; global_colors_info=&#8220;{}&#8220;]<\/p>\n<p>\n<span style=\"color: #ffffff;\">:<\/span><br \/><span style=\"color: #ffffff;\">:<\/span><\/p>\n<p>[\/et_pb_text][et_pb_text admin_label=&#8220;Text \u00dcberschrift Datenschutz in Anbetracht des Automatischen Informationsausgleichs&#8220; _builder_version=&#8220;4.16&#8243; global_colors_info=&#8220;{}&#8220;]<\/p>\n<h3>Datenschutz in Anbetracht des Automatischen Informationsausgleichs<\/h3>\n<p>[\/et_pb_text][et_pb_text admin_label=&#8220;Text Datenschutz in Anbetracht des Automatischen Informationsausgleichs&#8220; _builder_version=&#8220;4.16&#8243; global_colors_info=&#8220;{}&#8220;]<\/p>\n<p class=\"bodytext\">Der<b>\u00a0automatische Datenaustausch<\/b>\u00a0(AEOI)\u00a0 f\u00fchrt nat\u00fcrlich dazu, dass<b>\u00a0enorme Mengen an Daten<\/b><br \/>gesammelt werden. Wie lange darf der Staat die Daten aufbewahren? F\u00fcr welche Zwecke d\u00fcrfen die<br \/>Informationen verwendet werden?<\/p>\n<p>Viele dieser Fragen sind f\u00fcr die EU schon beantwortet durch die Richtlinien 95\/46EC oder 2014\/107EU<br \/>und 2011\/15\/EU.<\/p>\n<p>Die Daten m\u00fcssen vertraulich behandelt und gesch\u00fctzt werden.<\/p>\n<p>Mal sehen, ob dann irgendwann auch Beamte oder Angestellte im \u00f6ffentlichen Dienst<br \/>&#8211; dem Beispiel von Bankmitarbeitern folgend &#8211; diese Daten stehlen und sie an einen anderen Staat verkaufen &#8211;<br \/>und gleichzeitig Asylantrag stellen&#8230;<\/p>\n<p>[\/et_pb_text][\/et_pb_column][et_pb_column type=&#8220;1_3&#8243; _builder_version=&#8220;4.16&#8243; background_position=&#8220;top_left&#8220; custom_padding=&#8220;0px|0px|0px|&#8220; global_colors_info=&#8220;{}&#8220; custom_padding__hover=&#8220;|||&#8220;][et_pb_text admin_label=&#8220;Text Abstandshalter&#8220; _builder_version=&#8220;4.16&#8243; custom_margin=&#8220;0px|0px|0px|0px&#8220; custom_padding=&#8220;0px|0px|0px|0px&#8220; global_colors_info=&#8220;{}&#8220;]<\/p>\n<p>\n<span style=\"color: #ffffff;\">:<\/span><br \/><span style=\"color: #ffffff;\">:<\/span><\/p>\n<p>[\/et_pb_text][\/et_pb_column][\/et_pb_row][et_pb_row column_structure=&#8220;2_3,1_3&#8243; _builder_version=&#8220;4.16&#8243; global_colors_info=&#8220;{}&#8220;][et_pb_column type=&#8220;2_3&#8243; _builder_version=&#8220;4.16&#8243; background_position=&#8220;top_left&#8220; custom_padding=&#8220;0px|0px|0px|0px&#8220; global_colors_info=&#8220;{}&#8220; custom_padding__hover=&#8220;|||&#8220;][et_pb_text admin_label=&#8220;Text Abstandshalter&#8220; _builder_version=&#8220;4.16&#8243; custom_margin=&#8220;0px|0px|0px|0px&#8220; custom_padding=&#8220;0px|0px|0px|0px&#8220; global_colors_info=&#8220;{}&#8220;]<\/p>\n<p>\n<span style=\"color: #ffffff;\">:<\/span><br \/><span style=\"color: #ffffff;\">:<\/span><\/p>\n<p>[\/et_pb_text][et_pb_text admin_label=&#8220;Text \u00dcberschrift Das Verh\u00e4ltnis von Grenzg\u00e4ngern und Finanzamt in Deutschland&#8220; _builder_version=&#8220;4.16&#8243; global_colors_info=&#8220;{}&#8220;]<\/p>\n<h3>Das Verh\u00e4ltnis von Grenzg\u00e4ngern und Finanzamt in Deutschland<\/h3>\n<p>[\/et_pb_text][et_pb_text admin_label=&#8220;Text Das Verh\u00e4ltnis von Grenzg\u00e4ngern und Finanzamt in Deutschland&#8220; _builder_version=&#8220;4.16&#8243; global_colors_info=&#8220;{}&#8220;]<\/p>\n<p class=\"bodytext\">Steuerpflichtige k\u00f6nnen sich ihre Rolle nicht aussuchen. Der Wunsch vieler Grenzg\u00e4nger,<br \/>nichts mit dem Finanzamt zu tun haben zu wollen, geht somit nicht in Erf\u00fcllung. Allein die<br \/><b>\u00a0Tatsache des Wohnsitzes<\/b>\u00a0in Deutschland begr\u00fcndet das Verh\u00e4ltnis zur Steuerbeh\u00f6rde.<\/p>\n<p class=\"bodytext\">Das Verh\u00e4ltnis der Grenzg\u00e4nger ist sogar noch i<b>ntensiver<\/b>, als das von Nicht-Greng\u00e4ngern.<br \/>Denn durch den\u00a0<b>Auslandsachverhalt<\/b>, der durch die T\u00e4tigkeit in Luxemburg begr\u00fcndet wird,<br \/>ensteht eine erh\u00f6hte\u00a0<b>Mitwirkungspflicht<\/b>\u00a0mit der Aufkl\u00e4rung der steuerlichen Umst\u00e4nde.<\/p>\n<p>Wer sich also auf einen steuerfreien Lohn aus Luxemburg beruft, muss\u00a0<b>beweisen<\/b>, dass er auch<br \/>tats\u00e4chlich in Luxemburg gearbeitet.\u00a0<b>Nicht das Finanzamt<\/b>\u00a0muss beweisen, sondern der Grenzg\u00e4nger.<\/p>\n<p>Hohe Steuernachforderungen bringen sowohl Privatleute als auch Unternehmer dann in\u00a0<b>Existenzkrisen<\/b>.<\/p>\n<p>Im Nachhinein h\u00f6rt man in der Praxis dann oft als Entschuldigung der Steuerpflichtigen, der<br \/>luxemburgische Steuerberater h\u00e4tte das\u00a0<b>alles gar nicht<\/b>\u00a0oder\u00a0<b>ganz anders erkl\u00e4rt.\u00a0<\/b>Sollte dies stimmen<br \/>ist ja alles in Ordnung, denn dann kann dieser Berater in\u00a0<b>Regress<\/b>\u00a0genommen werden. Seltsamerweise<br \/>gibt es aber kaum solche Zivilprozesse, was dann doch wieder sehr bedenklich stimmt.<\/p>\n<p>Andererseits sollte jedem klar sein, dass das\u00a0<b>deutsche Steuerrecht<\/b>\u00a0kompliziert ist. Damit aber nicht genug.<br \/>Wer \u00fcber die Grenze arbeitet, unterliegt\u00a0<b>internationalem Steuerrecht<\/b>. Auch das sollte jedem Grenzg\u00e4nger<br \/>klar sein. Man sollte einem luxemburger Berater also nicht blind vertrauen, wenn er dem Grenzg\u00e4nger das<br \/>deutsche Steuerrecht erkl\u00e4rt. Es ist bewiesen durch die Ereignisse der Vergangenheit in unserer Region, dass<br \/>diese Beratungen in sehr vielen F\u00e4llen falsch war.<\/p>\n<p>Ungl\u00fccklicherweise geh\u00f6ren alle diese Details\u00a0 nicht zum Allgemeinwissen von Grenzg\u00e4ngern.<\/p>\n<p>[\/et_pb_text][\/et_pb_column][et_pb_column type=&#8220;1_3&#8243; _builder_version=&#8220;4.16&#8243; background_position=&#8220;top_left&#8220; custom_padding=&#8220;0px|0px|0px|&#8220; global_colors_info=&#8220;{}&#8220; custom_padding__hover=&#8220;|||&#8220;][et_pb_text admin_label=&#8220;Text Abstandshalter&#8220; _builder_version=&#8220;4.16&#8243; custom_margin=&#8220;0px|0px|0px|0px&#8220; custom_padding=&#8220;0px|0px|0px|0px&#8220; global_colors_info=&#8220;{}&#8220;]<\/p>\n<p>\n<span style=\"color: #ffffff;\">:<\/span><br \/><span style=\"color: #ffffff;\">:<\/span><\/p>\n<p>[\/et_pb_text][et_pb_image src=&#8220;https:\/\/wonnebauer.de\/site\/wp-content\/uploads\/2018\/06\/Wonnebauer_ifa_2015_IMG_7984.jpg&#8220; align_tablet=&#8220;center&#8220; align_phone=&#8220;&#8220; align_last_edited=&#8220;on|desktop&#8220; admin_label=&#8220;Bild Wonnebauer_ifa_2015_IMG_7984&#8243; _builder_version=&#8220;4.16&#8243; custom_margin=&#8220;||0px|&#8220; global_colors_info=&#8220;{}&#8220;][\/et_pb_image][\/et_pb_column][\/et_pb_row][et_pb_row column_structure=&#8220;2_3,1_3&#8243; _builder_version=&#8220;4.16&#8243; global_colors_info=&#8220;{}&#8220;][et_pb_column type=&#8220;2_3&#8243; _builder_version=&#8220;4.16&#8243; background_position=&#8220;top_left&#8220; custom_padding=&#8220;0px|0px|0px|0px&#8220; global_colors_info=&#8220;{}&#8220; custom_padding__hover=&#8220;|||&#8220;][et_pb_text admin_label=&#8220;Text Abstandshalter&#8220; _builder_version=&#8220;4.16&#8243; custom_margin=&#8220;0px|0px|0px|0px&#8220; custom_padding=&#8220;0px|0px|0px|0px&#8220; global_colors_info=&#8220;{}&#8220;]<\/p>\n<p>\n<span style=\"color: #ffffff;\">:<\/span><br \/><span style=\"color: #ffffff;\">:<\/span><\/p>\n<p>[\/et_pb_text][et_pb_text admin_label=&#8220;Text \u00dcberschrift Beweislast f\u00fcr Arbeitstage in Luxemburg obliegt den Grenzpendlern&#8220; _builder_version=&#8220;4.16&#8243; global_colors_info=&#8220;{}&#8220;]<\/p>\n<h3>Beweislast f\u00fcr Arbeitstage in Luxemburg obliegt den Grenzpendlern<\/h3>\n<p>[\/et_pb_text][et_pb_text admin_label=&#8220;Text Beweislast f\u00fcr Arbeitstage in Luxemburg obliegt den Grenzpendlern&#8220; _builder_version=&#8220;4.16&#8243; global_colors_info=&#8220;{}&#8220;]<\/p>\n<p class=\"bodytext\"><b>Grenzg\u00e4nger<\/b>\u00a0(Grenzpendler) sehen sich auch aktuell mit dem Umstand konfrontiert, dass das<br \/>Finanzamt<b>\u00a0Beweise f\u00fcr die T\u00e4tigkeit in Luxemburg<\/b>verlangt. Dies geht soweit, dass das Finanzamt&#8216;<br \/>damit droht, eine\u00a0<b>Gehaltsaufteilung\u00a0<\/b>zu sch\u00e4tzen. sprich einen Teil des Lohnes in Deutschland zu versteuern.<\/p>\n<p>Wer also keine Beweismittel beibringen kann, die seine T\u00e4tigkeit in Luxemburg untermauern,<br \/>wird so behandelt, dass er gar nicht oder \u00fcberwiegend nicht in Luxemburg physisch t\u00e4tig war.<\/p>\n<p>Gerade bei\u00a0<b>Handwerkern und Architekten<\/b>, die au\u00dferhalb Luxemburgs auf Baustellen arbeiten, oder\u00a0<b>Au\u00dfendienstlern\u00a0<\/b>ergeben sich massive Probleme. Denn oftmals werden keine Aufzeichnungen<br \/>gef\u00fchrt. Arbeitgeber weigern sich oft bei der Mithilfe.<\/p>\n<p>Schlimmer noch sind\u00a0<b>Selbst\u00e4ndige<\/b>\u00a0dran. Sie haben keinen Arbeitgeber, der f\u00fcr sie beweisen k\u00f6nnte.<br \/>Insofern m\u00fcssen vorzeitig\u00a0<b>Vorkehrungen<\/b>\u00a0getroffen werden und Beweismittel gesichert werden.<\/p>\n<p>Die<b>\u00a0Rechtslage<\/b>\u00a0hierzu ist eindeutig:<br \/>Der\u00a0<b>Bundesfinanzhof<\/b>\u00a0hat mit\u00a0<b>Beschluss im Jahr 2012<\/b>\u00a0wiederholt best\u00e4tigt, dass Grenzg\u00e4nger eine\u00a0<b>erh\u00f6hte Mitwirkungspflicht<\/b>\u00a0trifft, um den Auslandseinsatz zu beweisen. Grund: Wer sich auf die\u00a0<b>Steuerfreiheit<\/b><br \/>von Arbeitslohn im Inland (hier Deutschland) beruft, muss beweisen, dass die gesetzlichen Voraussetzungen<br \/>hierzu vorliegen. Welche Beweise vorzulegen sind, h\u00e4nge vom Einzelfall ab.<\/p>\n<p>Leider haben die Grenzg\u00e4nger von diesen Vorschriften noch nie geh\u00f6rt. Arbeitgeber wurden diesbez\u00fcglich<br \/>nicht beraten.<\/p>\n<p>Wer bei<b>\u00a0komplexen Auslandssachverhalten<\/b>\u00a0auf\u00a0<b>Billigberater<\/b>\u00a0baut, hat dieses Spiel verloren.<br \/>Nicht der Billigste ist der Beste. Diese Binsenweisheit gilt auch in der Steuerberatung.<br \/>Fachwissen kann man sich oft eben nicht ergoogeln.<\/p>\n<p>Leidtragende sind oft die Angestellten, die sich darauf verlassen, dass der Arbeitgeber sie auf<br \/>wichtige Umst\u00e4nde hinweist. Leider: Fehlanzeige.<\/p>\n<p>Insofern kann nur jedem Grenzg\u00e4nger geraten werden, sich fr\u00fchzeitig eigenen Rechtsrat einzuholen,<br \/>um ein sp\u00e4teres Desaster durch\u00a0<b>hohe Steuernachzahlungen<\/b>\u00a0zu vermeiden.<\/p>\n<p>Angestellte sollten<b>\u00a0ihre Arbeitgeber darauf hinweisen<\/b>. Denn deren Berater tun es oft nicht.<\/p>\n<p>[\/et_pb_text][\/et_pb_column][et_pb_column type=&#8220;1_3&#8243; _builder_version=&#8220;4.16&#8243; background_position=&#8220;top_left&#8220; custom_padding=&#8220;0px|0px|0px|&#8220; global_colors_info=&#8220;{}&#8220; custom_padding__hover=&#8220;|||&#8220;][et_pb_text admin_label=&#8220;Text Abstandshalter&#8220; _builder_version=&#8220;4.16&#8243; custom_margin=&#8220;0px|0px|0px|0px&#8220; custom_padding=&#8220;0px|0px|0px|0px&#8220; global_colors_info=&#8220;{}&#8220;]<\/p>\n<p>\n<span style=\"color: #ffffff;\">:<\/span><br \/><span style=\"color: #ffffff;\">:<\/span><\/p>\n<p>[\/et_pb_text][et_pb_image src=&#8220;https:\/\/wonnebauer.de\/site\/wp-content\/uploads\/2018\/06\/Wonnebauer_istr_IMG_6567_240px.jpg&#8220; align_tablet=&#8220;center&#8220; align_phone=&#8220;&#8220; align_last_edited=&#8220;on|desktop&#8220; admin_label=&#8220;Bild Wonnebauer_istr_IMG_6567_240px&#8220; _builder_version=&#8220;4.16&#8243; custom_margin=&#8220;||0px|&#8220; global_colors_info=&#8220;{}&#8220;][\/et_pb_image][\/et_pb_column][\/et_pb_row][et_pb_row column_structure=&#8220;2_3,1_3&#8243; _builder_version=&#8220;4.16&#8243; global_colors_info=&#8220;{}&#8220;][et_pb_column type=&#8220;2_3&#8243; _builder_version=&#8220;4.16&#8243; background_position=&#8220;top_left&#8220; custom_padding=&#8220;0px|0px|0px|0px&#8220; global_colors_info=&#8220;{}&#8220; custom_padding__hover=&#8220;|||&#8220;][et_pb_text admin_label=&#8220;Text Abstandshalter&#8220; _builder_version=&#8220;4.16&#8243; custom_margin=&#8220;0px|0px|0px|0px&#8220; custom_padding=&#8220;0px|0px|0px|0px&#8220; global_colors_info=&#8220;{}&#8220;]<\/p>\n<p>\n<span style=\"color: #ffffff;\">:<\/span><br \/><span style=\"color: #ffffff;\">:<\/span><\/p>\n<p>[\/et_pb_text][et_pb_text admin_label=&#8220;Text \u00dcberschrift Keine Angst vor der 19-Tage-Grenze&#8220; _builder_version=&#8220;4.16&#8243; global_colors_info=&#8220;{}&#8220;]<\/p>\n<div class=\"csc-header csc-header-n22\">\n<h3>Keine Angst vor der 19-Tage-Grenze<\/h3>\n<\/div>\n<p>[\/et_pb_text][et_pb_text admin_label=&#8220;Text Keine Angst vor der 19-Tage-Grenze&#8220; _builder_version=&#8220;4.16&#8243; global_colors_info=&#8220;{}&#8220;]<\/p>\n<p class=\"bodytext\">Nach der Verst\u00e4ndigungsvereinbarung d\u00fcrfen Grenzg\u00e4nger bis zu\u00a0<b>19 Tagen<\/b>au\u00dferhalb Luxemburgs<br \/>arbeiten, ohne dass ein Gehaltsanteil in Deutschland versteuert werden muss.<\/p>\n<p>Viele Grenzg\u00e4nger sch\u00fcren hier\u00a0<b>unberechtigte Panik\u00a0<\/b>und weigern sich, mehr Tage ausw\u00e4rts zu arbeiten.<br \/>Der Arbeitgeber ist ver\u00e4rgert. Bei Lichte betrachtet ist dies meistens unn\u00f6tig.<\/p>\n<p>Vielmehr hat unsere Kanzlei in zahlreichen Berechnungen festgestellt, dass es sich sogar oft\u00a0<b>lohnen\u00a0<\/b>kann,<br \/><b>mehr Tage in Deutschland zu versteuern<\/b>. Denn die\u00a0<b>Steuererstattung in Luxemburg<\/b>\u00a0ist oft h\u00f6her, als<br \/>die Steuerzahlung in Deutschland. Dies h\u00e4ngt mit den unterschiedlichen Eink\u00fcnfteermittlungen zusammen.<br \/>Insbesondere gilt dies f\u00fcr<b>\u00a0Ledige<\/b>.<\/p>\n<p>Aber je nach Familienverh\u00e4ltnissen und Eink\u00fcnften kann dies auch f\u00fcr\u00a0<b>Verheiratete<\/b>\u00a0interessant sein.<br \/>Dies kann jedoch nur unter Ber\u00fccksichtigung aller steuerrelevanten Merkmale berechnet werden.<\/p>\n<p>Arbeitnehmer oder Arbeitgeber f\u00fcr ihre Arbeitnehmer sollten daher\u00a0<b>Musterberechnungen<\/b>\u00a0durchf\u00fchren<br \/>lassen, wie sich die Steuerbelastung bei verschiedenen Konstellationen darstellt.<\/p>\n<p>Unsere Kanzlei hat hierf\u00fcr\u00a0<b>jahrelange Erfahrung.<\/b><\/p>\n<p>[\/et_pb_text][\/et_pb_column][et_pb_column type=&#8220;1_3&#8243; _builder_version=&#8220;4.16&#8243; background_position=&#8220;top_left&#8220; custom_padding=&#8220;0px|0px|0px|&#8220; global_colors_info=&#8220;{}&#8220; custom_padding__hover=&#8220;|||&#8220;][et_pb_text admin_label=&#8220;Text Abstandshalter&#8220; _builder_version=&#8220;4.16&#8243; custom_margin=&#8220;0px|0px|0px|0px&#8220; custom_padding=&#8220;0px|0px|0px|0px&#8220; global_colors_info=&#8220;{}&#8220;]<\/p>\n<p>\n<span style=\"color: #ffffff;\">:<\/span><br \/><span style=\"color: #ffffff;\">:<\/span><\/p>\n<p>[\/et_pb_text][et_pb_image src=&#8220;https:\/\/wonnebauer.de\/site\/wp-content\/uploads\/2018\/06\/Wonnebauer_telefoniert_8224_240px.jpg&#8220; align_tablet=&#8220;center&#8220; align_phone=&#8220;&#8220; align_last_edited=&#8220;on|desktop&#8220; admin_label=&#8220;Bild Wonnebauer_telefoniert_8224_240px&#8220; _builder_version=&#8220;4.16&#8243; custom_margin=&#8220;||0px|&#8220; global_colors_info=&#8220;{}&#8220;][\/et_pb_image][\/et_pb_column][\/et_pb_row][et_pb_row column_structure=&#8220;2_3,1_3&#8243; _builder_version=&#8220;4.16&#8243; global_colors_info=&#8220;{}&#8220;][et_pb_column type=&#8220;2_3&#8243; _builder_version=&#8220;4.16&#8243; background_position=&#8220;top_left&#8220; custom_padding=&#8220;0px|0px|0px|0px&#8220; global_colors_info=&#8220;{}&#8220; custom_padding__hover=&#8220;|||&#8220;][et_pb_text admin_label=&#8220;Text Abstandshalter&#8220; _builder_version=&#8220;4.16&#8243; custom_margin=&#8220;0px|0px|0px|0px&#8220; custom_padding=&#8220;0px|0px|0px|0px&#8220; global_colors_info=&#8220;{}&#8220;]<\/p>\n<p>\n<span style=\"color: #ffffff;\">:<\/span><br \/><span style=\"color: #ffffff;\">:<\/span><\/p>\n<p>[\/et_pb_text][et_pb_text admin_label=&#8220;Text \u00dcberschrift Steuer\u00e4nderungen ab 2014 f\u00fcr Berufskraftfahrer&#8220; _builder_version=&#8220;4.16&#8243; global_colors_info=&#8220;{}&#8220;]<\/p>\n<div class=\"csc-header csc-header-n22\">\n<div class=\"csc-header csc-header-n23\">\n<h3>Steuer\u00e4nderungen ab 2014 f\u00fcr Berufskraftfahrer<\/h3>\n<\/div>\n<\/div>\n<p>[\/et_pb_text][et_pb_text admin_label=&#8220;Text Steuer\u00e4nderungen ab 2014 f\u00fcr Berufskraftfahrer&#8220; _builder_version=&#8220;4.16&#8243; global_colors_info=&#8220;{}&#8220;]<\/p>\n<div id=\"c1015\" class=\"csc-default\">\n<div class=\"csc-textpic csc-textpic-intext-right\">\n<div class=\"csc-textpic-text\">\n<p class=\"bodytext\"><b>Berufskraftfahrer<\/b>\u00a0m\u00fcssen ab dem Jahr 2014\u00a0<b>h\u00f6here Steuern<\/b>\u00a0zahlen. Der Gesetzgeber will es so.<\/p>\n<p>Bislang konnten Fahrten zum LKW oder dem Bus, ob zum Betriebshof oder zu einem \u00dcbernahmeplatz,<br \/>als\u00a0<b>Reisekosten<\/b>geltend gemacht werden. Die Fahrer konnten also die<b>\u00a0Hin- und R\u00fcckfahrt<\/b>\u00a0ansetzen.<br \/>Damit ist nun Schluss.<\/p>\n<p>Zumindest der \u00dcbernahmeort, der am\u00a0<b>meisten\u00a0<\/b>angefahren wird, bildet nun die\u00a0<b>erste T\u00e4tigkeitsst\u00e4tte<\/b>.<br \/>Der Weg kann nur einfach angesetzt werden. Nur noch der Weg zu weiteren \u00dcbernahmepl\u00e4tzen stellt<br \/>daher eine Reise dar.<\/p>\n<p>\u00c4nderungen gibt es auch bei den<b>\u00a0Verpflegungsmehraufwendungen<\/b>. Zum einen gelten f\u00fcr Luxemburg<br \/>seit dem Jahr 2013 grunds\u00e4tzlich h\u00f6here Pauschalen &#8211; siehe die Reisekostentabelle 2013 unter downloads.<\/p>\n<p>Zum anderen wurde die\u00a0<b>14-Stunden-Grenze<\/b>\u00a0abgeschafft. Es gibt folglich nur noch die Unterscheidung<br \/>on mehr als acht Stunden oder mehr als vierundzwanzig Stunden.<\/p>\n<p>Ein Sonderfall bildet der \u00dcbernachtungsfall. F\u00fcr Fahrer ist diese Regelung eher von Vorteil.<\/p>\n<p>Unter dem Strich wird es jedoch unserer Meinung nach steuerlich etwas schlechter aussehen.<\/p>\n<\/div>\n<\/div>\n<\/div>\n<p>[\/et_pb_text][\/et_pb_column][et_pb_column type=&#8220;1_3&#8243; _builder_version=&#8220;4.16&#8243; background_position=&#8220;top_left&#8220; custom_padding=&#8220;0px|0px|0px|&#8220; global_colors_info=&#8220;{}&#8220; custom_padding__hover=&#8220;|||&#8220;][et_pb_text admin_label=&#8220;Text Abstandshalter&#8220; _builder_version=&#8220;4.16&#8243; custom_margin=&#8220;0px|0px|0px|0px&#8220; custom_padding=&#8220;0px|0px|0px|0px&#8220; global_colors_info=&#8220;{}&#8220;]<\/p>\n<p>\n<span style=\"color: #ffffff;\">:<\/span><br \/><span style=\"color: #ffffff;\">:<\/span><\/p>\n<p>[\/et_pb_text][\/et_pb_column][\/et_pb_row][et_pb_row column_structure=&#8220;2_3,1_3&#8243; _builder_version=&#8220;4.16&#8243; global_colors_info=&#8220;{}&#8220;][et_pb_column type=&#8220;2_3&#8243; _builder_version=&#8220;4.16&#8243; background_position=&#8220;top_left&#8220; custom_padding=&#8220;0px|0px|0px|0px&#8220; global_colors_info=&#8220;{}&#8220; custom_padding__hover=&#8220;|||&#8220;][et_pb_text admin_label=&#8220;Text Abstandshalter&#8220; _builder_version=&#8220;4.16&#8243; custom_margin=&#8220;0px|0px|0px|0px&#8220; custom_padding=&#8220;0px|0px|0px|0px&#8220; global_colors_info=&#8220;{}&#8220;]<\/p>\n<p>\n<span style=\"color: #ffffff;\">:<\/span><br \/><span style=\"color: #ffffff;\">:<\/span><\/p>\n<p>[\/et_pb_text][et_pb_text admin_label=&#8220;Text \u00dcberschrift Grenzg\u00e4nger und Minijob &#8211; neue Entwicklungen&#8220; _builder_version=&#8220;4.16&#8243; global_colors_info=&#8220;{}&#8220;]<\/p>\n<div class=\"csc-header csc-header-n22\">\n<div class=\"csc-header csc-header-n23\">\n<div class=\"csc-header csc-header-n25\">\n<h3>Grenzg\u00e4nger und Minijob &#8211; neue Entwicklungen<\/h3>\n<\/div>\n<\/div>\n<\/div>\n<p>[\/et_pb_text][et_pb_text admin_label=&#8220;Text Grenzg\u00e4nger und Minijob &#8211; neue Entwicklungen&#8220; _builder_version=&#8220;4.16&#8243; global_colors_info=&#8220;{}&#8220;]<\/p>\n<div id=\"c1015\" class=\"csc-default\">\n<div class=\"csc-textpic csc-textpic-intext-right\">\n<div class=\"csc-textpic-text\">\n<p class=\"bodytext\"><b>Minijobs f\u00fcr Grenzg\u00e4nger<\/b>\u00a0haben es in sich. Sie haben so komplizierte Folgen, dass es f\u00fcr Arbeitgeber<br \/>wie Arbeitnehmer die Konsequenz haben kann, dass man den Vertrag erst gar nicht abschliesst.<\/p>\n<p>Wegen der\u00a0<b>EU-Richtlinie zur Sozialversicherung<\/b>\u00a0gilt zum einen: Wenn der Minijob 25 Prozent der<br \/>Arbeitszeit \u00fcberschreitet, f\u00e4llt der Grenzg\u00e4nger aus der luxemburgischen Sozialversicherung.<br \/>Das will schon mal niemand.<\/p>\n<p>Wenn der Minijob hingegen\u00a0<b>25 Prozent<\/b>\u00a0der Gesamtarbeitszeit unterschreitet, muss die Sozialversicherung<br \/>in Luxemburg gezahlt werden. Das wird den Grenzg\u00e4nger einerseits freuen, denn er kann mit einem Job in<br \/>Deutschland sogar in die\u00a0<b>luxemburger Rentenkasse<\/b>\u00a0einzahlen.<\/p>\n<p>Andererseits verliert der Minijob seine Qualit\u00e4t als Minijob mit der Folge, dass die\u00a0<b>volle Besteuerung<\/b>\u00a0eintritt.<br \/>Denn der Minijob ist vom Grundsatz ein\u00a0<b>sozialversicherungsfreier Job<\/b>. Wenn aber die Kombination mit dem<br \/>Grenzg\u00e4ngertum eintritt, \u00e4ndert sich diese Qualit\u00e4t. Der Minijob verwandelt sich sozusagen dadurch in einen normalen\u00a0<b>sozialversicherungspflichtigen Job<\/b>.<\/p>\n<p>Die Eink\u00fcnfte m\u00fcssen demnach ganz normal besteuert werden.<br \/>Welche Folgen das hat, muss individuell berechnet werden.<\/p>\n<p>F\u00fcr den einen kann dies ein\u00a0<b>Fluch<\/b>\u00a0sein, f\u00fcr den anderen ein\u00a0<b>Segen<\/b>.<\/p>\n<\/div>\n<\/div>\n<\/div>\n<p>[\/et_pb_text][\/et_pb_column][et_pb_column type=&#8220;1_3&#8243; _builder_version=&#8220;4.16&#8243; background_position=&#8220;top_left&#8220; custom_padding=&#8220;0px|0px|0px|&#8220; global_colors_info=&#8220;{}&#8220; custom_padding__hover=&#8220;|||&#8220;][et_pb_text admin_label=&#8220;Text Abstandshalter&#8220; _builder_version=&#8220;4.16&#8243; custom_margin=&#8220;0px|0px|0px|0px&#8220; custom_padding=&#8220;0px|0px|0px|0px&#8220; global_colors_info=&#8220;{}&#8220;]<\/p>\n<p>\n<span style=\"color: #ffffff;\">:<\/span><br \/><span style=\"color: #ffffff;\">:<\/span><\/p>\n<p>[\/et_pb_text][et_pb_image src=&#8220;https:\/\/wonnebauer.de\/site\/wp-content\/uploads\/2018\/06\/Wonnebauer_IMG_6306_240px.jpg&#8220; align_tablet=&#8220;center&#8220; align_phone=&#8220;&#8220; align_last_edited=&#8220;on|desktop&#8220; admin_label=&#8220;Bild Wonnebauer_IMG_6306_240px&#8220; _builder_version=&#8220;4.16&#8243; custom_margin=&#8220;||0px|&#8220; global_colors_info=&#8220;{}&#8220;][\/et_pb_image][\/et_pb_column][\/et_pb_row][et_pb_row column_structure=&#8220;2_3,1_3&#8243; _builder_version=&#8220;4.16&#8243; global_colors_info=&#8220;{}&#8220;][et_pb_column type=&#8220;2_3&#8243; _builder_version=&#8220;4.16&#8243; background_position=&#8220;top_left&#8220; custom_padding=&#8220;0px|0px|0px|0px&#8220; global_colors_info=&#8220;{}&#8220; custom_padding__hover=&#8220;|||&#8220;][et_pb_text admin_label=&#8220;Text Abstandshalter&#8220; _builder_version=&#8220;4.16&#8243; custom_margin=&#8220;0px|0px|0px|0px&#8220; custom_padding=&#8220;0px|0px|0px|0px&#8220; global_colors_info=&#8220;{}&#8220;]<\/p>\n<p>\n<span style=\"color: #ffffff;\">:<\/span><br \/><span style=\"color: #ffffff;\">:<\/span><\/p>\n<p>[\/et_pb_text][et_pb_text admin_label=&#8220;Text \u00dcberschrift Gehaltsaufteilung noch oft falsch berechnet&#8220; _builder_version=&#8220;4.16&#8243; global_colors_info=&#8220;{}&#8220;]<\/p>\n<div class=\"csc-header csc-header-n22\">\n<div class=\"csc-header csc-header-n23\">\n<div class=\"csc-header csc-header-n25\">\n<h3>Gehaltsaufteilung noch oft falsch berechnet<\/h3>\n<\/div>\n<\/div>\n<\/div>\n<p>[\/et_pb_text][et_pb_text admin_label=&#8220;Text Gehaltsaufteilung noch oft falsch berechnet&#8220; _builder_version=&#8220;4.16&#8243; global_colors_info=&#8220;{}&#8220;]<\/p>\n<div id=\"c1015\" class=\"csc-default\">\n<div class=\"csc-textpic csc-textpic-intext-right\">\n<div class=\"csc-textpic-text\">\n<p class=\"bodytext\">Sp\u00e4testens seit der\u00a0<b>Verst\u00e4ndigungsvereinbarung\u00a0<\/b>sind die luxemburgischen Arbeitgeber verpflichtet,<br \/>das Gehalt bei\u00a0<b>mehr als 19 Ausw\u00e4rtstagen\u00a0<\/b>aufzuteilen.<\/p>\n<p>Das misslingt allerdings noch in sehr vielen F\u00e4llen.<\/p>\n<p>Vielen\u00a0<b>Fiduciaires<\/b>, die die Lohnbuchhaltung \u00fcbernehmen, ist die Verst\u00e4ndigungsvereinbarung<br \/>immer noch nicht bekannt.<\/p>\n<p>Oder aber die Aufteilung wird nicht auf Gratifikationen oder Sachleistungen<br \/>(wie beispielsweise das Firmenfahrzeug) oder gar \u00dcberstunden vorgenommen.<\/p>\n<p>Ein Grund ist auch, dass viele\u00a0<b>Softwares<\/b>\u00a0eine solche Aufteilung nicht hergeben.<br \/>Man m\u00fcsste also die Software \u00fcberlisten, um \u00fcberhaupt die Aufteilungsbetr\u00e4ge einzugeben.<\/p>\n<p>Der h\u00e4ufigste Fehler ist jedoch, dass lediglich die\u00a0<b>gearbeiteten Auslandsstunden<\/b>\u00a0aufgelistet werden.<br \/>Dieser Wert kann jedoch schon deshalb nicht richtig sein, weil damit die Urlaubs- und Krankentage in<br \/>die Aufteilung keinen Eingang finden.<\/p>\n<p>Letztlich ist der Arbeitnehmer dann f\u00fcr die Berechnung verantwortlich.<\/p>\n<p>Arbeitgeber sollten sich in jedem Fall die\u00a0<b>Berechnungsmethode\u00a0<\/b>bewusst machen.<br \/>Sie haften gegen\u00fcber dem luxemburger Finanzamt f\u00fcr eine richtige Steuerberechnung.<\/p>\n<p>Letztlich ist es jedoch auch eine\u00a0<b>arbeitsrechtliche Pflicht des Arbeitgeber<\/b>s,<br \/>die Lohnaufteilung korrekt vorzunehmen.<\/p>\n<p><b>Die allermeisten Lohnaufteilungen sind nach Erkenntnissen unserer Kanzlei jedenfalls immer noch falsch.\u00a0<\/b><\/p>\n<\/div>\n<\/div>\n<\/div>\n<p>[\/et_pb_text][\/et_pb_column][et_pb_column type=&#8220;1_3&#8243; _builder_version=&#8220;4.16&#8243; background_position=&#8220;top_left&#8220; custom_padding=&#8220;0px|0px|0px|&#8220; global_colors_info=&#8220;{}&#8220; custom_padding__hover=&#8220;|||&#8220;][et_pb_text admin_label=&#8220;Text Abstandshalter&#8220; _builder_version=&#8220;4.16&#8243; custom_margin=&#8220;0px|0px|0px|0px&#8220; custom_padding=&#8220;0px|0px|0px|0px&#8220; global_colors_info=&#8220;{}&#8220;]<\/p>\n<p>\n<span style=\"color: #ffffff;\">:<\/span><br \/><span style=\"color: #ffffff;\">:<\/span><\/p>\n<p>[\/et_pb_text][\/et_pb_column][\/et_pb_row][et_pb_row column_structure=&#8220;2_3,1_3&#8243; _builder_version=&#8220;4.16&#8243; global_colors_info=&#8220;{}&#8220;][et_pb_column type=&#8220;2_3&#8243; _builder_version=&#8220;4.16&#8243; background_position=&#8220;top_left&#8220; custom_padding=&#8220;0px|0px|0px|0px&#8220; global_colors_info=&#8220;{}&#8220; custom_padding__hover=&#8220;|||&#8220;][et_pb_text admin_label=&#8220;Text Abstandshalter&#8220; _builder_version=&#8220;4.16&#8243; custom_margin=&#8220;0px|0px|0px|0px&#8220; custom_padding=&#8220;0px|0px|0px|0px&#8220; global_colors_info=&#8220;{}&#8220;]<\/p>\n<p>\n<span style=\"color: #ffffff;\">:<\/span><br \/><span style=\"color: #ffffff;\">:<\/span><\/p>\n<p>[\/et_pb_text][et_pb_text admin_label=&#8220;Text \u00dcberschrift Finanzamt Trier sucht Steuerklasse 3 ohne 5&#8243; _builder_version=&#8220;4.16&#8243; global_colors_info=&#8220;{}&#8220;]<\/p>\n<div class=\"csc-header csc-header-n22\">\n<div class=\"csc-header csc-header-n23\">\n<div class=\"csc-header csc-header-n25\">\n<h3>Finanzamt Trier sucht Steuerklasse 3 ohne 5<\/h3>\n<\/div>\n<\/div>\n<\/div>\n<p>[\/et_pb_text][et_pb_text admin_label=&#8220;Text Finanzamt Trier sucht Steuerklasse 3 ohne 5&#8243; _builder_version=&#8220;4.16&#8243; global_colors_info=&#8220;{}&#8220;]<\/p>\n<div id=\"c1015\" class=\"csc-default\">\n<div class=\"csc-textpic csc-textpic-intext-right\">\n<div class=\"csc-textpic-text\">\n<p class=\"bodytext\">Der\u00a0<b>Trierische Volksfreund<\/b>\u00a0hat bereits dar\u00fcber berichtet: Derzeit gibt es eine neue &#8222;Rasterfahndung&#8220; nach\u00a0<b>Grenzpendlern<\/b>\u00a0durch das\u00a0<b>Finanzamt Trier<\/b>. Gesucht werden alle Eheleute angeschrieben, von denen<br \/>einer die\u00a0<b>Steuerklasse 3<\/b>\u00a0hat und eine Steuerklasse 5 in Deutschland nicht registriert ist.<\/p>\n<p>Seit ein paar Jahren werden die Lohnsteuerkarten vom Arbeitgeber\u00a0<b>elektronisch an das Finanzamt gesendet<\/b>.<br \/>Dort sind die Daten also schon vorhanden. Indes fehlen die dazugeh\u00f6rigen Steuerkl\u00e4rungen. Das Finanzamt<br \/>braucht daher nur nach diesem<b>\u00a0Raster<\/b>\u00a0die Dateien auszuwerten und schreibt derzeit Eheleute an.<\/p>\n<p>Finden will man damit Grenzg\u00e4nger-Ehepaare. Diese\u00a0<b>m\u00fcssen Steuererkl\u00e4rungen abgeben<\/b>, haben jedoch<br \/>kein &#8222;Interesse&#8220; daran, weil bei dieser Steuerklassenwahl grunds\u00e4tzlich eine\u00a0<b>Nachzahlung\u00a0<\/b>droht.<\/p>\n<p>Schlimmstensfall m\u00fcssen dann\u00a0<b>r\u00fcckwirkend bis zum 2000<\/b>\u00a0die Erkl\u00e4rungen abgegeben werden.<br \/>Denn das Finanzamt wirft den Grenzg\u00e4ngern grunds\u00e4tzlich vor, dass sie sich bewusst einen Steuervorteil<br \/>verschaffen wollten. Ausserdem sei in den Infoheften, die mit den Steuerkarten ausgegeben worden erkl\u00e4rt<br \/>worden, dass eine Pflicht zur Abgabe der Steuererkl\u00e4rungen bestehe, wenn man die Kombination 3\/5 gew\u00e4hlt habe.<\/p>\n<p>In den uns bekannten F\u00e4llen ist damit grunds\u00e4tzlich kein Strafverfahren verbunden.<br \/>Allerdings m\u00fcssen Zinsen gezahlt werden.<\/p>\n<\/div>\n<\/div>\n<\/div>\n<p>[\/et_pb_text][\/et_pb_column][et_pb_column type=&#8220;1_3&#8243; _builder_version=&#8220;4.16&#8243; background_position=&#8220;top_left&#8220; custom_padding=&#8220;0px|0px|0px|&#8220; global_colors_info=&#8220;{}&#8220; custom_padding__hover=&#8220;|||&#8220;][et_pb_text admin_label=&#8220;Text Abstandshalter&#8220; _builder_version=&#8220;4.16&#8243; custom_margin=&#8220;0px|0px|0px|0px&#8220; custom_padding=&#8220;0px|0px|0px|0px&#8220; global_colors_info=&#8220;{}&#8220;]<\/p>\n<p>\n<span style=\"color: #ffffff;\">:<\/span><br \/><span style=\"color: #ffffff;\">:<\/span><\/p>\n<p>[\/et_pb_text][et_pb_image src=&#8220;https:\/\/wonnebauer.de\/site\/wp-content\/uploads\/2018\/06\/Wonnebauer_istr_IMG_6567_240px.jpg&#8220; align_tablet=&#8220;center&#8220; align_phone=&#8220;&#8220; align_last_edited=&#8220;on|desktop&#8220; admin_label=&#8220;Bild Wonnebauer_istr_IMG_6567_240px&#8220; _builder_version=&#8220;4.16&#8243; custom_margin=&#8220;||0px|&#8220; global_colors_info=&#8220;{}&#8220;][\/et_pb_image][\/et_pb_column][\/et_pb_row][et_pb_row column_structure=&#8220;2_3,1_3&#8243; _builder_version=&#8220;4.16&#8243; global_colors_info=&#8220;{}&#8220;][et_pb_column type=&#8220;2_3&#8243; _builder_version=&#8220;4.16&#8243; background_position=&#8220;top_left&#8220; custom_padding=&#8220;0px|0px|0px|0px&#8220; global_colors_info=&#8220;{}&#8220; custom_padding__hover=&#8220;|||&#8220;][et_pb_text admin_label=&#8220;Text Abstandshalter&#8220; _builder_version=&#8220;4.16&#8243; custom_margin=&#8220;0px|0px|0px|0px&#8220; custom_padding=&#8220;0px|0px|0px|0px&#8220; global_colors_info=&#8220;{}&#8220;]<\/p>\n<p>\n<span style=\"color: #ffffff;\">:<\/span><br \/><span style=\"color: #ffffff;\">:<\/span><\/p>\n<p>[\/et_pb_text][et_pb_text admin_label=&#8220;Text \u00dcberschrift Neues DBA-Luxemburg&#8220; _builder_version=&#8220;4.16&#8243; global_colors_info=&#8220;{}&#8220;]<\/p>\n<div class=\"csc-header csc-header-n22\">\n<div class=\"csc-header csc-header-n23\">\n<div class=\"csc-header csc-header-n25\">\n<div class=\"csc-header csc-header-n29\">\n<h3>Neues DBA-Luxemburg<\/h3>\n<\/div>\n<\/div>\n<\/div>\n<\/div>\n<p>[\/et_pb_text][et_pb_text admin_label=&#8220;Text Neues DBA-Luxemburg&#8220; _builder_version=&#8220;4.16&#8243; global_colors_info=&#8220;{}&#8220;]<\/p>\n<div id=\"c1015\" class=\"csc-default\">\n<div class=\"csc-textpic csc-textpic-intext-right\">\n<div class=\"csc-textpic-text\">\n<p class=\"bodytext\">Am 23. April haben Deutschland und Luxemburg ein neues\u00a0<b>Doppelbesteuerungsabkommen<\/b>\u00a0unterzeichnet.<\/p>\n<p>Das alte DBA von 1958 wurde damit grundlegend neugefasst. Der f\u00fcr Grenzg\u00e4nger entscheidende\u00a0<b>Artikel 10<\/b><br \/>ist nun in\u00a0<b>Artikel 14<\/b>\u00a0zu finden.<br \/>\u00dcberraschend neu geregelt wurde die Besteuerung der\u00a0<b>Renten<\/b>\u00a0in Artikel 17.<br \/>emnach ist die luxemburger Rente in Luxemburg zu versteuern.<\/p>\n<p><b>W\u00f6rtlich heisst es: Bez\u00fcge, die eine in einem Vertragsstaat ans\u00e4ssige nat\u00fcrliche Person<br \/>aus der gesetzlichen Sozialversicherung des anderen Vertragsstaats erh\u00e4lt, k\u00f6nnen abweichend<br \/>von Absatz 1 nur in diesem anderen Staat besteuert werden.<\/b><\/p>\n<p>Dies entspricht dem DBA Niederlande.<\/p>\n<p>Ausserdem gilt: Luxemburger\u00a0<b>Betriebsrenten\u00a0<\/b>und die Renten aus\u00a0<b>Artikel 111bis<\/b>\u00a0des lux.<br \/>Einkommensteuergesetzes werden ebenfalls nur noch in Luxemburg besteuert.<\/p>\n<p>Dies hat\u00a0<b>Vor- und Nachteile f\u00fcr die Grenzg\u00e4nger<\/b>. Die\u00a0<b>aktuellen Rentner<\/b>\u00a0profitieren von der Besteuerung<br \/>in Deutschland, da nur ein Teil der Rente besteuert wird, beim Renteneintritt 2011 also nur 62 %. In Luxemburg<br \/>wird die Rente zu 100% besteuert, jedoch mit einem niedrigeren Steuersatz. In der Regel ist die Besteuerung<br \/>in Deutschland g\u00fcnstiger.<\/p>\n<p>Da jedoch bis zum Jahr 2040 der Steuerfreibetrag in Deutschland schrittweise auf Null Prozent verringert wird,<br \/>wendet sich das Blatt in einigen Jahren wieder. F\u00fcr die Grenzg\u00e4nger, die in 20 Jahren in Rente gehen, ist das<br \/>neue DBA also g\u00fcnstiger.<\/p>\n<p>Ob die Betriebsrenten in Luxemburg g\u00fcnstiger besteuert werden, ist ebenfalls die Frage. In Deutschland<br \/>w\u00fcrde nur der\u00a0<b>Ertragsanteil<\/b>\u00a0besteuert.<\/p>\n<p>Es wird also auf eine individuelle Berechnung ankommen, welche Rechtslage g\u00fcnstiger w\u00e4re.<br \/>Allerdings kann man an der Rechtslage nichts \u00e4ndern, auch nicht durch einen Umzug.<\/p>\n<p>In jedem Fall g\u00fcnstiger ist die Besteuerung der Lebensversicherungen nach Artikel 111bis.<br \/>Denn hier kann die H\u00e4lfte der Versicherungssumme nach luxemburger Recht steuerfrei ausgezahlt werden,<br \/>der Rest wird nur zu 50% besteuert.<br \/><b>Das ist eine \u00fcberraschende Wendung.<\/b><\/p>\n<p>Das neue DBA tritt am\u00a0<b>1.1.2014<\/b>\u00a0in Kraft. Bis dahin bleibt es bei der bestehenden Besteuerung.<br \/>Alle Beh\u00f6rden und Berater haben also gen\u00fcgend Zeit, um sich auf die \u00c4nderungen einzustellen.<\/p>\n<\/div>\n<\/div>\n<\/div>\n<p>[\/et_pb_text][\/et_pb_column][et_pb_column type=&#8220;1_3&#8243; _builder_version=&#8220;4.16&#8243; background_position=&#8220;top_left&#8220; custom_padding=&#8220;0px|0px|0px|&#8220; global_colors_info=&#8220;{}&#8220; custom_padding__hover=&#8220;|||&#8220;][et_pb_text admin_label=&#8220;Text Abstandshalter&#8220; _builder_version=&#8220;4.16&#8243; custom_margin=&#8220;0px|0px|0px|0px&#8220; custom_padding=&#8220;0px|0px|0px|0px&#8220; global_colors_info=&#8220;{}&#8220;]<\/p>\n<p>\n<span style=\"color: #ffffff;\">:<\/span><br \/><span style=\"color: #ffffff;\">:<\/span><\/p>\n<p>[\/et_pb_text][et_pb_image src=&#8220;https:\/\/wonnebauer.de\/site\/wp-content\/uploads\/2018\/06\/Wonnebauer_zeigt_dba_IMG_4995_240px.jpg&#8220; align_tablet=&#8220;center&#8220; align_phone=&#8220;&#8220; align_last_edited=&#8220;on|desktop&#8220; admin_label=&#8220;Bild Wonnebauer_zeigt_dba_IMG_4995_240px&#8220; _builder_version=&#8220;4.16&#8243; custom_margin=&#8220;||0px|&#8220; global_colors_info=&#8220;{}&#8220;][\/et_pb_image][\/et_pb_column][\/et_pb_row][et_pb_row column_structure=&#8220;2_3,1_3&#8243; _builder_version=&#8220;4.16&#8243; global_colors_info=&#8220;{}&#8220;][et_pb_column type=&#8220;2_3&#8243; _builder_version=&#8220;4.16&#8243; background_position=&#8220;top_left&#8220; custom_padding=&#8220;0px|0px|0px|0px&#8220; global_colors_info=&#8220;{}&#8220; custom_padding__hover=&#8220;|||&#8220;][et_pb_text admin_label=&#8220;Text Abstandshalter&#8220; _builder_version=&#8220;4.16&#8243; custom_margin=&#8220;0px|0px|0px|0px&#8220; custom_padding=&#8220;0px|0px|0px|0px&#8220; global_colors_info=&#8220;{}&#8220;]<\/p>\n<p>\n<span style=\"color: #ffffff;\">:<\/span><br \/><span style=\"color: #ffffff;\">:<\/span><\/p>\n<p>[\/et_pb_text][et_pb_text admin_label=&#8220;Text \u00dcberschrift Berichterstattung im Trierischen Volksfreund am 25.4.2012&#8243; _builder_version=&#8220;4.16&#8243; global_colors_info=&#8220;{}&#8220;]<\/p>\n<div class=\"csc-header csc-header-n22\">\n<div class=\"csc-header csc-header-n23\">\n<div class=\"csc-header csc-header-n25\">\n<div class=\"csc-header csc-header-n29\">\n<h3>Berichterstattung im Trierischen Volksfreund am 25.4.2012<\/h3>\n<\/div>\n<\/div>\n<\/div>\n<\/div>\n<p>[\/et_pb_text][et_pb_text admin_label=&#8220;Text Berichterstattung im Trierischen Volksfreund am 25.4.2012&#8243; _builder_version=&#8220;4.16&#8243; global_colors_info=&#8220;{}&#8220;]<\/p>\n<p>\n<a href=\"https:\/\/wonnebauer.de\/site\/wp-content\/uploads\/2018\/07\/TV_25_04_2012Titelseite.pdf\"><strong>TV_25_04_2012Titelseite<\/strong><\/a><\/p>\n<p><a href=\"https:\/\/wonnebauer.de\/site\/wp-content\/uploads\/2018\/07\/TV_25_4_12_DBA.pdf\"><strong>TV_25_4_12_DBA<\/strong><\/a><\/p>\n<p>[\/et_pb_text][\/et_pb_column][et_pb_column type=&#8220;1_3&#8243; _builder_version=&#8220;4.16&#8243; background_position=&#8220;top_left&#8220; custom_padding=&#8220;0px|0px|0px|&#8220; global_colors_info=&#8220;{}&#8220; custom_padding__hover=&#8220;|||&#8220;][et_pb_text admin_label=&#8220;Text Abstandshalter&#8220; _builder_version=&#8220;4.16&#8243; custom_margin=&#8220;0px|0px|0px|0px&#8220; custom_padding=&#8220;0px|0px|0px|0px&#8220; global_colors_info=&#8220;{}&#8220;]<\/p>\n<p>\n<span style=\"color: #ffffff;\">:<\/span><br \/><span style=\"color: #ffffff;\">:<\/span><\/p>\n<p>[\/et_pb_text][\/et_pb_column][\/et_pb_row][et_pb_row column_structure=&#8220;2_3,1_3&#8243; _builder_version=&#8220;4.16&#8243; global_colors_info=&#8220;{}&#8220;][et_pb_column type=&#8220;2_3&#8243; _builder_version=&#8220;4.16&#8243; background_position=&#8220;top_left&#8220; custom_padding=&#8220;0px|0px|0px|0px&#8220; global_colors_info=&#8220;{}&#8220; custom_padding__hover=&#8220;|||&#8220;][et_pb_text admin_label=&#8220;Text Abstandshalter&#8220; _builder_version=&#8220;4.16&#8243; custom_margin=&#8220;0px|0px|0px|0px&#8220; custom_padding=&#8220;0px|0px|0px|0px&#8220; global_colors_info=&#8220;{}&#8220;]<\/p>\n<p>\n<span style=\"color: #ffffff;\">:<\/span><br \/><span style=\"color: #ffffff;\">:<\/span><\/p>\n<p>[\/et_pb_text][et_pb_text admin_label=&#8220;Text \u00dcberschrift Neues Formular N-Aus f\u00fcr Grenzg\u00e4nger&#8220; _builder_version=&#8220;4.16&#8243; global_colors_info=&#8220;{}&#8220;]<\/p>\n<div class=\"csc-header csc-header-n22\">\n<div class=\"csc-header csc-header-n23\">\n<div class=\"csc-header csc-header-n25\">\n<div class=\"csc-header csc-header-n29\">\n<h3>Neues Formular N-Aus f\u00fcr Grenzg\u00e4nger<\/h3>\n<\/div>\n<\/div>\n<\/div>\n<\/div>\n<p>[\/et_pb_text][et_pb_text admin_label=&#8220;Text Neues Formular N-Aus f\u00fcr Grenzg\u00e4nger&#8220; _builder_version=&#8220;4.16&#8243; global_colors_info=&#8220;{}&#8220;]<\/p>\n<div id=\"c1015\" class=\"csc-default\">\n<div class=\"csc-textpic csc-textpic-intext-right\">\n<div class=\"csc-textpic-text\">\n<p>Ab dem Steuerjahr 2011 m\u00fcssen Grenzg\u00e4nger\u00a0<b>das neue Formular N-Aus<\/b>\u00a0ausf\u00fcllen.<br \/>Es\u00a0<b>erg\u00e4nzt<\/b>\u00a0die Anlage N und besteht ebenfalls aus 3 Seiten.<\/p>\n<p>Erstmals\u00a0m\u00fcssen hier die\u00a0<b>Anzahl der Arbeitstage<\/b>\u00a0angegeben werden.<br \/>Bedeutung hat dies insbesondere bei Grenzg\u00e4ngern mit\u00a0<b>Ausw\u00e4rtstagen<\/b>.<br \/>Das Gehalt wird dann entsprechend anteilig in Deutschland versteuert.<\/p>\n<p>Leider hat man es vers\u00e4umt, f\u00fcr die\u00a0<b>Werbungskosten<\/b>\u00a0ausf\u00fchrliche Felder zu kreieren.<br \/>Wiederum ist nur ein Feld vorgesehen f\u00fcr die Summe vorgesehen. Die Einzelberechnungen<br \/>m\u00fcssen daher wieder auf weiteren Anlagen erstellt werden.<\/p>\n<p>Das Formular\u00a0<b>gilt bundesweit<\/b>\u00a0und macht es daher un\u00fcbersichtlich. Es werden viele Fragen gestellt,<br \/>um die unterschiedlichen Probleme an allen deutschen Grenzen abzudecken. Das wiederum macht<br \/>das Ausf\u00fcllen schwierig, denn ein Laie wird die Fragen oft\u00a0<b>nicht unterscheiden<\/b>\u00a0k\u00f6nnen.<br \/>Daf\u00fcr ist die Materie zu komplex.<\/p>\n<p>Man wird sehen, wie sich die Bearbeitungspraxis darauf einstellt.<\/p>\n<\/div>\n<\/div>\n<\/div>\n<p>[\/et_pb_text][\/et_pb_column][et_pb_column type=&#8220;1_3&#8243; _builder_version=&#8220;4.16&#8243; background_position=&#8220;top_left&#8220; custom_padding=&#8220;0px|0px|0px|&#8220; global_colors_info=&#8220;{}&#8220; custom_padding__hover=&#8220;|||&#8220;][et_pb_text admin_label=&#8220;Text Abstandshalter&#8220; _builder_version=&#8220;4.16&#8243; custom_margin=&#8220;0px|0px|0px|0px&#8220; custom_padding=&#8220;0px|0px|0px|0px&#8220; global_colors_info=&#8220;{}&#8220;]<\/p>\n<p>\n<span style=\"color: #ffffff;\">:<\/span><br \/><span style=\"color: #ffffff;\">:<\/span><\/p>\n<p>[\/et_pb_text][\/et_pb_column][\/et_pb_row][et_pb_row column_structure=&#8220;2_3,1_3&#8243; _builder_version=&#8220;4.16&#8243; global_colors_info=&#8220;{}&#8220;][et_pb_column type=&#8220;2_3&#8243; _builder_version=&#8220;4.16&#8243; background_position=&#8220;top_left&#8220; custom_padding=&#8220;0px|0px|0px|0px&#8220; global_colors_info=&#8220;{}&#8220; custom_padding__hover=&#8220;|||&#8220;][et_pb_text admin_label=&#8220;Text Abstandshalter&#8220; _builder_version=&#8220;4.16&#8243; custom_margin=&#8220;0px|0px|0px|0px&#8220; custom_padding=&#8220;0px|0px|0px|0px&#8220; global_colors_info=&#8220;{}&#8220;]<\/p>\n<p>\n<span style=\"color: #ffffff;\">:<\/span><br \/><span style=\"color: #ffffff;\">:<\/span><\/p>\n<p>[\/et_pb_text][et_pb_text admin_label=&#8220;Text \u00dcberschrift Besteuerung bei Freistellung&#8220; _builder_version=&#8220;4.16&#8243; global_colors_info=&#8220;{}&#8220;]<\/p>\n<div class=\"csc-header csc-header-n22\">\n<div class=\"csc-header csc-header-n23\">\n<div class=\"csc-header csc-header-n25\">\n<div class=\"csc-header csc-header-n29\">\n<h3>Besteuerung bei Freistellung<\/h3>\n<\/div>\n<\/div>\n<\/div>\n<\/div>\n<p>[\/et_pb_text][et_pb_text admin_label=&#8220;Text Besteuerung bei Freistellung&#8220; _builder_version=&#8220;4.16&#8243; global_colors_info=&#8220;{}&#8220;]<\/p>\n<div id=\"c1015\" class=\"csc-default\">\n<div class=\"csc-textpic csc-textpic-intext-right\">\n<div class=\"csc-textpic-text\">\n<p class=\"bodytext\">Die\u00a0<b>Besteuerung der Freistellungszeiten<\/b>\u00a0ist nun gekl\u00e4rt.<\/p>\n<p class=\"bodytext\">Im Fall einer K\u00fcndigung wird der Grenzg\u00e4nger oft sofort bis zum Ablauf der K\u00fcndigungsfrist\u00a0<b>freigestellt.<\/b><br \/>Je nach Dauer der Frist, k\u00f6nnen dies mehrere Monate sein.<\/p>\n<p>Im Rahmen von Sozialpl\u00e4nen wurden in der Vergangenheit oft\u00a0<b>Freistellungszeiten von mehreren Jahren<br \/><\/b>ausgehandelt, dies meist im Bankensektor.<\/p>\n<p>Bislang galt: Das Besteuerungsprivileg Luxemburgs gilt nur bei\u00a0<b>physischer Anwesenheit<\/b>\u00a0im Gro\u00dfherzogtum.<br \/>Deutschland beanspruchte also das Besteuerungsrecht.<\/p>\n<p>Andererseits hat sich\u00a0<b>Luxemburg\u00a0<\/b>bislang\u00a0<b>geweigert<\/b>, die dann doppelt gezahlte Steuer zu erstatten.<\/p>\n<p>Im Rahmen der\u00a0<b>Verst\u00e4ndigungsvereinbarungen vom Mai und September 2011<\/b>\u00a0wurde dieser<br \/>Punkt nicht erw\u00e4hnt. Aus deutscher Sicht wohl deshalb, weil die Rechtslage klar schien.<\/p>\n<p>Da sich Luxemburg jedoch weiterhin vehement gehen diese Ansicht gewehrt hat, insbesondere<br \/>bei Freistellungen im Rahmen von Sozialpl\u00e4nen, scheint es in K\u00fcrze eine\u00a0<b>weitere Vereinbarung<\/b>\u00a0zu geben.<\/p>\n<p>Die OFD Koblenz hat nun entschieden,\u00a0dass die\u00a0Vereinbarung so auszulegen ist, dass\u00a0die Freistellungszeit<br \/>in Luxemburg besteuert bleibt.<\/p>\n<p>Viele\u00a0<b>Steuerbescheide<\/b>\u00a0werden dann erneut ge\u00e4ndert. Man wird sehen, ob es auch wieder eine<br \/><b>\u00c4nderung der Vereinbarung \u00fcber Abfindungen<\/b>\u00a0geben wird. Die diesbez\u00fcgliche Vereinbarung<br \/>vom September hatte bereits Zweifelsfragen \u00fcber die Auslegung aufgeworfen.<\/p>\n<\/div>\n<\/div>\n<\/div>\n<p>[\/et_pb_text][\/et_pb_column][et_pb_column type=&#8220;1_3&#8243; _builder_version=&#8220;4.16&#8243; background_position=&#8220;top_left&#8220; custom_padding=&#8220;0px|0px|0px|&#8220; global_colors_info=&#8220;{}&#8220; custom_padding__hover=&#8220;|||&#8220;][et_pb_text admin_label=&#8220;Text Abstandshalter&#8220; _builder_version=&#8220;4.16&#8243; custom_margin=&#8220;0px|0px|0px|0px&#8220; custom_padding=&#8220;0px|0px|0px|0px&#8220; global_colors_info=&#8220;{}&#8220;]<\/p>\n<p>\n<span style=\"color: #ffffff;\">:<\/span><br \/><span style=\"color: #ffffff;\">:<\/span><\/p>\n<p>[\/et_pb_text][et_pb_image src=&#8220;https:\/\/wonnebauer.de\/site\/wp-content\/uploads\/2018\/06\/Wonnebauer_gebaeude_eu_flagge_IMG_3121.jpg&#8220; align_tablet=&#8220;center&#8220; align_phone=&#8220;&#8220; align_last_edited=&#8220;on|desktop&#8220; admin_label=&#8220;Bild Wonnebauer_gebaeude_eu_flagge_IMG_3121&#8243; _builder_version=&#8220;4.16&#8243; custom_margin=&#8220;||0px|&#8220; global_colors_info=&#8220;{}&#8220;][\/et_pb_image][\/et_pb_column][\/et_pb_row][et_pb_row column_structure=&#8220;2_3,1_3&#8243; _builder_version=&#8220;4.16&#8243; global_colors_info=&#8220;{}&#8220;][et_pb_column type=&#8220;2_3&#8243; _builder_version=&#8220;4.16&#8243; background_position=&#8220;top_left&#8220; custom_padding=&#8220;0px|0px|0px|0px&#8220; global_colors_info=&#8220;{}&#8220; custom_padding__hover=&#8220;|||&#8220;][et_pb_text admin_label=&#8220;Text Abstandshalter&#8220; _builder_version=&#8220;4.16&#8243; custom_margin=&#8220;0px|0px|0px|0px&#8220; custom_padding=&#8220;0px|0px|0px|0px&#8220; global_colors_info=&#8220;{}&#8220;]<\/p>\n<p>\n<span style=\"color: #ffffff;\">:<\/span><br \/><span style=\"color: #ffffff;\">:<\/span><\/p>\n<p>[\/et_pb_text][et_pb_text admin_label=&#8220;Text \u00dcberschrift Neue Verst\u00e4ndigungsvereinbarung wegen Abfindungen&#8220; _builder_version=&#8220;4.16&#8243; global_colors_info=&#8220;{}&#8220;]<\/p>\n<div class=\"csc-header csc-header-n22\">\n<div class=\"csc-header csc-header-n23\">\n<div class=\"csc-header csc-header-n25\">\n<div class=\"csc-header csc-header-n29\">\n<div class=\"csc-header csc-header-n33\">\n<h3>Neue Verst\u00e4ndigungsvereinbarung wegen Abfindungen<\/h3>\n<\/div>\n<\/div>\n<\/div>\n<\/div>\n<\/div>\n<p>[\/et_pb_text][et_pb_text admin_label=&#8220;Text Neue Verst\u00e4ndigungsvereinbarung wegen Abfindungen&#8220; _builder_version=&#8220;4.16&#8243; global_colors_info=&#8220;{}&#8220;]<\/p>\n<div id=\"c1015\" class=\"csc-default\">\n<div class=\"csc-textpic csc-textpic-intext-right\">\n<div class=\"csc-textpic-text\">\n<p class=\"bodytext\"><b>Zwei neue Verst\u00e4ndigungsvereinbarungen bez\u00fcglich Abfindungen<br \/>und der Besteuerung von Lokomotivf\u00fchrern, Begleitpersonal und Berufskraftfahrern<br \/><\/b><br \/><b><br \/>Die bisherige Verst\u00e4ndigungsvereinbarung vom 26. Mai 2011<\/b>\u00a0hatte noch erhebliche Fragen<br \/>offen gelassen, insbesondere die Besteuerung der\u00a0<b>Abfindungen<\/b>\u00a0und die Zahlung anl\u00e4sslich eines Sozialplanes.<\/p>\n<p>Mit der nun am\u00a0<b>7. September 2011<\/b>\u00a0abgeschlossenen Verst\u00e4ndigungsvereinbarung wurde diese<br \/>L\u00fccke weitgehend geschlossen.<\/p>\n<p>Der\u00a0<b>in Luxemburg besteuerte Teil der Abfindungen<\/b>\u00a0und\u00a0<b>Entsch\u00e4digungen\u00a0<\/b>bleibt demgem\u00e4\u00df<br \/>f\u00fcr Grenzg\u00e4nger nur in Luxemburg\u00a0 steuerpflichtig, wenn sie wegen der Aufl\u00f6sung des Arbeitsverh\u00e4ltnisses<br \/>gezahlt werden. Dies gilt f\u00fcr\u00a0den Teil der Abfindung, der\u00a0<b>in Luxemburg steuerfrei<\/b>\u00a0gestellt wurde.<br \/>Denn nach einem BMF-Schreiben wird dies so gesehen, als ob dieser Anteil des Abfindung besteuert worden war.<\/p>\n<p>Anderes gilt f\u00fcr Abfindungen, die Nachzahlungen von L\u00f6hnen und Verg\u00fctungen darstellen:<\/p>\n<p>Diese werden demnach\u00a0<b>grunds\u00e4tzlich anteilig<\/b>\u00a0in Deutschland und Luxemburg besteuert,<br \/>je nach Anzahl der Ausw\u00e4rtstage. Wer als Grenzg\u00e4nger also 20 Ausw\u00e4rtstage in dem Kalenderjahr<br \/>verzeichnet, mu\u00df auch 20\/220 der Abfindung in Deutschland versteuern. Wer allerdings\u00a0<b>nur 19<br \/>Ausw\u00e4rtstage<\/b>\u00a0hat, braucht auch die Abfindung nicht anteilig in Deutschland zu versteuern.<\/p>\n<p><b>Luxemburger Arbeitslosengeld,<\/b>\u00a0das in speziellen F\u00e4llen auch an Grenzg\u00e4nger gezahlt wird,<br \/>wird in Deutschland &#8211; wie auch deutsches Arbeitslosengeld &#8211; nur unter Progressionsvorbehalt besteuert.<\/p>\n<p class=\"bodytext\">Die neue Vereinbarung verpflichtet zudem Luxemburg, gezahlte\u00a0<b>Abfindungen an Deutschland zu melden,<\/b><br \/>damit die deutschen Finanz\u00e4mter in der Lage sind, die Abfindungen zu erkennen.<\/p>\n<p>Unklar bleibt nach wie vor die\u00a0<b>Besteuerung der Zeit der Freistellung<\/b>. Wenn also in Folge einer K\u00fcndigung<br \/>der Mitarbeiter von der Arbeit freigestellt wird und dennoch weiterhin seinen Bruttolohn erh\u00e4lt, k\u00f6nnte dies<br \/>unter Umst\u00e4nden als Entsch\u00e4digung im Sinne der neuen Vereinbarung angesehen werden. Deutlich formuliert<br \/>ist indes die Verst\u00e4ndigungsvereinbarung in diesem Punkt nicht.<\/p>\n<p>Kritisch betrachtet erf\u00fcllt der weitergezahlte Bruttolohn gerade\u00a0<b>nicht die Definition der\u00a0Entsch\u00e4digung<\/b>.<br \/>Es bleibt nun der Praxis vorbehalten, wie diese L\u00fccke geschlossen wird. Derzeit wird der Freistellungszeitraum<br \/>in Deutschland versteuert. So wird es\u00a0wohl auch\u00a0bleiben.<\/p>\n<p>Das hat nach der Auslegung der Verst\u00e4ndigungsvereinbarung allerdings wiederum keine Auswirkungen<br \/>auf die\u00a0<b>Berechnung der Abfindung<\/b>. Denn f\u00fcr die\u00a0<b>anteilige Berechnung der Abfindung<\/b>\u00a0seien nur die<br \/><b>T\u00e4tigkeitstage\u00a0<\/b>zu z\u00e4hlen.<\/p>\n<p>Als Fazit bleibt wiederum festzuhalten, dass die Personen, die solche Vereinbarungen abschlie\u00dfen,<br \/>mit der gelebten Praxis offensichtlich wenig zutun haben. Andernfalls w\u00fcrden sie sich etwas konkreter<br \/>in solchen Staatsvertr\u00e4gen ausdr\u00fccken. Es ist nun zu erwarten, dass die bislang als\u00a0<b>vorl\u00e4ufig ergangenen<br \/>Steuerbescheide<\/b>\u00a0noch einmal von den Finanz\u00e4mtern \u00fcberarbeitet werden.<\/p>\n<p>Unbemerkt von der \u00d6ffentlichkeit wurde am gleichen Tage noch eine\u00a0<b>zweite Verst\u00e4ndigungsvereinbarung<\/b><br \/>geschlossen betreffend die\u00a0<b>Besteuerung von Lokomotivf\u00fchrern und Begleitpersonal<\/b>. Zudem wurden<br \/>nocheinmal grunds\u00e4tzliche Ausf\u00fchrungen zu\u00a0<b>Berufskraftfahrern im Allgemeinen<\/b>\u00a0getroffen.<\/p>\n<p>Im Prinzip entsprechen die Ausf\u00fchrungen der\u00a0<b>Verst\u00e4ndigungsvereinbarung bez\u00fcglich der Berufskraftfahrer<br \/>vom Mai 2005<\/b>: Entscheidend ist nicht die in Deutschland gearbeitete Zeit in Stunden oder Minuten.<br \/><b>Der Arbeitstag wird nach Staaten aufgeteilt<\/b>. Wer an einem Tag bzw. einer Schicht in den zwei Staaten t\u00e4tig ist,<br \/>mu\u00df das Tagesgehalt je zur H\u00e4lfte in den beiden Staaten versteuern. Wer noch au\u00dferhalb Luxemburgs oder<br \/>Deutschlands arbeitet, mu\u00df diesen Anteil ebenfalls in Deutschland versteuern.<\/p>\n<p>Nicht erw\u00e4hnt, aber betroffen hiervon sind auch\u00a0<b>alle Busfahrer.<\/b>\u00a0Wer als Busfahrer also lediglich 60 Minuten<br \/>in Deutschland f\u00e4hrt, mu\u00df 4 von 8 Arbeitsstunden in Deutschland versteuern. Das ist ungerecht und bedarf<br \/>wohl letztlich einer\u00a0<b>gerichtlichen Kl\u00e4rung<\/b>. Denn Verst\u00e4ndigungsvereinbarungen sind auch gerichlich \u00fcberpr\u00fcfbar.<br \/>In Deutschland gilt zu dem der\u00a0<b>Grundsatz der Verh\u00e4ltnism\u00e4\u00dfigkeit<\/b>\u00a0bzw. der\u00a0<b>offensichtlich unrichtigen Besteuerung.<\/b><\/p>\n<p>Die\u00a0<b>urspr\u00fcngliche Regelung bez\u00fcglich der Berufskraftfahrer<\/b>\u00a0betraf origin\u00e4r die\u00a0<b>Fernfahrer<\/b>.<br \/>Hier ist es umst\u00e4ndlich, nach Stunden oder Minuten zu rechnen. Der Stra\u00dfenverkehr l\u00e4\u00dft bei langen<br \/>Strecken keine exakte Zeitenermittlung zu.<\/p>\n<p><b>Lokomotivf\u00fchrer<\/b>\u00a0und\u00a0<b>Busfahrer<\/b>\u00a0fahren jedoch nach einem\u00a0<b>festgelegten Fahrplan<\/b>.<br \/>Die Zeiten sind also in der Praxis leicht zu ermitteln. Es stellt sich daher die gro\u00dfe Frage,<br \/>wer eine solche Vereinbarung f\u00fcr notwendig erachtet hat. Ein Praktiker jedenfalls nicht.<\/p>\n<p>Die beratenden Berufe und Finanzbeamten haben jetzt wieder eine Menge aufzuarbeiten.<\/p>\n<\/div>\n<\/div>\n<\/div>\n<p>[\/et_pb_text][\/et_pb_column][et_pb_column type=&#8220;1_3&#8243; _builder_version=&#8220;4.16&#8243; background_position=&#8220;top_left&#8220; custom_padding=&#8220;0px|0px|0px|&#8220; global_colors_info=&#8220;{}&#8220; custom_padding__hover=&#8220;|||&#8220;][et_pb_text admin_label=&#8220;Text Abstandshalter&#8220; _builder_version=&#8220;4.16&#8243; custom_margin=&#8220;0px|0px|0px|0px&#8220; custom_padding=&#8220;0px|0px|0px|0px&#8220; global_colors_info=&#8220;{}&#8220;]<\/p>\n<p>\n<span style=\"color: #ffffff;\">:<\/span><br \/><span style=\"color: #ffffff;\">:<\/span><\/p>\n<p>[\/et_pb_text][et_pb_image src=&#8220;https:\/\/wonnebauer.de\/site\/wp-content\/uploads\/2022\/09\/euro-gdaf9bc916_1920.jpg&#8220; title_text=&#8220;euro-gdaf9bc916_1920&#8243; align_tablet=&#8220;center&#8220; align_phone=&#8220;&#8220; align_last_edited=&#8220;on|desktop&#8220; admin_label=&#8220;Bild Wonnebauer_Gemaelde_Justizia&#8220; _builder_version=&#8220;4.18.0&#8243; custom_margin=&#8220;||0px|&#8220; global_colors_info=&#8220;{}&#8220;][\/et_pb_image][\/et_pb_column][\/et_pb_row][et_pb_row column_structure=&#8220;2_3,1_3&#8243; _builder_version=&#8220;4.16&#8243; global_colors_info=&#8220;{}&#8220;][et_pb_column type=&#8220;2_3&#8243; _builder_version=&#8220;4.16&#8243; background_position=&#8220;top_left&#8220; custom_padding=&#8220;0px|0px|0px|0px&#8220; global_colors_info=&#8220;{}&#8220; custom_padding__hover=&#8220;|||&#8220;][et_pb_text admin_label=&#8220;Text Abstandshalter&#8220; _builder_version=&#8220;4.16&#8243; custom_margin=&#8220;0px|0px|0px|0px&#8220; custom_padding=&#8220;0px|0px|0px|0px&#8220; global_colors_info=&#8220;{}&#8220;]<\/p>\n<p>\n<span style=\"color: #ffffff;\">:<\/span><br \/><span style=\"color: #ffffff;\">:<\/span><\/p>\n<p>[\/et_pb_text][et_pb_text admin_label=&#8220;Text \u00dcberschrift Text der Verst\u00e4ndigungsvereinbarung vom 26.5.2011&#8243; _builder_version=&#8220;4.16&#8243; global_colors_info=&#8220;{}&#8220;]<\/p>\n<div class=\"csc-header csc-header-n22\">\n<div class=\"csc-header csc-header-n23\">\n<div class=\"csc-header csc-header-n25\">\n<div class=\"csc-header csc-header-n29\">\n<div class=\"csc-header csc-header-n33\">\n<h3>Text der Verst\u00e4ndigungsvereinbarung vom 26.5.2011<\/h3>\n<\/div>\n<\/div>\n<\/div>\n<\/div>\n<\/div>\n<p>[\/et_pb_text][et_pb_text admin_label=&#8220;Text Text der Verst\u00e4ndigungsvereinbarung vom 26.5.2011&#8243; _builder_version=&#8220;4.16&#8243; global_colors_info=&#8220;{}&#8220;]<\/p>\n<div id=\"c1015\" class=\"csc-default\">\n<div class=\"csc-textpic csc-textpic-intext-right\">\n<div class=\"csc-textpic-text\">\n<div id=\"c920\" class=\"csc-default\">\n<p><span class=\"csc-uploads-description\">Hier downloaden<br \/><\/span><span class=\"csc-uploads-fileName\"><a href=\"https:\/\/wonnebauer.de\/site\/wp-content\/uploads\/2018\/07\/Verstaendigungsvereinbarung_D_Lux.pdf\"><strong>Verstaendigungsvereinbarung_D_Lux<\/strong><\/a><\/span><\/p>\n<\/div>\n<\/div>\n<\/div>\n<\/div>\n<p>[\/et_pb_text][\/et_pb_column][et_pb_column type=&#8220;1_3&#8243; _builder_version=&#8220;4.16&#8243; background_position=&#8220;top_left&#8220; custom_padding=&#8220;0px|0px|0px|&#8220; global_colors_info=&#8220;{}&#8220; custom_padding__hover=&#8220;|||&#8220;][et_pb_text admin_label=&#8220;Text Abstandshalter&#8220; _builder_version=&#8220;4.16&#8243; custom_margin=&#8220;0px|0px|0px|0px&#8220; custom_padding=&#8220;0px|0px|0px|0px&#8220; global_colors_info=&#8220;{}&#8220;]<\/p>\n<p>\n<span style=\"color: #ffffff;\">:<\/span><br \/><span style=\"color: #ffffff;\">:<\/span><\/p>\n<p>[\/et_pb_text][\/et_pb_column][\/et_pb_row][et_pb_row column_structure=&#8220;2_3,1_3&#8243; _builder_version=&#8220;4.16&#8243; global_colors_info=&#8220;{}&#8220;][et_pb_column type=&#8220;2_3&#8243; _builder_version=&#8220;4.16&#8243; background_position=&#8220;top_left&#8220; custom_padding=&#8220;0px|0px|0px|0px&#8220; global_colors_info=&#8220;{}&#8220; custom_padding__hover=&#8220;|||&#8220;][et_pb_text admin_label=&#8220;Text Abstandshalter&#8220; _builder_version=&#8220;4.16&#8243; custom_margin=&#8220;0px|0px|0px|0px&#8220; custom_padding=&#8220;0px|0px|0px|0px&#8220; global_colors_info=&#8220;{}&#8220;]<\/p>\n<p>\n<span style=\"color: #ffffff;\">:<\/span><br \/><span style=\"color: #ffffff;\">:<\/span><\/p>\n<p>[\/et_pb_text][et_pb_text admin_label=&#8220;Text \u00dcberschrift Verst\u00e4ndigungsvereinbarung vom 7.9.2011 betreffend Abfindungen&#8220; _builder_version=&#8220;4.16&#8243; global_colors_info=&#8220;{}&#8220;]<\/p>\n<div class=\"csc-header csc-header-n22\">\n<div class=\"csc-header csc-header-n23\">\n<div class=\"csc-header csc-header-n25\">\n<div class=\"csc-header csc-header-n29\">\n<div class=\"csc-header csc-header-n33\">\n<h3>Verst\u00e4ndigungsvereinbarung vom 7.9.2011 betreffend Abfindungen<\/h3>\n<\/div>\n<\/div>\n<\/div>\n<\/div>\n<\/div>\n<p>[\/et_pb_text][et_pb_text admin_label=&#8220;Text Verst\u00e4ndigungsvereinbarung vom 7.9.2011 betreffend Abfindungen&#8220; _builder_version=&#8220;4.16&#8243; global_colors_info=&#8220;{}&#8220;]<\/p>\n<div id=\"c1015\" class=\"csc-default\">\n<div class=\"csc-textpic csc-textpic-intext-right\">\n<div class=\"csc-textpic-text\">\n<div id=\"c920\" class=\"csc-default\">\n<div id=\"c928\" class=\"csc-default\">\n<p><span class=\"csc-uploads-fileName\"><a href=\"https:\/\/wonnebauer.de\/site\/wp-content\/uploads\/2018\/07\/Verstaendigungsvereinbarung_wg_Abfindungen_07_09_2011.pdf\"><strong>Verstaendigungsvereinbarung_wg_Abfindungen_07_09_2011<\/strong><\/a><\/span><\/p>\n<\/div>\n<\/div>\n<\/div>\n<\/div>\n<\/div>\n<p>[\/et_pb_text][\/et_pb_column][et_pb_column type=&#8220;1_3&#8243; _builder_version=&#8220;4.16&#8243; background_position=&#8220;top_left&#8220; custom_padding=&#8220;0px|0px|0px|&#8220; global_colors_info=&#8220;{}&#8220; custom_padding__hover=&#8220;|||&#8220;][et_pb_text admin_label=&#8220;Text Abstandshalter&#8220; _builder_version=&#8220;4.16&#8243; custom_margin=&#8220;0px|0px|0px|0px&#8220; custom_padding=&#8220;0px|0px|0px|0px&#8220; global_colors_info=&#8220;{}&#8220;]<\/p>\n<p>\n<span style=\"color: #ffffff;\">:<\/span><br \/><span style=\"color: #ffffff;\">:<\/span><\/p>\n<p>[\/et_pb_text][\/et_pb_column][\/et_pb_row][et_pb_row column_structure=&#8220;2_3,1_3&#8243; _builder_version=&#8220;4.16&#8243; global_colors_info=&#8220;{}&#8220;][et_pb_column type=&#8220;2_3&#8243; _builder_version=&#8220;4.16&#8243; background_position=&#8220;top_left&#8220; custom_padding=&#8220;0px|0px|0px|0px&#8220; global_colors_info=&#8220;{}&#8220; custom_padding__hover=&#8220;|||&#8220;][et_pb_text admin_label=&#8220;Text Abstandshalter&#8220; _builder_version=&#8220;4.16&#8243; custom_margin=&#8220;0px|0px|0px|0px&#8220; custom_padding=&#8220;0px|0px|0px|0px&#8220; global_colors_info=&#8220;{}&#8220;]<\/p>\n<p>\n<span style=\"color: #ffffff;\">:<\/span><br \/><span style=\"color: #ffffff;\">:<\/span><\/p>\n<p>[\/et_pb_text][et_pb_text admin_label=&#8220;Text \u00dcberschrift Finanzgericht Rheinland-Pfalz entscheidet pro und contra Verst\u00e4ndigungsvereinbarung&#8220; _builder_version=&#8220;4.16&#8243; global_colors_info=&#8220;{}&#8220;]<\/p>\n<div class=\"csc-header csc-header-n22\">\n<div class=\"csc-header csc-header-n23\">\n<div class=\"csc-header csc-header-n25\">\n<div class=\"csc-header csc-header-n29\">\n<div class=\"csc-header csc-header-n33\">\n<h3>Finanzgericht Rheinland-Pfalz entscheidet pro und contra Verst\u00e4ndigungsvereinbarung<\/h3>\n<\/div>\n<\/div>\n<\/div>\n<\/div>\n<\/div>\n<p>[\/et_pb_text][et_pb_text admin_label=&#8220;Text Verst\u00e4ndigungsvereinbarung vom 7.9.2011 betreffend Abfindungen&#8220; _builder_version=&#8220;4.16&#8243; global_colors_info=&#8220;{}&#8220;]<\/p>\n<p>\n<b>Gute Nachrichten f\u00fcr Busfahrer<\/b><\/p>\n<p>Das\u00a0<b>Finanzgericht Rheinland-Pfalz<\/b>\u00a0hat am 02. Oktober 2013 zwei wichtige Entscheidungen f\u00fcr<br \/><b>\u00a0Busfahrer im grenz\u00fcberschreitenden<\/b>\u00a0<b>Linienverkehr<\/b>\u00a0getroffen.<\/p>\n<p>In dem durch unsere Kanzlei gef\u00fchrten Fall ging es um das\u00a0<b>Steuerjahr 2010<\/b>.<br \/>Hier hat das Gericht entschieden, dass die Verst\u00e4ndigungsvereinbarung vom 07. September 2011<br \/>f\u00fcr das Jahr 2010 noch nicht wirksam war. Insofern ist der Busfahrer berechtigt, bis zum Jahr 2010<br \/>das in Deutschland zu versteuernde\u00a0<b>anteilige Gehalt nach Minuten<\/b>\u00a0zu berechnen.<\/p>\n<p>Nach der\u00a0<b>Verst\u00e4ndigungsvereinbarung<\/b>\u00a0galt eine Aufteilung 50:50 pro Tag, in dem die Grenze<br \/>\u00fcberfahren wurde. Fahrer, die also lediglich 70 Minuten in Deutschland gearbeitet hatten,<br \/>mussten einen halben Tag versteuern. Die Steuer betrug in den meisten F\u00e4llen drei- bis f\u00fcnfmal so viel.<\/p>\n<p>Das Gericht hat folglich die Verst\u00e4ndigungsvereinbarung kassiert.\u00a0 Es hat darauf hingewiesen,<br \/>dass die Verst\u00e4ndigungsvereinbarung erst im Oktober 2011 in Kraft getreten ist.<\/p>\n<p>Nach Auffassung unserer Kanzlei und unverbindlichen Meinungen aus dem Finanzamt Trier bedeutet dies,<br \/>dass\u00a0<b>auch f\u00fcr das Jahr 2011<\/b>\u00a0noch eine minutengenaue Aufteilung akzeptiert wird.<\/p>\n<p>Es gibt\u00a0<b>viele weitere Fahrer<\/b>, deren Einspruchsverfahren ruht und die von diesem Urteil profitieren.<br \/>Denn statt 50.000 Euro f\u00fcr die letzten 12 Jahre m\u00fcssen sie nun nur noch zirka 8.000 Euro zahlen.<br \/>Andere werden nun wohl die Gelegenheit ergreifen, Selbstanzeige zu erstatten, wohlwissenend,<br \/>dass die Nachzahlung moderat ausfallen wird.<\/p>\n<p>In der\u00a0<b>zweiten Gerichtsentscheidung<\/b>\u00a0betreffend einer unserer Mandanten hat das Gericht allerdings<br \/>erkl\u00e4rt, dass\u00a0<b>ab dem Jahr 2012<\/b>\u00a0die Verst\u00e4ndigungsvereinbarung wirksam ist. Ein\u00a0<b>Versto\u00df gegen den<br \/>Gleichheitsgrundsatz<\/b>\u00a0kann es nicht erkennen. Auch st\u00f6rt sich das Gericht nicht daran, dass eine<br \/>Pauschalierung des Gehaltes bei den Busfahrern paradox ist, weil eine minutengenaue Aufteilung des<br \/>Lohnes vorliegt. Man wird auf die schriftlichen Entscheidungsgr\u00fcnde gespannt sein.<\/p>\n<p>Wir werden in jedem Fall diese negative Entscheidung des Gerichts per\u00a0<b>Nichtzulassungsbeschwerde<\/b><br \/><b>und Revision\u00a0<\/b>\u00fcberpr\u00fcfen lassen und halten auch weiterhin an der Auffassung fest, dass die<br \/>Verst\u00e4ndigungsvereinbarung im Bezug auf die Busfahrer rechtswidrig ist.<\/p>\n<p>Siehe hierzu auch den<b><a class=\"external-link-new-window\" title=\"\u00d6ffnet externen Link in neuem Fenster\" href=\"http:\/\/www.volksfreund.de\/nachrichten\/region\/wirtschaft\/Wirtschaft-in-der-Region-Finanzamt-achtet-auf-grenznahen-Linienverkehr;art882,3672515\">\u00a0Presseartikel des TV vom 15.10.2013<\/a><\/b><\/p>\n<p>[\/et_pb_text][\/et_pb_column][et_pb_column type=&#8220;1_3&#8243; _builder_version=&#8220;4.16&#8243; background_position=&#8220;top_left&#8220; custom_padding=&#8220;0px|0px|0px|&#8220; global_colors_info=&#8220;{}&#8220; custom_padding__hover=&#8220;|||&#8220;][et_pb_text admin_label=&#8220;Text Abstandshalter&#8220; _builder_version=&#8220;4.16&#8243; custom_margin=&#8220;0px|0px|0px|0px&#8220; custom_padding=&#8220;0px|0px|0px|0px&#8220; global_colors_info=&#8220;{}&#8220;]<\/p>\n<p>\n<span style=\"color: #ffffff;\">:<\/span><br \/><span style=\"color: #ffffff;\">:<\/span><\/p>\n<p>[\/et_pb_text][\/et_pb_column][\/et_pb_row][et_pb_row column_structure=&#8220;2_3,1_3&#8243; _builder_version=&#8220;4.16&#8243; global_colors_info=&#8220;{}&#8220;][et_pb_column type=&#8220;2_3&#8243; _builder_version=&#8220;4.16&#8243; background_position=&#8220;top_left&#8220; custom_padding=&#8220;0px|0px|0px|0px&#8220; global_colors_info=&#8220;{}&#8220; custom_padding__hover=&#8220;|||&#8220;][et_pb_text admin_label=&#8220;Text Abstandshalter&#8220; _builder_version=&#8220;4.16&#8243; custom_margin=&#8220;0px|0px|0px|0px&#8220; custom_padding=&#8220;0px|0px|0px|0px&#8220; global_colors_info=&#8220;{}&#8220;]<\/p>\n<p>\n<span style=\"color: #ffffff;\">:<\/span><br \/><span style=\"color: #ffffff;\">:<\/span><\/p>\n<p>[\/et_pb_text][et_pb_text admin_label=&#8220;Text \u00dcberschrift Verst\u00e4ndigungsvereinbarung vom 7.9.2011 betreffend Lokomotivf\u00fchrer und Berufskraftfahrer&#8220; _builder_version=&#8220;4.16&#8243; global_colors_info=&#8220;{}&#8220;]<\/p>\n<div class=\"csc-header csc-header-n22\">\n<div class=\"csc-header csc-header-n23\">\n<div class=\"csc-header csc-header-n25\">\n<div class=\"csc-header csc-header-n29\">\n<div class=\"csc-header csc-header-n33\">\n<h3>Verst\u00e4ndigungsvereinbarung vom 7.9.2011 betreffend Lokomotivf\u00fchrer und Berufskraftfahrer<\/h3>\n<\/div>\n<\/div>\n<\/div>\n<\/div>\n<\/div>\n<p>[\/et_pb_text][et_pb_text admin_label=&#8220;Text Verst\u00e4ndigungsvereinbarung vom 7.9.2011 betreffend Lokomotivf\u00fchrer und Berufskraftfahrer&#8220; _builder_version=&#8220;4.16&#8243; global_colors_info=&#8220;{}&#8220;]<\/p>\n<div id=\"c930\" class=\"csc-default\">\n<p><strong><span class=\"csc-uploads-fileName\"><a href=\"https:\/\/wonnebauer.de\/site\/wp-content\/uploads\/2018\/07\/Verstaendigungsvereinbarung_Lokfuehrer__Berufskraftfahrer.pdf\">Verstaendigungsvereinbarung Lokfuehrer Berufskraftfahrer<\/a><\/span><\/strong><\/p>\n<\/div>\n<div id=\"c931\" class=\"csc-default\">\n<div class=\"csc-header csc-header-n38\"><\/div>\n<\/div>\n<p>&nbsp;<\/p>\n<p>[\/et_pb_text][\/et_pb_column][et_pb_column type=&#8220;1_3&#8243; _builder_version=&#8220;4.16&#8243; background_position=&#8220;top_left&#8220; custom_padding=&#8220;0px|0px|0px|&#8220; global_colors_info=&#8220;{}&#8220; custom_padding__hover=&#8220;|||&#8220;][et_pb_text admin_label=&#8220;Text Abstandshalter&#8220; _builder_version=&#8220;4.16&#8243; custom_margin=&#8220;0px|0px|0px|0px&#8220; custom_padding=&#8220;0px|0px|0px|0px&#8220; global_colors_info=&#8220;{}&#8220;]<\/p>\n<p>\n<span style=\"color: #ffffff;\">:<\/span><br \/><span style=\"color: #ffffff;\">:<\/span><\/p>\n<p>[\/et_pb_text][\/et_pb_column][\/et_pb_row][et_pb_row column_structure=&#8220;2_3,1_3&#8243; _builder_version=&#8220;4.16&#8243; global_colors_info=&#8220;{}&#8220;][et_pb_column type=&#8220;2_3&#8243; _builder_version=&#8220;4.16&#8243; background_position=&#8220;top_left&#8220; custom_padding=&#8220;0px|0px|0px|0px&#8220; global_colors_info=&#8220;{}&#8220; custom_padding__hover=&#8220;|||&#8220;][et_pb_text admin_label=&#8220;Text Abstandshalter&#8220; _builder_version=&#8220;4.16&#8243; custom_margin=&#8220;0px|0px|0px|0px&#8220; custom_padding=&#8220;0px|0px|0px|0px&#8220; global_colors_info=&#8220;{}&#8220;]<\/p>\n<p>\n<span style=\"color: #ffffff;\">:<\/span><br \/><span style=\"color: #ffffff;\">:<\/span><\/p>\n<p>[\/et_pb_text][et_pb_text admin_label=&#8220;Text \u00dcberschrift M\u00fcssen Grenzg\u00e4nger in Deutschland Steuererkl\u00e4rungen abgeben?&#8220; _builder_version=&#8220;4.16&#8243; global_colors_info=&#8220;{}&#8220;]<\/p>\n<div class=\"csc-header csc-header-n22\">\n<div class=\"csc-header csc-header-n23\">\n<div class=\"csc-header csc-header-n25\">\n<div class=\"csc-header csc-header-n29\">\n<div class=\"csc-header csc-header-n33\">\n<h3>M\u00fcssen Grenzg\u00e4nger in Deutschland Steuererkl\u00e4rungen abgeben?<\/h3>\n<\/div>\n<\/div>\n<\/div>\n<\/div>\n<\/div>\n<p>[\/et_pb_text][et_pb_text admin_label=&#8220;Text M\u00fcssen Grenzg\u00e4nger in Deutschland Steuererkl\u00e4rungen abgeben?&#8220; _builder_version=&#8220;4.16&#8243; global_colors_info=&#8220;{}&#8220;]<\/p>\n<div id=\"c930\" class=\"csc-default\">\n<p>Grunds\u00e4tzlich m\u00fcssen\u00a0<b>Grenzpendler\u00a0<\/b>in Deutschland nur dann Steuererkl\u00e4rungen abgeben,<br \/>wenn sie dort weiterhin Einkommen erzielen, beispielsweise aus Kapitalverm\u00f6gen oder Vermietung.<\/p>\n<p>Allerdings haben die Finanz\u00e4mter einen weiten Spielraum bei der Anforderung der Steuererkl\u00e4rung.<br \/>Seit der\u00a0<b>Verst\u00e4ndigungsvereinbarung<\/b>\u00a0m\u00fcssen Grenzg\u00e4nger auch erkl\u00e4ren, dass sie\u00a0<b>weniger als 20 Tage<br \/><\/b>ausserhalb Luxemburgs arbeiten.<\/p>\n<p>Da sich dieser Umstand j\u00e4hrlich \u00e4ndern kann, f\u00fchrt aus Sicht vieler Finanzbeamter nun zur j\u00e4hrlichen<br \/>Pflicht zur Abgabe einer Steuererkl\u00e4rung. Inwieweit dann eine verk\u00fcrzte Steuererkl\u00e4rung abzugeben ist,<br \/>kann mit vielen Finanzbeamten immerhin vereinbart werden.<\/p>\n<\/div>\n<p>[\/et_pb_text][\/et_pb_column][et_pb_column type=&#8220;1_3&#8243; _builder_version=&#8220;4.16&#8243; background_position=&#8220;top_left&#8220; custom_padding=&#8220;0px|0px|0px|&#8220; global_colors_info=&#8220;{}&#8220; custom_padding__hover=&#8220;|||&#8220;][et_pb_text admin_label=&#8220;Text Abstandshalter&#8220; _builder_version=&#8220;4.16&#8243; custom_margin=&#8220;0px|0px|0px|0px&#8220; custom_padding=&#8220;0px|0px|0px|0px&#8220; global_colors_info=&#8220;{}&#8220;]<\/p>\n<p>\n<span style=\"color: #ffffff;\">:<\/span><br \/><span style=\"color: #ffffff;\">:<\/span><\/p>\n<p>[\/et_pb_text][et_pb_image src=&#8220;https:\/\/wonnebauer.de\/site\/wp-content\/uploads\/2018\/06\/Wonnebauer_buch_besteuerung_privater_IMG_0552.jpg&#8220; align_tablet=&#8220;center&#8220; align_phone=&#8220;&#8220; align_last_edited=&#8220;on|desktop&#8220; admin_label=&#8220;Bild Wonnebauer_buch_besteuerung_privater_IMG_0552&#8243; _builder_version=&#8220;4.16&#8243; custom_margin=&#8220;||0px|&#8220; global_colors_info=&#8220;{}&#8220;][\/et_pb_image][\/et_pb_column][\/et_pb_row][et_pb_row column_structure=&#8220;2_3,1_3&#8243; _builder_version=&#8220;4.16&#8243; global_colors_info=&#8220;{}&#8220;][et_pb_column type=&#8220;2_3&#8243; _builder_version=&#8220;4.16&#8243; background_position=&#8220;top_left&#8220; custom_padding=&#8220;0px|0px|0px|0px&#8220; global_colors_info=&#8220;{}&#8220; custom_padding__hover=&#8220;|||&#8220;][et_pb_text admin_label=&#8220;Text Abstandshalter&#8220; _builder_version=&#8220;4.16&#8243; custom_margin=&#8220;0px|0px|0px|0px&#8220; custom_padding=&#8220;0px|0px|0px|0px&#8220; global_colors_info=&#8220;{}&#8220;]<\/p>\n<p>\n<span style=\"color: #ffffff;\">:<\/span><br \/><span style=\"color: #ffffff;\">:<\/span><\/p>\n<p>[\/et_pb_text][et_pb_text admin_label=&#8220;Text \u00dcberschrift Welche Steuerklasse soll man w\u00e4hlen?&#8220; _builder_version=&#8220;4.16&#8243; global_colors_info=&#8220;{}&#8220;]<\/p>\n<div class=\"csc-header csc-header-n22\">\n<div class=\"csc-header csc-header-n23\">\n<div class=\"csc-header csc-header-n25\">\n<div class=\"csc-header csc-header-n29\">\n<div class=\"csc-header csc-header-n33\">\n<h3>Welche Steuerklasse soll man w\u00e4hlen?<\/h3>\n<\/div>\n<\/div>\n<\/div>\n<\/div>\n<\/div>\n<p>[\/et_pb_text][et_pb_text admin_label=&#8220;Text Welche Steuerklasse soll man w\u00e4hlen?&#8220; _builder_version=&#8220;4.16&#8243; global_colors_info=&#8220;{}&#8220;]<\/p>\n<div id=\"c930\" class=\"csc-default\">\n<p class=\"bodytext\">Die\u00a0<b>Steuerklassenwahl<\/b>\u00a0entscheidet zuerst einmal \u00fcber die H\u00f6he der Steuervorauszahlungen,<br \/>die monatlich erbracht werden.\u00a0<b>Die vorsichtige Wahl lautet\u00a0IV \/ IV.<\/b><\/p>\n<p>Die Steuerkarte des Grenzg\u00e4ngers wird ohnehin nicht in Deutschland ben\u00f6tigt, aber bei einer<br \/>\u00c4nderung der Steuerkarten muss auch diese vorgelegt werden.<\/p>\n<p>Im ersten Jahr der Heirat oder des Grenzg\u00e4ngerstatus kann man da etwas austarieren,<br \/>man kann auch je nach Konstellation noch ein paar Monate die Steuerklasse 3 w\u00e4hlen,<br \/>das muss aber ausgerechnet werden.<\/p>\n<p>Letztendlich ist entscheidend bei Erstellung der Einkommensteuererkl\u00e4rung, ob die<br \/><b>Zusammen- oder Getrenntveranlagung g\u00fcnstiger<\/b>\u00a0ist und hier gibt es eine Grundregel:<\/p>\n<p>Bei hohen Einkommen ist die Getrenntveranlagung grunds\u00e4tzlich g\u00fcnstiger, sprich beide verdienen<br \/>rund 60.000 \u00a0Euro, der Eine in Deutschland, der Andere in Luxemburg. Dann kann man davon ausgehen,<br \/>dass die Getrenntveranlagung g\u00fcnstiger ist.<\/p>\n<p class=\"bodytext\">Wenn das luxemburger Gehalt\u00a0 viel h\u00f6her ist, also beispielsweise Luxemburg 70.000\u00a0Euro und in<br \/>Deutschland 20.000 Euro, ist auch die Getrenntveranlagung g\u00fcnstiger.\u00a0Wenn beide Ehegatten<br \/>30.000 Euro verdienen, kommt man\u00a0zu dem Ergebnis, dass die Zusammenveranlagung g\u00fcnstiger ist.<\/p>\n<p class=\"bodytext\">Ein Steuerberater geht so vor, dass erst\u00a0einmal \u00a0alle Daten eingegeben werden.\u00a0Dann l\u00e4sst er die<br \/>&#8222;Maschine&#8220; ausrechnen. Wenn einmal die Entscheidung getroffen wurde, hei\u00dft das nicht, dass die<br \/>Entscheidung ein Leben lang so gilt. Wenn sich das Gehalt oder das Steuersystem \u00e4ndert, kann die<br \/>Entscheidung auch im n\u00e4chsten Jahr neu zu \u00fcberlegen sein. die Entscheidung kann man in Deutschland<br \/>also jedes Jahr neu treffen.<\/p>\n<p>Je nach H\u00f6he des Gehaltes der Ehegatten kann die Erstattung so hoch sein, wie die Nachzahlung.<br \/>Hier ist ein\u00a0<b>Wechsel der Steuerklasse im Laufe des Jahres<\/b>\u00a0zu erw\u00e4gen, um die Steuerlast zu optimieren.<\/p>\n<p><b>Wir erstellen f\u00fcr Sie in der Erstberatung Musterberechnungen, damit Sie Ihr Optimum finden.<\/b><\/p>\n<\/div>\n<p>[\/et_pb_text][\/et_pb_column][et_pb_column type=&#8220;1_3&#8243; _builder_version=&#8220;4.16&#8243; background_position=&#8220;top_left&#8220; custom_padding=&#8220;0px|0px|0px|&#8220; global_colors_info=&#8220;{}&#8220; custom_padding__hover=&#8220;|||&#8220;][et_pb_text admin_label=&#8220;Text Abstandshalter&#8220; _builder_version=&#8220;4.16&#8243; custom_margin=&#8220;0px|0px|0px|0px&#8220; custom_padding=&#8220;0px|0px|0px|0px&#8220; global_colors_info=&#8220;{}&#8220;]<\/p>\n<p>\n<span style=\"color: #ffffff;\">:<\/span><br \/><span style=\"color: #ffffff;\">:<\/span><\/p>\n<p>[\/et_pb_text][et_pb_image src=&#8220;https:\/\/wonnebauer.de\/site\/wp-content\/uploads\/2018\/06\/Wonebauer_buecher_dba_IMG_0507.jpg&#8220; align_tablet=&#8220;center&#8220; align_phone=&#8220;&#8220; align_last_edited=&#8220;on|desktop&#8220; admin_label=&#8220;Bild Wonebauer_buecher_dba_IMG_0507&#8243; _builder_version=&#8220;4.16&#8243; custom_margin=&#8220;||0px|&#8220; global_colors_info=&#8220;{}&#8220;][\/et_pb_image][\/et_pb_column][\/et_pb_row][et_pb_row column_structure=&#8220;2_3,1_3&#8243; _builder_version=&#8220;4.16&#8243; global_colors_info=&#8220;{}&#8220;][et_pb_column type=&#8220;2_3&#8243; _builder_version=&#8220;4.16&#8243; background_position=&#8220;top_left&#8220; custom_padding=&#8220;0px|0px|0px|0px&#8220; global_colors_info=&#8220;{}&#8220; custom_padding__hover=&#8220;|||&#8220;][et_pb_text admin_label=&#8220;Text Abstandshalter&#8220; _builder_version=&#8220;4.16&#8243; custom_margin=&#8220;0px|0px|0px|0px&#8220; custom_padding=&#8220;0px|0px|0px|0px&#8220; global_colors_info=&#8220;{}&#8220;]<\/p>\n<p>\n<span style=\"color: #ffffff;\">:<\/span><br \/><span style=\"color: #ffffff;\">:<\/span><\/p>\n<p>[\/et_pb_text][et_pb_text admin_label=&#8220;Text \u00dcberschrift Besonderheiten f\u00fcr Berufskraftfahrer&#8220; _builder_version=&#8220;4.16&#8243; global_colors_info=&#8220;{}&#8220;]<\/p>\n<div class=\"csc-header csc-header-n22\">\n<div class=\"csc-header csc-header-n23\">\n<div class=\"csc-header csc-header-n25\">\n<div class=\"csc-header csc-header-n29\">\n<div class=\"csc-header csc-header-n33\">\n<h3>Besonderheiten f\u00fcr Berufskraftfahrer<\/h3>\n<\/div>\n<\/div>\n<\/div>\n<\/div>\n<\/div>\n<p>[\/et_pb_text][et_pb_text admin_label=&#8220;Text Besonderheiten f\u00fcr Berufskraftfahrer&#8220; _builder_version=&#8220;4.16&#8243; global_colors_info=&#8220;{}&#8220;]<\/p>\n<div id=\"c930\" class=\"csc-default\">\n<p class=\"bodytext\">F\u00fcr\u00a0<b>Berufskraftfahrer im Fernverkehr<\/b>\u00a0gibt es ein neues Urteil des Bundesfinanzhofes (BFH)<br \/>vom 28.3.2012, das\u00a0<b>von unserer Kanzlei<\/b>\u00a0 gegen das Finanzamt Eckernf\u00f6rde erstritten wurde.<\/p>\n<p>Darin best\u00e4tigt der BFH, dass\u00a0<b>pro \u00dcbernachtung im Lkw eine Pauschale von 5 Euro\u00a0<\/b>angesetzt<br \/>werden kann. Dabei handelt es sich nicht um einen Betrag aus einer Tabelle. Die Reisekostentabelle<br \/>findet diesbez\u00fcglich n\u00e4mlich keine Anwendung. Die Pauschale ist ein\u00a0<b>Sch\u00e4tzbetrag<\/b>\u00a0mit dem die<br \/>tats\u00e4chlichen Kosten eines Fahrers f\u00fcr eine \u00dcbernachtung abgegolten werden sollen.<br \/>Das Finanzamt und das\u00a0<b>Finanzgericht Schleswig-Holstein<\/b>\u00a0lehnten den Ansatz dieses Betrages ab.<br \/>Die Pauschale wird indes\u00a0<b>von allen Finanz\u00e4mtern<\/b>\u00a0ausserhalb Schleswig-Holsteins seit Jahren\u00a0<b>akzeptiert<\/b>.<\/p>\n<p>In diesem Urteil hat der BFH noch eine weitere wichtige Position gekl\u00e4rt:\u00a0<b>Fahrten zum Lkw sind<br \/>Reisekosten<\/b>. Die Fahrer fahren also nicht zu einer regelm\u00e4ssigen Arbeitsst\u00e4tte, wenn sie zu ihrem<br \/>Lkw fahren. Bewegliche Arbeitspl\u00e4tze k\u00f6nnen also keine regelm\u00e4ssigen Arbeitsst\u00e4tten sein.<br \/>Folglich sind die Fahrten als Reisekosten anzusetzen, also\u00a0<b>Hin- und R\u00fcckweg<\/b>.<\/p>\n<p>Der BFH hatte im Jahr 2011 seine Rechtsprechung zum Begriff der\u00a0<b>regelm\u00e4ssigen Arbeistst\u00e4tte<\/b><br \/>grundlegend ge\u00e4ndert. Das BMF reagierte hierauf mit einem Schreiben vom 15.12.12. Die neue<br \/>Entscheidung schliesst nur eine L\u00fccke.<\/p>\n<p>Unseres Erachtens findet das Urteil dar\u00fcber hinaus auf alle Berufskraftfahrer Anwendung,<br \/>also auch auf\u00a0<b>Busfahrer<\/b>\u00a0und\u00a0<b>Taxifahrer<\/b>.<\/p>\n<\/div>\n<p>[\/et_pb_text][\/et_pb_column][et_pb_column type=&#8220;1_3&#8243; _builder_version=&#8220;4.16&#8243; background_position=&#8220;top_left&#8220; custom_padding=&#8220;0px|0px|0px|&#8220; global_colors_info=&#8220;{}&#8220; custom_padding__hover=&#8220;|||&#8220;][et_pb_text admin_label=&#8220;Text Abstandshalter&#8220; _builder_version=&#8220;4.16&#8243; custom_margin=&#8220;0px|0px|0px|0px&#8220; custom_padding=&#8220;0px|0px|0px|0px&#8220; global_colors_info=&#8220;{}&#8220;]<\/p>\n<p>\n<span style=\"color: #ffffff;\">:<\/span><br \/><span style=\"color: #ffffff;\">:<\/span><\/p>\n<p>[\/et_pb_text][et_pb_image src=&#8220;https:\/\/wonnebauer.de\/site\/wp-content\/uploads\/2018\/06\/Wonnebauer_zeigt_steuerrecht_IMG_4983_240px.jpg&#8220; align_tablet=&#8220;center&#8220; align_phone=&#8220;&#8220; align_last_edited=&#8220;on|desktop&#8220; admin_label=&#8220;Bild Wonnebauer_zeigt_steuerrecht_IMG_4983_240px&#8220; _builder_version=&#8220;4.16&#8243; custom_margin=&#8220;||0px|&#8220; global_colors_info=&#8220;{}&#8220;][\/et_pb_image][\/et_pb_column][\/et_pb_row][\/et_pb_section][et_pb_section fb_built=&#8220;1&#8243; _builder_version=&#8220;4.16&#8243; custom_padding=&#8220;0px|0px|0px|0px&#8220; global_colors_info=&#8220;{}&#8220;][et_pb_row _builder_version=&#8220;4.16&#8243; background_size=&#8220;initial&#8220; background_position=&#8220;top_left&#8220; background_repeat=&#8220;repeat&#8220; custom_padding=&#8220;0px|0px|0px|0px&#8220; global_colors_info=&#8220;{}&#8220;][et_pb_column type=&#8220;4_4&#8243; _builder_version=&#8220;4.16&#8243; custom_padding=&#8220;|||&#8220; global_colors_info=&#8220;{}&#8220; custom_padding__hover=&#8220;|||&#8220;][et_pb_text admin_label=&#8220;Text Abstandshalter mit Leerzeilen&#8220; _builder_version=&#8220;4.16&#8243; custom_margin=&#8220;0px|0px|0px|0px&#8220; custom_padding=&#8220;0px|0px|10px|0px&#8220; border_style=&#8220;solid&#8220; global_colors_info=&#8220;{}&#8220;]<\/p>\n<p>\n<span style=\"color: #ffffff;\">:<\/span><br \/><span style=\"color: #ffffff;\">:<\/span><\/p>\n<p>[\/et_pb_text][et_pb_text admin_label=&#8220;Text + Link Impressum Rechtsanwalt Stephan Wonnebauer&#8220; _builder_version=&#8220;4.16&#8243; custom_padding=&#8220;||5px|&#8220; border_style=&#8220;solid&#8220; global_colors_info=&#8220;{}&#8220;]<\/p>\n<p style=\"text-align: center;\"><span class=\"st\">\u00a9Rechtsanwalt Stephan Wonnebauer &#8211; <a href=\"https:\/\/wonnebauer.de\/site\/home\/impressum\/\">Impressum<\/a><br \/><\/span><\/p>\n<p>[\/et_pb_text][\/et_pb_column][\/et_pb_row][\/et_pb_section]<\/p>\n","protected":false},"excerpt":{"rendered":"<p>:: Steuern in Deutschland :: ::Altersvorsorgezulage f\u00fcr Grenzg\u00e4nger!\u00a0Viele \u00e4ltere Grenzg\u00e4nger haben die sogenannte Riesterrente abgeschlossen, bevor sie nach Luxemburg gewechselt sind. Im Rahmen der deutschen Steuererkl\u00e4rung von Grenzg\u00e4ngern wird die Zulage in der Regel ber\u00fccksichtigt und beeinflusst die Steuerberechnung. In vielen F\u00e4llen wird die Zulage jedoch nicht gew\u00e4hrt \u2013 mit dem Hinweis, man sei Grenzg\u00e4nger. [&hellip;]<\/p>\n","protected":false},"author":1,"featured_media":0,"parent":967,"menu_order":13,"comment_status":"closed","ping_status":"closed","template":"","meta":{"_et_pb_use_builder":"on","_et_pb_old_content":"","_et_gb_content_width":"","footnotes":""},"class_list":["post-1816","page","type-page","status-publish","hentry"],"_links":{"self":[{"href":"https:\/\/wonnebauer.de\/site\/wp-json\/wp\/v2\/pages\/1816","targetHints":{"allow":["GET"]}}],"collection":[{"href":"https:\/\/wonnebauer.de\/site\/wp-json\/wp\/v2\/pages"}],"about":[{"href":"https:\/\/wonnebauer.de\/site\/wp-json\/wp\/v2\/types\/page"}],"author":[{"embeddable":true,"href":"https:\/\/wonnebauer.de\/site\/wp-json\/wp\/v2\/users\/1"}],"replies":[{"embeddable":true,"href":"https:\/\/wonnebauer.de\/site\/wp-json\/wp\/v2\/comments?post=1816"}],"version-history":[{"count":119,"href":"https:\/\/wonnebauer.de\/site\/wp-json\/wp\/v2\/pages\/1816\/revisions"}],"predecessor-version":[{"id":7330,"href":"https:\/\/wonnebauer.de\/site\/wp-json\/wp\/v2\/pages\/1816\/revisions\/7330"}],"up":[{"embeddable":true,"href":"https:\/\/wonnebauer.de\/site\/wp-json\/wp\/v2\/pages\/967"}],"wp:attachment":[{"href":"https:\/\/wonnebauer.de\/site\/wp-json\/wp\/v2\/media?parent=1816"}],"curies":[{"name":"wp","href":"https:\/\/api.w.org\/{rel}","templated":true}]}}