{"id":1814,"date":"2018-05-27T17:53:53","date_gmt":"2018-05-27T15:53:53","guid":{"rendered":"https:\/\/wonnebauer.de\/site\/?page_id=1814"},"modified":"2026-01-31T15:31:37","modified_gmt":"2026-01-31T14:31:37","slug":"kolumneimtrierischenvolksfreund","status":"publish","type":"page","link":"https:\/\/wonnebauer.de\/site\/grenzgaenger\/kolumneimtrierischenvolksfreund\/","title":{"rendered":"Kolumne im Trierischen Volksfreund"},"content":{"rendered":"<p>[et_pb_section fb_built=&#8220;1&#8243; admin_label=&#8220;Wilkommen Block 1&#8243; _builder_version=&#8220;4.16&#8243; custom_padding=&#8220;0px|0px|0px|&#8220; global_colors_info=&#8220;{}&#8220;][et_pb_row column_structure=&#8220;1_3,2_3&#8243; _builder_version=&#8220;4.16&#8243; global_colors_info=&#8220;{}&#8220;][et_pb_column type=&#8220;1_3&#8243; _builder_version=&#8220;4.16&#8243; background_position=&#8220;top_left&#8220; custom_padding=&#8220;0px|0px|0px|0px&#8220; global_colors_info=&#8220;{}&#8220; custom_padding__hover=&#8220;|||&#8220;][et_pb_text admin_label=&#8220;Text Abstandshalter&#8220; _builder_version=&#8220;4.16&#8243; custom_margin=&#8220;0px|0px|0px|0px&#8220; custom_padding=&#8220;0px|0px|0px|0px&#8220; global_colors_info=&#8220;{}&#8220;]<span style=\"color: #ffffff;\">:<\/span><br \/>\n<span style=\"color: #ffffff;\">:<\/span><br \/>\n[\/et_pb_text][et_pb_text admin_label=&#8220;Text Kolumne im Trierischen Volksfreund&#8220; _builder_version=&#8220;4.16&#8243; global_colors_info=&#8220;{}&#8220;]<\/p>\n<h3><span style=\"color: #91001f;\">Kolumne im Trierischen Volksfreund<\/span><\/h3>\n<p>[\/et_pb_text][\/et_pb_column][et_pb_column type=&#8220;2_3&#8243; _builder_version=&#8220;4.16&#8243; background_position=&#8220;top_left&#8220; custom_padding=&#8220;0px|0px|0px|&#8220; global_colors_info=&#8220;{}&#8220; custom_padding__hover=&#8220;|||&#8220;][et_pb_text admin_label=&#8220;Text Abstandshalter&#8220; _builder_version=&#8220;4.16&#8243; custom_margin=&#8220;0px|0px|0px|0px&#8220; custom_padding=&#8220;0px|0px|0px|0px&#8220; global_colors_info=&#8220;{}&#8220;]<span style=\"color: #ffffff;\">:<\/span><br \/>\n<span style=\"color: #ffffff;\">:<\/span><br \/>\n[\/et_pb_text][\/et_pb_column][\/et_pb_row][\/et_pb_section][et_pb_section fb_built=&#8220;1&#8243; admin_label=&#8220;Wilkommen Block 1&#8243; _builder_version=&#8220;4.16&#8243; custom_padding=&#8220;0px|0px|0px|&#8220; global_colors_info=&#8220;{}&#8220;][et_pb_row column_structure=&#8220;2_3,1_3&#8243; _builder_version=&#8220;4.16&#8243; global_colors_info=&#8220;{}&#8220;][et_pb_column type=&#8220;2_3&#8243; _builder_version=&#8220;4.16&#8243; background_position=&#8220;top_left&#8220; custom_padding=&#8220;0px|0px|0px|0px&#8220; global_colors_info=&#8220;{}&#8220; custom_padding__hover=&#8220;|||&#8220;][et_pb_text admin_label=&#8220;Text \u00dcberschrift Kolumne Grenzg\u00e4nger im Trierischen Volksfreund&#8220; _builder_version=&#8220;4.16&#8243; global_colors_info=&#8220;{}&#8220;]<\/p>\n<h3 class=\"csc-firstHeader\">Kolumne Grenzg\u00e4nger im Trierischen Volksfreund<\/h3>\n<p>[\/et_pb_text][et_pb_text admin_label=&#8220;Text Kolumne Grenzg\u00e4nger im Trierischen Volksfreund&#8220; _builder_version=&#8220;4.16&#8243; z_index_tablet=&#8220;500&#8243; text_text_shadow_horizontal_length_tablet=&#8220;0px&#8220; text_text_shadow_vertical_length_tablet=&#8220;0px&#8220; text_text_shadow_blur_strength_tablet=&#8220;1px&#8220; link_text_shadow_horizontal_length_tablet=&#8220;0px&#8220; link_text_shadow_vertical_length_tablet=&#8220;0px&#8220; link_text_shadow_blur_strength_tablet=&#8220;1px&#8220; ul_text_shadow_horizontal_length_tablet=&#8220;0px&#8220; ul_text_shadow_vertical_length_tablet=&#8220;0px&#8220; ul_text_shadow_blur_strength_tablet=&#8220;1px&#8220; ol_text_shadow_horizontal_length_tablet=&#8220;0px&#8220; ol_text_shadow_vertical_length_tablet=&#8220;0px&#8220; ol_text_shadow_blur_strength_tablet=&#8220;1px&#8220; quote_text_shadow_horizontal_length_tablet=&#8220;0px&#8220; quote_text_shadow_vertical_length_tablet=&#8220;0px&#8220; quote_text_shadow_blur_strength_tablet=&#8220;1px&#8220; header_text_shadow_horizontal_length_tablet=&#8220;0px&#8220; header_text_shadow_vertical_length_tablet=&#8220;0px&#8220; header_text_shadow_blur_strength_tablet=&#8220;1px&#8220; header_2_text_shadow_horizontal_length_tablet=&#8220;0px&#8220; header_2_text_shadow_vertical_length_tablet=&#8220;0px&#8220; header_2_text_shadow_blur_strength_tablet=&#8220;1px&#8220; header_3_text_shadow_horizontal_length_tablet=&#8220;0px&#8220; header_3_text_shadow_vertical_length_tablet=&#8220;0px&#8220; header_3_text_shadow_blur_strength_tablet=&#8220;1px&#8220; header_4_text_shadow_horizontal_length_tablet=&#8220;0px&#8220; header_4_text_shadow_vertical_length_tablet=&#8220;0px&#8220; header_4_text_shadow_blur_strength_tablet=&#8220;1px&#8220; header_5_text_shadow_horizontal_length_tablet=&#8220;0px&#8220; header_5_text_shadow_vertical_length_tablet=&#8220;0px&#8220; header_5_text_shadow_blur_strength_tablet=&#8220;1px&#8220; header_6_text_shadow_horizontal_length_tablet=&#8220;0px&#8220; header_6_text_shadow_vertical_length_tablet=&#8220;0px&#8220; header_6_text_shadow_blur_strength_tablet=&#8220;1px&#8220; box_shadow_horizontal_tablet=&#8220;0px&#8220; box_shadow_vertical_tablet=&#8220;0px&#8220; box_shadow_blur_tablet=&#8220;40px&#8220; box_shadow_spread_tablet=&#8220;0px&#8220; global_colors_info=&#8220;{}&#8220;]<b>In Zusammenarbeit mit dem Trierischen Volksfreund<br \/>\nver\u00f6ffentlichen wir n\u00fctzliche Tipps und Informationen<br \/>\nzum Thema Grenzg\u00e4nger und Steuerrecht.<\/b><\/p>\n<p>Hier finden Sie unsere Beitr\u00e4ge zur Kolumne<br \/>\nnoch einmal zum Nachlesen.<br \/>\n[\/et_pb_text][\/et_pb_column][et_pb_column type=&#8220;1_3&#8243; _builder_version=&#8220;4.16&#8243; background_position=&#8220;top_left&#8220; custom_padding=&#8220;0px|0px|0px|&#8220; global_colors_info=&#8220;{}&#8220; custom_padding__hover=&#8220;|||&#8220;][et_pb_image src=&#8220;https:\/\/wonnebauer.de\/site\/wp-content\/uploads\/2018\/06\/Wonnebauer_csm_Kolumne_TV_17072017_7b92748aee.jpg&#8220; align_tablet=&#8220;center&#8220; align_phone=&#8220;&#8220; align_last_edited=&#8220;on|desktop&#8220; admin_label=&#8220;Bild Wonnebauer_csm_Kolumne_TV_17072017_7b92748aee&#8220; _builder_version=&#8220;4.16&#8243; global_colors_info=&#8220;{}&#8220;][\/et_pb_image][\/et_pb_column][\/et_pb_row][et_pb_row column_structure=&#8220;2_3,1_3&#8243; _builder_version=&#8220;4.16&#8243; global_colors_info=&#8220;{}&#8220;][et_pb_column type=&#8220;2_3&#8243; _builder_version=&#8220;4.16&#8243; background_position=&#8220;top_left&#8220; custom_padding=&#8220;0px|0px|0px|0px&#8220; global_colors_info=&#8220;{}&#8220; custom_padding__hover=&#8220;|||&#8220;][et_pb_text admin_label=&#8220;Text Abstandshalter&#8220; _builder_version=&#8220;4.16&#8243; custom_margin=&#8220;0px|0px|0px|0px&#8220; custom_padding=&#8220;0px|0px|0px|0px&#8220; global_colors_info=&#8220;{}&#8220;]<span style=\"color: #ffffff;\">:<\/span><br \/>\n<span style=\"color: #ffffff;\">:<\/span><br \/>\n[\/et_pb_text][et_pb_text admin_label=&#8220;\u00dcberschrift Gutschrift bei \u00dcberstunden&#8220; _builder_version=&#8220;4.25.2&#8243; global_colors_info=&#8220;{}&#8220;]<\/p>\n<h3 class=\"csc-firstHeader\">Gutschrift bei \u00dcberstunden!<\/h3>\n<p>[\/et_pb_text][et_pb_text admin_label=&#8220;Text Gutschrift bei \u00dcberstunden &#8220; _builder_version=&#8220;4.25.2&#8243; z_index_tablet=&#8220;500&#8243; text_text_shadow_horizontal_length_tablet=&#8220;0px&#8220; text_text_shadow_vertical_length_tablet=&#8220;0px&#8220; text_text_shadow_blur_strength_tablet=&#8220;1px&#8220; link_text_shadow_horizontal_length_tablet=&#8220;0px&#8220; link_text_shadow_vertical_length_tablet=&#8220;0px&#8220; link_text_shadow_blur_strength_tablet=&#8220;1px&#8220; ul_text_shadow_horizontal_length_tablet=&#8220;0px&#8220; ul_text_shadow_vertical_length_tablet=&#8220;0px&#8220; ul_text_shadow_blur_strength_tablet=&#8220;1px&#8220; ol_text_shadow_horizontal_length_tablet=&#8220;0px&#8220; ol_text_shadow_vertical_length_tablet=&#8220;0px&#8220; ol_text_shadow_blur_strength_tablet=&#8220;1px&#8220; quote_text_shadow_horizontal_length_tablet=&#8220;0px&#8220; quote_text_shadow_vertical_length_tablet=&#8220;0px&#8220; quote_text_shadow_blur_strength_tablet=&#8220;1px&#8220; header_text_shadow_horizontal_length_tablet=&#8220;0px&#8220; header_text_shadow_vertical_length_tablet=&#8220;0px&#8220; header_text_shadow_blur_strength_tablet=&#8220;1px&#8220; header_2_text_shadow_horizontal_length_tablet=&#8220;0px&#8220; header_2_text_shadow_vertical_length_tablet=&#8220;0px&#8220; header_2_text_shadow_blur_strength_tablet=&#8220;1px&#8220; header_3_text_shadow_horizontal_length_tablet=&#8220;0px&#8220; header_3_text_shadow_vertical_length_tablet=&#8220;0px&#8220; header_3_text_shadow_blur_strength_tablet=&#8220;1px&#8220; header_4_text_shadow_horizontal_length_tablet=&#8220;0px&#8220; header_4_text_shadow_vertical_length_tablet=&#8220;0px&#8220; header_4_text_shadow_blur_strength_tablet=&#8220;1px&#8220; header_5_text_shadow_horizontal_length_tablet=&#8220;0px&#8220; header_5_text_shadow_vertical_length_tablet=&#8220;0px&#8220; header_5_text_shadow_blur_strength_tablet=&#8220;1px&#8220; header_6_text_shadow_horizontal_length_tablet=&#8220;0px&#8220; header_6_text_shadow_vertical_length_tablet=&#8220;0px&#8220; header_6_text_shadow_blur_strength_tablet=&#8220;1px&#8220; box_shadow_horizontal_tablet=&#8220;0px&#8220; box_shadow_vertical_tablet=&#8220;0px&#8220; box_shadow_blur_tablet=&#8220;40px&#8220; box_shadow_spread_tablet=&#8220;0px&#8220; global_colors_info=&#8220;{}&#8220;]<\/p>\n<p>Grenzg\u00e4nger werden von den deutschen Finanz\u00e4mtern bez\u00fcglich ihrer in Luxemburg geleisteten \u00dcberstunden steuerlich veranlagt. <\/p>\n<p>Nach der Verst\u00e4ndigungsvereinbarung vom Januar 2024 wurde dieses Problem aufgeworfen. Das luxemburger Finanzministerium hatte dem nichts entgegengesetzt und gew\u00e4hrt Deutschland die Besteuerung. Beim FG Saarland ist aktuell ein Eilverfahren hierzu anh\u00e4ngig, beim FG Rheinland-Pfalz drei Klageverfahren. <\/p>\n<p>Zum Ausgleich wurde ab dem Steuerjahr 2024 eine Gutschrift f\u00fcr \u00dcberstunden eingef\u00fchrt, der sogenannte Steuerkredit f\u00fcr \u00dcberstunden, abgek\u00fcrzt CIHS. Je nach H\u00f6he der \u00dcberstunden werden bis zu 700 Euro gutgeschrieben. Konkret erhalten Grenzg\u00e4nger dann die 700 Euro, wenn die \u00dcberstundenverg\u00fctung 4.000 Euro \u00fcberschreitet. Betragen die ausbezahlten \u00dcberstunden zwischen 1.200 Euro und 4.000 Euro gibt es einen relativen Wert. <\/p>\n<p>Die Berechnung sieht wie folgt: \u00dcberstunden \u2013 1.200 Euro x 25%. F\u00fcr \u00dcberstunden bis zu 1.200 Euro gibt es keinen Steuerkredit. <\/p>\n<p>Der Steuerkredit wird mit einer Steuererkl\u00e4rung oder einem Lohnsteuerjahresausgleich geltend gemacht. Insofern lohnt es sich auch f\u00fcr Grenzg\u00e4nger in der Steuerklasse 1, eine Lohnsteuererkl\u00e4rung beim Bureau RTS einzureichen. Es gibt viele Grenzg\u00e4nger, f\u00fcr die sich die Steuerklasse 2 nicht lohnt. Sie verbleiben dann in der Steuerklasse 1. Dann k\u00f6nnen sie zwar keine Sonderausgaben und sonstige famili\u00e4re Bedingungen geltend machen. Der Steuerkredit ist aber m\u00f6glich. <br \/>Aktuell wird der Steuerkredit so praktiziert, dass er auch gezahlt wird, wenn in Deutschland keine Steuer f\u00fcr \u00dcberstunden anf\u00e4llt. Es gibt famili\u00e4re Konstellationen, wonach trotz \u00dcberstunden so hohe Abzugsbetr\u00e4ge m\u00f6glich sind, dass am Ende gar keine deutsche Steuer entsteht. <\/p>\n<p>[\/et_pb_text][\/et_pb_column][et_pb_column type=&#8220;1_3&#8243; _builder_version=&#8220;4.16&#8243; background_position=&#8220;top_left&#8220; custom_padding=&#8220;0px|0px|0px|&#8220; global_colors_info=&#8220;{}&#8220; custom_padding__hover=&#8220;|||&#8220;][et_pb_text admin_label=&#8220;Text Abstandshalter&#8220; _builder_version=&#8220;4.16&#8243; custom_margin=&#8220;0px|0px|0px|0px&#8220; custom_padding=&#8220;0px|0px|0px|0px&#8220; locked=&#8220;off&#8220; global_colors_info=&#8220;{}&#8220;]<span style=\"color: #ffffff;\">:<\/span><br \/>\n<span style=\"color: #ffffff;\">:<\/span><br \/>\n[\/et_pb_text][et_pb_text admin_label=&#8220;Text Abstandshalter&#8220; _builder_version=&#8220;4.16&#8243; custom_margin=&#8220;0px|0px|0px|0px&#8220; custom_padding=&#8220;0px|0px|0px|0px&#8220; locked=&#8220;off&#8220; global_colors_info=&#8220;{}&#8220;]<span style=\"color: #ffffff;\">:<\/span><br \/>\n<span style=\"color: #ffffff;\">:<\/span><br \/>\n[\/et_pb_text][et_pb_image src=&#8220;https:\/\/wonnebauer.de\/site\/wp-content\/uploads\/2023\/07\/news-g74b1435af_1280.jpg&#8220; title_text=&#8220;news-g74b1435af_1280&#8243; align_tablet=&#8220;center&#8220; align_phone=&#8220;&#8220; align_last_edited=&#8220;on|desktop&#8220; admin_label=&#8220;Bild New&#8220; _builder_version=&#8220;4.25.2&#8243; global_colors_info=&#8220;{}&#8220;][\/et_pb_image][\/et_pb_column][\/et_pb_row][et_pb_row column_structure=&#8220;2_3,1_3&#8243; _builder_version=&#8220;4.16&#8243; collapsed=&#8220;off&#8220; global_colors_info=&#8220;{}&#8220;][et_pb_column type=&#8220;2_3&#8243; _builder_version=&#8220;4.16&#8243; background_position=&#8220;top_left&#8220; custom_padding=&#8220;0px|0px|0px|0px&#8220; global_colors_info=&#8220;{}&#8220; custom_padding__hover=&#8220;|||&#8220;][et_pb_text admin_label=&#8220;Text Abstandshalter&#8220; _builder_version=&#8220;4.16&#8243; custom_margin=&#8220;0px|0px|0px|0px&#8220; custom_padding=&#8220;0px|0px|0px|0px&#8220; global_colors_info=&#8220;{}&#8220;]<span style=\"color: #ffffff;\">:<\/span><br \/>\n<span style=\"color: #ffffff;\">:<\/span><br \/>\n[\/et_pb_text][et_pb_text admin_label=&#8220;Kolumne Juli: Selbstst\u00e4ndigkeit und vorgezogene Altersrente&#8220; _builder_version=&#8220;4.25.2&#8243; z_index_tablet=&#8220;500&#8243; text_text_shadow_horizontal_length_tablet=&#8220;0px&#8220; text_text_shadow_vertical_length_tablet=&#8220;0px&#8220; text_text_shadow_blur_strength_tablet=&#8220;1px&#8220; link_text_shadow_horizontal_length_tablet=&#8220;0px&#8220; link_text_shadow_vertical_length_tablet=&#8220;0px&#8220; link_text_shadow_blur_strength_tablet=&#8220;1px&#8220; ul_text_shadow_horizontal_length_tablet=&#8220;0px&#8220; ul_text_shadow_vertical_length_tablet=&#8220;0px&#8220; ul_text_shadow_blur_strength_tablet=&#8220;1px&#8220; ol_text_shadow_horizontal_length_tablet=&#8220;0px&#8220; ol_text_shadow_vertical_length_tablet=&#8220;0px&#8220; ol_text_shadow_blur_strength_tablet=&#8220;1px&#8220; quote_text_shadow_horizontal_length_tablet=&#8220;0px&#8220; quote_text_shadow_vertical_length_tablet=&#8220;0px&#8220; quote_text_shadow_blur_strength_tablet=&#8220;1px&#8220; header_text_shadow_horizontal_length_tablet=&#8220;0px&#8220; header_text_shadow_vertical_length_tablet=&#8220;0px&#8220; header_text_shadow_blur_strength_tablet=&#8220;1px&#8220; header_2_text_shadow_horizontal_length_tablet=&#8220;0px&#8220; header_2_text_shadow_vertical_length_tablet=&#8220;0px&#8220; header_2_text_shadow_blur_strength_tablet=&#8220;1px&#8220; header_3_text_shadow_horizontal_length_tablet=&#8220;0px&#8220; header_3_text_shadow_vertical_length_tablet=&#8220;0px&#8220; header_3_text_shadow_blur_strength_tablet=&#8220;1px&#8220; header_4_text_shadow_horizontal_length_tablet=&#8220;0px&#8220; header_4_text_shadow_vertical_length_tablet=&#8220;0px&#8220; header_4_text_shadow_blur_strength_tablet=&#8220;1px&#8220; header_5_text_shadow_horizontal_length_tablet=&#8220;0px&#8220; header_5_text_shadow_vertical_length_tablet=&#8220;0px&#8220; header_5_text_shadow_blur_strength_tablet=&#8220;1px&#8220; header_6_text_shadow_horizontal_length_tablet=&#8220;0px&#8220; header_6_text_shadow_vertical_length_tablet=&#8220;0px&#8220; header_6_text_shadow_blur_strength_tablet=&#8220;1px&#8220; box_shadow_horizontal_tablet=&#8220;0px&#8220; box_shadow_vertical_tablet=&#8220;0px&#8220; box_shadow_blur_tablet=&#8220;40px&#8220; box_shadow_spread_tablet=&#8220;0px&#8220; global_colors_info=&#8220;{}&#8220;]<\/p>\n<h3><span class=\"VIiyi\" lang=\"en\"><span class=\"JLqJ4b ChMk0b\" data-language-for-alternatives=\"en\" data-language-to-translate-into=\"de\" data-phrase-index=\"0\">Kolumne Juli: Selbstst\u00e4ndigkeit und vorgezogene Altersrente<br \/><\/span><\/span><\/h3>\n<p>[\/et_pb_text][et_pb_text admin_label=&#8220;Text Kolumne Juli: Selbstst\u00e4ndigkeit und vorgezogene Altersrente&#8220; _builder_version=&#8220;4.25.2&#8243; z_index_tablet=&#8220;500&#8243; text_text_shadow_horizontal_length_tablet=&#8220;0px&#8220; text_text_shadow_vertical_length_tablet=&#8220;0px&#8220; text_text_shadow_blur_strength_tablet=&#8220;1px&#8220; link_text_shadow_horizontal_length_tablet=&#8220;0px&#8220; link_text_shadow_vertical_length_tablet=&#8220;0px&#8220; link_text_shadow_blur_strength_tablet=&#8220;1px&#8220; ul_text_shadow_horizontal_length_tablet=&#8220;0px&#8220; ul_text_shadow_vertical_length_tablet=&#8220;0px&#8220; ul_text_shadow_blur_strength_tablet=&#8220;1px&#8220; ol_text_shadow_horizontal_length_tablet=&#8220;0px&#8220; ol_text_shadow_vertical_length_tablet=&#8220;0px&#8220; ol_text_shadow_blur_strength_tablet=&#8220;1px&#8220; quote_text_shadow_horizontal_length_tablet=&#8220;0px&#8220; quote_text_shadow_vertical_length_tablet=&#8220;0px&#8220; quote_text_shadow_blur_strength_tablet=&#8220;1px&#8220; header_text_shadow_horizontal_length_tablet=&#8220;0px&#8220; header_text_shadow_vertical_length_tablet=&#8220;0px&#8220; header_text_shadow_blur_strength_tablet=&#8220;1px&#8220; header_2_text_shadow_horizontal_length_tablet=&#8220;0px&#8220; header_2_text_shadow_vertical_length_tablet=&#8220;0px&#8220; header_2_text_shadow_blur_strength_tablet=&#8220;1px&#8220; header_3_text_shadow_horizontal_length_tablet=&#8220;0px&#8220; header_3_text_shadow_vertical_length_tablet=&#8220;0px&#8220; header_3_text_shadow_blur_strength_tablet=&#8220;1px&#8220; header_4_text_shadow_horizontal_length_tablet=&#8220;0px&#8220; header_4_text_shadow_vertical_length_tablet=&#8220;0px&#8220; header_4_text_shadow_blur_strength_tablet=&#8220;1px&#8220; header_5_text_shadow_horizontal_length_tablet=&#8220;0px&#8220; header_5_text_shadow_vertical_length_tablet=&#8220;0px&#8220; header_5_text_shadow_blur_strength_tablet=&#8220;1px&#8220; header_6_text_shadow_horizontal_length_tablet=&#8220;0px&#8220; header_6_text_shadow_vertical_length_tablet=&#8220;0px&#8220; header_6_text_shadow_blur_strength_tablet=&#8220;1px&#8220; box_shadow_horizontal_tablet=&#8220;0px&#8220; box_shadow_vertical_tablet=&#8220;0px&#8220; box_shadow_blur_tablet=&#8220;40px&#8220; box_shadow_spread_tablet=&#8220;0px&#8220; global_colors_info=&#8220;{}&#8220;]<\/p>\n<p>Neben der vorgezogenen Altersrente k\u00f6nnen Rentner einen Hinzuverdienst aus beruflicher T\u00e4tigkeit erzielen.<\/p>\n<p>Gemeint ist eine T\u00e4tigkeit als Angestellter oder Selbstst\u00e4ndiger.<\/p>\n<p>Der Hinzuverdienst bei angestellter T\u00e4tigkeit liegt bei mindestens 856,00 Euro, also einem Drittel des gesetzlichen Mindestlohns, der sich j\u00e4hrlich allerdings erh\u00f6ht. Der Hinzuverdienst kann jedoch auch errechnet werden aus den f\u00fcnf h\u00f6chsten Jahreseinkommen in der Versicherungskarriere. Bei Selbstst\u00e4ndigen galt bislang immer die Regel, dass diese nur ein Drittel des Mindestlohns als monatlichen Gewinn erzielen d\u00fcrfen.<\/p>\n<p>Artikel 184 Abs. 5 des Sozialversicherungsgesetzes wurde jedoch nun aufgrund eines Gerichtsurteils als nicht anwendbar erkl\u00e4rt und ausgesetzt. Derzeit wird ein neues Gesetz erarbeitet, um die Situation der Selbstst\u00e4ndigen und deren Hinzuverdienstes zu kl\u00e4ren. Wann es soweit ist, steht allerdings noch nicht fest.<\/p>\n<p>[\/et_pb_text][\/et_pb_column][et_pb_column type=&#8220;1_3&#8243; _builder_version=&#8220;4.16&#8243; background_position=&#8220;top_left&#8220; custom_padding=&#8220;0px|0px|0px|&#8220; global_colors_info=&#8220;{}&#8220; custom_padding__hover=&#8220;|||&#8220;][et_pb_text admin_label=&#8220;Text Abstandshalter&#8220; _builder_version=&#8220;4.16&#8243; custom_margin=&#8220;0px|0px|0px|0px&#8220; custom_padding=&#8220;0px|0px|0px|0px&#8220; locked=&#8220;off&#8220; global_colors_info=&#8220;{}&#8220;]<span style=\"color: #ffffff;\">:<\/span><br \/>\n<span style=\"color: #ffffff;\">:<\/span><br \/>\n[\/et_pb_text][et_pb_image src=&#8220;https:\/\/wonnebauer.de\/site\/wp-content\/uploads\/2018\/06\/Wonnebauer_trierischer_volksfreund_index.jpg&#8220; align_tablet=&#8220;center&#8220; align_phone=&#8220;&#8220; align_last_edited=&#8220;on|desktop&#8220; admin_label=&#8220;Bild Wonnebauer_trierischer_volksfreund_index&#8220; _builder_version=&#8220;4.16&#8243; custom_margin=&#8220;||0px|&#8220; global_colors_info=&#8220;{}&#8220;][\/et_pb_image][\/et_pb_column][\/et_pb_row][et_pb_row column_structure=&#8220;2_3,1_3&#8243; _builder_version=&#8220;4.16&#8243; global_colors_info=&#8220;{}&#8220;][et_pb_column type=&#8220;2_3&#8243; _builder_version=&#8220;4.16&#8243; background_position=&#8220;top_left&#8220; custom_padding=&#8220;0px|0px|0px|0px&#8220; global_colors_info=&#8220;{}&#8220; custom_padding__hover=&#8220;|||&#8220;][et_pb_text admin_label=&#8220;Text Abstandshalter&#8220; _builder_version=&#8220;4.16&#8243; custom_margin=&#8220;0px|0px|0px|0px&#8220; custom_padding=&#8220;0px|0px|0px|0px&#8220; global_colors_info=&#8220;{}&#8220;]<span style=\"color: #ffffff;\">:<\/span><br \/>\n<span style=\"color: #ffffff;\">:<\/span><br \/>\n[\/et_pb_text][et_pb_text admin_label=&#8220;Kolumne Besteuerung der \u00dcberstunden wird wohl ab 2024 rechtm\u00e4\u00dfig sein&#8220; _builder_version=&#8220;4.24.2&#8243; z_index_tablet=&#8220;500&#8243; text_text_shadow_horizontal_length_tablet=&#8220;0px&#8220; text_text_shadow_vertical_length_tablet=&#8220;0px&#8220; text_text_shadow_blur_strength_tablet=&#8220;1px&#8220; link_text_shadow_horizontal_length_tablet=&#8220;0px&#8220; link_text_shadow_vertical_length_tablet=&#8220;0px&#8220; link_text_shadow_blur_strength_tablet=&#8220;1px&#8220; ul_text_shadow_horizontal_length_tablet=&#8220;0px&#8220; ul_text_shadow_vertical_length_tablet=&#8220;0px&#8220; ul_text_shadow_blur_strength_tablet=&#8220;1px&#8220; ol_text_shadow_horizontal_length_tablet=&#8220;0px&#8220; ol_text_shadow_vertical_length_tablet=&#8220;0px&#8220; ol_text_shadow_blur_strength_tablet=&#8220;1px&#8220; quote_text_shadow_horizontal_length_tablet=&#8220;0px&#8220; quote_text_shadow_vertical_length_tablet=&#8220;0px&#8220; quote_text_shadow_blur_strength_tablet=&#8220;1px&#8220; header_text_shadow_horizontal_length_tablet=&#8220;0px&#8220; header_text_shadow_vertical_length_tablet=&#8220;0px&#8220; header_text_shadow_blur_strength_tablet=&#8220;1px&#8220; header_2_text_shadow_horizontal_length_tablet=&#8220;0px&#8220; header_2_text_shadow_vertical_length_tablet=&#8220;0px&#8220; header_2_text_shadow_blur_strength_tablet=&#8220;1px&#8220; header_3_text_shadow_horizontal_length_tablet=&#8220;0px&#8220; header_3_text_shadow_vertical_length_tablet=&#8220;0px&#8220; header_3_text_shadow_blur_strength_tablet=&#8220;1px&#8220; header_4_text_shadow_horizontal_length_tablet=&#8220;0px&#8220; header_4_text_shadow_vertical_length_tablet=&#8220;0px&#8220; header_4_text_shadow_blur_strength_tablet=&#8220;1px&#8220; header_5_text_shadow_horizontal_length_tablet=&#8220;0px&#8220; header_5_text_shadow_vertical_length_tablet=&#8220;0px&#8220; header_5_text_shadow_blur_strength_tablet=&#8220;1px&#8220; header_6_text_shadow_horizontal_length_tablet=&#8220;0px&#8220; header_6_text_shadow_vertical_length_tablet=&#8220;0px&#8220; header_6_text_shadow_blur_strength_tablet=&#8220;1px&#8220; box_shadow_horizontal_tablet=&#8220;0px&#8220; box_shadow_vertical_tablet=&#8220;0px&#8220; box_shadow_blur_tablet=&#8220;40px&#8220; box_shadow_spread_tablet=&#8220;0px&#8220; global_colors_info=&#8220;{}&#8220;]<\/p>\n<h3><span class=\"VIiyi\" lang=\"en\"><span class=\"JLqJ4b ChMk0b\" data-language-for-alternatives=\"en\" data-language-to-translate-into=\"de\" data-phrase-index=\"0\">Kolumne April: Die Besteuerung der \u00dcberstunden wird wohl ab 2024 rechtm\u00e4\u00dfig sein<br \/><\/span><\/span><\/h3>\n<p>[\/et_pb_text][et_pb_text admin_label=&#8220;Text Kolumne April: Besteuerung der \u00dcberstunden wird wohl ab 2024 rechtm\u00e4\u00dfig sein&#8220; _builder_version=&#8220;4.24.2&#8243; z_index_tablet=&#8220;500&#8243; text_text_shadow_horizontal_length_tablet=&#8220;0px&#8220; text_text_shadow_vertical_length_tablet=&#8220;0px&#8220; text_text_shadow_blur_strength_tablet=&#8220;1px&#8220; link_text_shadow_horizontal_length_tablet=&#8220;0px&#8220; link_text_shadow_vertical_length_tablet=&#8220;0px&#8220; link_text_shadow_blur_strength_tablet=&#8220;1px&#8220; ul_text_shadow_horizontal_length_tablet=&#8220;0px&#8220; ul_text_shadow_vertical_length_tablet=&#8220;0px&#8220; ul_text_shadow_blur_strength_tablet=&#8220;1px&#8220; ol_text_shadow_horizontal_length_tablet=&#8220;0px&#8220; ol_text_shadow_vertical_length_tablet=&#8220;0px&#8220; ol_text_shadow_blur_strength_tablet=&#8220;1px&#8220; quote_text_shadow_horizontal_length_tablet=&#8220;0px&#8220; quote_text_shadow_vertical_length_tablet=&#8220;0px&#8220; quote_text_shadow_blur_strength_tablet=&#8220;1px&#8220; header_text_shadow_horizontal_length_tablet=&#8220;0px&#8220; header_text_shadow_vertical_length_tablet=&#8220;0px&#8220; header_text_shadow_blur_strength_tablet=&#8220;1px&#8220; header_2_text_shadow_horizontal_length_tablet=&#8220;0px&#8220; header_2_text_shadow_vertical_length_tablet=&#8220;0px&#8220; header_2_text_shadow_blur_strength_tablet=&#8220;1px&#8220; header_3_text_shadow_horizontal_length_tablet=&#8220;0px&#8220; header_3_text_shadow_vertical_length_tablet=&#8220;0px&#8220; header_3_text_shadow_blur_strength_tablet=&#8220;1px&#8220; header_4_text_shadow_horizontal_length_tablet=&#8220;0px&#8220; header_4_text_shadow_vertical_length_tablet=&#8220;0px&#8220; header_4_text_shadow_blur_strength_tablet=&#8220;1px&#8220; header_5_text_shadow_horizontal_length_tablet=&#8220;0px&#8220; header_5_text_shadow_vertical_length_tablet=&#8220;0px&#8220; header_5_text_shadow_blur_strength_tablet=&#8220;1px&#8220; header_6_text_shadow_horizontal_length_tablet=&#8220;0px&#8220; header_6_text_shadow_vertical_length_tablet=&#8220;0px&#8220; header_6_text_shadow_blur_strength_tablet=&#8220;1px&#8220; box_shadow_horizontal_tablet=&#8220;0px&#8220; box_shadow_vertical_tablet=&#8220;0px&#8220; box_shadow_blur_tablet=&#8220;40px&#8220; box_shadow_spread_tablet=&#8220;0px&#8220; global_colors_info=&#8220;{}&#8220;]<\/p>\n<p>Die Besteuerung der \u00dcberstunden war nach dem alten DBA zwischen Deutschland und Luxemburg nicht m\u00f6glich. Erst die \u00c4nderung vom Juli 2023 hat dazu gef\u00fchrt. Denn hier hat die luxemburgische Ministerin unterschrieben, dass zwei neue Protokollziffern eingef\u00fcgt wurden. Hier wurde dann ausdr\u00fccklich vereinbart, dass auch Teile von Eink\u00fcnften besteuert werden k\u00f6nnen. Das war in dem alte DBA nicht der Fall. Diese Vorschrift wurde den Luxemburgern quasi untergejubelt. Denn nach der Rechtsprechung war es nach der These des BFH von der sogenannten Eink\u00fcnfteeinheit nicht m\u00f6glich Einkunftsteile wie \u00dcberstunden gesondert in Deutschland zu besteuern. Das hat zwar das Bundesministerium der Finanzen so gesehen, w\u00e4re aber in einem Rahmen des Gerichtsverfahren damit nicht durchgekommen.<\/p>\n<p>Soweit also das Finanzamt darstellt, es h\u00e4tte sich nichts ge\u00e4ndert, ist dies nicht ganz richtig. Des Weiteren stellt sich die Frage, ob tats\u00e4chlich eine r\u00fcckwirkende Besteuerung der \u00dcberstunden \u00fcberhaupt m\u00f6glich ist, da dies eben nach dem alten DBA nicht der Fall war. Hier stand nicht Teile von Eink\u00fcnften, sondern nur Eink\u00fcnfte.<\/p>\n<p>Diese Rechtsprechung stammt aus dem Jahr 1997. Soweit nun also die Konsultationsvereinbarung darstellt, dass die neue Rechtslage auf alle alten F\u00e4lle angewendet wird, wird dies in jedem Fall gerichtlich zu pr\u00fcfen sein. Ich kann mir nicht vorstellen, dass die Finanz\u00e4mter damit durchkommen.<\/p>\n<p>Eine L\u00f6sung aus dem Dilemma k\u00f6nnte sein, dass auch in Deutschland \u00dcberstunden steuerfrei gestellt werden, sowie es die FDP jetzt fordert. Denn Deutschland wird dann nicht besteuern, wenn dies auch in Deutschland nicht gesetzlich m\u00f6glich ist.<\/p>\n<p>Auf der anderen Seite haben die luxemburger Unternehmer ab sofort die M\u00f6glichkeit, ihre Gehaltsstruktur umzustellen. \u00dcberstunden m\u00fcssen ja auch nicht ausgezahlt werden, sondern k\u00f6nnen abgefeiert werden, was in vielen Branchen \u00fcblich ist. Arbeitgeber haben auch die M\u00f6glichkeit Arbeitszeitkonten einzuf\u00fchren, wonach \u00dcberstunden zwar zun\u00e4chst anfallen, jedoch sp\u00e4ter wieder abgefeiert werden k\u00f6nnen. Auch damit kann die Besteuerung ab dem Jahr 2024 praktisch umgangen werden. <\/p>\n<p>[\/et_pb_text][\/et_pb_column][et_pb_column type=&#8220;1_3&#8243; _builder_version=&#8220;4.16&#8243; background_position=&#8220;top_left&#8220; custom_padding=&#8220;0px|0px|0px|&#8220; global_colors_info=&#8220;{}&#8220; custom_padding__hover=&#8220;|||&#8220;][et_pb_text admin_label=&#8220;Text Abstandshalter&#8220; _builder_version=&#8220;4.16&#8243; custom_margin=&#8220;0px|0px|0px|0px&#8220; custom_padding=&#8220;0px|0px|0px|0px&#8220; locked=&#8220;off&#8220; global_colors_info=&#8220;{}&#8220;]<span style=\"color: #ffffff;\">:<\/span><br \/>\n<span style=\"color: #ffffff;\">:<\/span><br \/>\n[\/et_pb_text][et_pb_image src=&#8220;https:\/\/wonnebauer.de\/site\/wp-content\/uploads\/2018\/06\/Wonnebauer_trierischer_volksfreund_index.jpg&#8220; align_tablet=&#8220;center&#8220; align_phone=&#8220;&#8220; align_last_edited=&#8220;on|desktop&#8220; admin_label=&#8220;Bild Wonnebauer_trierischer_volksfreund_index&#8220; _builder_version=&#8220;4.16&#8243; custom_margin=&#8220;||0px|&#8220; global_colors_info=&#8220;{}&#8220;][\/et_pb_image][\/et_pb_column][\/et_pb_row][et_pb_row column_structure=&#8220;2_3,1_3&#8243; _builder_version=&#8220;4.16&#8243; global_colors_info=&#8220;{}&#8220;][et_pb_column type=&#8220;2_3&#8243; _builder_version=&#8220;4.16&#8243; background_position=&#8220;top_left&#8220; custom_padding=&#8220;0px|0px|0px|0px&#8220; global_colors_info=&#8220;{}&#8220; custom_padding__hover=&#8220;|||&#8220;][et_pb_text admin_label=&#8220;Text Abstandshalter&#8220; _builder_version=&#8220;4.16&#8243; custom_margin=&#8220;0px|0px|0px|0px&#8220; custom_padding=&#8220;0px|0px|0px|0px&#8220; global_colors_info=&#8220;{}&#8220;]<span style=\"color: #ffffff;\">:<\/span><br \/>\n<span style=\"color: #ffffff;\">:<\/span><br \/>\n[\/et_pb_text][et_pb_text admin_label=&#8220;Kolumne Besteuerung der \u00dcberstunden wird wohl ab 2024 rechtm\u00e4\u00dfig sein&#8220; _builder_version=&#8220;4.24.2&#8243; z_index_tablet=&#8220;500&#8243; text_text_shadow_horizontal_length_tablet=&#8220;0px&#8220; text_text_shadow_vertical_length_tablet=&#8220;0px&#8220; text_text_shadow_blur_strength_tablet=&#8220;1px&#8220; link_text_shadow_horizontal_length_tablet=&#8220;0px&#8220; link_text_shadow_vertical_length_tablet=&#8220;0px&#8220; link_text_shadow_blur_strength_tablet=&#8220;1px&#8220; ul_text_shadow_horizontal_length_tablet=&#8220;0px&#8220; ul_text_shadow_vertical_length_tablet=&#8220;0px&#8220; ul_text_shadow_blur_strength_tablet=&#8220;1px&#8220; ol_text_shadow_horizontal_length_tablet=&#8220;0px&#8220; ol_text_shadow_vertical_length_tablet=&#8220;0px&#8220; ol_text_shadow_blur_strength_tablet=&#8220;1px&#8220; quote_text_shadow_horizontal_length_tablet=&#8220;0px&#8220; quote_text_shadow_vertical_length_tablet=&#8220;0px&#8220; quote_text_shadow_blur_strength_tablet=&#8220;1px&#8220; header_text_shadow_horizontal_length_tablet=&#8220;0px&#8220; header_text_shadow_vertical_length_tablet=&#8220;0px&#8220; header_text_shadow_blur_strength_tablet=&#8220;1px&#8220; header_2_text_shadow_horizontal_length_tablet=&#8220;0px&#8220; header_2_text_shadow_vertical_length_tablet=&#8220;0px&#8220; header_2_text_shadow_blur_strength_tablet=&#8220;1px&#8220; header_3_text_shadow_horizontal_length_tablet=&#8220;0px&#8220; header_3_text_shadow_vertical_length_tablet=&#8220;0px&#8220; header_3_text_shadow_blur_strength_tablet=&#8220;1px&#8220; header_4_text_shadow_horizontal_length_tablet=&#8220;0px&#8220; header_4_text_shadow_vertical_length_tablet=&#8220;0px&#8220; header_4_text_shadow_blur_strength_tablet=&#8220;1px&#8220; header_5_text_shadow_horizontal_length_tablet=&#8220;0px&#8220; header_5_text_shadow_vertical_length_tablet=&#8220;0px&#8220; header_5_text_shadow_blur_strength_tablet=&#8220;1px&#8220; header_6_text_shadow_horizontal_length_tablet=&#8220;0px&#8220; header_6_text_shadow_vertical_length_tablet=&#8220;0px&#8220; header_6_text_shadow_blur_strength_tablet=&#8220;1px&#8220; box_shadow_horizontal_tablet=&#8220;0px&#8220; box_shadow_vertical_tablet=&#8220;0px&#8220; box_shadow_blur_tablet=&#8220;40px&#8220; box_shadow_spread_tablet=&#8220;0px&#8220; global_colors_info=&#8220;{}&#8220;]<\/p>\n<h3><span class=\"VIiyi\" lang=\"en\"><span class=\"JLqJ4b ChMk0b\" data-language-for-alternatives=\"en\" data-language-to-translate-into=\"de\" data-phrase-index=\"0\">Kolumne April: Die Besteuerung der \u00dcberstunden wird wohl ab 2024 rechtm\u00e4\u00dfig sein<br \/><\/span><\/span><\/h3>\n<p>[\/et_pb_text][et_pb_text admin_label=&#8220;Text Kolumne April: Besteuerung der \u00dcberstunden wird wohl ab 2024 rechtm\u00e4\u00dfig sein&#8220; _builder_version=&#8220;4.24.2&#8243; z_index_tablet=&#8220;500&#8243; text_text_shadow_horizontal_length_tablet=&#8220;0px&#8220; text_text_shadow_vertical_length_tablet=&#8220;0px&#8220; text_text_shadow_blur_strength_tablet=&#8220;1px&#8220; link_text_shadow_horizontal_length_tablet=&#8220;0px&#8220; link_text_shadow_vertical_length_tablet=&#8220;0px&#8220; link_text_shadow_blur_strength_tablet=&#8220;1px&#8220; ul_text_shadow_horizontal_length_tablet=&#8220;0px&#8220; ul_text_shadow_vertical_length_tablet=&#8220;0px&#8220; ul_text_shadow_blur_strength_tablet=&#8220;1px&#8220; ol_text_shadow_horizontal_length_tablet=&#8220;0px&#8220; ol_text_shadow_vertical_length_tablet=&#8220;0px&#8220; ol_text_shadow_blur_strength_tablet=&#8220;1px&#8220; quote_text_shadow_horizontal_length_tablet=&#8220;0px&#8220; quote_text_shadow_vertical_length_tablet=&#8220;0px&#8220; quote_text_shadow_blur_strength_tablet=&#8220;1px&#8220; header_text_shadow_horizontal_length_tablet=&#8220;0px&#8220; header_text_shadow_vertical_length_tablet=&#8220;0px&#8220; header_text_shadow_blur_strength_tablet=&#8220;1px&#8220; header_2_text_shadow_horizontal_length_tablet=&#8220;0px&#8220; header_2_text_shadow_vertical_length_tablet=&#8220;0px&#8220; header_2_text_shadow_blur_strength_tablet=&#8220;1px&#8220; header_3_text_shadow_horizontal_length_tablet=&#8220;0px&#8220; header_3_text_shadow_vertical_length_tablet=&#8220;0px&#8220; header_3_text_shadow_blur_strength_tablet=&#8220;1px&#8220; header_4_text_shadow_horizontal_length_tablet=&#8220;0px&#8220; header_4_text_shadow_vertical_length_tablet=&#8220;0px&#8220; header_4_text_shadow_blur_strength_tablet=&#8220;1px&#8220; header_5_text_shadow_horizontal_length_tablet=&#8220;0px&#8220; header_5_text_shadow_vertical_length_tablet=&#8220;0px&#8220; header_5_text_shadow_blur_strength_tablet=&#8220;1px&#8220; header_6_text_shadow_horizontal_length_tablet=&#8220;0px&#8220; header_6_text_shadow_vertical_length_tablet=&#8220;0px&#8220; header_6_text_shadow_blur_strength_tablet=&#8220;1px&#8220; box_shadow_horizontal_tablet=&#8220;0px&#8220; box_shadow_vertical_tablet=&#8220;0px&#8220; box_shadow_blur_tablet=&#8220;40px&#8220; box_shadow_spread_tablet=&#8220;0px&#8220; global_colors_info=&#8220;{}&#8220;]<\/p>\n<p>Die Besteuerung der \u00dcberstunden war nach dem alten DBA zwischen Deutschland und Luxemburg nicht m\u00f6glich. Erst die \u00c4nderung vom Juli 2023 hat dazu gef\u00fchrt. Denn hier hat die luxemburgische Ministerin unterschrieben, dass zwei neue Protokollziffern eingef\u00fcgt wurden. Hier wurde dann ausdr\u00fccklich vereinbart, dass auch Teile von Eink\u00fcnften besteuert werden k\u00f6nnen. Das war in dem alte DBA nicht der Fall. Diese Vorschrift wurde den Luxemburgern quasi untergejubelt. Denn nach der Rechtsprechung war es nach der These des BFH von der sogenannten Eink\u00fcnfteeinheit nicht m\u00f6glich Einkunftsteile wie \u00dcberstunden gesondert in Deutschland zu besteuern. Das hat zwar das Bundesministerium der Finanzen so gesehen, w\u00e4re aber in einem Rahmen des Gerichtsverfahren damit nicht durchgekommen.<\/p>\n<p>Soweit also das Finanzamt darstellt, es h\u00e4tte sich nichts ge\u00e4ndert, ist dies nicht ganz richtig. Des Weiteren stellt sich die Frage, ob tats\u00e4chlich eine r\u00fcckwirkende Besteuerung der \u00dcberstunden \u00fcberhaupt m\u00f6glich ist, da dies eben nach dem alten DBA nicht der Fall war. Hier stand nicht Teile von Eink\u00fcnften, sondern nur Eink\u00fcnfte.<\/p>\n<p>Diese Rechtsprechung stammt aus dem Jahr 1997. Soweit nun also die Konsultationsvereinbarung darstellt, dass die neue Rechtslage auf alle alten F\u00e4lle angewendet wird, wird dies in jedem Fall gerichtlich zu pr\u00fcfen sein. Ich kann mir nicht vorstellen, dass die Finanz\u00e4mter damit durchkommen.<\/p>\n<p>Eine L\u00f6sung aus dem Dilemma k\u00f6nnte sein, dass auch in Deutschland \u00dcberstunden steuerfrei gestellt werden, sowie es die FDP jetzt fordert. Denn Deutschland wird dann nicht besteuern, wenn dies auch in Deutschland nicht gesetzlich m\u00f6glich ist.<\/p>\n<p>Auf der anderen Seite haben die luxemburger Unternehmer ab sofort die M\u00f6glichkeit, ihre Gehaltsstruktur umzustellen. \u00dcberstunden m\u00fcssen ja auch nicht ausgezahlt werden, sondern k\u00f6nnen abgefeiert werden, was in vielen Branchen \u00fcblich ist. Arbeitgeber haben auch die M\u00f6glichkeit Arbeitszeitkonten einzuf\u00fchren, wonach \u00dcberstunden zwar zun\u00e4chst anfallen, jedoch sp\u00e4ter wieder abgefeiert werden k\u00f6nnen. Auch damit kann die Besteuerung ab dem Jahr 2024 praktisch umgangen werden. <\/p>\n<p>[\/et_pb_text][\/et_pb_column][et_pb_column type=&#8220;1_3&#8243; _builder_version=&#8220;4.16&#8243; background_position=&#8220;top_left&#8220; custom_padding=&#8220;0px|0px|0px|&#8220; global_colors_info=&#8220;{}&#8220; custom_padding__hover=&#8220;|||&#8220;][et_pb_text admin_label=&#8220;Text Abstandshalter&#8220; _builder_version=&#8220;4.16&#8243; custom_margin=&#8220;0px|0px|0px|0px&#8220; custom_padding=&#8220;0px|0px|0px|0px&#8220; locked=&#8220;off&#8220; global_colors_info=&#8220;{}&#8220;]<span style=\"color: #ffffff;\">:<\/span><br \/>\n<span style=\"color: #ffffff;\">:<\/span><br \/>\n[\/et_pb_text][et_pb_image src=&#8220;https:\/\/wonnebauer.de\/site\/wp-content\/uploads\/2018\/06\/Wonnebauer_trierischer_volksfreund_index.jpg&#8220; align_tablet=&#8220;center&#8220; align_phone=&#8220;&#8220; align_last_edited=&#8220;on|desktop&#8220; admin_label=&#8220;Bild Wonnebauer_trierischer_volksfreund_index&#8220; _builder_version=&#8220;4.16&#8243; custom_margin=&#8220;||0px|&#8220; global_colors_info=&#8220;{}&#8220;][\/et_pb_image][\/et_pb_column][\/et_pb_row][et_pb_row column_structure=&#8220;2_3,1_3&#8243; _builder_version=&#8220;4.16&#8243; global_colors_info=&#8220;{}&#8220;][et_pb_column type=&#8220;2_3&#8243; _builder_version=&#8220;4.16&#8243; background_position=&#8220;top_left&#8220; custom_padding=&#8220;0px|0px|0px|0px&#8220; global_colors_info=&#8220;{}&#8220; custom_padding__hover=&#8220;|||&#8220;][et_pb_text admin_label=&#8220;Text Abstandshalter&#8220; _builder_version=&#8220;4.16&#8243; custom_margin=&#8220;0px|0px|0px|0px&#8220; custom_padding=&#8220;0px|0px|0px|0px&#8220; global_colors_info=&#8220;{}&#8220;]<span style=\"color: #ffffff;\">:<\/span><br \/>\n<span style=\"color: #ffffff;\">:<\/span><br \/>\n[\/et_pb_text][et_pb_text admin_label=&#8220;Kolumne Besteuerung der \u00dcberstunden wird wohl ab 2024 rechtm\u00e4\u00dfig sein&#8220; _builder_version=&#8220;4.24.2&#8243; z_index_tablet=&#8220;500&#8243; text_text_shadow_horizontal_length_tablet=&#8220;0px&#8220; text_text_shadow_vertical_length_tablet=&#8220;0px&#8220; text_text_shadow_blur_strength_tablet=&#8220;1px&#8220; link_text_shadow_horizontal_length_tablet=&#8220;0px&#8220; link_text_shadow_vertical_length_tablet=&#8220;0px&#8220; link_text_shadow_blur_strength_tablet=&#8220;1px&#8220; ul_text_shadow_horizontal_length_tablet=&#8220;0px&#8220; ul_text_shadow_vertical_length_tablet=&#8220;0px&#8220; ul_text_shadow_blur_strength_tablet=&#8220;1px&#8220; ol_text_shadow_horizontal_length_tablet=&#8220;0px&#8220; ol_text_shadow_vertical_length_tablet=&#8220;0px&#8220; ol_text_shadow_blur_strength_tablet=&#8220;1px&#8220; quote_text_shadow_horizontal_length_tablet=&#8220;0px&#8220; quote_text_shadow_vertical_length_tablet=&#8220;0px&#8220; quote_text_shadow_blur_strength_tablet=&#8220;1px&#8220; header_text_shadow_horizontal_length_tablet=&#8220;0px&#8220; header_text_shadow_vertical_length_tablet=&#8220;0px&#8220; header_text_shadow_blur_strength_tablet=&#8220;1px&#8220; header_2_text_shadow_horizontal_length_tablet=&#8220;0px&#8220; header_2_text_shadow_vertical_length_tablet=&#8220;0px&#8220; header_2_text_shadow_blur_strength_tablet=&#8220;1px&#8220; header_3_text_shadow_horizontal_length_tablet=&#8220;0px&#8220; header_3_text_shadow_vertical_length_tablet=&#8220;0px&#8220; header_3_text_shadow_blur_strength_tablet=&#8220;1px&#8220; header_4_text_shadow_horizontal_length_tablet=&#8220;0px&#8220; header_4_text_shadow_vertical_length_tablet=&#8220;0px&#8220; header_4_text_shadow_blur_strength_tablet=&#8220;1px&#8220; header_5_text_shadow_horizontal_length_tablet=&#8220;0px&#8220; header_5_text_shadow_vertical_length_tablet=&#8220;0px&#8220; header_5_text_shadow_blur_strength_tablet=&#8220;1px&#8220; header_6_text_shadow_horizontal_length_tablet=&#8220;0px&#8220; header_6_text_shadow_vertical_length_tablet=&#8220;0px&#8220; header_6_text_shadow_blur_strength_tablet=&#8220;1px&#8220; box_shadow_horizontal_tablet=&#8220;0px&#8220; box_shadow_vertical_tablet=&#8220;0px&#8220; box_shadow_blur_tablet=&#8220;40px&#8220; box_shadow_spread_tablet=&#8220;0px&#8220; global_colors_info=&#8220;{}&#8220;]<\/p>\n<h3><span class=\"VIiyi\" lang=\"en\"><span class=\"JLqJ4b ChMk0b\" data-language-for-alternatives=\"en\" data-language-to-translate-into=\"de\" data-phrase-index=\"0\">Kolumne April: Die Besteuerung der \u00dcberstunden wird wohl ab 2024 rechtm\u00e4\u00dfig sein<br \/><\/span><\/span><\/h3>\n<p>[\/et_pb_text][et_pb_text admin_label=&#8220;Text Kolumne April: Besteuerung der \u00dcberstunden wird wohl ab 2024 rechtm\u00e4\u00dfig sein&#8220; _builder_version=&#8220;4.24.2&#8243; z_index_tablet=&#8220;500&#8243; text_text_shadow_horizontal_length_tablet=&#8220;0px&#8220; text_text_shadow_vertical_length_tablet=&#8220;0px&#8220; text_text_shadow_blur_strength_tablet=&#8220;1px&#8220; link_text_shadow_horizontal_length_tablet=&#8220;0px&#8220; link_text_shadow_vertical_length_tablet=&#8220;0px&#8220; link_text_shadow_blur_strength_tablet=&#8220;1px&#8220; ul_text_shadow_horizontal_length_tablet=&#8220;0px&#8220; ul_text_shadow_vertical_length_tablet=&#8220;0px&#8220; ul_text_shadow_blur_strength_tablet=&#8220;1px&#8220; ol_text_shadow_horizontal_length_tablet=&#8220;0px&#8220; ol_text_shadow_vertical_length_tablet=&#8220;0px&#8220; ol_text_shadow_blur_strength_tablet=&#8220;1px&#8220; quote_text_shadow_horizontal_length_tablet=&#8220;0px&#8220; quote_text_shadow_vertical_length_tablet=&#8220;0px&#8220; quote_text_shadow_blur_strength_tablet=&#8220;1px&#8220; header_text_shadow_horizontal_length_tablet=&#8220;0px&#8220; header_text_shadow_vertical_length_tablet=&#8220;0px&#8220; header_text_shadow_blur_strength_tablet=&#8220;1px&#8220; header_2_text_shadow_horizontal_length_tablet=&#8220;0px&#8220; header_2_text_shadow_vertical_length_tablet=&#8220;0px&#8220; header_2_text_shadow_blur_strength_tablet=&#8220;1px&#8220; header_3_text_shadow_horizontal_length_tablet=&#8220;0px&#8220; header_3_text_shadow_vertical_length_tablet=&#8220;0px&#8220; header_3_text_shadow_blur_strength_tablet=&#8220;1px&#8220; header_4_text_shadow_horizontal_length_tablet=&#8220;0px&#8220; header_4_text_shadow_vertical_length_tablet=&#8220;0px&#8220; header_4_text_shadow_blur_strength_tablet=&#8220;1px&#8220; header_5_text_shadow_horizontal_length_tablet=&#8220;0px&#8220; header_5_text_shadow_vertical_length_tablet=&#8220;0px&#8220; header_5_text_shadow_blur_strength_tablet=&#8220;1px&#8220; header_6_text_shadow_horizontal_length_tablet=&#8220;0px&#8220; header_6_text_shadow_vertical_length_tablet=&#8220;0px&#8220; header_6_text_shadow_blur_strength_tablet=&#8220;1px&#8220; box_shadow_horizontal_tablet=&#8220;0px&#8220; box_shadow_vertical_tablet=&#8220;0px&#8220; box_shadow_blur_tablet=&#8220;40px&#8220; box_shadow_spread_tablet=&#8220;0px&#8220; global_colors_info=&#8220;{}&#8220;]<\/p>\n<p>Die Besteuerung der \u00dcberstunden war nach dem alten DBA zwischen Deutschland und Luxemburg nicht m\u00f6glich. Erst die \u00c4nderung vom Juli 2023 hat dazu gef\u00fchrt. Denn hier hat die luxemburgische Ministerin unterschrieben, dass zwei neue Protokollziffern eingef\u00fcgt wurden. Hier wurde dann ausdr\u00fccklich vereinbart, dass auch Teile von Eink\u00fcnften besteuert werden k\u00f6nnen. Das war in dem alte DBA nicht der Fall. Diese Vorschrift wurde den Luxemburgern quasi untergejubelt. Denn nach der Rechtsprechung war es nach der These des BFH von der sogenannten Eink\u00fcnfteeinheit nicht m\u00f6glich Einkunftsteile wie \u00dcberstunden gesondert in Deutschland zu besteuern. Das hat zwar das Bundesministerium der Finanzen so gesehen, w\u00e4re aber in einem Rahmen des Gerichtsverfahren damit nicht durchgekommen.<\/p>\n<p>Soweit also das Finanzamt darstellt, es h\u00e4tte sich nichts ge\u00e4ndert, ist dies nicht ganz richtig. Des Weiteren stellt sich die Frage, ob tats\u00e4chlich eine r\u00fcckwirkende Besteuerung der \u00dcberstunden \u00fcberhaupt m\u00f6glich ist, da dies eben nach dem alten DBA nicht der Fall war. Hier stand nicht Teile von Eink\u00fcnften, sondern nur Eink\u00fcnfte.<\/p>\n<p>Diese Rechtsprechung stammt aus dem Jahr 1997. Soweit nun also die Konsultationsvereinbarung darstellt, dass die neue Rechtslage auf alle alten F\u00e4lle angewendet wird, wird dies in jedem Fall gerichtlich zu pr\u00fcfen sein. Ich kann mir nicht vorstellen, dass die Finanz\u00e4mter damit durchkommen.<\/p>\n<p>Eine L\u00f6sung aus dem Dilemma k\u00f6nnte sein, dass auch in Deutschland \u00dcberstunden steuerfrei gestellt werden, sowie es die FDP jetzt fordert. Denn Deutschland wird dann nicht besteuern, wenn dies auch in Deutschland nicht gesetzlich m\u00f6glich ist.<\/p>\n<p>Auf der anderen Seite haben die luxemburger Unternehmer ab sofort die M\u00f6glichkeit, ihre Gehaltsstruktur umzustellen. \u00dcberstunden m\u00fcssen ja auch nicht ausgezahlt werden, sondern k\u00f6nnen abgefeiert werden, was in vielen Branchen \u00fcblich ist. Arbeitgeber haben auch die M\u00f6glichkeit Arbeitszeitkonten einzuf\u00fchren, wonach \u00dcberstunden zwar zun\u00e4chst anfallen, jedoch sp\u00e4ter wieder abgefeiert werden k\u00f6nnen. Auch damit kann die Besteuerung ab dem Jahr 2024 praktisch umgangen werden. <\/p>\n<p>[\/et_pb_text][\/et_pb_column][et_pb_column type=&#8220;1_3&#8243; _builder_version=&#8220;4.16&#8243; background_position=&#8220;top_left&#8220; custom_padding=&#8220;0px|0px|0px|&#8220; global_colors_info=&#8220;{}&#8220; custom_padding__hover=&#8220;|||&#8220;][et_pb_text admin_label=&#8220;Text Abstandshalter&#8220; _builder_version=&#8220;4.16&#8243; custom_margin=&#8220;0px|0px|0px|0px&#8220; custom_padding=&#8220;0px|0px|0px|0px&#8220; locked=&#8220;off&#8220; global_colors_info=&#8220;{}&#8220;]<span style=\"color: #ffffff;\">:<\/span><br \/>\n<span style=\"color: #ffffff;\">:<\/span><br \/>\n[\/et_pb_text][et_pb_image src=&#8220;https:\/\/wonnebauer.de\/site\/wp-content\/uploads\/2018\/06\/Wonnebauer_trierischer_volksfreund_index.jpg&#8220; align_tablet=&#8220;center&#8220; align_phone=&#8220;&#8220; align_last_edited=&#8220;on|desktop&#8220; admin_label=&#8220;Bild Wonnebauer_trierischer_volksfreund_index&#8220; _builder_version=&#8220;4.16&#8243; custom_margin=&#8220;||0px|&#8220; global_colors_info=&#8220;{}&#8220;][\/et_pb_image][\/et_pb_column][\/et_pb_row][et_pb_row column_structure=&#8220;2_3,1_3&#8243; _builder_version=&#8220;4.16&#8243; global_colors_info=&#8220;{}&#8220;][et_pb_column type=&#8220;2_3&#8243; _builder_version=&#8220;4.16&#8243; background_position=&#8220;top_left&#8220; custom_padding=&#8220;0px|0px|0px|0px&#8220; global_colors_info=&#8220;{}&#8220; custom_padding__hover=&#8220;|||&#8220;][et_pb_text admin_label=&#8220;Text Abstandshalter&#8220; _builder_version=&#8220;4.16&#8243; custom_margin=&#8220;0px|0px|0px|0px&#8220; custom_padding=&#8220;0px|0px|0px|0px&#8220; global_colors_info=&#8220;{}&#8220;]<span style=\"color: #ffffff;\">:<\/span><br \/>\n<span style=\"color: #ffffff;\">:<\/span><br \/>\n[\/et_pb_text][et_pb_text admin_label=&#8220;Kolumne Besteuerung der \u00dcberstunden wird wohl ab 2024 rechtm\u00e4\u00dfig sein&#8220; _builder_version=&#8220;4.24.2&#8243; z_index_tablet=&#8220;500&#8243; text_text_shadow_horizontal_length_tablet=&#8220;0px&#8220; text_text_shadow_vertical_length_tablet=&#8220;0px&#8220; text_text_shadow_blur_strength_tablet=&#8220;1px&#8220; link_text_shadow_horizontal_length_tablet=&#8220;0px&#8220; link_text_shadow_vertical_length_tablet=&#8220;0px&#8220; link_text_shadow_blur_strength_tablet=&#8220;1px&#8220; ul_text_shadow_horizontal_length_tablet=&#8220;0px&#8220; ul_text_shadow_vertical_length_tablet=&#8220;0px&#8220; ul_text_shadow_blur_strength_tablet=&#8220;1px&#8220; ol_text_shadow_horizontal_length_tablet=&#8220;0px&#8220; ol_text_shadow_vertical_length_tablet=&#8220;0px&#8220; ol_text_shadow_blur_strength_tablet=&#8220;1px&#8220; quote_text_shadow_horizontal_length_tablet=&#8220;0px&#8220; quote_text_shadow_vertical_length_tablet=&#8220;0px&#8220; quote_text_shadow_blur_strength_tablet=&#8220;1px&#8220; header_text_shadow_horizontal_length_tablet=&#8220;0px&#8220; header_text_shadow_vertical_length_tablet=&#8220;0px&#8220; header_text_shadow_blur_strength_tablet=&#8220;1px&#8220; header_2_text_shadow_horizontal_length_tablet=&#8220;0px&#8220; header_2_text_shadow_vertical_length_tablet=&#8220;0px&#8220; header_2_text_shadow_blur_strength_tablet=&#8220;1px&#8220; header_3_text_shadow_horizontal_length_tablet=&#8220;0px&#8220; header_3_text_shadow_vertical_length_tablet=&#8220;0px&#8220; header_3_text_shadow_blur_strength_tablet=&#8220;1px&#8220; header_4_text_shadow_horizontal_length_tablet=&#8220;0px&#8220; header_4_text_shadow_vertical_length_tablet=&#8220;0px&#8220; header_4_text_shadow_blur_strength_tablet=&#8220;1px&#8220; header_5_text_shadow_horizontal_length_tablet=&#8220;0px&#8220; header_5_text_shadow_vertical_length_tablet=&#8220;0px&#8220; header_5_text_shadow_blur_strength_tablet=&#8220;1px&#8220; header_6_text_shadow_horizontal_length_tablet=&#8220;0px&#8220; header_6_text_shadow_vertical_length_tablet=&#8220;0px&#8220; header_6_text_shadow_blur_strength_tablet=&#8220;1px&#8220; box_shadow_horizontal_tablet=&#8220;0px&#8220; box_shadow_vertical_tablet=&#8220;0px&#8220; box_shadow_blur_tablet=&#8220;40px&#8220; box_shadow_spread_tablet=&#8220;0px&#8220; global_colors_info=&#8220;{}&#8220;]<\/p>\n<h3><span class=\"VIiyi\" lang=\"en\"><span class=\"JLqJ4b ChMk0b\" data-language-for-alternatives=\"en\" data-language-to-translate-into=\"de\" data-phrase-index=\"0\">Kolumne April: Die Besteuerung der \u00dcberstunden wird wohl ab 2024 rechtm\u00e4\u00dfig sein<br \/><\/span><\/span><\/h3>\n<p>[\/et_pb_text][et_pb_text admin_label=&#8220;Text Kolumne April: Besteuerung der \u00dcberstunden wird wohl ab 2024 rechtm\u00e4\u00dfig sein&#8220; _builder_version=&#8220;4.24.2&#8243; z_index_tablet=&#8220;500&#8243; text_text_shadow_horizontal_length_tablet=&#8220;0px&#8220; text_text_shadow_vertical_length_tablet=&#8220;0px&#8220; text_text_shadow_blur_strength_tablet=&#8220;1px&#8220; link_text_shadow_horizontal_length_tablet=&#8220;0px&#8220; link_text_shadow_vertical_length_tablet=&#8220;0px&#8220; link_text_shadow_blur_strength_tablet=&#8220;1px&#8220; ul_text_shadow_horizontal_length_tablet=&#8220;0px&#8220; ul_text_shadow_vertical_length_tablet=&#8220;0px&#8220; ul_text_shadow_blur_strength_tablet=&#8220;1px&#8220; ol_text_shadow_horizontal_length_tablet=&#8220;0px&#8220; ol_text_shadow_vertical_length_tablet=&#8220;0px&#8220; ol_text_shadow_blur_strength_tablet=&#8220;1px&#8220; quote_text_shadow_horizontal_length_tablet=&#8220;0px&#8220; quote_text_shadow_vertical_length_tablet=&#8220;0px&#8220; quote_text_shadow_blur_strength_tablet=&#8220;1px&#8220; header_text_shadow_horizontal_length_tablet=&#8220;0px&#8220; header_text_shadow_vertical_length_tablet=&#8220;0px&#8220; header_text_shadow_blur_strength_tablet=&#8220;1px&#8220; header_2_text_shadow_horizontal_length_tablet=&#8220;0px&#8220; header_2_text_shadow_vertical_length_tablet=&#8220;0px&#8220; header_2_text_shadow_blur_strength_tablet=&#8220;1px&#8220; header_3_text_shadow_horizontal_length_tablet=&#8220;0px&#8220; header_3_text_shadow_vertical_length_tablet=&#8220;0px&#8220; header_3_text_shadow_blur_strength_tablet=&#8220;1px&#8220; header_4_text_shadow_horizontal_length_tablet=&#8220;0px&#8220; header_4_text_shadow_vertical_length_tablet=&#8220;0px&#8220; header_4_text_shadow_blur_strength_tablet=&#8220;1px&#8220; header_5_text_shadow_horizontal_length_tablet=&#8220;0px&#8220; header_5_text_shadow_vertical_length_tablet=&#8220;0px&#8220; header_5_text_shadow_blur_strength_tablet=&#8220;1px&#8220; header_6_text_shadow_horizontal_length_tablet=&#8220;0px&#8220; header_6_text_shadow_vertical_length_tablet=&#8220;0px&#8220; header_6_text_shadow_blur_strength_tablet=&#8220;1px&#8220; box_shadow_horizontal_tablet=&#8220;0px&#8220; box_shadow_vertical_tablet=&#8220;0px&#8220; box_shadow_blur_tablet=&#8220;40px&#8220; box_shadow_spread_tablet=&#8220;0px&#8220; global_colors_info=&#8220;{}&#8220;]<\/p>\n<p>Die Besteuerung der \u00dcberstunden war nach dem alten DBA zwischen Deutschland und Luxemburg nicht m\u00f6glich. Erst die \u00c4nderung vom Juli 2023 hat dazu gef\u00fchrt. Denn hier hat die luxemburgische Ministerin unterschrieben, dass zwei neue Protokollziffern eingef\u00fcgt wurden. Hier wurde dann ausdr\u00fccklich vereinbart, dass auch Teile von Eink\u00fcnften besteuert werden k\u00f6nnen. Das war in dem alte DBA nicht der Fall. Diese Vorschrift wurde den Luxemburgern quasi untergejubelt. Denn nach der Rechtsprechung war es nach der These des BFH von der sogenannten Eink\u00fcnfteeinheit nicht m\u00f6glich Einkunftsteile wie \u00dcberstunden gesondert in Deutschland zu besteuern. Das hat zwar das Bundesministerium der Finanzen so gesehen, w\u00e4re aber in einem Rahmen des Gerichtsverfahren damit nicht durchgekommen.<\/p>\n<p>Soweit also das Finanzamt darstellt, es h\u00e4tte sich nichts ge\u00e4ndert, ist dies nicht ganz richtig. Des Weiteren stellt sich die Frage, ob tats\u00e4chlich eine r\u00fcckwirkende Besteuerung der \u00dcberstunden \u00fcberhaupt m\u00f6glich ist, da dies eben nach dem alten DBA nicht der Fall war. Hier stand nicht Teile von Eink\u00fcnften, sondern nur Eink\u00fcnfte.<\/p>\n<p>Diese Rechtsprechung stammt aus dem Jahr 1997. Soweit nun also die Konsultationsvereinbarung darstellt, dass die neue Rechtslage auf alle alten F\u00e4lle angewendet wird, wird dies in jedem Fall gerichtlich zu pr\u00fcfen sein. Ich kann mir nicht vorstellen, dass die Finanz\u00e4mter damit durchkommen.<\/p>\n<p>Eine L\u00f6sung aus dem Dilemma k\u00f6nnte sein, dass auch in Deutschland \u00dcberstunden steuerfrei gestellt werden, sowie es die FDP jetzt fordert. Denn Deutschland wird dann nicht besteuern, wenn dies auch in Deutschland nicht gesetzlich m\u00f6glich ist.<\/p>\n<p>Auf der anderen Seite haben die luxemburger Unternehmer ab sofort die M\u00f6glichkeit, ihre Gehaltsstruktur umzustellen. \u00dcberstunden m\u00fcssen ja auch nicht ausgezahlt werden, sondern k\u00f6nnen abgefeiert werden, was in vielen Branchen \u00fcblich ist. Arbeitgeber haben auch die M\u00f6glichkeit Arbeitszeitkonten einzuf\u00fchren, wonach \u00dcberstunden zwar zun\u00e4chst anfallen, jedoch sp\u00e4ter wieder abgefeiert werden k\u00f6nnen. Auch damit kann die Besteuerung ab dem Jahr 2024 praktisch umgangen werden. <\/p>\n<p>[\/et_pb_text][\/et_pb_column][et_pb_column type=&#8220;1_3&#8243; _builder_version=&#8220;4.16&#8243; background_position=&#8220;top_left&#8220; custom_padding=&#8220;0px|0px|0px|&#8220; global_colors_info=&#8220;{}&#8220; custom_padding__hover=&#8220;|||&#8220;][et_pb_text admin_label=&#8220;Text Abstandshalter&#8220; _builder_version=&#8220;4.16&#8243; custom_margin=&#8220;0px|0px|0px|0px&#8220; custom_padding=&#8220;0px|0px|0px|0px&#8220; locked=&#8220;off&#8220; global_colors_info=&#8220;{}&#8220;]<span style=\"color: #ffffff;\">:<\/span><br \/>\n<span style=\"color: #ffffff;\">:<\/span><br \/>\n[\/et_pb_text][et_pb_image src=&#8220;https:\/\/wonnebauer.de\/site\/wp-content\/uploads\/2018\/06\/Wonnebauer_trierischer_volksfreund_index.jpg&#8220; align_tablet=&#8220;center&#8220; align_phone=&#8220;&#8220; align_last_edited=&#8220;on|desktop&#8220; admin_label=&#8220;Bild Wonnebauer_trierischer_volksfreund_index&#8220; _builder_version=&#8220;4.16&#8243; custom_margin=&#8220;||0px|&#8220; global_colors_info=&#8220;{}&#8220;][\/et_pb_image][\/et_pb_column][\/et_pb_row][et_pb_row column_structure=&#8220;2_3,1_3&#8243; _builder_version=&#8220;4.16&#8243; global_colors_info=&#8220;{}&#8220;][et_pb_column type=&#8220;2_3&#8243; _builder_version=&#8220;4.16&#8243; background_position=&#8220;top_left&#8220; custom_padding=&#8220;0px|0px|0px|0px&#8220; global_colors_info=&#8220;{}&#8220; custom_padding__hover=&#8220;|||&#8220;][et_pb_text admin_label=&#8220;Text Abstandshalter&#8220; _builder_version=&#8220;4.16&#8243; custom_margin=&#8220;0px|0px|0px|0px&#8220; custom_padding=&#8220;0px|0px|0px|0px&#8220; global_colors_info=&#8220;{}&#8220;]<span style=\"color: #ffffff;\">:<\/span><br \/>\n<span style=\"color: #ffffff;\">:<\/span><br \/>\n[\/et_pb_text][et_pb_text admin_label=&#8220;Kolumne 50-Tage Grenze kann mit 13.000,00-Euro Grenze kombiniert werden&#8220; _builder_version=&#8220;4.23.1&#8243; z_index_tablet=&#8220;500&#8243; text_text_shadow_horizontal_length_tablet=&#8220;0px&#8220; text_text_shadow_vertical_length_tablet=&#8220;0px&#8220; text_text_shadow_blur_strength_tablet=&#8220;1px&#8220; link_text_shadow_horizontal_length_tablet=&#8220;0px&#8220; link_text_shadow_vertical_length_tablet=&#8220;0px&#8220; link_text_shadow_blur_strength_tablet=&#8220;1px&#8220; ul_text_shadow_horizontal_length_tablet=&#8220;0px&#8220; ul_text_shadow_vertical_length_tablet=&#8220;0px&#8220; ul_text_shadow_blur_strength_tablet=&#8220;1px&#8220; ol_text_shadow_horizontal_length_tablet=&#8220;0px&#8220; ol_text_shadow_vertical_length_tablet=&#8220;0px&#8220; ol_text_shadow_blur_strength_tablet=&#8220;1px&#8220; quote_text_shadow_horizontal_length_tablet=&#8220;0px&#8220; quote_text_shadow_vertical_length_tablet=&#8220;0px&#8220; quote_text_shadow_blur_strength_tablet=&#8220;1px&#8220; header_text_shadow_horizontal_length_tablet=&#8220;0px&#8220; header_text_shadow_vertical_length_tablet=&#8220;0px&#8220; header_text_shadow_blur_strength_tablet=&#8220;1px&#8220; header_2_text_shadow_horizontal_length_tablet=&#8220;0px&#8220; header_2_text_shadow_vertical_length_tablet=&#8220;0px&#8220; header_2_text_shadow_blur_strength_tablet=&#8220;1px&#8220; header_3_text_shadow_horizontal_length_tablet=&#8220;0px&#8220; header_3_text_shadow_vertical_length_tablet=&#8220;0px&#8220; header_3_text_shadow_blur_strength_tablet=&#8220;1px&#8220; header_4_text_shadow_horizontal_length_tablet=&#8220;0px&#8220; header_4_text_shadow_vertical_length_tablet=&#8220;0px&#8220; header_4_text_shadow_blur_strength_tablet=&#8220;1px&#8220; header_5_text_shadow_horizontal_length_tablet=&#8220;0px&#8220; header_5_text_shadow_vertical_length_tablet=&#8220;0px&#8220; header_5_text_shadow_blur_strength_tablet=&#8220;1px&#8220; header_6_text_shadow_horizontal_length_tablet=&#8220;0px&#8220; header_6_text_shadow_vertical_length_tablet=&#8220;0px&#8220; header_6_text_shadow_blur_strength_tablet=&#8220;1px&#8220; box_shadow_horizontal_tablet=&#8220;0px&#8220; box_shadow_vertical_tablet=&#8220;0px&#8220; box_shadow_blur_tablet=&#8220;40px&#8220; box_shadow_spread_tablet=&#8220;0px&#8220; global_colors_info=&#8220;{}&#8220;]<\/p>\n<h3><span class=\"VIiyi\" lang=\"en\"><span class=\"JLqJ4b ChMk0b\" data-language-for-alternatives=\"en\" data-language-to-translate-into=\"de\" data-phrase-index=\"0\">50-Tage-Grenze kann mit 13.000,00-Euro-Grenze kombiniert werden<\/span><\/span><\/h3>\n<p>[\/et_pb_text][et_pb_text admin_label=&#8220;Text Kolumne November: Pflegeversicherung wird jetzt bearbeitet &#8220; _builder_version=&#8220;4.23.1&#8243; z_index_tablet=&#8220;500&#8243; text_text_shadow_horizontal_length_tablet=&#8220;0px&#8220; text_text_shadow_vertical_length_tablet=&#8220;0px&#8220; text_text_shadow_blur_strength_tablet=&#8220;1px&#8220; link_text_shadow_horizontal_length_tablet=&#8220;0px&#8220; link_text_shadow_vertical_length_tablet=&#8220;0px&#8220; link_text_shadow_blur_strength_tablet=&#8220;1px&#8220; ul_text_shadow_horizontal_length_tablet=&#8220;0px&#8220; ul_text_shadow_vertical_length_tablet=&#8220;0px&#8220; ul_text_shadow_blur_strength_tablet=&#8220;1px&#8220; ol_text_shadow_horizontal_length_tablet=&#8220;0px&#8220; ol_text_shadow_vertical_length_tablet=&#8220;0px&#8220; ol_text_shadow_blur_strength_tablet=&#8220;1px&#8220; quote_text_shadow_horizontal_length_tablet=&#8220;0px&#8220; quote_text_shadow_vertical_length_tablet=&#8220;0px&#8220; quote_text_shadow_blur_strength_tablet=&#8220;1px&#8220; header_text_shadow_horizontal_length_tablet=&#8220;0px&#8220; header_text_shadow_vertical_length_tablet=&#8220;0px&#8220; header_text_shadow_blur_strength_tablet=&#8220;1px&#8220; header_2_text_shadow_horizontal_length_tablet=&#8220;0px&#8220; header_2_text_shadow_vertical_length_tablet=&#8220;0px&#8220; header_2_text_shadow_blur_strength_tablet=&#8220;1px&#8220; header_3_text_shadow_horizontal_length_tablet=&#8220;0px&#8220; header_3_text_shadow_vertical_length_tablet=&#8220;0px&#8220; header_3_text_shadow_blur_strength_tablet=&#8220;1px&#8220; header_4_text_shadow_horizontal_length_tablet=&#8220;0px&#8220; header_4_text_shadow_vertical_length_tablet=&#8220;0px&#8220; header_4_text_shadow_blur_strength_tablet=&#8220;1px&#8220; header_5_text_shadow_horizontal_length_tablet=&#8220;0px&#8220; header_5_text_shadow_vertical_length_tablet=&#8220;0px&#8220; header_5_text_shadow_blur_strength_tablet=&#8220;1px&#8220; header_6_text_shadow_horizontal_length_tablet=&#8220;0px&#8220; header_6_text_shadow_vertical_length_tablet=&#8220;0px&#8220; header_6_text_shadow_blur_strength_tablet=&#8220;1px&#8220; box_shadow_horizontal_tablet=&#8220;0px&#8220; box_shadow_vertical_tablet=&#8220;0px&#8220; box_shadow_blur_tablet=&#8220;40px&#8220; box_shadow_spread_tablet=&#8220;0px&#8220; global_colors_info=&#8220;{}&#8220;]<\/p>\n<p>Grenzg\u00e4nger k\u00f6nnen wie Gebietsans\u00e4ssige in der luxemburger Steuererkl\u00e4rung behandelt werden, wenn sie 90% ihrer Eink\u00fcnfte in Luxemburg erzielen.<\/p>\n<p>Die Grenze gilt nur f\u00fcr den Grenzg\u00e4nger. Das Einkommen des Ehegatten, der kein Grenzg\u00e4nger ist, spielt hierf\u00fcr keine Rolle. Von diesem Grundsatz gibt es zwei Ausnahmen.<\/p>\n<p>Die eine Ausnahme ist die 50-Tage-Regel. Sie besagt, dass der Grenzg\u00e4nger bis zu 50 Tage au\u00dferhalb Luxemburg arbeiten kann. 50 Tage machen bei Vollzeitarbeitsverh\u00e4ltnissen\u00a0 jedoch schon 22% der Gesamtarbeitszeit aus. In diesem Falle wird jedoch fingiert, dass die 90% eingehalten werden. Die zweite Ausnahme, die meistens auf Renten- oder Vermietungseink\u00fcnfte angewendet wird besagt, dass die 90% ebenfalls nicht gebrochen werden, solange die deutschen Eink\u00fcnfte unter 13.000,00 Euro liegen.<\/p>\n<p>Es war seit der Steuerreform fraglich, ob beide Regeln miteinander kombiniert werden k\u00f6nnen. Die Antwort lautete in der Vergangenheit eindeutig: Nein.<\/p>\n<p>Das h\u00e4tte jedoch bedeutet, dass Grenzg\u00e4nger kein Homeoffice machen k\u00f6nnen, soweit sie Vermietungs- oder Kapitalertr\u00e4ge haben. Denn mangels Kombination der beiden Sonderregeln h\u00e4tte man die 90%-Grenze nicht erreicht. Auf eine aktuelle Anfrage hat das B\u00fcro Z in einem konkreten Fall best\u00e4tigt, dass beide Regeln kombiniert werden k\u00f6nnen.<\/p>\n<p>Dies bedeutet f\u00fcr Grenzg\u00e4nger eine h\u00f6here Flexibilit\u00e4t.<\/p>\n<p>[\/et_pb_text][\/et_pb_column][et_pb_column type=&#8220;1_3&#8243; _builder_version=&#8220;4.16&#8243; background_position=&#8220;top_left&#8220; custom_padding=&#8220;0px|0px|0px|&#8220; global_colors_info=&#8220;{}&#8220; custom_padding__hover=&#8220;|||&#8220;][et_pb_text admin_label=&#8220;Text Abstandshalter&#8220; _builder_version=&#8220;4.16&#8243; custom_margin=&#8220;0px|0px|0px|0px&#8220; custom_padding=&#8220;0px|0px|0px|0px&#8220; locked=&#8220;off&#8220; global_colors_info=&#8220;{}&#8220;]<span style=\"color: #ffffff;\">:<\/span><br \/>\n<span style=\"color: #ffffff;\">:<\/span><br \/>\n[\/et_pb_text][et_pb_image src=&#8220;https:\/\/wonnebauer.de\/site\/wp-content\/uploads\/2018\/06\/Wonnebauer_trierischer_volksfreund_index.jpg&#8220; align_tablet=&#8220;center&#8220; align_phone=&#8220;&#8220; align_last_edited=&#8220;on|desktop&#8220; admin_label=&#8220;Bild Wonnebauer_trierischer_volksfreund_index&#8220; _builder_version=&#8220;4.16&#8243; custom_margin=&#8220;||0px|&#8220; global_colors_info=&#8220;{}&#8220;][\/et_pb_image][\/et_pb_column][\/et_pb_row][et_pb_row column_structure=&#8220;2_3,1_3&#8243; _builder_version=&#8220;4.16&#8243; global_colors_info=&#8220;{}&#8220;][et_pb_column type=&#8220;2_3&#8243; _builder_version=&#8220;4.16&#8243; background_position=&#8220;top_left&#8220; custom_padding=&#8220;0px|0px|0px|0px&#8220; global_colors_info=&#8220;{}&#8220; custom_padding__hover=&#8220;|||&#8220;][et_pb_text admin_label=&#8220;Text Abstandshalter&#8220; _builder_version=&#8220;4.16&#8243; custom_margin=&#8220;0px|0px|0px|0px&#8220; custom_padding=&#8220;0px|0px|0px|0px&#8220; global_colors_info=&#8220;{}&#8220;]<span style=\"color: #ffffff;\">:<\/span><br \/>\n<span style=\"color: #ffffff;\">:<\/span><br \/>\n[\/et_pb_text][et_pb_text admin_label=&#8220;Kolumne November: Pflegeversicherung wird jetzt bearbeitet &#8220; _builder_version=&#8220;4.22.1&#8243; z_index_tablet=&#8220;500&#8243; text_text_shadow_horizontal_length_tablet=&#8220;0px&#8220; text_text_shadow_vertical_length_tablet=&#8220;0px&#8220; text_text_shadow_blur_strength_tablet=&#8220;1px&#8220; link_text_shadow_horizontal_length_tablet=&#8220;0px&#8220; link_text_shadow_vertical_length_tablet=&#8220;0px&#8220; link_text_shadow_blur_strength_tablet=&#8220;1px&#8220; ul_text_shadow_horizontal_length_tablet=&#8220;0px&#8220; ul_text_shadow_vertical_length_tablet=&#8220;0px&#8220; ul_text_shadow_blur_strength_tablet=&#8220;1px&#8220; ol_text_shadow_horizontal_length_tablet=&#8220;0px&#8220; ol_text_shadow_vertical_length_tablet=&#8220;0px&#8220; ol_text_shadow_blur_strength_tablet=&#8220;1px&#8220; quote_text_shadow_horizontal_length_tablet=&#8220;0px&#8220; quote_text_shadow_vertical_length_tablet=&#8220;0px&#8220; quote_text_shadow_blur_strength_tablet=&#8220;1px&#8220; header_text_shadow_horizontal_length_tablet=&#8220;0px&#8220; header_text_shadow_vertical_length_tablet=&#8220;0px&#8220; header_text_shadow_blur_strength_tablet=&#8220;1px&#8220; header_2_text_shadow_horizontal_length_tablet=&#8220;0px&#8220; header_2_text_shadow_vertical_length_tablet=&#8220;0px&#8220; header_2_text_shadow_blur_strength_tablet=&#8220;1px&#8220; header_3_text_shadow_horizontal_length_tablet=&#8220;0px&#8220; header_3_text_shadow_vertical_length_tablet=&#8220;0px&#8220; header_3_text_shadow_blur_strength_tablet=&#8220;1px&#8220; header_4_text_shadow_horizontal_length_tablet=&#8220;0px&#8220; header_4_text_shadow_vertical_length_tablet=&#8220;0px&#8220; header_4_text_shadow_blur_strength_tablet=&#8220;1px&#8220; header_5_text_shadow_horizontal_length_tablet=&#8220;0px&#8220; header_5_text_shadow_vertical_length_tablet=&#8220;0px&#8220; header_5_text_shadow_blur_strength_tablet=&#8220;1px&#8220; header_6_text_shadow_horizontal_length_tablet=&#8220;0px&#8220; header_6_text_shadow_vertical_length_tablet=&#8220;0px&#8220; header_6_text_shadow_blur_strength_tablet=&#8220;1px&#8220; box_shadow_horizontal_tablet=&#8220;0px&#8220; box_shadow_vertical_tablet=&#8220;0px&#8220; box_shadow_blur_tablet=&#8220;40px&#8220; box_shadow_spread_tablet=&#8220;0px&#8220; global_colors_info=&#8220;{}&#8220;]<\/p>\n<h3><span class=\"VIiyi\" lang=\"en\"><span class=\"JLqJ4b ChMk0b\" data-language-for-alternatives=\"en\" data-language-to-translate-into=\"de\" data-phrase-index=\"0\">Pflegeversicherung wird jetzt bearbeitet<br \/>\n<\/span><\/span><\/h3>\n<p>[\/et_pb_text][et_pb_text admin_label=&#8220;Text Kolumne November: Pflegeversicherung wird jetzt bearbeitet &#8220; _builder_version=&#8220;4.22.1&#8243; z_index_tablet=&#8220;500&#8243; text_text_shadow_horizontal_length_tablet=&#8220;0px&#8220; text_text_shadow_vertical_length_tablet=&#8220;0px&#8220; text_text_shadow_blur_strength_tablet=&#8220;1px&#8220; link_text_shadow_horizontal_length_tablet=&#8220;0px&#8220; link_text_shadow_vertical_length_tablet=&#8220;0px&#8220; link_text_shadow_blur_strength_tablet=&#8220;1px&#8220; ul_text_shadow_horizontal_length_tablet=&#8220;0px&#8220; ul_text_shadow_vertical_length_tablet=&#8220;0px&#8220; ul_text_shadow_blur_strength_tablet=&#8220;1px&#8220; ol_text_shadow_horizontal_length_tablet=&#8220;0px&#8220; ol_text_shadow_vertical_length_tablet=&#8220;0px&#8220; ol_text_shadow_blur_strength_tablet=&#8220;1px&#8220; quote_text_shadow_horizontal_length_tablet=&#8220;0px&#8220; quote_text_shadow_vertical_length_tablet=&#8220;0px&#8220; quote_text_shadow_blur_strength_tablet=&#8220;1px&#8220; header_text_shadow_horizontal_length_tablet=&#8220;0px&#8220; header_text_shadow_vertical_length_tablet=&#8220;0px&#8220; header_text_shadow_blur_strength_tablet=&#8220;1px&#8220; header_2_text_shadow_horizontal_length_tablet=&#8220;0px&#8220; header_2_text_shadow_vertical_length_tablet=&#8220;0px&#8220; header_2_text_shadow_blur_strength_tablet=&#8220;1px&#8220; header_3_text_shadow_horizontal_length_tablet=&#8220;0px&#8220; header_3_text_shadow_vertical_length_tablet=&#8220;0px&#8220; header_3_text_shadow_blur_strength_tablet=&#8220;1px&#8220; header_4_text_shadow_horizontal_length_tablet=&#8220;0px&#8220; header_4_text_shadow_vertical_length_tablet=&#8220;0px&#8220; header_4_text_shadow_blur_strength_tablet=&#8220;1px&#8220; header_5_text_shadow_horizontal_length_tablet=&#8220;0px&#8220; header_5_text_shadow_vertical_length_tablet=&#8220;0px&#8220; header_5_text_shadow_blur_strength_tablet=&#8220;1px&#8220; header_6_text_shadow_horizontal_length_tablet=&#8220;0px&#8220; header_6_text_shadow_vertical_length_tablet=&#8220;0px&#8220; header_6_text_shadow_blur_strength_tablet=&#8220;1px&#8220; box_shadow_horizontal_tablet=&#8220;0px&#8220; box_shadow_vertical_tablet=&#8220;0px&#8220; box_shadow_blur_tablet=&#8220;40px&#8220; box_shadow_spread_tablet=&#8220;0px&#8220; global_colors_info=&#8220;{}&#8220;]Grenzg\u00e4nger haben in ihren deutschen Steuererkl\u00e4rungen oftmals die luxemburgische Pflegeversicherung angesetzt.<\/p>\n<p>Hintergrund war ein Urteil des Europ\u00e4ischen Gerichtshofes in der Sache \u201eBechtel\u201c.<\/p>\n<p>Der Bundesfinanzhof hatte diesbez\u00fcglich auch schon zugunsten eines Grenzg\u00e4ngers entschieden. Die Rechtslage ist eigentlich eindeutig.<\/p>\n<p>Allerdings durften die Finanz\u00e4mter das Urteil nicht anwenden. Hierzu hatte ihnen eine Anweisung des Ministeriums gefehlt. Die Anweisung besteht in der Ver\u00f6ffentlichung des Urteils des Bundesfinanzhofes im Bundessteuerblatt.<\/p>\n<p>Tausende Einspr\u00fcche ruhen daher seit \u00fcber einem Jahr &#8211; zum \u00c4rgernis der Steuerpflichtigen, aber auch der Finanz\u00e4mter.<\/p>\n<p>Nun gibt es eine Wendung: Auf Bund-L\u00e4nder-Ebene wurde nun entschieden, dass die Urteilsgrunds\u00e4tze bereits vor Ver\u00f6ffentlichung im Bundessteuerblatt angewendet werden k\u00f6nnen.<\/p>\n<p>Demnach ist ein Abzug der von Arbeitnehmern im Besch\u00e4ftigungsstaat Luxemburg geleisteten Sozialversicherungsbeitr\u00e4ge zur Pflegeversicherung als Sonderausgaben anzuerkennen.<\/p>\n<p>Die deutschen Finanz\u00e4mter werden die Einspr\u00fcche also jetzt in Angriff nehmen. Aktuell sind auch schon entsprechende Steuerbescheide ergangen.<\/p>\n<p>Eine gute Nachricht f\u00fcr alle Grenzg\u00e4nger.<br \/>\n[\/et_pb_text][\/et_pb_column][et_pb_column type=&#8220;1_3&#8243; _builder_version=&#8220;4.16&#8243; background_position=&#8220;top_left&#8220; custom_padding=&#8220;0px|0px|0px|&#8220; global_colors_info=&#8220;{}&#8220; custom_padding__hover=&#8220;|||&#8220;][et_pb_text admin_label=&#8220;Text Abstandshalter&#8220; _builder_version=&#8220;4.16&#8243; custom_margin=&#8220;0px|0px|0px|0px&#8220; custom_padding=&#8220;0px|0px|0px|0px&#8220; locked=&#8220;off&#8220; global_colors_info=&#8220;{}&#8220;]<span style=\"color: #ffffff;\">:<\/span><br \/>\n<span style=\"color: #ffffff;\">:<\/span><br \/>\n[\/et_pb_text][et_pb_image src=&#8220;https:\/\/wonnebauer.de\/site\/wp-content\/uploads\/2018\/06\/Wonnebauer_trierischer_volksfreund_index.jpg&#8220; align_tablet=&#8220;center&#8220; align_phone=&#8220;&#8220; align_last_edited=&#8220;on|desktop&#8220; admin_label=&#8220;Bild Wonnebauer_trierischer_volksfreund_index&#8220; _builder_version=&#8220;4.16&#8243; custom_margin=&#8220;||0px|&#8220; global_colors_info=&#8220;{}&#8220;][\/et_pb_image][\/et_pb_column][\/et_pb_row][et_pb_row column_structure=&#8220;2_3,1_3&#8243; _builder_version=&#8220;4.16&#8243; global_colors_info=&#8220;{}&#8220;][et_pb_column type=&#8220;2_3&#8243; _builder_version=&#8220;4.16&#8243; background_position=&#8220;top_left&#8220; custom_padding=&#8220;0px|0px|0px|0px&#8220; global_colors_info=&#8220;{}&#8220; custom_padding__hover=&#8220;|||&#8220;][et_pb_text admin_label=&#8220;Text Abstandshalter&#8220; _builder_version=&#8220;4.16&#8243; custom_margin=&#8220;0px|0px|0px|0px&#8220; custom_padding=&#8220;0px|0px|0px|0px&#8220; global_colors_info=&#8220;{}&#8220;]<span style=\"color: #ffffff;\">:<\/span><br \/>\n<span style=\"color: #ffffff;\">:<\/span><br \/>\n[\/et_pb_text][et_pb_text admin_label=&#8220;Kolumne September: Den Arbeitsarzt konsultieren&#8220; _builder_version=&#8220;4.22.1&#8243; z_index_tablet=&#8220;500&#8243; text_text_shadow_horizontal_length_tablet=&#8220;0px&#8220; text_text_shadow_vertical_length_tablet=&#8220;0px&#8220; text_text_shadow_blur_strength_tablet=&#8220;1px&#8220; link_text_shadow_horizontal_length_tablet=&#8220;0px&#8220; link_text_shadow_vertical_length_tablet=&#8220;0px&#8220; link_text_shadow_blur_strength_tablet=&#8220;1px&#8220; ul_text_shadow_horizontal_length_tablet=&#8220;0px&#8220; ul_text_shadow_vertical_length_tablet=&#8220;0px&#8220; ul_text_shadow_blur_strength_tablet=&#8220;1px&#8220; ol_text_shadow_horizontal_length_tablet=&#8220;0px&#8220; ol_text_shadow_vertical_length_tablet=&#8220;0px&#8220; ol_text_shadow_blur_strength_tablet=&#8220;1px&#8220; quote_text_shadow_horizontal_length_tablet=&#8220;0px&#8220; quote_text_shadow_vertical_length_tablet=&#8220;0px&#8220; quote_text_shadow_blur_strength_tablet=&#8220;1px&#8220; header_text_shadow_horizontal_length_tablet=&#8220;0px&#8220; header_text_shadow_vertical_length_tablet=&#8220;0px&#8220; header_text_shadow_blur_strength_tablet=&#8220;1px&#8220; header_2_text_shadow_horizontal_length_tablet=&#8220;0px&#8220; header_2_text_shadow_vertical_length_tablet=&#8220;0px&#8220; header_2_text_shadow_blur_strength_tablet=&#8220;1px&#8220; header_3_text_shadow_horizontal_length_tablet=&#8220;0px&#8220; header_3_text_shadow_vertical_length_tablet=&#8220;0px&#8220; header_3_text_shadow_blur_strength_tablet=&#8220;1px&#8220; header_4_text_shadow_horizontal_length_tablet=&#8220;0px&#8220; header_4_text_shadow_vertical_length_tablet=&#8220;0px&#8220; header_4_text_shadow_blur_strength_tablet=&#8220;1px&#8220; header_5_text_shadow_horizontal_length_tablet=&#8220;0px&#8220; header_5_text_shadow_vertical_length_tablet=&#8220;0px&#8220; header_5_text_shadow_blur_strength_tablet=&#8220;1px&#8220; header_6_text_shadow_horizontal_length_tablet=&#8220;0px&#8220; header_6_text_shadow_vertical_length_tablet=&#8220;0px&#8220; header_6_text_shadow_blur_strength_tablet=&#8220;1px&#8220; box_shadow_horizontal_tablet=&#8220;0px&#8220; box_shadow_vertical_tablet=&#8220;0px&#8220; box_shadow_blur_tablet=&#8220;40px&#8220; box_shadow_spread_tablet=&#8220;0px&#8220; global_colors_info=&#8220;{}&#8220;]<\/p>\n<h3><span class=\"VIiyi\" lang=\"en\"><span class=\"JLqJ4b ChMk0b\" data-language-for-alternatives=\"en\" data-language-to-translate-into=\"de\" data-phrase-index=\"0\">Kolumne September: Den Arbeitsarzt konsultieren<br \/>\n<\/span><\/span><\/h3>\n<p>[\/et_pb_text][et_pb_text admin_label=&#8220;Text Kolumne September: Den Arbeitsarzt konsultieren&#8220; _builder_version=&#8220;4.22.1&#8243; z_index_tablet=&#8220;500&#8243; text_text_shadow_horizontal_length_tablet=&#8220;0px&#8220; text_text_shadow_vertical_length_tablet=&#8220;0px&#8220; text_text_shadow_blur_strength_tablet=&#8220;1px&#8220; link_text_shadow_horizontal_length_tablet=&#8220;0px&#8220; link_text_shadow_vertical_length_tablet=&#8220;0px&#8220; link_text_shadow_blur_strength_tablet=&#8220;1px&#8220; ul_text_shadow_horizontal_length_tablet=&#8220;0px&#8220; ul_text_shadow_vertical_length_tablet=&#8220;0px&#8220; ul_text_shadow_blur_strength_tablet=&#8220;1px&#8220; ol_text_shadow_horizontal_length_tablet=&#8220;0px&#8220; ol_text_shadow_vertical_length_tablet=&#8220;0px&#8220; ol_text_shadow_blur_strength_tablet=&#8220;1px&#8220; quote_text_shadow_horizontal_length_tablet=&#8220;0px&#8220; quote_text_shadow_vertical_length_tablet=&#8220;0px&#8220; quote_text_shadow_blur_strength_tablet=&#8220;1px&#8220; header_text_shadow_horizontal_length_tablet=&#8220;0px&#8220; header_text_shadow_vertical_length_tablet=&#8220;0px&#8220; header_text_shadow_blur_strength_tablet=&#8220;1px&#8220; header_2_text_shadow_horizontal_length_tablet=&#8220;0px&#8220; header_2_text_shadow_vertical_length_tablet=&#8220;0px&#8220; header_2_text_shadow_blur_strength_tablet=&#8220;1px&#8220; header_3_text_shadow_horizontal_length_tablet=&#8220;0px&#8220; header_3_text_shadow_vertical_length_tablet=&#8220;0px&#8220; header_3_text_shadow_blur_strength_tablet=&#8220;1px&#8220; header_4_text_shadow_horizontal_length_tablet=&#8220;0px&#8220; header_4_text_shadow_vertical_length_tablet=&#8220;0px&#8220; header_4_text_shadow_blur_strength_tablet=&#8220;1px&#8220; header_5_text_shadow_horizontal_length_tablet=&#8220;0px&#8220; header_5_text_shadow_vertical_length_tablet=&#8220;0px&#8220; header_5_text_shadow_blur_strength_tablet=&#8220;1px&#8220; header_6_text_shadow_horizontal_length_tablet=&#8220;0px&#8220; header_6_text_shadow_vertical_length_tablet=&#8220;0px&#8220; header_6_text_shadow_blur_strength_tablet=&#8220;1px&#8220; box_shadow_horizontal_tablet=&#8220;0px&#8220; box_shadow_vertical_tablet=&#8220;0px&#8220; box_shadow_blur_tablet=&#8220;40px&#8220; box_shadow_spread_tablet=&#8220;0px&#8220; global_colors_info=&#8220;{}&#8220;]Grenzg\u00e4nger unterliegen den Schutzvorschriften des luxemburgischen Arbeitsrechts. Die erste Bekanntschaft machen sie damit, wenn sie die Einstellungsuntersuchung wahrnehmen m\u00fcssen.<\/p>\n<p>Wer sp\u00e4ter jedoch unter der Last seiner Arbeit gesundheitliche Sch\u00e4den erleidet, sollte diesen Weg auch kennen. Junge Arbeitnehmer stecken die Belastungen des Arbeitsalltags eher locker weg. \u00c4ltere Semester haben jedoch nach Jahrzehnten schwerer Arbeit das ein oder andere Malheur. Arbeitgeber erkennen dies an h\u00e4ufigem Krankmachen. Schlimmstenfalls f\u00fchrt dies dann auch noch zur K\u00fcndigung.<\/p>\n<p>Gerade \u00e4ltere Semester sollten daran denken, dass sie nicht nur f\u00fcr sich, sondern auf f\u00fcr Kind und Kegel Verantwortung tragen. Hier gibt es einen viel besseren Weg:<\/p>\n<p>Wer gesundheitlich angeschlagen ist, muss sich also nicht bis zur Rente weiter qu\u00e4len.<\/p>\n<p>Er kann beim Arbeitsarzt vorstellig werden. Dies kann auf eigene Initiative erfolgen oder durch den Arbeitgeber. Der Arbeitsarzt untersucht dann, ob die k\u00f6rperlichen Leiden mit der Arbeitsstelle zu tun haben. Wenn dies der Fall ist, werden Ma\u00dfnahmen angeordnet wie zum Beispiel: angepasste Arbeitsschichten, reduzierte Zeiten oder erleichterte Arbeiten.<\/p>\n<p>Bei schwerwiegenderen Krankheiten kann das Reclassement eingeleitet werden. Dies bedeutet, dass der Grenzg\u00e4nger dann nur noch Teilzeit arbeitet. Den Gehaltsverlust kompensiert dann die luxemburgische Arbeitsverwaltung. Diese Ma\u00dfnahme kann auch zeitlich befristet angeordnet werden, je nach Krankheitsbild.<\/p>\n<p>Dies ist der richtige Weg f\u00fcr Grenzg\u00e4nger, wenn man merkt, dass der K\u00f6rper nicht mehr so mitmacht wie man will. M\u00e4nner neigen hier oft zu falschem Stolz und plustern sich bei dem Arbeitsarzt noch einmal auf. Die Familie hat jedoch nichts davon, wenn man aufgrund langwieriger Krankheiten irgendwann die K\u00fcndigung kassiert und dann keinen neuen Job mehr findet. Der luxemburger Arbeitsschutz ist hier im Grunde genommen vorbildlich. Grenzg\u00e4nger sollten also diesen Weg kennen.<br \/>\n[\/et_pb_text][\/et_pb_column][et_pb_column type=&#8220;1_3&#8243; _builder_version=&#8220;4.16&#8243; background_position=&#8220;top_left&#8220; custom_padding=&#8220;0px|0px|0px|&#8220; global_colors_info=&#8220;{}&#8220; custom_padding__hover=&#8220;|||&#8220;][et_pb_text admin_label=&#8220;Text Abstandshalter&#8220; _builder_version=&#8220;4.16&#8243; custom_margin=&#8220;0px|0px|0px|0px&#8220; custom_padding=&#8220;0px|0px|0px|0px&#8220; locked=&#8220;off&#8220; global_colors_info=&#8220;{}&#8220;]<span style=\"color: #ffffff;\">:<\/span><br \/>\n<span style=\"color: #ffffff;\">:<\/span><br \/>\n[\/et_pb_text][et_pb_image src=&#8220;https:\/\/wonnebauer.de\/site\/wp-content\/uploads\/2018\/06\/Wonnebauer_trierischer_volksfreund_index.jpg&#8220; align_tablet=&#8220;center&#8220; align_phone=&#8220;&#8220; align_last_edited=&#8220;on|desktop&#8220; admin_label=&#8220;Bild Wonnebauer_trierischer_volksfreund_index&#8220; _builder_version=&#8220;4.16&#8243; custom_margin=&#8220;||0px|&#8220; global_colors_info=&#8220;{}&#8220;][\/et_pb_image][\/et_pb_column][\/et_pb_row][et_pb_row column_structure=&#8220;2_3,1_3&#8243; _builder_version=&#8220;4.16&#8243; global_colors_info=&#8220;{}&#8220;][et_pb_column type=&#8220;2_3&#8243; _builder_version=&#8220;4.16&#8243; background_position=&#8220;top_left&#8220; custom_padding=&#8220;0px|0px|0px|0px&#8220; global_colors_info=&#8220;{}&#8220; custom_padding__hover=&#8220;|||&#8220;][et_pb_text admin_label=&#8220;Text Abstandshalter&#8220; _builder_version=&#8220;4.16&#8243; custom_margin=&#8220;0px|0px|0px|0px&#8220; custom_padding=&#8220;0px|0px|0px|0px&#8220; global_colors_info=&#8220;{}&#8220;]<span style=\"color: #ffffff;\">:<\/span><br \/>\n<span style=\"color: #ffffff;\">:<\/span><br \/>\n[\/et_pb_text][et_pb_text admin_label=&#8220;Kolumne Februar: Keine Frist mehr zum 31. M\u00e4rz&#8220; _builder_version=&#8220;4.19.4&#8243; z_index_tablet=&#8220;500&#8243; text_text_shadow_horizontal_length_tablet=&#8220;0px&#8220; text_text_shadow_vertical_length_tablet=&#8220;0px&#8220; text_text_shadow_blur_strength_tablet=&#8220;1px&#8220; link_text_shadow_horizontal_length_tablet=&#8220;0px&#8220; link_text_shadow_vertical_length_tablet=&#8220;0px&#8220; link_text_shadow_blur_strength_tablet=&#8220;1px&#8220; ul_text_shadow_horizontal_length_tablet=&#8220;0px&#8220; ul_text_shadow_vertical_length_tablet=&#8220;0px&#8220; ul_text_shadow_blur_strength_tablet=&#8220;1px&#8220; ol_text_shadow_horizontal_length_tablet=&#8220;0px&#8220; ol_text_shadow_vertical_length_tablet=&#8220;0px&#8220; ol_text_shadow_blur_strength_tablet=&#8220;1px&#8220; quote_text_shadow_horizontal_length_tablet=&#8220;0px&#8220; quote_text_shadow_vertical_length_tablet=&#8220;0px&#8220; quote_text_shadow_blur_strength_tablet=&#8220;1px&#8220; header_text_shadow_horizontal_length_tablet=&#8220;0px&#8220; header_text_shadow_vertical_length_tablet=&#8220;0px&#8220; header_text_shadow_blur_strength_tablet=&#8220;1px&#8220; header_2_text_shadow_horizontal_length_tablet=&#8220;0px&#8220; header_2_text_shadow_vertical_length_tablet=&#8220;0px&#8220; header_2_text_shadow_blur_strength_tablet=&#8220;1px&#8220; header_3_text_shadow_horizontal_length_tablet=&#8220;0px&#8220; header_3_text_shadow_vertical_length_tablet=&#8220;0px&#8220; header_3_text_shadow_blur_strength_tablet=&#8220;1px&#8220; header_4_text_shadow_horizontal_length_tablet=&#8220;0px&#8220; header_4_text_shadow_vertical_length_tablet=&#8220;0px&#8220; header_4_text_shadow_blur_strength_tablet=&#8220;1px&#8220; header_5_text_shadow_horizontal_length_tablet=&#8220;0px&#8220; header_5_text_shadow_vertical_length_tablet=&#8220;0px&#8220; header_5_text_shadow_blur_strength_tablet=&#8220;1px&#8220; header_6_text_shadow_horizontal_length_tablet=&#8220;0px&#8220; header_6_text_shadow_vertical_length_tablet=&#8220;0px&#8220; header_6_text_shadow_blur_strength_tablet=&#8220;1px&#8220; box_shadow_horizontal_tablet=&#8220;0px&#8220; box_shadow_vertical_tablet=&#8220;0px&#8220; box_shadow_blur_tablet=&#8220;40px&#8220; box_shadow_spread_tablet=&#8220;0px&#8220; global_colors_info=&#8220;{}&#8220;]<\/p>\n<h3><span class=\"VIiyi\" lang=\"en\"><span class=\"JLqJ4b ChMk0b\" data-language-for-alternatives=\"en\" data-language-to-translate-into=\"de\" data-phrase-index=\"0\">Kolumne Februar: Keine Frist mehr zum 31. M\u00e4rz<br \/>\n<\/span><\/span><\/h3>\n<p>[\/et_pb_text][et_pb_text admin_label=&#8220;Text Kolumne februar: keine Frist mehr zum 31. M\u00e4rz&#8220; _builder_version=&#8220;4.19.4&#8243; z_index_tablet=&#8220;500&#8243; text_text_shadow_horizontal_length_tablet=&#8220;0px&#8220; text_text_shadow_vertical_length_tablet=&#8220;0px&#8220; text_text_shadow_blur_strength_tablet=&#8220;1px&#8220; link_text_shadow_horizontal_length_tablet=&#8220;0px&#8220; link_text_shadow_vertical_length_tablet=&#8220;0px&#8220; link_text_shadow_blur_strength_tablet=&#8220;1px&#8220; ul_text_shadow_horizontal_length_tablet=&#8220;0px&#8220; ul_text_shadow_vertical_length_tablet=&#8220;0px&#8220; ul_text_shadow_blur_strength_tablet=&#8220;1px&#8220; ol_text_shadow_horizontal_length_tablet=&#8220;0px&#8220; ol_text_shadow_vertical_length_tablet=&#8220;0px&#8220; ol_text_shadow_blur_strength_tablet=&#8220;1px&#8220; quote_text_shadow_horizontal_length_tablet=&#8220;0px&#8220; quote_text_shadow_vertical_length_tablet=&#8220;0px&#8220; quote_text_shadow_blur_strength_tablet=&#8220;1px&#8220; header_text_shadow_horizontal_length_tablet=&#8220;0px&#8220; header_text_shadow_vertical_length_tablet=&#8220;0px&#8220; header_text_shadow_blur_strength_tablet=&#8220;1px&#8220; header_2_text_shadow_horizontal_length_tablet=&#8220;0px&#8220; header_2_text_shadow_vertical_length_tablet=&#8220;0px&#8220; header_2_text_shadow_blur_strength_tablet=&#8220;1px&#8220; header_3_text_shadow_horizontal_length_tablet=&#8220;0px&#8220; header_3_text_shadow_vertical_length_tablet=&#8220;0px&#8220; header_3_text_shadow_blur_strength_tablet=&#8220;1px&#8220; header_4_text_shadow_horizontal_length_tablet=&#8220;0px&#8220; header_4_text_shadow_vertical_length_tablet=&#8220;0px&#8220; header_4_text_shadow_blur_strength_tablet=&#8220;1px&#8220; header_5_text_shadow_horizontal_length_tablet=&#8220;0px&#8220; header_5_text_shadow_vertical_length_tablet=&#8220;0px&#8220; header_5_text_shadow_blur_strength_tablet=&#8220;1px&#8220; header_6_text_shadow_horizontal_length_tablet=&#8220;0px&#8220; header_6_text_shadow_vertical_length_tablet=&#8220;0px&#8220; header_6_text_shadow_blur_strength_tablet=&#8220;1px&#8220; box_shadow_horizontal_tablet=&#8220;0px&#8220; box_shadow_vertical_tablet=&#8220;0px&#8220; box_shadow_blur_tablet=&#8220;40px&#8220; box_shadow_spread_tablet=&#8220;0px&#8220; global_colors_info=&#8220;{}&#8220;]Jahrelang galt in Luxemburg der 31. M\u00e4rz als gesetzliche Frist zur Abgabe der Steuererkl\u00e4rung.<\/p>\n<p>Alle Steuerpflichtigen wussten jedoch, dass es sich hierbei um einen Papiertiger handelt, denn die wenigsten Steuerpflichtigen haben zu diesem Datum schon alle Steuerunterlagen zusammen, am wenigsten Selbst\u00e4ndige. Die neuen Mitteilungen des Finanzamts weisen daher nun auf das Abgabedatum 31. Dezember hin. Damit entschlackt die Finanzverwaltung ihre Arbeit. Denn die Ank\u00fcndigung im Februar sollte die Steuerpflichtigen ermuntern, fristgem\u00e4\u00df die Steuererkl\u00e4rung einzureichen. Sodann f\u00fchrte die Finanzverwaltung in den letzten Jahren Mahnungen im Juni, September\u00a0 und Dezember ein, die man getrost liegen lassen konnte. Denn der Luxemburger gibt seine Steuererkl\u00e4rung ab, wenn es kalt ist, also im Herbst. Zudem haben auch dutzende Grenzg\u00e4nger die Mahnungen immer noch erhalten, obwohl sie schon jahrelang nicht mehr in Luxemburg arbeiteten.<\/p>\n<p>Besonders wichtig ist die neue Frist jedoch auch f\u00fcr die Veranlagungsart. Bis dato galt der 31. M\u00e4rz immer noch als Frist f\u00fcr die Beantragung der Einzelveranlagung. Dies betraf nur einen geringen Bruchteil aller Steuerpflichtigen und war damit schon eine schreiende Ungerechtigkeit. Immerhin nach 5 Jahren haben die Verantwortlichen dies erkannt und eine kluge Entscheidung getroffen.<\/p>\n<p>Andererseits sollten die Grenzg\u00e4nger dennoch nicht bis auf den letzten Dr\u00fccker warten, bis sie ihre Steuererkl\u00e4rung abgeben. Wer sie schnell abgibt, wird immer noch mit einer vorzeitigen Bearbeitung belohnt. Au\u00dferdem f\u00fchrt ein fr\u00fchzeitiger Gang zum Steuerberater auch zu einer gleichm\u00e4\u00dfigen Auslastung dort und bei der Finanzverwaltung. Die Grenzg\u00e4nger sollten also nicht den falschen Schluss ziehen und die Steuererkl\u00e4rungen erst im Dezember abgeben, sondern besten Falls so verfahren wie bislang.<br \/>\n[\/et_pb_text][\/et_pb_column][et_pb_column type=&#8220;1_3&#8243; _builder_version=&#8220;4.16&#8243; background_position=&#8220;top_left&#8220; custom_padding=&#8220;0px|0px|0px|&#8220; global_colors_info=&#8220;{}&#8220; custom_padding__hover=&#8220;|||&#8220;][et_pb_text admin_label=&#8220;Text Abstandshalter&#8220; _builder_version=&#8220;4.16&#8243; custom_margin=&#8220;0px|0px|0px|0px&#8220; custom_padding=&#8220;0px|0px|0px|0px&#8220; locked=&#8220;off&#8220; global_colors_info=&#8220;{}&#8220;]<span style=\"color: #ffffff;\">:<\/span><br \/>\n<span style=\"color: #ffffff;\">:<\/span><br \/>\n[\/et_pb_text][et_pb_image src=&#8220;https:\/\/wonnebauer.de\/site\/wp-content\/uploads\/2018\/06\/Wonnebauer_trierischer_volksfreund_index.jpg&#8220; align_tablet=&#8220;center&#8220; align_phone=&#8220;&#8220; align_last_edited=&#8220;on|desktop&#8220; admin_label=&#8220;Bild Wonnebauer_trierischer_volksfreund_index&#8220; _builder_version=&#8220;4.16&#8243; custom_margin=&#8220;||0px|&#8220; global_colors_info=&#8220;{}&#8220;][\/et_pb_image][\/et_pb_column][\/et_pb_row][et_pb_row column_structure=&#8220;2_3,1_3&#8243; _builder_version=&#8220;4.16&#8243; global_colors_info=&#8220;{}&#8220;][et_pb_column type=&#8220;2_3&#8243; _builder_version=&#8220;4.16&#8243; background_position=&#8220;top_left&#8220; custom_padding=&#8220;0px|0px|0px|0px&#8220; global_colors_info=&#8220;{}&#8220; custom_padding__hover=&#8220;|||&#8220;][et_pb_text admin_label=&#8220;Text Abstandshalter&#8220; _builder_version=&#8220;4.16&#8243; custom_margin=&#8220;0px|0px|0px|0px&#8220; custom_padding=&#8220;0px|0px|0px|0px&#8220; global_colors_info=&#8220;{}&#8220;]<span style=\"color: #ffffff;\">:<\/span><br \/>\n<span style=\"color: #ffffff;\">:<\/span><br \/>\n[\/et_pb_text][et_pb_text admin_label=&#8220;Kolumne August: B\u00f6se \u00dcberraschung f\u00fcr Grenzg\u00e4nger bez\u00fcglich der Soazialversicherung &#8220; _builder_version=&#8220;4.16&#8243; z_index_tablet=&#8220;500&#8243; text_text_shadow_horizontal_length_tablet=&#8220;0px&#8220; text_text_shadow_vertical_length_tablet=&#8220;0px&#8220; text_text_shadow_blur_strength_tablet=&#8220;1px&#8220; link_text_shadow_horizontal_length_tablet=&#8220;0px&#8220; link_text_shadow_vertical_length_tablet=&#8220;0px&#8220; link_text_shadow_blur_strength_tablet=&#8220;1px&#8220; ul_text_shadow_horizontal_length_tablet=&#8220;0px&#8220; ul_text_shadow_vertical_length_tablet=&#8220;0px&#8220; ul_text_shadow_blur_strength_tablet=&#8220;1px&#8220; ol_text_shadow_horizontal_length_tablet=&#8220;0px&#8220; ol_text_shadow_vertical_length_tablet=&#8220;0px&#8220; ol_text_shadow_blur_strength_tablet=&#8220;1px&#8220; quote_text_shadow_horizontal_length_tablet=&#8220;0px&#8220; quote_text_shadow_vertical_length_tablet=&#8220;0px&#8220; quote_text_shadow_blur_strength_tablet=&#8220;1px&#8220; header_text_shadow_horizontal_length_tablet=&#8220;0px&#8220; header_text_shadow_vertical_length_tablet=&#8220;0px&#8220; header_text_shadow_blur_strength_tablet=&#8220;1px&#8220; header_2_text_shadow_horizontal_length_tablet=&#8220;0px&#8220; header_2_text_shadow_vertical_length_tablet=&#8220;0px&#8220; header_2_text_shadow_blur_strength_tablet=&#8220;1px&#8220; header_3_text_shadow_horizontal_length_tablet=&#8220;0px&#8220; header_3_text_shadow_vertical_length_tablet=&#8220;0px&#8220; header_3_text_shadow_blur_strength_tablet=&#8220;1px&#8220; header_4_text_shadow_horizontal_length_tablet=&#8220;0px&#8220; header_4_text_shadow_vertical_length_tablet=&#8220;0px&#8220; header_4_text_shadow_blur_strength_tablet=&#8220;1px&#8220; header_5_text_shadow_horizontal_length_tablet=&#8220;0px&#8220; header_5_text_shadow_vertical_length_tablet=&#8220;0px&#8220; header_5_text_shadow_blur_strength_tablet=&#8220;1px&#8220; header_6_text_shadow_horizontal_length_tablet=&#8220;0px&#8220; header_6_text_shadow_vertical_length_tablet=&#8220;0px&#8220; header_6_text_shadow_blur_strength_tablet=&#8220;1px&#8220; box_shadow_horizontal_tablet=&#8220;0px&#8220; box_shadow_vertical_tablet=&#8220;0px&#8220; box_shadow_blur_tablet=&#8220;40px&#8220; box_shadow_spread_tablet=&#8220;0px&#8220; global_colors_info=&#8220;{}&#8220;]<\/p>\n<h3><span class=\"VIiyi\" lang=\"en\"><span class=\"JLqJ4b ChMk0b\" data-language-for-alternatives=\"en\" data-language-to-translate-into=\"de\" data-phrase-index=\"0\">Kolumne August: B\u00f6se \u00dcberraschung f\u00fcr Grenzg\u00e4nger bez\u00fcglich der Sozialversicherung<br \/>\n<\/span><\/span><\/h3>\n<p>[\/et_pb_text][et_pb_text admin_label=&#8220;Text Kolumne August: B\u00f6se \u00dcberraschung f\u00fcr Grenzg\u00e4nger bez\u00fcglich der Sozialversicherung&#8220; _builder_version=&#8220;4.16&#8243; z_index_tablet=&#8220;500&#8243; text_text_shadow_horizontal_length_tablet=&#8220;0px&#8220; text_text_shadow_vertical_length_tablet=&#8220;0px&#8220; text_text_shadow_blur_strength_tablet=&#8220;1px&#8220; link_text_shadow_horizontal_length_tablet=&#8220;0px&#8220; link_text_shadow_vertical_length_tablet=&#8220;0px&#8220; link_text_shadow_blur_strength_tablet=&#8220;1px&#8220; ul_text_shadow_horizontal_length_tablet=&#8220;0px&#8220; ul_text_shadow_vertical_length_tablet=&#8220;0px&#8220; ul_text_shadow_blur_strength_tablet=&#8220;1px&#8220; ol_text_shadow_horizontal_length_tablet=&#8220;0px&#8220; ol_text_shadow_vertical_length_tablet=&#8220;0px&#8220; ol_text_shadow_blur_strength_tablet=&#8220;1px&#8220; quote_text_shadow_horizontal_length_tablet=&#8220;0px&#8220; quote_text_shadow_vertical_length_tablet=&#8220;0px&#8220; quote_text_shadow_blur_strength_tablet=&#8220;1px&#8220; header_text_shadow_horizontal_length_tablet=&#8220;0px&#8220; header_text_shadow_vertical_length_tablet=&#8220;0px&#8220; header_text_shadow_blur_strength_tablet=&#8220;1px&#8220; header_2_text_shadow_horizontal_length_tablet=&#8220;0px&#8220; header_2_text_shadow_vertical_length_tablet=&#8220;0px&#8220; header_2_text_shadow_blur_strength_tablet=&#8220;1px&#8220; header_3_text_shadow_horizontal_length_tablet=&#8220;0px&#8220; header_3_text_shadow_vertical_length_tablet=&#8220;0px&#8220; header_3_text_shadow_blur_strength_tablet=&#8220;1px&#8220; header_4_text_shadow_horizontal_length_tablet=&#8220;0px&#8220; header_4_text_shadow_vertical_length_tablet=&#8220;0px&#8220; header_4_text_shadow_blur_strength_tablet=&#8220;1px&#8220; header_5_text_shadow_horizontal_length_tablet=&#8220;0px&#8220; header_5_text_shadow_vertical_length_tablet=&#8220;0px&#8220; header_5_text_shadow_blur_strength_tablet=&#8220;1px&#8220; header_6_text_shadow_horizontal_length_tablet=&#8220;0px&#8220; header_6_text_shadow_vertical_length_tablet=&#8220;0px&#8220; header_6_text_shadow_blur_strength_tablet=&#8220;1px&#8220; box_shadow_horizontal_tablet=&#8220;0px&#8220; box_shadow_vertical_tablet=&#8220;0px&#8220; box_shadow_blur_tablet=&#8220;40px&#8220; box_shadow_spread_tablet=&#8220;0px&#8220; global_colors_info=&#8220;{}&#8220;]Vermehrt werden insbesondere Berufskraftfahrer von der luxemburgischen Sozialversicherung abgemeldet. F\u00fcr diese Berufsgruppe bestand eine \u00dcbergangsregelung bis zum 1. Mai 2020. Wenn Fahrer mehr als 25 % ihrer Arbeitszeit in Deutschland fahren, also im Wohnsitzland, sind sie seitdem aus der luxemburger Sozialversicherung abzumelden.<\/p>\n<p>Viele Fahrer haben jedoch auch schon vorher ihren Arbeitsplatz gewechselt und aus anderen Gr\u00fcnden die 25% Grenze nicht mehr geschafft, sodass auch die \u00dcbergangsregel nicht mehr galt. Im normalen Gang der Pr\u00fcfung durch die Deutsche Rentenversicherung werden die Grenzg\u00e4nger dann von der luxemburger Versicherung r\u00fcckwirkend f\u00fcr 4 Jahre abgemeldet. Der Arbeitgeber ist dann verpflichtet, die deutschen Sozialversicherungsbeitr\u00e4ge an die Einzugsstelle in Deutschland zu zahlen.<\/p>\n<p>In den aktuellen F\u00e4llen kommt es auch zu einer r\u00fcckwirkenden \u00c4nderung des Kindergeldes. Je nach Anzahl und Alter der Kinder kann es hier zu Differenzen von mehreren tausend Euro kommen, die die Grenzg\u00e4nger dann zur\u00fcckzahlen m\u00fcssen. Insofern sei allen Arbeitnehmern und Arbeitgebern geraten, ihren sozialversicherungsrechtlichen Status zu \u00fcberpr\u00fcfen, um b\u00f6se \u00dcberraschungen zu vermeiden.<br \/>\n[\/et_pb_text][\/et_pb_column][et_pb_column type=&#8220;1_3&#8243; _builder_version=&#8220;4.16&#8243; background_position=&#8220;top_left&#8220; custom_padding=&#8220;0px|0px|0px|&#8220; global_colors_info=&#8220;{}&#8220; custom_padding__hover=&#8220;|||&#8220;][et_pb_text admin_label=&#8220;Text Abstandshalter&#8220; _builder_version=&#8220;4.16&#8243; custom_margin=&#8220;0px|0px|0px|0px&#8220; custom_padding=&#8220;0px|0px|0px|0px&#8220; locked=&#8220;off&#8220; global_colors_info=&#8220;{}&#8220;]<span style=\"color: #ffffff;\">:<\/span><br \/>\n<span style=\"color: #ffffff;\">:<\/span><br \/>\n[\/et_pb_text][et_pb_image src=&#8220;https:\/\/wonnebauer.de\/site\/wp-content\/uploads\/2018\/06\/Wonnebauer_trierischer_volksfreund_index.jpg&#8220; align_tablet=&#8220;center&#8220; align_phone=&#8220;&#8220; align_last_edited=&#8220;on|desktop&#8220; admin_label=&#8220;Bild Wonnebauer_trierischer_volksfreund_index&#8220; _builder_version=&#8220;4.16&#8243; custom_margin=&#8220;||0px|&#8220; global_colors_info=&#8220;{}&#8220;][\/et_pb_image][\/et_pb_column][\/et_pb_row][et_pb_row column_structure=&#8220;2_3,1_3&#8243; _builder_version=&#8220;4.16&#8243; global_colors_info=&#8220;{}&#8220;][et_pb_column type=&#8220;2_3&#8243; _builder_version=&#8220;4.16&#8243; background_position=&#8220;top_left&#8220; custom_padding=&#8220;0px|0px|0px|0px&#8220; global_colors_info=&#8220;{}&#8220; custom_padding__hover=&#8220;|||&#8220;][et_pb_text admin_label=&#8220;Text Abstandshalter&#8220; _builder_version=&#8220;4.16&#8243; custom_margin=&#8220;0px|0px|0px|0px&#8220; custom_padding=&#8220;0px|0px|0px|0px&#8220; global_colors_info=&#8220;{}&#8220;]<span style=\"color: #ffffff;\">:<\/span><br \/>\n<span style=\"color: #ffffff;\">:<\/span><br \/>\n[\/et_pb_text][et_pb_text admin_label=&#8220;Kolumne Juni: Sonderurlaub statt Freistellung?&#8220; _builder_version=&#8220;4.16&#8243; z_index_tablet=&#8220;500&#8243; text_text_shadow_horizontal_length_tablet=&#8220;0px&#8220; text_text_shadow_vertical_length_tablet=&#8220;0px&#8220; text_text_shadow_blur_strength_tablet=&#8220;1px&#8220; link_text_shadow_horizontal_length_tablet=&#8220;0px&#8220; link_text_shadow_vertical_length_tablet=&#8220;0px&#8220; link_text_shadow_blur_strength_tablet=&#8220;1px&#8220; ul_text_shadow_horizontal_length_tablet=&#8220;0px&#8220; ul_text_shadow_vertical_length_tablet=&#8220;0px&#8220; ul_text_shadow_blur_strength_tablet=&#8220;1px&#8220; ol_text_shadow_horizontal_length_tablet=&#8220;0px&#8220; ol_text_shadow_vertical_length_tablet=&#8220;0px&#8220; ol_text_shadow_blur_strength_tablet=&#8220;1px&#8220; quote_text_shadow_horizontal_length_tablet=&#8220;0px&#8220; quote_text_shadow_vertical_length_tablet=&#8220;0px&#8220; quote_text_shadow_blur_strength_tablet=&#8220;1px&#8220; header_text_shadow_horizontal_length_tablet=&#8220;0px&#8220; header_text_shadow_vertical_length_tablet=&#8220;0px&#8220; header_text_shadow_blur_strength_tablet=&#8220;1px&#8220; header_2_text_shadow_horizontal_length_tablet=&#8220;0px&#8220; header_2_text_shadow_vertical_length_tablet=&#8220;0px&#8220; header_2_text_shadow_blur_strength_tablet=&#8220;1px&#8220; header_3_text_shadow_horizontal_length_tablet=&#8220;0px&#8220; header_3_text_shadow_vertical_length_tablet=&#8220;0px&#8220; header_3_text_shadow_blur_strength_tablet=&#8220;1px&#8220; header_4_text_shadow_horizontal_length_tablet=&#8220;0px&#8220; header_4_text_shadow_vertical_length_tablet=&#8220;0px&#8220; header_4_text_shadow_blur_strength_tablet=&#8220;1px&#8220; header_5_text_shadow_horizontal_length_tablet=&#8220;0px&#8220; header_5_text_shadow_vertical_length_tablet=&#8220;0px&#8220; header_5_text_shadow_blur_strength_tablet=&#8220;1px&#8220; header_6_text_shadow_horizontal_length_tablet=&#8220;0px&#8220; header_6_text_shadow_vertical_length_tablet=&#8220;0px&#8220; header_6_text_shadow_blur_strength_tablet=&#8220;1px&#8220; box_shadow_horizontal_tablet=&#8220;0px&#8220; box_shadow_vertical_tablet=&#8220;0px&#8220; box_shadow_blur_tablet=&#8220;40px&#8220; box_shadow_spread_tablet=&#8220;0px&#8220; global_colors_info=&#8220;{}&#8220;]<\/p>\n<h3><span class=\"VIiyi\" lang=\"en\"><span class=\"JLqJ4b ChMk0b\" data-language-for-alternatives=\"en\" data-language-to-translate-into=\"de\" data-phrase-index=\"0\">Kolumne Juni: Sonderurlaub statt Freistellung<br \/>\n<\/span><\/span><\/h3>\n<p>[\/et_pb_text][et_pb_text admin_label=&#8220;Text Kolumne Juni: Sonderurlaub statt Freitstellung ?&#8220; _builder_version=&#8220;4.16&#8243; z_index_tablet=&#8220;500&#8243; text_text_shadow_horizontal_length_tablet=&#8220;0px&#8220; text_text_shadow_vertical_length_tablet=&#8220;0px&#8220; text_text_shadow_blur_strength_tablet=&#8220;1px&#8220; link_text_shadow_horizontal_length_tablet=&#8220;0px&#8220; link_text_shadow_vertical_length_tablet=&#8220;0px&#8220; link_text_shadow_blur_strength_tablet=&#8220;1px&#8220; ul_text_shadow_horizontal_length_tablet=&#8220;0px&#8220; ul_text_shadow_vertical_length_tablet=&#8220;0px&#8220; ul_text_shadow_blur_strength_tablet=&#8220;1px&#8220; ol_text_shadow_horizontal_length_tablet=&#8220;0px&#8220; ol_text_shadow_vertical_length_tablet=&#8220;0px&#8220; ol_text_shadow_blur_strength_tablet=&#8220;1px&#8220; quote_text_shadow_horizontal_length_tablet=&#8220;0px&#8220; quote_text_shadow_vertical_length_tablet=&#8220;0px&#8220; quote_text_shadow_blur_strength_tablet=&#8220;1px&#8220; header_text_shadow_horizontal_length_tablet=&#8220;0px&#8220; header_text_shadow_vertical_length_tablet=&#8220;0px&#8220; header_text_shadow_blur_strength_tablet=&#8220;1px&#8220; header_2_text_shadow_horizontal_length_tablet=&#8220;0px&#8220; header_2_text_shadow_vertical_length_tablet=&#8220;0px&#8220; header_2_text_shadow_blur_strength_tablet=&#8220;1px&#8220; header_3_text_shadow_horizontal_length_tablet=&#8220;0px&#8220; header_3_text_shadow_vertical_length_tablet=&#8220;0px&#8220; header_3_text_shadow_blur_strength_tablet=&#8220;1px&#8220; header_4_text_shadow_horizontal_length_tablet=&#8220;0px&#8220; header_4_text_shadow_vertical_length_tablet=&#8220;0px&#8220; header_4_text_shadow_blur_strength_tablet=&#8220;1px&#8220; header_5_text_shadow_horizontal_length_tablet=&#8220;0px&#8220; header_5_text_shadow_vertical_length_tablet=&#8220;0px&#8220; header_5_text_shadow_blur_strength_tablet=&#8220;1px&#8220; header_6_text_shadow_horizontal_length_tablet=&#8220;0px&#8220; header_6_text_shadow_vertical_length_tablet=&#8220;0px&#8220; header_6_text_shadow_blur_strength_tablet=&#8220;1px&#8220; box_shadow_horizontal_tablet=&#8220;0px&#8220; box_shadow_vertical_tablet=&#8220;0px&#8220; box_shadow_blur_tablet=&#8220;40px&#8220; box_shadow_spread_tablet=&#8220;0px&#8220; global_colors_info=&#8220;{}&#8220;]Grenzg\u00e4nger m\u00fcssen unter bestimmten Umst\u00e4nden ihren Lohn anteilig in Deutschland versteuern.<\/p>\n<p>Einer dieser Umst\u00e4nde kann eine arbeitsrechtliche K\u00fcndigung sein, die mit einer Freistellung verbunden wird. Der Mitarbeiter wird dann von jeglichen Arbeitspflichten entbunden und erh\u00e4lt weiterhin seinen Lohn. Noch ausstehender Urlaub wird dann meistens als Urlaubsabgeltung ausgezahlt. Vermehrt ist jedoch in arbeitsrechtlichen F\u00e4llen folgende Formulierung zu finden: Der Mitarbeiter wird beurlaubt bzw. erh\u00e4lt Sonderurlaub bis zum Ablauf der K\u00fcndigungsfrist.<\/p>\n<p>Urlaubstage sind nach der Verst\u00e4ndigungsvereinbarung nicht in Deutschland zu versteuern. Es w\u00e4re sch\u00f6n, wenn das die L\u00f6sung des Problems sein k\u00f6nnte. Man m\u00fcsste dann nur das Wort \u201eFreistellung\u201c gegen \u201eUrlaub\u201c austauschen. Leider funktioniert die Juristerei so nicht. Stattdessen fragt man sich, was denn gemeint ist. Gemeint ist nat\u00fcrlich die Freistellung von der Arbeit. Sonderurlaub kann auch nicht einfach so gew\u00e4hrt werden, sondern h\u00e4ngt von den vertraglichen Vereinbarungen ab. Zwar gibt es Sonderurlaub nach luxemburgischen Arbeitsrecht f\u00fcr Heirat, Umzug oder Geburt eines Kindes und andere festgelegte Lebenssituationen. Hierauf hat man dann als Arbeitnehmer einen einklagbaren Anspruch. \u00a0Sonderurlaub f\u00fcr andere F\u00e4lle gibt es nicht. \u00dcblich ist allenfalls ein unbezahlter Urlaub. Letzterer ist aber in K\u00fcndigungsf\u00e4llen gerade nicht gemeint.<\/p>\n<p>Nach dem Doppelbesteuerungsabkommen ist grunds\u00e4tzlich der Lohn f\u00fcr Grenzg\u00e4nger im Wohnsitzland Deutschland zu versteuern. Das ist das Paradigma des internationalen Steuerrechts. Sodann gibt es die Ausnahmen, wonach die Steuer in Luxemburg zu zahlen ist. Hauptausnahmefall ist die physische Arbeit auf luxemburger Territorium. Da dies bei der Freistellung nicht gegeben ist, f\u00e4llt das Besteuerungsrecht Deutschland zu.<br \/>\n[\/et_pb_text][\/et_pb_column][et_pb_column type=&#8220;1_3&#8243; _builder_version=&#8220;4.16&#8243; background_position=&#8220;top_left&#8220; custom_padding=&#8220;0px|0px|0px|&#8220; global_colors_info=&#8220;{}&#8220; custom_padding__hover=&#8220;|||&#8220;][et_pb_text admin_label=&#8220;Text Abstandshalter&#8220; _builder_version=&#8220;4.16&#8243; custom_margin=&#8220;0px|0px|0px|0px&#8220; custom_padding=&#8220;0px|0px|0px|0px&#8220; locked=&#8220;off&#8220; global_colors_info=&#8220;{}&#8220;]<span style=\"color: #ffffff;\">:<\/span><br \/>\n<span style=\"color: #ffffff;\">:<\/span><br \/>\n[\/et_pb_text][et_pb_image src=&#8220;https:\/\/wonnebauer.de\/site\/wp-content\/uploads\/2018\/06\/Wonnebauer_trierischer_volksfreund_index.jpg&#8220; align_tablet=&#8220;center&#8220; align_phone=&#8220;&#8220; align_last_edited=&#8220;on|desktop&#8220; admin_label=&#8220;Bild Wonnebauer_trierischer_volksfreund_index&#8220; _builder_version=&#8220;4.16&#8243; custom_margin=&#8220;||0px|&#8220; global_colors_info=&#8220;{}&#8220;][\/et_pb_image][\/et_pb_column][\/et_pb_row][et_pb_row column_structure=&#8220;2_3,1_3&#8243; _builder_version=&#8220;4.16&#8243; global_colors_info=&#8220;{}&#8220;][et_pb_column type=&#8220;2_3&#8243; _builder_version=&#8220;4.16&#8243; background_position=&#8220;top_left&#8220; custom_padding=&#8220;0px|0px|0px|0px&#8220; global_colors_info=&#8220;{}&#8220; custom_padding__hover=&#8220;|||&#8220;][et_pb_text admin_label=&#8220;Text Abstandshalter&#8220; _builder_version=&#8220;4.16&#8243; custom_margin=&#8220;0px|0px|0px|0px&#8220; custom_padding=&#8220;0px|0px|0px|0px&#8220; global_colors_info=&#8220;{}&#8220;]<span style=\"color: #ffffff;\">:<\/span><br \/>\n<span style=\"color: #ffffff;\">:<\/span><br \/>\n[\/et_pb_text][et_pb_text admin_label=&#8220;Kolumne Mai: Wie realistisch ist die Erh\u00f6hung der 19-Tage-Grenze?&#8220; _builder_version=&#8220;4.16&#8243; z_index_tablet=&#8220;500&#8243; text_text_shadow_horizontal_length_tablet=&#8220;0px&#8220; text_text_shadow_vertical_length_tablet=&#8220;0px&#8220; text_text_shadow_blur_strength_tablet=&#8220;1px&#8220; link_text_shadow_horizontal_length_tablet=&#8220;0px&#8220; link_text_shadow_vertical_length_tablet=&#8220;0px&#8220; link_text_shadow_blur_strength_tablet=&#8220;1px&#8220; ul_text_shadow_horizontal_length_tablet=&#8220;0px&#8220; ul_text_shadow_vertical_length_tablet=&#8220;0px&#8220; ul_text_shadow_blur_strength_tablet=&#8220;1px&#8220; ol_text_shadow_horizontal_length_tablet=&#8220;0px&#8220; ol_text_shadow_vertical_length_tablet=&#8220;0px&#8220; ol_text_shadow_blur_strength_tablet=&#8220;1px&#8220; quote_text_shadow_horizontal_length_tablet=&#8220;0px&#8220; quote_text_shadow_vertical_length_tablet=&#8220;0px&#8220; quote_text_shadow_blur_strength_tablet=&#8220;1px&#8220; header_text_shadow_horizontal_length_tablet=&#8220;0px&#8220; header_text_shadow_vertical_length_tablet=&#8220;0px&#8220; header_text_shadow_blur_strength_tablet=&#8220;1px&#8220; header_2_text_shadow_horizontal_length_tablet=&#8220;0px&#8220; header_2_text_shadow_vertical_length_tablet=&#8220;0px&#8220; header_2_text_shadow_blur_strength_tablet=&#8220;1px&#8220; header_3_text_shadow_horizontal_length_tablet=&#8220;0px&#8220; header_3_text_shadow_vertical_length_tablet=&#8220;0px&#8220; header_3_text_shadow_blur_strength_tablet=&#8220;1px&#8220; header_4_text_shadow_horizontal_length_tablet=&#8220;0px&#8220; header_4_text_shadow_vertical_length_tablet=&#8220;0px&#8220; header_4_text_shadow_blur_strength_tablet=&#8220;1px&#8220; header_5_text_shadow_horizontal_length_tablet=&#8220;0px&#8220; header_5_text_shadow_vertical_length_tablet=&#8220;0px&#8220; header_5_text_shadow_blur_strength_tablet=&#8220;1px&#8220; header_6_text_shadow_horizontal_length_tablet=&#8220;0px&#8220; header_6_text_shadow_vertical_length_tablet=&#8220;0px&#8220; header_6_text_shadow_blur_strength_tablet=&#8220;1px&#8220; box_shadow_horizontal_tablet=&#8220;0px&#8220; box_shadow_vertical_tablet=&#8220;0px&#8220; box_shadow_blur_tablet=&#8220;40px&#8220; box_shadow_spread_tablet=&#8220;0px&#8220; global_colors_info=&#8220;{}&#8220;]<\/p>\n<h3><span class=\"VIiyi\" lang=\"en\"><span class=\"JLqJ4b ChMk0b\" data-language-for-alternatives=\"en\" data-language-to-translate-into=\"de\" data-phrase-index=\"0\">Kolumne Mai:\u00a0<\/span><\/span>Wie realistisch ist die Erh\u00f6hung der 19-Tage-Grenze?<\/h3>\n<p>[\/et_pb_text][et_pb_text admin_label=&#8220;Text Kolumne Mai: Wie realistisch ist die Erh\u00f6hung der 19-Tage-Grenze?&#8220; _builder_version=&#8220;4.16&#8243; z_index_tablet=&#8220;500&#8243; text_text_shadow_horizontal_length_tablet=&#8220;0px&#8220; text_text_shadow_vertical_length_tablet=&#8220;0px&#8220; text_text_shadow_blur_strength_tablet=&#8220;1px&#8220; link_text_shadow_horizontal_length_tablet=&#8220;0px&#8220; link_text_shadow_vertical_length_tablet=&#8220;0px&#8220; link_text_shadow_blur_strength_tablet=&#8220;1px&#8220; ul_text_shadow_horizontal_length_tablet=&#8220;0px&#8220; ul_text_shadow_vertical_length_tablet=&#8220;0px&#8220; ul_text_shadow_blur_strength_tablet=&#8220;1px&#8220; ol_text_shadow_horizontal_length_tablet=&#8220;0px&#8220; ol_text_shadow_vertical_length_tablet=&#8220;0px&#8220; ol_text_shadow_blur_strength_tablet=&#8220;1px&#8220; quote_text_shadow_horizontal_length_tablet=&#8220;0px&#8220; quote_text_shadow_vertical_length_tablet=&#8220;0px&#8220; quote_text_shadow_blur_strength_tablet=&#8220;1px&#8220; header_text_shadow_horizontal_length_tablet=&#8220;0px&#8220; header_text_shadow_vertical_length_tablet=&#8220;0px&#8220; header_text_shadow_blur_strength_tablet=&#8220;1px&#8220; header_2_text_shadow_horizontal_length_tablet=&#8220;0px&#8220; header_2_text_shadow_vertical_length_tablet=&#8220;0px&#8220; header_2_text_shadow_blur_strength_tablet=&#8220;1px&#8220; header_3_text_shadow_horizontal_length_tablet=&#8220;0px&#8220; header_3_text_shadow_vertical_length_tablet=&#8220;0px&#8220; header_3_text_shadow_blur_strength_tablet=&#8220;1px&#8220; header_4_text_shadow_horizontal_length_tablet=&#8220;0px&#8220; header_4_text_shadow_vertical_length_tablet=&#8220;0px&#8220; header_4_text_shadow_blur_strength_tablet=&#8220;1px&#8220; header_5_text_shadow_horizontal_length_tablet=&#8220;0px&#8220; header_5_text_shadow_vertical_length_tablet=&#8220;0px&#8220; header_5_text_shadow_blur_strength_tablet=&#8220;1px&#8220; header_6_text_shadow_horizontal_length_tablet=&#8220;0px&#8220; header_6_text_shadow_vertical_length_tablet=&#8220;0px&#8220; header_6_text_shadow_blur_strength_tablet=&#8220;1px&#8220; box_shadow_horizontal_tablet=&#8220;0px&#8220; box_shadow_vertical_tablet=&#8220;0px&#8220; box_shadow_blur_tablet=&#8220;40px&#8220; box_shadow_spread_tablet=&#8220;0px&#8220; global_colors_info=&#8220;{}&#8220;]Viele Grenzg\u00e4nger st\u00f6ren sich an der aktuellen Praxis der 19-Tage-Grenze. Eine Initiative verlangt eine Erh\u00f6hung dieser Tage.<\/p>\n<p>Wie realistisch erscheint dies?<\/p>\n<p>Die magische Grenze liegt derzeit bei 50 Tagen.Wenn ein Grenzg\u00e4nger mehr als 50 Tage in seinem Wohnsitzstaat arbeitet, verliert er die luxemburgische Sozialversicherung. H\u00e4lt er sich au\u00dferhalb seines Wohnsitzstaates auf, st\u00f6rt dies die Sozialversicherung nicht. Nach dem luxemburgischen Steuerrecht gibt es ebenfalls eine 50-Tage-Grenze: Wer bis zu 50 Tage au\u00dferhalb Luxemburgs arbeitet, erh\u00e4lt trotzdem die Steuerklasse 2 und wird wie ein Ans\u00e4ssiger behandelt, obwohl er keine 90 Prozent seiner Eink\u00fcnfte in Luxemburg erzielt. Dieser Meilenstein ist somit zementiert.<\/p>\n<p>Wie weit k\u00f6nnte also die 19-Tage-Grenze gedehnt werden?<\/p>\n<p>Ein Blick auf die anderen L\u00e4ndergrenzen k\u00f6nnte hier zum Vorbild werden und ein Argument liefern: Sowohl mit \u00d6sterreich als auch mit Frankreich hat Deutschland eine 45-Tage-Grenze in den jeweiligen DBA bzw. Verst\u00e4ndigungsvereinbarungen vereinbart. Die Situation mit \u00d6sterreich kommt der luxemburger Lage am n\u00e4chsten. Mit Frankreich ist die Regel im Grunde genommen komplizierter, da hier noch ein Grenzg\u00e4ngerkorridor vereinbart ist.<\/p>\n<p>Macht man aber die Regelung an einer Zahl fest, scheinen die 45 Tage realistisch zu sein. Bei 52 Jahreswochen und Urlaub und Feiertagen scheint also ein Homeofficetag in 45 Wochen realistisch zu sein.<\/p>\n<p>Jedenfalls h\u00e4tte dies \u00fcber das Steuerrecht hinaus positive Wirkungen auf die Verkehrsbelastung, das Familienleben und die Arbeitswelt.<br \/>\n[\/et_pb_text][\/et_pb_column][et_pb_column type=&#8220;1_3&#8243; _builder_version=&#8220;4.16&#8243; background_position=&#8220;top_left&#8220; custom_padding=&#8220;0px|0px|0px|&#8220; global_colors_info=&#8220;{}&#8220; custom_padding__hover=&#8220;|||&#8220;][et_pb_text admin_label=&#8220;Text Abstandshalter&#8220; _builder_version=&#8220;4.16&#8243; custom_margin=&#8220;0px|0px|0px|0px&#8220; custom_padding=&#8220;0px|0px|0px|0px&#8220; locked=&#8220;off&#8220; global_colors_info=&#8220;{}&#8220;]<span style=\"color: #ffffff;\">:<\/span><br \/>\n<span style=\"color: #ffffff;\">:<\/span><br \/>\n[\/et_pb_text][et_pb_image src=&#8220;https:\/\/wonnebauer.de\/site\/wp-content\/uploads\/2018\/06\/Wonnebauer_trierischer_volksfreund_index.jpg&#8220; align_tablet=&#8220;center&#8220; align_phone=&#8220;&#8220; align_last_edited=&#8220;on|desktop&#8220; admin_label=&#8220;Bild Wonnebauer_trierischer_volksfreund_index&#8220; _builder_version=&#8220;4.16&#8243; custom_margin=&#8220;||0px|&#8220; global_colors_info=&#8220;{}&#8220;][\/et_pb_image][\/et_pb_column][\/et_pb_row][et_pb_row column_structure=&#8220;2_3,1_3&#8243; _builder_version=&#8220;4.16&#8243; global_colors_info=&#8220;{}&#8220;][et_pb_column type=&#8220;2_3&#8243; _builder_version=&#8220;4.16&#8243; background_position=&#8220;top_left&#8220; custom_padding=&#8220;0px|0px|0px|0px&#8220; global_colors_info=&#8220;{}&#8220; custom_padding__hover=&#8220;|||&#8220;][et_pb_text admin_label=&#8220;Text Abstandshalter&#8220; _builder_version=&#8220;4.16&#8243; custom_margin=&#8220;0px|0px|0px|0px&#8220; custom_padding=&#8220;0px|0px|0px|0px&#8220; global_colors_info=&#8220;{}&#8220;]<span style=\"color: #ffffff;\">:<\/span><br \/>\n<span style=\"color: #ffffff;\">:<\/span><br \/>\n[\/et_pb_text][et_pb_text admin_label=&#8220;Kolumne April: Besteuerung des \u00f6ffentlichen Dienstes bei Grenz\u00fcberschreitung abgesegnet&#8220; _builder_version=&#8220;4.16&#8243; z_index_tablet=&#8220;500&#8243; text_text_shadow_horizontal_length_tablet=&#8220;0px&#8220; text_text_shadow_vertical_length_tablet=&#8220;0px&#8220; text_text_shadow_blur_strength_tablet=&#8220;1px&#8220; link_text_shadow_horizontal_length_tablet=&#8220;0px&#8220; link_text_shadow_vertical_length_tablet=&#8220;0px&#8220; link_text_shadow_blur_strength_tablet=&#8220;1px&#8220; ul_text_shadow_horizontal_length_tablet=&#8220;0px&#8220; ul_text_shadow_vertical_length_tablet=&#8220;0px&#8220; ul_text_shadow_blur_strength_tablet=&#8220;1px&#8220; ol_text_shadow_horizontal_length_tablet=&#8220;0px&#8220; ol_text_shadow_vertical_length_tablet=&#8220;0px&#8220; ol_text_shadow_blur_strength_tablet=&#8220;1px&#8220; quote_text_shadow_horizontal_length_tablet=&#8220;0px&#8220; quote_text_shadow_vertical_length_tablet=&#8220;0px&#8220; quote_text_shadow_blur_strength_tablet=&#8220;1px&#8220; header_text_shadow_horizontal_length_tablet=&#8220;0px&#8220; header_text_shadow_vertical_length_tablet=&#8220;0px&#8220; header_text_shadow_blur_strength_tablet=&#8220;1px&#8220; header_2_text_shadow_horizontal_length_tablet=&#8220;0px&#8220; header_2_text_shadow_vertical_length_tablet=&#8220;0px&#8220; header_2_text_shadow_blur_strength_tablet=&#8220;1px&#8220; header_3_text_shadow_horizontal_length_tablet=&#8220;0px&#8220; header_3_text_shadow_vertical_length_tablet=&#8220;0px&#8220; header_3_text_shadow_blur_strength_tablet=&#8220;1px&#8220; header_4_text_shadow_horizontal_length_tablet=&#8220;0px&#8220; header_4_text_shadow_vertical_length_tablet=&#8220;0px&#8220; header_4_text_shadow_blur_strength_tablet=&#8220;1px&#8220; header_5_text_shadow_horizontal_length_tablet=&#8220;0px&#8220; header_5_text_shadow_vertical_length_tablet=&#8220;0px&#8220; header_5_text_shadow_blur_strength_tablet=&#8220;1px&#8220; header_6_text_shadow_horizontal_length_tablet=&#8220;0px&#8220; header_6_text_shadow_vertical_length_tablet=&#8220;0px&#8220; header_6_text_shadow_blur_strength_tablet=&#8220;1px&#8220; box_shadow_horizontal_tablet=&#8220;0px&#8220; box_shadow_vertical_tablet=&#8220;0px&#8220; box_shadow_blur_tablet=&#8220;40px&#8220; box_shadow_spread_tablet=&#8220;0px&#8220; global_colors_info=&#8220;{}&#8220;]<\/p>\n<h3><span class=\"VIiyi\" lang=\"en\"><span class=\"JLqJ4b ChMk0b\" data-language-for-alternatives=\"en\" data-language-to-translate-into=\"de\" data-phrase-index=\"0\">Kolumne April: <\/span><\/span>Besteuerung des \u00f6ffentlichen Dienstes bei Grenz\u00fcberschreitung abgesegnet<\/h3>\n<p>[\/et_pb_text][et_pb_text admin_label=&#8220;Text Kolumne April: Besteuerung des \u00f6ffentlichen Dienstes bei Grenz\u00fcberschreitung abgesegnet&#8220; _builder_version=&#8220;4.16&#8243; z_index_tablet=&#8220;500&#8243; text_text_shadow_horizontal_length_tablet=&#8220;0px&#8220; text_text_shadow_vertical_length_tablet=&#8220;0px&#8220; text_text_shadow_blur_strength_tablet=&#8220;1px&#8220; link_text_shadow_horizontal_length_tablet=&#8220;0px&#8220; link_text_shadow_vertical_length_tablet=&#8220;0px&#8220; link_text_shadow_blur_strength_tablet=&#8220;1px&#8220; ul_text_shadow_horizontal_length_tablet=&#8220;0px&#8220; ul_text_shadow_vertical_length_tablet=&#8220;0px&#8220; ul_text_shadow_blur_strength_tablet=&#8220;1px&#8220; ol_text_shadow_horizontal_length_tablet=&#8220;0px&#8220; ol_text_shadow_vertical_length_tablet=&#8220;0px&#8220; ol_text_shadow_blur_strength_tablet=&#8220;1px&#8220; quote_text_shadow_horizontal_length_tablet=&#8220;0px&#8220; quote_text_shadow_vertical_length_tablet=&#8220;0px&#8220; quote_text_shadow_blur_strength_tablet=&#8220;1px&#8220; header_text_shadow_horizontal_length_tablet=&#8220;0px&#8220; header_text_shadow_vertical_length_tablet=&#8220;0px&#8220; header_text_shadow_blur_strength_tablet=&#8220;1px&#8220; header_2_text_shadow_horizontal_length_tablet=&#8220;0px&#8220; header_2_text_shadow_vertical_length_tablet=&#8220;0px&#8220; header_2_text_shadow_blur_strength_tablet=&#8220;1px&#8220; header_3_text_shadow_horizontal_length_tablet=&#8220;0px&#8220; header_3_text_shadow_vertical_length_tablet=&#8220;0px&#8220; header_3_text_shadow_blur_strength_tablet=&#8220;1px&#8220; header_4_text_shadow_horizontal_length_tablet=&#8220;0px&#8220; header_4_text_shadow_vertical_length_tablet=&#8220;0px&#8220; header_4_text_shadow_blur_strength_tablet=&#8220;1px&#8220; header_5_text_shadow_horizontal_length_tablet=&#8220;0px&#8220; header_5_text_shadow_vertical_length_tablet=&#8220;0px&#8220; header_5_text_shadow_blur_strength_tablet=&#8220;1px&#8220; header_6_text_shadow_horizontal_length_tablet=&#8220;0px&#8220; header_6_text_shadow_vertical_length_tablet=&#8220;0px&#8220; header_6_text_shadow_blur_strength_tablet=&#8220;1px&#8220; box_shadow_horizontal_tablet=&#8220;0px&#8220; box_shadow_vertical_tablet=&#8220;0px&#8220; box_shadow_blur_tablet=&#8220;40px&#8220; box_shadow_spread_tablet=&#8220;0px&#8220; global_colors_info=&#8220;{}&#8220;]In einem Verst\u00e4ndigungsverfahren haben sich nun Deutschland und Luxemburg geeinigt. Streitig war die Frage, ob Grenzg\u00e4nger die im luxemburgischen \u00f6ffentlichen Dienst arbeiten, auch der 19-Tage-Regel unterliegen.<\/p>\n<p>Jahrelang wurde dies von den Finanz\u00e4mtern in der Region Trier verneint mit der Folge, dass diese auch Homeoffice leisten konnten, ohne in Deutschland anteilig Steuern zahlen zu m\u00fcssen. In dem Fall eines Mitarbeiters der Universit\u00e4t Luxemburg hatte das Finanzamt Wittlich entschieden, dass die 19-Tage-Regel erst gar nicht gelte. Sogar die Tage unterhalb der 19 Tage seien in Deutschland zu versteuern. Damit hatte sich die Meinung innerhalb der Finanz\u00e4mter der Region also ver\u00e4ndert. Es handelte sich schlie\u00dflich nicht um eine fest definierte Anwendung, sondern um eine juristische Grauzone. Diese Meinung wurde in der ersten und zweiten Instanz gerichtlich best\u00e4tigt.<\/p>\n<p>Der Bundesfinanzhof regte in seinem Urteil nebenbei an, dass sich das Bundesfinanzministerium Gedanken hier\u00fcber machen m\u00fcsse. Denn letztendlich seien die Mitarbeiter des \u00f6ffentlichen Dienstes schlechter gestellt als alle anderen Grenzg\u00e4nger.<\/p>\n<p>Mit Schreiben vom 6.4.2020 hat das Bundeszentralamt f\u00fcr Steuern nun noch einmal best\u00e4tigt, dass Luxemburg und Deutschland in ihrer Meinung \u00fcbereinstimmen. Dies sollte zur Folge haben, dass nun auch die Lohnbuchhalter im \u00f6ffentlichen Dienst von Luxemburg den Lohn bei grenz\u00fcberschreitender T\u00e4tigkeit aufteilen. Hiervon ist in der Praxis allerdings noch nichts zu sehen. Grenzg\u00e4nger sind wie immer auf sich selbst gestellt.<br \/>\n[\/et_pb_text][\/et_pb_column][et_pb_column type=&#8220;1_3&#8243; _builder_version=&#8220;4.16&#8243; background_position=&#8220;top_left&#8220; custom_padding=&#8220;0px|0px|0px|&#8220; global_colors_info=&#8220;{}&#8220; custom_padding__hover=&#8220;|||&#8220;][et_pb_text admin_label=&#8220;Text Abstandshalter&#8220; _builder_version=&#8220;4.16&#8243; custom_margin=&#8220;0px|0px|0px|0px&#8220; custom_padding=&#8220;0px|0px|0px|0px&#8220; locked=&#8220;off&#8220; global_colors_info=&#8220;{}&#8220;]<span style=\"color: #ffffff;\">:<\/span><br \/>\n<span style=\"color: #ffffff;\">:<\/span><br \/>\n[\/et_pb_text][et_pb_image src=&#8220;https:\/\/wonnebauer.de\/site\/wp-content\/uploads\/2018\/06\/Wonnebauer_trierischer_volksfreund_index.jpg&#8220; align_tablet=&#8220;center&#8220; align_phone=&#8220;&#8220; align_last_edited=&#8220;on|desktop&#8220; admin_label=&#8220;Bild Wonnebauer_trierischer_volksfreund_index&#8220; _builder_version=&#8220;4.16&#8243; custom_margin=&#8220;||0px|&#8220; global_colors_info=&#8220;{}&#8220;][\/et_pb_image][\/et_pb_column][\/et_pb_row][et_pb_row column_structure=&#8220;2_3,1_3&#8243; _builder_version=&#8220;4.16&#8243; global_colors_info=&#8220;{}&#8220;][et_pb_column type=&#8220;2_3&#8243; _builder_version=&#8220;4.16&#8243; background_position=&#8220;top_left&#8220; custom_padding=&#8220;0px|0px|0px|0px&#8220; global_colors_info=&#8220;{}&#8220; custom_padding__hover=&#8220;|||&#8220;][et_pb_text admin_label=&#8220;Text Abstandshalter&#8220; _builder_version=&#8220;4.16&#8243; custom_margin=&#8220;0px|0px|0px|0px&#8220; custom_padding=&#8220;0px|0px|0px|0px&#8220; global_colors_info=&#8220;{}&#8220;]<span style=\"color: #ffffff;\">:<\/span><br \/>\n<span style=\"color: #ffffff;\">:<\/span><br \/>\n[\/et_pb_text][et_pb_text admin_label=&#8220;Kolumne M\u00e4rz: BFH best\u00e4tigt Abzugsf\u00e4higkeit der Pflegeversicherung&#8220; _builder_version=&#8220;4.16&#8243; z_index_tablet=&#8220;500&#8243; text_text_shadow_horizontal_length_tablet=&#8220;0px&#8220; text_text_shadow_vertical_length_tablet=&#8220;0px&#8220; text_text_shadow_blur_strength_tablet=&#8220;1px&#8220; link_text_shadow_horizontal_length_tablet=&#8220;0px&#8220; link_text_shadow_vertical_length_tablet=&#8220;0px&#8220; link_text_shadow_blur_strength_tablet=&#8220;1px&#8220; ul_text_shadow_horizontal_length_tablet=&#8220;0px&#8220; ul_text_shadow_vertical_length_tablet=&#8220;0px&#8220; ul_text_shadow_blur_strength_tablet=&#8220;1px&#8220; ol_text_shadow_horizontal_length_tablet=&#8220;0px&#8220; ol_text_shadow_vertical_length_tablet=&#8220;0px&#8220; ol_text_shadow_blur_strength_tablet=&#8220;1px&#8220; quote_text_shadow_horizontal_length_tablet=&#8220;0px&#8220; quote_text_shadow_vertical_length_tablet=&#8220;0px&#8220; quote_text_shadow_blur_strength_tablet=&#8220;1px&#8220; header_text_shadow_horizontal_length_tablet=&#8220;0px&#8220; header_text_shadow_vertical_length_tablet=&#8220;0px&#8220; header_text_shadow_blur_strength_tablet=&#8220;1px&#8220; header_2_text_shadow_horizontal_length_tablet=&#8220;0px&#8220; header_2_text_shadow_vertical_length_tablet=&#8220;0px&#8220; header_2_text_shadow_blur_strength_tablet=&#8220;1px&#8220; header_3_text_shadow_horizontal_length_tablet=&#8220;0px&#8220; header_3_text_shadow_vertical_length_tablet=&#8220;0px&#8220; header_3_text_shadow_blur_strength_tablet=&#8220;1px&#8220; header_4_text_shadow_horizontal_length_tablet=&#8220;0px&#8220; header_4_text_shadow_vertical_length_tablet=&#8220;0px&#8220; header_4_text_shadow_blur_strength_tablet=&#8220;1px&#8220; header_5_text_shadow_horizontal_length_tablet=&#8220;0px&#8220; header_5_text_shadow_vertical_length_tablet=&#8220;0px&#8220; header_5_text_shadow_blur_strength_tablet=&#8220;1px&#8220; header_6_text_shadow_horizontal_length_tablet=&#8220;0px&#8220; header_6_text_shadow_vertical_length_tablet=&#8220;0px&#8220; header_6_text_shadow_blur_strength_tablet=&#8220;1px&#8220; box_shadow_horizontal_tablet=&#8220;0px&#8220; box_shadow_vertical_tablet=&#8220;0px&#8220; box_shadow_blur_tablet=&#8220;40px&#8220; box_shadow_spread_tablet=&#8220;0px&#8220; global_colors_info=&#8220;{}&#8220;]<\/p>\n<h3><span class=\"VIiyi\" lang=\"en\"><span class=\"JLqJ4b ChMk0b\" data-language-for-alternatives=\"en\" data-language-to-translate-into=\"de\" data-phrase-index=\"0\">Kolumne M\u00e4rz: BFH best\u00e4tigt Abzugsf\u00e4higkeit der Pflegeversicherung<br \/>\n<\/span><\/span><\/h3>\n<p>[\/et_pb_text][et_pb_text admin_label=&#8220;Text Kolumne M\u00e4rz: BFH best\u00e4tigt Abzugsf\u00e4higkeit der Pflegeversicherung&#8220; _builder_version=&#8220;4.16&#8243; z_index_tablet=&#8220;500&#8243; text_text_shadow_horizontal_length_tablet=&#8220;0px&#8220; text_text_shadow_vertical_length_tablet=&#8220;0px&#8220; text_text_shadow_blur_strength_tablet=&#8220;1px&#8220; link_text_shadow_horizontal_length_tablet=&#8220;0px&#8220; link_text_shadow_vertical_length_tablet=&#8220;0px&#8220; link_text_shadow_blur_strength_tablet=&#8220;1px&#8220; ul_text_shadow_horizontal_length_tablet=&#8220;0px&#8220; ul_text_shadow_vertical_length_tablet=&#8220;0px&#8220; ul_text_shadow_blur_strength_tablet=&#8220;1px&#8220; ol_text_shadow_horizontal_length_tablet=&#8220;0px&#8220; ol_text_shadow_vertical_length_tablet=&#8220;0px&#8220; ol_text_shadow_blur_strength_tablet=&#8220;1px&#8220; quote_text_shadow_horizontal_length_tablet=&#8220;0px&#8220; quote_text_shadow_vertical_length_tablet=&#8220;0px&#8220; quote_text_shadow_blur_strength_tablet=&#8220;1px&#8220; header_text_shadow_horizontal_length_tablet=&#8220;0px&#8220; header_text_shadow_vertical_length_tablet=&#8220;0px&#8220; header_text_shadow_blur_strength_tablet=&#8220;1px&#8220; header_2_text_shadow_horizontal_length_tablet=&#8220;0px&#8220; header_2_text_shadow_vertical_length_tablet=&#8220;0px&#8220; header_2_text_shadow_blur_strength_tablet=&#8220;1px&#8220; header_3_text_shadow_horizontal_length_tablet=&#8220;0px&#8220; header_3_text_shadow_vertical_length_tablet=&#8220;0px&#8220; header_3_text_shadow_blur_strength_tablet=&#8220;1px&#8220; header_4_text_shadow_horizontal_length_tablet=&#8220;0px&#8220; header_4_text_shadow_vertical_length_tablet=&#8220;0px&#8220; header_4_text_shadow_blur_strength_tablet=&#8220;1px&#8220; header_5_text_shadow_horizontal_length_tablet=&#8220;0px&#8220; header_5_text_shadow_vertical_length_tablet=&#8220;0px&#8220; header_5_text_shadow_blur_strength_tablet=&#8220;1px&#8220; header_6_text_shadow_horizontal_length_tablet=&#8220;0px&#8220; header_6_text_shadow_vertical_length_tablet=&#8220;0px&#8220; header_6_text_shadow_blur_strength_tablet=&#8220;1px&#8220; box_shadow_horizontal_tablet=&#8220;0px&#8220; box_shadow_vertical_tablet=&#8220;0px&#8220; box_shadow_blur_tablet=&#8220;40px&#8220; box_shadow_spread_tablet=&#8220;0px&#8220; global_colors_info=&#8220;{}&#8220;]<\/p>\n<div class=\"et_pb_module et_pb_text et_pb_text_7 et_pb_text_align_left et_pb_bg_layout_light\">\n<div class=\"et_pb_text_inner\">\n<p>Der BFH hat mit Urteil vom 03.03.2022 eine Bresche f\u00fcr die Grenzg\u00e4nger geschlagen.Grenzg\u00e4nger zahlen in Luxemburg Beitr\u00e4ge in die Pflegeversicherung. In der luxemburgischen Steuererkl\u00e4rung k\u00f6nnen diese Beitr\u00e4ge jedoch nicht steuerlich ber\u00fccksichtigt werden, weil man dies im luxemburger Steuerrecht nicht kennt.<\/p>\n<p>Es stellte sich somit die Frage, ob die Beitr\u00e4ge denn dann in der deutschen Steuererkl\u00e4rung abgesetzt werden k\u00f6nnen. Dies wurde grunds\u00e4tzlich abgelehnt, weil diese Beitr\u00e4ge in Bezug zu steuerfreien ausl\u00e4ndischen Eink\u00fcnften stehen. Der Europ\u00e4ische Gerichtshof hatte dann jedoch am 22.06.2017 entschieden, dass ausl\u00e4ndische Beitr\u00e4ge dennoch abzugsf\u00e4hig sind, wenn sie in dem T\u00e4tigkeitsland nicht ber\u00fccksichtigt werden.<br \/>\nDas Bundesministerium der Finanzen (BMF) hatte daraufhin die Abzugsf\u00e4higkeit unter bestimmten Umst\u00e4nden best\u00e4tigt. Das Finanzamt Trier lehnte diese Abzugsf\u00e4higkeit jedoch vehement ab, weil es das BMF-Schreiben anders auslegte als einige Steuerfachleute. Es interpretierte das BMF-Schreiben in einer derart verworrenen Art und Weise, die im Grunde genommen auch nicht mehr erw\u00e4hnenswert ist.<br \/>\nJedenfalls verlor das Finanzamt Trier den Rechtsstreit beim Finanzgericht Rheinland-Pfalz. Die Beh\u00f6rde \u00e4nderte daraufhin ihre Rechtsauffassung jedoch nicht, sondern wollte das BFH-Urteil abwarten, das nun verk\u00fcndet wurde.<\/p>\n<p>Alle Grenzg\u00e4nger, die in ihren deutschen Steuererkl\u00e4rungen der letzten Jahre die Pflegeversicherung dennoch geltend gemacht und Einspruch eingelegt hatten, k\u00f6nnen sich jetzt freuen. Die noch offenen Steuerbescheide werden ge\u00e4ndert.<\/p>\n<\/div>\n<\/div>\n<p>[\/et_pb_text][\/et_pb_column][et_pb_column type=&#8220;1_3&#8243; _builder_version=&#8220;4.16&#8243; background_position=&#8220;top_left&#8220; custom_padding=&#8220;0px|0px|0px|&#8220; global_colors_info=&#8220;{}&#8220; custom_padding__hover=&#8220;|||&#8220;][et_pb_text admin_label=&#8220;Text Abstandshalter&#8220; _builder_version=&#8220;4.16&#8243; custom_margin=&#8220;0px|0px|0px|0px&#8220; custom_padding=&#8220;0px|0px|0px|0px&#8220; locked=&#8220;off&#8220; global_colors_info=&#8220;{}&#8220;]<span style=\"color: #ffffff;\">:<\/span><br \/>\n<span style=\"color: #ffffff;\">:<\/span><br \/>\n[\/et_pb_text][et_pb_image src=&#8220;https:\/\/wonnebauer.de\/site\/wp-content\/uploads\/2018\/06\/Wonnebauer_trierischer_volksfreund_index.jpg&#8220; align_tablet=&#8220;center&#8220; align_phone=&#8220;&#8220; align_last_edited=&#8220;on|desktop&#8220; admin_label=&#8220;Bild Wonnebauer_trierischer_volksfreund_index&#8220; _builder_version=&#8220;4.16&#8243; custom_margin=&#8220;||0px|&#8220; global_colors_info=&#8220;{}&#8220;][\/et_pb_image][\/et_pb_column][\/et_pb_row][et_pb_row column_structure=&#8220;2_3,1_3&#8243; _builder_version=&#8220;4.16&#8243; global_colors_info=&#8220;{}&#8220;][et_pb_column type=&#8220;2_3&#8243; _builder_version=&#8220;4.16&#8243; background_position=&#8220;top_left&#8220; custom_padding=&#8220;0px|0px|0px|0px&#8220; global_colors_info=&#8220;{}&#8220; custom_padding__hover=&#8220;|||&#8220;][et_pb_text admin_label=&#8220;Text Abstandshalter&#8220; _builder_version=&#8220;4.16&#8243; custom_margin=&#8220;0px|0px|0px|0px&#8220; custom_padding=&#8220;0px|0px|0px|0px&#8220; global_colors_info=&#8220;{}&#8220;]<span style=\"color: #ffffff;\">:<\/span><br \/>\n<span style=\"color: #ffffff;\">:<\/span><br \/>\n[\/et_pb_text][et_pb_text admin_label=&#8220;Kolumne Februar: Finanzgericht erkennt Verst\u00e4ndigungsvereinbarung nicht an&#8220; _builder_version=&#8220;4.16&#8243; z_index_tablet=&#8220;500&#8243; text_text_shadow_horizontal_length_tablet=&#8220;0px&#8220; text_text_shadow_vertical_length_tablet=&#8220;0px&#8220; text_text_shadow_blur_strength_tablet=&#8220;1px&#8220; link_text_shadow_horizontal_length_tablet=&#8220;0px&#8220; link_text_shadow_vertical_length_tablet=&#8220;0px&#8220; link_text_shadow_blur_strength_tablet=&#8220;1px&#8220; ul_text_shadow_horizontal_length_tablet=&#8220;0px&#8220; ul_text_shadow_vertical_length_tablet=&#8220;0px&#8220; ul_text_shadow_blur_strength_tablet=&#8220;1px&#8220; ol_text_shadow_horizontal_length_tablet=&#8220;0px&#8220; ol_text_shadow_vertical_length_tablet=&#8220;0px&#8220; ol_text_shadow_blur_strength_tablet=&#8220;1px&#8220; quote_text_shadow_horizontal_length_tablet=&#8220;0px&#8220; quote_text_shadow_vertical_length_tablet=&#8220;0px&#8220; quote_text_shadow_blur_strength_tablet=&#8220;1px&#8220; header_text_shadow_horizontal_length_tablet=&#8220;0px&#8220; header_text_shadow_vertical_length_tablet=&#8220;0px&#8220; header_text_shadow_blur_strength_tablet=&#8220;1px&#8220; header_2_text_shadow_horizontal_length_tablet=&#8220;0px&#8220; header_2_text_shadow_vertical_length_tablet=&#8220;0px&#8220; header_2_text_shadow_blur_strength_tablet=&#8220;1px&#8220; header_3_text_shadow_horizontal_length_tablet=&#8220;0px&#8220; header_3_text_shadow_vertical_length_tablet=&#8220;0px&#8220; header_3_text_shadow_blur_strength_tablet=&#8220;1px&#8220; header_4_text_shadow_horizontal_length_tablet=&#8220;0px&#8220; header_4_text_shadow_vertical_length_tablet=&#8220;0px&#8220; header_4_text_shadow_blur_strength_tablet=&#8220;1px&#8220; header_5_text_shadow_horizontal_length_tablet=&#8220;0px&#8220; header_5_text_shadow_vertical_length_tablet=&#8220;0px&#8220; header_5_text_shadow_blur_strength_tablet=&#8220;1px&#8220; header_6_text_shadow_horizontal_length_tablet=&#8220;0px&#8220; header_6_text_shadow_vertical_length_tablet=&#8220;0px&#8220; header_6_text_shadow_blur_strength_tablet=&#8220;1px&#8220; box_shadow_horizontal_tablet=&#8220;0px&#8220; box_shadow_vertical_tablet=&#8220;0px&#8220; box_shadow_blur_tablet=&#8220;40px&#8220; box_shadow_spread_tablet=&#8220;0px&#8220; global_colors_info=&#8220;{}&#8220;]<\/p>\n<h3><span class=\"VIiyi\" lang=\"en\"><span class=\"JLqJ4b ChMk0b\" data-language-for-alternatives=\"en\" data-language-to-translate-into=\"de\" data-phrase-index=\"0\">Kolumne Februar: Finanzgericht erkennt Verst\u00e4ndigungsvereinbarung nicht an<br \/>\n<\/span><\/span><\/h3>\n<p>[\/et_pb_text][et_pb_text admin_label=&#8220;Text Kolumne Februar: Finanzgericht erkennt Verst\u00e4ndigungsvereinbarung nicht an&#8220; _builder_version=&#8220;4.16&#8243; z_index_tablet=&#8220;500&#8243; text_text_shadow_horizontal_length_tablet=&#8220;0px&#8220; text_text_shadow_vertical_length_tablet=&#8220;0px&#8220; text_text_shadow_blur_strength_tablet=&#8220;1px&#8220; link_text_shadow_horizontal_length_tablet=&#8220;0px&#8220; link_text_shadow_vertical_length_tablet=&#8220;0px&#8220; link_text_shadow_blur_strength_tablet=&#8220;1px&#8220; ul_text_shadow_horizontal_length_tablet=&#8220;0px&#8220; ul_text_shadow_vertical_length_tablet=&#8220;0px&#8220; ul_text_shadow_blur_strength_tablet=&#8220;1px&#8220; ol_text_shadow_horizontal_length_tablet=&#8220;0px&#8220; ol_text_shadow_vertical_length_tablet=&#8220;0px&#8220; ol_text_shadow_blur_strength_tablet=&#8220;1px&#8220; quote_text_shadow_horizontal_length_tablet=&#8220;0px&#8220; quote_text_shadow_vertical_length_tablet=&#8220;0px&#8220; quote_text_shadow_blur_strength_tablet=&#8220;1px&#8220; header_text_shadow_horizontal_length_tablet=&#8220;0px&#8220; header_text_shadow_vertical_length_tablet=&#8220;0px&#8220; header_text_shadow_blur_strength_tablet=&#8220;1px&#8220; header_2_text_shadow_horizontal_length_tablet=&#8220;0px&#8220; header_2_text_shadow_vertical_length_tablet=&#8220;0px&#8220; header_2_text_shadow_blur_strength_tablet=&#8220;1px&#8220; header_3_text_shadow_horizontal_length_tablet=&#8220;0px&#8220; header_3_text_shadow_vertical_length_tablet=&#8220;0px&#8220; header_3_text_shadow_blur_strength_tablet=&#8220;1px&#8220; header_4_text_shadow_horizontal_length_tablet=&#8220;0px&#8220; header_4_text_shadow_vertical_length_tablet=&#8220;0px&#8220; header_4_text_shadow_blur_strength_tablet=&#8220;1px&#8220; header_5_text_shadow_horizontal_length_tablet=&#8220;0px&#8220; header_5_text_shadow_vertical_length_tablet=&#8220;0px&#8220; header_5_text_shadow_blur_strength_tablet=&#8220;1px&#8220; header_6_text_shadow_horizontal_length_tablet=&#8220;0px&#8220; header_6_text_shadow_vertical_length_tablet=&#8220;0px&#8220; header_6_text_shadow_blur_strength_tablet=&#8220;1px&#8220; box_shadow_horizontal_tablet=&#8220;0px&#8220; box_shadow_vertical_tablet=&#8220;0px&#8220; box_shadow_blur_tablet=&#8220;40px&#8220; box_shadow_spread_tablet=&#8220;0px&#8220; global_colors_info=&#8220;{}&#8220;]Das Finanzgericht Rheinland-Pfalz hat mit Urteil vom November 2021 wiederholt entschieden, dass es die Verst\u00e4ndigungsvereinbarung vom 07.09.2011 bez\u00fcglich der Abfindungen nicht f\u00fcr rechtswirksam h\u00e4lt.<\/p>\n<p>Die darauf ergangene Konsultationsvereinbarung entfaltet keine Rechtswirkung, weil sie den Bestimmtheitsanforderungen nicht gen\u00fcge. Der Rechtstreit ist jetzt beim Bundesfinanzhof anh\u00e4ngig. Grunds\u00e4tzlich ist ein Gericht nicht an die Konsultationsvereinbarung gebunden, da es sich hier um Verwaltungsanweisungen handelt. F\u00fcr das Gericht ist lediglich das Doppelbesteuerungsabkommen bindend.<\/p>\n<p>Im vorliegenden Falle wurde eine Abfindung, obwohl sie im Rahmen eines Sozialplanes erlassen wurde, in Deutschland besteuert. Das Finanzamt hatte die Besteuerung urspr\u00fcnglich aus einem ganz anderen Grund in Deutschland vorgenommen: Die Abfindung war nach eine besonderen Vorschrift erteilt worden, wonach der Konjunkturausschuss einen Beschluss fassen muss. Da der Grenzg\u00e4nger diesen Beschluss nicht vorlegen konnte, wollte das Finanzamt die Abfindung besteuern. Das Gericht hatte mit seiner Entscheidung jedoch beide\u00a0 Parteien \u00fcberrascht. Es ist mit seiner Rechtsansicht also strenger, als die Finanzverwaltung.<\/p>\n<p>Abfindungen sind nach den OECD-Musterabkommen grunds\u00e4tzlich im Wohnsitzstaat zu versteuern. Die Verst\u00e4ndigungsvereinbarung stelle dazu eine Ausnahme dar, um das Grenzg\u00e4ngertum zu f\u00f6rdern. Die Geschichte der Grenzg\u00e4nger-Besteuerung wird damit immer wieder neu erfunden.<br \/>\n[\/et_pb_text][\/et_pb_column][et_pb_column type=&#8220;1_3&#8243; _builder_version=&#8220;4.16&#8243; background_position=&#8220;top_left&#8220; custom_padding=&#8220;0px|0px|0px|&#8220; global_colors_info=&#8220;{}&#8220; custom_padding__hover=&#8220;|||&#8220;][et_pb_text admin_label=&#8220;Text Abstandshalter&#8220; _builder_version=&#8220;4.16&#8243; custom_margin=&#8220;0px|0px|0px|0px&#8220; custom_padding=&#8220;0px|0px|0px|0px&#8220; locked=&#8220;off&#8220; global_colors_info=&#8220;{}&#8220;]<span style=\"color: #ffffff;\">:<\/span><br \/>\n<span style=\"color: #ffffff;\">:<\/span><br \/>\n[\/et_pb_text][et_pb_image src=&#8220;https:\/\/wonnebauer.de\/site\/wp-content\/uploads\/2018\/06\/Wonnebauer_trierischer_volksfreund_index.jpg&#8220; align_tablet=&#8220;center&#8220; align_phone=&#8220;&#8220; align_last_edited=&#8220;on|desktop&#8220; admin_label=&#8220;Bild Wonnebauer_trierischer_volksfreund_index&#8220; _builder_version=&#8220;4.16&#8243; custom_margin=&#8220;||0px|&#8220; global_colors_info=&#8220;{}&#8220;][\/et_pb_image][\/et_pb_column][\/et_pb_row][et_pb_row column_structure=&#8220;2_3,1_3&#8243; _builder_version=&#8220;4.16&#8243; global_colors_info=&#8220;{}&#8220;][et_pb_column type=&#8220;2_3&#8243; _builder_version=&#8220;4.16&#8243; background_position=&#8220;top_left&#8220; custom_padding=&#8220;0px|0px|0px|0px&#8220; global_colors_info=&#8220;{}&#8220; custom_padding__hover=&#8220;|||&#8220;][et_pb_text admin_label=&#8220;Text Abstandshalter&#8220; _builder_version=&#8220;4.16&#8243; custom_margin=&#8220;0px|0px|0px|0px&#8220; custom_padding=&#8220;0px|0px|0px|0px&#8220; global_colors_info=&#8220;{}&#8220;]<span style=\"color: #ffffff;\">:<\/span><br \/>\n<span style=\"color: #ffffff;\">:<\/span><br \/>\n[\/et_pb_text][et_pb_text admin_label=&#8220;Kolumne Januar: Update Lohnsteuerkarten 2022&#8243; _builder_version=&#8220;4.16&#8243; z_index_tablet=&#8220;500&#8243; text_text_shadow_horizontal_length_tablet=&#8220;0px&#8220; text_text_shadow_vertical_length_tablet=&#8220;0px&#8220; text_text_shadow_blur_strength_tablet=&#8220;1px&#8220; link_text_shadow_horizontal_length_tablet=&#8220;0px&#8220; link_text_shadow_vertical_length_tablet=&#8220;0px&#8220; link_text_shadow_blur_strength_tablet=&#8220;1px&#8220; ul_text_shadow_horizontal_length_tablet=&#8220;0px&#8220; ul_text_shadow_vertical_length_tablet=&#8220;0px&#8220; ul_text_shadow_blur_strength_tablet=&#8220;1px&#8220; ol_text_shadow_horizontal_length_tablet=&#8220;0px&#8220; ol_text_shadow_vertical_length_tablet=&#8220;0px&#8220; ol_text_shadow_blur_strength_tablet=&#8220;1px&#8220; quote_text_shadow_horizontal_length_tablet=&#8220;0px&#8220; quote_text_shadow_vertical_length_tablet=&#8220;0px&#8220; quote_text_shadow_blur_strength_tablet=&#8220;1px&#8220; header_text_shadow_horizontal_length_tablet=&#8220;0px&#8220; header_text_shadow_vertical_length_tablet=&#8220;0px&#8220; header_text_shadow_blur_strength_tablet=&#8220;1px&#8220; header_2_text_shadow_horizontal_length_tablet=&#8220;0px&#8220; header_2_text_shadow_vertical_length_tablet=&#8220;0px&#8220; header_2_text_shadow_blur_strength_tablet=&#8220;1px&#8220; header_3_text_shadow_horizontal_length_tablet=&#8220;0px&#8220; header_3_text_shadow_vertical_length_tablet=&#8220;0px&#8220; header_3_text_shadow_blur_strength_tablet=&#8220;1px&#8220; header_4_text_shadow_horizontal_length_tablet=&#8220;0px&#8220; header_4_text_shadow_vertical_length_tablet=&#8220;0px&#8220; header_4_text_shadow_blur_strength_tablet=&#8220;1px&#8220; header_5_text_shadow_horizontal_length_tablet=&#8220;0px&#8220; header_5_text_shadow_vertical_length_tablet=&#8220;0px&#8220; header_5_text_shadow_blur_strength_tablet=&#8220;1px&#8220; header_6_text_shadow_horizontal_length_tablet=&#8220;0px&#8220; header_6_text_shadow_vertical_length_tablet=&#8220;0px&#8220; header_6_text_shadow_blur_strength_tablet=&#8220;1px&#8220; box_shadow_horizontal_tablet=&#8220;0px&#8220; box_shadow_vertical_tablet=&#8220;0px&#8220; box_shadow_blur_tablet=&#8220;40px&#8220; box_shadow_spread_tablet=&#8220;0px&#8220; global_colors_info=&#8220;{}&#8220;]<\/p>\n<h3><span class=\"VIiyi\" lang=\"en\"><span class=\"JLqJ4b ChMk0b\" data-language-for-alternatives=\"en\" data-language-to-translate-into=\"de\" data-phrase-index=\"0\">Kolumne Januar: Update Lohnsteuerkarten 2022<\/span><\/span><\/h3>\n<p>[\/et_pb_text][et_pb_text admin_label=&#8220;Text Kolumne Januar: Update Lohnsteuerkarten 2022&#8243; _builder_version=&#8220;4.16&#8243; z_index_tablet=&#8220;500&#8243; text_text_shadow_horizontal_length_tablet=&#8220;0px&#8220; text_text_shadow_vertical_length_tablet=&#8220;0px&#8220; text_text_shadow_blur_strength_tablet=&#8220;1px&#8220; link_text_shadow_horizontal_length_tablet=&#8220;0px&#8220; link_text_shadow_vertical_length_tablet=&#8220;0px&#8220; link_text_shadow_blur_strength_tablet=&#8220;1px&#8220; ul_text_shadow_horizontal_length_tablet=&#8220;0px&#8220; ul_text_shadow_vertical_length_tablet=&#8220;0px&#8220; ul_text_shadow_blur_strength_tablet=&#8220;1px&#8220; ol_text_shadow_horizontal_length_tablet=&#8220;0px&#8220; ol_text_shadow_vertical_length_tablet=&#8220;0px&#8220; ol_text_shadow_blur_strength_tablet=&#8220;1px&#8220; quote_text_shadow_horizontal_length_tablet=&#8220;0px&#8220; quote_text_shadow_vertical_length_tablet=&#8220;0px&#8220; quote_text_shadow_blur_strength_tablet=&#8220;1px&#8220; header_text_shadow_horizontal_length_tablet=&#8220;0px&#8220; header_text_shadow_vertical_length_tablet=&#8220;0px&#8220; header_text_shadow_blur_strength_tablet=&#8220;1px&#8220; header_2_text_shadow_horizontal_length_tablet=&#8220;0px&#8220; header_2_text_shadow_vertical_length_tablet=&#8220;0px&#8220; header_2_text_shadow_blur_strength_tablet=&#8220;1px&#8220; header_3_text_shadow_horizontal_length_tablet=&#8220;0px&#8220; header_3_text_shadow_vertical_length_tablet=&#8220;0px&#8220; header_3_text_shadow_blur_strength_tablet=&#8220;1px&#8220; header_4_text_shadow_horizontal_length_tablet=&#8220;0px&#8220; header_4_text_shadow_vertical_length_tablet=&#8220;0px&#8220; header_4_text_shadow_blur_strength_tablet=&#8220;1px&#8220; header_5_text_shadow_horizontal_length_tablet=&#8220;0px&#8220; header_5_text_shadow_vertical_length_tablet=&#8220;0px&#8220; header_5_text_shadow_blur_strength_tablet=&#8220;1px&#8220; header_6_text_shadow_horizontal_length_tablet=&#8220;0px&#8220; header_6_text_shadow_vertical_length_tablet=&#8220;0px&#8220; header_6_text_shadow_blur_strength_tablet=&#8220;1px&#8220; box_shadow_horizontal_tablet=&#8220;0px&#8220; box_shadow_vertical_tablet=&#8220;0px&#8220; box_shadow_blur_tablet=&#8220;40px&#8220; box_shadow_spread_tablet=&#8220;0px&#8220; global_colors_info=&#8220;{}&#8220;]F\u00fcr Arbeitgeber und Arbeitnehmer gibt es eine Neuerung bei den Lohnsteuerkarten.<\/p>\n<p>Bis letztes Jahr musste der Arbeitnehmer dem Arbeitgeber seine Lohnsteuerkarte vorlegen, damit dieser die richtige Steuerklasse zur Kenntnis nehmen und somit korrekt abrechnen konnte. Das geschah im Januar oder Februar.<\/p>\n<p>Nach der Steuerreform werden Steuerkarten von verheirateten Grenzg\u00e4ngern jedoch nun zus\u00e4tzlich ge\u00e4ndert, sobald ein neuer Steuerbescheid vorliegt. Daraus ergibt sich dann jeweils ein neuer globaler Steuersatz<\/p>\n<p>Bislang haben Grenzg\u00e4nger jedoch oft nicht gewusst, dass sie jede neue Karte dem Arbeitgeber vorlegen m\u00fcssen. So kam es auch vor, dass Grenzg\u00e4nger einen neuen Steuersatz beantragt hatten, die dann erhaltene neue Steuerkarte jedoch dem Arbeitgeber nicht vorlegten. Somit wurden die weiteren Monatsabrechnungen mit dem alten Steuersatz berechnet<\/p>\n<p>Mit der jetzigen Reform \u00e4ndert sich das Prozedere. Der Arbeitgeber muss am Monatsende elektronisch die Daten der Lohnsteuerkarte abrufen. Es kommt also nicht mehr darauf an, dass der Arbeitnehmer ihm diese Karte vorlegt.<\/p>\n<p>Der Arbeitgeber ist also ab jetzt in eigener Verantwortung. Das birgt auch Vorteile. Denn oftmals mussten sie den Arbeitnehmer hinterherlaufen, um die Steuerkarte zu erhalten. Wenn dann auch noch eine K\u00fcndigung w\u00e4hrend der Probezeit erfolgte, erhielten Arbeitgeber die Steuerkarte oftmals nie. Die Lohnunterlagen blieben also unvollst\u00e4ndig.<\/p>\n<p>Rentner m\u00fcssen der Rentenversicherung die Karte ebenfalls nicht vorlegen. Es erfolgte schon immer eine automatische \u00dcbermittlung des Finanzamtes an die Rentenkasse. Aber auch hier kommt es vor, dass der neue Prozentsatz von der Rentenkasse nicht wahrgenommen wird. Grenzg\u00e4nger sollten also stets ihre Steuerkarten kontrollieren.<br \/>\n[\/et_pb_text][\/et_pb_column][et_pb_column type=&#8220;1_3&#8243; _builder_version=&#8220;4.16&#8243; background_position=&#8220;top_left&#8220; custom_padding=&#8220;0px|0px|0px|&#8220; global_colors_info=&#8220;{}&#8220; custom_padding__hover=&#8220;|||&#8220;][et_pb_text admin_label=&#8220;Text Abstandshalter&#8220; _builder_version=&#8220;4.16&#8243; custom_margin=&#8220;0px|0px|0px|0px&#8220; custom_padding=&#8220;0px|0px|0px|0px&#8220; locked=&#8220;off&#8220; global_colors_info=&#8220;{}&#8220;]<span style=\"color: #ffffff;\">:<\/span><br \/>\n<span style=\"color: #ffffff;\">:<\/span><br \/>\n[\/et_pb_text][et_pb_image src=&#8220;https:\/\/wonnebauer.de\/site\/wp-content\/uploads\/2018\/06\/Wonnebauer_trierischer_volksfreund_index.jpg&#8220; align_tablet=&#8220;center&#8220; align_phone=&#8220;&#8220; align_last_edited=&#8220;on|desktop&#8220; admin_label=&#8220;Bild Wonnebauer_trierischer_volksfreund_index&#8220; _builder_version=&#8220;4.16&#8243; custom_margin=&#8220;||0px|&#8220; global_colors_info=&#8220;{}&#8220;][\/et_pb_image][\/et_pb_column][\/et_pb_row][et_pb_row column_structure=&#8220;2_3,1_3&#8243; _builder_version=&#8220;4.16&#8243; global_colors_info=&#8220;{}&#8220;][et_pb_column type=&#8220;2_3&#8243; _builder_version=&#8220;4.16&#8243; background_position=&#8220;top_left&#8220; custom_padding=&#8220;0px|0px|0px|0px&#8220; global_colors_info=&#8220;{}&#8220; custom_padding__hover=&#8220;|||&#8220;][et_pb_text admin_label=&#8220;Text Abstandshalter&#8220; _builder_version=&#8220;4.16&#8243; custom_margin=&#8220;0px|0px|0px|0px&#8220; custom_padding=&#8220;0px|0px|0px|0px&#8220; global_colors_info=&#8220;{}&#8220;]<span style=\"color: #ffffff;\">:<\/span><br \/>\n<span style=\"color: #ffffff;\">:<\/span><br \/>\n[\/et_pb_text][et_pb_text admin_label=&#8220;Kolumne Dezember: Probleme bei der Sozialversicherung&#8220; _builder_version=&#8220;4.16&#8243; z_index_tablet=&#8220;500&#8243; text_text_shadow_horizontal_length_tablet=&#8220;0px&#8220; text_text_shadow_vertical_length_tablet=&#8220;0px&#8220; text_text_shadow_blur_strength_tablet=&#8220;1px&#8220; link_text_shadow_horizontal_length_tablet=&#8220;0px&#8220; link_text_shadow_vertical_length_tablet=&#8220;0px&#8220; link_text_shadow_blur_strength_tablet=&#8220;1px&#8220; ul_text_shadow_horizontal_length_tablet=&#8220;0px&#8220; ul_text_shadow_vertical_length_tablet=&#8220;0px&#8220; ul_text_shadow_blur_strength_tablet=&#8220;1px&#8220; ol_text_shadow_horizontal_length_tablet=&#8220;0px&#8220; ol_text_shadow_vertical_length_tablet=&#8220;0px&#8220; ol_text_shadow_blur_strength_tablet=&#8220;1px&#8220; quote_text_shadow_horizontal_length_tablet=&#8220;0px&#8220; quote_text_shadow_vertical_length_tablet=&#8220;0px&#8220; quote_text_shadow_blur_strength_tablet=&#8220;1px&#8220; header_text_shadow_horizontal_length_tablet=&#8220;0px&#8220; header_text_shadow_vertical_length_tablet=&#8220;0px&#8220; header_text_shadow_blur_strength_tablet=&#8220;1px&#8220; header_2_text_shadow_horizontal_length_tablet=&#8220;0px&#8220; header_2_text_shadow_vertical_length_tablet=&#8220;0px&#8220; header_2_text_shadow_blur_strength_tablet=&#8220;1px&#8220; header_3_text_shadow_horizontal_length_tablet=&#8220;0px&#8220; header_3_text_shadow_vertical_length_tablet=&#8220;0px&#8220; header_3_text_shadow_blur_strength_tablet=&#8220;1px&#8220; header_4_text_shadow_horizontal_length_tablet=&#8220;0px&#8220; header_4_text_shadow_vertical_length_tablet=&#8220;0px&#8220; header_4_text_shadow_blur_strength_tablet=&#8220;1px&#8220; header_5_text_shadow_horizontal_length_tablet=&#8220;0px&#8220; header_5_text_shadow_vertical_length_tablet=&#8220;0px&#8220; header_5_text_shadow_blur_strength_tablet=&#8220;1px&#8220; header_6_text_shadow_horizontal_length_tablet=&#8220;0px&#8220; header_6_text_shadow_vertical_length_tablet=&#8220;0px&#8220; header_6_text_shadow_blur_strength_tablet=&#8220;1px&#8220; box_shadow_horizontal_tablet=&#8220;0px&#8220; box_shadow_vertical_tablet=&#8220;0px&#8220; box_shadow_blur_tablet=&#8220;40px&#8220; box_shadow_spread_tablet=&#8220;0px&#8220; global_colors_info=&#8220;{}&#8220;]<\/p>\n<h3><span class=\"VIiyi\" lang=\"en\"><span class=\"JLqJ4b ChMk0b\" data-language-for-alternatives=\"en\" data-language-to-translate-into=\"de\" data-phrase-index=\"0\">Kolumne Dezember: Probleme bei der Sozialversicherung<\/span><\/span><\/h3>\n<p>[\/et_pb_text][et_pb_text admin_label=&#8220;Text Kolumne Dezember: Probleme bei der Sozialversicherung&#8220; _builder_version=&#8220;4.16&#8243; z_index_tablet=&#8220;500&#8243; text_text_shadow_horizontal_length_tablet=&#8220;0px&#8220; text_text_shadow_vertical_length_tablet=&#8220;0px&#8220; text_text_shadow_blur_strength_tablet=&#8220;1px&#8220; link_text_shadow_horizontal_length_tablet=&#8220;0px&#8220; link_text_shadow_vertical_length_tablet=&#8220;0px&#8220; link_text_shadow_blur_strength_tablet=&#8220;1px&#8220; ul_text_shadow_horizontal_length_tablet=&#8220;0px&#8220; ul_text_shadow_vertical_length_tablet=&#8220;0px&#8220; ul_text_shadow_blur_strength_tablet=&#8220;1px&#8220; ol_text_shadow_horizontal_length_tablet=&#8220;0px&#8220; ol_text_shadow_vertical_length_tablet=&#8220;0px&#8220; ol_text_shadow_blur_strength_tablet=&#8220;1px&#8220; quote_text_shadow_horizontal_length_tablet=&#8220;0px&#8220; quote_text_shadow_vertical_length_tablet=&#8220;0px&#8220; quote_text_shadow_blur_strength_tablet=&#8220;1px&#8220; header_text_shadow_horizontal_length_tablet=&#8220;0px&#8220; header_text_shadow_vertical_length_tablet=&#8220;0px&#8220; header_text_shadow_blur_strength_tablet=&#8220;1px&#8220; header_2_text_shadow_horizontal_length_tablet=&#8220;0px&#8220; header_2_text_shadow_vertical_length_tablet=&#8220;0px&#8220; header_2_text_shadow_blur_strength_tablet=&#8220;1px&#8220; header_3_text_shadow_horizontal_length_tablet=&#8220;0px&#8220; header_3_text_shadow_vertical_length_tablet=&#8220;0px&#8220; header_3_text_shadow_blur_strength_tablet=&#8220;1px&#8220; header_4_text_shadow_horizontal_length_tablet=&#8220;0px&#8220; header_4_text_shadow_vertical_length_tablet=&#8220;0px&#8220; header_4_text_shadow_blur_strength_tablet=&#8220;1px&#8220; header_5_text_shadow_horizontal_length_tablet=&#8220;0px&#8220; header_5_text_shadow_vertical_length_tablet=&#8220;0px&#8220; header_5_text_shadow_blur_strength_tablet=&#8220;1px&#8220; header_6_text_shadow_horizontal_length_tablet=&#8220;0px&#8220; header_6_text_shadow_vertical_length_tablet=&#8220;0px&#8220; header_6_text_shadow_blur_strength_tablet=&#8220;1px&#8220; box_shadow_horizontal_tablet=&#8220;0px&#8220; box_shadow_vertical_tablet=&#8220;0px&#8220; box_shadow_blur_tablet=&#8220;40px&#8220; box_shadow_spread_tablet=&#8220;0px&#8220; global_colors_info=&#8220;{}&#8220;]<\/p>\n<div class=\"et_pb_module et_pb_text et_pb_text_7 et_pb_text_align_left et_pb_bg_layout_light\">\n<div class=\"et_pb_text_inner\">\n<p>Grenzg\u00e4nger d\u00fcrfen bekannterma\u00dfen nicht mehr als 25% ihrer Arbeitszeit in ihrem Wohnsitzland Deutschland arbeiten. Andernfalls verlieren sie ihren Anspruch auf luxemburger Sozialversicherung. In einem aktuellen Fall pr\u00fcfte der deutsche Zoll einen LKW-Fahrer.<\/p>\n<p>Es wurde festgestellt, dass dieser vier Jahre lang, n\u00e4mlich in den Jahren 2015 bis 2018 \u00fcberwiegend in Deutschland fuhr. Daraufhin erfolgte eine Meldung an die Deutsche Rentenversicherung. Diese wiederum meldete die Angelegenheit an die CCSS. Dies hatte zur Folge, dass die CCSS die Renteneinzahlungen des Grenzg\u00e4ngers r\u00fcckwirkend storniert und zur\u00fcck \u00fcberwiesen hat. Letztendlich f\u00fchrt dies zur Pflicht des Arbeitgebers, den Mitarbeitern nachtr\u00e4glich in der Deutschen Rentenversicherung anzumelden.<\/p>\n<p>Damit nicht genug: Mittlerweile wird dann auch noch die luxemburger Kindergeldkasse \u00fcber diesen Vorgang informiert. Das war in fr\u00fcheren Jahren nicht der Fall. Diese verlangte dann das Kindergeld zur\u00fcck. Es erfolgte allerdings eine direkte Verrechnung mit der deutschen Kindergeldkasse. Da jedoch bekannterma\u00dfen das luxemburger Kindergeld viel h\u00f6her ist, wird dann auch die Differenz von dem Grenzg\u00e4nger zur\u00fcckgefordert. Im vorliegenden Falle handelt es sich bei mehreren Kindern \u00fcber vier Jahre um rund 18.000,00 Euro.<\/p>\n<p>Diese Betr\u00e4ge und auch der Nachteil in der Rentenversicherung sollten dazu Anlass geben, dass sowohl Arbeitgeber als auch Arbeitnehmer ernsthaft die Einhaltung der Arbeitszeiten au\u00dferhalb Luxemburgs, insbesondere im Wohnsitzland pr\u00fcfen. Besser ist es jedoch zu Jahresanfang einen Jahresplan zu erstellen, um die Zeiten au\u00dferhalb Luxemburgs abzusch\u00e4tzen. Dadurch gewinnen sowohl Arbeitgeber als auch Arbeitnehmer an Rechtssicherheit.<\/p>\n<\/div>\n<\/div>\n<p>[\/et_pb_text][\/et_pb_column][et_pb_column type=&#8220;1_3&#8243; _builder_version=&#8220;4.16&#8243; background_position=&#8220;top_left&#8220; custom_padding=&#8220;0px|0px|0px|&#8220; global_colors_info=&#8220;{}&#8220; custom_padding__hover=&#8220;|||&#8220;][et_pb_text admin_label=&#8220;Text Abstandshalter&#8220; _builder_version=&#8220;4.16&#8243; custom_margin=&#8220;0px|0px|0px|0px&#8220; custom_padding=&#8220;0px|0px|0px|0px&#8220; locked=&#8220;off&#8220; global_colors_info=&#8220;{}&#8220;]<span style=\"color: #ffffff;\">:<\/span><br \/>\n<span style=\"color: #ffffff;\">:<\/span><br \/>\n[\/et_pb_text][et_pb_image src=&#8220;https:\/\/wonnebauer.de\/site\/wp-content\/uploads\/2018\/06\/Wonnebauer_trierischer_volksfreund_index.jpg&#8220; align_tablet=&#8220;center&#8220; align_phone=&#8220;&#8220; align_last_edited=&#8220;on|desktop&#8220; admin_label=&#8220;Bild Wonnebauer_trierischer_volksfreund_index&#8220; _builder_version=&#8220;4.16&#8243; custom_margin=&#8220;||0px|&#8220; global_colors_info=&#8220;{}&#8220;][\/et_pb_image][\/et_pb_column][\/et_pb_row][et_pb_row column_structure=&#8220;2_3,1_3&#8243; _builder_version=&#8220;4.16&#8243; global_colors_info=&#8220;{}&#8220;][et_pb_column type=&#8220;2_3&#8243; _builder_version=&#8220;4.16&#8243; background_position=&#8220;top_left&#8220; custom_padding=&#8220;0px|0px|0px|0px&#8220; global_colors_info=&#8220;{}&#8220; custom_padding__hover=&#8220;|||&#8220;][et_pb_text admin_label=&#8220;Text Abstandshalter&#8220; _builder_version=&#8220;4.16&#8243; custom_margin=&#8220;0px|0px|0px|0px&#8220; custom_padding=&#8220;0px|0px|0px|0px&#8220; global_colors_info=&#8220;{}&#8220;]<span style=\"color: #ffffff;\">:<\/span><br \/>\n<span style=\"color: #ffffff;\">:<\/span><br \/>\n[\/et_pb_text][et_pb_text admin_label=&#8220;\u00dcberschrift:Kolumne November: \u00dcberlegungen zum Jahresende&#8220; _builder_version=&#8220;4.16&#8243; z_index_tablet=&#8220;500&#8243; text_text_shadow_horizontal_length_tablet=&#8220;0px&#8220; text_text_shadow_vertical_length_tablet=&#8220;0px&#8220; text_text_shadow_blur_strength_tablet=&#8220;1px&#8220; link_text_shadow_horizontal_length_tablet=&#8220;0px&#8220; link_text_shadow_vertical_length_tablet=&#8220;0px&#8220; link_text_shadow_blur_strength_tablet=&#8220;1px&#8220; ul_text_shadow_horizontal_length_tablet=&#8220;0px&#8220; ul_text_shadow_vertical_length_tablet=&#8220;0px&#8220; ul_text_shadow_blur_strength_tablet=&#8220;1px&#8220; ol_text_shadow_horizontal_length_tablet=&#8220;0px&#8220; ol_text_shadow_vertical_length_tablet=&#8220;0px&#8220; ol_text_shadow_blur_strength_tablet=&#8220;1px&#8220; quote_text_shadow_horizontal_length_tablet=&#8220;0px&#8220; quote_text_shadow_vertical_length_tablet=&#8220;0px&#8220; quote_text_shadow_blur_strength_tablet=&#8220;1px&#8220; header_text_shadow_horizontal_length_tablet=&#8220;0px&#8220; header_text_shadow_vertical_length_tablet=&#8220;0px&#8220; header_text_shadow_blur_strength_tablet=&#8220;1px&#8220; header_2_text_shadow_horizontal_length_tablet=&#8220;0px&#8220; header_2_text_shadow_vertical_length_tablet=&#8220;0px&#8220; header_2_text_shadow_blur_strength_tablet=&#8220;1px&#8220; header_3_text_shadow_horizontal_length_tablet=&#8220;0px&#8220; header_3_text_shadow_vertical_length_tablet=&#8220;0px&#8220; header_3_text_shadow_blur_strength_tablet=&#8220;1px&#8220; header_4_text_shadow_horizontal_length_tablet=&#8220;0px&#8220; header_4_text_shadow_vertical_length_tablet=&#8220;0px&#8220; header_4_text_shadow_blur_strength_tablet=&#8220;1px&#8220; header_5_text_shadow_horizontal_length_tablet=&#8220;0px&#8220; header_5_text_shadow_vertical_length_tablet=&#8220;0px&#8220; header_5_text_shadow_blur_strength_tablet=&#8220;1px&#8220; header_6_text_shadow_horizontal_length_tablet=&#8220;0px&#8220; header_6_text_shadow_vertical_length_tablet=&#8220;0px&#8220; header_6_text_shadow_blur_strength_tablet=&#8220;1px&#8220; box_shadow_horizontal_tablet=&#8220;0px&#8220; box_shadow_vertical_tablet=&#8220;0px&#8220; box_shadow_blur_tablet=&#8220;40px&#8220; box_shadow_spread_tablet=&#8220;0px&#8220; global_colors_info=&#8220;{}&#8220;]<\/p>\n<h3><span class=\"VIiyi\" lang=\"en\"><span class=\"JLqJ4b ChMk0b\" data-language-for-alternatives=\"en\" data-language-to-translate-into=\"de\" data-phrase-index=\"0\">Kolumne November: \u00dcberlegungen zum Jahresende<br \/>\n<\/span><\/span><\/h3>\n<p>[\/et_pb_text][et_pb_text admin_label=&#8220;Text Kolumne November: \u00dcberlegungen zum Jahresende&#8220; _builder_version=&#8220;4.16&#8243; z_index_tablet=&#8220;500&#8243; text_text_shadow_horizontal_length_tablet=&#8220;0px&#8220; text_text_shadow_vertical_length_tablet=&#8220;0px&#8220; text_text_shadow_blur_strength_tablet=&#8220;1px&#8220; link_text_shadow_horizontal_length_tablet=&#8220;0px&#8220; link_text_shadow_vertical_length_tablet=&#8220;0px&#8220; link_text_shadow_blur_strength_tablet=&#8220;1px&#8220; ul_text_shadow_horizontal_length_tablet=&#8220;0px&#8220; ul_text_shadow_vertical_length_tablet=&#8220;0px&#8220; ul_text_shadow_blur_strength_tablet=&#8220;1px&#8220; ol_text_shadow_horizontal_length_tablet=&#8220;0px&#8220; ol_text_shadow_vertical_length_tablet=&#8220;0px&#8220; ol_text_shadow_blur_strength_tablet=&#8220;1px&#8220; quote_text_shadow_horizontal_length_tablet=&#8220;0px&#8220; quote_text_shadow_vertical_length_tablet=&#8220;0px&#8220; quote_text_shadow_blur_strength_tablet=&#8220;1px&#8220; header_text_shadow_horizontal_length_tablet=&#8220;0px&#8220; header_text_shadow_vertical_length_tablet=&#8220;0px&#8220; header_text_shadow_blur_strength_tablet=&#8220;1px&#8220; header_2_text_shadow_horizontal_length_tablet=&#8220;0px&#8220; header_2_text_shadow_vertical_length_tablet=&#8220;0px&#8220; header_2_text_shadow_blur_strength_tablet=&#8220;1px&#8220; header_3_text_shadow_horizontal_length_tablet=&#8220;0px&#8220; header_3_text_shadow_vertical_length_tablet=&#8220;0px&#8220; header_3_text_shadow_blur_strength_tablet=&#8220;1px&#8220; header_4_text_shadow_horizontal_length_tablet=&#8220;0px&#8220; header_4_text_shadow_vertical_length_tablet=&#8220;0px&#8220; header_4_text_shadow_blur_strength_tablet=&#8220;1px&#8220; header_5_text_shadow_horizontal_length_tablet=&#8220;0px&#8220; header_5_text_shadow_vertical_length_tablet=&#8220;0px&#8220; header_5_text_shadow_blur_strength_tablet=&#8220;1px&#8220; header_6_text_shadow_horizontal_length_tablet=&#8220;0px&#8220; header_6_text_shadow_vertical_length_tablet=&#8220;0px&#8220; header_6_text_shadow_blur_strength_tablet=&#8220;1px&#8220; box_shadow_horizontal_tablet=&#8220;0px&#8220; box_shadow_vertical_tablet=&#8220;0px&#8220; box_shadow_blur_tablet=&#8220;40px&#8220; box_shadow_spread_tablet=&#8220;0px&#8220; global_colors_info=&#8220;{}&#8220;]Steuerzahler sind auch Steuersparer. Zum Jahresende \u00fcberlegen viele Grenzg\u00e4nger, was sie noch unternehmen k\u00f6nnen, um Steuern zu sparen. Besser ist jedoch der Rat, Vertragsabschl\u00fcsse zu unterlassen, die als vermeintlich steuersparend angepriesen werden. Man sollte sich also nicht von provisionsgetriebenen Verk\u00e4ufern verf\u00fchren lassen, sein Geld sinnfrei auszugeben.<\/p>\n<p>Grunds\u00e4tzlich gilt: Das Steuersparen sollte bei Investitionen nicht im Vordergrund stehen. Wie viele Steuern spart ein Grenzg\u00e4nger, wenn eine Versicherung \u00fcber 1000 Euro Jahresbeitrag abgeschlossen wird? Versicherungsvertreter rechnen hier gerne mit einem H\u00f6chststeuersatz von 40%. Stimmt das eigentlich oder ist das nur ein Verkaufsargument?<\/p>\n<p>Ein verheirateter Alleinverdiener mit einem Kind und einem Bruttoeinkommen von 40.000 Euro hat jedoch nur einen Steuersatz von f\u00fcnf Prozent. Er spart also h\u00f6chstens 50 Euro, muss daf\u00fcr aber ein Vielfaches ausgeben. Meistens wird die Ersparnis aber noch geringer sein, weil ein Haushalt schon \u00fcber andere Versicherungen verf\u00fcgt. Pro Haushaltsmitglied kann man ohnehin nur 672 Euro f\u00fcr Versicherungen und Kreditzinsen ansetzen. Die vorgenannten 1000 Euro m\u00fcssten also dazu dienen, den H\u00f6chstbetrag von 2016 Euro auszusch\u00f6pfen. Wenn aber bereits Versicherungen \u00fcber beispielsweise 1500 Euro steuerwirksam geltend gemacht wurden, w\u00fcrden sich in diesem Beispielsfall nur noch 516 Euro auswirken. Die Ersparnis geht also in Richtung 25 Euro. Es muss also einen sehr wichtigen nichtsteuerlichen Grund geben, diese Versicherung abzuschlie\u00dfen.<\/p>\n<p>Bei einem Bruttoeinkommen eines Alleinverdieners von 80.000 Euro liegt der Steuersatz bei rund 10 Prozent. Der werte Leser m\u00f6ge den Rest selbst ausrechnen.<\/p>\n<p>Wichtig sind in jedem Fall Haftpflichtversicherungen. Ob man wirklich eine Unfallversicherung braucht, muss jeder mit sich selbst ausmachen. Meistens werden die Krankheitskosten ja nicht von dieser bezahlt, sondern von der Krankenversicherung oder bei einem Berufsunfall von der Unfallkasse. Die Unfallversicherung schenkt dem Verletzten nur noch ein Sahneh\u00e4ubchen zum Vers\u00fc\u00dfen der Verletzung. Die oft angepriesene R\u00fcckholversicherung ist schon in vielen Autoclubvertr\u00e4gen oder Autoversicherungen enthalten.<\/p>\n<p>Grenzg\u00e4nger sollten also nicht blo\u00df darauf achten, Steuern zu sparen, sondern einmal im Jahr ihre Finanzen auf den Pr\u00fcfstand stellen. Wo ist man doppelt versichert? Bei zusammengef\u00fchrten Haushalten eines Paares\u00a0 hat man eine Zeit lang oft noch zwei Rechtsschutz- oder Haftpflichtversicherungen. Man sollte sich also schon fr\u00fchzeitig mit den Versicherungen in Verbindung setzen, um Vertr\u00e4ge zu k\u00fcndigen.<br \/>\n[\/et_pb_text][\/et_pb_column][et_pb_column type=&#8220;1_3&#8243; _builder_version=&#8220;4.16&#8243; background_position=&#8220;top_left&#8220; custom_padding=&#8220;0px|0px|0px|&#8220; global_colors_info=&#8220;{}&#8220; custom_padding__hover=&#8220;|||&#8220;][et_pb_text admin_label=&#8220;Text Abstandshalter&#8220; _builder_version=&#8220;4.16&#8243; custom_margin=&#8220;0px|0px|0px|0px&#8220; custom_padding=&#8220;0px|0px|0px|0px&#8220; locked=&#8220;off&#8220; global_colors_info=&#8220;{}&#8220;]<span style=\"color: #ffffff;\">:<\/span><br \/>\n<span style=\"color: #ffffff;\">:<\/span><br \/>\n[\/et_pb_text][et_pb_image src=&#8220;https:\/\/wonnebauer.de\/site\/wp-content\/uploads\/2018\/06\/Wonnebauer_trierischer_volksfreund_index.jpg&#8220; align_tablet=&#8220;center&#8220; align_phone=&#8220;&#8220; align_last_edited=&#8220;on|desktop&#8220; admin_label=&#8220;Bild Wonnebauer_trierischer_volksfreund_index&#8220; _builder_version=&#8220;4.16&#8243; custom_margin=&#8220;||0px|&#8220; global_colors_info=&#8220;{}&#8220;][\/et_pb_image][\/et_pb_column][\/et_pb_row][et_pb_row column_structure=&#8220;2_3,1_3&#8243; _builder_version=&#8220;4.16&#8243; global_colors_info=&#8220;{}&#8220;][et_pb_column type=&#8220;2_3&#8243; _builder_version=&#8220;4.16&#8243; background_position=&#8220;top_left&#8220; custom_padding=&#8220;0px|0px|0px|0px&#8220; global_colors_info=&#8220;{}&#8220; custom_padding__hover=&#8220;|||&#8220;][et_pb_text admin_label=&#8220;Text Abstandshalter&#8220; _builder_version=&#8220;4.16&#8243; custom_margin=&#8220;0px|0px|0px|0px&#8220; custom_padding=&#8220;0px|0px|0px|0px&#8220; global_colors_info=&#8220;{}&#8220;]<span style=\"color: #ffffff;\">:<\/span><br \/>\n<span style=\"color: #ffffff;\">:<\/span><br \/>\n[\/et_pb_text][et_pb_text admin_label=&#8220;\u00dcberschrift: Kolumne Oktober: Rentner k\u00f6nnen Steuererkl\u00e4rungen vermeiden&#8220; _builder_version=&#8220;4.16&#8243; z_index_tablet=&#8220;500&#8243; text_text_shadow_horizontal_length_tablet=&#8220;0px&#8220; text_text_shadow_vertical_length_tablet=&#8220;0px&#8220; text_text_shadow_blur_strength_tablet=&#8220;1px&#8220; link_text_shadow_horizontal_length_tablet=&#8220;0px&#8220; link_text_shadow_vertical_length_tablet=&#8220;0px&#8220; link_text_shadow_blur_strength_tablet=&#8220;1px&#8220; ul_text_shadow_horizontal_length_tablet=&#8220;0px&#8220; ul_text_shadow_vertical_length_tablet=&#8220;0px&#8220; ul_text_shadow_blur_strength_tablet=&#8220;1px&#8220; ol_text_shadow_horizontal_length_tablet=&#8220;0px&#8220; ol_text_shadow_vertical_length_tablet=&#8220;0px&#8220; ol_text_shadow_blur_strength_tablet=&#8220;1px&#8220; quote_text_shadow_horizontal_length_tablet=&#8220;0px&#8220; quote_text_shadow_vertical_length_tablet=&#8220;0px&#8220; quote_text_shadow_blur_strength_tablet=&#8220;1px&#8220; header_text_shadow_horizontal_length_tablet=&#8220;0px&#8220; header_text_shadow_vertical_length_tablet=&#8220;0px&#8220; header_text_shadow_blur_strength_tablet=&#8220;1px&#8220; header_2_text_shadow_horizontal_length_tablet=&#8220;0px&#8220; header_2_text_shadow_vertical_length_tablet=&#8220;0px&#8220; header_2_text_shadow_blur_strength_tablet=&#8220;1px&#8220; header_3_text_shadow_horizontal_length_tablet=&#8220;0px&#8220; header_3_text_shadow_vertical_length_tablet=&#8220;0px&#8220; header_3_text_shadow_blur_strength_tablet=&#8220;1px&#8220; header_4_text_shadow_horizontal_length_tablet=&#8220;0px&#8220; header_4_text_shadow_vertical_length_tablet=&#8220;0px&#8220; header_4_text_shadow_blur_strength_tablet=&#8220;1px&#8220; header_5_text_shadow_horizontal_length_tablet=&#8220;0px&#8220; header_5_text_shadow_vertical_length_tablet=&#8220;0px&#8220; header_5_text_shadow_blur_strength_tablet=&#8220;1px&#8220; header_6_text_shadow_horizontal_length_tablet=&#8220;0px&#8220; header_6_text_shadow_vertical_length_tablet=&#8220;0px&#8220; header_6_text_shadow_blur_strength_tablet=&#8220;1px&#8220; box_shadow_horizontal_tablet=&#8220;0px&#8220; box_shadow_vertical_tablet=&#8220;0px&#8220; box_shadow_blur_tablet=&#8220;40px&#8220; box_shadow_spread_tablet=&#8220;0px&#8220; global_colors_info=&#8220;{}&#8220;]<\/p>\n<h3><span class=\"VIiyi\" lang=\"en\"><span class=\"JLqJ4b ChMk0b\" data-language-for-alternatives=\"en\" data-language-to-translate-into=\"de\" data-phrase-index=\"0\">Kolumne Oktober: Rentner k\u00f6nnen Steuererkl\u00e4rungen vermeiden<br \/>\n<\/span><\/span><\/h3>\n<p>[\/et_pb_text][et_pb_text admin_label=&#8220;Text Kolumne Oktober: Rentner k\u00f6nnen Steuererkl\u00e4rungen vermeiden&#8220; _builder_version=&#8220;4.16&#8243; z_index_tablet=&#8220;500&#8243; text_text_shadow_horizontal_length_tablet=&#8220;0px&#8220; text_text_shadow_vertical_length_tablet=&#8220;0px&#8220; text_text_shadow_blur_strength_tablet=&#8220;1px&#8220; link_text_shadow_horizontal_length_tablet=&#8220;0px&#8220; link_text_shadow_vertical_length_tablet=&#8220;0px&#8220; link_text_shadow_blur_strength_tablet=&#8220;1px&#8220; ul_text_shadow_horizontal_length_tablet=&#8220;0px&#8220; ul_text_shadow_vertical_length_tablet=&#8220;0px&#8220; ul_text_shadow_blur_strength_tablet=&#8220;1px&#8220; ol_text_shadow_horizontal_length_tablet=&#8220;0px&#8220; ol_text_shadow_vertical_length_tablet=&#8220;0px&#8220; ol_text_shadow_blur_strength_tablet=&#8220;1px&#8220; quote_text_shadow_horizontal_length_tablet=&#8220;0px&#8220; quote_text_shadow_vertical_length_tablet=&#8220;0px&#8220; quote_text_shadow_blur_strength_tablet=&#8220;1px&#8220; header_text_shadow_horizontal_length_tablet=&#8220;0px&#8220; header_text_shadow_vertical_length_tablet=&#8220;0px&#8220; header_text_shadow_blur_strength_tablet=&#8220;1px&#8220; header_2_text_shadow_horizontal_length_tablet=&#8220;0px&#8220; header_2_text_shadow_vertical_length_tablet=&#8220;0px&#8220; header_2_text_shadow_blur_strength_tablet=&#8220;1px&#8220; header_3_text_shadow_horizontal_length_tablet=&#8220;0px&#8220; header_3_text_shadow_vertical_length_tablet=&#8220;0px&#8220; header_3_text_shadow_blur_strength_tablet=&#8220;1px&#8220; header_4_text_shadow_horizontal_length_tablet=&#8220;0px&#8220; header_4_text_shadow_vertical_length_tablet=&#8220;0px&#8220; header_4_text_shadow_blur_strength_tablet=&#8220;1px&#8220; header_5_text_shadow_horizontal_length_tablet=&#8220;0px&#8220; header_5_text_shadow_vertical_length_tablet=&#8220;0px&#8220; header_5_text_shadow_blur_strength_tablet=&#8220;1px&#8220; header_6_text_shadow_horizontal_length_tablet=&#8220;0px&#8220; header_6_text_shadow_vertical_length_tablet=&#8220;0px&#8220; header_6_text_shadow_blur_strength_tablet=&#8220;1px&#8220; box_shadow_horizontal_tablet=&#8220;0px&#8220; box_shadow_vertical_tablet=&#8220;0px&#8220; box_shadow_blur_tablet=&#8220;40px&#8220; box_shadow_spread_tablet=&#8220;0px&#8220; global_colors_info=&#8220;{}&#8220;]Bei vielen Grenzg\u00e4ngern die Rentner sind, ergibt sich zumindest aus den Steuerbescheiden keine Steuerlast mehr in Deutschland, obwohl sie eine luxemburger und eine deutsche Rente erhalten.<\/p>\n<p>Die luxemburgischen Renten werden dem deutschen Finanzamt elektronisch \u00fcbermittelt. Die dann in der Software des Finanzamts vorhandenen deutschen und luxemburger Renten ergeben dann oftmals eine Steuerschuld. Dabei wird von der Software allerdings nicht ber\u00fccksichtigt, dass man dem eventuell Versicherungen oder haushaltsnahe Dienstleistungen gegen\u00fcber stellen k\u00f6nnte. Es geht oftmals um geringe Steuern von unter 100 Euro, sodass sich die Beauftragung eines Steuerberaters nicht lohnt oder dies zumindest \u00e4rgerlich ist.<\/p>\n<p>Auch die Finanzbeamten sind damit einverstanden, dass man sich unn\u00f6tige Arbeit erspart, also Steuererkl\u00e4rungen vermeidet, bei denen am Ende ohnehin keine Steuerzahlung herauskommt. Daf\u00fcr ben\u00f6tige das Finanzamt aber Informationen \u00fcber Versicherungen und haushaltsnahe Dienstleistungen. Insofern k\u00f6nnten die betroffenen Rentner dem Finanzamt j\u00e4hrlich zumindest diese Belege \u00fcbersenden und damit beantragen, von einer Verpflichtung der Abgabe der Steuererkl\u00e4rung abzusehen.<\/p>\n<p>Das Finanzamt kann dann n\u00e4mlich diese Werte ber\u00fccksichtigen und einer eventuell entstandenen Steuerlast gegen\u00fcberstellen, sodass sich dann f\u00fcr beide Seiten guten Gewissens ergibt, dass eine Steuererkl\u00e4rung unverh\u00e4ltnism\u00e4\u00dfig w\u00e4re. So k\u00f6nnte sowohl den Rentnern als auch den Finanzbeamten geholfen werden.<br \/>\n[\/et_pb_text][\/et_pb_column][et_pb_column type=&#8220;1_3&#8243; _builder_version=&#8220;4.16&#8243; background_position=&#8220;top_left&#8220; custom_padding=&#8220;0px|0px|0px|&#8220; global_colors_info=&#8220;{}&#8220; custom_padding__hover=&#8220;|||&#8220;][et_pb_text admin_label=&#8220;Text Abstandshalter&#8220; _builder_version=&#8220;4.16&#8243; custom_margin=&#8220;0px|0px|0px|0px&#8220; custom_padding=&#8220;0px|0px|0px|0px&#8220; locked=&#8220;off&#8220; global_colors_info=&#8220;{}&#8220;]<span style=\"color: #ffffff;\">:<\/span><br \/>\n<span style=\"color: #ffffff;\">:<\/span><br \/>\n[\/et_pb_text][et_pb_image src=&#8220;https:\/\/wonnebauer.de\/site\/wp-content\/uploads\/2018\/06\/Wonnebauer_trierischer_volksfreund_index.jpg&#8220; align_tablet=&#8220;center&#8220; align_phone=&#8220;&#8220; align_last_edited=&#8220;on|desktop&#8220; admin_label=&#8220;Bild Wonnebauer_trierischer_volksfreund_index&#8220; _builder_version=&#8220;4.16&#8243; custom_margin=&#8220;||0px|&#8220; global_colors_info=&#8220;{}&#8220;][\/et_pb_image][\/et_pb_column][\/et_pb_row][et_pb_row column_structure=&#8220;2_3,1_3&#8243; _builder_version=&#8220;4.16&#8243; global_colors_info=&#8220;{}&#8220;][et_pb_column type=&#8220;2_3&#8243; _builder_version=&#8220;4.16&#8243; background_position=&#8220;top_left&#8220; custom_padding=&#8220;0px|0px|0px|0px&#8220; global_colors_info=&#8220;{}&#8220; custom_padding__hover=&#8220;|||&#8220;][et_pb_text admin_label=&#8220;Text Abstandshalter&#8220; _builder_version=&#8220;4.16&#8243; custom_margin=&#8220;0px|0px|0px|0px&#8220; custom_padding=&#8220;0px|0px|0px|0px&#8220; global_colors_info=&#8220;{}&#8220;]<span style=\"color: #ffffff;\">:<\/span><br \/>\n<span style=\"color: #ffffff;\">:<\/span><br \/>\n[\/et_pb_text][et_pb_text admin_label=&#8220;\u00dcberschrift: Kolumne September: Versicherungen in der Steuererkl\u00e4rung&#8220; _builder_version=&#8220;4.16&#8243; z_index_tablet=&#8220;500&#8243; text_text_shadow_horizontal_length_tablet=&#8220;0px&#8220; text_text_shadow_vertical_length_tablet=&#8220;0px&#8220; text_text_shadow_blur_strength_tablet=&#8220;1px&#8220; link_text_shadow_horizontal_length_tablet=&#8220;0px&#8220; link_text_shadow_vertical_length_tablet=&#8220;0px&#8220; link_text_shadow_blur_strength_tablet=&#8220;1px&#8220; ul_text_shadow_horizontal_length_tablet=&#8220;0px&#8220; ul_text_shadow_vertical_length_tablet=&#8220;0px&#8220; ul_text_shadow_blur_strength_tablet=&#8220;1px&#8220; ol_text_shadow_horizontal_length_tablet=&#8220;0px&#8220; ol_text_shadow_vertical_length_tablet=&#8220;0px&#8220; ol_text_shadow_blur_strength_tablet=&#8220;1px&#8220; quote_text_shadow_horizontal_length_tablet=&#8220;0px&#8220; quote_text_shadow_vertical_length_tablet=&#8220;0px&#8220; quote_text_shadow_blur_strength_tablet=&#8220;1px&#8220; header_text_shadow_horizontal_length_tablet=&#8220;0px&#8220; header_text_shadow_vertical_length_tablet=&#8220;0px&#8220; header_text_shadow_blur_strength_tablet=&#8220;1px&#8220; header_2_text_shadow_horizontal_length_tablet=&#8220;0px&#8220; header_2_text_shadow_vertical_length_tablet=&#8220;0px&#8220; header_2_text_shadow_blur_strength_tablet=&#8220;1px&#8220; header_3_text_shadow_horizontal_length_tablet=&#8220;0px&#8220; header_3_text_shadow_vertical_length_tablet=&#8220;0px&#8220; header_3_text_shadow_blur_strength_tablet=&#8220;1px&#8220; header_4_text_shadow_horizontal_length_tablet=&#8220;0px&#8220; header_4_text_shadow_vertical_length_tablet=&#8220;0px&#8220; header_4_text_shadow_blur_strength_tablet=&#8220;1px&#8220; header_5_text_shadow_horizontal_length_tablet=&#8220;0px&#8220; header_5_text_shadow_vertical_length_tablet=&#8220;0px&#8220; header_5_text_shadow_blur_strength_tablet=&#8220;1px&#8220; header_6_text_shadow_horizontal_length_tablet=&#8220;0px&#8220; header_6_text_shadow_vertical_length_tablet=&#8220;0px&#8220; header_6_text_shadow_blur_strength_tablet=&#8220;1px&#8220; box_shadow_horizontal_tablet=&#8220;0px&#8220; box_shadow_vertical_tablet=&#8220;0px&#8220; box_shadow_blur_tablet=&#8220;40px&#8220; box_shadow_spread_tablet=&#8220;0px&#8220; global_colors_info=&#8220;{}&#8220;]<\/p>\n<h3><span class=\"VIiyi\" lang=\"en\"><span class=\"JLqJ4b ChMk0b\" data-language-for-alternatives=\"en\" data-language-to-translate-into=\"de\" data-phrase-index=\"0\">Kolumne September: Versicherungen in der Steuererkl\u00e4rung<br \/>\n<\/span><\/span><\/h3>\n<p>[\/et_pb_text][et_pb_text admin_label=&#8220;Text Kolumne September: Versicherungen in der Steuererkl\u00e4rung&#8220; _builder_version=&#8220;4.16&#8243; z_index_tablet=&#8220;500&#8243; text_text_shadow_horizontal_length_tablet=&#8220;0px&#8220; text_text_shadow_vertical_length_tablet=&#8220;0px&#8220; text_text_shadow_blur_strength_tablet=&#8220;1px&#8220; link_text_shadow_horizontal_length_tablet=&#8220;0px&#8220; link_text_shadow_vertical_length_tablet=&#8220;0px&#8220; link_text_shadow_blur_strength_tablet=&#8220;1px&#8220; ul_text_shadow_horizontal_length_tablet=&#8220;0px&#8220; ul_text_shadow_vertical_length_tablet=&#8220;0px&#8220; ul_text_shadow_blur_strength_tablet=&#8220;1px&#8220; ol_text_shadow_horizontal_length_tablet=&#8220;0px&#8220; ol_text_shadow_vertical_length_tablet=&#8220;0px&#8220; ol_text_shadow_blur_strength_tablet=&#8220;1px&#8220; quote_text_shadow_horizontal_length_tablet=&#8220;0px&#8220; quote_text_shadow_vertical_length_tablet=&#8220;0px&#8220; quote_text_shadow_blur_strength_tablet=&#8220;1px&#8220; header_text_shadow_horizontal_length_tablet=&#8220;0px&#8220; header_text_shadow_vertical_length_tablet=&#8220;0px&#8220; header_text_shadow_blur_strength_tablet=&#8220;1px&#8220; header_2_text_shadow_horizontal_length_tablet=&#8220;0px&#8220; header_2_text_shadow_vertical_length_tablet=&#8220;0px&#8220; header_2_text_shadow_blur_strength_tablet=&#8220;1px&#8220; header_3_text_shadow_horizontal_length_tablet=&#8220;0px&#8220; header_3_text_shadow_vertical_length_tablet=&#8220;0px&#8220; header_3_text_shadow_blur_strength_tablet=&#8220;1px&#8220; header_4_text_shadow_horizontal_length_tablet=&#8220;0px&#8220; header_4_text_shadow_vertical_length_tablet=&#8220;0px&#8220; header_4_text_shadow_blur_strength_tablet=&#8220;1px&#8220; header_5_text_shadow_horizontal_length_tablet=&#8220;0px&#8220; header_5_text_shadow_vertical_length_tablet=&#8220;0px&#8220; header_5_text_shadow_blur_strength_tablet=&#8220;1px&#8220; header_6_text_shadow_horizontal_length_tablet=&#8220;0px&#8220; header_6_text_shadow_vertical_length_tablet=&#8220;0px&#8220; header_6_text_shadow_blur_strength_tablet=&#8220;1px&#8220; box_shadow_horizontal_tablet=&#8220;0px&#8220; box_shadow_vertical_tablet=&#8220;0px&#8220; box_shadow_blur_tablet=&#8220;40px&#8220; box_shadow_spread_tablet=&#8220;0px&#8220; global_colors_info=&#8220;{}&#8220;]Grenzg\u00e4nger k\u00f6nnen in der luxemburger Steuererkl\u00e4rung Versicherungen ansetzen, \u00e4hnlich der deutschen Steuererkl\u00e4rung. Gemeint sind somit Haftpflicht- und Vorsorgeversicherungen. Allerdings gibt es in Luxemburg H\u00f6chstbetr\u00e4ge von 672 Euro pro Haushaltsmitglied. Eine Familie mit einem Kind kann somit maximal einen H\u00f6chstbetrag von 2.016 Euro ansetzen, der in der Regel auch erreicht wird. Es gibt wenige Grenzg\u00e4nger, die die H\u00f6chstbetr\u00e4ge nicht erreichen, was dann aber aus versicherungstechnischen Gr\u00fcnden oft kein Nachteil ist.<\/p>\n<p>Besonderheiten gibt es bei den Ehegatten der Grenzg\u00e4nger, die deutsche Beamte sind. Diese zahlen nicht in die gesetzliche Krankenversicherung ein, sondern haben private Krankenversicherungen abgeschlossen. Soweit die Beitr\u00e4ge auf die Basisversicherung entfallen, werden sie vom Finanzamt zwischenzeitlich nicht mehr in der Rubrik Versicherungsbeitr\u00e4ge anerkannt. Allerdings werden sie als quasi-sozialversicherungspflichtige Krankenversicherungsbeitr\u00e4ge bei den steuerfreien Eink\u00fcnften ber\u00fccksichtigt. Dort wirken sie sich jedoch bei der Steuerberechnung nicht so hoch aus, wie in der zuvor gehandhabten jahrelangen Praxis. Jahrelang hatte die luxemburgische Finanzverwaltung es abgelehnt, die Beitr\u00e4ge an private Krankenversicherungen als quasigesetzliche Sozialbeitr\u00e4ge anzusehen. Hier gab es in den letzten zwei Jahren einen Wandel, der jedoch nicht an die gro\u00dfe Glocke geh\u00e4ngt wird. Positiv ist daran, dass Grenzg\u00e4nger also noch mehr Versicherungsbeitr\u00e4ge geltend machen k\u00f6nnen, wenn sie die H\u00f6chstbetr\u00e4ge \u00fcberschreiten, vorausgesetzt, man verf\u00fcgt \u00fcber diese.<\/p>\n<p>Die bei Bankmitarbeitern oft vorhandene Eigenzahlung an die ehemalige Direktversicherung BVV gilt als normale Versicherung. Entgegen anders lautender Ger\u00fcchte gelten die Beitr\u00e4ge also nicht als besonders gef\u00f6rderte Zahlungen im Sinne des Artikel 111bis, der sogenannten Junker-Rente oder S-Pension. Die in dieser Rubrik gezahlten Beitr\u00e4ge k\u00f6nnen in H\u00f6he von 3.200 Euro pro Ehegatte geltend gemacht werden, was zus\u00e4tzliche steuermindernde Abzugspositionen ergibt.<\/p>\n<p>In einem Ausnahmefall hat ein Grenzg\u00e4nger eine deutsche Lebensversicherung bei einer deutschen Versicherung. Das Institut bescheinigt tats\u00e4chlich, dass die Versicherung die Bedingungen des Artikel 111bis erf\u00fcllt. Die Best\u00e4tigung bedeutet, dass die Versicherung die Vorgaben des luxemburgischen Steuerrechts beachtet hat, als sie die Versicherung konstruiert hat. Das ist \u00fcberraschend. Das luxemburgische Finanzamt hat das erstaunlicherweise auch so akzeptiert.<br \/>\n[\/et_pb_text][\/et_pb_column][et_pb_column type=&#8220;1_3&#8243; _builder_version=&#8220;4.16&#8243; background_position=&#8220;top_left&#8220; custom_padding=&#8220;0px|0px|0px|&#8220; global_colors_info=&#8220;{}&#8220; custom_padding__hover=&#8220;|||&#8220;][et_pb_text admin_label=&#8220;Text Abstandshalter&#8220; _builder_version=&#8220;4.16&#8243; custom_margin=&#8220;0px|0px|0px|0px&#8220; custom_padding=&#8220;0px|0px|0px|0px&#8220; locked=&#8220;off&#8220; global_colors_info=&#8220;{}&#8220;]<span style=\"color: #ffffff;\">:<\/span><br \/>\n<span style=\"color: #ffffff;\">:<\/span><br \/>\n[\/et_pb_text][et_pb_image src=&#8220;https:\/\/wonnebauer.de\/site\/wp-content\/uploads\/2018\/06\/Wonnebauer_trierischer_volksfreund_index.jpg&#8220; align_tablet=&#8220;center&#8220; align_phone=&#8220;&#8220; align_last_edited=&#8220;on|desktop&#8220; admin_label=&#8220;Bild Wonnebauer_trierischer_volksfreund_index&#8220; _builder_version=&#8220;4.16&#8243; custom_margin=&#8220;||0px|&#8220; global_colors_info=&#8220;{}&#8220;][\/et_pb_image][\/et_pb_column][\/et_pb_row][et_pb_row column_structure=&#8220;2_3,1_3&#8243; _builder_version=&#8220;4.16&#8243; global_colors_info=&#8220;{}&#8220;][et_pb_column type=&#8220;2_3&#8243; _builder_version=&#8220;4.16&#8243; background_position=&#8220;top_left&#8220; custom_padding=&#8220;0px|0px|0px|0px&#8220; global_colors_info=&#8220;{}&#8220; custom_padding__hover=&#8220;|||&#8220;][et_pb_text admin_label=&#8220;Text Abstandshalter&#8220; _builder_version=&#8220;4.16&#8243; custom_margin=&#8220;0px|0px|0px|0px&#8220; custom_padding=&#8220;0px|0px|0px|0px&#8220; global_colors_info=&#8220;{}&#8220;]<span style=\"color: #ffffff;\">:<\/span><br \/>\n<span style=\"color: #ffffff;\">:<\/span><br \/>\n[\/et_pb_text][et_pb_text admin_label=&#8220;\u00dcberschrift: Kolumne August: Besteuerung von Unfallrenten&#8220; _builder_version=&#8220;4.16&#8243; z_index_tablet=&#8220;500&#8243; text_text_shadow_horizontal_length_tablet=&#8220;0px&#8220; text_text_shadow_vertical_length_tablet=&#8220;0px&#8220; text_text_shadow_blur_strength_tablet=&#8220;1px&#8220; link_text_shadow_horizontal_length_tablet=&#8220;0px&#8220; link_text_shadow_vertical_length_tablet=&#8220;0px&#8220; link_text_shadow_blur_strength_tablet=&#8220;1px&#8220; ul_text_shadow_horizontal_length_tablet=&#8220;0px&#8220; ul_text_shadow_vertical_length_tablet=&#8220;0px&#8220; ul_text_shadow_blur_strength_tablet=&#8220;1px&#8220; ol_text_shadow_horizontal_length_tablet=&#8220;0px&#8220; ol_text_shadow_vertical_length_tablet=&#8220;0px&#8220; ol_text_shadow_blur_strength_tablet=&#8220;1px&#8220; quote_text_shadow_horizontal_length_tablet=&#8220;0px&#8220; quote_text_shadow_vertical_length_tablet=&#8220;0px&#8220; quote_text_shadow_blur_strength_tablet=&#8220;1px&#8220; header_text_shadow_horizontal_length_tablet=&#8220;0px&#8220; header_text_shadow_vertical_length_tablet=&#8220;0px&#8220; header_text_shadow_blur_strength_tablet=&#8220;1px&#8220; header_2_text_shadow_horizontal_length_tablet=&#8220;0px&#8220; header_2_text_shadow_vertical_length_tablet=&#8220;0px&#8220; header_2_text_shadow_blur_strength_tablet=&#8220;1px&#8220; header_3_text_shadow_horizontal_length_tablet=&#8220;0px&#8220; header_3_text_shadow_vertical_length_tablet=&#8220;0px&#8220; header_3_text_shadow_blur_strength_tablet=&#8220;1px&#8220; header_4_text_shadow_horizontal_length_tablet=&#8220;0px&#8220; header_4_text_shadow_vertical_length_tablet=&#8220;0px&#8220; header_4_text_shadow_blur_strength_tablet=&#8220;1px&#8220; header_5_text_shadow_horizontal_length_tablet=&#8220;0px&#8220; header_5_text_shadow_vertical_length_tablet=&#8220;0px&#8220; header_5_text_shadow_blur_strength_tablet=&#8220;1px&#8220; header_6_text_shadow_horizontal_length_tablet=&#8220;0px&#8220; header_6_text_shadow_vertical_length_tablet=&#8220;0px&#8220; header_6_text_shadow_blur_strength_tablet=&#8220;1px&#8220; box_shadow_horizontal_tablet=&#8220;0px&#8220; box_shadow_vertical_tablet=&#8220;0px&#8220; box_shadow_blur_tablet=&#8220;40px&#8220; box_shadow_spread_tablet=&#8220;0px&#8220; global_colors_info=&#8220;{}&#8220;]<\/p>\n<h3><span class=\"VIiyi\" lang=\"en\"><span class=\"JLqJ4b ChMk0b\" data-language-for-alternatives=\"en\" data-language-to-translate-into=\"de\" data-phrase-index=\"0\">Kolumne August: Besteuerung von Unfallrenten<br \/>\n<\/span><\/span><\/h3>\n<p>[\/et_pb_text][et_pb_text admin_label=&#8220;Kolumne August: Besteuerung von Unfallrenten&#8220; _builder_version=&#8220;4.16&#8243; z_index_tablet=&#8220;500&#8243; text_text_shadow_horizontal_length_tablet=&#8220;0px&#8220; text_text_shadow_vertical_length_tablet=&#8220;0px&#8220; text_text_shadow_blur_strength_tablet=&#8220;1px&#8220; link_text_shadow_horizontal_length_tablet=&#8220;0px&#8220; link_text_shadow_vertical_length_tablet=&#8220;0px&#8220; link_text_shadow_blur_strength_tablet=&#8220;1px&#8220; ul_text_shadow_horizontal_length_tablet=&#8220;0px&#8220; ul_text_shadow_vertical_length_tablet=&#8220;0px&#8220; ul_text_shadow_blur_strength_tablet=&#8220;1px&#8220; ol_text_shadow_horizontal_length_tablet=&#8220;0px&#8220; ol_text_shadow_vertical_length_tablet=&#8220;0px&#8220; ol_text_shadow_blur_strength_tablet=&#8220;1px&#8220; quote_text_shadow_horizontal_length_tablet=&#8220;0px&#8220; quote_text_shadow_vertical_length_tablet=&#8220;0px&#8220; quote_text_shadow_blur_strength_tablet=&#8220;1px&#8220; header_text_shadow_horizontal_length_tablet=&#8220;0px&#8220; header_text_shadow_vertical_length_tablet=&#8220;0px&#8220; header_text_shadow_blur_strength_tablet=&#8220;1px&#8220; header_2_text_shadow_horizontal_length_tablet=&#8220;0px&#8220; header_2_text_shadow_vertical_length_tablet=&#8220;0px&#8220; header_2_text_shadow_blur_strength_tablet=&#8220;1px&#8220; header_3_text_shadow_horizontal_length_tablet=&#8220;0px&#8220; header_3_text_shadow_vertical_length_tablet=&#8220;0px&#8220; header_3_text_shadow_blur_strength_tablet=&#8220;1px&#8220; header_4_text_shadow_horizontal_length_tablet=&#8220;0px&#8220; header_4_text_shadow_vertical_length_tablet=&#8220;0px&#8220; header_4_text_shadow_blur_strength_tablet=&#8220;1px&#8220; header_5_text_shadow_horizontal_length_tablet=&#8220;0px&#8220; header_5_text_shadow_vertical_length_tablet=&#8220;0px&#8220; header_5_text_shadow_blur_strength_tablet=&#8220;1px&#8220; header_6_text_shadow_horizontal_length_tablet=&#8220;0px&#8220; header_6_text_shadow_vertical_length_tablet=&#8220;0px&#8220; header_6_text_shadow_blur_strength_tablet=&#8220;1px&#8220; box_shadow_horizontal_tablet=&#8220;0px&#8220; box_shadow_vertical_tablet=&#8220;0px&#8220; box_shadow_blur_tablet=&#8220;40px&#8220; box_shadow_spread_tablet=&#8220;0px&#8220; global_colors_info=&#8220;{}&#8220;]Wer in Deutschland einen Arbeitsunfall erleidet, erh\u00e4lt von der Berufsgenossenschaft eine Rente. Damit soll der Verdienstausfall wegen k\u00f6rperlicher Beeintr\u00e4chtigungen bis zur Altersrente ausgeglichen werden. Diese Renten sind in Deutschland steuerfrei, weil man die Leistung als Schadenersatz ansieht. Sie werden daher auch nicht unter Progressionsvorbehalt ber\u00fccksichtigt.<\/p>\n<p>Anders verh\u00e4lt es sich in Luxemburg: Hier sind Unfallrenten der AAA (Association d\u2019assurance accident) steuer- und sozialversicherungspflichtig. Sie werden auf einer Lohnsteuerkarte abgerechnet. Allerdings gilt diese Rechtslage nur f\u00fcr Unfallrenten, die ab dem Jahr 2011 gew\u00e4hrt werden. Vorher begr\u00fcndete Unfallrenten unterliegen noch dem alten Recht und sind ebenso wie in Deutschland steuerfrei.<\/p>\n<p>Bedeutung erlangt dies bei der luxemburgischen Steuererkl\u00e4rung. Die deutsche Unfallrente ist also in der Steuererkl\u00e4rung anzugeben. Dabei wird der Finanzbeamte diese grunds\u00e4tzlich als steuerbefreite Eink\u00fcnfte bewerten. Dies kann dann die 13.000-Euro-Grenze beeinflussen, also letztendlich entscheidend dar\u00fcber sein, ob der Grenzg\u00e4nger die Steuerklasse 2 f\u00fcr Verheiratete oder die Steuerklasse 1 f\u00fcr Ledige erh\u00e4lt. Die Steuerklasse 2 wird in Luxemburg nur gew\u00e4hrt, wenn 90 Prozent der Eink\u00fcnfte aus Luxemburg stammen oder die deutschen Eink\u00fcnfte 13.000 Euro nicht \u00fcberschreiten.<\/p>\n<p>Je nach H\u00f6he der Eink\u00fcnfte liegt der Unterschied zwischen den Steuerklassen bei mehreren tausend Euro pro Jahr. Das kann dann einem Grenzg\u00e4nger schon einmal die Lust nehmen, weiterhin in Luxemburg zu arbeiten. Insofern gilt es, im Rahmen der Steuererkl\u00e4rung dem luxemburgischen Finanzamt mitzuteilen, seit wann die deutsche Unfallrente gew\u00e4hrt wird. Erst dann kann die Veranlagung richtig erfolgen.<br \/>\n[\/et_pb_text][\/et_pb_column][et_pb_column type=&#8220;1_3&#8243; _builder_version=&#8220;4.16&#8243; background_position=&#8220;top_left&#8220; custom_padding=&#8220;0px|0px|0px|&#8220; global_colors_info=&#8220;{}&#8220; custom_padding__hover=&#8220;|||&#8220;][et_pb_text admin_label=&#8220;Text Abstandshalter&#8220; _builder_version=&#8220;4.16&#8243; custom_margin=&#8220;0px|0px|0px|0px&#8220; custom_padding=&#8220;0px|0px|0px|0px&#8220; locked=&#8220;off&#8220; global_colors_info=&#8220;{}&#8220;]<span style=\"color: #ffffff;\">:<\/span><br \/>\n<span style=\"color: #ffffff;\">:<\/span><br \/>\n[\/et_pb_text][et_pb_image src=&#8220;https:\/\/wonnebauer.de\/site\/wp-content\/uploads\/2018\/06\/Wonnebauer_trierischer_volksfreund_index.jpg&#8220; align_tablet=&#8220;center&#8220; align_phone=&#8220;&#8220; align_last_edited=&#8220;on|desktop&#8220; admin_label=&#8220;Bild Wonnebauer_trierischer_volksfreund_index&#8220; _builder_version=&#8220;4.16&#8243; custom_margin=&#8220;||0px|&#8220; global_colors_info=&#8220;{}&#8220;][\/et_pb_image][\/et_pb_column][\/et_pb_row][et_pb_row column_structure=&#8220;2_3,1_3&#8243; _builder_version=&#8220;4.16&#8243; global_colors_info=&#8220;{}&#8220;][et_pb_column type=&#8220;2_3&#8243; _builder_version=&#8220;4.16&#8243; background_position=&#8220;top_left&#8220; custom_padding=&#8220;0px|0px|0px|0px&#8220; global_colors_info=&#8220;{}&#8220; custom_padding__hover=&#8220;|||&#8220;][et_pb_text admin_label=&#8220;Text Abstandshalter&#8220; _builder_version=&#8220;4.16&#8243; custom_margin=&#8220;0px|0px|0px|0px&#8220; custom_padding=&#8220;0px|0px|0px|0px&#8220; global_colors_info=&#8220;{}&#8220;]<span style=\"color: #ffffff;\">:<\/span><br \/>\n<span style=\"color: #ffffff;\">:<\/span><br \/>\n[\/et_pb_text][et_pb_text admin_label=&#8220;Text Column July 2021: Donations in Luxembourg &#8220; _builder_version=&#8220;4.16&#8243; z_index_tablet=&#8220;500&#8243; text_text_shadow_horizontal_length_tablet=&#8220;0px&#8220; text_text_shadow_vertical_length_tablet=&#8220;0px&#8220; text_text_shadow_blur_strength_tablet=&#8220;1px&#8220; link_text_shadow_horizontal_length_tablet=&#8220;0px&#8220; link_text_shadow_vertical_length_tablet=&#8220;0px&#8220; link_text_shadow_blur_strength_tablet=&#8220;1px&#8220; ul_text_shadow_horizontal_length_tablet=&#8220;0px&#8220; ul_text_shadow_vertical_length_tablet=&#8220;0px&#8220; ul_text_shadow_blur_strength_tablet=&#8220;1px&#8220; ol_text_shadow_horizontal_length_tablet=&#8220;0px&#8220; ol_text_shadow_vertical_length_tablet=&#8220;0px&#8220; ol_text_shadow_blur_strength_tablet=&#8220;1px&#8220; quote_text_shadow_horizontal_length_tablet=&#8220;0px&#8220; quote_text_shadow_vertical_length_tablet=&#8220;0px&#8220; quote_text_shadow_blur_strength_tablet=&#8220;1px&#8220; header_text_shadow_horizontal_length_tablet=&#8220;0px&#8220; header_text_shadow_vertical_length_tablet=&#8220;0px&#8220; header_text_shadow_blur_strength_tablet=&#8220;1px&#8220; header_2_text_shadow_horizontal_length_tablet=&#8220;0px&#8220; header_2_text_shadow_vertical_length_tablet=&#8220;0px&#8220; header_2_text_shadow_blur_strength_tablet=&#8220;1px&#8220; header_3_text_shadow_horizontal_length_tablet=&#8220;0px&#8220; header_3_text_shadow_vertical_length_tablet=&#8220;0px&#8220; header_3_text_shadow_blur_strength_tablet=&#8220;1px&#8220; header_4_text_shadow_horizontal_length_tablet=&#8220;0px&#8220; header_4_text_shadow_vertical_length_tablet=&#8220;0px&#8220; header_4_text_shadow_blur_strength_tablet=&#8220;1px&#8220; header_5_text_shadow_horizontal_length_tablet=&#8220;0px&#8220; header_5_text_shadow_vertical_length_tablet=&#8220;0px&#8220; header_5_text_shadow_blur_strength_tablet=&#8220;1px&#8220; header_6_text_shadow_horizontal_length_tablet=&#8220;0px&#8220; header_6_text_shadow_vertical_length_tablet=&#8220;0px&#8220; header_6_text_shadow_blur_strength_tablet=&#8220;1px&#8220; box_shadow_horizontal_tablet=&#8220;0px&#8220; box_shadow_vertical_tablet=&#8220;0px&#8220; box_shadow_blur_tablet=&#8220;40px&#8220; box_shadow_spread_tablet=&#8220;0px&#8220; global_colors_info=&#8220;{}&#8220;]<\/p>\n<h3><span class=\"VIiyi\" lang=\"en\"><span class=\"JLqJ4b ChMk0b\" data-language-for-alternatives=\"en\" data-language-to-translate-into=\"de\" data-phrase-index=\"0\">Kolumne Juli: Spenden in Luxemburg &#8211; Column July 2021:Donations in Luxembourg\u00a0<\/span><\/span><\/h3>\n<p>[\/et_pb_text][et_pb_text admin_label=&#8220;Text Column July 2021: Donations in Luxembourg &#8220; _builder_version=&#8220;4.16&#8243; z_index_tablet=&#8220;500&#8243; text_text_shadow_horizontal_length_tablet=&#8220;0px&#8220; text_text_shadow_vertical_length_tablet=&#8220;0px&#8220; text_text_shadow_blur_strength_tablet=&#8220;1px&#8220; link_text_shadow_horizontal_length_tablet=&#8220;0px&#8220; link_text_shadow_vertical_length_tablet=&#8220;0px&#8220; link_text_shadow_blur_strength_tablet=&#8220;1px&#8220; ul_text_shadow_horizontal_length_tablet=&#8220;0px&#8220; ul_text_shadow_vertical_length_tablet=&#8220;0px&#8220; ul_text_shadow_blur_strength_tablet=&#8220;1px&#8220; ol_text_shadow_horizontal_length_tablet=&#8220;0px&#8220; ol_text_shadow_vertical_length_tablet=&#8220;0px&#8220; ol_text_shadow_blur_strength_tablet=&#8220;1px&#8220; quote_text_shadow_horizontal_length_tablet=&#8220;0px&#8220; quote_text_shadow_vertical_length_tablet=&#8220;0px&#8220; quote_text_shadow_blur_strength_tablet=&#8220;1px&#8220; header_text_shadow_horizontal_length_tablet=&#8220;0px&#8220; header_text_shadow_vertical_length_tablet=&#8220;0px&#8220; header_text_shadow_blur_strength_tablet=&#8220;1px&#8220; header_2_text_shadow_horizontal_length_tablet=&#8220;0px&#8220; header_2_text_shadow_vertical_length_tablet=&#8220;0px&#8220; header_2_text_shadow_blur_strength_tablet=&#8220;1px&#8220; header_3_text_shadow_horizontal_length_tablet=&#8220;0px&#8220; header_3_text_shadow_vertical_length_tablet=&#8220;0px&#8220; header_3_text_shadow_blur_strength_tablet=&#8220;1px&#8220; header_4_text_shadow_horizontal_length_tablet=&#8220;0px&#8220; header_4_text_shadow_vertical_length_tablet=&#8220;0px&#8220; header_4_text_shadow_blur_strength_tablet=&#8220;1px&#8220; header_5_text_shadow_horizontal_length_tablet=&#8220;0px&#8220; header_5_text_shadow_vertical_length_tablet=&#8220;0px&#8220; header_5_text_shadow_blur_strength_tablet=&#8220;1px&#8220; header_6_text_shadow_horizontal_length_tablet=&#8220;0px&#8220; header_6_text_shadow_vertical_length_tablet=&#8220;0px&#8220; header_6_text_shadow_blur_strength_tablet=&#8220;1px&#8220; box_shadow_horizontal_tablet=&#8220;0px&#8220; box_shadow_vertical_tablet=&#8220;0px&#8220; box_shadow_blur_tablet=&#8220;40px&#8220; box_shadow_spread_tablet=&#8220;0px&#8220; global_colors_info=&#8220;{}&#8220;]Grenzg\u00e4nger, die in Luxemburg eine Steuererkl\u00e4rung abgeben k\u00f6nnen dort auch Spenden geltend machen. Allerdings gibt es ein paar gravierende Unterschiede zum deutschen Recht. Es k\u00f6nnen nicht alle Zuwendungen in Luxemburg ber\u00fccksichtigt werden, wie man es aus Deutschland kennt.<\/p>\n<p>Beispielsweise kennt Luxemburg keine Mitgliedsbeitr\u00e4ge als abzugsf\u00e4hige Ausgaben. Viele Vereine stellen allerdings Spendenbescheinigungen aus mit der Bezeichnung Mitgliedsbeitrag oder Spende. F\u00fcr Zwecke der luxemburgischen Besteuerung bedarf es daher einer Konkretisierung bzw. erg\u00e4nzenden Erl\u00e4uterung, dass es sich nur um Spenden handelt.<\/p>\n<p>Au\u00dferdem kennt Luxemburg noch nicht die Vereinfachung, dass ein Kontoauszug ausreicht bei Spenden bis 200 Euro ausreicht. Grenzg\u00e4nger sollten daher auch bei kleinen Geldbetr\u00e4gen daran denken, sich eine Spendenquittung ausstellen zu lassen.<\/p>\n<p>Ein Mindestbetrag von 120,00 Euro aller Spenden muss erreicht werden, damit es \u00fcberhaupt eine steuerliche Anerkennung gibt.<\/p>\n<p>Anders als in Deutschland gibt es eine Positivliste der steuerlich anerkannten Organisationen, an die \u00fcberhaupt gespendet werden kann. Nur wer auf dieser Liste steht, kann somit abzugsf\u00e4hige Spendengelder empfangen. Deutsche Spendenorganisationen m\u00fcssen also ein Pendant zu den luxemburgischen Institutionen darstellen. Keine Probleme gibt es beispielsweise bei den SOS-Kinderd\u00f6rfer oder bei Plan International.<\/p>\n<p>Allerdings kennt Luxemburg auch keine F\u00f6rderung von Religionsgemeinschaften und damit zusammenh\u00e4ngenden Organisationen wie Schulen, Bildungsinstituten oder sonstigen Einrichtungen. Gerade Gl\u00e4ubige, die in Deutschland keine Kirchensteuer zahlen, jedoch ihrer Religionsgemeinschaft hohe Spenden zukommen lassen, k\u00f6nnen diese in Luxemburg steuerlich nicht geltend machen. Das ist ein Ausfluss der strikten Trennung zwischen Staat und Religion.<\/p>\n<p>&nbsp;<\/p>\n<p><strong><span class=\"VIiyi\" lang=\"en\"><span class=\"JLqJ4b ChMk0b\" data-language-for-alternatives=\"en\" data-language-to-translate-into=\"de\" data-phrase-index=\"0\">Donations in Luxembourg<\/span><\/span><\/strong><\/p>\n<p><span class=\"VIiyi\" lang=\"en\"><span class=\"JLqJ4b\" data-language-for-alternatives=\"en\" data-language-to-translate-into=\"de\" data-phrase-index=\"0\">Cross-border commuters who submit a tax return in Luxembourg can also claim for charitable donations made. However, there are a few major differences to German law.<\/span><\/span><\/p>\n<p>Not all allowances in Luxembourg can be taken into account, as in Germany, for example, Luxembourg does not recognize charity membership fees as deductible expenses and many associations issue donation receipts for the membership fee together with donations. For the purposes of Luxembourg taxation, it is therefore necessary to separate these donations, using a standard German form.<\/p>\n<p>In addition, Luxembourg does not yet accept that a bank statement is sufficient proof of donations of up to 200 euros as in Germany Cross-border commuters should therefore remember to get a donation receipt, even for small amounts of money, although a minimum donation of 120 euros is needed for it to even be tax deductible.<\/p>\n<p><span class=\"VIiyi\" lang=\"en\"><span class=\"JLqJ4b\" data-language-for-alternatives=\"en\" data-language-to-translate-into=\"de\" data-phrase-index=\"0\">Unlike in Germany, Luxembourg has a list of tax-recognized organisations to which donations can be made at all, donations are only deductible if they are made to a charity on the list. There are similiarities between German charitable organisations and the accepted Luxembourg institutions, for example there are no problems with the SOS Children&#8217;s Villages or Plan International.<\/span><\/span><\/p>\n<p>Luxembourg, however does not\u00a0 support\u00a0 religious communities and their related organisations such as schools or educational institutes, as there is a strict separation of church and state.As a result believers in particular who do not pay church tax in Germany, but who make large donations to their religious community, cannot claim these for tax purposes in Luxembourg.<\/p>\n<p>&nbsp;<\/p>\n<p>&nbsp;<\/p>\n<p>&nbsp;<\/p>\n<h3><\/h3>\n<p>&nbsp;<br \/>\n[\/et_pb_text][\/et_pb_column][et_pb_column type=&#8220;1_3&#8243; _builder_version=&#8220;4.16&#8243; background_position=&#8220;top_left&#8220; custom_padding=&#8220;0px|0px|0px|&#8220; global_colors_info=&#8220;{}&#8220; custom_padding__hover=&#8220;|||&#8220;][et_pb_text admin_label=&#8220;Text Abstandshalter&#8220; _builder_version=&#8220;4.16&#8243; custom_margin=&#8220;0px|0px|0px|0px&#8220; custom_padding=&#8220;0px|0px|0px|0px&#8220; locked=&#8220;off&#8220; global_colors_info=&#8220;{}&#8220;]<span style=\"color: #ffffff;\">:<\/span><br \/>\n<span style=\"color: #ffffff;\">:<\/span><br \/>\n[\/et_pb_text][et_pb_image src=&#8220;https:\/\/wonnebauer.de\/site\/wp-content\/uploads\/2018\/06\/Wonnebauer_trierischer_volksfreund_index.jpg&#8220; align_tablet=&#8220;center&#8220; align_phone=&#8220;&#8220; align_last_edited=&#8220;on|desktop&#8220; admin_label=&#8220;Bild Wonnebauer_trierischer_volksfreund_index&#8220; _builder_version=&#8220;4.16&#8243; custom_margin=&#8220;||0px|&#8220; global_colors_info=&#8220;{}&#8220;][\/et_pb_image][\/et_pb_column][\/et_pb_row][et_pb_row column_structure=&#8220;2_3,1_3&#8243; _builder_version=&#8220;4.16&#8243; global_colors_info=&#8220;{}&#8220;][et_pb_column type=&#8220;2_3&#8243; _builder_version=&#8220;4.16&#8243; background_position=&#8220;top_left&#8220; custom_padding=&#8220;0px|0px|0px|0px&#8220; global_colors_info=&#8220;{}&#8220; custom_padding__hover=&#8220;|||&#8220;][et_pb_text admin_label=&#8220;Text Abstandshalter&#8220; _builder_version=&#8220;4.16&#8243; custom_margin=&#8220;0px|0px|0px|0px&#8220; custom_padding=&#8220;0px|0px|0px|0px&#8220; global_colors_info=&#8220;{}&#8220;]<span style=\"color: #ffffff;\">:<\/span><br \/>\n<span style=\"color: #ffffff;\">:<\/span><br \/>\n[\/et_pb_text][et_pb_text admin_label=&#8220;Text Column June 2021: Luxembourgers prefer cross-border commuters &#8220; _builder_version=&#8220;4.16&#8243; z_index_tablet=&#8220;500&#8243; text_text_shadow_horizontal_length_tablet=&#8220;0px&#8220; text_text_shadow_vertical_length_tablet=&#8220;0px&#8220; text_text_shadow_blur_strength_tablet=&#8220;1px&#8220; link_text_shadow_horizontal_length_tablet=&#8220;0px&#8220; link_text_shadow_vertical_length_tablet=&#8220;0px&#8220; link_text_shadow_blur_strength_tablet=&#8220;1px&#8220; ul_text_shadow_horizontal_length_tablet=&#8220;0px&#8220; ul_text_shadow_vertical_length_tablet=&#8220;0px&#8220; ul_text_shadow_blur_strength_tablet=&#8220;1px&#8220; ol_text_shadow_horizontal_length_tablet=&#8220;0px&#8220; ol_text_shadow_vertical_length_tablet=&#8220;0px&#8220; ol_text_shadow_blur_strength_tablet=&#8220;1px&#8220; quote_text_shadow_horizontal_length_tablet=&#8220;0px&#8220; quote_text_shadow_vertical_length_tablet=&#8220;0px&#8220; quote_text_shadow_blur_strength_tablet=&#8220;1px&#8220; header_text_shadow_horizontal_length_tablet=&#8220;0px&#8220; header_text_shadow_vertical_length_tablet=&#8220;0px&#8220; header_text_shadow_blur_strength_tablet=&#8220;1px&#8220; header_2_text_shadow_horizontal_length_tablet=&#8220;0px&#8220; header_2_text_shadow_vertical_length_tablet=&#8220;0px&#8220; header_2_text_shadow_blur_strength_tablet=&#8220;1px&#8220; header_3_text_shadow_horizontal_length_tablet=&#8220;0px&#8220; header_3_text_shadow_vertical_length_tablet=&#8220;0px&#8220; header_3_text_shadow_blur_strength_tablet=&#8220;1px&#8220; header_4_text_shadow_horizontal_length_tablet=&#8220;0px&#8220; header_4_text_shadow_vertical_length_tablet=&#8220;0px&#8220; header_4_text_shadow_blur_strength_tablet=&#8220;1px&#8220; header_5_text_shadow_horizontal_length_tablet=&#8220;0px&#8220; header_5_text_shadow_vertical_length_tablet=&#8220;0px&#8220; header_5_text_shadow_blur_strength_tablet=&#8220;1px&#8220; header_6_text_shadow_horizontal_length_tablet=&#8220;0px&#8220; header_6_text_shadow_vertical_length_tablet=&#8220;0px&#8220; header_6_text_shadow_blur_strength_tablet=&#8220;1px&#8220; box_shadow_horizontal_tablet=&#8220;0px&#8220; box_shadow_vertical_tablet=&#8220;0px&#8220; box_shadow_blur_tablet=&#8220;40px&#8220; box_shadow_spread_tablet=&#8220;0px&#8220; global_colors_info=&#8220;{}&#8220;]<\/p>\n<h3><span class=\"VIiyi\" lang=\"en\"><span class=\"JLqJ4b ChMk0b\" data-language-for-alternatives=\"en\" data-language-to-translate-into=\"de\" data-phrase-index=\"0\">Kolumne Juni: Luxemburger bevorzugen Grenzg\u00e4nger\u00a0 Column June 2021: Luxembourgers prefer cross-border commuters\u00a0<\/span><\/span><\/h3>\n<p>[\/et_pb_text][et_pb_text admin_label=&#8220;Text Column June 2021: Luxembourgers prefer cross-border commuters &#8220; _builder_version=&#8220;4.16&#8243; z_index_tablet=&#8220;500&#8243; text_text_shadow_horizontal_length_tablet=&#8220;0px&#8220; text_text_shadow_vertical_length_tablet=&#8220;0px&#8220; text_text_shadow_blur_strength_tablet=&#8220;1px&#8220; link_text_shadow_horizontal_length_tablet=&#8220;0px&#8220; link_text_shadow_vertical_length_tablet=&#8220;0px&#8220; link_text_shadow_blur_strength_tablet=&#8220;1px&#8220; ul_text_shadow_horizontal_length_tablet=&#8220;0px&#8220; ul_text_shadow_vertical_length_tablet=&#8220;0px&#8220; ul_text_shadow_blur_strength_tablet=&#8220;1px&#8220; ol_text_shadow_horizontal_length_tablet=&#8220;0px&#8220; ol_text_shadow_vertical_length_tablet=&#8220;0px&#8220; ol_text_shadow_blur_strength_tablet=&#8220;1px&#8220; quote_text_shadow_horizontal_length_tablet=&#8220;0px&#8220; quote_text_shadow_vertical_length_tablet=&#8220;0px&#8220; quote_text_shadow_blur_strength_tablet=&#8220;1px&#8220; header_text_shadow_horizontal_length_tablet=&#8220;0px&#8220; header_text_shadow_vertical_length_tablet=&#8220;0px&#8220; header_text_shadow_blur_strength_tablet=&#8220;1px&#8220; header_2_text_shadow_horizontal_length_tablet=&#8220;0px&#8220; header_2_text_shadow_vertical_length_tablet=&#8220;0px&#8220; header_2_text_shadow_blur_strength_tablet=&#8220;1px&#8220; header_3_text_shadow_horizontal_length_tablet=&#8220;0px&#8220; header_3_text_shadow_vertical_length_tablet=&#8220;0px&#8220; header_3_text_shadow_blur_strength_tablet=&#8220;1px&#8220; header_4_text_shadow_horizontal_length_tablet=&#8220;0px&#8220; header_4_text_shadow_vertical_length_tablet=&#8220;0px&#8220; header_4_text_shadow_blur_strength_tablet=&#8220;1px&#8220; header_5_text_shadow_horizontal_length_tablet=&#8220;0px&#8220; header_5_text_shadow_vertical_length_tablet=&#8220;0px&#8220; header_5_text_shadow_blur_strength_tablet=&#8220;1px&#8220; header_6_text_shadow_horizontal_length_tablet=&#8220;0px&#8220; header_6_text_shadow_vertical_length_tablet=&#8220;0px&#8220; header_6_text_shadow_blur_strength_tablet=&#8220;1px&#8220; box_shadow_horizontal_tablet=&#8220;0px&#8220; box_shadow_vertical_tablet=&#8220;0px&#8220; box_shadow_blur_tablet=&#8220;40px&#8220; box_shadow_spread_tablet=&#8220;0px&#8220; global_colors_info=&#8220;{}&#8220;]Die Steuerreform 2018 f\u00fchrte dazu, dass Grenzg\u00e4nger nicht l\u00e4nger vorteilhafter besteuert werden sollten als die Luxemburger selbst. Bis zum Jahr 2017 hatten verheiratete Grenzg\u00e4nger die M\u00f6glichkeit, die Steuerklasse 2 zu w\u00e4hlen, jedoch dazu zu optieren, nicht-ans\u00e4ssig zu sein. Dies f\u00fchrte dann dazu, dass einerseits Abz\u00fcge nicht m\u00f6glich waren, andererseits aber die Steuerklasse 2 erhalten blieb. Das Gehalt des in Deutschland arbeitenden Grenzg\u00e4ngers hatte also keinen Einfluss auf die Steuerberechnung.<\/p>\n<p>Nach ungef\u00e4hr 20 Jahren Besteuerung von Grenzg\u00e4ngern haben die Luxemburger bemerkt, dass sie sich dabei selbst benachteiligen. Denn Luxemburger mussten die Eink\u00fcnfte des im Ausland arbeitenden Ehegatten angeben. Die Steuerreform \u00e4nderte dies ab 2018.<\/p>\n<p>Allerdings sind noch immer einige Vorschriften vorhanden, wonach sich in Luxemburg Ans\u00e4ssige gegen\u00fcber Grenzg\u00e4ngern benachteiligen. Im konkreten Fall gilt dies bei der Besteuerung von getrenntlebenden Ehepaaren. Die Steuerreform 2018 hat f\u00fcr alle Steuerpflichtigen zu dem Vorteil gef\u00fchrt, dass die Zusammenveranlagung bis zum Jahr der Scheidung m\u00f6glich ist. Vorausgesetzt ist f\u00fcr Grenzg\u00e4nger, dass sie 90 Prozent ihres Einkommens in Luxemburg verdienen. Es kommt nicht darauf an, wie viel der getrenntlebende Ehepartner verdient.<\/p>\n<p>Die Ans\u00e4ssigen selbst setzen sich in diesem Ausnahmefall eine h\u00f6here H\u00fcrde. Lebt der eine Ehegatte in Luxemburg und der andere Ehegatte au\u00dferhalb Luxemburgs, muss der Ans\u00e4ssige 90 Prozent des Haushaltseinkommens nachweisen. Dabei werden dann die Eink\u00fcnfte der getrenntlebenden Ehegatten zusammengerechnet.Erf\u00fcllt der Ans\u00e4ssige nicht die 90-Prozent-Grenze, kann er nur in der Steuerklasse 1 oder 1a abgerechnet werden. Dies macht einen Steuerunterschied von ein paar 1.000 Euro aus, je nach Gehalt.<\/p>\n<p>Die Finanzbeamten sehen ihre H\u00e4nde gebunden, da das Gesetz, konkret Art. 3 d L.I.R, \u00a0(luxemburgische Steuergesetz) eben so formuliert ist. Sie k\u00f6nnen selbst diese Vorschrift nicht ver\u00e4ndern, sondern m\u00fcssen sie stoisch befolgen auch wenn sie dar\u00fcber den Kopf sch\u00fctteln. Das Gesetz stammt aus dem Jahre 1990 und hat bislang alle Reformen \u00fcberstanden. Die gesamte Rechtsprechung des Europ\u00e4ischen Gerichtshofes als auch die Steuerreform haben sie nicht ver\u00e4ndert.<\/p>\n<p>english Version:<\/p>\n<h3>Luxembourgers Prefer Cross-border Commuters<\/h3>\n<p>The 2018 tax reform meant that cross-border commuters should no longer be taxed more favourably than Luxembourg residents.Until 2017, married cross-border commuters had the option of choosing tax class 2, however opting to be non-resident. This then led to the fact that on the one hand deductions were not possible, but on the other hand tax class 2 was retained. The salary of the spouse working in Germany had no influence on the tax calculation.<\/p>\n<p>After about 20 years of taxing cross-border commuters, Luxembourgers have noticed that they are putting themselves at a disadvantage, because Luxembourgers had to declare the income of the spouse working abroad. The tax reform changed this from 2018. However, there are still some rules that put Luxembourg residents at a disadvantage compared to cross-border commuters.<\/p>\n<p>Specifically, this applies to the taxation of married couples living separately. The 2018 tax reform has led to the advantage for all taxpayers in that \u00a0they can be assessed together up to the year of divorce. The prerequisite for cross-border commuters is that they earn 90 percent of their income in Luxembourg. It doesn&#8217;t matter how much the separated spouse earns.<\/p>\n<p>The Luxembourg residents set themselves a higher hurdle in this exceptional case. If one spouse lives in Luxembourg and the other spouse outside of the country, the resident must provide evidence of 90 percent of the household income. The income of the separated spouses is then added together. If the resident does not meet the 90 percent limit, he can only be reported in tax class 1 or 1a. This makes a tax difference of a few 1,000 euros, depending on the salary.<\/p>\n<p>The tax officials see their hands tied because the law, specifically Art. 3 d L.I.R, (Luxembourg tax law) is formulated in this way. You cannot change this rule yourself, you have to stoically obey it, even if you shake your head at it. The law dates from 1990 and has so far survived all reforms. They have not changed the entire case law of the European Court of Justice or the tax reform.<br \/>\n[\/et_pb_text][\/et_pb_column][et_pb_column type=&#8220;1_3&#8243; _builder_version=&#8220;4.16&#8243; background_position=&#8220;top_left&#8220; custom_padding=&#8220;0px|0px|0px|&#8220; global_colors_info=&#8220;{}&#8220; custom_padding__hover=&#8220;|||&#8220;][et_pb_text admin_label=&#8220;Text Abstandshalter&#8220; _builder_version=&#8220;4.16&#8243; custom_margin=&#8220;0px|0px|0px|0px&#8220; custom_padding=&#8220;0px|0px|0px|0px&#8220; locked=&#8220;off&#8220; global_colors_info=&#8220;{}&#8220;]<span style=\"color: #ffffff;\">:<\/span><br \/>\n<span style=\"color: #ffffff;\">:<\/span><br \/>\n[\/et_pb_text][et_pb_image src=&#8220;https:\/\/wonnebauer.de\/site\/wp-content\/uploads\/2018\/06\/Wonnebauer_trierischer_volksfreund_index.jpg&#8220; align_tablet=&#8220;center&#8220; align_phone=&#8220;&#8220; align_last_edited=&#8220;on|desktop&#8220; admin_label=&#8220;Bild Wonnebauer_trierischer_volksfreund_index&#8220; _builder_version=&#8220;4.16&#8243; custom_margin=&#8220;||0px|&#8220; global_colors_info=&#8220;{}&#8220;][\/et_pb_image][\/et_pb_column][\/et_pb_row][et_pb_row column_structure=&#8220;2_3,1_3&#8243; _builder_version=&#8220;4.16&#8243; global_colors_info=&#8220;{}&#8220;][et_pb_column type=&#8220;2_3&#8243; _builder_version=&#8220;4.16&#8243; background_position=&#8220;top_left&#8220; custom_padding=&#8220;0px|0px|0px|0px&#8220; global_colors_info=&#8220;{}&#8220; custom_padding__hover=&#8220;|||&#8220;][et_pb_text admin_label=&#8220;Text Abstandshalter&#8220; _builder_version=&#8220;4.16&#8243; custom_margin=&#8220;0px|0px|0px|0px&#8220; custom_padding=&#8220;0px|0px|0px|0px&#8220; global_colors_info=&#8220;{}&#8220;]<span style=\"color: #ffffff;\">:<\/span><br \/>\n<span style=\"color: #ffffff;\">:<\/span><br \/>\n[\/et_pb_text][et_pb_text admin_label=&#8220;Text \u00dcberschrift Kolumne Mai: Pro rata Regel 19 Tage&#8220; _builder_version=&#8220;4.16&#8243; z_index_tablet=&#8220;500&#8243; text_text_shadow_horizontal_length_tablet=&#8220;0px&#8220; text_text_shadow_vertical_length_tablet=&#8220;0px&#8220; text_text_shadow_blur_strength_tablet=&#8220;1px&#8220; link_text_shadow_horizontal_length_tablet=&#8220;0px&#8220; link_text_shadow_vertical_length_tablet=&#8220;0px&#8220; link_text_shadow_blur_strength_tablet=&#8220;1px&#8220; ul_text_shadow_horizontal_length_tablet=&#8220;0px&#8220; ul_text_shadow_vertical_length_tablet=&#8220;0px&#8220; ul_text_shadow_blur_strength_tablet=&#8220;1px&#8220; ol_text_shadow_horizontal_length_tablet=&#8220;0px&#8220; ol_text_shadow_vertical_length_tablet=&#8220;0px&#8220; ol_text_shadow_blur_strength_tablet=&#8220;1px&#8220; quote_text_shadow_horizontal_length_tablet=&#8220;0px&#8220; quote_text_shadow_vertical_length_tablet=&#8220;0px&#8220; quote_text_shadow_blur_strength_tablet=&#8220;1px&#8220; header_text_shadow_horizontal_length_tablet=&#8220;0px&#8220; header_text_shadow_vertical_length_tablet=&#8220;0px&#8220; header_text_shadow_blur_strength_tablet=&#8220;1px&#8220; header_2_text_shadow_horizontal_length_tablet=&#8220;0px&#8220; header_2_text_shadow_vertical_length_tablet=&#8220;0px&#8220; header_2_text_shadow_blur_strength_tablet=&#8220;1px&#8220; header_3_text_shadow_horizontal_length_tablet=&#8220;0px&#8220; header_3_text_shadow_vertical_length_tablet=&#8220;0px&#8220; header_3_text_shadow_blur_strength_tablet=&#8220;1px&#8220; header_4_text_shadow_horizontal_length_tablet=&#8220;0px&#8220; header_4_text_shadow_vertical_length_tablet=&#8220;0px&#8220; header_4_text_shadow_blur_strength_tablet=&#8220;1px&#8220; header_5_text_shadow_horizontal_length_tablet=&#8220;0px&#8220; header_5_text_shadow_vertical_length_tablet=&#8220;0px&#8220; header_5_text_shadow_blur_strength_tablet=&#8220;1px&#8220; header_6_text_shadow_horizontal_length_tablet=&#8220;0px&#8220; header_6_text_shadow_vertical_length_tablet=&#8220;0px&#8220; header_6_text_shadow_blur_strength_tablet=&#8220;1px&#8220; box_shadow_horizontal_tablet=&#8220;0px&#8220; box_shadow_vertical_tablet=&#8220;0px&#8220; box_shadow_blur_tablet=&#8220;40px&#8220; box_shadow_spread_tablet=&#8220;0px&#8220; global_colors_info=&#8220;{}&#8220;]<\/p>\n<h3>Kolumne Mai 2021: Luxemburg erkennt Pro-Rata-Regel bei der 19-Tage-Regel an<\/h3>\n<p>[\/et_pb_text][et_pb_text admin_label=&#8220;Text Kolumne Mai: Pro Rata Regel Mai&#8220; _builder_version=&#8220;4.16&#8243; z_index_tablet=&#8220;500&#8243; text_text_shadow_horizontal_length_tablet=&#8220;0px&#8220; text_text_shadow_vertical_length_tablet=&#8220;0px&#8220; text_text_shadow_blur_strength_tablet=&#8220;1px&#8220; link_text_shadow_horizontal_length_tablet=&#8220;0px&#8220; link_text_shadow_vertical_length_tablet=&#8220;0px&#8220; link_text_shadow_blur_strength_tablet=&#8220;1px&#8220; ul_text_shadow_horizontal_length_tablet=&#8220;0px&#8220; ul_text_shadow_vertical_length_tablet=&#8220;0px&#8220; ul_text_shadow_blur_strength_tablet=&#8220;1px&#8220; ol_text_shadow_horizontal_length_tablet=&#8220;0px&#8220; ol_text_shadow_vertical_length_tablet=&#8220;0px&#8220; ol_text_shadow_blur_strength_tablet=&#8220;1px&#8220; quote_text_shadow_horizontal_length_tablet=&#8220;0px&#8220; quote_text_shadow_vertical_length_tablet=&#8220;0px&#8220; quote_text_shadow_blur_strength_tablet=&#8220;1px&#8220; header_text_shadow_horizontal_length_tablet=&#8220;0px&#8220; header_text_shadow_vertical_length_tablet=&#8220;0px&#8220; header_text_shadow_blur_strength_tablet=&#8220;1px&#8220; header_2_text_shadow_horizontal_length_tablet=&#8220;0px&#8220; header_2_text_shadow_vertical_length_tablet=&#8220;0px&#8220; header_2_text_shadow_blur_strength_tablet=&#8220;1px&#8220; header_3_text_shadow_horizontal_length_tablet=&#8220;0px&#8220; header_3_text_shadow_vertical_length_tablet=&#8220;0px&#8220; header_3_text_shadow_blur_strength_tablet=&#8220;1px&#8220; header_4_text_shadow_horizontal_length_tablet=&#8220;0px&#8220; header_4_text_shadow_vertical_length_tablet=&#8220;0px&#8220; header_4_text_shadow_blur_strength_tablet=&#8220;1px&#8220; header_5_text_shadow_horizontal_length_tablet=&#8220;0px&#8220; header_5_text_shadow_vertical_length_tablet=&#8220;0px&#8220; header_5_text_shadow_blur_strength_tablet=&#8220;1px&#8220; header_6_text_shadow_horizontal_length_tablet=&#8220;0px&#8220; header_6_text_shadow_vertical_length_tablet=&#8220;0px&#8220; header_6_text_shadow_blur_strength_tablet=&#8220;1px&#8220; box_shadow_horizontal_tablet=&#8220;0px&#8220; box_shadow_vertical_tablet=&#8220;0px&#8220; box_shadow_blur_tablet=&#8220;40px&#8220; box_shadow_spread_tablet=&#8220;0px&#8220; global_colors_info=&#8220;{}&#8220;]Luxemburg erkennt Pro-Rata-Regel bei der 19-Tageregel an<\/p>\n<p>In einem Verst\u00e4ndigungsverfahren hat Luxemburg jetzt die Meinung Deutschlands akzeptiert, dass die 19-Tage-Regel unterj\u00e4hrig pro rata gerechnet wird.<\/p>\n<p>Die 19-Tage-Regel ist eine steuerliche Beg\u00fcnstigung f\u00fcr Grenzg\u00e4nger. Nur wenn der Grenzg\u00e4nger mehr als 19 Tage au\u00dferhalb Luxemburgs arbeitet, muss der darauf entfallende Lohnanteil in Deutschland versteuert werden. Dabei spielt es keine Rolle, in welchem Land die Arbeit ausge\u00fcbt. Entscheidend ist eine Aktivit\u00e4t au\u00dferhalb Luxemburgs.<\/p>\n<p>Wenn jedoch jemand beispielsweise erst zum 1. M\u00e4rz eines Jahres anf\u00e4ngt, stellt sich die Frage, ob hier auch mit 19 Tagen gerechnet wird oder nur mit einem Anteil. Die luxemburger Finanzverwaltung hatte bislang die Meinung vertreten, dass 19 Tage immer gelten, selbst wenn ein Arbeitnehmer im November anf\u00e4ngt und in zwei Monaten die 19 Tage verbraucht.<\/p>\n<p>Deutschland hatte urspr\u00fcnglich schon ein anderes ungeschriebenes Recht angewendet: Bei unterj\u00e4hrigem Besch\u00e4ftigungsbeginn wird auch die 19-Tage-Regel pro rata gerechnet und zwar zwei Tage pro Monat, aber maximal 19 Tage. Wer also im M\u00e4rz anf\u00e4ngt, dem stehen theoretisch in 10 Monaten 2 Tage pro Monat zu, also\u00a0 20 Tage. Diese theoretischen 20 Tage werden jedoch begrenzt auf 19 Tage. Wer am 1. November beginnt, darf folglich maximal 4 Tage au\u00dferhalb Luxemburgs arbeiten. Wer im April anf\u00e4ngt, also 9 Monate in Luxemburg arbeitet, kann maximal 18 Tage au\u00dferhalb Luxemburgs arbeiten (9 x 2 Tage).<\/p>\n<p>Da Luxemburg den in Deutschland versteuerten Anteil nicht von der luxemburgischen Steuer freistellen wollte, beantragte der Steuerpflichtige ein Verst\u00e4ndigungsverfahren. Das Bundeszentralamt f\u00fcr Steuern teilte nach einigen Monaten diese Entscheidung am 28. April 2021 mit. Damit ist wieder einmal\u00a0 ein Meilenstein in den Grauzonen der Verst\u00e4ndigungsvereinbarung gesetzt. Das Ergebnis war im Grunde nicht \u00fcberraschend, denn gerade Luxemburg kennt viele Pro-rata-Regeln. Beispielsweise wird die Werbungskostenpauschale anteilig gek\u00fcrzt. Insofern war die Auffassung der luxemburger Finanzverwaltung absolut inkonsequent im Lichte ihrer eigenen allgemeinen Auslegungsregeln. Leider findet man solche Verirrungen immer wieder. Auch so kann man ein Zusammenwachsen Europas verlangsamen und Grenzg\u00e4nger ver\u00e4rgern.<\/p>\n<p>&nbsp;<\/p>\n<p>&nbsp;<\/p>\n<p>&nbsp;<br \/>\n[\/et_pb_text][\/et_pb_column][et_pb_column type=&#8220;1_3&#8243; _builder_version=&#8220;4.16&#8243; background_position=&#8220;top_left&#8220; custom_padding=&#8220;0px|0px|0px|&#8220; global_colors_info=&#8220;{}&#8220; custom_padding__hover=&#8220;|||&#8220;][et_pb_text admin_label=&#8220;Text Abstandshalter&#8220; _builder_version=&#8220;4.16&#8243; custom_margin=&#8220;0px|0px|0px|0px&#8220; custom_padding=&#8220;0px|0px|0px|0px&#8220; locked=&#8220;off&#8220; global_colors_info=&#8220;{}&#8220;]<span style=\"color: #ffffff;\">:<\/span><br \/>\n<span style=\"color: #ffffff;\">:<\/span><br \/>\n[\/et_pb_text][et_pb_image src=&#8220;https:\/\/wonnebauer.de\/site\/wp-content\/uploads\/2018\/06\/Wonnebauer_trierischer_volksfreund_index.jpg&#8220; align_tablet=&#8220;center&#8220; align_phone=&#8220;&#8220; align_last_edited=&#8220;on|desktop&#8220; admin_label=&#8220;Bild Wonnebauer_trierischer_volksfreund_index&#8220; _builder_version=&#8220;4.16&#8243; custom_margin=&#8220;||0px|&#8220; global_colors_info=&#8220;{}&#8220;][\/et_pb_image][\/et_pb_column][\/et_pb_row][et_pb_row column_structure=&#8220;2_3,1_3&#8243; _builder_version=&#8220;4.16&#8243; global_colors_info=&#8220;{}&#8220;][et_pb_column type=&#8220;2_3&#8243; _builder_version=&#8220;4.16&#8243; background_position=&#8220;top_left&#8220; custom_padding=&#8220;0px|0px|0px|0px&#8220; global_colors_info=&#8220;{}&#8220; custom_padding__hover=&#8220;|||&#8220;][et_pb_text admin_label=&#8220;Text Abstandshalter&#8220; _builder_version=&#8220;4.16&#8243; custom_margin=&#8220;0px|0px|0px|0px&#8220; custom_padding=&#8220;0px|0px|0px|0px&#8220; global_colors_info=&#8220;{}&#8220;]<span style=\"color: #ffffff;\">:<\/span><br \/>\n<span style=\"color: #ffffff;\">:<\/span><br \/>\n[\/et_pb_text][et_pb_text admin_label=&#8220;Text \u00dcberschrift Kolumne Februar: Beweispflicht liegt bei Grenzg\u00e4nger&#8220; _builder_version=&#8220;4.16&#8243; z_index_tablet=&#8220;500&#8243; text_text_shadow_horizontal_length_tablet=&#8220;0px&#8220; text_text_shadow_vertical_length_tablet=&#8220;0px&#8220; text_text_shadow_blur_strength_tablet=&#8220;1px&#8220; link_text_shadow_horizontal_length_tablet=&#8220;0px&#8220; link_text_shadow_vertical_length_tablet=&#8220;0px&#8220; link_text_shadow_blur_strength_tablet=&#8220;1px&#8220; ul_text_shadow_horizontal_length_tablet=&#8220;0px&#8220; ul_text_shadow_vertical_length_tablet=&#8220;0px&#8220; ul_text_shadow_blur_strength_tablet=&#8220;1px&#8220; ol_text_shadow_horizontal_length_tablet=&#8220;0px&#8220; ol_text_shadow_vertical_length_tablet=&#8220;0px&#8220; ol_text_shadow_blur_strength_tablet=&#8220;1px&#8220; quote_text_shadow_horizontal_length_tablet=&#8220;0px&#8220; quote_text_shadow_vertical_length_tablet=&#8220;0px&#8220; quote_text_shadow_blur_strength_tablet=&#8220;1px&#8220; header_text_shadow_horizontal_length_tablet=&#8220;0px&#8220; header_text_shadow_vertical_length_tablet=&#8220;0px&#8220; header_text_shadow_blur_strength_tablet=&#8220;1px&#8220; header_2_text_shadow_horizontal_length_tablet=&#8220;0px&#8220; header_2_text_shadow_vertical_length_tablet=&#8220;0px&#8220; header_2_text_shadow_blur_strength_tablet=&#8220;1px&#8220; header_3_text_shadow_horizontal_length_tablet=&#8220;0px&#8220; header_3_text_shadow_vertical_length_tablet=&#8220;0px&#8220; header_3_text_shadow_blur_strength_tablet=&#8220;1px&#8220; header_4_text_shadow_horizontal_length_tablet=&#8220;0px&#8220; header_4_text_shadow_vertical_length_tablet=&#8220;0px&#8220; header_4_text_shadow_blur_strength_tablet=&#8220;1px&#8220; header_5_text_shadow_horizontal_length_tablet=&#8220;0px&#8220; header_5_text_shadow_vertical_length_tablet=&#8220;0px&#8220; header_5_text_shadow_blur_strength_tablet=&#8220;1px&#8220; header_6_text_shadow_horizontal_length_tablet=&#8220;0px&#8220; header_6_text_shadow_vertical_length_tablet=&#8220;0px&#8220; header_6_text_shadow_blur_strength_tablet=&#8220;1px&#8220; box_shadow_horizontal_tablet=&#8220;0px&#8220; box_shadow_vertical_tablet=&#8220;0px&#8220; box_shadow_blur_tablet=&#8220;40px&#8220; box_shadow_spread_tablet=&#8220;0px&#8220; global_colors_info=&#8220;{}&#8220;]<\/p>\n<h3>Kolumne M\u00e4rz 2021: Grenzg\u00e4nger haben Holpflicht<\/h3>\n<p>[\/et_pb_text][et_pb_text admin_label=&#8220;Text Kolumne M\u00e4rz: Grenzg\u00e4nger haben Holpflicht&#8220; _builder_version=&#8220;4.16&#8243; z_index_tablet=&#8220;500&#8243; text_text_shadow_horizontal_length_tablet=&#8220;0px&#8220; text_text_shadow_vertical_length_tablet=&#8220;0px&#8220; text_text_shadow_blur_strength_tablet=&#8220;1px&#8220; link_text_shadow_horizontal_length_tablet=&#8220;0px&#8220; link_text_shadow_vertical_length_tablet=&#8220;0px&#8220; link_text_shadow_blur_strength_tablet=&#8220;1px&#8220; ul_text_shadow_horizontal_length_tablet=&#8220;0px&#8220; ul_text_shadow_vertical_length_tablet=&#8220;0px&#8220; ul_text_shadow_blur_strength_tablet=&#8220;1px&#8220; ol_text_shadow_horizontal_length_tablet=&#8220;0px&#8220; ol_text_shadow_vertical_length_tablet=&#8220;0px&#8220; ol_text_shadow_blur_strength_tablet=&#8220;1px&#8220; quote_text_shadow_horizontal_length_tablet=&#8220;0px&#8220; quote_text_shadow_vertical_length_tablet=&#8220;0px&#8220; quote_text_shadow_blur_strength_tablet=&#8220;1px&#8220; header_text_shadow_horizontal_length_tablet=&#8220;0px&#8220; header_text_shadow_vertical_length_tablet=&#8220;0px&#8220; header_text_shadow_blur_strength_tablet=&#8220;1px&#8220; header_2_text_shadow_horizontal_length_tablet=&#8220;0px&#8220; header_2_text_shadow_vertical_length_tablet=&#8220;0px&#8220; header_2_text_shadow_blur_strength_tablet=&#8220;1px&#8220; header_3_text_shadow_horizontal_length_tablet=&#8220;0px&#8220; header_3_text_shadow_vertical_length_tablet=&#8220;0px&#8220; header_3_text_shadow_blur_strength_tablet=&#8220;1px&#8220; header_4_text_shadow_horizontal_length_tablet=&#8220;0px&#8220; header_4_text_shadow_vertical_length_tablet=&#8220;0px&#8220; header_4_text_shadow_blur_strength_tablet=&#8220;1px&#8220; header_5_text_shadow_horizontal_length_tablet=&#8220;0px&#8220; header_5_text_shadow_vertical_length_tablet=&#8220;0px&#8220; header_5_text_shadow_blur_strength_tablet=&#8220;1px&#8220; header_6_text_shadow_horizontal_length_tablet=&#8220;0px&#8220; header_6_text_shadow_vertical_length_tablet=&#8220;0px&#8220; header_6_text_shadow_blur_strength_tablet=&#8220;1px&#8220; box_shadow_horizontal_tablet=&#8220;0px&#8220; box_shadow_vertical_tablet=&#8220;0px&#8220; box_shadow_blur_tablet=&#8220;40px&#8220; box_shadow_spread_tablet=&#8220;0px&#8220; global_colors_info=&#8220;{}&#8220;]Immer wieder h\u00f6rt man als Berater die Aussage von Grenzg\u00e4nger: \u201eDas hat mir keiner gesagt. Woher soll ich das wissen?\u201c Man h\u00f6rt die Aussage in allen Rechtsbereichen, insbesondere<br \/>\nim Steuerrecht und im Sozialversicherungsrecht.<\/p>\n<p>Zun\u00e4chst muss noch einmal klargestellt werden, dass Grenzg\u00e4nger nicht in Deutschland, sondern im Ausland arbeiten. Man k\u00f6nnte dabei sogar auf die Idee kommen, dass es dort andere Gesetze gibt, die dem deutschen Gesetz eventuell gar nicht gleichen.<\/p>\n<p>Im Steuerrecht gibt es beispielsweise Vorschriften, die f\u00fcr die deutsche Logik absolut unverst\u00e4ndlich sind. Warum muss die Einzelveranlagung bis zum 31. M\u00e4rz beantragt werden, wohingegen alle anderen Veranlagungsarbeiten sp\u00e4ter beantragt werden k\u00f6nnen? Warum kann eine einmal beantragte Steuerklasse im Rahmen einer Steuererkl\u00e4rung nicht noch solange ge\u00e4ndert werden, wie der Steuerbescheid nicht bestandskr\u00e4ftig ist? Hier gibt es sogar Urteile des luxemburgischen Verwaltungsgerichts, die diese f\u00fcr Deutsche seltsame Logik, best\u00e4tigen.<\/p>\n<p>Wer einen Antrag auf Alters- oder Invalidenpension stellt, muss gleichzeitig oder zuvor schon seine Babyjahre beantragt haben. Nach Antragstellung, selbst wenn der Antrag noch nicht durchgearbeitet ist, kann er das Babyjahr nicht mehr beantragen. Hier fragt man sich schnell, welcher Sinn diese Vorschrift haben soll, findet jedoch keine Antwort. Man findet auch niemanden, der den Sinn der Vorschrift erkl\u00e4ren kann. Das ist ein trauriger Umstand, mit dem sich die Grenzg\u00e4nger eben abfinden m\u00fcssen.<\/p>\n<p>Die ersten Grenzg\u00e4nger der 80iger und 90iger Jahre mussten sich um diese Grunds\u00e4tze \u00fcberhaupt keine Gedanken machen. Es hat irgendwie alles funktioniert. Die Grenzg\u00e4nger waren f\u00fcr das Finanzamt eine kleine, unbedeutende Schar. Die Rentenkasse hatte ohne umst\u00e4ndliche Pr\u00fcfungen gro\u00dfz\u00fcgige Invalidenpensionen gew\u00e4hrt, sogar an Personen, die nie in Luxemburg gearbeitet hatten. Es war einfach genug Geld f\u00fcr alle da.<\/p>\n<p>Die heutige Generation erkennt nun, dass alles doch nicht so einfach ist, wie die \u00e4ltere Generation es erlebt hat. Man muss sich vielmehr selbst bem\u00fchen, um seine Rechtsfragen zu kl\u00e4ren. Insofern kann jedem Grenzg\u00e4nger nur geraten werden, \u00f6fter vorsorglichen Rechtsrat einzuholen, um keine b\u00f6sen \u00dcberraschungen zu erleben. Das Geld sollte dem Grenzg\u00e4nger daf\u00fcr eigentlich auch zur Verf\u00fcgung stehen.<br \/>\n[\/et_pb_text][\/et_pb_column][et_pb_column type=&#8220;1_3&#8243; _builder_version=&#8220;4.16&#8243; background_position=&#8220;top_left&#8220; custom_padding=&#8220;0px|0px|0px|&#8220; global_colors_info=&#8220;{}&#8220; custom_padding__hover=&#8220;|||&#8220;][et_pb_text admin_label=&#8220;Text Abstandshalter&#8220; _builder_version=&#8220;4.16&#8243; custom_margin=&#8220;0px|0px|0px|0px&#8220; custom_padding=&#8220;0px|0px|0px|0px&#8220; locked=&#8220;off&#8220; global_colors_info=&#8220;{}&#8220;]<span style=\"color: #ffffff;\">:<\/span><br \/>\n<span style=\"color: #ffffff;\">:<\/span><br \/>\n[\/et_pb_text][et_pb_image src=&#8220;https:\/\/wonnebauer.de\/site\/wp-content\/uploads\/2018\/06\/Wonnebauer_trierischer_volksfreund_index.jpg&#8220; align_tablet=&#8220;center&#8220; align_phone=&#8220;&#8220; align_last_edited=&#8220;on|desktop&#8220; admin_label=&#8220;Bild Wonnebauer_trierischer_volksfreund_index&#8220; _builder_version=&#8220;4.16&#8243; custom_margin=&#8220;||0px|&#8220; global_colors_info=&#8220;{}&#8220;][\/et_pb_image][\/et_pb_column][\/et_pb_row][et_pb_row column_structure=&#8220;2_3,1_3&#8243; _builder_version=&#8220;4.16&#8243; global_colors_info=&#8220;{}&#8220;][et_pb_column type=&#8220;2_3&#8243; _builder_version=&#8220;4.16&#8243; background_position=&#8220;top_left&#8220; custom_padding=&#8220;0px|0px|0px|0px&#8220; global_colors_info=&#8220;{}&#8220; custom_padding__hover=&#8220;|||&#8220;][et_pb_text admin_label=&#8220;Text Abstandshalter&#8220; _builder_version=&#8220;4.16&#8243; custom_margin=&#8220;0px|0px|0px|0px&#8220; custom_padding=&#8220;0px|0px|0px|0px&#8220; global_colors_info=&#8220;{}&#8220;]<span style=\"color: #ffffff;\">:<\/span><br \/>\n<span style=\"color: #ffffff;\">:<\/span><br \/>\n[\/et_pb_text][et_pb_text admin_label=&#8220;Text \u00dcberschrift Kolumne Februar: Beweispflicht liegt bei Grenzg\u00e4nger&#8220; _builder_version=&#8220;4.16&#8243; z_index_tablet=&#8220;500&#8243; text_text_shadow_horizontal_length_tablet=&#8220;0px&#8220; text_text_shadow_vertical_length_tablet=&#8220;0px&#8220; text_text_shadow_blur_strength_tablet=&#8220;1px&#8220; link_text_shadow_horizontal_length_tablet=&#8220;0px&#8220; link_text_shadow_vertical_length_tablet=&#8220;0px&#8220; link_text_shadow_blur_strength_tablet=&#8220;1px&#8220; ul_text_shadow_horizontal_length_tablet=&#8220;0px&#8220; ul_text_shadow_vertical_length_tablet=&#8220;0px&#8220; ul_text_shadow_blur_strength_tablet=&#8220;1px&#8220; ol_text_shadow_horizontal_length_tablet=&#8220;0px&#8220; ol_text_shadow_vertical_length_tablet=&#8220;0px&#8220; ol_text_shadow_blur_strength_tablet=&#8220;1px&#8220; quote_text_shadow_horizontal_length_tablet=&#8220;0px&#8220; quote_text_shadow_vertical_length_tablet=&#8220;0px&#8220; quote_text_shadow_blur_strength_tablet=&#8220;1px&#8220; header_text_shadow_horizontal_length_tablet=&#8220;0px&#8220; header_text_shadow_vertical_length_tablet=&#8220;0px&#8220; header_text_shadow_blur_strength_tablet=&#8220;1px&#8220; header_2_text_shadow_horizontal_length_tablet=&#8220;0px&#8220; header_2_text_shadow_vertical_length_tablet=&#8220;0px&#8220; header_2_text_shadow_blur_strength_tablet=&#8220;1px&#8220; header_3_text_shadow_horizontal_length_tablet=&#8220;0px&#8220; header_3_text_shadow_vertical_length_tablet=&#8220;0px&#8220; header_3_text_shadow_blur_strength_tablet=&#8220;1px&#8220; header_4_text_shadow_horizontal_length_tablet=&#8220;0px&#8220; header_4_text_shadow_vertical_length_tablet=&#8220;0px&#8220; header_4_text_shadow_blur_strength_tablet=&#8220;1px&#8220; header_5_text_shadow_horizontal_length_tablet=&#8220;0px&#8220; header_5_text_shadow_vertical_length_tablet=&#8220;0px&#8220; header_5_text_shadow_blur_strength_tablet=&#8220;1px&#8220; header_6_text_shadow_horizontal_length_tablet=&#8220;0px&#8220; header_6_text_shadow_vertical_length_tablet=&#8220;0px&#8220; header_6_text_shadow_blur_strength_tablet=&#8220;1px&#8220; box_shadow_horizontal_tablet=&#8220;0px&#8220; box_shadow_vertical_tablet=&#8220;0px&#8220; box_shadow_blur_tablet=&#8220;40px&#8220; box_shadow_spread_tablet=&#8220;0px&#8220; global_colors_info=&#8220;{}&#8220;]<\/p>\n<h3>Kolumne Februar 2021: Beweispflicht liegt beim Grenzg\u00e4nger<\/h3>\n<p>[\/et_pb_text][et_pb_text admin_label=&#8220;Text Kolumne Februar: Beweislast bei Auslandssachverhalten umgedreht&#8220; _builder_version=&#8220;4.16&#8243; z_index_tablet=&#8220;500&#8243; text_text_shadow_horizontal_length_tablet=&#8220;0px&#8220; text_text_shadow_vertical_length_tablet=&#8220;0px&#8220; text_text_shadow_blur_strength_tablet=&#8220;1px&#8220; link_text_shadow_horizontal_length_tablet=&#8220;0px&#8220; link_text_shadow_vertical_length_tablet=&#8220;0px&#8220; link_text_shadow_blur_strength_tablet=&#8220;1px&#8220; ul_text_shadow_horizontal_length_tablet=&#8220;0px&#8220; ul_text_shadow_vertical_length_tablet=&#8220;0px&#8220; ul_text_shadow_blur_strength_tablet=&#8220;1px&#8220; ol_text_shadow_horizontal_length_tablet=&#8220;0px&#8220; ol_text_shadow_vertical_length_tablet=&#8220;0px&#8220; ol_text_shadow_blur_strength_tablet=&#8220;1px&#8220; quote_text_shadow_horizontal_length_tablet=&#8220;0px&#8220; quote_text_shadow_vertical_length_tablet=&#8220;0px&#8220; quote_text_shadow_blur_strength_tablet=&#8220;1px&#8220; header_text_shadow_horizontal_length_tablet=&#8220;0px&#8220; header_text_shadow_vertical_length_tablet=&#8220;0px&#8220; header_text_shadow_blur_strength_tablet=&#8220;1px&#8220; header_2_text_shadow_horizontal_length_tablet=&#8220;0px&#8220; header_2_text_shadow_vertical_length_tablet=&#8220;0px&#8220; header_2_text_shadow_blur_strength_tablet=&#8220;1px&#8220; header_3_text_shadow_horizontal_length_tablet=&#8220;0px&#8220; header_3_text_shadow_vertical_length_tablet=&#8220;0px&#8220; header_3_text_shadow_blur_strength_tablet=&#8220;1px&#8220; header_4_text_shadow_horizontal_length_tablet=&#8220;0px&#8220; header_4_text_shadow_vertical_length_tablet=&#8220;0px&#8220; header_4_text_shadow_blur_strength_tablet=&#8220;1px&#8220; header_5_text_shadow_horizontal_length_tablet=&#8220;0px&#8220; header_5_text_shadow_vertical_length_tablet=&#8220;0px&#8220; header_5_text_shadow_blur_strength_tablet=&#8220;1px&#8220; header_6_text_shadow_horizontal_length_tablet=&#8220;0px&#8220; header_6_text_shadow_vertical_length_tablet=&#8220;0px&#8220; header_6_text_shadow_blur_strength_tablet=&#8220;1px&#8220; box_shadow_horizontal_tablet=&#8220;0px&#8220; box_shadow_vertical_tablet=&#8220;0px&#8220; box_shadow_blur_tablet=&#8220;40px&#8220; box_shadow_spread_tablet=&#8220;0px&#8220; global_colors_info=&#8220;{}&#8220;]Ich wei\u00df doch nicht mehr, wo ich vor 5 Jahren war.\u201c, emp\u00f6rt sich der Grenzg\u00e4nger gegen\u00fcber dem Finanzamt. Gemeinhin denkt der Laie dann, der Sachverhalt sei nicht mehr zu ermitteln und er komme einfach davon. Fehlanzeige!<\/p>\n<p>Bei Auslandssachverhalten liegt n\u00e4mlich die Beweispflicht beim Grenzg\u00e4nger. Die Besteuerung des Grenzg\u00e4ngers in Luxemburg setzt voraus, dass er physisch vor Ort ist. Nur dann hat Luxemburg das Besteuerungsrecht. Nach den Verst\u00e4ndigungsvereinbarungen hat der Grenzg\u00e4nger bei T\u00e4tigkeiten au\u00dferhalb Luxemburg die Pflicht, die Steuern in Deutschland zu zahlen.<br \/>\nIn letzter Zeit hinterfragen die Finanz\u00e4mter daher immer \u00f6fter, wie denn der Grenzg\u00e4nger beweisen k\u00f6nne, dass er sich tats\u00e4chlich in Luxemburg aufgehalten habe.<\/p>\n<p>Bei manchen Berufsgruppen liegt dies zweifelsohne vor, beispielsweise bei Mitarbeitern in Pflegeheimen. Bei \u00c4rzten und Krankenschwestern besteht jedoch schon die M\u00f6glichkeit des Bereitschaftsdienstes, der im Wohnsitzland besteuert wird. Hierbei handelt es sich im eine rechtliche Grauzone.<\/p>\n<p>Auf der anderen Seite gibt es Berufsgruppen, in denen es sich geradezu aufdr\u00e4ngt, dass sie selten in Luxemburg sind, wie beispielsweise bei den Berufskraftfahrern.<br \/>\nDer Fall geht also so zu Ende, dass der Grenzg\u00e4nger im Zweifel die Steuern in Deutschland noch einmal bezahlen muss, bis zum Beweis des Gegenteils. Nat\u00fcrlich kann er dann vom luxemburgischen Finanzamt die doppelt gezahlte Steuer wieder zur\u00fcckholen. Der Gesamtaufwand f\u00fcr beide Steuerverfahren ist jedoch hoch.<\/p>\n<p>Insofern ist jedem Grenzg\u00e4nger geraten, Beweisvorsorge zu treffen und entsprechende Belege zu sammeln, aus denen sich ein Aufenthalt in Luxemburg ergibt. Das ist in dem ein oder anderen Fall gar nicht so einfach. Denn viele Firmen haben wenige Mitarbeiter und somit wenige Zeugen f\u00fcr die T\u00e4tigkeit in dem luxemburger B\u00fcro. Diese Mehrarbeit gibt sich f\u00fcr alle Grenzg\u00e4nger, weil die Beweislast bei Auslandssachverhalten eben umgekehrt ist.<\/p>\n<p>&nbsp;<\/p>\n<p>&nbsp;<br \/>\n[\/et_pb_text][\/et_pb_column][et_pb_column type=&#8220;1_3&#8243; _builder_version=&#8220;4.16&#8243; background_position=&#8220;top_left&#8220; custom_padding=&#8220;0px|0px|0px|&#8220; global_colors_info=&#8220;{}&#8220; custom_padding__hover=&#8220;|||&#8220;][et_pb_text admin_label=&#8220;Text Abstandshalter&#8220; _builder_version=&#8220;4.16&#8243; custom_margin=&#8220;0px|0px|0px|0px&#8220; custom_padding=&#8220;0px|0px|0px|0px&#8220; locked=&#8220;off&#8220; global_colors_info=&#8220;{}&#8220;]<span style=\"color: #ffffff;\">:<\/span><br \/>\n<span style=\"color: #ffffff;\">:<\/span><br \/>\n[\/et_pb_text][et_pb_image src=&#8220;https:\/\/wonnebauer.de\/site\/wp-content\/uploads\/2018\/06\/Wonnebauer_trierischer_volksfreund_index.jpg&#8220; align_tablet=&#8220;center&#8220; align_phone=&#8220;&#8220; align_last_edited=&#8220;on|desktop&#8220; admin_label=&#8220;Bild Wonnebauer_trierischer_volksfreund_index&#8220; _builder_version=&#8220;4.16&#8243; custom_margin=&#8220;||0px|&#8220; global_colors_info=&#8220;{}&#8220;][\/et_pb_image][\/et_pb_column][\/et_pb_row][et_pb_row column_structure=&#8220;2_3,1_3&#8243; _builder_version=&#8220;4.16&#8243; global_colors_info=&#8220;{}&#8220;][et_pb_column type=&#8220;2_3&#8243; _builder_version=&#8220;4.16&#8243; background_position=&#8220;top_left&#8220; custom_padding=&#8220;0px|0px|0px|0px&#8220; global_colors_info=&#8220;{}&#8220; custom_padding__hover=&#8220;|||&#8220;][et_pb_text admin_label=&#8220;Text Abstandshalter&#8220; _builder_version=&#8220;4.16&#8243; custom_margin=&#8220;0px|0px|0px|0px&#8220; custom_padding=&#8220;0px|0px|0px|0px&#8220; global_colors_info=&#8220;{}&#8220;]<span style=\"color: #ffffff;\">:<\/span><br \/>\n<span style=\"color: #ffffff;\">:<\/span><br \/>\n[\/et_pb_text][et_pb_text admin_label=&#8220;Text \u00dcberschrift Kolumne Januar: Rentner sollten Lohnsteuerjahresausgleich erw\u00e4gen &#8220; _builder_version=&#8220;4.16&#8243; z_index_tablet=&#8220;500&#8243; text_text_shadow_horizontal_length_tablet=&#8220;0px&#8220; text_text_shadow_vertical_length_tablet=&#8220;0px&#8220; text_text_shadow_blur_strength_tablet=&#8220;1px&#8220; link_text_shadow_horizontal_length_tablet=&#8220;0px&#8220; link_text_shadow_vertical_length_tablet=&#8220;0px&#8220; link_text_shadow_blur_strength_tablet=&#8220;1px&#8220; ul_text_shadow_horizontal_length_tablet=&#8220;0px&#8220; ul_text_shadow_vertical_length_tablet=&#8220;0px&#8220; ul_text_shadow_blur_strength_tablet=&#8220;1px&#8220; ol_text_shadow_horizontal_length_tablet=&#8220;0px&#8220; ol_text_shadow_vertical_length_tablet=&#8220;0px&#8220; ol_text_shadow_blur_strength_tablet=&#8220;1px&#8220; quote_text_shadow_horizontal_length_tablet=&#8220;0px&#8220; quote_text_shadow_vertical_length_tablet=&#8220;0px&#8220; quote_text_shadow_blur_strength_tablet=&#8220;1px&#8220; header_text_shadow_horizontal_length_tablet=&#8220;0px&#8220; header_text_shadow_vertical_length_tablet=&#8220;0px&#8220; header_text_shadow_blur_strength_tablet=&#8220;1px&#8220; header_2_text_shadow_horizontal_length_tablet=&#8220;0px&#8220; header_2_text_shadow_vertical_length_tablet=&#8220;0px&#8220; header_2_text_shadow_blur_strength_tablet=&#8220;1px&#8220; header_3_text_shadow_horizontal_length_tablet=&#8220;0px&#8220; header_3_text_shadow_vertical_length_tablet=&#8220;0px&#8220; header_3_text_shadow_blur_strength_tablet=&#8220;1px&#8220; header_4_text_shadow_horizontal_length_tablet=&#8220;0px&#8220; header_4_text_shadow_vertical_length_tablet=&#8220;0px&#8220; header_4_text_shadow_blur_strength_tablet=&#8220;1px&#8220; header_5_text_shadow_horizontal_length_tablet=&#8220;0px&#8220; header_5_text_shadow_vertical_length_tablet=&#8220;0px&#8220; header_5_text_shadow_blur_strength_tablet=&#8220;1px&#8220; header_6_text_shadow_horizontal_length_tablet=&#8220;0px&#8220; header_6_text_shadow_vertical_length_tablet=&#8220;0px&#8220; header_6_text_shadow_blur_strength_tablet=&#8220;1px&#8220; box_shadow_horizontal_tablet=&#8220;0px&#8220; box_shadow_vertical_tablet=&#8220;0px&#8220; box_shadow_blur_tablet=&#8220;40px&#8220; box_shadow_spread_tablet=&#8220;0px&#8220; global_colors_info=&#8220;{}&#8220;]<\/p>\n<h3>Kolumne Januar 2021: Rentner sollten Lohnsteuerjahresausgleich erw\u00e4gen<\/h3>\n<p>[\/et_pb_text][et_pb_text admin_label=&#8220;Text Kolumne Januar : Rentner sollten Lohnsteuerjahresausgleich erw\u00e4gen&#8220; _builder_version=&#8220;4.16&#8243; z_index_tablet=&#8220;500&#8243; text_text_shadow_horizontal_length_tablet=&#8220;0px&#8220; text_text_shadow_vertical_length_tablet=&#8220;0px&#8220; text_text_shadow_blur_strength_tablet=&#8220;1px&#8220; link_text_shadow_horizontal_length_tablet=&#8220;0px&#8220; link_text_shadow_vertical_length_tablet=&#8220;0px&#8220; link_text_shadow_blur_strength_tablet=&#8220;1px&#8220; ul_text_shadow_horizontal_length_tablet=&#8220;0px&#8220; ul_text_shadow_vertical_length_tablet=&#8220;0px&#8220; ul_text_shadow_blur_strength_tablet=&#8220;1px&#8220; ol_text_shadow_horizontal_length_tablet=&#8220;0px&#8220; ol_text_shadow_vertical_length_tablet=&#8220;0px&#8220; ol_text_shadow_blur_strength_tablet=&#8220;1px&#8220; quote_text_shadow_horizontal_length_tablet=&#8220;0px&#8220; quote_text_shadow_vertical_length_tablet=&#8220;0px&#8220; quote_text_shadow_blur_strength_tablet=&#8220;1px&#8220; header_text_shadow_horizontal_length_tablet=&#8220;0px&#8220; header_text_shadow_vertical_length_tablet=&#8220;0px&#8220; header_text_shadow_blur_strength_tablet=&#8220;1px&#8220; header_2_text_shadow_horizontal_length_tablet=&#8220;0px&#8220; header_2_text_shadow_vertical_length_tablet=&#8220;0px&#8220; header_2_text_shadow_blur_strength_tablet=&#8220;1px&#8220; header_3_text_shadow_horizontal_length_tablet=&#8220;0px&#8220; header_3_text_shadow_vertical_length_tablet=&#8220;0px&#8220; header_3_text_shadow_blur_strength_tablet=&#8220;1px&#8220; header_4_text_shadow_horizontal_length_tablet=&#8220;0px&#8220; header_4_text_shadow_vertical_length_tablet=&#8220;0px&#8220; header_4_text_shadow_blur_strength_tablet=&#8220;1px&#8220; header_5_text_shadow_horizontal_length_tablet=&#8220;0px&#8220; header_5_text_shadow_vertical_length_tablet=&#8220;0px&#8220; header_5_text_shadow_blur_strength_tablet=&#8220;1px&#8220; header_6_text_shadow_horizontal_length_tablet=&#8220;0px&#8220; header_6_text_shadow_vertical_length_tablet=&#8220;0px&#8220; header_6_text_shadow_blur_strength_tablet=&#8220;1px&#8220; box_shadow_horizontal_tablet=&#8220;0px&#8220; box_shadow_vertical_tablet=&#8220;0px&#8220; box_shadow_blur_tablet=&#8220;40px&#8220; box_shadow_spread_tablet=&#8220;0px&#8220; global_colors_info=&#8220;{}&#8220;]<strong>Lohnsteuerjahresausgleich f\u00fcr Rentner k\u00f6nnte sich lohnen<\/strong><\/p>\n<p>Die meisten Grenzg\u00e4nger beziehen nicht nur eine luxemburgische Rente, sondern auch eine deutsche. Sie erzielen meistens auch nicht 90 Prozent ihrer Eink\u00fcnfte aus Luxemburg. Die Rente wird der Einfachheit halber bestenfalls in der Steuerklasse 1 versteuert.<\/p>\n<p>Es sind also die wenigsten Rentner, f\u00fcr die sich eine luxemburger Einkommensteuererkl\u00e4rung lohnt. Hierbei k\u00f6nnen Sonderausgaben und au\u00dfergew\u00f6hnliche Belastungen abgesetzt werden.<\/p>\n<p>Alternativ gibt es jedoch den Lohnsteuerjahresausgleich. Dabei geht es nur darum, der Rente noch Sozialversicherungsbeitr\u00e4ge entgegenzusetzen. Denn wer eine deutsche und eine luxemburgische Rente bezieht, muss f\u00fcr die luxemburgische Rente in Deutschland Krankenkassenbeitr\u00e4ge entrichten. Da sich diese jedoch auf die luxemburgische Rente beziehen, wird das deutsche Finanzamt in der deutschen Steuererkl\u00e4rung einen Abzug dieser Beitr\u00e4ge nicht zulassen.<\/p>\n<p>Allerdings k\u00f6nnen die Beitr\u00e4ge in Luxemburg steuerlich geltend gemacht werden und das in Form des Lohnsteuerjahresausgleiches. Rentner erhalten damit Steuererstattungen von 100 bis 200 Euro, je nach H\u00f6he der gezahlten Krankenkassenbeitr\u00e4ge. Der Betrag ist zu gering, um damit einen Steuerberater zu beauftragen. Wer jedoch noch geistig auf der H\u00f6he ist, will sich mit dieser Thematik eventuell gerne besch\u00e4ftigen und sich so noch Geld f\u00fcr ein paar Ausfl\u00fcge verdienen.<\/p>\n<p>Der Lohnsteuerjahresausgleich wird mit dem Formular 163 NR D beantragt, das auf der Internetseite des Finanzamtes <a href=\"https:\/\/impotsdirects.public.lu\/\">https:\/\/impotsdirects.public.lu<\/a> heruntergeladen werden kann. Die neuen Steuerformulare werden Anfang Februar von der Finanzverwaltung bereitgestellt.<\/p>\n<p>&nbsp;<\/p>\n<p>&nbsp;<br \/>\n[\/et_pb_text][\/et_pb_column][et_pb_column type=&#8220;1_3&#8243; _builder_version=&#8220;4.16&#8243; background_position=&#8220;top_left&#8220; custom_padding=&#8220;0px|0px|0px|&#8220; global_colors_info=&#8220;{}&#8220; custom_padding__hover=&#8220;|||&#8220;][et_pb_text admin_label=&#8220;Text Abstandshalter&#8220; _builder_version=&#8220;4.16&#8243; custom_margin=&#8220;0px|0px|0px|0px&#8220; custom_padding=&#8220;0px|0px|0px|0px&#8220; locked=&#8220;off&#8220; global_colors_info=&#8220;{}&#8220;]<span style=\"color: #ffffff;\">:<\/span><br \/>\n<span style=\"color: #ffffff;\">:<\/span><br \/>\n[\/et_pb_text][et_pb_image src=&#8220;https:\/\/wonnebauer.de\/site\/wp-content\/uploads\/2018\/06\/Wonnebauer_trierischer_volksfreund_index.jpg&#8220; align_tablet=&#8220;center&#8220; align_phone=&#8220;&#8220; align_last_edited=&#8220;on|desktop&#8220; admin_label=&#8220;Bild Wonnebauer_trierischer_volksfreund_index&#8220; _builder_version=&#8220;4.16&#8243; custom_margin=&#8220;||0px|&#8220; global_colors_info=&#8220;{}&#8220;][\/et_pb_image][\/et_pb_column][\/et_pb_row][et_pb_row column_structure=&#8220;2_3,1_3&#8243; _builder_version=&#8220;4.16&#8243; global_colors_info=&#8220;{}&#8220;][et_pb_column type=&#8220;2_3&#8243; _builder_version=&#8220;4.16&#8243; background_position=&#8220;top_left&#8220; custom_padding=&#8220;0px|0px|0px|0px&#8220; global_colors_info=&#8220;{}&#8220; custom_padding__hover=&#8220;|||&#8220;][et_pb_text admin_label=&#8220;Text Abstandshalter&#8220; _builder_version=&#8220;4.16&#8243; custom_margin=&#8220;0px|0px|0px|0px&#8220; custom_padding=&#8220;0px|0px|0px|0px&#8220; global_colors_info=&#8220;{}&#8220;]<span style=\"color: #ffffff;\">:<\/span><br \/>\n<span style=\"color: #ffffff;\">:<\/span><br \/>\n[\/et_pb_text][et_pb_text admin_label=&#8220;Text \u00dcberschrift Kolumne Dezember: Arbeitsrecht in Luxemburg &#8220; _builder_version=&#8220;4.16&#8243; z_index_tablet=&#8220;500&#8243; text_text_shadow_horizontal_length_tablet=&#8220;0px&#8220; text_text_shadow_vertical_length_tablet=&#8220;0px&#8220; text_text_shadow_blur_strength_tablet=&#8220;1px&#8220; link_text_shadow_horizontal_length_tablet=&#8220;0px&#8220; link_text_shadow_vertical_length_tablet=&#8220;0px&#8220; link_text_shadow_blur_strength_tablet=&#8220;1px&#8220; ul_text_shadow_horizontal_length_tablet=&#8220;0px&#8220; ul_text_shadow_vertical_length_tablet=&#8220;0px&#8220; ul_text_shadow_blur_strength_tablet=&#8220;1px&#8220; ol_text_shadow_horizontal_length_tablet=&#8220;0px&#8220; ol_text_shadow_vertical_length_tablet=&#8220;0px&#8220; ol_text_shadow_blur_strength_tablet=&#8220;1px&#8220; quote_text_shadow_horizontal_length_tablet=&#8220;0px&#8220; quote_text_shadow_vertical_length_tablet=&#8220;0px&#8220; quote_text_shadow_blur_strength_tablet=&#8220;1px&#8220; header_text_shadow_horizontal_length_tablet=&#8220;0px&#8220; header_text_shadow_vertical_length_tablet=&#8220;0px&#8220; header_text_shadow_blur_strength_tablet=&#8220;1px&#8220; header_2_text_shadow_horizontal_length_tablet=&#8220;0px&#8220; header_2_text_shadow_vertical_length_tablet=&#8220;0px&#8220; header_2_text_shadow_blur_strength_tablet=&#8220;1px&#8220; header_3_text_shadow_horizontal_length_tablet=&#8220;0px&#8220; header_3_text_shadow_vertical_length_tablet=&#8220;0px&#8220; header_3_text_shadow_blur_strength_tablet=&#8220;1px&#8220; header_4_text_shadow_horizontal_length_tablet=&#8220;0px&#8220; header_4_text_shadow_vertical_length_tablet=&#8220;0px&#8220; header_4_text_shadow_blur_strength_tablet=&#8220;1px&#8220; header_5_text_shadow_horizontal_length_tablet=&#8220;0px&#8220; header_5_text_shadow_vertical_length_tablet=&#8220;0px&#8220; header_5_text_shadow_blur_strength_tablet=&#8220;1px&#8220; header_6_text_shadow_horizontal_length_tablet=&#8220;0px&#8220; header_6_text_shadow_vertical_length_tablet=&#8220;0px&#8220; header_6_text_shadow_blur_strength_tablet=&#8220;1px&#8220; box_shadow_horizontal_tablet=&#8220;0px&#8220; box_shadow_vertical_tablet=&#8220;0px&#8220; box_shadow_blur_tablet=&#8220;40px&#8220; box_shadow_spread_tablet=&#8220;0px&#8220; global_colors_info=&#8220;{}&#8220;]<\/p>\n<h3>Kolumne Dezember: Arbeitsrecht in Luxemburg<\/h3>\n<p>[\/et_pb_text][et_pb_text admin_label=&#8220;Text Kolumne Dezember: Arbeitsrecht in Luxemburg &#8220; _builder_version=&#8220;4.16&#8243; z_index_tablet=&#8220;500&#8243; text_text_shadow_horizontal_length_tablet=&#8220;0px&#8220; text_text_shadow_vertical_length_tablet=&#8220;0px&#8220; text_text_shadow_blur_strength_tablet=&#8220;1px&#8220; link_text_shadow_horizontal_length_tablet=&#8220;0px&#8220; link_text_shadow_vertical_length_tablet=&#8220;0px&#8220; link_text_shadow_blur_strength_tablet=&#8220;1px&#8220; ul_text_shadow_horizontal_length_tablet=&#8220;0px&#8220; ul_text_shadow_vertical_length_tablet=&#8220;0px&#8220; ul_text_shadow_blur_strength_tablet=&#8220;1px&#8220; ol_text_shadow_horizontal_length_tablet=&#8220;0px&#8220; ol_text_shadow_vertical_length_tablet=&#8220;0px&#8220; ol_text_shadow_blur_strength_tablet=&#8220;1px&#8220; quote_text_shadow_horizontal_length_tablet=&#8220;0px&#8220; quote_text_shadow_vertical_length_tablet=&#8220;0px&#8220; quote_text_shadow_blur_strength_tablet=&#8220;1px&#8220; header_text_shadow_horizontal_length_tablet=&#8220;0px&#8220; header_text_shadow_vertical_length_tablet=&#8220;0px&#8220; header_text_shadow_blur_strength_tablet=&#8220;1px&#8220; header_2_text_shadow_horizontal_length_tablet=&#8220;0px&#8220; header_2_text_shadow_vertical_length_tablet=&#8220;0px&#8220; header_2_text_shadow_blur_strength_tablet=&#8220;1px&#8220; header_3_text_shadow_horizontal_length_tablet=&#8220;0px&#8220; header_3_text_shadow_vertical_length_tablet=&#8220;0px&#8220; header_3_text_shadow_blur_strength_tablet=&#8220;1px&#8220; header_4_text_shadow_horizontal_length_tablet=&#8220;0px&#8220; header_4_text_shadow_vertical_length_tablet=&#8220;0px&#8220; header_4_text_shadow_blur_strength_tablet=&#8220;1px&#8220; header_5_text_shadow_horizontal_length_tablet=&#8220;0px&#8220; header_5_text_shadow_vertical_length_tablet=&#8220;0px&#8220; header_5_text_shadow_blur_strength_tablet=&#8220;1px&#8220; header_6_text_shadow_horizontal_length_tablet=&#8220;0px&#8220; header_6_text_shadow_vertical_length_tablet=&#8220;0px&#8220; header_6_text_shadow_blur_strength_tablet=&#8220;1px&#8220; box_shadow_horizontal_tablet=&#8220;0px&#8220; box_shadow_vertical_tablet=&#8220;0px&#8220; box_shadow_blur_tablet=&#8220;40px&#8220; box_shadow_spread_tablet=&#8220;0px&#8220; global_colors_info=&#8220;{}&#8220;]Grenzg\u00e4nger haben gelegentlich auch Rechtsstreitigkeiten mit ihrem Arbeitgeber. Klagen sie gegen eine K\u00fcndigung oder wegen Lohnr\u00fcckst\u00e4nden, ist das luxemburgische Arbeitsgericht zust\u00e4ndig, das bei den Friedensgerichten angesiedelt wird.<\/p>\n<p>In Luxemburg kennt man keine eigenst\u00e4ndige Arbeitsgerichtsbarkeit. Vielmehr wird das Arbeitsrecht von Zivilrichtern mitbehandelt in einer Abteilung f\u00fcr Arbeitsrecht, \u00e4hnlich den bei Amtsgerichten angesiedelten Abteilungen f\u00fcr Familien- oder Insolvenzsachen.<\/p>\n<p>Anders als in Deutschland gibt es hier keinen schnellen G\u00fctetermin. Stattdessen l\u00e4uft das Arbeitsrecht nach den \u00fcblichen Prozessregeln. Verhandlungen finden oftmals erst Monate nach der K\u00fcndigung statt. Frappierend anders als in Deutschland ist f\u00fcr Grenzg\u00e4nger, dass die luxemburgischen Richter keinen Vergleich vorschlagen. Sie \u00e4u\u00dfern sich auch w\u00e4hrend der Verhandlung nicht zu einer etwaigen Rechtslage.<\/p>\n<p>Auch die Anwesenheit der Parteien ist in den ersten Terminen vor Gericht nicht angeordnet. Sodann fragen die Mandanten die Anw\u00e4lte, was denn der Richter gesagt h\u00e4tte. Die Antwort lautet: Er hat nichts gesagt. Dies entspricht dem franz\u00f6sischen Prozessrecht. W\u00fcrde ein Richter sich zugunsten einer Partei \u00e4u\u00dfern, w\u00fcrde man ihn f\u00fcr befangen halten. Der Richter \u00e4u\u00dfert sich lediglich durch Fragen und R\u00fcckfragen und abschlie\u00dfend durch seine schriftliche Entscheidung.<\/p>\n<p>All dies ist f\u00fcr deutsche Gem\u00fcter gew\u00f6hnungsbed\u00fcrftig. Am schlimmsten ist es, wochen- und monatelang in Ungewissheit zu sein, wie die Angelegenheit denn endet. Aus diesem Grunde werden Arbeitsrechtsstreitigkeiten zu rund 80 Prozent au\u00dfergerichtlich im Rahmen eines Anwaltsvergleiches erledigt. Man streitet hier auch nicht \u00fcber die Unwirksamkeit einer K\u00fcndigung mit dem Ziel, das Arbeitsverh\u00e4ltnis fortsetzen zu k\u00f6nnen. Stattdessen geht es von vornherein nur um Schadenersatz.<\/p>\n<p>In der aktuellen Corona-Krise werden die Arbeitspl\u00e4tze der Grenzg\u00e4nger durch Kurzarbeitergeld gesichert. Seit einigen Wochen h\u00e4ufen sich jedoch wieder die Arbeitsrechtsf\u00e4lle im Zusammenhang mit K\u00fcndigungen, weil Arbeitgeber die Notbremse ziehen m\u00fcssen.<\/p>\n<p>&nbsp;<\/p>\n<p>&nbsp;<br \/>\n[\/et_pb_text][\/et_pb_column][et_pb_column type=&#8220;1_3&#8243; _builder_version=&#8220;4.16&#8243; background_position=&#8220;top_left&#8220; custom_padding=&#8220;0px|0px|0px|&#8220; global_colors_info=&#8220;{}&#8220; custom_padding__hover=&#8220;|||&#8220;][et_pb_text admin_label=&#8220;Text Abstandshalter&#8220; _builder_version=&#8220;4.16&#8243; custom_margin=&#8220;0px|0px|0px|0px&#8220; custom_padding=&#8220;0px|0px|0px|0px&#8220; locked=&#8220;off&#8220; global_colors_info=&#8220;{}&#8220;]<span style=\"color: #ffffff;\">:<\/span><br \/>\n<span style=\"color: #ffffff;\">:<\/span><br \/>\n[\/et_pb_text][et_pb_image src=&#8220;https:\/\/wonnebauer.de\/site\/wp-content\/uploads\/2018\/06\/Wonnebauer_trierischer_volksfreund_index.jpg&#8220; align_tablet=&#8220;center&#8220; align_phone=&#8220;&#8220; align_last_edited=&#8220;on|desktop&#8220; admin_label=&#8220;Bild Wonnebauer_trierischer_volksfreund_index&#8220; _builder_version=&#8220;4.16&#8243; custom_margin=&#8220;||0px|&#8220; global_colors_info=&#8220;{}&#8220;][\/et_pb_image][\/et_pb_column][\/et_pb_row][et_pb_row column_structure=&#8220;2_3,1_3&#8243; _builder_version=&#8220;4.16&#8243; global_colors_info=&#8220;{}&#8220;][et_pb_column type=&#8220;2_3&#8243; _builder_version=&#8220;4.16&#8243; background_position=&#8220;top_left&#8220; custom_padding=&#8220;0px|0px|0px|0px&#8220; global_colors_info=&#8220;{}&#8220; custom_padding__hover=&#8220;|||&#8220;][et_pb_text admin_label=&#8220;Text Abstandshalter&#8220; _builder_version=&#8220;4.16&#8243; custom_margin=&#8220;0px|0px|0px|0px&#8220; custom_padding=&#8220;0px|0px|0px|0px&#8220; global_colors_info=&#8220;{}&#8220;]<span style=\"color: #ffffff;\">:<\/span><br \/>\n<span style=\"color: #ffffff;\">:<\/span><br \/>\n[\/et_pb_text][et_pb_text admin_label=&#8220;Text \u00dcberschrift Kolumne November 2020 Erwerbsunf\u00e4higkeit von Grenzg\u00e4ngern&#8220; _builder_version=&#8220;4.16&#8243; z_index_tablet=&#8220;500&#8243; text_text_shadow_horizontal_length_tablet=&#8220;0px&#8220; text_text_shadow_vertical_length_tablet=&#8220;0px&#8220; text_text_shadow_blur_strength_tablet=&#8220;1px&#8220; link_text_shadow_horizontal_length_tablet=&#8220;0px&#8220; link_text_shadow_vertical_length_tablet=&#8220;0px&#8220; link_text_shadow_blur_strength_tablet=&#8220;1px&#8220; ul_text_shadow_horizontal_length_tablet=&#8220;0px&#8220; ul_text_shadow_vertical_length_tablet=&#8220;0px&#8220; ul_text_shadow_blur_strength_tablet=&#8220;1px&#8220; ol_text_shadow_horizontal_length_tablet=&#8220;0px&#8220; ol_text_shadow_vertical_length_tablet=&#8220;0px&#8220; ol_text_shadow_blur_strength_tablet=&#8220;1px&#8220; quote_text_shadow_horizontal_length_tablet=&#8220;0px&#8220; quote_text_shadow_vertical_length_tablet=&#8220;0px&#8220; quote_text_shadow_blur_strength_tablet=&#8220;1px&#8220; header_text_shadow_horizontal_length_tablet=&#8220;0px&#8220; header_text_shadow_vertical_length_tablet=&#8220;0px&#8220; header_text_shadow_blur_strength_tablet=&#8220;1px&#8220; header_2_text_shadow_horizontal_length_tablet=&#8220;0px&#8220; header_2_text_shadow_vertical_length_tablet=&#8220;0px&#8220; header_2_text_shadow_blur_strength_tablet=&#8220;1px&#8220; header_3_text_shadow_horizontal_length_tablet=&#8220;0px&#8220; header_3_text_shadow_vertical_length_tablet=&#8220;0px&#8220; header_3_text_shadow_blur_strength_tablet=&#8220;1px&#8220; header_4_text_shadow_horizontal_length_tablet=&#8220;0px&#8220; header_4_text_shadow_vertical_length_tablet=&#8220;0px&#8220; header_4_text_shadow_blur_strength_tablet=&#8220;1px&#8220; header_5_text_shadow_horizontal_length_tablet=&#8220;0px&#8220; header_5_text_shadow_vertical_length_tablet=&#8220;0px&#8220; header_5_text_shadow_blur_strength_tablet=&#8220;1px&#8220; header_6_text_shadow_horizontal_length_tablet=&#8220;0px&#8220; header_6_text_shadow_vertical_length_tablet=&#8220;0px&#8220; header_6_text_shadow_blur_strength_tablet=&#8220;1px&#8220; box_shadow_horizontal_tablet=&#8220;0px&#8220; box_shadow_vertical_tablet=&#8220;0px&#8220; box_shadow_blur_tablet=&#8220;40px&#8220; box_shadow_spread_tablet=&#8220;0px&#8220; global_colors_info=&#8220;{}&#8220;]<\/p>\n<h3>Kolumne November: Erwerbsunf\u00e4higkeit von Grenzg\u00e4ngern<\/h3>\n<p>[\/et_pb_text][et_pb_text admin_label=&#8220;Text Kolumne November 2020 Erwerbsunf\u00e4higkeit von Grenzg\u00e4ngern&#8220; _builder_version=&#8220;4.16&#8243; z_index_tablet=&#8220;500&#8243; text_text_shadow_horizontal_length_tablet=&#8220;0px&#8220; text_text_shadow_vertical_length_tablet=&#8220;0px&#8220; text_text_shadow_blur_strength_tablet=&#8220;1px&#8220; link_text_shadow_horizontal_length_tablet=&#8220;0px&#8220; link_text_shadow_vertical_length_tablet=&#8220;0px&#8220; link_text_shadow_blur_strength_tablet=&#8220;1px&#8220; ul_text_shadow_horizontal_length_tablet=&#8220;0px&#8220; ul_text_shadow_vertical_length_tablet=&#8220;0px&#8220; ul_text_shadow_blur_strength_tablet=&#8220;1px&#8220; ol_text_shadow_horizontal_length_tablet=&#8220;0px&#8220; ol_text_shadow_vertical_length_tablet=&#8220;0px&#8220; ol_text_shadow_blur_strength_tablet=&#8220;1px&#8220; quote_text_shadow_horizontal_length_tablet=&#8220;0px&#8220; quote_text_shadow_vertical_length_tablet=&#8220;0px&#8220; quote_text_shadow_blur_strength_tablet=&#8220;1px&#8220; header_text_shadow_horizontal_length_tablet=&#8220;0px&#8220; header_text_shadow_vertical_length_tablet=&#8220;0px&#8220; header_text_shadow_blur_strength_tablet=&#8220;1px&#8220; header_2_text_shadow_horizontal_length_tablet=&#8220;0px&#8220; header_2_text_shadow_vertical_length_tablet=&#8220;0px&#8220; header_2_text_shadow_blur_strength_tablet=&#8220;1px&#8220; header_3_text_shadow_horizontal_length_tablet=&#8220;0px&#8220; header_3_text_shadow_vertical_length_tablet=&#8220;0px&#8220; header_3_text_shadow_blur_strength_tablet=&#8220;1px&#8220; header_4_text_shadow_horizontal_length_tablet=&#8220;0px&#8220; header_4_text_shadow_vertical_length_tablet=&#8220;0px&#8220; header_4_text_shadow_blur_strength_tablet=&#8220;1px&#8220; header_5_text_shadow_horizontal_length_tablet=&#8220;0px&#8220; header_5_text_shadow_vertical_length_tablet=&#8220;0px&#8220; header_5_text_shadow_blur_strength_tablet=&#8220;1px&#8220; header_6_text_shadow_horizontal_length_tablet=&#8220;0px&#8220; header_6_text_shadow_vertical_length_tablet=&#8220;0px&#8220; header_6_text_shadow_blur_strength_tablet=&#8220;1px&#8220; box_shadow_horizontal_tablet=&#8220;0px&#8220; box_shadow_vertical_tablet=&#8220;0px&#8220; box_shadow_blur_tablet=&#8220;40px&#8220; box_shadow_spread_tablet=&#8220;0px&#8220; global_colors_info=&#8220;{}&#8220;]Grenzg\u00e4nger sind in Luxemburg sozialversichert, insbesondere auch in der Rentenversicherung. Hierbei eingeschlossen ist die Invalidenpension.<\/p>\n<p>Beantragt ein Grenzg\u00e4nger wegen Erwerbsunf\u00e4higkeit die Invalidenpension, soll er den Antrag zun\u00e4chst in Deutschland stellen. Aufgrund europaeinheitlicher Regelungen wird der Antrag dann auch direkt ohne weiteres Hinzutun des Grenzg\u00e4ngers in Luxemburg gestellt. Dies bedeutet jedoch nicht, dass er nach der Antragstellung nicht auch noch weiter effektiv aktiv werden muss.<\/p>\n<p>In einem aktuellen Fall hat der Grenzg\u00e4nger nach deutscher Rechtslage die Erwerbsminderungsrente erhalten, weil er nicht mehr als drei Stunden einer m\u00f6glichen Erwerbt\u00e4tigkeit nachgehen kann. Luxemburg kennt jedoch diese Kategorie nicht und fordert eine eigene \u00e4rztliche Begutachtung. Dieser muss dann der Grenzg\u00e4nger gerecht werden. Damit entstehen dann in der Praxis dann auch die Probleme.<\/p>\n<p>Weil die luxemburger Herangehensweise an die Krankheit eine absolut andere ist, sind die Grenzg\u00e4nger meist \u00fcberfordert. Sie denken oft, dass ja alles dann seinen einfachen Weg geht. Dass die Arztberichte noch einmal neu aufbereitet und geordnet an die luxemburger Pensionskasse gesendet werden m\u00fcssen, will den meisten Grenzg\u00e4ngern nicht einleuchten.<\/p>\n<p>Da die Beantragung einer Rente auch nicht von einer Rechtsschutzversicherung getragen wird, lassen sich viele Grenzg\u00e4nger trotz ihrer Notsituation nicht professionell beraten und wursteln so dahin. So kann es dann vorkommen, dass die luxemburger Invalidenpension aus formellen Gr\u00fcnden abgelehnt wird. Ein Neuantrag kann dann erst wieder ein Jahr sp\u00e4ter gestellt werden. So werden dann wertvolle Rentenmonate, also viel Geld leichtfertig vergeudet. Dies muss nicht sein, wenn man sich von Anfang an professionell dabei begleiten l\u00e4sst.<\/p>\n<p>Zwar bieten auch die luxemburger Gewerkschaften diese Leistungen an. Diese arbeiten nach deutschem Ma\u00dfstab aber nicht wie es ein Anwalt gew\u00f6hnlich tut. Jedenfalls h\u00f6rt man von erheblichen Kommunikationsschwierigkeiten. Die Grenzg\u00e4nger f\u00fchlen sich nicht informiert. Insofern haben die Leistungen der Gewerkschaften auch ihre nat\u00fcrlichen Grenzen, denn f\u00fcr den Mitgliedsbeitrag von rund 200,00 Euro kann man eben keine professionelle Betreuung in einem Rechtsverfahren erwarten, zumindest nicht bei komplexen Verfahren, in denen es um \u00e4rztliche Begutachtung im Sozialrecht geht. Vers\u00e4umt ein Anwalt Rechtsmittelfristen oder ber\u00e4t er falsch, haftet er daf\u00fcr. Bei der Gewerkschaft erntet man nur ein Schulterzucken.<br \/>\n[\/et_pb_text][\/et_pb_column][et_pb_column type=&#8220;1_3&#8243; _builder_version=&#8220;4.16&#8243; background_position=&#8220;top_left&#8220; custom_padding=&#8220;0px|0px|0px|&#8220; global_colors_info=&#8220;{}&#8220; custom_padding__hover=&#8220;|||&#8220;][et_pb_text admin_label=&#8220;Text Abstandshalter&#8220; _builder_version=&#8220;4.16&#8243; custom_margin=&#8220;0px|0px|0px|0px&#8220; custom_padding=&#8220;0px|0px|0px|0px&#8220; locked=&#8220;off&#8220; global_colors_info=&#8220;{}&#8220;]<span style=\"color: #ffffff;\">:<\/span><br \/>\n<span style=\"color: #ffffff;\">:<\/span><br \/>\n[\/et_pb_text][et_pb_image src=&#8220;https:\/\/wonnebauer.de\/site\/wp-content\/uploads\/2018\/06\/Wonnebauer_trierischer_volksfreund_index.jpg&#8220; align_tablet=&#8220;center&#8220; align_phone=&#8220;&#8220; align_last_edited=&#8220;on|desktop&#8220; admin_label=&#8220;Bild Wonnebauer_trierischer_volksfreund_index&#8220; _builder_version=&#8220;4.16&#8243; custom_margin=&#8220;||0px|&#8220; global_colors_info=&#8220;{}&#8220;][\/et_pb_image][\/et_pb_column][\/et_pb_row][et_pb_row column_structure=&#8220;2_3,1_3&#8243; _builder_version=&#8220;4.16&#8243; global_colors_info=&#8220;{}&#8220;][et_pb_column type=&#8220;2_3&#8243; _builder_version=&#8220;4.16&#8243; background_position=&#8220;top_left&#8220; custom_padding=&#8220;0px|0px|0px|0px&#8220; global_colors_info=&#8220;{}&#8220; custom_padding__hover=&#8220;|||&#8220;][et_pb_text admin_label=&#8220;Text Abstandshalter&#8220; _builder_version=&#8220;4.16&#8243; custom_margin=&#8220;0px|0px|0px|0px&#8220; custom_padding=&#8220;0px|0px|0px|0px&#8220; global_colors_info=&#8220;{}&#8220;]<span style=\"color: #ffffff;\">:<\/span><br \/>\n<span style=\"color: #ffffff;\">:<\/span><br \/>\n[\/et_pb_text][et_pb_text admin_label=&#8220;Text \u00dcberschrift Kolumne Oktober N\u00e4chstes Jahr keine gro\u00dfe Steuerreform und Fristen der alten Steuerreform&#8220; _builder_version=&#8220;4.16&#8243; z_index_tablet=&#8220;500&#8243; text_text_shadow_horizontal_length_tablet=&#8220;0px&#8220; text_text_shadow_vertical_length_tablet=&#8220;0px&#8220; text_text_shadow_blur_strength_tablet=&#8220;1px&#8220; link_text_shadow_horizontal_length_tablet=&#8220;0px&#8220; link_text_shadow_vertical_length_tablet=&#8220;0px&#8220; link_text_shadow_blur_strength_tablet=&#8220;1px&#8220; ul_text_shadow_horizontal_length_tablet=&#8220;0px&#8220; ul_text_shadow_vertical_length_tablet=&#8220;0px&#8220; ul_text_shadow_blur_strength_tablet=&#8220;1px&#8220; ol_text_shadow_horizontal_length_tablet=&#8220;0px&#8220; ol_text_shadow_vertical_length_tablet=&#8220;0px&#8220; ol_text_shadow_blur_strength_tablet=&#8220;1px&#8220; quote_text_shadow_horizontal_length_tablet=&#8220;0px&#8220; quote_text_shadow_vertical_length_tablet=&#8220;0px&#8220; quote_text_shadow_blur_strength_tablet=&#8220;1px&#8220; header_text_shadow_horizontal_length_tablet=&#8220;0px&#8220; header_text_shadow_vertical_length_tablet=&#8220;0px&#8220; header_text_shadow_blur_strength_tablet=&#8220;1px&#8220; header_2_text_shadow_horizontal_length_tablet=&#8220;0px&#8220; header_2_text_shadow_vertical_length_tablet=&#8220;0px&#8220; header_2_text_shadow_blur_strength_tablet=&#8220;1px&#8220; header_3_text_shadow_horizontal_length_tablet=&#8220;0px&#8220; header_3_text_shadow_vertical_length_tablet=&#8220;0px&#8220; header_3_text_shadow_blur_strength_tablet=&#8220;1px&#8220; header_4_text_shadow_horizontal_length_tablet=&#8220;0px&#8220; header_4_text_shadow_vertical_length_tablet=&#8220;0px&#8220; header_4_text_shadow_blur_strength_tablet=&#8220;1px&#8220; header_5_text_shadow_horizontal_length_tablet=&#8220;0px&#8220; header_5_text_shadow_vertical_length_tablet=&#8220;0px&#8220; header_5_text_shadow_blur_strength_tablet=&#8220;1px&#8220; header_6_text_shadow_horizontal_length_tablet=&#8220;0px&#8220; header_6_text_shadow_vertical_length_tablet=&#8220;0px&#8220; header_6_text_shadow_blur_strength_tablet=&#8220;1px&#8220; box_shadow_horizontal_tablet=&#8220;0px&#8220; box_shadow_vertical_tablet=&#8220;0px&#8220; box_shadow_blur_tablet=&#8220;40px&#8220; box_shadow_spread_tablet=&#8220;0px&#8220; global_colors_info=&#8220;{}&#8220;]<\/p>\n<h3>Kolumne Oktober:\u00a0N\u00e4chstes Jahr keine gro\u00dfe Steuerreform und Fristen der alten Steuerreform<\/h3>\n<h3><strong>\u00a0<\/strong><\/h3>\n<p>[\/et_pb_text][et_pb_text admin_label=&#8220;Text Kolumne Oktober: N\u00e4chstes Jahr keine gro\u00dfe Steuerreform und Fristen der alten Steuerreform&#8220; _builder_version=&#8220;4.16&#8243; z_index_tablet=&#8220;500&#8243; text_text_shadow_horizontal_length_tablet=&#8220;0px&#8220; text_text_shadow_vertical_length_tablet=&#8220;0px&#8220; text_text_shadow_blur_strength_tablet=&#8220;1px&#8220; link_text_shadow_horizontal_length_tablet=&#8220;0px&#8220; link_text_shadow_vertical_length_tablet=&#8220;0px&#8220; link_text_shadow_blur_strength_tablet=&#8220;1px&#8220; ul_text_shadow_horizontal_length_tablet=&#8220;0px&#8220; ul_text_shadow_vertical_length_tablet=&#8220;0px&#8220; ul_text_shadow_blur_strength_tablet=&#8220;1px&#8220; ol_text_shadow_horizontal_length_tablet=&#8220;0px&#8220; ol_text_shadow_vertical_length_tablet=&#8220;0px&#8220; ol_text_shadow_blur_strength_tablet=&#8220;1px&#8220; quote_text_shadow_horizontal_length_tablet=&#8220;0px&#8220; quote_text_shadow_vertical_length_tablet=&#8220;0px&#8220; quote_text_shadow_blur_strength_tablet=&#8220;1px&#8220; header_text_shadow_horizontal_length_tablet=&#8220;0px&#8220; header_text_shadow_vertical_length_tablet=&#8220;0px&#8220; header_text_shadow_blur_strength_tablet=&#8220;1px&#8220; header_2_text_shadow_horizontal_length_tablet=&#8220;0px&#8220; header_2_text_shadow_vertical_length_tablet=&#8220;0px&#8220; header_2_text_shadow_blur_strength_tablet=&#8220;1px&#8220; header_3_text_shadow_horizontal_length_tablet=&#8220;0px&#8220; header_3_text_shadow_vertical_length_tablet=&#8220;0px&#8220; header_3_text_shadow_blur_strength_tablet=&#8220;1px&#8220; header_4_text_shadow_horizontal_length_tablet=&#8220;0px&#8220; header_4_text_shadow_vertical_length_tablet=&#8220;0px&#8220; header_4_text_shadow_blur_strength_tablet=&#8220;1px&#8220; header_5_text_shadow_horizontal_length_tablet=&#8220;0px&#8220; header_5_text_shadow_vertical_length_tablet=&#8220;0px&#8220; header_5_text_shadow_blur_strength_tablet=&#8220;1px&#8220; header_6_text_shadow_horizontal_length_tablet=&#8220;0px&#8220; header_6_text_shadow_vertical_length_tablet=&#8220;0px&#8220; header_6_text_shadow_blur_strength_tablet=&#8220;1px&#8220; box_shadow_horizontal_tablet=&#8220;0px&#8220; box_shadow_vertical_tablet=&#8220;0px&#8220; box_shadow_blur_tablet=&#8220;40px&#8220; box_shadow_spread_tablet=&#8220;0px&#8220; global_colors_info=&#8220;{}&#8220;]Die luxemburgische Regierung hat sich aufgrund der Corona-Krise entschieden, die zun\u00e4chst angedachte gro\u00dfe Steuerreform zu verschieben.<br \/>\nInsbesondere war angedacht gewesen, eine einheitliche Steuerklasse f\u00fcr Verheiratete und Ledige zu schaffen. Aktuell zahlen Ledige beinahe drei Mal so hohe Steuern wie Verheiratete. Insgesamt sollte die Steuerreform dazu f\u00fchren, dass beide Gruppen dennoch entlastet werden. Aufgrund der allgemeinen Krise sei jedoch nicht der Moment f\u00fcr Steuersenkungen, aber auch nicht f\u00fcr Steuererh\u00f6hungen, erkl\u00e4rte Finanzminister Pierre Gramegna k\u00fcrzlich. Nur in Nuancen wir das Steuerrecht dennoch ge\u00e4ndert, was jedoch normale Arbeitnehmer nicht tangiert. Insbesondere sollen Aktien als Lohnbestandteil ab 2021 nicht mehr steuerbeg\u00fcnstigt sein. Dies betrifft aber eher wenige F\u00fchrungskr\u00e4fte.<\/p>\n<p>Noch immer tun sich Grenzg\u00e4nger mit der letzten Steuerreform schwer, insbesondere jene rund 10.000 Grenzg\u00e4nger, die erstmals seit 2018 Steuererkl\u00e4rungen abgeben m\u00fcssen. Wer von der Steuerklasse 2 profitiert hat, muss eine Steuererkl\u00e4rung abgeben, andernfalls werden Strafen von 400 Euro pro Person f\u00e4llig. Dies gilt auch f\u00fcr den Nichtgrenzg\u00e4nger-Ehegatten, da nur mit seiner Mitwirkung die Steuerklasse 2 m\u00f6glich ist. Es ist verpflichtend und sinnvoll die Steuererkl\u00e4rung sp\u00e4testen zum 31.12. des Folgejahres abzugeben, weil andernfalls das Finanzamt die Steuerklasse 1 anwendet und dann Nachzahlungen von mehreren Tausend Euro folgen. Selbst wenn man versp\u00e4tet die Steuererkl\u00e4rung abgibt, verfallen m\u00f6gliche Steuererstattungen, weil die Abgabefrist nicht eingehalten wurde.<br \/>\n[\/et_pb_text][\/et_pb_column][et_pb_column type=&#8220;1_3&#8243; _builder_version=&#8220;4.16&#8243; background_position=&#8220;top_left&#8220; custom_padding=&#8220;0px|0px|0px|&#8220; global_colors_info=&#8220;{}&#8220; custom_padding__hover=&#8220;|||&#8220;][et_pb_text admin_label=&#8220;Text Abstandshalter&#8220; _builder_version=&#8220;4.16&#8243; custom_margin=&#8220;0px|0px|0px|0px&#8220; custom_padding=&#8220;0px|0px|0px|0px&#8220; locked=&#8220;off&#8220; global_colors_info=&#8220;{}&#8220;]<span style=\"color: #ffffff;\">:<\/span><br \/>\n<span style=\"color: #ffffff;\">:<\/span><br \/>\n[\/et_pb_text][et_pb_image src=&#8220;https:\/\/wonnebauer.de\/site\/wp-content\/uploads\/2018\/06\/Wonnebauer_trierischer_volksfreund_index.jpg&#8220; align_tablet=&#8220;center&#8220; align_phone=&#8220;&#8220; align_last_edited=&#8220;on|desktop&#8220; admin_label=&#8220;Bild Wonnebauer_trierischer_volksfreund_index&#8220; _builder_version=&#8220;4.16&#8243; custom_margin=&#8220;||0px|&#8220; global_colors_info=&#8220;{}&#8220;][\/et_pb_image][\/et_pb_column][\/et_pb_row][et_pb_row column_structure=&#8220;2_3,1_3&#8243; _builder_version=&#8220;4.16&#8243; global_colors_info=&#8220;{}&#8220;][et_pb_column type=&#8220;2_3&#8243; _builder_version=&#8220;4.16&#8243; background_position=&#8220;top_left&#8220; custom_padding=&#8220;0px|0px|0px|0px&#8220; global_colors_info=&#8220;{}&#8220; custom_padding__hover=&#8220;|||&#8220;][et_pb_text admin_label=&#8220;Text Abstandshalter&#8220; _builder_version=&#8220;4.16&#8243; custom_margin=&#8220;0px|0px|0px|0px&#8220; custom_padding=&#8220;0px|0px|0px|0px&#8220; global_colors_info=&#8220;{}&#8220;]<span style=\"color: #ffffff;\">:<\/span><br \/>\n<span style=\"color: #ffffff;\">:<\/span><br \/>\n[\/et_pb_text][et_pb_text admin_label=&#8220;Text \u00dcberschrift Kolumne September: Corona-Kinderbonus Nullnummer f\u00fcr Grenzg\u00e4nger&#8220; _builder_version=&#8220;4.16&#8243; z_index_tablet=&#8220;500&#8243; text_text_shadow_horizontal_length_tablet=&#8220;0px&#8220; text_text_shadow_vertical_length_tablet=&#8220;0px&#8220; text_text_shadow_blur_strength_tablet=&#8220;1px&#8220; link_text_shadow_horizontal_length_tablet=&#8220;0px&#8220; link_text_shadow_vertical_length_tablet=&#8220;0px&#8220; link_text_shadow_blur_strength_tablet=&#8220;1px&#8220; ul_text_shadow_horizontal_length_tablet=&#8220;0px&#8220; ul_text_shadow_vertical_length_tablet=&#8220;0px&#8220; ul_text_shadow_blur_strength_tablet=&#8220;1px&#8220; ol_text_shadow_horizontal_length_tablet=&#8220;0px&#8220; ol_text_shadow_vertical_length_tablet=&#8220;0px&#8220; ol_text_shadow_blur_strength_tablet=&#8220;1px&#8220; quote_text_shadow_horizontal_length_tablet=&#8220;0px&#8220; quote_text_shadow_vertical_length_tablet=&#8220;0px&#8220; quote_text_shadow_blur_strength_tablet=&#8220;1px&#8220; header_text_shadow_horizontal_length_tablet=&#8220;0px&#8220; header_text_shadow_vertical_length_tablet=&#8220;0px&#8220; header_text_shadow_blur_strength_tablet=&#8220;1px&#8220; header_2_text_shadow_horizontal_length_tablet=&#8220;0px&#8220; header_2_text_shadow_vertical_length_tablet=&#8220;0px&#8220; header_2_text_shadow_blur_strength_tablet=&#8220;1px&#8220; header_3_text_shadow_horizontal_length_tablet=&#8220;0px&#8220; header_3_text_shadow_vertical_length_tablet=&#8220;0px&#8220; header_3_text_shadow_blur_strength_tablet=&#8220;1px&#8220; header_4_text_shadow_horizontal_length_tablet=&#8220;0px&#8220; header_4_text_shadow_vertical_length_tablet=&#8220;0px&#8220; header_4_text_shadow_blur_strength_tablet=&#8220;1px&#8220; header_5_text_shadow_horizontal_length_tablet=&#8220;0px&#8220; header_5_text_shadow_vertical_length_tablet=&#8220;0px&#8220; header_5_text_shadow_blur_strength_tablet=&#8220;1px&#8220; header_6_text_shadow_horizontal_length_tablet=&#8220;0px&#8220; header_6_text_shadow_vertical_length_tablet=&#8220;0px&#8220; header_6_text_shadow_blur_strength_tablet=&#8220;1px&#8220; box_shadow_horizontal_tablet=&#8220;0px&#8220; box_shadow_vertical_tablet=&#8220;0px&#8220; box_shadow_blur_tablet=&#8220;40px&#8220; box_shadow_spread_tablet=&#8220;0px&#8220; global_colors_info=&#8220;{}&#8220;]<\/p>\n<h3>Kolumne September: Corona-Kinderbonus Nullnummer f\u00fcr Grenzg\u00e4nger<\/h3>\n<h3><strong>\u00a0<\/strong><\/h3>\n<p>[\/et_pb_text][et_pb_text admin_label=&#8220;Text Kolumne September: Corona-Kinderbonus Nullnummer f\u00fcr Grenzg\u00e4nger&#8220; _builder_version=&#8220;4.16&#8243; z_index_tablet=&#8220;500&#8243; text_text_shadow_horizontal_length_tablet=&#8220;0px&#8220; text_text_shadow_vertical_length_tablet=&#8220;0px&#8220; text_text_shadow_blur_strength_tablet=&#8220;1px&#8220; link_text_shadow_horizontal_length_tablet=&#8220;0px&#8220; link_text_shadow_vertical_length_tablet=&#8220;0px&#8220; link_text_shadow_blur_strength_tablet=&#8220;1px&#8220; ul_text_shadow_horizontal_length_tablet=&#8220;0px&#8220; ul_text_shadow_vertical_length_tablet=&#8220;0px&#8220; ul_text_shadow_blur_strength_tablet=&#8220;1px&#8220; ol_text_shadow_horizontal_length_tablet=&#8220;0px&#8220; ol_text_shadow_vertical_length_tablet=&#8220;0px&#8220; ol_text_shadow_blur_strength_tablet=&#8220;1px&#8220; quote_text_shadow_horizontal_length_tablet=&#8220;0px&#8220; quote_text_shadow_vertical_length_tablet=&#8220;0px&#8220; quote_text_shadow_blur_strength_tablet=&#8220;1px&#8220; header_text_shadow_horizontal_length_tablet=&#8220;0px&#8220; header_text_shadow_vertical_length_tablet=&#8220;0px&#8220; header_text_shadow_blur_strength_tablet=&#8220;1px&#8220; header_2_text_shadow_horizontal_length_tablet=&#8220;0px&#8220; header_2_text_shadow_vertical_length_tablet=&#8220;0px&#8220; header_2_text_shadow_blur_strength_tablet=&#8220;1px&#8220; header_3_text_shadow_horizontal_length_tablet=&#8220;0px&#8220; header_3_text_shadow_vertical_length_tablet=&#8220;0px&#8220; header_3_text_shadow_blur_strength_tablet=&#8220;1px&#8220; header_4_text_shadow_horizontal_length_tablet=&#8220;0px&#8220; header_4_text_shadow_vertical_length_tablet=&#8220;0px&#8220; header_4_text_shadow_blur_strength_tablet=&#8220;1px&#8220; header_5_text_shadow_horizontal_length_tablet=&#8220;0px&#8220; header_5_text_shadow_vertical_length_tablet=&#8220;0px&#8220; header_5_text_shadow_blur_strength_tablet=&#8220;1px&#8220; header_6_text_shadow_horizontal_length_tablet=&#8220;0px&#8220; header_6_text_shadow_vertical_length_tablet=&#8220;0px&#8220; header_6_text_shadow_blur_strength_tablet=&#8220;1px&#8220; box_shadow_horizontal_tablet=&#8220;0px&#8220; box_shadow_vertical_tablet=&#8220;0px&#8220; box_shadow_blur_tablet=&#8220;40px&#8220; box_shadow_spread_tablet=&#8220;0px&#8220; global_colors_info=&#8220;{}&#8220;]Die Medien berichten aktuell dar\u00fcber, dass ab dem 7. September 2020 die deutschen Familienkassen mit der Auszahlung des Corona-Kinderbonus beginnen. Vorgesehen sind 300 Euro f\u00fcr jedes Kind als staatliche Krisenpr\u00e4mie zur Unterst\u00fctzung wegen H\u00e4rten aus der Corona-Krise.<\/p>\n<p>Neben der allgemeinen Kritik, dass der Kinderbonus auch Familien zu Gute komme, die finanziell nicht auf ihn angewiesen sind, bem\u00e4ngeln andere Experten in Deutschland, dass unterm Strich von den 300 Euro nicht viel \u00fcbrig bleiben, da im Steuerrecht die G\u00fcnstigerpr\u00fcfung oftmals dazu f\u00fchre, dass der Kinderfreibetrag entfalle.<\/p>\n<p>Grenzg\u00e4nger werden zudem \u00fcberhaupt keinen Vorteil von dem Corona-Kinderbonus bekommen. Denn f\u00fcr sie gilt die EU-Richtlinie f\u00fcr Familienleistungen.<\/p>\n<p>Viele Grenzg\u00e4nger erhalten in Luxemburg ohnehin nur Erg\u00e4nzungsleistungen, das sogenannte Differenzkindergeld. Luxemburg zahlt den Grenzg\u00e4ngern vorrangig Kindergeld. Besteht jedoch ein Kindergeldanspruch auch aus Deutschland, muss Luxemburg nur die Differenz zahlen, weil es im Grundsatz h\u00f6heres Kindergeld gew\u00e4hrt.<\/p>\n<p>Wenn in Deutschland 300 Euro erzielt werden, werden diese in Luxemburg wieder von dem Differenzkindergeld in Abzug gebracht. Grenzg\u00e4nger die ohnehin nur luxemburgischen Kindergeldanspruch haben und keinen deutschen, erhalten schon vom Grundsatz her keinen Corona-Kinderbonus. Denn er kn\u00fcpft an den grunds\u00e4tzlichen Anspruch auf Kindergeld an, der bei vielen Grenzg\u00e4ngern in Deutschland gar nicht besteht. In der Summe verbleibt es beim luxemburgischen Differenzkindergeld, dass in den meisten F\u00e4llen ohnehin viel h\u00f6her ist, als das deutsche Kindergeld, selbst wenn ein Kinderbonus hinzutr\u00e4te.<br \/>\n[\/et_pb_text][\/et_pb_column][et_pb_column type=&#8220;1_3&#8243; _builder_version=&#8220;4.16&#8243; background_position=&#8220;top_left&#8220; custom_padding=&#8220;0px|0px|0px|&#8220; global_colors_info=&#8220;{}&#8220; custom_padding__hover=&#8220;|||&#8220;][et_pb_text admin_label=&#8220;Text Abstandshalter&#8220; _builder_version=&#8220;4.16&#8243; custom_margin=&#8220;0px|0px|0px|0px&#8220; custom_padding=&#8220;0px|0px|0px|0px&#8220; locked=&#8220;off&#8220; global_colors_info=&#8220;{}&#8220;]<span style=\"color: #ffffff;\">:<\/span><br \/>\n<span style=\"color: #ffffff;\">:<\/span><br \/>\n[\/et_pb_text][et_pb_image src=&#8220;https:\/\/wonnebauer.de\/site\/wp-content\/uploads\/2018\/06\/Wonnebauer_trierischer_volksfreund_index.jpg&#8220; align_tablet=&#8220;center&#8220; align_phone=&#8220;&#8220; align_last_edited=&#8220;on|desktop&#8220; admin_label=&#8220;Bild Wonnebauer_trierischer_volksfreund_index&#8220; _builder_version=&#8220;4.16&#8243; custom_margin=&#8220;||0px|&#8220; global_colors_info=&#8220;{}&#8220;][\/et_pb_image][\/et_pb_column][\/et_pb_row][et_pb_row column_structure=&#8220;2_3,1_3&#8243; _builder_version=&#8220;4.16&#8243; global_colors_info=&#8220;{}&#8220;][et_pb_column type=&#8220;2_3&#8243; _builder_version=&#8220;4.16&#8243; background_position=&#8220;top_left&#8220; custom_padding=&#8220;0px|0px|0px|0px&#8220; global_colors_info=&#8220;{}&#8220; custom_padding__hover=&#8220;|||&#8220;][et_pb_text admin_label=&#8220;Text Abstandshalter&#8220; _builder_version=&#8220;4.16&#8243; custom_margin=&#8220;0px|0px|0px|0px&#8220; custom_padding=&#8220;0px|0px|0px|0px&#8220; global_colors_info=&#8220;{}&#8220;]<span style=\"color: #ffffff;\">:<\/span><br \/>\n<span style=\"color: #ffffff;\">:<\/span><br \/>\n[\/et_pb_text][et_pb_text admin_label=&#8220;Text \u00dcberschrift Kolumne August: Steuerpflichten sollten Selbstverwirklichung nicht aufhalten&#8220; _builder_version=&#8220;4.16&#8243; z_index_tablet=&#8220;500&#8243; text_text_shadow_horizontal_length_tablet=&#8220;0px&#8220; text_text_shadow_vertical_length_tablet=&#8220;0px&#8220; text_text_shadow_blur_strength_tablet=&#8220;1px&#8220; link_text_shadow_horizontal_length_tablet=&#8220;0px&#8220; link_text_shadow_vertical_length_tablet=&#8220;0px&#8220; link_text_shadow_blur_strength_tablet=&#8220;1px&#8220; ul_text_shadow_horizontal_length_tablet=&#8220;0px&#8220; ul_text_shadow_vertical_length_tablet=&#8220;0px&#8220; ul_text_shadow_blur_strength_tablet=&#8220;1px&#8220; ol_text_shadow_horizontal_length_tablet=&#8220;0px&#8220; ol_text_shadow_vertical_length_tablet=&#8220;0px&#8220; ol_text_shadow_blur_strength_tablet=&#8220;1px&#8220; quote_text_shadow_horizontal_length_tablet=&#8220;0px&#8220; quote_text_shadow_vertical_length_tablet=&#8220;0px&#8220; quote_text_shadow_blur_strength_tablet=&#8220;1px&#8220; header_text_shadow_horizontal_length_tablet=&#8220;0px&#8220; header_text_shadow_vertical_length_tablet=&#8220;0px&#8220; header_text_shadow_blur_strength_tablet=&#8220;1px&#8220; header_2_text_shadow_horizontal_length_tablet=&#8220;0px&#8220; header_2_text_shadow_vertical_length_tablet=&#8220;0px&#8220; header_2_text_shadow_blur_strength_tablet=&#8220;1px&#8220; header_3_text_shadow_horizontal_length_tablet=&#8220;0px&#8220; header_3_text_shadow_vertical_length_tablet=&#8220;0px&#8220; header_3_text_shadow_blur_strength_tablet=&#8220;1px&#8220; header_4_text_shadow_horizontal_length_tablet=&#8220;0px&#8220; header_4_text_shadow_vertical_length_tablet=&#8220;0px&#8220; header_4_text_shadow_blur_strength_tablet=&#8220;1px&#8220; header_5_text_shadow_horizontal_length_tablet=&#8220;0px&#8220; header_5_text_shadow_vertical_length_tablet=&#8220;0px&#8220; header_5_text_shadow_blur_strength_tablet=&#8220;1px&#8220; header_6_text_shadow_horizontal_length_tablet=&#8220;0px&#8220; header_6_text_shadow_vertical_length_tablet=&#8220;0px&#8220; header_6_text_shadow_blur_strength_tablet=&#8220;1px&#8220; box_shadow_horizontal_tablet=&#8220;0px&#8220; box_shadow_vertical_tablet=&#8220;0px&#8220; box_shadow_blur_tablet=&#8220;40px&#8220; box_shadow_spread_tablet=&#8220;0px&#8220; global_colors_info=&#8220;{}&#8220;]<\/p>\n<h3>Kolumne August: Steuerpflichten sollten Selbstverwirklichung nicht aufhalten<\/h3>\n<h3><strong>\u00a0<\/strong><\/h3>\n<p>[\/et_pb_text][et_pb_text admin_label=&#8220;Text Kolumne August: Steuerpflichten sollten Selbstverwirklichung nicht aufhalten&#8220; _builder_version=&#8220;4.16&#8243; z_index_tablet=&#8220;500&#8243; text_text_shadow_horizontal_length_tablet=&#8220;0px&#8220; text_text_shadow_vertical_length_tablet=&#8220;0px&#8220; text_text_shadow_blur_strength_tablet=&#8220;1px&#8220; link_text_shadow_horizontal_length_tablet=&#8220;0px&#8220; link_text_shadow_vertical_length_tablet=&#8220;0px&#8220; link_text_shadow_blur_strength_tablet=&#8220;1px&#8220; ul_text_shadow_horizontal_length_tablet=&#8220;0px&#8220; ul_text_shadow_vertical_length_tablet=&#8220;0px&#8220; ul_text_shadow_blur_strength_tablet=&#8220;1px&#8220; ol_text_shadow_horizontal_length_tablet=&#8220;0px&#8220; ol_text_shadow_vertical_length_tablet=&#8220;0px&#8220; ol_text_shadow_blur_strength_tablet=&#8220;1px&#8220; quote_text_shadow_horizontal_length_tablet=&#8220;0px&#8220; quote_text_shadow_vertical_length_tablet=&#8220;0px&#8220; quote_text_shadow_blur_strength_tablet=&#8220;1px&#8220; header_text_shadow_horizontal_length_tablet=&#8220;0px&#8220; header_text_shadow_vertical_length_tablet=&#8220;0px&#8220; header_text_shadow_blur_strength_tablet=&#8220;1px&#8220; header_2_text_shadow_horizontal_length_tablet=&#8220;0px&#8220; header_2_text_shadow_vertical_length_tablet=&#8220;0px&#8220; header_2_text_shadow_blur_strength_tablet=&#8220;1px&#8220; header_3_text_shadow_horizontal_length_tablet=&#8220;0px&#8220; header_3_text_shadow_vertical_length_tablet=&#8220;0px&#8220; header_3_text_shadow_blur_strength_tablet=&#8220;1px&#8220; header_4_text_shadow_horizontal_length_tablet=&#8220;0px&#8220; header_4_text_shadow_vertical_length_tablet=&#8220;0px&#8220; header_4_text_shadow_blur_strength_tablet=&#8220;1px&#8220; header_5_text_shadow_horizontal_length_tablet=&#8220;0px&#8220; header_5_text_shadow_vertical_length_tablet=&#8220;0px&#8220; header_5_text_shadow_blur_strength_tablet=&#8220;1px&#8220; header_6_text_shadow_horizontal_length_tablet=&#8220;0px&#8220; header_6_text_shadow_vertical_length_tablet=&#8220;0px&#8220; header_6_text_shadow_blur_strength_tablet=&#8220;1px&#8220; box_shadow_horizontal_tablet=&#8220;0px&#8220; box_shadow_vertical_tablet=&#8220;0px&#8220; box_shadow_blur_tablet=&#8220;40px&#8220; box_shadow_spread_tablet=&#8220;0px&#8220; global_colors_info=&#8220;{}&#8220;]Viele Grenzg\u00e4nger und ihre Ehepartner haben interessante Freizeitbesch\u00e4ftigungen und m\u00f6chten sich darin eigentlich auch beruflich oder nebenberuflich entfalten.<\/p>\n<p>Beispielsweise will die Ehefrau des Grenzg\u00e4ngers, \u00a0nachdem die Kinder gr\u00f6\u00dfer sind, endlich wieder als Sprachdozentin in \u00a0Deutschland einer Teilzeitstelle nachgehen oder der Grenzg\u00e4nger selbst eine nebenberufliche Selbst\u00e4ndigkeit in Deutschland als Handwerker aufnehmen.<\/p>\n<p>Man hat jedoch oft Bedenken, ob dies erhebliche steuerliche oder sozialversicherungsrechtliche Nachteile hat und sich das alles irgendwie nicht lohnt. Fragen in Grenzg\u00e4ngerforen tragen meist dazu bei, dass man weiter verunsichert wird. Viele Grenzg\u00e4nger scheuen dann den Zeitaufwand und die Kosten, sich steuerlich beraten zu lassen. Die Rechtslage bleibt daher oft unklar. Statt seiner Leidenschaft dann offen nachzugehen, wird dies dann allenfalls noch im Verborgenen getan oder gar nicht.<\/p>\n<p>Kurzum:\u00a0 Die Grenzg\u00e4nger sind mit ihrer Situation am Ende unzufrieden und bedauern, dass sie ihren Wunsch nicht erf\u00fcllen k\u00f6nnen.<\/p>\n<p>Wie macht man es denn richtig? Ein kl\u00e4rendes Beratungsgespr\u00e4ch bei einem auf Grenzg\u00e4ngerrecht spezialisierten Rechtsanwalt f\u00fchrt zun\u00e4chst dazu, dass man erf\u00e4hrt, wie die Rechtslage ist. Bestenfalls erf\u00e4hrt man so auch die Kosten und Honorare, die anfallen, wenn man seinen Plan in die Tat umsetzt.<\/p>\n<p>Das Ergebnis wird erfahrungsgem\u00e4\u00df so sein, dass es in den meisten F\u00e4llen am Ende eine \u00dcberraschung dahingehend gibt, dass der Aufwand \u00a0gar nicht so gro\u00df ist, wie die Ger\u00fcchtek\u00fcche vermeldet. Es fallen eventuell also Steuern und sonstige Kosten an, daf\u00fcr sollte am Ende aber auch ein Gewinn vorhanden sein. Das darf man nicht als Hindernis ansehen, sondern als Normalfall.<\/p>\n<p>Aus Beratersicht ergibt sich oft ein unn\u00f6tiges Trauerspiel bei den Grenzg\u00e4ngern allein daraus, weil man scheut, professionelle Beratung einzuholen.<\/p>\n<p>Es gibt tats\u00e4chlich zu jedem Problem eine L\u00f6sung und es gibt tats\u00e4chlich zu jeder L\u00f6sung einen Berater. Man muss ihn nur suchen. In Foren und Chats ist dies jedoch der falsche Platz, da hier Laien ihre \u00c4ngste potenzieren.<br \/>\n[\/et_pb_text][\/et_pb_column][et_pb_column type=&#8220;1_3&#8243; _builder_version=&#8220;4.16&#8243; background_position=&#8220;top_left&#8220; custom_padding=&#8220;0px|0px|0px|&#8220; global_colors_info=&#8220;{}&#8220; custom_padding__hover=&#8220;|||&#8220;][et_pb_text admin_label=&#8220;Text Abstandshalter&#8220; _builder_version=&#8220;4.16&#8243; custom_margin=&#8220;0px|0px|0px|0px&#8220; custom_padding=&#8220;0px|0px|0px|0px&#8220; locked=&#8220;off&#8220; global_colors_info=&#8220;{}&#8220;]<span style=\"color: #ffffff;\">:<\/span><br \/>\n<span style=\"color: #ffffff;\">:<\/span><br \/>\n[\/et_pb_text][et_pb_image src=&#8220;https:\/\/wonnebauer.de\/site\/wp-content\/uploads\/2018\/06\/Wonnebauer_trierischer_volksfreund_index.jpg&#8220; align_tablet=&#8220;center&#8220; align_phone=&#8220;&#8220; align_last_edited=&#8220;on|desktop&#8220; admin_label=&#8220;Bild Wonnebauer_trierischer_volksfreund_index&#8220; _builder_version=&#8220;4.16&#8243; custom_margin=&#8220;||0px|&#8220; global_colors_info=&#8220;{}&#8220;][\/et_pb_image][\/et_pb_column][\/et_pb_row][et_pb_row column_structure=&#8220;2_3,1_3&#8243; _builder_version=&#8220;4.16&#8243; global_colors_info=&#8220;{}&#8220;][et_pb_column type=&#8220;2_3&#8243; _builder_version=&#8220;4.16&#8243; background_position=&#8220;top_left&#8220; custom_padding=&#8220;0px|0px|0px|0px&#8220; global_colors_info=&#8220;{}&#8220; custom_padding__hover=&#8220;|||&#8220;][et_pb_text admin_label=&#8220;Text Abstandshalter&#8220; _builder_version=&#8220;4.16&#8243; custom_margin=&#8220;0px|0px|0px|0px&#8220; custom_padding=&#8220;0px|0px|0px|0px&#8220; global_colors_info=&#8220;{}&#8220;]<span style=\"color: #ffffff;\">:<\/span><br \/>\n<span style=\"color: #ffffff;\">:<\/span><br \/>\n[\/et_pb_text][et_pb_text admin_label=&#8220;Text \u00dcberschrift Kolumne Juli: Grenzg\u00e4ngern droht Ungemach durch Barmer Krankenkasse &#8220; _builder_version=&#8220;4.16&#8243; z_index_tablet=&#8220;500&#8243; text_text_shadow_horizontal_length_tablet=&#8220;0px&#8220; text_text_shadow_vertical_length_tablet=&#8220;0px&#8220; text_text_shadow_blur_strength_tablet=&#8220;1px&#8220; link_text_shadow_horizontal_length_tablet=&#8220;0px&#8220; link_text_shadow_vertical_length_tablet=&#8220;0px&#8220; link_text_shadow_blur_strength_tablet=&#8220;1px&#8220; ul_text_shadow_horizontal_length_tablet=&#8220;0px&#8220; ul_text_shadow_vertical_length_tablet=&#8220;0px&#8220; ul_text_shadow_blur_strength_tablet=&#8220;1px&#8220; ol_text_shadow_horizontal_length_tablet=&#8220;0px&#8220; ol_text_shadow_vertical_length_tablet=&#8220;0px&#8220; ol_text_shadow_blur_strength_tablet=&#8220;1px&#8220; quote_text_shadow_horizontal_length_tablet=&#8220;0px&#8220; quote_text_shadow_vertical_length_tablet=&#8220;0px&#8220; quote_text_shadow_blur_strength_tablet=&#8220;1px&#8220; header_text_shadow_horizontal_length_tablet=&#8220;0px&#8220; header_text_shadow_vertical_length_tablet=&#8220;0px&#8220; header_text_shadow_blur_strength_tablet=&#8220;1px&#8220; header_2_text_shadow_horizontal_length_tablet=&#8220;0px&#8220; header_2_text_shadow_vertical_length_tablet=&#8220;0px&#8220; header_2_text_shadow_blur_strength_tablet=&#8220;1px&#8220; header_3_text_shadow_horizontal_length_tablet=&#8220;0px&#8220; header_3_text_shadow_vertical_length_tablet=&#8220;0px&#8220; header_3_text_shadow_blur_strength_tablet=&#8220;1px&#8220; header_4_text_shadow_horizontal_length_tablet=&#8220;0px&#8220; header_4_text_shadow_vertical_length_tablet=&#8220;0px&#8220; header_4_text_shadow_blur_strength_tablet=&#8220;1px&#8220; header_5_text_shadow_horizontal_length_tablet=&#8220;0px&#8220; header_5_text_shadow_vertical_length_tablet=&#8220;0px&#8220; header_5_text_shadow_blur_strength_tablet=&#8220;1px&#8220; header_6_text_shadow_horizontal_length_tablet=&#8220;0px&#8220; header_6_text_shadow_vertical_length_tablet=&#8220;0px&#8220; header_6_text_shadow_blur_strength_tablet=&#8220;1px&#8220; box_shadow_horizontal_tablet=&#8220;0px&#8220; box_shadow_vertical_tablet=&#8220;0px&#8220; box_shadow_blur_tablet=&#8220;40px&#8220; box_shadow_spread_tablet=&#8220;0px&#8220; global_colors_info=&#8220;{}&#8220;]<\/p>\n<h3>Kolumne Juli: Grenzg\u00e4ngern droht Ungemach durch Barmer Krankenkasse<\/h3>\n<h3><strong>\u00a0<\/strong><\/h3>\n<p>[\/et_pb_text][et_pb_text admin_label=&#8220;Text Kolumne Juli: Grenzg\u00e4ngern droht Ungemach durch Barmer Krankenkasse &#8220; _builder_version=&#8220;4.16&#8243; z_index_tablet=&#8220;500&#8243; text_text_shadow_horizontal_length_tablet=&#8220;0px&#8220; text_text_shadow_vertical_length_tablet=&#8220;0px&#8220; text_text_shadow_blur_strength_tablet=&#8220;1px&#8220; link_text_shadow_horizontal_length_tablet=&#8220;0px&#8220; link_text_shadow_vertical_length_tablet=&#8220;0px&#8220; link_text_shadow_blur_strength_tablet=&#8220;1px&#8220; ul_text_shadow_horizontal_length_tablet=&#8220;0px&#8220; ul_text_shadow_vertical_length_tablet=&#8220;0px&#8220; ul_text_shadow_blur_strength_tablet=&#8220;1px&#8220; ol_text_shadow_horizontal_length_tablet=&#8220;0px&#8220; ol_text_shadow_vertical_length_tablet=&#8220;0px&#8220; ol_text_shadow_blur_strength_tablet=&#8220;1px&#8220; quote_text_shadow_horizontal_length_tablet=&#8220;0px&#8220; quote_text_shadow_vertical_length_tablet=&#8220;0px&#8220; quote_text_shadow_blur_strength_tablet=&#8220;1px&#8220; header_text_shadow_horizontal_length_tablet=&#8220;0px&#8220; header_text_shadow_vertical_length_tablet=&#8220;0px&#8220; header_text_shadow_blur_strength_tablet=&#8220;1px&#8220; header_2_text_shadow_horizontal_length_tablet=&#8220;0px&#8220; header_2_text_shadow_vertical_length_tablet=&#8220;0px&#8220; header_2_text_shadow_blur_strength_tablet=&#8220;1px&#8220; header_3_text_shadow_horizontal_length_tablet=&#8220;0px&#8220; header_3_text_shadow_vertical_length_tablet=&#8220;0px&#8220; header_3_text_shadow_blur_strength_tablet=&#8220;1px&#8220; header_4_text_shadow_horizontal_length_tablet=&#8220;0px&#8220; header_4_text_shadow_vertical_length_tablet=&#8220;0px&#8220; header_4_text_shadow_blur_strength_tablet=&#8220;1px&#8220; header_5_text_shadow_horizontal_length_tablet=&#8220;0px&#8220; header_5_text_shadow_vertical_length_tablet=&#8220;0px&#8220; header_5_text_shadow_blur_strength_tablet=&#8220;1px&#8220; header_6_text_shadow_horizontal_length_tablet=&#8220;0px&#8220; header_6_text_shadow_vertical_length_tablet=&#8220;0px&#8220; header_6_text_shadow_blur_strength_tablet=&#8220;1px&#8220; box_shadow_horizontal_tablet=&#8220;0px&#8220; box_shadow_vertical_tablet=&#8220;0px&#8220; box_shadow_blur_tablet=&#8220;40px&#8220; box_shadow_spread_tablet=&#8220;0px&#8220; global_colors_info=&#8220;{}&#8220;]Grenzg\u00e4nger, die bei der Barmer Krankenkasse versichert sind, haben ein Problem:<\/p>\n<p>Die Barmer wendet jetzt die EU-Richtlinie 883\/04 strenger an. Hierbei passieren nat\u00fcrlich auch Fehler.<\/p>\n<p>Kinder und Ehegatten von Grenzg\u00e4ngern, die bislang familienversichert waren, m\u00fcssen sich selbst versichern, wenn sie Eink\u00fcnfte haben.<\/p>\n<p>Hierzu z\u00e4hlen auch Jugendliche, die beispielsweise Eink\u00fcnfte aus Trainert\u00e4tigkeiten erzielen. Auch Kapitaleink\u00fcnfte sollen hierzu z\u00e4hlen.<\/p>\n<p>Die bisher geltenden H\u00f6chstverdienstgrenzen will die Barmer n\u00e4mlich nicht mehr auf Angeh\u00f6rige von Grenzg\u00e4ngern anwenden.<\/p>\n<p>Von anderen Krankenkassen ist dieses Prozedere noch nicht bekannt.<\/p>\n<p>Es herrscht allgemeine Panik, ob nun alle Krankenkassen so vorgehen.<\/p>\n<p>Grunds\u00e4tzlich stellt sich die Frage, ob dieses Vorgehen \u00fcberhaupt rechtm\u00e4\u00dfig ist. Krankenkassen neigen gerne dazu, ihre Kassen zu f\u00fcllen und einfach einmal die Rechtm\u00e4\u00dfigkeit ihrer Interpretation zu behaupten. Erfahrungsgem\u00e4\u00df gibt es Krankenkassen, die dies dann auch bis zur letzten Instanz durchfechten, um eine Pr\u00e4zedenzentscheidung eines h\u00f6chsten Gerichtes zu erzielen.<\/p>\n<p>Europarechtlich scheint dieses Vorgehen jedoch nicht eindeutig zu sein, da die Barmer hier als einzige Krankenkasse vorprescht. Denn nach dem Sinn und Zweck des Europarechts darf es auch keine Schlechterstellung gegen\u00fcber nationalen Sachverhalten geben. Angeh\u00f6rige von Grenzg\u00e4ngern w\u00fcrden jedoch schlechter gestellt, wenn die bislang geltenden Freigrenzen nun auf einmal nicht mehr gelten w\u00fcrden.<br \/>\n[\/et_pb_text][\/et_pb_column][et_pb_column type=&#8220;1_3&#8243; _builder_version=&#8220;4.16&#8243; background_position=&#8220;top_left&#8220; custom_padding=&#8220;0px|0px|0px|&#8220; global_colors_info=&#8220;{}&#8220; custom_padding__hover=&#8220;|||&#8220;][et_pb_text admin_label=&#8220;Text Abstandshalter&#8220; _builder_version=&#8220;4.16&#8243; custom_margin=&#8220;0px|0px|0px|0px&#8220; custom_padding=&#8220;0px|0px|0px|0px&#8220; locked=&#8220;off&#8220; global_colors_info=&#8220;{}&#8220;]<span style=\"color: #ffffff;\">:<\/span><br \/>\n<span style=\"color: #ffffff;\">:<\/span><br \/>\n[\/et_pb_text][et_pb_image src=&#8220;https:\/\/wonnebauer.de\/site\/wp-content\/uploads\/2018\/06\/Wonnebauer_trierischer_volksfreund_index.jpg&#8220; align_tablet=&#8220;center&#8220; align_phone=&#8220;&#8220; align_last_edited=&#8220;on|desktop&#8220; admin_label=&#8220;Bild Wonnebauer_trierischer_volksfreund_index&#8220; _builder_version=&#8220;4.16&#8243; custom_margin=&#8220;||0px|&#8220; global_colors_info=&#8220;{}&#8220;][\/et_pb_image][\/et_pb_column][\/et_pb_row][et_pb_row column_structure=&#8220;2_3,1_3&#8243; _builder_version=&#8220;4.16&#8243; global_colors_info=&#8220;{}&#8220;][et_pb_column type=&#8220;2_3&#8243; _builder_version=&#8220;4.16&#8243; background_position=&#8220;top_left&#8220; custom_padding=&#8220;0px|0px|0px|0px&#8220; global_colors_info=&#8220;{}&#8220; custom_padding__hover=&#8220;|||&#8220;][et_pb_text admin_label=&#8220;Text Abstandshalter&#8220; _builder_version=&#8220;4.16&#8243; custom_margin=&#8220;0px|0px|0px|0px&#8220; custom_padding=&#8220;0px|0px|0px|0px&#8220; global_colors_info=&#8220;{}&#8220;]<span style=\"color: #ffffff;\">:<\/span><br \/>\n<span style=\"color: #ffffff;\">:<\/span><br \/>\n[\/et_pb_text][et_pb_text admin_label=&#8220;Text \u00dcberschrift Kolumne Juni: Rechtsschutzversicherung f\u00fcr Grenzg\u00e4nger&#8220; _builder_version=&#8220;4.16&#8243; z_index_tablet=&#8220;500&#8243; text_text_shadow_horizontal_length_tablet=&#8220;0px&#8220; text_text_shadow_vertical_length_tablet=&#8220;0px&#8220; text_text_shadow_blur_strength_tablet=&#8220;1px&#8220; link_text_shadow_horizontal_length_tablet=&#8220;0px&#8220; link_text_shadow_vertical_length_tablet=&#8220;0px&#8220; link_text_shadow_blur_strength_tablet=&#8220;1px&#8220; ul_text_shadow_horizontal_length_tablet=&#8220;0px&#8220; ul_text_shadow_vertical_length_tablet=&#8220;0px&#8220; ul_text_shadow_blur_strength_tablet=&#8220;1px&#8220; ol_text_shadow_horizontal_length_tablet=&#8220;0px&#8220; ol_text_shadow_vertical_length_tablet=&#8220;0px&#8220; ol_text_shadow_blur_strength_tablet=&#8220;1px&#8220; quote_text_shadow_horizontal_length_tablet=&#8220;0px&#8220; quote_text_shadow_vertical_length_tablet=&#8220;0px&#8220; quote_text_shadow_blur_strength_tablet=&#8220;1px&#8220; header_text_shadow_horizontal_length_tablet=&#8220;0px&#8220; header_text_shadow_vertical_length_tablet=&#8220;0px&#8220; header_text_shadow_blur_strength_tablet=&#8220;1px&#8220; header_2_text_shadow_horizontal_length_tablet=&#8220;0px&#8220; header_2_text_shadow_vertical_length_tablet=&#8220;0px&#8220; header_2_text_shadow_blur_strength_tablet=&#8220;1px&#8220; header_3_text_shadow_horizontal_length_tablet=&#8220;0px&#8220; header_3_text_shadow_vertical_length_tablet=&#8220;0px&#8220; header_3_text_shadow_blur_strength_tablet=&#8220;1px&#8220; header_4_text_shadow_horizontal_length_tablet=&#8220;0px&#8220; header_4_text_shadow_vertical_length_tablet=&#8220;0px&#8220; header_4_text_shadow_blur_strength_tablet=&#8220;1px&#8220; header_5_text_shadow_horizontal_length_tablet=&#8220;0px&#8220; header_5_text_shadow_vertical_length_tablet=&#8220;0px&#8220; header_5_text_shadow_blur_strength_tablet=&#8220;1px&#8220; header_6_text_shadow_horizontal_length_tablet=&#8220;0px&#8220; header_6_text_shadow_vertical_length_tablet=&#8220;0px&#8220; header_6_text_shadow_blur_strength_tablet=&#8220;1px&#8220; box_shadow_horizontal_tablet=&#8220;0px&#8220; box_shadow_vertical_tablet=&#8220;0px&#8220; box_shadow_blur_tablet=&#8220;40px&#8220; box_shadow_spread_tablet=&#8220;0px&#8220; global_colors_info=&#8220;{}&#8220;]<\/p>\n<h3>Kolumne Juni: Rechtsschutzversicherung f\u00fcr Grenzg\u00e4nger<br \/>\n<strong><br \/>\n<\/strong><\/h3>\n<p>[\/et_pb_text][et_pb_text admin_label=&#8220;Text Kolumne Juni: Rechtsschutzversicherung f\u00fcr Grenzg\u00e4nger&#8220; _builder_version=&#8220;4.16&#8243; z_index_tablet=&#8220;500&#8243; text_text_shadow_horizontal_length_tablet=&#8220;0px&#8220; text_text_shadow_vertical_length_tablet=&#8220;0px&#8220; text_text_shadow_blur_strength_tablet=&#8220;1px&#8220; link_text_shadow_horizontal_length_tablet=&#8220;0px&#8220; link_text_shadow_vertical_length_tablet=&#8220;0px&#8220; link_text_shadow_blur_strength_tablet=&#8220;1px&#8220; ul_text_shadow_horizontal_length_tablet=&#8220;0px&#8220; ul_text_shadow_vertical_length_tablet=&#8220;0px&#8220; ul_text_shadow_blur_strength_tablet=&#8220;1px&#8220; ol_text_shadow_horizontal_length_tablet=&#8220;0px&#8220; ol_text_shadow_vertical_length_tablet=&#8220;0px&#8220; ol_text_shadow_blur_strength_tablet=&#8220;1px&#8220; quote_text_shadow_horizontal_length_tablet=&#8220;0px&#8220; quote_text_shadow_vertical_length_tablet=&#8220;0px&#8220; quote_text_shadow_blur_strength_tablet=&#8220;1px&#8220; header_text_shadow_horizontal_length_tablet=&#8220;0px&#8220; header_text_shadow_vertical_length_tablet=&#8220;0px&#8220; header_text_shadow_blur_strength_tablet=&#8220;1px&#8220; header_2_text_shadow_horizontal_length_tablet=&#8220;0px&#8220; header_2_text_shadow_vertical_length_tablet=&#8220;0px&#8220; header_2_text_shadow_blur_strength_tablet=&#8220;1px&#8220; header_3_text_shadow_horizontal_length_tablet=&#8220;0px&#8220; header_3_text_shadow_vertical_length_tablet=&#8220;0px&#8220; header_3_text_shadow_blur_strength_tablet=&#8220;1px&#8220; header_4_text_shadow_horizontal_length_tablet=&#8220;0px&#8220; header_4_text_shadow_vertical_length_tablet=&#8220;0px&#8220; header_4_text_shadow_blur_strength_tablet=&#8220;1px&#8220; header_5_text_shadow_horizontal_length_tablet=&#8220;0px&#8220; header_5_text_shadow_vertical_length_tablet=&#8220;0px&#8220; header_5_text_shadow_blur_strength_tablet=&#8220;1px&#8220; header_6_text_shadow_horizontal_length_tablet=&#8220;0px&#8220; header_6_text_shadow_vertical_length_tablet=&#8220;0px&#8220; header_6_text_shadow_blur_strength_tablet=&#8220;1px&#8220; box_shadow_horizontal_tablet=&#8220;0px&#8220; box_shadow_vertical_tablet=&#8220;0px&#8220; box_shadow_blur_tablet=&#8220;40px&#8220; box_shadow_spread_tablet=&#8220;0px&#8220; global_colors_info=&#8220;{}&#8220;]In Deutschland ist es \u00fcblich, dass man \u00fcber eine Rechtsschutzversicherung verf\u00fcgt. Allerdings gelten bei Grenzg\u00e4ngern nat\u00fcrlich wieder Ausnahmen.<\/p>\n<p>Gew\u00f6hnlich denkt man, man w\u00e4re in allen Bereichen abgesichert. G\u00e4ngige Rechtsstreitigkeiten in Luxemburg werden gegen das Finanzamt, den Arbeitgeber und die Sozialversicherungen gef\u00fchrt. Gelegentlich haben Grenzg\u00e4nger auch einmal Verkehrsunf\u00e4lle.<\/p>\n<p>Deutsche Rechtsschutzversicherungen haben im Grunde genommen alle dieselben Grundregeln: Ausl\u00e4ndisches Zivilrecht wird \u00fcbernommen, also Arbeitsrecht und Verkehrsunf\u00e4lle.<\/p>\n<p>Viele Rechtsschutzversicherungen verweisen zun\u00e4chst auf eine obligatorische telefonische Beratung, die jedoch in Grenzg\u00e4ngerf\u00e4llen aufgrund des ausl\u00e4ndischen Rechts entf\u00e4llt, sodass man recht schnell an einen luxemburgischen Anwalt verwiesen wird. Manche Rechtsschutzversicherungen geben direkt eine Empfehlung ab. Aufgrund der freien Anwaltswahl ist man hieran jedoch nicht gebunden und kann einen Anwalt seines Vertrauens w\u00e4hlen. Tritt die Rechtsschutzversicherung ein, haben die luxemburgischen Anw\u00e4lte\u00a0 meistens keine Probleme mit der Honorarabrechnung.<\/p>\n<p>Ausl\u00e4ndisches \u00d6ffentliches Recht ist in den Versicherungsbedingungen ausgeschlossen. Hierzu geh\u00f6ren Streitigkeiten gegen das luxemburgische Finanzamt, die Rentenkasse, die Krankenkasse oder sonstige Sozialversicherungsbeh\u00f6rden.<\/p>\n<p>Gibt es keinen Rechtsschutz, schlie\u00dft man mit dem Anwalt am besten eine Honorarvereinbarung. In Luxemburg ist die Abrechnung nach Stundenhonorar \u00fcblich.<\/p>\n<p>Mit einer Vereinbarung vorab l\u00e4sst sich dann das m\u00f6gliche H\u00f6chsthonorar eingrenzen oder eine Pauschale vereinbaren, damit es keine b\u00f6se \u00dcberraschung gibt.<\/p>\n<p>Vielen Grenzg\u00e4ngern ist das alles zu unheimlich und verzichten auf die Wahrnehmung ihrer Rechte, wenn es an den eigenen Geldbeutel geht, zumal es in Luxemburg auch im Falle des Obsiegens keine Erstattung der Anwaltskosten gibt.<\/p>\n<p>In jedem Fall sollte man aber eine Erstberatung wahrnehmen, damit man ruhigen Gewissen eine Entscheidung treffen kann.<br \/>\n[\/et_pb_text][\/et_pb_column][et_pb_column type=&#8220;1_3&#8243; _builder_version=&#8220;4.16&#8243; background_position=&#8220;top_left&#8220; custom_padding=&#8220;0px|0px|0px|&#8220; global_colors_info=&#8220;{}&#8220; custom_padding__hover=&#8220;|||&#8220;][et_pb_text admin_label=&#8220;Text Abstandshalter&#8220; _builder_version=&#8220;4.16&#8243; custom_margin=&#8220;0px|0px|0px|0px&#8220; custom_padding=&#8220;0px|0px|0px|0px&#8220; locked=&#8220;off&#8220; global_colors_info=&#8220;{}&#8220;]<span style=\"color: #ffffff;\">:<\/span><br \/>\n<span style=\"color: #ffffff;\">:<\/span><br \/>\n[\/et_pb_text][et_pb_image src=&#8220;https:\/\/wonnebauer.de\/site\/wp-content\/uploads\/2018\/06\/Wonnebauer_trierischer_volksfreund_index.jpg&#8220; align_tablet=&#8220;center&#8220; align_phone=&#8220;&#8220; align_last_edited=&#8220;on|desktop&#8220; admin_label=&#8220;Bild Wonnebauer_trierischer_volksfreund_index&#8220; _builder_version=&#8220;4.16&#8243; custom_margin=&#8220;||0px|&#8220; global_colors_info=&#8220;{}&#8220;][\/et_pb_image][\/et_pb_column][\/et_pb_row][et_pb_row column_structure=&#8220;2_3,1_3&#8243; _builder_version=&#8220;4.16&#8243; global_colors_info=&#8220;{}&#8220;][et_pb_column type=&#8220;2_3&#8243; _builder_version=&#8220;4.16&#8243; background_position=&#8220;top_left&#8220; custom_padding=&#8220;0px|0px|0px|0px&#8220; global_colors_info=&#8220;{}&#8220; custom_padding__hover=&#8220;|||&#8220;][et_pb_text admin_label=&#8220;Text Abstandshalter&#8220; _builder_version=&#8220;4.16&#8243; custom_margin=&#8220;0px|0px|0px|0px&#8220; custom_padding=&#8220;0px|0px|0px|0px&#8220; global_colors_info=&#8220;{}&#8220;]<span style=\"color: #ffffff;\">:<\/span><br \/>\n<span style=\"color: #ffffff;\">:<\/span><br \/>\n[\/et_pb_text][et_pb_text admin_label=&#8220;Text \u00dcberschrift Kolumne Mai: Rentenrechner ab zweiter Jahresh\u00e4lfte auf guichet.lu&#8220; _builder_version=&#8220;4.16&#8243; z_index_tablet=&#8220;500&#8243; text_text_shadow_horizontal_length_tablet=&#8220;0px&#8220; text_text_shadow_vertical_length_tablet=&#8220;0px&#8220; text_text_shadow_blur_strength_tablet=&#8220;1px&#8220; link_text_shadow_horizontal_length_tablet=&#8220;0px&#8220; link_text_shadow_vertical_length_tablet=&#8220;0px&#8220; link_text_shadow_blur_strength_tablet=&#8220;1px&#8220; ul_text_shadow_horizontal_length_tablet=&#8220;0px&#8220; ul_text_shadow_vertical_length_tablet=&#8220;0px&#8220; ul_text_shadow_blur_strength_tablet=&#8220;1px&#8220; ol_text_shadow_horizontal_length_tablet=&#8220;0px&#8220; ol_text_shadow_vertical_length_tablet=&#8220;0px&#8220; ol_text_shadow_blur_strength_tablet=&#8220;1px&#8220; quote_text_shadow_horizontal_length_tablet=&#8220;0px&#8220; quote_text_shadow_vertical_length_tablet=&#8220;0px&#8220; quote_text_shadow_blur_strength_tablet=&#8220;1px&#8220; header_text_shadow_horizontal_length_tablet=&#8220;0px&#8220; header_text_shadow_vertical_length_tablet=&#8220;0px&#8220; header_text_shadow_blur_strength_tablet=&#8220;1px&#8220; header_2_text_shadow_horizontal_length_tablet=&#8220;0px&#8220; header_2_text_shadow_vertical_length_tablet=&#8220;0px&#8220; header_2_text_shadow_blur_strength_tablet=&#8220;1px&#8220; header_3_text_shadow_horizontal_length_tablet=&#8220;0px&#8220; header_3_text_shadow_vertical_length_tablet=&#8220;0px&#8220; header_3_text_shadow_blur_strength_tablet=&#8220;1px&#8220; header_4_text_shadow_horizontal_length_tablet=&#8220;0px&#8220; header_4_text_shadow_vertical_length_tablet=&#8220;0px&#8220; header_4_text_shadow_blur_strength_tablet=&#8220;1px&#8220; header_5_text_shadow_horizontal_length_tablet=&#8220;0px&#8220; header_5_text_shadow_vertical_length_tablet=&#8220;0px&#8220; header_5_text_shadow_blur_strength_tablet=&#8220;1px&#8220; header_6_text_shadow_horizontal_length_tablet=&#8220;0px&#8220; header_6_text_shadow_vertical_length_tablet=&#8220;0px&#8220; header_6_text_shadow_blur_strength_tablet=&#8220;1px&#8220; box_shadow_horizontal_tablet=&#8220;0px&#8220; box_shadow_vertical_tablet=&#8220;0px&#8220; box_shadow_blur_tablet=&#8220;40px&#8220; box_shadow_spread_tablet=&#8220;0px&#8220; global_colors_info=&#8220;{}&#8220;]<\/p>\n<h3>Kolumne Mai: Rentenrechner ab zweiter Jahresh\u00e4lfte auf guichet.lu<strong><br \/>\n<\/strong><\/h3>\n<p>[\/et_pb_text][et_pb_text admin_label=&#8220;Text Kolumne Mai: Rentenrechner ab zweiter Jahresh\u00e4lfte auf guichet.lu&#8220; _builder_version=&#8220;4.16&#8243; z_index_tablet=&#8220;500&#8243; text_text_shadow_horizontal_length_tablet=&#8220;0px&#8220; text_text_shadow_vertical_length_tablet=&#8220;0px&#8220; text_text_shadow_blur_strength_tablet=&#8220;1px&#8220; link_text_shadow_horizontal_length_tablet=&#8220;0px&#8220; link_text_shadow_vertical_length_tablet=&#8220;0px&#8220; link_text_shadow_blur_strength_tablet=&#8220;1px&#8220; ul_text_shadow_horizontal_length_tablet=&#8220;0px&#8220; ul_text_shadow_vertical_length_tablet=&#8220;0px&#8220; ul_text_shadow_blur_strength_tablet=&#8220;1px&#8220; ol_text_shadow_horizontal_length_tablet=&#8220;0px&#8220; ol_text_shadow_vertical_length_tablet=&#8220;0px&#8220; ol_text_shadow_blur_strength_tablet=&#8220;1px&#8220; quote_text_shadow_horizontal_length_tablet=&#8220;0px&#8220; quote_text_shadow_vertical_length_tablet=&#8220;0px&#8220; quote_text_shadow_blur_strength_tablet=&#8220;1px&#8220; header_text_shadow_horizontal_length_tablet=&#8220;0px&#8220; header_text_shadow_vertical_length_tablet=&#8220;0px&#8220; header_text_shadow_blur_strength_tablet=&#8220;1px&#8220; header_2_text_shadow_horizontal_length_tablet=&#8220;0px&#8220; header_2_text_shadow_vertical_length_tablet=&#8220;0px&#8220; header_2_text_shadow_blur_strength_tablet=&#8220;1px&#8220; header_3_text_shadow_horizontal_length_tablet=&#8220;0px&#8220; header_3_text_shadow_vertical_length_tablet=&#8220;0px&#8220; header_3_text_shadow_blur_strength_tablet=&#8220;1px&#8220; header_4_text_shadow_horizontal_length_tablet=&#8220;0px&#8220; header_4_text_shadow_vertical_length_tablet=&#8220;0px&#8220; header_4_text_shadow_blur_strength_tablet=&#8220;1px&#8220; header_5_text_shadow_horizontal_length_tablet=&#8220;0px&#8220; header_5_text_shadow_vertical_length_tablet=&#8220;0px&#8220; header_5_text_shadow_blur_strength_tablet=&#8220;1px&#8220; header_6_text_shadow_horizontal_length_tablet=&#8220;0px&#8220; header_6_text_shadow_vertical_length_tablet=&#8220;0px&#8220; header_6_text_shadow_blur_strength_tablet=&#8220;1px&#8220; box_shadow_horizontal_tablet=&#8220;0px&#8220; box_shadow_vertical_tablet=&#8220;0px&#8220; box_shadow_blur_tablet=&#8220;40px&#8220; box_shadow_spread_tablet=&#8220;0px&#8220; global_colors_info=&#8220;{}&#8220;]Grenzg\u00e4nger sind nicht nur von dem hohen Gehalt, sondern auch von der sp\u00e4teren hohen Rente fasziniert, wenn sie in Luxemburg eine Arbeit suchen. Allerdings hat man aktuell keinen \u00dcberblick auf die sp\u00e4tere Rentenh\u00f6he. Erst ab dem <strong>55. Lebensjahr<\/strong> erteilt die Rentenkasse CNAP offizielle Ausk\u00fcnfte.<\/p>\n<p>Auch in Scheidungsverfahren spielt die Berechnung der Rentenh\u00f6he eine Rolle. Einen <strong>Versorgungsausgleich<\/strong> gibt es bez\u00fcglich der luxemburgischen Rentenanspr\u00fcche nicht. Hier bedarf es einer privatrechtlichen Berechnung durch einen Gutachter und eine sp\u00e4tere Geltendmachung.<\/p>\n<p>In der Vergangenheit hat die CNAP private Unternehmen nicht unterst\u00fctzt, die eine Rentensoftware entwickeln wollten. Die Details der Berechnung blieben daher lange Zeit geheimnisumwoben.<\/p>\n<p>Jetzt besch\u00e4ftigt sich die Pensionskasse selbst damit, einen Rentenrechner f\u00fcr die Allgemeinheit zu entwickeln, der dann in der zweiten Jahresh\u00e4lfte \u00fcber das <strong>Portal myguichet.lu<\/strong> verf\u00fcgbar sein soll.<\/p>\n<p>Am Anfang wird dieser sicherlich nicht den Komfort haben, den sich manche Nutzer erwarten. Allerdings geben sich doch die meisten Grenzg\u00e4nger ohnehin mit einer Sch\u00e4tzung zufrieden. Dabei sollte klar sein, dass eine Sch\u00e4tzung \u00fcber einen Zeitraum von <strong>mehr als 10 Jahren<\/strong> bis zum Rentenbeginn ohnehin mehr als unrealistisch ist.<\/p>\n<p>Ein Rentenrechner wird jedoch das Bed\u00fcrfnis der Grenzg\u00e4nger befriedigen und weiteren Grenzg\u00e4ngern ein Argument sein, eine Arbeit in Luxemburg aufzunehmen.<br \/>\n[\/et_pb_text][\/et_pb_column][et_pb_column type=&#8220;1_3&#8243; _builder_version=&#8220;4.16&#8243; background_position=&#8220;top_left&#8220; custom_padding=&#8220;0px|0px|0px|&#8220; global_colors_info=&#8220;{}&#8220; custom_padding__hover=&#8220;|||&#8220;][et_pb_text admin_label=&#8220;Text Abstandshalter&#8220; _builder_version=&#8220;4.16&#8243; custom_margin=&#8220;0px|0px|0px|0px&#8220; custom_padding=&#8220;0px|0px|0px|0px&#8220; locked=&#8220;off&#8220; global_colors_info=&#8220;{}&#8220;]<span style=\"color: #ffffff;\">:<\/span><br \/>\n<span style=\"color: #ffffff;\">:<\/span><br \/>\n[\/et_pb_text][et_pb_image src=&#8220;https:\/\/wonnebauer.de\/site\/wp-content\/uploads\/2018\/06\/Wonnebauer_trierischer_volksfreund_index.jpg&#8220; align_tablet=&#8220;center&#8220; align_phone=&#8220;&#8220; align_last_edited=&#8220;on|desktop&#8220; admin_label=&#8220;Bild Wonnebauer_trierischer_volksfreund_index&#8220; _builder_version=&#8220;4.16&#8243; custom_margin=&#8220;||0px|&#8220; global_colors_info=&#8220;{}&#8220;][\/et_pb_image][\/et_pb_column][\/et_pb_row][et_pb_row column_structure=&#8220;2_3,1_3&#8243; _builder_version=&#8220;4.16&#8243; global_colors_info=&#8220;{}&#8220;][et_pb_column type=&#8220;2_3&#8243; _builder_version=&#8220;4.16&#8243; background_position=&#8220;top_left&#8220; custom_padding=&#8220;0px|0px|0px|0px&#8220; global_colors_info=&#8220;{}&#8220; custom_padding__hover=&#8220;|||&#8220;][et_pb_text admin_label=&#8220;Text Abstandshalter&#8220; _builder_version=&#8220;4.16&#8243; custom_margin=&#8220;0px|0px|0px|0px&#8220; custom_padding=&#8220;0px|0px|0px|0px&#8220; global_colors_info=&#8220;{}&#8220;]<span style=\"color: #ffffff;\">:<\/span><br \/>\n<span style=\"color: #ffffff;\">:<\/span><br \/>\n[\/et_pb_text][et_pb_text admin_label=&#8220;Text \u00dcberschrift Kolumne M\u00e4rz: Corona und Homeoffice&#8220; _builder_version=&#8220;4.16&#8243; z_index_tablet=&#8220;500&#8243; text_text_shadow_horizontal_length_tablet=&#8220;0px&#8220; text_text_shadow_vertical_length_tablet=&#8220;0px&#8220; text_text_shadow_blur_strength_tablet=&#8220;1px&#8220; link_text_shadow_horizontal_length_tablet=&#8220;0px&#8220; link_text_shadow_vertical_length_tablet=&#8220;0px&#8220; link_text_shadow_blur_strength_tablet=&#8220;1px&#8220; ul_text_shadow_horizontal_length_tablet=&#8220;0px&#8220; ul_text_shadow_vertical_length_tablet=&#8220;0px&#8220; ul_text_shadow_blur_strength_tablet=&#8220;1px&#8220; ol_text_shadow_horizontal_length_tablet=&#8220;0px&#8220; ol_text_shadow_vertical_length_tablet=&#8220;0px&#8220; ol_text_shadow_blur_strength_tablet=&#8220;1px&#8220; quote_text_shadow_horizontal_length_tablet=&#8220;0px&#8220; quote_text_shadow_vertical_length_tablet=&#8220;0px&#8220; quote_text_shadow_blur_strength_tablet=&#8220;1px&#8220; header_text_shadow_horizontal_length_tablet=&#8220;0px&#8220; header_text_shadow_vertical_length_tablet=&#8220;0px&#8220; header_text_shadow_blur_strength_tablet=&#8220;1px&#8220; header_2_text_shadow_horizontal_length_tablet=&#8220;0px&#8220; header_2_text_shadow_vertical_length_tablet=&#8220;0px&#8220; header_2_text_shadow_blur_strength_tablet=&#8220;1px&#8220; header_3_text_shadow_horizontal_length_tablet=&#8220;0px&#8220; header_3_text_shadow_vertical_length_tablet=&#8220;0px&#8220; header_3_text_shadow_blur_strength_tablet=&#8220;1px&#8220; header_4_text_shadow_horizontal_length_tablet=&#8220;0px&#8220; header_4_text_shadow_vertical_length_tablet=&#8220;0px&#8220; header_4_text_shadow_blur_strength_tablet=&#8220;1px&#8220; header_5_text_shadow_horizontal_length_tablet=&#8220;0px&#8220; header_5_text_shadow_vertical_length_tablet=&#8220;0px&#8220; header_5_text_shadow_blur_strength_tablet=&#8220;1px&#8220; header_6_text_shadow_horizontal_length_tablet=&#8220;0px&#8220; header_6_text_shadow_vertical_length_tablet=&#8220;0px&#8220; header_6_text_shadow_blur_strength_tablet=&#8220;1px&#8220; box_shadow_horizontal_tablet=&#8220;0px&#8220; box_shadow_vertical_tablet=&#8220;0px&#8220; box_shadow_blur_tablet=&#8220;40px&#8220; box_shadow_spread_tablet=&#8220;0px&#8220; global_colors_info=&#8220;{}&#8220;]<\/p>\n<h3>Kolumne April: Hartn\u00e4ckige Irrt\u00fcmer der Grenzg\u00e4nger<strong><br \/>\n<\/strong><\/h3>\n<p>[\/et_pb_text][et_pb_text admin_label=&#8220;Text Kolumne April: 19 Tage Regel und Corona und Ausnahmeregel&#8220; _builder_version=&#8220;4.16&#8243; z_index_tablet=&#8220;500&#8243; text_text_shadow_horizontal_length_tablet=&#8220;0px&#8220; text_text_shadow_vertical_length_tablet=&#8220;0px&#8220; text_text_shadow_blur_strength_tablet=&#8220;1px&#8220; link_text_shadow_horizontal_length_tablet=&#8220;0px&#8220; link_text_shadow_vertical_length_tablet=&#8220;0px&#8220; link_text_shadow_blur_strength_tablet=&#8220;1px&#8220; ul_text_shadow_horizontal_length_tablet=&#8220;0px&#8220; ul_text_shadow_vertical_length_tablet=&#8220;0px&#8220; ul_text_shadow_blur_strength_tablet=&#8220;1px&#8220; ol_text_shadow_horizontal_length_tablet=&#8220;0px&#8220; ol_text_shadow_vertical_length_tablet=&#8220;0px&#8220; ol_text_shadow_blur_strength_tablet=&#8220;1px&#8220; quote_text_shadow_horizontal_length_tablet=&#8220;0px&#8220; quote_text_shadow_vertical_length_tablet=&#8220;0px&#8220; quote_text_shadow_blur_strength_tablet=&#8220;1px&#8220; header_text_shadow_horizontal_length_tablet=&#8220;0px&#8220; header_text_shadow_vertical_length_tablet=&#8220;0px&#8220; header_text_shadow_blur_strength_tablet=&#8220;1px&#8220; header_2_text_shadow_horizontal_length_tablet=&#8220;0px&#8220; header_2_text_shadow_vertical_length_tablet=&#8220;0px&#8220; header_2_text_shadow_blur_strength_tablet=&#8220;1px&#8220; header_3_text_shadow_horizontal_length_tablet=&#8220;0px&#8220; header_3_text_shadow_vertical_length_tablet=&#8220;0px&#8220; header_3_text_shadow_blur_strength_tablet=&#8220;1px&#8220; header_4_text_shadow_horizontal_length_tablet=&#8220;0px&#8220; header_4_text_shadow_vertical_length_tablet=&#8220;0px&#8220; header_4_text_shadow_blur_strength_tablet=&#8220;1px&#8220; header_5_text_shadow_horizontal_length_tablet=&#8220;0px&#8220; header_5_text_shadow_vertical_length_tablet=&#8220;0px&#8220; header_5_text_shadow_blur_strength_tablet=&#8220;1px&#8220; header_6_text_shadow_horizontal_length_tablet=&#8220;0px&#8220; header_6_text_shadow_vertical_length_tablet=&#8220;0px&#8220; header_6_text_shadow_blur_strength_tablet=&#8220;1px&#8220; box_shadow_horizontal_tablet=&#8220;0px&#8220; box_shadow_vertical_tablet=&#8220;0px&#8220; box_shadow_blur_tablet=&#8220;40px&#8220; box_shadow_spread_tablet=&#8220;0px&#8220; global_colors_info=&#8220;{}&#8220;]<\/p>\n<p class=\"initial\">Mit dieser Kolumne m\u00f6chte ich die Diskussion um die Aussetzung der 19-Tageregel aufgreifen.<\/p>\n<p class=\"textohneeinzug\">Der<strong> erste gro\u00dfe Irrtum<\/strong> vieler Grenzg\u00e4nger besteht darin, dass man davon ausgeht, dass die 19-Tageregel grunds\u00e4tzlich zu einem schlechteren <strong>Steuerergebnis<\/strong> f\u00fchrt. Fakt ist, dass in vielen F\u00e4llen die Grenzg\u00e4nger entweder keinen Nachteil oder sogar einen steuerlichen Vorteil haben, wenn sie den Lohn splitten. Dies geht zur\u00fcck auf die unterschiedlichen Bemessungsgrundlagen. Es ist daher h\u00f6chstwahrscheinlich, dass eher 80 Prozent der Grenzg\u00e4nger davon profitieren w\u00fcrden, wenn es keine Ausnahme von der 19-Tage-Regel g\u00e4be.<\/p>\n<p class=\"textohneeinzug\">Die Berechnungen k\u00f6nnen nicht pauschalisiert werden. Wenn man es genau wissen will, muss man praktisch mit einer deutschen und luxemburgischen Steuersoftware den Einzelfall durchrechnen.<\/p>\n<p class=\"textohneeinzug\">Der <strong>zweite Irrtum<\/strong> besteht darin, dass einige Betroffene meinen, sie w\u00e4ren nicht verpflichtet eine Steuererkl\u00e4rung abzugeben, wenn sie unterhalb der 20 Tage bleiben. Gerade bei Auslandssachverhalten besteht sogar eine Pflicht der Grenzg\u00e4nger eine Steuererkl\u00e4rung abzugeben, auch wenn am Ende keine Steuer entsteht. Dass die Finanz\u00e4mter davon in der Praxis absehen, hat eher mit Pragmatismus zu tun.<\/p>\n<p class=\"textohneeinzug\">Der <strong>dritte Irrtum<\/strong> besteht darin, dass mancher davon ausgeht, er m\u00fcsse durch die avisierte Sonderregel erst recht keine Steuererkl\u00e4rung abgeben. Meines Erachtens wird das Gegenteil der Fall sein. Der Aufwand, zu erkl\u00e4ren, dass das Homeoffice nur wegen der Corona-Krise und nicht aus Bequemlichkeit als Arbeitsplatz gew\u00e4hlt wurde, wird aus Gr\u00fcnden der Gleichbehandlung der Steuerzahler vom Finanzamt selbstverst\u00e4ndlich akribisch gepr\u00fcft werden. Ob da eine einfache Arbeitgeberbest\u00e4tigung ausreicht, wird man sehen.<\/p>\n<p class=\"textohneeinzug\">Steuerpflichten sind auch nicht von Gegenleistungen der Grenzg\u00e4nger abh\u00e4ngig, beispielsweise ihr Geld in Deutschland auszugeben, wie der ein oder andere anf\u00fchrt.<\/p>\n<p class=\"textohneeinzug\">Merke: <strong>Wer im Ausland arbeitet, muss sich weitaus h\u00f6heren gesetzlichen Pflichten unterwerfen.<\/strong> Das Pippi Langstrumpf-Prinzip: \u201eIch mache mir die Welt, wie sie mir gef\u00e4llt\u201c gilt hier nicht.<\/p>\n<p>[\/et_pb_text][\/et_pb_column][et_pb_column type=&#8220;1_3&#8243; _builder_version=&#8220;4.16&#8243; background_position=&#8220;top_left&#8220; custom_padding=&#8220;0px|0px|0px|&#8220; global_colors_info=&#8220;{}&#8220; custom_padding__hover=&#8220;|||&#8220;][et_pb_text admin_label=&#8220;Text Abstandshalter&#8220; _builder_version=&#8220;4.16&#8243; custom_margin=&#8220;0px|0px|0px|0px&#8220; custom_padding=&#8220;0px|0px|0px|0px&#8220; locked=&#8220;off&#8220; global_colors_info=&#8220;{}&#8220;]<span style=\"color: #ffffff;\">:<\/span><br \/>\n<span style=\"color: #ffffff;\">:<\/span><br \/>\n[\/et_pb_text][et_pb_image src=&#8220;https:\/\/wonnebauer.de\/site\/wp-content\/uploads\/2018\/06\/Wonnebauer_trierischer_volksfreund_index.jpg&#8220; align_tablet=&#8220;center&#8220; align_phone=&#8220;&#8220; align_last_edited=&#8220;on|desktop&#8220; admin_label=&#8220;Bild Wonnebauer_trierischer_volksfreund_index&#8220; _builder_version=&#8220;4.16&#8243; custom_margin=&#8220;||0px|&#8220; global_colors_info=&#8220;{}&#8220;][\/et_pb_image][\/et_pb_column][\/et_pb_row][et_pb_row column_structure=&#8220;2_3,1_3&#8243; _builder_version=&#8220;4.16&#8243; global_colors_info=&#8220;{}&#8220;][et_pb_column type=&#8220;2_3&#8243; _builder_version=&#8220;4.16&#8243; background_position=&#8220;top_left&#8220; custom_padding=&#8220;0px|0px|0px|0px&#8220; global_colors_info=&#8220;{}&#8220; custom_padding__hover=&#8220;|||&#8220;][et_pb_text admin_label=&#8220;Text Abstandshalter&#8220; _builder_version=&#8220;4.16&#8243; custom_margin=&#8220;0px|0px|0px|0px&#8220; custom_padding=&#8220;0px|0px|0px|0px&#8220; global_colors_info=&#8220;{}&#8220;]<span style=\"color: #ffffff;\">:<\/span><br \/>\n<span style=\"color: #ffffff;\">:<\/span><br \/>\n[\/et_pb_text][et_pb_text admin_label=&#8220;Text \u00dcberschrift Kolumne M\u00e4rz: Corona und Homeoffice&#8220; _builder_version=&#8220;4.16&#8243; z_index_tablet=&#8220;500&#8243; text_text_shadow_horizontal_length_tablet=&#8220;0px&#8220; text_text_shadow_vertical_length_tablet=&#8220;0px&#8220; text_text_shadow_blur_strength_tablet=&#8220;1px&#8220; link_text_shadow_horizontal_length_tablet=&#8220;0px&#8220; link_text_shadow_vertical_length_tablet=&#8220;0px&#8220; link_text_shadow_blur_strength_tablet=&#8220;1px&#8220; ul_text_shadow_horizontal_length_tablet=&#8220;0px&#8220; ul_text_shadow_vertical_length_tablet=&#8220;0px&#8220; ul_text_shadow_blur_strength_tablet=&#8220;1px&#8220; ol_text_shadow_horizontal_length_tablet=&#8220;0px&#8220; ol_text_shadow_vertical_length_tablet=&#8220;0px&#8220; ol_text_shadow_blur_strength_tablet=&#8220;1px&#8220; quote_text_shadow_horizontal_length_tablet=&#8220;0px&#8220; quote_text_shadow_vertical_length_tablet=&#8220;0px&#8220; quote_text_shadow_blur_strength_tablet=&#8220;1px&#8220; header_text_shadow_horizontal_length_tablet=&#8220;0px&#8220; header_text_shadow_vertical_length_tablet=&#8220;0px&#8220; header_text_shadow_blur_strength_tablet=&#8220;1px&#8220; header_2_text_shadow_horizontal_length_tablet=&#8220;0px&#8220; header_2_text_shadow_vertical_length_tablet=&#8220;0px&#8220; header_2_text_shadow_blur_strength_tablet=&#8220;1px&#8220; header_3_text_shadow_horizontal_length_tablet=&#8220;0px&#8220; header_3_text_shadow_vertical_length_tablet=&#8220;0px&#8220; header_3_text_shadow_blur_strength_tablet=&#8220;1px&#8220; header_4_text_shadow_horizontal_length_tablet=&#8220;0px&#8220; header_4_text_shadow_vertical_length_tablet=&#8220;0px&#8220; header_4_text_shadow_blur_strength_tablet=&#8220;1px&#8220; header_5_text_shadow_horizontal_length_tablet=&#8220;0px&#8220; header_5_text_shadow_vertical_length_tablet=&#8220;0px&#8220; header_5_text_shadow_blur_strength_tablet=&#8220;1px&#8220; header_6_text_shadow_horizontal_length_tablet=&#8220;0px&#8220; header_6_text_shadow_vertical_length_tablet=&#8220;0px&#8220; header_6_text_shadow_blur_strength_tablet=&#8220;1px&#8220; box_shadow_horizontal_tablet=&#8220;0px&#8220; box_shadow_vertical_tablet=&#8220;0px&#8220; box_shadow_blur_tablet=&#8220;40px&#8220; box_shadow_spread_tablet=&#8220;0px&#8220; global_colors_info=&#8220;{}&#8220;]<\/p>\n<h3>Kolumne M\u00e4rz: <strong>Corona-Virus und Homeoffice<br \/>\n<\/strong><\/h3>\n<p>[\/et_pb_text][et_pb_text admin_label=&#8220;Text Kolumne M\u00e4rz: Corona und Homeoffice&#8220; _builder_version=&#8220;4.16&#8243; z_index_tablet=&#8220;500&#8243; text_text_shadow_horizontal_length_tablet=&#8220;0px&#8220; text_text_shadow_vertical_length_tablet=&#8220;0px&#8220; text_text_shadow_blur_strength_tablet=&#8220;1px&#8220; link_text_shadow_horizontal_length_tablet=&#8220;0px&#8220; link_text_shadow_vertical_length_tablet=&#8220;0px&#8220; link_text_shadow_blur_strength_tablet=&#8220;1px&#8220; ul_text_shadow_horizontal_length_tablet=&#8220;0px&#8220; ul_text_shadow_vertical_length_tablet=&#8220;0px&#8220; ul_text_shadow_blur_strength_tablet=&#8220;1px&#8220; ol_text_shadow_horizontal_length_tablet=&#8220;0px&#8220; ol_text_shadow_vertical_length_tablet=&#8220;0px&#8220; ol_text_shadow_blur_strength_tablet=&#8220;1px&#8220; quote_text_shadow_horizontal_length_tablet=&#8220;0px&#8220; quote_text_shadow_vertical_length_tablet=&#8220;0px&#8220; quote_text_shadow_blur_strength_tablet=&#8220;1px&#8220; header_text_shadow_horizontal_length_tablet=&#8220;0px&#8220; header_text_shadow_vertical_length_tablet=&#8220;0px&#8220; header_text_shadow_blur_strength_tablet=&#8220;1px&#8220; header_2_text_shadow_horizontal_length_tablet=&#8220;0px&#8220; header_2_text_shadow_vertical_length_tablet=&#8220;0px&#8220; header_2_text_shadow_blur_strength_tablet=&#8220;1px&#8220; header_3_text_shadow_horizontal_length_tablet=&#8220;0px&#8220; header_3_text_shadow_vertical_length_tablet=&#8220;0px&#8220; header_3_text_shadow_blur_strength_tablet=&#8220;1px&#8220; header_4_text_shadow_horizontal_length_tablet=&#8220;0px&#8220; header_4_text_shadow_vertical_length_tablet=&#8220;0px&#8220; header_4_text_shadow_blur_strength_tablet=&#8220;1px&#8220; header_5_text_shadow_horizontal_length_tablet=&#8220;0px&#8220; header_5_text_shadow_vertical_length_tablet=&#8220;0px&#8220; header_5_text_shadow_blur_strength_tablet=&#8220;1px&#8220; header_6_text_shadow_horizontal_length_tablet=&#8220;0px&#8220; header_6_text_shadow_vertical_length_tablet=&#8220;0px&#8220; header_6_text_shadow_blur_strength_tablet=&#8220;1px&#8220; box_shadow_horizontal_tablet=&#8220;0px&#8220; box_shadow_vertical_tablet=&#8220;0px&#8220; box_shadow_blur_tablet=&#8220;40px&#8220; box_shadow_spread_tablet=&#8220;0px&#8220; global_colors_info=&#8220;{}&#8220;]Angesichts des Corona-Virus tendieren viele Arbeitgeber dazu, gegen\u00fcber den Angestellten Homeoffice-Arbeit anzuordnen, was in manchen Branchen m\u00f6glich ist.Luxemburg f\u00f6rdert mittlerweile auch die Kurzarbeit, weshalb betriebsbedingte K\u00fcndigungen zun\u00e4chst noch au\u00dfen vor bleiben.<\/p>\n<p>Nach der <strong>Verst\u00e4ndigungsvereinbarung<\/strong> aus dem Jahr 2011 m\u00fcssen Grenzg\u00e4nger anteilige Steuer in Deutschland zahlen, wenn sie mehr als 19 Arbeitstage au\u00dferhalb Luxemburgs arbeiten. Dies ist f\u00fcr viele Handwerker, Berufskraftfahrer und Au\u00dfendienstmitarbeiter schon der Normalfall.<\/p>\n<p>Ein Heimarbeitsplatz gilt auch als Arbeit in dem Wohnsitzstaat. Die steuerlichen Folgen sind oftmals nicht so gravierend, wie es scheint. Es ist daher unklug, von vorne herein anzunehmen, dass man dadurch einen steuerlichen Nachteil erleidet. Zun\u00e4chst unterscheidet das Steuerrecht zwischen den <strong>Z\u00e4hl- und den Steuertagen.<\/strong><\/p>\n<p>Ein Z\u00e4hltag ist jeder Tag bzw. Zeitraum, an dem au\u00dferhalb Luxemburgs gearbeitet wird. Dies kann je nach Beruf auch nur eine Stunde sein, beispielsweise bei einem Kundenbesuch. Man kann die Zeiten auch in halben oder ganzen Tagen rechnen.<\/p>\n<p>Notiert man diese Tage und \u00fcberschreitet den 19. Tag, werden die Zeiten in einen acht Stundentag umgerechnet. Ein Extrembeispiel soll die Systematik erkl\u00e4ren. Der vollzeitberufliche Grenzg\u00e4nger f\u00e4hrt an 20 Tagen jeweils f\u00fcr eine Stunde \u00fcber die Grenze zwecks Besorgungen. Er hat also die 19-Tagegrenze \u00fcberschritten. Die 20 Stunden werden letztendlich in einen 8-Stundentag umgerechnet und ergeben somit 2,5 Tage.<\/p>\n<p>Letztendlich muss der Grenzg\u00e4nger dann 2,5 von 220 gew\u00f6hnlichen Arbeitstagen in Deutschland versteuern.<\/p>\n<p>Auf der anderen Seite werden diese Tage in <strong>Luxemburg von der Lohnsteuer freigestellt.<\/strong> Erfahrungswerte ergeben, dass insbesondere Ledige hiervon profitieren. Bei Verheirateten ist die Situation komplexer. Hier kommt es auf den Verdienst des Ehegatten an, der gegebenenfalls auch Grenzg\u00e4nger nicht Nichtgrenzg\u00e4nger ist. Auch die Anzahl der Kinderfreibetr\u00e4ge spielt hierbei eine Rolle. Erfahrungsgem\u00e4\u00df gibt es auch hier selten ein Manko. Wenn tats\u00e4chlich ein Steuernachteil eintritt, was schon bis zu einer Steuer von EUR\u00a01.000,00 liegen kann (im Vergleich der in Luxemburg ersparten und in Deutschland zu zahlenden Steuer), gibt es viele Arbeitgeber, die sich an diesem Steuerschaden beteiligen.<\/p>\n<p>Man sollte ich nicht von der Anordnung zum Homeoffice-Arbeitsplatz abschrecken lassen.<br \/>\n[\/et_pb_text][\/et_pb_column][et_pb_column type=&#8220;1_3&#8243; _builder_version=&#8220;4.16&#8243; background_position=&#8220;top_left&#8220; custom_padding=&#8220;0px|0px|0px|&#8220; global_colors_info=&#8220;{}&#8220; custom_padding__hover=&#8220;|||&#8220;][et_pb_text admin_label=&#8220;Text Abstandshalter&#8220; _builder_version=&#8220;4.16&#8243; custom_margin=&#8220;0px|0px|0px|0px&#8220; custom_padding=&#8220;0px|0px|0px|0px&#8220; locked=&#8220;off&#8220; global_colors_info=&#8220;{}&#8220;]<span style=\"color: #ffffff;\">:<\/span><br \/>\n<span style=\"color: #ffffff;\">:<\/span><br \/>\n[\/et_pb_text][et_pb_image src=&#8220;https:\/\/wonnebauer.de\/site\/wp-content\/uploads\/2018\/06\/Wonnebauer_trierischer_volksfreund_index.jpg&#8220; align_tablet=&#8220;center&#8220; align_phone=&#8220;&#8220; align_last_edited=&#8220;on|desktop&#8220; admin_label=&#8220;Bild Wonnebauer_trierischer_volksfreund_index&#8220; _builder_version=&#8220;4.16&#8243; custom_margin=&#8220;||0px|&#8220; global_colors_info=&#8220;{}&#8220;][\/et_pb_image][\/et_pb_column][\/et_pb_row][et_pb_row column_structure=&#8220;2_3,1_3&#8243; _builder_version=&#8220;4.16&#8243; global_colors_info=&#8220;{}&#8220;][et_pb_column type=&#8220;2_3&#8243; _builder_version=&#8220;4.16&#8243; background_position=&#8220;top_left&#8220; custom_padding=&#8220;0px|0px|0px|0px&#8220; global_colors_info=&#8220;{}&#8220; custom_padding__hover=&#8220;|||&#8220;][et_pb_text admin_label=&#8220;Text Abstandshalter&#8220; _builder_version=&#8220;4.16&#8243; custom_margin=&#8220;0px|0px|0px|0px&#8220; custom_padding=&#8220;0px|0px|0px|0px&#8220; global_colors_info=&#8220;{}&#8220;]<span style=\"color: #ffffff;\">:<\/span><br \/>\n<span style=\"color: #ffffff;\">:<\/span><br \/>\n[\/et_pb_text][et_pb_text admin_label=&#8220;Text \u00dcberschrift Kolumne Februar: Getrennt &#8211; oder Zusammenveranlagung&#8220; _builder_version=&#8220;4.16&#8243; z_index_tablet=&#8220;500&#8243; text_text_shadow_horizontal_length_tablet=&#8220;0px&#8220; text_text_shadow_vertical_length_tablet=&#8220;0px&#8220; text_text_shadow_blur_strength_tablet=&#8220;1px&#8220; link_text_shadow_horizontal_length_tablet=&#8220;0px&#8220; link_text_shadow_vertical_length_tablet=&#8220;0px&#8220; link_text_shadow_blur_strength_tablet=&#8220;1px&#8220; ul_text_shadow_horizontal_length_tablet=&#8220;0px&#8220; ul_text_shadow_vertical_length_tablet=&#8220;0px&#8220; ul_text_shadow_blur_strength_tablet=&#8220;1px&#8220; ol_text_shadow_horizontal_length_tablet=&#8220;0px&#8220; ol_text_shadow_vertical_length_tablet=&#8220;0px&#8220; ol_text_shadow_blur_strength_tablet=&#8220;1px&#8220; quote_text_shadow_horizontal_length_tablet=&#8220;0px&#8220; quote_text_shadow_vertical_length_tablet=&#8220;0px&#8220; quote_text_shadow_blur_strength_tablet=&#8220;1px&#8220; header_text_shadow_horizontal_length_tablet=&#8220;0px&#8220; header_text_shadow_vertical_length_tablet=&#8220;0px&#8220; header_text_shadow_blur_strength_tablet=&#8220;1px&#8220; header_2_text_shadow_horizontal_length_tablet=&#8220;0px&#8220; header_2_text_shadow_vertical_length_tablet=&#8220;0px&#8220; header_2_text_shadow_blur_strength_tablet=&#8220;1px&#8220; header_3_text_shadow_horizontal_length_tablet=&#8220;0px&#8220; header_3_text_shadow_vertical_length_tablet=&#8220;0px&#8220; header_3_text_shadow_blur_strength_tablet=&#8220;1px&#8220; header_4_text_shadow_horizontal_length_tablet=&#8220;0px&#8220; header_4_text_shadow_vertical_length_tablet=&#8220;0px&#8220; header_4_text_shadow_blur_strength_tablet=&#8220;1px&#8220; header_5_text_shadow_horizontal_length_tablet=&#8220;0px&#8220; header_5_text_shadow_vertical_length_tablet=&#8220;0px&#8220; header_5_text_shadow_blur_strength_tablet=&#8220;1px&#8220; header_6_text_shadow_horizontal_length_tablet=&#8220;0px&#8220; header_6_text_shadow_vertical_length_tablet=&#8220;0px&#8220; header_6_text_shadow_blur_strength_tablet=&#8220;1px&#8220; box_shadow_horizontal_tablet=&#8220;0px&#8220; box_shadow_vertical_tablet=&#8220;0px&#8220; box_shadow_blur_tablet=&#8220;40px&#8220; box_shadow_spread_tablet=&#8220;0px&#8220; global_colors_info=&#8220;{}&#8220;]<\/p>\n<h3>Kolumne Februar: <strong>Getrennt &#8211; oder Zusammenveranlagung<br \/>\n<\/strong><\/h3>\n<p>[\/et_pb_text][et_pb_text admin_label=&#8220;Text KolumneFebruar Zusammen und Getrenntveranlagung&#8220; _builder_version=&#8220;4.16&#8243; z_index_tablet=&#8220;500&#8243; text_text_shadow_horizontal_length_tablet=&#8220;0px&#8220; text_text_shadow_vertical_length_tablet=&#8220;0px&#8220; text_text_shadow_blur_strength_tablet=&#8220;1px&#8220; link_text_shadow_horizontal_length_tablet=&#8220;0px&#8220; link_text_shadow_vertical_length_tablet=&#8220;0px&#8220; link_text_shadow_blur_strength_tablet=&#8220;1px&#8220; ul_text_shadow_horizontal_length_tablet=&#8220;0px&#8220; ul_text_shadow_vertical_length_tablet=&#8220;0px&#8220; ul_text_shadow_blur_strength_tablet=&#8220;1px&#8220; ol_text_shadow_horizontal_length_tablet=&#8220;0px&#8220; ol_text_shadow_vertical_length_tablet=&#8220;0px&#8220; ol_text_shadow_blur_strength_tablet=&#8220;1px&#8220; quote_text_shadow_horizontal_length_tablet=&#8220;0px&#8220; quote_text_shadow_vertical_length_tablet=&#8220;0px&#8220; quote_text_shadow_blur_strength_tablet=&#8220;1px&#8220; header_text_shadow_horizontal_length_tablet=&#8220;0px&#8220; header_text_shadow_vertical_length_tablet=&#8220;0px&#8220; header_text_shadow_blur_strength_tablet=&#8220;1px&#8220; header_2_text_shadow_horizontal_length_tablet=&#8220;0px&#8220; header_2_text_shadow_vertical_length_tablet=&#8220;0px&#8220; header_2_text_shadow_blur_strength_tablet=&#8220;1px&#8220; header_3_text_shadow_horizontal_length_tablet=&#8220;0px&#8220; header_3_text_shadow_vertical_length_tablet=&#8220;0px&#8220; header_3_text_shadow_blur_strength_tablet=&#8220;1px&#8220; header_4_text_shadow_horizontal_length_tablet=&#8220;0px&#8220; header_4_text_shadow_vertical_length_tablet=&#8220;0px&#8220; header_4_text_shadow_blur_strength_tablet=&#8220;1px&#8220; header_5_text_shadow_horizontal_length_tablet=&#8220;0px&#8220; header_5_text_shadow_vertical_length_tablet=&#8220;0px&#8220; header_5_text_shadow_blur_strength_tablet=&#8220;1px&#8220; header_6_text_shadow_horizontal_length_tablet=&#8220;0px&#8220; header_6_text_shadow_vertical_length_tablet=&#8220;0px&#8220; header_6_text_shadow_blur_strength_tablet=&#8220;1px&#8220; box_shadow_horizontal_tablet=&#8220;0px&#8220; box_shadow_vertical_tablet=&#8220;0px&#8220; box_shadow_blur_tablet=&#8220;40px&#8220; box_shadow_spread_tablet=&#8220;0px&#8220; global_colors_info=&#8220;{}&#8220;]<strong>Getrennt lebende Ehepaare<\/strong> k\u00f6nnen bis zur Rechtskraft der Scheidung die Zusammenveranlagung w\u00e4hlen. Ein zeitliches Limit f\u00fcr diesen Zeitraum gibt es nicht.<\/p>\n<p>Ein Zusammenleben ist nach einer<strong> Gesetzes\u00e4nderung im Jahre 2018<\/strong> \u00a0nicht mehr erforderlich. Wohnsitze in zwei Staaten sind sogar steuerlich m\u00f6glich.<\/p>\n<p>In der Mehrzahl der F\u00e4lle ist die <strong>Zusammenveranlagung<\/strong> g\u00fcnstiger. Diese kommt aber nur zustande, wenn <strong>beide Eheleute das Steuerformular unterzeichnen<\/strong> und auch weiterhin die deutschen Eink\u00fcnfte angeben. Dazu haben die Nichtgrenzg\u00e4nger-Ehegatten auch eine luxemburgische Steuernummer erhalten.<\/p>\n<p>Gerade im Scheidungsfall will der eine Ehegatte jedoch nicht mehr, dass \u00a0der andere dessen Eink\u00fcnfte weiterhin kennt. Denn dabei geht es auch um die Frage des Unterhalts f\u00fcr Ehegatten und Kinder. Wer es mit dem Verschweigen der luxemburgischen Eink\u00fcnfte also ernst meint, f\u00e4llt jedoch in die Steuerklasse 1. Das ist schmerzhaft, denn es f\u00fchrt zu hohen Steuernachzahlungen, wenn man zun\u00e4chst mit der Steuerklasse 2 abgerechnet wurde. Wenn der Nichtgrenzg\u00e4nger-Ehegatte nicht mitunterschreibt, passiert das Gleiche.<\/p>\n<p>Im Familienrecht hat man jedoch einen <strong>Anspruch auf Zustimmung zur Zusammenveranlagung<\/strong> gegen den Noch-Ehegatten, wenn dies f\u00fcr ihn keinen finanziellen Nachteil ergibt. Steuerliche Nachteile des anderen muss man also ausgleichen. Schlimmstenfalls muss die Zustimmung vor Gericht eingeklagt werden. Das gilt also nicht blo\u00df f\u00fcr die deutsche Steuererkl\u00e4rung, sondern nun auch f\u00fcr die luxemburgische.<\/p>\n<p>In der Praxis sehen dies viele Getrenntlebende ein. Denn ein h\u00f6heres Nettoeinkommen berechtigt auch die Kinder zu h\u00f6herem Unterhalt.<br \/>\n[\/et_pb_text][\/et_pb_column][et_pb_column type=&#8220;1_3&#8243; _builder_version=&#8220;4.16&#8243; background_position=&#8220;top_left&#8220; custom_padding=&#8220;0px|0px|0px|&#8220; global_colors_info=&#8220;{}&#8220; custom_padding__hover=&#8220;|||&#8220;][et_pb_text admin_label=&#8220;Text Abstandshalter&#8220; _builder_version=&#8220;4.16&#8243; custom_margin=&#8220;0px|0px|0px|0px&#8220; custom_padding=&#8220;0px|0px|0px|0px&#8220; locked=&#8220;off&#8220; global_colors_info=&#8220;{}&#8220;]<span style=\"color: #ffffff;\">:<\/span><br \/>\n<span style=\"color: #ffffff;\">:<\/span><br \/>\n[\/et_pb_text][et_pb_image src=&#8220;https:\/\/wonnebauer.de\/site\/wp-content\/uploads\/2018\/06\/Wonnebauer_trierischer_volksfreund_index.jpg&#8220; align_tablet=&#8220;center&#8220; align_phone=&#8220;&#8220; align_last_edited=&#8220;on|desktop&#8220; admin_label=&#8220;Bild Wonnebauer_trierischer_volksfreund_index&#8220; _builder_version=&#8220;4.16&#8243; custom_margin=&#8220;||0px|&#8220; global_colors_info=&#8220;{}&#8220;][\/et_pb_image][\/et_pb_column][\/et_pb_row][et_pb_row column_structure=&#8220;2_3,1_3&#8243; _builder_version=&#8220;4.16&#8243; global_colors_info=&#8220;{}&#8220;][et_pb_column type=&#8220;2_3&#8243; _builder_version=&#8220;4.16&#8243; background_position=&#8220;top_left&#8220; custom_padding=&#8220;0px|0px|0px|0px&#8220; global_colors_info=&#8220;{}&#8220; custom_padding__hover=&#8220;|||&#8220;][et_pb_text admin_label=&#8220;Text Abstandshalter&#8220; _builder_version=&#8220;4.16&#8243; custom_margin=&#8220;0px|0px|0px|0px&#8220; custom_padding=&#8220;0px|0px|0px|0px&#8220; global_colors_info=&#8220;{}&#8220;]<span style=\"color: #ffffff;\">:<\/span><br \/>\n<span style=\"color: #ffffff;\">:<\/span><br \/>\n[\/et_pb_text][et_pb_text admin_label=&#8220;Text \u00dcberschrift Kolumne Januar: \u00c4nderung der STeuerklasse&#8220; _builder_version=&#8220;4.16&#8243; z_index_tablet=&#8220;500&#8243; text_text_shadow_horizontal_length_tablet=&#8220;0px&#8220; text_text_shadow_vertical_length_tablet=&#8220;0px&#8220; text_text_shadow_blur_strength_tablet=&#8220;1px&#8220; link_text_shadow_horizontal_length_tablet=&#8220;0px&#8220; link_text_shadow_vertical_length_tablet=&#8220;0px&#8220; link_text_shadow_blur_strength_tablet=&#8220;1px&#8220; ul_text_shadow_horizontal_length_tablet=&#8220;0px&#8220; ul_text_shadow_vertical_length_tablet=&#8220;0px&#8220; ul_text_shadow_blur_strength_tablet=&#8220;1px&#8220; ol_text_shadow_horizontal_length_tablet=&#8220;0px&#8220; ol_text_shadow_vertical_length_tablet=&#8220;0px&#8220; ol_text_shadow_blur_strength_tablet=&#8220;1px&#8220; quote_text_shadow_horizontal_length_tablet=&#8220;0px&#8220; quote_text_shadow_vertical_length_tablet=&#8220;0px&#8220; quote_text_shadow_blur_strength_tablet=&#8220;1px&#8220; header_text_shadow_horizontal_length_tablet=&#8220;0px&#8220; header_text_shadow_vertical_length_tablet=&#8220;0px&#8220; header_text_shadow_blur_strength_tablet=&#8220;1px&#8220; header_2_text_shadow_horizontal_length_tablet=&#8220;0px&#8220; header_2_text_shadow_vertical_length_tablet=&#8220;0px&#8220; header_2_text_shadow_blur_strength_tablet=&#8220;1px&#8220; header_3_text_shadow_horizontal_length_tablet=&#8220;0px&#8220; header_3_text_shadow_vertical_length_tablet=&#8220;0px&#8220; header_3_text_shadow_blur_strength_tablet=&#8220;1px&#8220; header_4_text_shadow_horizontal_length_tablet=&#8220;0px&#8220; header_4_text_shadow_vertical_length_tablet=&#8220;0px&#8220; header_4_text_shadow_blur_strength_tablet=&#8220;1px&#8220; header_5_text_shadow_horizontal_length_tablet=&#8220;0px&#8220; header_5_text_shadow_vertical_length_tablet=&#8220;0px&#8220; header_5_text_shadow_blur_strength_tablet=&#8220;1px&#8220; header_6_text_shadow_horizontal_length_tablet=&#8220;0px&#8220; header_6_text_shadow_vertical_length_tablet=&#8220;0px&#8220; header_6_text_shadow_blur_strength_tablet=&#8220;1px&#8220; box_shadow_horizontal_tablet=&#8220;0px&#8220; box_shadow_vertical_tablet=&#8220;0px&#8220; box_shadow_blur_tablet=&#8220;40px&#8220; box_shadow_spread_tablet=&#8220;0px&#8220; global_colors_info=&#8220;{}&#8220;]<\/p>\n<h3>Kolumne Januar: \u00c4nderung der Steuerklasse <strong><br \/>\n<\/strong><\/h3>\n<p>[\/et_pb_text][et_pb_text admin_label=&#8220;Text KolumneF Januar \u00c4nderung der Steuerklasse &#8220; _builder_version=&#8220;4.16&#8243; z_index_tablet=&#8220;500&#8243; text_text_shadow_horizontal_length_tablet=&#8220;0px&#8220; text_text_shadow_vertical_length_tablet=&#8220;0px&#8220; text_text_shadow_blur_strength_tablet=&#8220;1px&#8220; link_text_shadow_horizontal_length_tablet=&#8220;0px&#8220; link_text_shadow_vertical_length_tablet=&#8220;0px&#8220; link_text_shadow_blur_strength_tablet=&#8220;1px&#8220; ul_text_shadow_horizontal_length_tablet=&#8220;0px&#8220; ul_text_shadow_vertical_length_tablet=&#8220;0px&#8220; ul_text_shadow_blur_strength_tablet=&#8220;1px&#8220; ol_text_shadow_horizontal_length_tablet=&#8220;0px&#8220; ol_text_shadow_vertical_length_tablet=&#8220;0px&#8220; ol_text_shadow_blur_strength_tablet=&#8220;1px&#8220; quote_text_shadow_horizontal_length_tablet=&#8220;0px&#8220; quote_text_shadow_vertical_length_tablet=&#8220;0px&#8220; quote_text_shadow_blur_strength_tablet=&#8220;1px&#8220; header_text_shadow_horizontal_length_tablet=&#8220;0px&#8220; header_text_shadow_vertical_length_tablet=&#8220;0px&#8220; header_text_shadow_blur_strength_tablet=&#8220;1px&#8220; header_2_text_shadow_horizontal_length_tablet=&#8220;0px&#8220; header_2_text_shadow_vertical_length_tablet=&#8220;0px&#8220; header_2_text_shadow_blur_strength_tablet=&#8220;1px&#8220; header_3_text_shadow_horizontal_length_tablet=&#8220;0px&#8220; header_3_text_shadow_vertical_length_tablet=&#8220;0px&#8220; header_3_text_shadow_blur_strength_tablet=&#8220;1px&#8220; header_4_text_shadow_horizontal_length_tablet=&#8220;0px&#8220; header_4_text_shadow_vertical_length_tablet=&#8220;0px&#8220; header_4_text_shadow_blur_strength_tablet=&#8220;1px&#8220; header_5_text_shadow_horizontal_length_tablet=&#8220;0px&#8220; header_5_text_shadow_vertical_length_tablet=&#8220;0px&#8220; header_5_text_shadow_blur_strength_tablet=&#8220;1px&#8220; header_6_text_shadow_horizontal_length_tablet=&#8220;0px&#8220; header_6_text_shadow_vertical_length_tablet=&#8220;0px&#8220; header_6_text_shadow_blur_strength_tablet=&#8220;1px&#8220; box_shadow_horizontal_tablet=&#8220;0px&#8220; box_shadow_vertical_tablet=&#8220;0px&#8220; box_shadow_blur_tablet=&#8220;40px&#8220; box_shadow_spread_tablet=&#8220;0px&#8220; global_colors_info=&#8220;{}&#8220;]<\/p>\n<div class=\"et_pb_module et_pb_text et_pb_text_7 et_pb_text_align_left et_pb_bg_layout_light\">\n<div class=\"et_pb_text_inner\">\n<p>Mit den neuen <strong>Steuerklassen<\/strong> aufgrund der Steuerreform sollten sich Grenzg\u00e4nger im eigenen Interesse besch\u00e4ftigen. Es geht um Klarheit bei den Finanzen. Ist die Steuerklasse bestm\u00f6glich ausgew\u00e4hlt, ergibt sich sp\u00e4ter bei der Steuererkl\u00e4rung keine b\u00f6se \u00dcberraschung in Form von Nachzahlungen. Viele Grenzg\u00e4nger haben immer noch nicht bemerkt, dass sie auf der Steuerklasse 1 abgerechnet werden oder der Prozentsatz zu niedrig ist.<\/p>\n<p>Die<strong> Steuerklasse 2<\/strong> lohnt sich f\u00fcr gut 95 Prozent der verheirateten Grenzg\u00e4nger, weil im Normalfall die deutschen Eink\u00fcnfte geringer sind als die luxemburgischen. Seit ein paar Monaten wird die Steuerklasse automatisch ge\u00e4ndert, wenn eine Steuererkl\u00e4rung veranlagt wurde. Die Steuerkarte wird dann ein bis zwei Wochen nach dem neuen Steuerbescheid ausgestellt. Die dort errechnete Prozentzahl wird \u00fcbernommen.<\/p>\n<p>Manchmal passt dieser Steuersatz jedoch nicht mehr zu der <strong>aktuellen Lebenssituation<\/strong>. F\u00fcr diesen Fall sollten Grenzg\u00e4nger nochmals neu rechnen.<\/p>\n<p>m Fall einer <strong>Heirat<\/strong> lohnt sich diese \u00dcberlegung in jedem Fall. Andere Grenzg\u00e4nger haben mit ihren deutschen Eink\u00fcnften die EUR <strong>13.000-Grenze<\/strong> \u00fcberschritten. Durch den Verkauf eines Hauses entfallen diese Mieteink\u00fcnfte, so dass sich die Neuberechnung lohnt. Oder aber beim Eintritt eines Ehegatten in die <strong>Rente<\/strong> ver\u00e4ndern sich auch die Zahlen komplett. Auch dies ist ein Fall f\u00fcr die Neuberechnung. Ein Sonderfall ist der, dass man von Luxemburg nach Deutschland umzieht. Die<strong> luxemburger Residents<\/strong> kennen dieses Steuerklassensystem\u00a0 nicht. Sie zahlen wie fr\u00fcher weiterhin viertelj\u00e4hrliche Vorauszahlungen. Mit dem Umzug \u00e4ndert sich das Paradigma. Die Steuerklasse muss dann erstmals beantragt werden.<\/p>\n<p>Es gibt also einige steuerliche <strong>Gestaltungsm\u00f6glichkeiten<\/strong> allein in Bezug auf die Wahl der Steuerklasse.<\/p>\n<\/div>\n<\/div>\n<p>[\/et_pb_text][\/et_pb_column][et_pb_column type=&#8220;1_3&#8243; _builder_version=&#8220;4.16&#8243; background_position=&#8220;top_left&#8220; custom_padding=&#8220;0px|0px|0px|&#8220; global_colors_info=&#8220;{}&#8220; custom_padding__hover=&#8220;|||&#8220;][et_pb_text admin_label=&#8220;Text Abstandshalter&#8220; _builder_version=&#8220;4.16&#8243; custom_margin=&#8220;0px|0px|0px|0px&#8220; custom_padding=&#8220;0px|0px|0px|0px&#8220; locked=&#8220;off&#8220; global_colors_info=&#8220;{}&#8220;]<span style=\"color: #ffffff;\">:<\/span><br \/>\n<span style=\"color: #ffffff;\">:<\/span><br \/>\n[\/et_pb_text][et_pb_image src=&#8220;https:\/\/wonnebauer.de\/site\/wp-content\/uploads\/2018\/06\/Wonnebauer_trierischer_volksfreund_index.jpg&#8220; align_tablet=&#8220;center&#8220; align_phone=&#8220;&#8220; align_last_edited=&#8220;on|desktop&#8220; admin_label=&#8220;Bild Wonnebauer_trierischer_volksfreund_index&#8220; _builder_version=&#8220;4.16&#8243; custom_margin=&#8220;||0px|&#8220; global_colors_info=&#8220;{}&#8220;][\/et_pb_image][\/et_pb_column][\/et_pb_row][et_pb_row column_structure=&#8220;2_3,1_3&#8243; _builder_version=&#8220;4.16&#8243; global_colors_info=&#8220;{}&#8220;][et_pb_column type=&#8220;2_3&#8243; _builder_version=&#8220;4.16&#8243; background_position=&#8220;top_left&#8220; custom_padding=&#8220;0px|0px|0px|0px&#8220; global_colors_info=&#8220;{}&#8220; custom_padding__hover=&#8220;|||&#8220;][et_pb_text admin_label=&#8220;Text Abstandshalter&#8220; _builder_version=&#8220;4.16&#8243; custom_margin=&#8220;0px|0px|0px|0px&#8220; custom_padding=&#8220;0px|0px|0px|0px&#8220; global_colors_info=&#8220;{}&#8220;]<span style=\"color: #ffffff;\">:<\/span><br \/>\n<span style=\"color: #ffffff;\">:<\/span><br \/>\n[\/et_pb_text][et_pb_text admin_label=&#8220;Text \u00dcberschrift Kolumne Dezember: Grenzg\u00e4nger,Arbeitszimmer&#8220; _builder_version=&#8220;4.16&#8243; z_index_tablet=&#8220;500&#8243; text_text_shadow_horizontal_length_tablet=&#8220;0px&#8220; text_text_shadow_vertical_length_tablet=&#8220;0px&#8220; text_text_shadow_blur_strength_tablet=&#8220;1px&#8220; link_text_shadow_horizontal_length_tablet=&#8220;0px&#8220; link_text_shadow_vertical_length_tablet=&#8220;0px&#8220; link_text_shadow_blur_strength_tablet=&#8220;1px&#8220; ul_text_shadow_horizontal_length_tablet=&#8220;0px&#8220; ul_text_shadow_vertical_length_tablet=&#8220;0px&#8220; ul_text_shadow_blur_strength_tablet=&#8220;1px&#8220; ol_text_shadow_horizontal_length_tablet=&#8220;0px&#8220; ol_text_shadow_vertical_length_tablet=&#8220;0px&#8220; ol_text_shadow_blur_strength_tablet=&#8220;1px&#8220; quote_text_shadow_horizontal_length_tablet=&#8220;0px&#8220; quote_text_shadow_vertical_length_tablet=&#8220;0px&#8220; quote_text_shadow_blur_strength_tablet=&#8220;1px&#8220; header_text_shadow_horizontal_length_tablet=&#8220;0px&#8220; header_text_shadow_vertical_length_tablet=&#8220;0px&#8220; header_text_shadow_blur_strength_tablet=&#8220;1px&#8220; header_2_text_shadow_horizontal_length_tablet=&#8220;0px&#8220; header_2_text_shadow_vertical_length_tablet=&#8220;0px&#8220; header_2_text_shadow_blur_strength_tablet=&#8220;1px&#8220; header_3_text_shadow_horizontal_length_tablet=&#8220;0px&#8220; header_3_text_shadow_vertical_length_tablet=&#8220;0px&#8220; header_3_text_shadow_blur_strength_tablet=&#8220;1px&#8220; header_4_text_shadow_horizontal_length_tablet=&#8220;0px&#8220; header_4_text_shadow_vertical_length_tablet=&#8220;0px&#8220; header_4_text_shadow_blur_strength_tablet=&#8220;1px&#8220; header_5_text_shadow_horizontal_length_tablet=&#8220;0px&#8220; header_5_text_shadow_vertical_length_tablet=&#8220;0px&#8220; header_5_text_shadow_blur_strength_tablet=&#8220;1px&#8220; header_6_text_shadow_horizontal_length_tablet=&#8220;0px&#8220; header_6_text_shadow_vertical_length_tablet=&#8220;0px&#8220; header_6_text_shadow_blur_strength_tablet=&#8220;1px&#8220; box_shadow_horizontal_tablet=&#8220;0px&#8220; box_shadow_vertical_tablet=&#8220;0px&#8220; box_shadow_blur_tablet=&#8220;40px&#8220; box_shadow_spread_tablet=&#8220;0px&#8220; global_colors_info=&#8220;{}&#8220;]<\/p>\n<h3>Kolumne Dezember: <strong>Grenzg\u00e4nger und ihr Arbeitszimmer<\/strong><\/h3>\n<p>[\/et_pb_text][et_pb_text admin_label=&#8220;Text Kolumne November Rentner zahlen Steuern nach wg autom. Meldung&#8220; _builder_version=&#8220;4.16&#8243; z_index_tablet=&#8220;500&#8243; text_text_shadow_horizontal_length_tablet=&#8220;0px&#8220; text_text_shadow_vertical_length_tablet=&#8220;0px&#8220; text_text_shadow_blur_strength_tablet=&#8220;1px&#8220; link_text_shadow_horizontal_length_tablet=&#8220;0px&#8220; link_text_shadow_vertical_length_tablet=&#8220;0px&#8220; link_text_shadow_blur_strength_tablet=&#8220;1px&#8220; ul_text_shadow_horizontal_length_tablet=&#8220;0px&#8220; ul_text_shadow_vertical_length_tablet=&#8220;0px&#8220; ul_text_shadow_blur_strength_tablet=&#8220;1px&#8220; ol_text_shadow_horizontal_length_tablet=&#8220;0px&#8220; ol_text_shadow_vertical_length_tablet=&#8220;0px&#8220; ol_text_shadow_blur_strength_tablet=&#8220;1px&#8220; quote_text_shadow_horizontal_length_tablet=&#8220;0px&#8220; quote_text_shadow_vertical_length_tablet=&#8220;0px&#8220; quote_text_shadow_blur_strength_tablet=&#8220;1px&#8220; header_text_shadow_horizontal_length_tablet=&#8220;0px&#8220; header_text_shadow_vertical_length_tablet=&#8220;0px&#8220; header_text_shadow_blur_strength_tablet=&#8220;1px&#8220; header_2_text_shadow_horizontal_length_tablet=&#8220;0px&#8220; header_2_text_shadow_vertical_length_tablet=&#8220;0px&#8220; header_2_text_shadow_blur_strength_tablet=&#8220;1px&#8220; header_3_text_shadow_horizontal_length_tablet=&#8220;0px&#8220; header_3_text_shadow_vertical_length_tablet=&#8220;0px&#8220; header_3_text_shadow_blur_strength_tablet=&#8220;1px&#8220; header_4_text_shadow_horizontal_length_tablet=&#8220;0px&#8220; header_4_text_shadow_vertical_length_tablet=&#8220;0px&#8220; header_4_text_shadow_blur_strength_tablet=&#8220;1px&#8220; header_5_text_shadow_horizontal_length_tablet=&#8220;0px&#8220; header_5_text_shadow_vertical_length_tablet=&#8220;0px&#8220; header_5_text_shadow_blur_strength_tablet=&#8220;1px&#8220; header_6_text_shadow_horizontal_length_tablet=&#8220;0px&#8220; header_6_text_shadow_vertical_length_tablet=&#8220;0px&#8220; header_6_text_shadow_blur_strength_tablet=&#8220;1px&#8220; box_shadow_horizontal_tablet=&#8220;0px&#8220; box_shadow_vertical_tablet=&#8220;0px&#8220; box_shadow_blur_tablet=&#8220;40px&#8220; box_shadow_spread_tablet=&#8220;0px&#8220; global_colors_info=&#8220;{}&#8220;]T\u00e4glich h\u00f6rt man von den schwierigen Verkehrsverh\u00e4ltnissen in und nach Luxemburg. Je nach Zeitfenster ben\u00f6tigt man von Trier in die Luxemburger City zwischen 45 und 90 Minuten, im Berufsverkehr eher 90 Minuten. Viele Grenzg\u00e4nger fahren aber noch weiter und l\u00e4nger. Zwar werden ab n\u00e4chstem Jahr die \u00f6ffentlichen Verkehrsmittel in Luxemburg kostenlos. Nicht alle Grenzg\u00e4nger k\u00f6nnen jedoch davon profitieren, weil der Arbeitsplatz verkehrstechnisch nicht gut angebunden ist.<\/p>\n<p>Arbeit im Home-Office k\u00f6nnte die Situation eventuell entspannen. Denn in bestimmten Schreibtischberufen kann man sich vorstellen, dass die Arbeit einmal w\u00f6chentlich auch von zu Hause aus erledigt werden kann. Arbeitsrechtlich kann dies alles abgesichert und vereinbart werden. Der Raum muss abschlie\u00dfbar sein, die Dokumente d\u00fcrfen Dritten nicht zug\u00e4nglich sein.<\/p>\n<p>Sozialversicherungsrechtlich sollte man nicht mehr als 25 Prozent der Arbeitszeit in Deutschland arbeiten.<\/p>\n<p>Steuerlich \u00fcberschreitet man dann meistens die 19-Tage-Grenze gem\u00e4\u00df der Verst\u00e4ndigungsvereinbarung. Der Lohn muss dann also anteilig in Deutschland versteuert werden. 50 Tage sollte die Obergrenze sein gem\u00e4\u00df luxemburgischem Steuerrecht.<\/p>\n<p>In vielen F\u00e4llen ergibt eine Vergleichsberechnung, dass steuerlich kein Manko entsteht. Grenzg\u00e4nger, die dennoch ein Manko zwischen der Steuerzahlung in Deutschland und der Steuerersparnis in Luxemburg haben, nehmen dies gerne hin.<\/p>\n<p>Der ersparte Arbeitsweg nimmt oft 3 Stunden in Anspruch. Vergleicht man dies mit einem eventuellen Steuermanko, ergibt die Abw\u00e4gung meistens, dass die Lebensqualit\u00e4t mehr Wert ist, als Geld. Grenzg\u00e4nger und Arbeitgeber die einen Home-Office-Arbeitsplatz von Grenzg\u00e4ngern erw\u00e4gen, k\u00f6nnen sich Musterberechnungen fertigen lassen, um ein solches Szenario zu planen. Erfahrungsgem\u00e4\u00df haben Heimarbeitspl\u00e4tze mehr Vorteile als Nachteile.<br \/>\n[\/et_pb_text][\/et_pb_column][et_pb_column type=&#8220;1_3&#8243; _builder_version=&#8220;4.16&#8243; background_position=&#8220;top_left&#8220; custom_padding=&#8220;0px|0px|0px|&#8220; global_colors_info=&#8220;{}&#8220; custom_padding__hover=&#8220;|||&#8220;][et_pb_text admin_label=&#8220;Text Abstandshalter&#8220; _builder_version=&#8220;4.16&#8243; custom_margin=&#8220;0px|0px|0px|0px&#8220; custom_padding=&#8220;0px|0px|0px|0px&#8220; global_colors_info=&#8220;{}&#8220;]<span style=\"color: #ffffff;\">:<\/span><br \/>\n<span style=\"color: #ffffff;\">:<\/span><br \/>\n[\/et_pb_text][et_pb_image src=&#8220;https:\/\/wonnebauer.de\/site\/wp-content\/uploads\/2018\/06\/Wonnebauer_trierischer_volksfreund_index.jpg&#8220; align_tablet=&#8220;center&#8220; align_phone=&#8220;&#8220; align_last_edited=&#8220;on|desktop&#8220; admin_label=&#8220;Bild Wonnebauer_trierischer_volksfreund_index&#8220; _builder_version=&#8220;4.16&#8243; custom_margin=&#8220;||0px|&#8220; global_colors_info=&#8220;{}&#8220;][\/et_pb_image][\/et_pb_column][\/et_pb_row][et_pb_row column_structure=&#8220;2_3,1_3&#8243; _builder_version=&#8220;4.16&#8243; global_colors_info=&#8220;{}&#8220;][et_pb_column type=&#8220;2_3&#8243; _builder_version=&#8220;4.16&#8243; background_position=&#8220;top_left&#8220; custom_padding=&#8220;0px|0px|0px|0px&#8220; global_colors_info=&#8220;{}&#8220; custom_padding__hover=&#8220;|||&#8220;][et_pb_text admin_label=&#8220;Text Abstandshalter&#8220; _builder_version=&#8220;4.16&#8243; custom_margin=&#8220;0px|0px|0px|0px&#8220; custom_padding=&#8220;0px|0px|0px|0px&#8220; global_colors_info=&#8220;{}&#8220;]<span style=\"color: #ffffff;\">:<\/span><br \/>\n<span style=\"color: #ffffff;\">:<\/span><br \/>\n[\/et_pb_text][et_pb_text admin_label=&#8220;Text \u00dcberschrift Kolumne November Rentner zahlen Steuern nach&#8220; _builder_version=&#8220;4.16&#8243; z_index_tablet=&#8220;500&#8243; text_text_shadow_horizontal_length_tablet=&#8220;0px&#8220; text_text_shadow_vertical_length_tablet=&#8220;0px&#8220; text_text_shadow_blur_strength_tablet=&#8220;1px&#8220; link_text_shadow_horizontal_length_tablet=&#8220;0px&#8220; link_text_shadow_vertical_length_tablet=&#8220;0px&#8220; link_text_shadow_blur_strength_tablet=&#8220;1px&#8220; ul_text_shadow_horizontal_length_tablet=&#8220;0px&#8220; ul_text_shadow_vertical_length_tablet=&#8220;0px&#8220; ul_text_shadow_blur_strength_tablet=&#8220;1px&#8220; ol_text_shadow_horizontal_length_tablet=&#8220;0px&#8220; ol_text_shadow_vertical_length_tablet=&#8220;0px&#8220; ol_text_shadow_blur_strength_tablet=&#8220;1px&#8220; quote_text_shadow_horizontal_length_tablet=&#8220;0px&#8220; quote_text_shadow_vertical_length_tablet=&#8220;0px&#8220; quote_text_shadow_blur_strength_tablet=&#8220;1px&#8220; header_text_shadow_horizontal_length_tablet=&#8220;0px&#8220; header_text_shadow_vertical_length_tablet=&#8220;0px&#8220; header_text_shadow_blur_strength_tablet=&#8220;1px&#8220; header_2_text_shadow_horizontal_length_tablet=&#8220;0px&#8220; header_2_text_shadow_vertical_length_tablet=&#8220;0px&#8220; header_2_text_shadow_blur_strength_tablet=&#8220;1px&#8220; header_3_text_shadow_horizontal_length_tablet=&#8220;0px&#8220; header_3_text_shadow_vertical_length_tablet=&#8220;0px&#8220; header_3_text_shadow_blur_strength_tablet=&#8220;1px&#8220; header_4_text_shadow_horizontal_length_tablet=&#8220;0px&#8220; header_4_text_shadow_vertical_length_tablet=&#8220;0px&#8220; header_4_text_shadow_blur_strength_tablet=&#8220;1px&#8220; header_5_text_shadow_horizontal_length_tablet=&#8220;0px&#8220; header_5_text_shadow_vertical_length_tablet=&#8220;0px&#8220; header_5_text_shadow_blur_strength_tablet=&#8220;1px&#8220; header_6_text_shadow_horizontal_length_tablet=&#8220;0px&#8220; header_6_text_shadow_vertical_length_tablet=&#8220;0px&#8220; header_6_text_shadow_blur_strength_tablet=&#8220;1px&#8220; box_shadow_horizontal_tablet=&#8220;0px&#8220; box_shadow_vertical_tablet=&#8220;0px&#8220; box_shadow_blur_tablet=&#8220;40px&#8220; box_shadow_spread_tablet=&#8220;0px&#8220; global_colors_info=&#8220;{}&#8220;]<\/p>\n<h3>Kolumne November: <strong>Rentner zahlen Steuern nach<\/strong><\/h3>\n<p>[\/et_pb_text][et_pb_text admin_label=&#8220;Text Kolumne November Rentner zahlen Steuern nach wg autom. Meldung&#8220; _builder_version=&#8220;4.16&#8243; z_index_tablet=&#8220;500&#8243; text_text_shadow_horizontal_length_tablet=&#8220;0px&#8220; text_text_shadow_vertical_length_tablet=&#8220;0px&#8220; text_text_shadow_blur_strength_tablet=&#8220;1px&#8220; link_text_shadow_horizontal_length_tablet=&#8220;0px&#8220; link_text_shadow_vertical_length_tablet=&#8220;0px&#8220; link_text_shadow_blur_strength_tablet=&#8220;1px&#8220; ul_text_shadow_horizontal_length_tablet=&#8220;0px&#8220; ul_text_shadow_vertical_length_tablet=&#8220;0px&#8220; ul_text_shadow_blur_strength_tablet=&#8220;1px&#8220; ol_text_shadow_horizontal_length_tablet=&#8220;0px&#8220; ol_text_shadow_vertical_length_tablet=&#8220;0px&#8220; ol_text_shadow_blur_strength_tablet=&#8220;1px&#8220; quote_text_shadow_horizontal_length_tablet=&#8220;0px&#8220; quote_text_shadow_vertical_length_tablet=&#8220;0px&#8220; quote_text_shadow_blur_strength_tablet=&#8220;1px&#8220; header_text_shadow_horizontal_length_tablet=&#8220;0px&#8220; header_text_shadow_vertical_length_tablet=&#8220;0px&#8220; header_text_shadow_blur_strength_tablet=&#8220;1px&#8220; header_2_text_shadow_horizontal_length_tablet=&#8220;0px&#8220; header_2_text_shadow_vertical_length_tablet=&#8220;0px&#8220; header_2_text_shadow_blur_strength_tablet=&#8220;1px&#8220; header_3_text_shadow_horizontal_length_tablet=&#8220;0px&#8220; header_3_text_shadow_vertical_length_tablet=&#8220;0px&#8220; header_3_text_shadow_blur_strength_tablet=&#8220;1px&#8220; header_4_text_shadow_horizontal_length_tablet=&#8220;0px&#8220; header_4_text_shadow_vertical_length_tablet=&#8220;0px&#8220; header_4_text_shadow_blur_strength_tablet=&#8220;1px&#8220; header_5_text_shadow_horizontal_length_tablet=&#8220;0px&#8220; header_5_text_shadow_vertical_length_tablet=&#8220;0px&#8220; header_5_text_shadow_blur_strength_tablet=&#8220;1px&#8220; header_6_text_shadow_horizontal_length_tablet=&#8220;0px&#8220; header_6_text_shadow_vertical_length_tablet=&#8220;0px&#8220; header_6_text_shadow_blur_strength_tablet=&#8220;1px&#8220; box_shadow_horizontal_tablet=&#8220;0px&#8220; box_shadow_vertical_tablet=&#8220;0px&#8220; box_shadow_blur_tablet=&#8220;40px&#8220; box_shadow_spread_tablet=&#8220;0px&#8220; global_colors_info=&#8220;{}&#8220;]Wie bereits mehrfach an dieser Stelle und im TV im Allgemeinen berichtet, funktioniert seit August 2019 die Meldung der Steuerbescheinigungen von luxemburgischen Renten. Dies ist im Grunde genommen keine \u00dcberraschung. Die entsprechende EU-Richtlinie stammt aus dem Jahr 2013. Es gab also gen\u00fcgend Zeit f\u00fcr Grenzg\u00e4nger zur Berichtigung oder Nachholung von Steuererkl\u00e4rungen.<\/p>\n<p>In der Region Trier wurden tausende Grenzg\u00e4nger und ehemalige Grenzg\u00e4nger angeschrieben. Darunter befinden sich auch viele Rentner. Es irritiert etwas, dass das Finanzamt die Steuererkl\u00e4rung f\u00fcr das Jahr 2014 anfordert. Im weiteren Text des Anschreibens wird jedoch darauf hingewiesen, dass man auch alle anderen Steuerjahre pr\u00fcfen soll.<\/p>\n<p>Bei Rentnern ergibt sich eine Nachversteuerung von Renten bis zum Jahr 2013. Nach dem alten DBA waren n\u00e4mlich die gesetzlichen Renten aus Luxemburg in Deutschland zu versteuern. Man h\u00e4tte auch selbst darauf kommen k\u00f6nnen, da auf den Steuerbescheinigungen ersichtlich ist, dass eine luxemburgische Steuer nicht abgezogen worden war. Aufgrund der relativ hohen luxemburgischen Renten m\u00fcssen Rentner damit rechnen, dass sie einige tausend Euro nachzahlen m\u00fcssen. Nicht unbeachtlich sind auch die damit zusammenh\u00e4ngenden <strong>Verzugszinsen in H\u00f6he von 6 Prozent.<br \/>\n<\/strong><\/p>\n<p><strong>Eine Steuerr\u00fcckerstattung aus Luxemburg wird es entgegen anderslautender Meldungen mangels Steuerabzug also nicht geben.<\/strong> Wer seine alten Rentenbescheinigungen nicht mehr hat, kann diese unkompliziert bei der CNAP oder DRV anfordern.<\/p>\n<p>Beziehen Rentner auch eine deutsche Rente, muss eine deutsche Steuererkl\u00e4rung auch ab 2014 abgegeben werden.<\/p>\n<p>Rentner wenden sich bestenfalls an die deutschen steuerberatenden Berufe nach dem Steuerberatungsgesetz, also Steuerberater, Fachanw\u00e4lte und Lohnsteuerhilfevereine. Luxemburgische Arbeitnehmerverb\u00e4nde d\u00fcrften weder die Qualifikation noch die gesetzliche Zulassung zur Steuerberatung besitzen und sind daher offensichtlich nicht hilfreich.<br \/>\n[\/et_pb_text][\/et_pb_column][et_pb_column type=&#8220;1_3&#8243; _builder_version=&#8220;4.16&#8243; background_position=&#8220;top_left&#8220; custom_padding=&#8220;0px|0px|0px|&#8220; global_colors_info=&#8220;{}&#8220; custom_padding__hover=&#8220;|||&#8220;][et_pb_text admin_label=&#8220;Text Abstandshalter&#8220; _builder_version=&#8220;4.16&#8243; custom_margin=&#8220;0px|0px|0px|0px&#8220; custom_padding=&#8220;0px|0px|0px|0px&#8220; global_colors_info=&#8220;{}&#8220;]<span style=\"color: #ffffff;\">:<\/span><br \/>\n<span style=\"color: #ffffff;\">:<\/span><br \/>\n[\/et_pb_text][et_pb_image src=&#8220;https:\/\/wonnebauer.de\/site\/wp-content\/uploads\/2018\/06\/Wonnebauer_trierischer_volksfreund_index.jpg&#8220; align_tablet=&#8220;center&#8220; align_phone=&#8220;&#8220; align_last_edited=&#8220;on|desktop&#8220; admin_label=&#8220;Bild Wonnebauer_trierischer_volksfreund_index&#8220; _builder_version=&#8220;4.16&#8243; custom_margin=&#8220;||0px|&#8220; global_colors_info=&#8220;{}&#8220;][\/et_pb_image][\/et_pb_column][\/et_pb_row][et_pb_row column_structure=&#8220;2_3,1_3&#8243; _builder_version=&#8220;4.16&#8243; global_colors_info=&#8220;{}&#8220;][et_pb_column type=&#8220;2_3&#8243; _builder_version=&#8220;4.16&#8243; background_position=&#8220;top_left&#8220; custom_padding=&#8220;0px|0px|0px|0px&#8220; global_colors_info=&#8220;{}&#8220; custom_padding__hover=&#8220;|||&#8220;][et_pb_text admin_label=&#8220;Text Abstandshalter&#8220; _builder_version=&#8220;4.16&#8243; custom_margin=&#8220;0px|0px|0px|0px&#8220; custom_padding=&#8220;0px|0px|0px|0px&#8220; global_colors_info=&#8220;{}&#8220;]<span style=\"color: #ffffff;\">:<\/span><br \/>\n<span style=\"color: #ffffff;\">:<\/span><br \/>\n[\/et_pb_text][et_pb_text admin_label=&#8220;Text \u00dcberschrift Kolumne September Steuerbescheide vom Bureau RTS und Steuerkarte&#8220; _builder_version=&#8220;4.16&#8243; z_index_tablet=&#8220;500&#8243; text_text_shadow_horizontal_length_tablet=&#8220;0px&#8220; text_text_shadow_vertical_length_tablet=&#8220;0px&#8220; text_text_shadow_blur_strength_tablet=&#8220;1px&#8220; link_text_shadow_horizontal_length_tablet=&#8220;0px&#8220; link_text_shadow_vertical_length_tablet=&#8220;0px&#8220; link_text_shadow_blur_strength_tablet=&#8220;1px&#8220; ul_text_shadow_horizontal_length_tablet=&#8220;0px&#8220; ul_text_shadow_vertical_length_tablet=&#8220;0px&#8220; ul_text_shadow_blur_strength_tablet=&#8220;1px&#8220; ol_text_shadow_horizontal_length_tablet=&#8220;0px&#8220; ol_text_shadow_vertical_length_tablet=&#8220;0px&#8220; ol_text_shadow_blur_strength_tablet=&#8220;1px&#8220; quote_text_shadow_horizontal_length_tablet=&#8220;0px&#8220; quote_text_shadow_vertical_length_tablet=&#8220;0px&#8220; quote_text_shadow_blur_strength_tablet=&#8220;1px&#8220; header_text_shadow_horizontal_length_tablet=&#8220;0px&#8220; header_text_shadow_vertical_length_tablet=&#8220;0px&#8220; header_text_shadow_blur_strength_tablet=&#8220;1px&#8220; header_2_text_shadow_horizontal_length_tablet=&#8220;0px&#8220; header_2_text_shadow_vertical_length_tablet=&#8220;0px&#8220; header_2_text_shadow_blur_strength_tablet=&#8220;1px&#8220; header_3_text_shadow_horizontal_length_tablet=&#8220;0px&#8220; header_3_text_shadow_vertical_length_tablet=&#8220;0px&#8220; header_3_text_shadow_blur_strength_tablet=&#8220;1px&#8220; header_4_text_shadow_horizontal_length_tablet=&#8220;0px&#8220; header_4_text_shadow_vertical_length_tablet=&#8220;0px&#8220; header_4_text_shadow_blur_strength_tablet=&#8220;1px&#8220; header_5_text_shadow_horizontal_length_tablet=&#8220;0px&#8220; header_5_text_shadow_vertical_length_tablet=&#8220;0px&#8220; header_5_text_shadow_blur_strength_tablet=&#8220;1px&#8220; header_6_text_shadow_horizontal_length_tablet=&#8220;0px&#8220; header_6_text_shadow_vertical_length_tablet=&#8220;0px&#8220; header_6_text_shadow_blur_strength_tablet=&#8220;1px&#8220; box_shadow_horizontal_tablet=&#8220;0px&#8220; box_shadow_vertical_tablet=&#8220;0px&#8220; box_shadow_blur_tablet=&#8220;40px&#8220; box_shadow_spread_tablet=&#8220;0px&#8220; global_colors_info=&#8220;{}&#8220;]<\/p>\n<h3>Kolumne September: <strong>Automatische Meldung von Lohndaten aus Luxemburg funktioniert nun<br \/>\n<\/strong><\/h3>\n<p>[\/et_pb_text][et_pb_text admin_label=&#8220;Text Kolumne September : Automatische Meldung funktionert seit Anfang 2019&#8243; _builder_version=&#8220;4.16&#8243; z_index_tablet=&#8220;500&#8243; global_colors_info=&#8220;{}&#8220;]<strong>Automatische Meldung von luxemburger Lohndaten funktioniert nun<\/strong><\/p>\n<p>Einige Grenzg\u00e4nger haben eine neue Baustelle. Bereits seit 2015 wird von den EU-Staaten eine <strong>Richtlinie<\/strong> umgesetzt, wonach Steuerdaten \u00fcber <strong>L\u00f6hne, Pensionen und Versicherungsleistungen<\/strong>, konkret f\u00fcr unsere Region aus Luxemburg nach Deutschland gemeldet werden. Die Daten lagen jedoch 4 \u00a0Jahre beim Bundeszentralamt f\u00fcr Steuern, weil eine Software zur \u00dcbermittlung der Daten an die Wohnsitzfinanz\u00e4mter fehlte. Der TV hatte dar\u00fcber berichtet. Diese L\u00fccke wurde Anfang des Jahres 2019, also rund 4 Jahre nach Einf\u00fchrung der Richtlinie, geschlossen.<\/p>\n<p>Diese schon seit einigen Jahren bekannte Entdeckungsgefahr wurde von Grenzg\u00e4ngern untersch\u00e4tzt. \u00a0Man h\u00e4tte schon Selbstanzeigen erstatten k\u00f6nnen, lie\u00df es aber darauf ankommen.Tats\u00e4chlich stehen jetzt Strafverfahren an, bei denen der in Deutschland arbeitende Ehepartner in der deutschen Steuerkl\u00e4rung angab, sein Ehegatte arbeite nicht.\u00a0 Steuerklasse 3 und Splittingtarf wurden ausgenutzt. Das luxemburger Einkommen des Grenzg\u00e4ngers\u00a0 wurde unterschlagen. Die Folge sind nun Steuernachzahlungen f\u00fcr rund 10 Jahre. \u00a0Hier kann es schon einmal zu Nachzahlungen von Steuern, Verzugs- und Hinterziehungszinsen von 50.000 Euro kommen. \u00a0Straffreiheit setzt eine aktive Mitarbeit und die Zahlung der Steuern voraus.<\/p>\n<p>Ab dem <strong>Juli 2020 sieht die Richtlinie vor, dass Meldungen viertelj\u00e4hrlich, zeitnah innerhalb von 30 Tagen,\u00a0 erfolgen<\/strong>. \u00a0Es bleibt eine vage Hoffnung, dass der Groschen jetzt\u00a0 auch bei dem letzten Grenzg\u00e4nger gefallen ist.<\/p>\n<p>Die Finanzverwaltung arbeitet an einer Strategie, die Datenmengen\u00a0 nun nicht mehr zum Datenfriedhof verk\u00fcmmern\u00a0 zu lassen, sondern diese effizient auszuwerten, um\u00a0 die Steuereinnahmen zu erh\u00f6hen. \u00a0B\u00fcrger akzeptieren Steuerzahlungen nur dann, wenn eine gleichm\u00e4\u00dfige Besteuerung erfolgt, es\u00a0 also keine Schlupfl\u00f6cher f\u00fcr den Nachbarn gibt. \u00a0Er hat also auch ein Recht darauf, dass die Finanzverwaltung effektiv arbeitet und Nachforschungen anstellt.<br \/>\n[\/et_pb_text][\/et_pb_column][et_pb_column type=&#8220;1_3&#8243; _builder_version=&#8220;4.16&#8243; background_position=&#8220;top_left&#8220; custom_padding=&#8220;0px|0px|0px|&#8220; global_colors_info=&#8220;{}&#8220; custom_padding__hover=&#8220;|||&#8220;][et_pb_text admin_label=&#8220;Text Abstandshalter&#8220; _builder_version=&#8220;4.16&#8243; custom_margin=&#8220;0px|0px|0px|0px&#8220; custom_padding=&#8220;0px|0px|0px|0px&#8220; global_colors_info=&#8220;{}&#8220;]<span style=\"color: #ffffff;\">:<\/span><br \/>\n<span style=\"color: #ffffff;\">:<\/span><br \/>\n[\/et_pb_text][et_pb_image src=&#8220;https:\/\/wonnebauer.de\/site\/wp-content\/uploads\/2018\/06\/Wonnebauer_trierischer_volksfreund_index.jpg&#8220; align_tablet=&#8220;center&#8220; align_phone=&#8220;&#8220; align_last_edited=&#8220;on|desktop&#8220; admin_label=&#8220;Bild Wonnebauer_trierischer_volksfreund_index&#8220; _builder_version=&#8220;4.16&#8243; custom_margin=&#8220;||0px|&#8220; global_colors_info=&#8220;{}&#8220;][\/et_pb_image][\/et_pb_column][\/et_pb_row][et_pb_row column_structure=&#8220;2_3,1_3&#8243; _builder_version=&#8220;4.16&#8243; global_colors_info=&#8220;{}&#8220;][et_pb_column type=&#8220;2_3&#8243; _builder_version=&#8220;4.16&#8243; background_position=&#8220;top_left&#8220; custom_padding=&#8220;0px|0px|0px|0px&#8220; global_colors_info=&#8220;{}&#8220; custom_padding__hover=&#8220;|||&#8220;][et_pb_text admin_label=&#8220;Text Abstandshalter&#8220; _builder_version=&#8220;4.16&#8243; custom_margin=&#8220;0px|0px|0px|0px&#8220; custom_padding=&#8220;0px|0px|0px|0px&#8220; global_colors_info=&#8220;{}&#8220;]<span style=\"color: #ffffff;\">:<\/span><br \/>\n<span style=\"color: #ffffff;\">:<\/span><br \/>\n[\/et_pb_text][et_pb_text admin_label=&#8220;Text \u00dcberschrift Kolumne August Steuerbescheide vom Bureau RTS und Steuerkarte&#8220; _builder_version=&#8220;4.16&#8243; z_index_tablet=&#8220;500&#8243; text_text_shadow_horizontal_length_tablet=&#8220;0px&#8220; text_text_shadow_vertical_length_tablet=&#8220;0px&#8220; text_text_shadow_blur_strength_tablet=&#8220;1px&#8220; link_text_shadow_horizontal_length_tablet=&#8220;0px&#8220; link_text_shadow_vertical_length_tablet=&#8220;0px&#8220; link_text_shadow_blur_strength_tablet=&#8220;1px&#8220; ul_text_shadow_horizontal_length_tablet=&#8220;0px&#8220; ul_text_shadow_vertical_length_tablet=&#8220;0px&#8220; ul_text_shadow_blur_strength_tablet=&#8220;1px&#8220; ol_text_shadow_horizontal_length_tablet=&#8220;0px&#8220; ol_text_shadow_vertical_length_tablet=&#8220;0px&#8220; ol_text_shadow_blur_strength_tablet=&#8220;1px&#8220; quote_text_shadow_horizontal_length_tablet=&#8220;0px&#8220; quote_text_shadow_vertical_length_tablet=&#8220;0px&#8220; quote_text_shadow_blur_strength_tablet=&#8220;1px&#8220; header_text_shadow_horizontal_length_tablet=&#8220;0px&#8220; header_text_shadow_vertical_length_tablet=&#8220;0px&#8220; header_text_shadow_blur_strength_tablet=&#8220;1px&#8220; header_2_text_shadow_horizontal_length_tablet=&#8220;0px&#8220; header_2_text_shadow_vertical_length_tablet=&#8220;0px&#8220; header_2_text_shadow_blur_strength_tablet=&#8220;1px&#8220; header_3_text_shadow_horizontal_length_tablet=&#8220;0px&#8220; header_3_text_shadow_vertical_length_tablet=&#8220;0px&#8220; header_3_text_shadow_blur_strength_tablet=&#8220;1px&#8220; header_4_text_shadow_horizontal_length_tablet=&#8220;0px&#8220; header_4_text_shadow_vertical_length_tablet=&#8220;0px&#8220; header_4_text_shadow_blur_strength_tablet=&#8220;1px&#8220; header_5_text_shadow_horizontal_length_tablet=&#8220;0px&#8220; header_5_text_shadow_vertical_length_tablet=&#8220;0px&#8220; header_5_text_shadow_blur_strength_tablet=&#8220;1px&#8220; header_6_text_shadow_horizontal_length_tablet=&#8220;0px&#8220; header_6_text_shadow_vertical_length_tablet=&#8220;0px&#8220; header_6_text_shadow_blur_strength_tablet=&#8220;1px&#8220; box_shadow_horizontal_tablet=&#8220;0px&#8220; box_shadow_vertical_tablet=&#8220;0px&#8220; box_shadow_blur_tablet=&#8220;40px&#8220; box_shadow_spread_tablet=&#8220;0px&#8220; global_colors_info=&#8220;{}&#8220;]<\/p>\n<h3>Kolumne August: <strong>BFH entscheidet zu \u00f6ffentlichem Dienst<br \/>\n<\/strong><\/h3>\n<p>[\/et_pb_text][et_pb_text admin_label=&#8220;Text Kolumne August : BFH zu \u00f6ffentlichem Dienst&#8220; _builder_version=&#8220;4.16&#8243; z_index_tablet=&#8220;500&#8243; global_colors_info=&#8220;{}&#8220;]Der<strong> Bundesfinanzhof<\/strong> hat am 14.5.2019 entschieden (Az.: I B 75\/18), dass auch bei <strong>Angestellten des \u00f6ffentlichen Dienstes<\/strong> Tage, die au\u00dferhalb Luxemburgs gearbeitet werden, in Deutschland zu versteuern sind. Die meisten Finanz\u00e4mter gingen bislang von der Geltung des Kassenstaatsprinzips aus.<\/p>\n<p>Betroffen hiervon sind alle Grenzg\u00e4nger, die im<strong> luxemburgischen \u00f6ffentlichen Dienst besch\u00e4ftigt<\/strong> sind, es sei denn, sie haben die luxemburgische Staatsangeh\u00f6rigkeit. Gemeint sind also alle deutschen Grenzg\u00e4nger im luxemburgischen \u00f6ffentlichen Dienst, seien es Lehrer oder Mitarbeiter an Universit\u00e4ten oder von Kommunen, wenn sie au\u00dferhalb Luxemburgs arbeiten. Gemeint sind also nicht blo\u00df Staatsbeamte, sondern alle Mitarbeiter, die aus \u00f6ffentlichen Kassen Bez\u00fcge erhalten und beispielsweise auch Home-Office-Tage in Deutschland ableisten.<\/p>\n<p>Sinnigerweise <strong>gilt f\u00fcr diese nicht die 19-Tage-Regel,<\/strong> weil die Verst\u00e4ndigungsvereinbarung nur f\u00fcr Anstellungsverh\u00e4ltnisse der Privatwirtschaft gilt. Die Betroffenen m\u00fcssen daher auch bei weniger als 20 Tagen T\u00e4tigkeit au\u00dferhalb Luxemburgs ihr Gehalt anteilig in Deutschland versteuern.<\/p>\n<p>Der Entscheidung lag ein Fall des Finanzamtes Wittlich zugrunde. Bereits das Finanzgericht Rheinland-Pfalz hatte im Sinne des Finanzamtes entschieden.<\/p>\n<p>Argumente der Ungleichbehandlung von \u00f6ffentlichem Dienst und Privatwirtschaft und die Behandlung nach der Staatsangeh\u00f6rigkeit als Versto\u00df gegen Europarecht wischte der Bundesfinanzhof vom Tisch. Deutschland k\u00f6nne ja mit Luxemburg auch eine Vereinbarung bez\u00fcglich des \u00f6ffentlichen Dienstes treffen.<\/p>\n<p>Allerdings ist es doch schwer vorstellbar, dass das Bundesfinanzministerium 2011 bewusst die 19-Tage-Regel nicht auf den \u00f6ffentlichen Dienst ausdehnen wollte. Steuergerechtigkeit treibt doch wunderliche Bl\u00fcten.<\/p>\n<p>Die Lohnaufteilung sollte demnach auch schon von den luxemburgischen Beh\u00f6rden vorgenommen werden. Dies wird dort sicherlich auf Widerstand sto\u00dfen. Ein <strong>Verst\u00e4ndigungsverfahren<\/strong> wurde eingeleitet. Die weitere Entwicklung bleibt abzuwarten.<\/p>\n<p>&nbsp;<br \/>\n[\/et_pb_text][\/et_pb_column][et_pb_column type=&#8220;1_3&#8243; _builder_version=&#8220;4.16&#8243; background_position=&#8220;top_left&#8220; custom_padding=&#8220;0px|0px|0px|&#8220; global_colors_info=&#8220;{}&#8220; custom_padding__hover=&#8220;|||&#8220;][et_pb_text admin_label=&#8220;Text Abstandshalter&#8220; _builder_version=&#8220;4.16&#8243; custom_margin=&#8220;0px|0px|0px|0px&#8220; custom_padding=&#8220;0px|0px|0px|0px&#8220; global_colors_info=&#8220;{}&#8220;]<span style=\"color: #ffffff;\">:<\/span><br \/>\n<span style=\"color: #ffffff;\">:<\/span><br \/>\n[\/et_pb_text][et_pb_image src=&#8220;https:\/\/wonnebauer.de\/site\/wp-content\/uploads\/2018\/06\/Wonnebauer_trierischer_volksfreund_index.jpg&#8220; align_tablet=&#8220;center&#8220; align_phone=&#8220;&#8220; align_last_edited=&#8220;on|desktop&#8220; admin_label=&#8220;Bild Wonnebauer_trierischer_volksfreund_index&#8220; _builder_version=&#8220;4.16&#8243; custom_margin=&#8220;||0px|&#8220; global_colors_info=&#8220;{}&#8220;][\/et_pb_image][\/et_pb_column][\/et_pb_row][et_pb_row column_structure=&#8220;2_3,1_3&#8243; _builder_version=&#8220;4.16&#8243; global_colors_info=&#8220;{}&#8220;][et_pb_column type=&#8220;2_3&#8243; _builder_version=&#8220;4.16&#8243; background_position=&#8220;top_left&#8220; custom_padding=&#8220;0px|0px|0px|0px&#8220; global_colors_info=&#8220;{}&#8220; custom_padding__hover=&#8220;|||&#8220;][et_pb_text admin_label=&#8220;Text Abstandshalter&#8220; _builder_version=&#8220;4.16&#8243; custom_margin=&#8220;0px|0px|0px|0px&#8220; custom_padding=&#8220;0px|0px|0px|0px&#8220; global_colors_info=&#8220;{}&#8220;]<span style=\"color: #ffffff;\">:<\/span><br \/>\n<span style=\"color: #ffffff;\">:<\/span><br \/>\n[\/et_pb_text][et_pb_text admin_label=&#8220;Text \u00dcberschrift Kolumne Juli Steuerbescheide vom Bureau RTS und Steuerkarte&#8220; _builder_version=&#8220;4.16&#8243; z_index_tablet=&#8220;500&#8243; global_colors_info=&#8220;{}&#8220;]<\/p>\n<h3>Kolumne Juli: <strong>Steuerbescheide vom Bureau RTS und Steuerkarte<\/strong><\/h3>\n<p>[\/et_pb_text][et_pb_text admin_label=&#8220;Text Kolumne Juli Steuerbescheide vom Bureau RTS und Steuerkarte&#8220; _builder_version=&#8220;4.16&#8243; z_index_tablet=&#8220;500&#8243; global_colors_info=&#8220;{}&#8220;]Seit ein paar Monaten erl\u00e4sst auch das B\u00fcro RTS f\u00fcr das Jahr 2017 Steuerbescheide. Es ist zust\u00e4ndig f\u00fcr die Veranlagung von Grenzg\u00e4ngern, die keine neun Monate ununterbrochen in Luxemburg gearbeitet haben, also f\u00fcr Grenzg\u00e4nger, die au\u00dferhalb Luxemburgs arbeiten.<\/p>\n<p>Dies ist ein Novum, denn bislang gab es keine Steuerbescheide von dort. Es handelte sich um eine in Deutschland unbekannte Ermessensveranlagung. Um mehr Transparenz zu schaffen, hat das B\u00fcro RTS seine Praxis ge\u00e4ndert, was zu einer Nachpr\u00fcfbarkeit des Steuerbescheides und erstmals zu einer Anfechtungsm\u00f6glichkeit f\u00fchrt.<\/p>\n<p>Ab dem Jahr 2018 wird das B\u00fcro RTS allerdings nur noch zust\u00e4ndig werden, wenn Grenzg\u00e4nger mehr als 50 Tage au\u00dferhalb Luxemburgs gearbeitet haben. Durch die neu eingef\u00fchrte 50-Tagegrenze wird die vorgenannte 9-Monatsfrist also wiederum ausgeschlossen. Allerdings ist dieses Verfahren auch fehleranf\u00e4llig, da das B\u00fcro Z derzeit manchmal die 50-Tagegrenze \u00fcbersieht und zu Unrecht die Sache an das B\u00fcro RTS verweist. Hier sollten Grenzg\u00e4nger aufpassen. Das Verfahren ist f\u00fcr alle Beteiligten Neuland.<\/p>\n<p>Verweist das B\u00fcro Z die Steuersache an das B\u00fcro RTS, rechnet ersteres bereits gezahlte Vorauszahlungen ab und erstattet diese. Grenzg\u00e4nger erhalten eine entsprechende Abrechnung der Finanzkasse.<\/p>\n<p>Aufgrund der neu ergangenen Steuerbescheide wird der globale Steuersatz auf der Steuerkarte von Verheirateten automatisch angepasst und eine neue Karte ausgestellt.<\/p>\n<p>Ausnahmen davon sind allerdings auch bekannt. Wer hohe Nachzahlungen m\u00f6glichst vermeiden will, muss sich daher weiter selbst um eine Anpassung der Steuerkarte bem\u00fchen und dazu einen entsprechenden Antrag stellen.<br \/>\n[\/et_pb_text][\/et_pb_column][et_pb_column type=&#8220;1_3&#8243; _builder_version=&#8220;4.16&#8243; background_position=&#8220;top_left&#8220; custom_padding=&#8220;0px|0px|0px|&#8220; global_colors_info=&#8220;{}&#8220; custom_padding__hover=&#8220;|||&#8220;][et_pb_text admin_label=&#8220;Text Abstandshalter&#8220; _builder_version=&#8220;4.16&#8243; custom_margin=&#8220;0px|0px|0px|0px&#8220; custom_padding=&#8220;0px|0px|0px|0px&#8220; global_colors_info=&#8220;{}&#8220;]<span style=\"color: #ffffff;\">:<\/span><br \/>\n<span style=\"color: #ffffff;\">:<\/span><br \/>\n[\/et_pb_text][et_pb_image src=&#8220;https:\/\/wonnebauer.de\/site\/wp-content\/uploads\/2018\/06\/Wonnebauer_trierischer_volksfreund_index.jpg&#8220; align_tablet=&#8220;center&#8220; align_phone=&#8220;&#8220; align_last_edited=&#8220;on|desktop&#8220; admin_label=&#8220;Bild Wonnebauer_trierischer_volksfreund_index&#8220; _builder_version=&#8220;4.16&#8243; custom_margin=&#8220;||0px|&#8220; global_colors_info=&#8220;{}&#8220;][\/et_pb_image][\/et_pb_column][\/et_pb_row][et_pb_row column_structure=&#8220;2_3,1_3&#8243; _builder_version=&#8220;4.16&#8243; global_colors_info=&#8220;{}&#8220;][et_pb_column type=&#8220;2_3&#8243; _builder_version=&#8220;4.16&#8243; background_position=&#8220;top_left&#8220; custom_padding=&#8220;0px|0px|0px|0px&#8220; global_colors_info=&#8220;{}&#8220; custom_padding__hover=&#8220;|||&#8220;][et_pb_text admin_label=&#8220;Text Abstandshalter&#8220; _builder_version=&#8220;4.16&#8243; custom_margin=&#8220;0px|0px|0px|0px&#8220; custom_padding=&#8220;0px|0px|0px|0px&#8220; global_colors_info=&#8220;{}&#8220;]<span style=\"color: #ffffff;\">:<\/span><br \/>\n<span style=\"color: #ffffff;\">:<\/span><br \/>\n[\/et_pb_text][et_pb_text admin_label=&#8220;Text \u00dcberschrift Kolumne Juni Erste Steuerbescheide treffen ein&#8220; _builder_version=&#8220;4.16&#8243; z_index_tablet=&#8220;500&#8243; global_colors_info=&#8220;{}&#8220;]<\/p>\n<h3>Kolumne Juni: <strong>Erste Steuerbescheide treffen schon ein<br \/>\n<\/strong><\/h3>\n<p><strong>\u00a0<\/strong><br \/>\n[\/et_pb_text][et_pb_text admin_label=&#8220;Text Kolumne Juni: Erste Steuerbescheide treffen schon ein&#8220; _builder_version=&#8220;4.16&#8243; z_index_tablet=&#8220;500&#8243; global_colors_info=&#8220;{}&#8220;]Die Bearbeitungszeit der Steuerveranlagung durch das f\u00fcr die Grenzg\u00e4nger zust\u00e4ndige B\u00fcro Z dauerte in den letzten Jahren erheblich lange. Im Schnitt <strong>wartete man acht bis zehn Monate<\/strong> auf den Steuerbescheid, schlimmstenfalls drei Jahre. In manchen F\u00e4llen ging es auch schneller.<\/p>\n<p>Aktuell kommen schon Steuerbescheide f\u00fcr Ledige und Verheiratete. Die Bearbeitungszeit betrug dann lediglich zwei Monate. Interessant ist in diesem Zusammenhang, dass das B\u00fcro Z wegen den deutschen Eink\u00fcnften nicht nach den deutschen Steuerbescheiden gefragt hat, wenn vorher individuell die Steuerklasse beantragt worden war.<\/p>\n<p>Dies kann eine Ausnahme sein. Wir sind gespannt, wie sich die allgemeine Bearbeitungszeit entwickeln wird.<br \/>\n[\/et_pb_text][\/et_pb_column][et_pb_column type=&#8220;1_3&#8243; _builder_version=&#8220;4.16&#8243; background_position=&#8220;top_left&#8220; custom_padding=&#8220;0px|0px|0px|&#8220; global_colors_info=&#8220;{}&#8220; custom_padding__hover=&#8220;|||&#8220;][et_pb_text admin_label=&#8220;Text Abstandshalter&#8220; _builder_version=&#8220;4.16&#8243; custom_margin=&#8220;0px|0px|0px|0px&#8220; custom_padding=&#8220;0px|0px|0px|0px&#8220; global_colors_info=&#8220;{}&#8220;]<span style=\"color: #ffffff;\">:<\/span><br \/>\n<span style=\"color: #ffffff;\">:<\/span><br \/>\n[\/et_pb_text][et_pb_image src=&#8220;https:\/\/wonnebauer.de\/site\/wp-content\/uploads\/2018\/06\/Wonnebauer_trierischer_volksfreund_index.jpg&#8220; align_tablet=&#8220;center&#8220; align_phone=&#8220;&#8220; align_last_edited=&#8220;on|desktop&#8220; admin_label=&#8220;Bild Wonnebauer_trierischer_volksfreund_index&#8220; _builder_version=&#8220;4.16&#8243; custom_margin=&#8220;||0px|&#8220; global_colors_info=&#8220;{}&#8220;][\/et_pb_image][\/et_pb_column][\/et_pb_row][et_pb_row column_structure=&#8220;2_3,1_3&#8243; _builder_version=&#8220;4.16&#8243; global_colors_info=&#8220;{}&#8220;][et_pb_column type=&#8220;2_3&#8243; _builder_version=&#8220;4.16&#8243; background_position=&#8220;top_left&#8220; custom_padding=&#8220;0px|0px|0px|0px&#8220; global_colors_info=&#8220;{}&#8220; custom_padding__hover=&#8220;|||&#8220;][et_pb_text admin_label=&#8220;Text Abstandshalter&#8220; _builder_version=&#8220;4.16&#8243; custom_margin=&#8220;0px|0px|0px|0px&#8220; custom_padding=&#8220;0px|0px|0px|0px&#8220; global_colors_info=&#8220;{}&#8220;]<span style=\"color: #ffffff;\">:<\/span><br \/>\n<span style=\"color: #ffffff;\">:<\/span><br \/>\n[\/et_pb_text][et_pb_text admin_label=&#8220;Text \u00dcberschrift Kolumne Fristenberechnung&#8220; _builder_version=&#8220;4.16&#8243; z_index_tablet=&#8220;500&#8243; global_colors_info=&#8220;{}&#8220;]<\/p>\n<h3>Kolumne Mai: <strong>Drei neue Schreiben des Steuerdirektors<br \/>\n<\/strong><\/h3>\n<p><strong>\u00a0<\/strong><br \/>\n[\/et_pb_text][et_pb_text admin_label=&#8220;Text Kolumne Mai: Steuerrundschreiben &#8220; _builder_version=&#8220;4.16&#8243; z_index_tablet=&#8220;500&#8243; global_colors_info=&#8220;{}&#8220;]Die <strong>luxemburgische Steuerverwaltung<\/strong> hat in <strong>drei Rundschreiben vom 21.3.2019<\/strong> Arbeitshinweise die Grenzg\u00e4nger betreffend f\u00fcr die Finanzbeamten erlassen. Auf ein paar Details und deren Interpretation soll an dieser Stelle eingegangen werden.<\/p>\n<p>Demnach ist das luxemburger Finanzamt nicht an die Ermittlung der Eink\u00fcnfte gem\u00e4\u00df dem deutschen Steuerbescheid gebunden, sondern ermittelt diese allein nach<strong> luxemburger Recht<\/strong>. Dieses kennt z.B. maximal 26 Entfernungskilometer zwischen Wohnung und Arbeitsst\u00e4tte. Die Abweichung kann aber auch zugunsten des Grenzg\u00e4ngers erfolgen, z.B. bei der sechsprozentigen Abschreibung f\u00fcr neue Wohnungen oder der Werbungskostenpauschale bei Vermietungen. Hier lohnt sich also eine bewusste Umrechnung.<\/p>\n<p>Bei der Zusammenveranlagung von verheirateten Grenzg\u00e4ngern mit einem Nichtgrenzg\u00e4nger muss auf dem neuen Steuerformular auch der Nichtgrenzg\u00e4nger-Ehegatte unterschreiben. Er akzeptiert damit, dass er \u00fcber seine Eink\u00fcnfte die notwendigen Informationen erteilen, also auch Unterlagen vorlegen muss. In Trennungsf\u00e4llen kann dies zum Problem werden.<\/p>\n<p>Die <strong>Zusammenveranlagung ab 2018<\/strong> setzt auch nicht mehr voraus, dass ein Ehepaar zusammenlebt. Das f\u00fchrt in Trennungsf\u00e4llen zu einem Steuervorteil. Bislang konnte man die Zusammenveranlagung nur beantragen, wenn man auch zusammen wohnte.<\/p>\n<p>Die deutschen Eink\u00fcnfte sind mit aussagekr\u00e4ftigen Dokumenten zu belegen. Es wird also nicht explizit die Vorlage eines deutschen Steuerbescheides gefordert, wenn es keine deutschen Eink\u00fcnfte gibt und man keine deutsche Steuererkl\u00e4rung abgeben muss.<\/p>\n<p>Ein geeignetes Beweismittel kann auch eine eidesstattliche Versicherung dar\u00fcber sein, dass man keine deutschen Eink\u00fcnfte hat. Unwahre Erkl\u00e4rungen sind nat\u00fcrlich strafbewehrt. Luxemburg kennt keine befreiende Selbstanzeige mehr.<\/p>\n<p>Es wird also nicht verlangt, dass die deutschen Finanz\u00e4mter entsprechende Null-Bescheide oder sonstige Best\u00e4tigungen ausstellen.<br \/>\n[\/et_pb_text][\/et_pb_column][et_pb_column type=&#8220;1_3&#8243; _builder_version=&#8220;4.16&#8243; background_position=&#8220;top_left&#8220; custom_padding=&#8220;0px|0px|0px|&#8220; global_colors_info=&#8220;{}&#8220; custom_padding__hover=&#8220;|||&#8220;][et_pb_text admin_label=&#8220;Text Abstandshalter&#8220; _builder_version=&#8220;4.16&#8243; custom_margin=&#8220;0px|0px|0px|0px&#8220; custom_padding=&#8220;0px|0px|0px|0px&#8220; global_colors_info=&#8220;{}&#8220;]<span style=\"color: #ffffff;\">:<\/span><br \/>\n<span style=\"color: #ffffff;\">:<\/span><br \/>\n[\/et_pb_text][et_pb_image src=&#8220;https:\/\/wonnebauer.de\/site\/wp-content\/uploads\/2018\/06\/Wonnebauer_trierischer_volksfreund_index.jpg&#8220; align_tablet=&#8220;center&#8220; align_phone=&#8220;&#8220; align_last_edited=&#8220;on|desktop&#8220; admin_label=&#8220;Bild Wonnebauer_trierischer_volksfreund_index&#8220; _builder_version=&#8220;4.16&#8243; custom_margin=&#8220;||0px|&#8220; global_colors_info=&#8220;{}&#8220;][\/et_pb_image][\/et_pb_column][\/et_pb_row][et_pb_row column_structure=&#8220;2_3,1_3&#8243; _builder_version=&#8220;4.16&#8243; global_colors_info=&#8220;{}&#8220;][et_pb_column type=&#8220;2_3&#8243; _builder_version=&#8220;4.16&#8243; background_position=&#8220;top_left&#8220; custom_padding=&#8220;0px|0px|0px|0px&#8220; global_colors_info=&#8220;{}&#8220; custom_padding__hover=&#8220;|||&#8220;][et_pb_text admin_label=&#8220;Text Abstandshalter&#8220; _builder_version=&#8220;4.16&#8243; custom_margin=&#8220;0px|0px|0px|0px&#8220; custom_padding=&#8220;0px|0px|0px|0px&#8220; global_colors_info=&#8220;{}&#8220;]<span style=\"color: #ffffff;\">:<\/span><br \/>\n<span style=\"color: #ffffff;\">:<\/span><br \/>\n[\/et_pb_text][et_pb_text admin_label=&#8220;Text \u00dcberschrift Kolumne Fristenberechnung&#8220; _builder_version=&#8220;4.16&#8243; z_index_tablet=&#8220;500&#8243; global_colors_info=&#8220;{}&#8220;]<\/p>\n<h3>Kolumne April: <strong>Fristenberechnung im Arbeitsrecht<br \/>\n<\/strong><\/h3>\n<p><strong>\u00a0<\/strong><br \/>\n[\/et_pb_text][et_pb_text admin_label=&#8220;Text Kolumne April: Fristenberechnung im Arbeitsrecht&#8220; _builder_version=&#8220;4.16&#8243; z_index_tablet=&#8220;500&#8243; global_colors_info=&#8220;{}&#8220;]Das Arbeitsrecht in Luxemburg ist im <strong>Code du Travail<\/strong> geregelt. Es gibt also ein kompaktes eigenes Gesetz, das sogar die Vorschriften zum Betriebsverfassungsrecht und Arbeitslosengeld enth\u00e4lt. Erg\u00e4nzend werden die Vorschriften des Code Civil herangezogen. In Deutschland ist das Arbeitsrecht hingegen in vielen Einzelgesetzen geregelt. Ein Arbeitsgesetzbuch gibt es nicht.<\/p>\n<p>Nach luxemburgischem Recht werden die <strong>K\u00fcndigungsfristen<\/strong> ab der Absendung des Schreibens gerechnet. K\u00fcndigt der Arbeitgeber also am 31. Mai, reicht das Datum des Poststempels auf der Einschreiben-Quittung, um den Fristenlauf zu beweisen.<\/p>\n<p>Eine K\u00fcndigung wirkt dann bei einer zweimonatigen Frist zum 31. Juli. Nach deutschem Recht k\u00e4me es auf den Zugang der K\u00fcndigung an, die je nach Postlauf zwischen dem 1. und 3.\u00a0 Juni liegen kann. Das Fristende w\u00e4re also ein anderes.<\/p>\n<p>Arbeitsrechtliche K\u00fcndigungen sind auch zum 15. eines Monats m\u00f6glich. Die K\u00fcndigungsfrist endet dann beispielsweise nach zwei Monaten ebenfalls am 15. des Monats.<\/p>\n<p>Allerdings wird dies in Luxemburg von der einen H\u00e4lfte der Juristen anders gesehen. Sie lassen die <strong>Frist zum 14. des Monats<\/strong> enden.<\/p>\n<p>Es gibt zwar bereits luxemburgische Gerichtsurteile zur Berechnung der Fristen, die auf eine EU-Richtlinie zur Fristenberechnung aus dem Jahr 1972 verweisen. So richtig bekannt ist aber weder dieses Urteil noch die Richtlinie.\u00a0 Trotz allem gibt es viele renommierte Anwaltskanzleien, die das Fristende auf den 14. des Monats bestimmen. Damit entgeht dem Arbeitnehmer ein Tageslohn.<\/p>\n<p>Verweist man die Gegner auf die vorgenannten Quellen, erh\u00e4lt man oft die klassische Antwort, das sei schon immer so gewesen oder das w\u00e4re eben so.<\/p>\n<p>Kleine Rechtsprobleme werden in Luxemburg oft nicht gel\u00f6st, sondern bleiben offen.<br \/>\n[\/et_pb_text][\/et_pb_column][et_pb_column type=&#8220;1_3&#8243; _builder_version=&#8220;4.16&#8243; background_position=&#8220;top_left&#8220; custom_padding=&#8220;0px|0px|0px|&#8220; global_colors_info=&#8220;{}&#8220; custom_padding__hover=&#8220;|||&#8220;][et_pb_text admin_label=&#8220;Text Abstandshalter&#8220; _builder_version=&#8220;4.16&#8243; custom_margin=&#8220;0px|0px|0px|0px&#8220; custom_padding=&#8220;0px|0px|0px|0px&#8220; global_colors_info=&#8220;{}&#8220;]<span style=\"color: #ffffff;\">:<\/span><br \/>\n<span style=\"color: #ffffff;\">:<\/span><br \/>\n[\/et_pb_text][et_pb_image src=&#8220;https:\/\/wonnebauer.de\/site\/wp-content\/uploads\/2018\/06\/Wonnebauer_trierischer_volksfreund_index.jpg&#8220; align_tablet=&#8220;center&#8220; align_phone=&#8220;&#8220; align_last_edited=&#8220;on|desktop&#8220; admin_label=&#8220;Bild Wonnebauer_trierischer_volksfreund_index&#8220; _builder_version=&#8220;4.16&#8243; custom_margin=&#8220;||0px|&#8220; global_colors_info=&#8220;{}&#8220;][\/et_pb_image][\/et_pb_column][\/et_pb_row][et_pb_row column_structure=&#8220;2_3,1_3&#8243; _builder_version=&#8220;4.16&#8243; global_colors_info=&#8220;{}&#8220;][et_pb_column type=&#8220;2_3&#8243; _builder_version=&#8220;4.16&#8243; background_position=&#8220;top_left&#8220; custom_padding=&#8220;0px|0px|0px|0px&#8220; global_colors_info=&#8220;{}&#8220; custom_padding__hover=&#8220;|||&#8220;][et_pb_text admin_label=&#8220;Text Abstandshalter&#8220; _builder_version=&#8220;4.16&#8243; custom_margin=&#8220;0px|0px|0px|0px&#8220; custom_padding=&#8220;0px|0px|0px|0px&#8220; global_colors_info=&#8220;{}&#8220;]<span style=\"color: #ffffff;\">:<\/span><br \/>\n<span style=\"color: #ffffff;\">:<\/span><br \/>\n[\/et_pb_text][et_pb_text admin_label=&#8220;Text \u00dcberschrift Kolumne M\u00e4rz &#8211; Krankengeld &#8220; _builder_version=&#8220;4.16&#8243; global_colors_info=&#8220;{}&#8220;]<\/p>\n<h3>Kolumne M\u00e4rz: <strong>CNS verweigert oft Zahlung von Krankengeld<\/strong><\/h3>\n<p><strong>\u00a0<\/strong><br \/>\n[\/et_pb_text][et_pb_text admin_label=&#8220;Text Kolumne M\u00e4rz: CNS verweigert Krankengeld&#8220; _builder_version=&#8220;4.16&#8243; global_colors_info=&#8220;{}&#8220;]Grenzg\u00e4nger erhalten bei Krankheit<strong> drei Monate Lohnfortzahlung<\/strong>. Bei l\u00e4ngerer Krankheit zahlt anschlie\u00dfend die luxemburgische Krankenkasse CNS f\u00fcr insgesamt <strong>78 Wochen<\/strong>. Allerdings wird bei vielen Krankheiten vor Eintritt der Zahlungspflicht der CNS eine <strong>medizinische Untersuchung<\/strong> stattfinden. Insbesondere bei nicht sichtbaren Krankheiten, wie Burnout oder Depressionen verweigert die Krankenkasse grunds\u00e4tzlich die Zahlung.<\/p>\n<p>Auch bei anderen nicht sichtbaren Krankheiten, wie beispielsweise R\u00fcckenleiden, werden \u00e4rztliche Atteste und Gutachten nicht anerkannt. Grenzg\u00e4nger verzweifeln hier oft, obwohl sie einen Ordner voll Arztdokumente vorlegen.<\/p>\n<p>Im Rahmen der <strong>Gesetzesreformen 2016<\/strong> hat Luxemburg auch hier seine Regeln versch\u00e4rft. Dies h\u00e4ngt nicht zuletzt auch mit dem Sozialbetrug zusammen.<\/p>\n<p>Lehnt die CNS die Leistung ab, muss hiergegen Widerspruch eingelegt werden und zwar pro Arbeitsunf\u00e4higkeitsbescheinigung. Grenzg\u00e4nger m\u00fcssen also einerseits f\u00fcr einen l\u00fcckenlosen Nachweis der Arbeitsunf\u00e4higkeit sorgen und andererseits bei jeder Ablehnung Widerspruch einlegen. Die CNS ist hier sehr hartn\u00e4ckig. Sie erl\u00e4sst schlimmstenfalls dann eine Sammelentscheidung, die mehrere Atteste betrifft. Hiergegen muss dann im Zweifel <strong>Klage vor dem Conseil Arbitral,<\/strong> dem luxemburgischem Sozialgericht, eingelegt werden.<\/p>\n<p>Im Gerichtsverfahren selbst muss das Zwischenziel verfolgt werden, dass das Gericht einen neutralen Gutachter beauftragt. In vielen F\u00e4llen gibt die Krankenversicherung dann erst nach oder l\u00e4sst es auf ein Urteil ankommen. Die deutsche<strong> Rechtschutzversicherung<\/strong> tritt f\u00fcr solche F\u00e4lle leider nicht ein.<br \/>\n[\/et_pb_text][\/et_pb_column][et_pb_column type=&#8220;1_3&#8243; _builder_version=&#8220;4.16&#8243; background_position=&#8220;top_left&#8220; custom_padding=&#8220;0px|0px|0px|&#8220; global_colors_info=&#8220;{}&#8220; custom_padding__hover=&#8220;|||&#8220;][et_pb_text admin_label=&#8220;Text Abstandshalter&#8220; _builder_version=&#8220;4.16&#8243; custom_margin=&#8220;0px|0px|0px|0px&#8220; custom_padding=&#8220;0px|0px|0px|0px&#8220; global_colors_info=&#8220;{}&#8220;]<span style=\"color: #ffffff;\">:<\/span><br \/>\n<span style=\"color: #ffffff;\">:<\/span><br \/>\n[\/et_pb_text][et_pb_image src=&#8220;https:\/\/wonnebauer.de\/site\/wp-content\/uploads\/2018\/06\/Wonnebauer_trierischer_volksfreund_index.jpg&#8220; align_tablet=&#8220;center&#8220; align_phone=&#8220;&#8220; align_last_edited=&#8220;on|desktop&#8220; admin_label=&#8220;Bild Wonnebauer_trierischer_volksfreund_index&#8220; _builder_version=&#8220;4.16&#8243; custom_margin=&#8220;||0px|&#8220; global_colors_info=&#8220;{}&#8220;][\/et_pb_image][\/et_pb_column][\/et_pb_row][et_pb_row column_structure=&#8220;2_3,1_3&#8243; _builder_version=&#8220;4.16&#8243; global_colors_info=&#8220;{}&#8220;][et_pb_column type=&#8220;2_3&#8243; _builder_version=&#8220;4.16&#8243; background_position=&#8220;top_left&#8220; custom_padding=&#8220;0px|0px|0px|0px&#8220; global_colors_info=&#8220;{}&#8220; custom_padding__hover=&#8220;|||&#8220;][et_pb_text admin_label=&#8220;Text Abstandshalter&#8220; _builder_version=&#8220;4.16&#8243; custom_margin=&#8220;0px|0px|0px|0px&#8220; custom_padding=&#8220;0px|0px|0px|0px&#8220; global_colors_info=&#8220;{}&#8220;]<span style=\"color: #ffffff;\">:<\/span><br \/>\n<span style=\"color: #ffffff;\">:<\/span><br \/>\n[\/et_pb_text][et_pb_text admin_label=&#8220;Text \u00dcberschrift Kolumne Februar &#8211; Steuererkl\u00e4rungsfieber &#8211; Frist&#8220; _builder_version=&#8220;4.16&#8243; global_colors_info=&#8220;{}&#8220;]<\/p>\n<h3>Kolumne Februar\u00a0 2019: Die Grenzg\u00e4nger im Steuererkl\u00e4rungsfieber &#8211; Fristen<\/h3>\n<p>[\/et_pb_text][et_pb_text admin_label=&#8220;Text Kolumne Februar Fristen &#8220; _builder_version=&#8220;4.16&#8243; global_colors_info=&#8220;{}&#8220;]Die Finanzverwaltung hat <strong>Anfang Februar die neuen Formulare<\/strong> herausgegeben und viele Grenzg\u00e4nger zur Abgabe der Steuererkl\u00e4rung zum<strong> 31. M\u00e4rz 2019<\/strong> aufgefordert. Es herrscht allgemeine Panik.Was ist von der Frist zu halten?<\/p>\n<p>In den letzten 20 Jahren war diese Frist eher ein Papiertiger. Es war &#8211; anders als in Deutschland &#8211; nicht mit Versp\u00e4tungszuschl\u00e4gen zu rechnen, wenn die Frist nicht beachtet wurde. Gew\u00f6hnlich geben die Luxemburger Steuererkl\u00e4rungen im Herbst ab.<\/p>\n<p>Muss nun wegen der<strong> Steuerreform<\/strong> anders gehandelt werden?<\/p>\n<p>Im Normalfall ist dies meines Erachtens nicht der Fall. Wer also im letzten Jahr die Steuerklasse 2 beantragt hat, wird auch weiterhin kein Problem haben, wenn die Steuererkl\u00e4rung erst nach dem 31. M\u00e4rz 2019 abgegeben wird.<\/p>\n<p>Nur in besonderen F\u00e4llen sollte man m\u00f6glichst die Frist einhalten: Wer urspr\u00fcnglich f\u00fcr 2018 die neue<strong> Individualveranlagung<\/strong> beantragt hatte, soll bei Abweichung davon bis zum 31. M\u00e4rz seine Steuererkl\u00e4rung einreichen.<\/p>\n<p>In dem Rundschreiben des Steuerdirektors hei\u00dft es, dass<strong> im Prinzip<\/strong> diese Frist einzuhalten sei. Allerdings ist eine echte Notwendigkeit f\u00fcr diesen Zeitdruck nicht zu erkennen. Es ist davon auszugehen, dass die <strong>Bearbeitungszeiten<\/strong> der Steuererkl\u00e4rungen ohnehin bei einem Jahr liegen werden. Grund daf\u00fcr ist, dass die Steuererkl\u00e4rungen zumindest f\u00fcr Verheiratete viel komplexer geworden sind. Es gibt mehr Abzugsm\u00f6glichkeiten.<\/p>\n<p>Andererseits m\u00fcssen die Daten des deutschen Steuerbescheides \u00fcberpr\u00fcft werden. Auch dieser wird erst in einigen Monaten vorliegen. Grenzg\u00e4ngern ist daher geraten, die Daten aus der<strong> deutschen Steuererkl\u00e4rung<\/strong> schon in die luxemburger Steuererkl\u00e4rung einzutragen, auch wenn der deutsche Steuerbescheid noch nicht vorliegt. Dieser kann sp\u00e4ter nachgereicht werden.<br \/>\n[\/et_pb_text][\/et_pb_column][et_pb_column type=&#8220;1_3&#8243; _builder_version=&#8220;4.16&#8243; background_position=&#8220;top_left&#8220; custom_padding=&#8220;0px|0px|0px|&#8220; global_colors_info=&#8220;{}&#8220; custom_padding__hover=&#8220;|||&#8220;][et_pb_text admin_label=&#8220;Text Abstandshalter&#8220; _builder_version=&#8220;4.16&#8243; custom_margin=&#8220;0px|0px|0px|0px&#8220; custom_padding=&#8220;0px|0px|0px|0px&#8220; global_colors_info=&#8220;{}&#8220;]<span style=\"color: #ffffff;\">:<\/span><br \/>\n<span style=\"color: #ffffff;\">:<\/span><br \/>\n[\/et_pb_text][et_pb_image src=&#8220;https:\/\/wonnebauer.de\/site\/wp-content\/uploads\/2018\/06\/Wonnebauer_trierischer_volksfreund_index.jpg&#8220; align_tablet=&#8220;center&#8220; align_phone=&#8220;&#8220; align_last_edited=&#8220;on|desktop&#8220; admin_label=&#8220;Bild Wonnebauer_trierischer_volksfreund_index&#8220; _builder_version=&#8220;4.16&#8243; custom_margin=&#8220;||0px|&#8220; global_colors_info=&#8220;{}&#8220;][\/et_pb_image][\/et_pb_column][\/et_pb_row][et_pb_row column_structure=&#8220;2_3,1_3&#8243; _builder_version=&#8220;4.16&#8243; global_colors_info=&#8220;{}&#8220;][et_pb_column type=&#8220;2_3&#8243; _builder_version=&#8220;4.16&#8243; background_position=&#8220;top_left&#8220; custom_padding=&#8220;0px|0px|0px|0px&#8220; global_colors_info=&#8220;{}&#8220; custom_padding__hover=&#8220;|||&#8220;][et_pb_text admin_label=&#8220;Text Abstandshalter&#8220; _builder_version=&#8220;4.16&#8243; custom_margin=&#8220;0px|0px|0px|0px&#8220; custom_padding=&#8220;0px|0px|0px|0px&#8220; global_colors_info=&#8220;{}&#8220;]<span style=\"color: #ffffff;\">:<\/span><br \/>\n<span style=\"color: #ffffff;\">:<\/span><br \/>\n[\/et_pb_text][et_pb_text admin_label=&#8220;Text \u00dcberschrift Kolumne Januar wegen neuen Formularen&#8220; _builder_version=&#8220;4.16&#8243; global_colors_info=&#8220;{}&#8220;]<\/p>\n<h3>Kolumne Januar\u00a0 2019: Das Steuerformular f\u00fcr 2018 hat sich ge\u00e4ndert<\/h3>\n<p>[\/et_pb_text][et_pb_text admin_label=&#8220;Text Kolumne Januar wegen neuem Steuerformular&#8220; _builder_version=&#8220;4.16&#8243; global_colors_info=&#8220;{}&#8220;]<strong>Neues Steuerformular 2018<\/strong><\/p>\n<p>Anfang Februar 2019 werden die<strong> neuen Steuerformulare f\u00fcr das Jahr 2018<\/strong> ver\u00f6ffentlicht. Wir konnten schon einmal einen Blick darauf werfen. Die Formulare werden zuk\u00fcnftig 20 Seiten lang sein. Jahrelang kam man mit 16 Seiten aus.<\/p>\n<p>Die wesentlichen Ver\u00e4nderungen sind insbesondere der <strong>Steuerreform<\/strong> geschuldet.<\/p>\n<p>Auf der neuen Seite 3 werden Fragen gestellt zur 13.000 Euro-Grenze sowie zu der neuen 50-Tage-Grenze. Dabei geht es um die neu eingef\u00fchrte <strong>Fiktion der 90 Prozent-Grenze<\/strong>.<\/p>\n<p>Auf der Seite 4 kann man nun w\u00e4hlen zwischen der Zusammen- oder Individualveranlagung. Was g\u00fcnstiger ist, muss man sich selbst ausrechnen. Das werden Laien normalerweise aber nicht k\u00f6nnen. Als Daumenregel gilt: Sind die deutschen Eink\u00fcnfte h\u00f6her, spricht vieles f\u00fcr die Individualveranlagung.<\/p>\n<p>Die f\u00fcr Grenzg\u00e4nger wichtige ehemalige Seite 7 bez\u00fcglich der Eink\u00fcnfte aus nicht- selbstst\u00e4ndiger T\u00e4tigkeit bleibt im Grunde genommen jedoch unver\u00e4ndert und wird zur Seite 8.<\/p>\n<p>F\u00fcr die <strong>Sonderausgaben<\/strong> sind nun vier statt vormals zwei Seiten vorgesehen, n\u00e4mlich die Seiten 13 bis 16. Im Grunde handelt es sich hier nur um eine optische Streckung. Es werden mehr Zeilen vorgesehen f\u00fcr Schuldzinsen, Versicherungen, Bausparvertr\u00e4ge und Spenden.<\/p>\n<p>Die fr\u00fchere Seite 15 f\u00fcr <strong>au\u00dferw\u00f6hnliche Belastungen<\/strong> wird jetzt auf 2 Seiten ausgedehnt, n\u00e4mlich auf den Seiten 17 und 18. Auch hier handelt es sich im Grunde genommen nur um eine optische Streckung.<\/p>\n<p>Die Seite 19 wird die meisten Grenzg\u00e4nger nicht betreffen, da sie \u00fcberwiegend f\u00fcr Unternehmer gilt, die Steuerverg\u00fcnstigungen erhalten, beispielsweise f\u00fcr die Besch\u00e4ftigung von vormals Arbeitslosen.<\/p>\n<p>Auf der letzten Seite ist erstmals auch ein <strong>Unterschriftenfeld f\u00fcr den Ehegatten<\/strong> oder Partner vorgesehen. Bis zum Jahr 2017 musste nur der Haushaltsvorstand die Steuererkl\u00e4rung unterschreiben, meistens der Ehemann.<\/p>\n<p>Die Ausdehnung auf 20 Seiten will wahrscheinlich anwenderfreundlich sein, indem nun mehr Ausf\u00fcllzeilen zur Verf\u00fcgung gestellt werden. Die Novizen unter den Grenzg\u00e4ngern werden jedoch eher von den 20 Seiten erschlagen. Nat\u00fcrlich m\u00fcssen nicht alle Seiten ausgef\u00fcllt werden, sondern nur die einschl\u00e4gigen.<\/p>\n<p>Diese Ver\u00e4nderung war aus Praktikersicht nicht notwendig. Mit geschicktem Layout h\u00e4tte man auch 16 Seiten beibehalten k\u00f6nnen.Die neue Steuererkl\u00e4rung wird uns sicherlich noch das ganze Jahr \u00fcber mit Beitr\u00e4gen verfolgen.<br \/>\n[\/et_pb_text][\/et_pb_column][et_pb_column type=&#8220;1_3&#8243; _builder_version=&#8220;4.16&#8243; background_position=&#8220;top_left&#8220; custom_padding=&#8220;0px|0px|0px|&#8220; global_colors_info=&#8220;{}&#8220; custom_padding__hover=&#8220;|||&#8220;][et_pb_text admin_label=&#8220;Text Abstandshalter&#8220; _builder_version=&#8220;4.16&#8243; custom_margin=&#8220;0px|0px|0px|0px&#8220; custom_padding=&#8220;0px|0px|0px|0px&#8220; global_colors_info=&#8220;{}&#8220;]<span style=\"color: #ffffff;\">:<\/span><br \/>\n<span style=\"color: #ffffff;\">:<\/span><br \/>\n[\/et_pb_text][et_pb_image src=&#8220;https:\/\/wonnebauer.de\/site\/wp-content\/uploads\/2018\/06\/Wonnebauer_trierischer_volksfreund_index.jpg&#8220; align_tablet=&#8220;center&#8220; align_phone=&#8220;&#8220; align_last_edited=&#8220;on|desktop&#8220; admin_label=&#8220;Bild Wonnebauer_trierischer_volksfreund_index&#8220; _builder_version=&#8220;4.16&#8243; custom_margin=&#8220;||0px|&#8220; global_colors_info=&#8220;{}&#8220;][\/et_pb_image][\/et_pb_column][\/et_pb_row][et_pb_row column_structure=&#8220;2_3,1_3&#8243; _builder_version=&#8220;4.16&#8243; global_colors_info=&#8220;{}&#8220;][et_pb_column type=&#8220;2_3&#8243; _builder_version=&#8220;4.16&#8243; background_position=&#8220;top_left&#8220; custom_padding=&#8220;0px|0px|0px|0px&#8220; global_colors_info=&#8220;{}&#8220; custom_padding__hover=&#8220;|||&#8220;][et_pb_text admin_label=&#8220;Text Abstandshalter&#8220; _builder_version=&#8220;4.16&#8243; custom_margin=&#8220;0px|0px|0px|0px&#8220; custom_padding=&#8220;0px|0px|0px|0px&#8220; global_colors_info=&#8220;{}&#8220;]<span style=\"color: #ffffff;\">:<\/span><br \/>\n<span style=\"color: #ffffff;\">:<\/span><br \/>\n[\/et_pb_text][et_pb_text admin_label=&#8220;Text \u00dcberschrift Kolumne Dezember wegen Steuerklasse&#8220; _builder_version=&#8220;4.16&#8243; global_colors_info=&#8220;{}&#8220;]<\/p>\n<h3>Kolumne Dezember 2018: Steuerklasse \u00e4ndern<\/h3>\n<p>[\/et_pb_text][et_pb_text admin_label=&#8220;Text Kolumne Dezember Steuerklasse&#8220; _builder_version=&#8220;4.16&#8243; global_colors_info=&#8220;{}&#8220;]Viele Grenzg\u00e4nger haben im Laufe des Jahres 2018 bemerkt, dass sich ihr <strong>Nettolohn verringert<\/strong> hat. Ob das so richtig oder falsch l\u00e4uft, k\u00f6nnen Laien kaum einsch\u00e4tzen.<\/p>\n<p>Die Stunde der Wahrheit kommt mit<strong> Abgabe der Steuererkl\u00e4rung f\u00fcr das Jahr 2018<\/strong>. Dann wird der richtige Steuersatz ermittelt und auf die k\u00fcnftige Steuerkarte \u00fcbertragen. Allerdings werden sich die Bearbeitungszeiten verl\u00e4ngern, denn wegen der Steuerreform m\u00fcssen die Finanzbeamten viel mehr Zeit f\u00fcr die Pr\u00fcfung der Steuererkl\u00e4rungen aufwenden. Insofern ist zu bef\u00fcrchten, dass die bisherige Steuerkarte auch noch <strong>das ganze Jahr 2019 wirkt<\/strong>.<\/p>\n<p>Eine Anpassung der Steuerkarte an die aktuellen Eink\u00fcnfte sollte daher erwogen werden. Der bisherige von der Finanzverwaltung automatisch vergebene Steuersatz basiert ja auf den <strong>Daten von 2016<\/strong>.<\/p>\n<p>Mit der Steuerreform wurde auch verheirateten Rentnern die Steuerklasse 2 vorgeschlagen. Viele haben auch dazu optiert. Oftmals lag der Steuersatz aber bei null Prozent. Wer jedoch diese Steuerklasse zugewiesen bekommen hat, ist ebenso verpflichtet f\u00fcr das Jahr 2018 eine Steuererkl\u00e4rung abzugeben.<\/p>\n<p>Bei vielen Teilzeit-Grenzg\u00e4ngern und Rentnern hat sich nun ergeben, dass sie auch in der Steuerklasse 1 gar keine Steuern zahlen w\u00fcrden. Anders als Deutschland<strong> kennt Luxemburg keinen Mindeststeuersatz<\/strong> f\u00fcr Rentner oder Grenzg\u00e4nger im Allgemeinen. Bei einigen Rentnern ist die Steuerlast in der Klasse 2 so gering, dass sich der Aufwand einer Steuererkl\u00e4rung ebenfalls nicht lohnt.<\/p>\n<p>Um sich der Last der Abgabe zuk\u00fcnftiger Steuererkl\u00e4rungen zu entledigen, sollten Rentner daher pr\u00fcfen, ob nicht sogar schon die Steuerklasse 1 f\u00fcr sie g\u00fcnstiger ist. Damit ersparen sie sich f\u00fcr die n\u00e4chsten Jahre oder gar Jahrzehnte die Abgabe der luxemburgischen Steuererkl\u00e4rung.<br \/>\n[\/et_pb_text][\/et_pb_column][et_pb_column type=&#8220;1_3&#8243; _builder_version=&#8220;4.16&#8243; background_position=&#8220;top_left&#8220; custom_padding=&#8220;0px|0px|0px|&#8220; global_colors_info=&#8220;{}&#8220; custom_padding__hover=&#8220;|||&#8220;][et_pb_text admin_label=&#8220;Text Abstandshalter&#8220; _builder_version=&#8220;4.16&#8243; custom_margin=&#8220;0px|0px|0px|0px&#8220; custom_padding=&#8220;0px|0px|0px|0px&#8220; global_colors_info=&#8220;{}&#8220;]<span style=\"color: #ffffff;\">:<\/span><br \/>\n<span style=\"color: #ffffff;\">:<\/span><br \/>\n[\/et_pb_text][et_pb_image src=&#8220;https:\/\/wonnebauer.de\/site\/wp-content\/uploads\/2018\/06\/Wonnebauer_trierischer_volksfreund_index.jpg&#8220; align_tablet=&#8220;center&#8220; align_phone=&#8220;&#8220; align_last_edited=&#8220;on|desktop&#8220; admin_label=&#8220;Bild Wonnebauer_trierischer_volksfreund_index&#8220; _builder_version=&#8220;4.16&#8243; custom_margin=&#8220;||0px|&#8220; global_colors_info=&#8220;{}&#8220;][\/et_pb_image][\/et_pb_column][\/et_pb_row][et_pb_row column_structure=&#8220;2_3,1_3&#8243; _builder_version=&#8220;4.16&#8243; global_colors_info=&#8220;{}&#8220;][et_pb_column type=&#8220;2_3&#8243; _builder_version=&#8220;4.16&#8243; background_position=&#8220;top_left&#8220; custom_padding=&#8220;0px|0px|0px|0px&#8220; global_colors_info=&#8220;{}&#8220; custom_padding__hover=&#8220;|||&#8220;][et_pb_text admin_label=&#8220;Text Abstandshalter&#8220; _builder_version=&#8220;4.16&#8243; custom_margin=&#8220;0px|0px|0px|0px&#8220; custom_padding=&#8220;0px|0px|0px|0px&#8220; global_colors_info=&#8220;{}&#8220;]<span style=\"color: #ffffff;\">:<\/span><br \/>\n<span style=\"color: #ffffff;\">:<\/span><br \/>\n[\/et_pb_text][et_pb_text admin_label=&#8220;Text \u00dcberschrift Kolumne November wegen Minijob&#8220; _builder_version=&#8220;4.16&#8243; global_colors_info=&#8220;{}&#8220;]<\/p>\n<h3>Kolumne November 2018: Gibt man den Minijob in der luxemburger Steuererkl\u00e4rung an?<\/h3>\n<p>[\/et_pb_text][et_pb_text admin_label=&#8220;Text Kolumne November Minijob in lux. Steuererkl\u00e4rung&#8220; _builder_version=&#8220;4.16&#8243; global_colors_info=&#8220;{}&#8220;]<strong>Minijob in luxemburger Steuererkl\u00e4rung<\/strong><\/p>\n<p>Viele Ehegatten von Grenzg\u00e4ngern haben lediglich einen Minijob. Der Minijob ist bekannterma\u00dfen in Deutschland steuerfrei und taucht weder in der Steuererkl\u00e4rung noch im Steuerbescheid auf.<\/p>\n<p>Es besteht allerdings eine allgemeine Verunsicherung, ob und wie diese Eink\u00fcnfte in der\u00a0 luxemburger Steuererkl\u00e4rung ab dem Jahr 2018 angegeben werden m\u00fcssen. Diese Frage kann zun\u00e4chst einfach mit ja beantwortet werden, da man in den allermeisten L\u00e4ndern steuerfreie Minijobs nicht kennt.<\/p>\n<p>Zwar gibt es auch in Luxemburg eine g\u00fcnstigere Lohnbesteuerung f\u00fcr sozialversicherungspflichtige, haushaltsnahe Dienstleistungen. Letztendlich gibt es hier jedoch keine Steuerfreiheit. Daher muss auch der Haushaltsjob in der Steuererkl\u00e4rung aufgenommen werden.<\/p>\n<p>Welche Auswirkungen hat dies dann in der luxemburger Steuererkl\u00e4rung, insbesondere auf die Bemessung des Prozentsatzes in der Steuerklasse 2 ?<\/p>\n<p>In den allermeisten F\u00e4llen wirkt sich die Angabe des Minijobs steuerlich nicht oder nur geringf\u00fcgig aus. Denn selbst beim Aussch\u00f6pfen des H\u00f6chstbetrages des Minijobs erzielt man maximal 5.400 \u20ac brutto. Wenn dies so ist, gibt es in Luxemburg einen Steuerfreibetrag von 4.500 \u20ac f\u00fcr Ehegatten. Letztendlich zieht man auch noch die Fahrtkosten und die Werbungskostenpauschale von 540 \u20ac ab, so dass in den allermeisten F\u00e4llen am Ende eine schwarze Null als Saldo herauskommt.<\/p>\n<p>Die Angabe des Minijobs hat folglich meistens \u00fcberhaupt keine steuerlichen Auswirkungen. Es besteht somit auch kein Grund zur Unehrlichkeit gegen\u00fcber den luxemburgischen Finanzbeh\u00f6rden.<\/p>\n<p>Aufgrund des vorgenannten Ergebnisses ist auch nicht damit zu rechnen, dass die luxemburgische Finanzverwaltung pr\u00fcft, ob man den Minijob in den Vorjahren angegeben hat.<br \/>\n[\/et_pb_text][\/et_pb_column][et_pb_column type=&#8220;1_3&#8243; _builder_version=&#8220;4.16&#8243; background_position=&#8220;top_left&#8220; custom_padding=&#8220;0px|0px|0px|&#8220; global_colors_info=&#8220;{}&#8220; custom_padding__hover=&#8220;|||&#8220;][et_pb_text admin_label=&#8220;Text Abstandshalter&#8220; _builder_version=&#8220;4.16&#8243; custom_margin=&#8220;0px|0px|0px|0px&#8220; custom_padding=&#8220;0px|0px|0px|0px&#8220; global_colors_info=&#8220;{}&#8220;]<span style=\"color: #ffffff;\">:<\/span><br \/>\n<span style=\"color: #ffffff;\">:<\/span><br \/>\n[\/et_pb_text][et_pb_image src=&#8220;https:\/\/wonnebauer.de\/site\/wp-content\/uploads\/2018\/06\/Wonnebauer_trierischer_volksfreund_index.jpg&#8220; align_tablet=&#8220;center&#8220; align_phone=&#8220;&#8220; align_last_edited=&#8220;on|desktop&#8220; admin_label=&#8220;Bild Wonnebauer_trierischer_volksfreund_index&#8220; _builder_version=&#8220;4.16&#8243; custom_margin=&#8220;||0px|&#8220; global_colors_info=&#8220;{}&#8220;][\/et_pb_image][\/et_pb_column][\/et_pb_row][et_pb_row column_structure=&#8220;2_3,1_3&#8243; _builder_version=&#8220;4.16&#8243; global_colors_info=&#8220;{}&#8220;][et_pb_column type=&#8220;2_3&#8243; _builder_version=&#8220;4.16&#8243; background_position=&#8220;top_left&#8220; custom_padding=&#8220;0px|0px|0px|0px&#8220; global_colors_info=&#8220;{}&#8220; custom_padding__hover=&#8220;|||&#8220;][et_pb_text admin_label=&#8220;Text Abstandshalter&#8220; _builder_version=&#8220;4.16&#8243; custom_margin=&#8220;0px|0px|0px|0px&#8220; custom_padding=&#8220;0px|0px|0px|0px&#8220; global_colors_info=&#8220;{}&#8220;]<span style=\"color: #ffffff;\">:<\/span><br \/>\n<span style=\"color: #ffffff;\">:<\/span><br \/>\n[\/et_pb_text][et_pb_text admin_label=&#8220;Text \u00dcberschrift Kolumne September 2018: Bausparkassenbeitr\u00e4ge&#8220; _builder_version=&#8220;4.16&#8243; global_colors_info=&#8220;{}&#8220;]<\/p>\n<h3>Kolumne Oktober 2018: Werbungskosten in Luxemburg<\/h3>\n<p>[\/et_pb_text][et_pb_text admin_label=&#8220;Text Kolumne Oktober 2018: Werbungskosten in Luxemburg&#8220; _builder_version=&#8220;4.16&#8243; global_colors_info=&#8220;{}&#8220;]<strong>Luxemburger Werbungskosten \u2013 Neue Entwicklungen<\/strong><\/p>\n<p>Grunds\u00e4tzlich wird der Werbungskostenbegriff in Luxemburg sehr restriktiv ausgelegt. Abzugsf\u00e4hig sind Kosten nur, wenn sie beruflich veranlasst sind und eine leichte Trennung von privaten Ausgaben m\u00f6glich ist. Die Ausbildung in einem nicht ausge\u00fcbten Beruf ist also steuerlich nicht absetzbar. Wer also als Kfz-Mechaniker eine Ausbildung zum Buchhalter macht, kann diese Kosten nicht geltend machen. Ebenso wenig kennt Luxemburg die doppelte Haushaltsf\u00fchrung. Viele Grenzg\u00e4nger, die entlang der Grenze Zweitwohnungen anmieten, bleiben also auf diesen Kosten sitzen. Selten wird ein Dienstcomputer anerkannt. Die Abzugsm\u00f6glichkeit besteht nur dann, wenn der Arbeitgeber best\u00e4tigt, dass die Nutzung zu mehr als 90 Prozent beruflich erfolgt, was letztendlich selten der Fall ist.<\/p>\n<p>Die Steuerdirektion hat mit Anfechtungsentscheid vom 30. Juni 2018 das Steuerrecht jedoch weiterentwickelt. Auf Antrag des Reklamanten wurden als Werbungskosten anerkannt: Die anteilige Rechtschutzversicherung, soweit sie Berufsrechtschutz abdeckt, Fachzeitschriften und Pr\u00e4sente an Kunden.<\/p>\n<p>Der Steuerpflichtige hatte seinen Kunden Wein zum Jahresende mit einem Etikett mit der Aufschrift \u201eVielen Dank f\u00fcr Ihr Vertrauen in mich\u201c geschenkt. Das Steuerb\u00fcro Z hatte diese Ausgaben als Werbungskosten abgelehnt. Die Steuerdirektion als Rechtsbehelfsstelle hat die Argumentation des Grenzg\u00e4ngers jedoch unterst\u00fctzt, wonach die Geschenke geleistet wurden, um die Eink\u00fcnfte zu f\u00f6rdern. Ein gutes Kundenverh\u00e4ltnis f\u00fchre dazu, dass die Kunden Bestellungen t\u00e4tigen, die letztendlich auch Einfluss auf die H\u00f6he der Provision des Steuerpflichtigen haben<\/p>\n<p>Werbungskosten, die nach deutschem Steuerrecht selbstverst\u00e4ndlich sind, sind es nach luxemburgischem noch lange nicht. Aus Unkenntnis verschenken Grenzg\u00e4nger hierbei viele m\u00f6gliche Steuererstattungen.<br \/>\n[\/et_pb_text][\/et_pb_column][et_pb_column type=&#8220;1_3&#8243; _builder_version=&#8220;4.16&#8243; background_position=&#8220;top_left&#8220; custom_padding=&#8220;0px|0px|0px|&#8220; global_colors_info=&#8220;{}&#8220; custom_padding__hover=&#8220;|||&#8220;][et_pb_text admin_label=&#8220;Text Abstandshalter&#8220; _builder_version=&#8220;4.16&#8243; custom_margin=&#8220;0px|0px|0px|0px&#8220; custom_padding=&#8220;0px|0px|0px|0px&#8220; global_colors_info=&#8220;{}&#8220;]<span style=\"color: #ffffff;\">:<\/span><br \/>\n<span style=\"color: #ffffff;\">:<\/span><br \/>\n[\/et_pb_text][et_pb_image src=&#8220;https:\/\/wonnebauer.de\/site\/wp-content\/uploads\/2018\/06\/Wonnebauer_trierischer_volksfreund_index.jpg&#8220; align_tablet=&#8220;center&#8220; align_phone=&#8220;&#8220; align_last_edited=&#8220;on|desktop&#8220; admin_label=&#8220;Bild Wonnebauer_trierischer_volksfreund_index&#8220; _builder_version=&#8220;4.16&#8243; custom_margin=&#8220;||0px|&#8220; global_colors_info=&#8220;{}&#8220;][\/et_pb_image][\/et_pb_column][\/et_pb_row][et_pb_row column_structure=&#8220;2_3,1_3&#8243; _builder_version=&#8220;4.16&#8243; global_colors_info=&#8220;{}&#8220;][et_pb_column type=&#8220;2_3&#8243; _builder_version=&#8220;4.16&#8243; background_position=&#8220;top_left&#8220; custom_padding=&#8220;0px|0px|0px|0px&#8220; global_colors_info=&#8220;{}&#8220; custom_padding__hover=&#8220;|||&#8220;][et_pb_text admin_label=&#8220;Text Abstandshalter&#8220; _builder_version=&#8220;4.16&#8243; custom_margin=&#8220;0px|0px|0px|0px&#8220; custom_padding=&#8220;0px|0px|0px|0px&#8220; global_colors_info=&#8220;{}&#8220;]<span style=\"color: #ffffff;\">:<\/span><br \/>\n<span style=\"color: #ffffff;\">:<\/span><br \/>\n[\/et_pb_text][et_pb_text admin_label=&#8220;Text \u00dcberschrift Kolumne September 2018: Bausparkassenbeitr\u00e4ge&#8220; _builder_version=&#8220;4.16&#8243; global_colors_info=&#8220;{}&#8220;]<\/p>\n<h3>Kolumne September 2018: Bausparkassenbeitr\u00e4ge nach der Steuerreform 2017<\/h3>\n<p>[\/et_pb_text][et_pb_text admin_label=&#8220;Text Kolumne September 2018: Bausparkassenbeitr\u00e4ge&#8220; _builder_version=&#8220;4.16&#8243; global_colors_info=&#8220;{}&#8220;]In Luxemburg sind Bausparkassenbeitr\u00e4ge steuerlich attraktiv. Denn diese k\u00f6nnen seit 1984 mit den \u00fcblichen H\u00f6chstbetr\u00e4gen in Abzug gebracht werden. Luxemburg will bis zum Jahr 2060 eine Million Einwohner erreichen. Aus diesem Grund wird das Bauen gef\u00f6rdert, somit auch die Baufinanzierung.<\/p>\n<p>Abzugsf\u00e4hig sind die Beitr\u00e4ge bis zum Zeitpunkt der Zuteilung des Bauspardarlehens. Als Beitr\u00e4ge werden Geb\u00fchren f\u00fcr den Abschluss des Bausparvertrages anerkannt als auch Guthabenzinsen.<\/p>\n<p>Die Beitr\u00e4ge m\u00fcssen verwendet werden f\u00fcr den Kauf, Bau oder Umbau eines Appartements oder Hauses. Gef\u00f6rdert wird auch der Kauf eines Baugrundst\u00fccks.<\/p>\n<p>Bis zum Jahr 2016 waren 672,00 \u20ac pro Haushaltsmitglied abzugsf\u00e4hig. Das Gesetz hat sich jedoch ge\u00e4ndert, um gerade junge Leute zu animieren, f\u00fcr ein Eigenheim zu sparen.<\/p>\n<p>Insofern wurde neu eingef\u00fchrt, dass die Abzugsbetr\u00e4ge 1.344 Euro pro Person betragen, wenn ein Steuerpflichtiger j\u00fcnger als 40 Jahre alt ist.<\/p>\n<p>Dazu ein Beispiel: Der Grenzg\u00e4nger ist 42 Jahre alt, seine Frau 35. Sie haben ein Kind im Alter von 10 Jahren. Der 42-j\u00e4hrige hat Anspruch auf Kindergeld. Da die Ehefrau erst 35 Jahre alt ist, k\u00f6nnen 3 x 1.344 Euro geltend gemacht werden. Entscheidend ist also das Alter des j\u00fcngsten der beiden zusammenveranlagten Steuerpflichtigen.<\/p>\n<p>F\u00fcr den Fall der Individualveranlagung kann der Steuerpflichtige nur 2\u00a0x 672,00 Euro geltend machen, also f\u00fcr sich und sein Kind. Seine j\u00fcngere Ehefrau ist noch keine 40 Jahre alt und kann daher 1.344 Euro geltend machen.<\/p>\n<p>Wenn aber die Ehefrau den Anspruch auf Familienleistungen hat, kann sie 2 x 1.344 Euro geltend machen, da das Kind dann steuerlich ihr zugeordnet wird.<\/p>\n<p>Die Steuerreform f\u00fchrt also zu einer h\u00f6heren Ber\u00fccksichtigung der Bausparkassenbeitr\u00e4ge als in den Vorjahren.<\/p>\n<p>Das neue Recht gilt f\u00fcr alle laufenden Vertr\u00e4ge, also auch f\u00fcr Altvertr\u00e4ge, die im Jahr 2017 noch bestehen.<br \/>\n[\/et_pb_text][\/et_pb_column][et_pb_column type=&#8220;1_3&#8243; _builder_version=&#8220;4.16&#8243; background_position=&#8220;top_left&#8220; custom_padding=&#8220;0px|0px|0px|&#8220; global_colors_info=&#8220;{}&#8220; custom_padding__hover=&#8220;|||&#8220;][et_pb_text admin_label=&#8220;Text Abstandshalter&#8220; _builder_version=&#8220;4.16&#8243; custom_margin=&#8220;0px|0px|0px|0px&#8220; custom_padding=&#8220;0px|0px|0px|0px&#8220; global_colors_info=&#8220;{}&#8220;]<span style=\"color: #ffffff;\">:<\/span><br \/>\n<span style=\"color: #ffffff;\">:<\/span><br \/>\n[\/et_pb_text][et_pb_image src=&#8220;https:\/\/wonnebauer.de\/site\/wp-content\/uploads\/2018\/06\/Wonnebauer_trierischer_volksfreund_index.jpg&#8220; align_tablet=&#8220;center&#8220; align_phone=&#8220;&#8220; align_last_edited=&#8220;on|desktop&#8220; admin_label=&#8220;Bild Wonnebauer_trierischer_volksfreund_index&#8220; _builder_version=&#8220;4.16&#8243; custom_margin=&#8220;||0px|&#8220; global_colors_info=&#8220;{}&#8220;][\/et_pb_image][\/et_pb_column][\/et_pb_row][et_pb_row column_structure=&#8220;2_3,1_3&#8243; _builder_version=&#8220;4.16&#8243; global_colors_info=&#8220;{}&#8220;][et_pb_column type=&#8220;2_3&#8243; _builder_version=&#8220;4.16&#8243; background_position=&#8220;top_left&#8220; custom_padding=&#8220;0px|0px|0px|0px&#8220; global_colors_info=&#8220;{}&#8220; custom_padding__hover=&#8220;|||&#8220;][et_pb_text admin_label=&#8220;Text Abstandshalter&#8220; _builder_version=&#8220;4.16&#8243; custom_margin=&#8220;0px|0px|0px|0px&#8220; custom_padding=&#8220;0px|0px|0px|0px&#8220; global_colors_info=&#8220;{}&#8220;]<span style=\"color: #ffffff;\">:<\/span><br \/>\n<span style=\"color: #ffffff;\">:<\/span><br \/>\n[\/et_pb_text][et_pb_text admin_label=&#8220;Text \u00dcberschrift Kolumne August 2018: Basisversicherung absetzbar&#8220; _builder_version=&#8220;4.16&#8243; global_colors_info=&#8220;{}&#8220;]<\/p>\n<h3>Kolumne August 2018: Basisversicherung in Luxemburg abziehbar<\/h3>\n<p>[\/et_pb_text][et_pb_text admin_label=&#8220;Text Kolumne August 2018: Basisversicherung&#8220; _builder_version=&#8220;4.16&#8243; global_colors_info=&#8220;{}&#8220;]Grenzg\u00e4nger k\u00f6nnen unter bestimmten Voraussetzungen in ihrer luxemburger Steuererkl\u00e4rung auch Versicherungen geltend machen. Grunds\u00e4tzlich werden hier H\u00f6chstbetr\u00e4ge angesetzt von 672 Euro pro Haushaltsmitglied. Der H\u00f6chstbetrag ist meist schnell erreicht.<\/p>\n<p>Dar\u00fcber hinaus gibt es jedoch noch eine Besonderheit. Freiwillig in ein Kranken- oder Rentensystem eingezahlte Betr\u00e4ge k\u00f6nnen in voller H\u00f6he abgesetzt werden. Sie unterliegen also nicht den \u00fcblichen H\u00f6chstbetr\u00e4gen. Grunds\u00e4tzlich versteht man darunter die freiwillig weitergezahlten Beitr\u00e4ge in die Luxemburger Rentenkasse. Auch ausl\u00e4ndische Kassen z\u00e4hlen dazu, beispielsweise die Deutsche Rentenversicherung.<\/p>\n<p>In einem Anfechtungsverfahren hat unsere Kanzlei erreicht, dass auch Beitr\u00e4ge zu deutschen Versorgungswerken in voller H\u00f6he anerkannt wurden. Freiberufler, wie z.B. \u00c4rzte oder Ingenieure zahlen in Versorgungswerke ihre Rentenbeitr\u00e4ge ein statt in die Deutsche Rentenversicherung. Wechseln sie nach Luxemburg und werden Grenzg\u00e4nger, zahlen sie oftmals die Beitr\u00e4ge freiwillig weiter ein. Es stellte sich die Frage, wie diese Beitr\u00e4ge in Luxemburg steuerlich zu behandeln sind. Ausdr\u00fcckliche Regeln hierzu gab es bislang nicht. Folgt man jedoch der gesetzlichen Logik, entsprechen die Beitr\u00e4ge an Versorgungswerke den gesetzlichen Rentenversicherungsbeitr\u00e4gen. Dies erkannte die Finanzverwaltung an.<\/p>\n<p>Gleiches d\u00fcrfte auch f\u00fcr Beitr\u00e4ge gelten, die an private Krankenversicherungen freiwillig weitergezahlt werden. Es gibt Grenzg\u00e4nger, die ihre deutsche Krankenversicherung beibehalten, obwohl sie in Luxemburg gesetzlich versichert sind. Die Gr\u00fcnde hierf\u00fcr sind mannigfaltig.<\/p>\n<p>In einem Besteuerungsverfahren wurde jedenfalls erreicht, dass auch die Beitr\u00e4ge, die der Basisversicherung entsprechen steuerlich in voller H\u00f6he anerkannt wurden, im konkreten Fall rund 3.000 Euro. Basisversicherung nennt man die Beitr\u00e4ge an die private Krankenversicherung, die den gesetzlichen Leistungen entsprechen. Allerdings gibt es auch luxemburgische Finanz\u00e4mter, die dies nicht so sehen. Eine offizielle Kl\u00e4rung steht noch aus.<br \/>\n[\/et_pb_text][\/et_pb_column][et_pb_column type=&#8220;1_3&#8243; _builder_version=&#8220;4.16&#8243; background_position=&#8220;top_left&#8220; custom_padding=&#8220;0px|0px|0px|&#8220; global_colors_info=&#8220;{}&#8220; custom_padding__hover=&#8220;|||&#8220;][et_pb_text admin_label=&#8220;Text Abstandshalter&#8220; _builder_version=&#8220;4.16&#8243; custom_margin=&#8220;0px|0px|0px|0px&#8220; custom_padding=&#8220;0px|0px|0px|0px&#8220; global_colors_info=&#8220;{}&#8220;]<span style=\"color: #ffffff;\">:<\/span><br \/>\n<span style=\"color: #ffffff;\">:<\/span><br \/>\n[\/et_pb_text][et_pb_image src=&#8220;https:\/\/wonnebauer.de\/site\/wp-content\/uploads\/2018\/06\/Wonnebauer_trierischer_volksfreund_index.jpg&#8220; align_tablet=&#8220;center&#8220; align_phone=&#8220;&#8220; align_last_edited=&#8220;on|desktop&#8220; admin_label=&#8220;Bild Wonnebauer_trierischer_volksfreund_index&#8220; _builder_version=&#8220;4.16&#8243; custom_margin=&#8220;||0px|&#8220; global_colors_info=&#8220;{}&#8220;][\/et_pb_image][\/et_pb_column][\/et_pb_row][et_pb_row column_structure=&#8220;2_3,1_3&#8243; _builder_version=&#8220;4.16&#8243; global_colors_info=&#8220;{}&#8220;][et_pb_column type=&#8220;2_3&#8243; _builder_version=&#8220;4.16&#8243; background_position=&#8220;top_left&#8220; custom_padding=&#8220;0px|0px|0px|0px&#8220; global_colors_info=&#8220;{}&#8220; custom_padding__hover=&#8220;|||&#8220;][et_pb_text admin_label=&#8220;Text Abstandshalter&#8220; _builder_version=&#8220;4.16&#8243; custom_margin=&#8220;0px|0px|0px|0px&#8220; custom_padding=&#8220;0px|0px|0px|0px&#8220; global_colors_info=&#8220;{}&#8220;]<span style=\"color: #ffffff;\">:<\/span><br \/>\n<span style=\"color: #ffffff;\">:<\/span><br \/>\n[\/et_pb_text][et_pb_text admin_label=&#8220;Text \u00dcberschrift Kolumne Juli 2018: Elterngeld aus 2 Staaten&#8220; _builder_version=&#8220;4.16&#8243; global_colors_info=&#8220;{}&#8220;]<\/p>\n<h3>Kolumne Juli 2018: Elterngeld aus 2 Staaten<\/h3>\n<p>[\/et_pb_text][et_pb_text admin_label=&#8220;Text Kolumne August 2018: Elterngeld&#8220; _builder_version=&#8220;4.16&#8243; global_colors_info=&#8220;{}&#8220;]Eltern, die sowohl deutsches Elterngeld als auch luxemburgisches Elterngeld beantragen, k\u00f6nnen oft b\u00f6se \u00dcberraschungen erleben, wie der nachstehende Fall zeigt.<\/p>\n<p>Der Vater hatte als Grenzg\u00e4nger die zweite Elternzeit f\u00fcr das \u00e4ltere Kind in Luxemburg beantragt. Nach dem neuen luxemburgischen Elterngeldgesetz ist es m\u00f6glich, \u00fcber einen Zeitraum von 20\u00a0Monaten einmal pro Woche die Kinder zu betreuen. Der Verdienstausfall wurde entsprechend als Elterngeld ersetzt.<\/p>\n<p>Die in Deutschland besch\u00e4ftigte Mutter beantragte f\u00fcr ihr zweites Kind Elterngeld in Deutschland.<\/p>\n<p>Da beide Leistungen f\u00fcr den gleichen Zeitraum erfolgen sollten, lehnte das Jugendamt Bitburg die Leistung ab. Es argumentierte, das Ehepaar beziehe schlie\u00dflich aus beiden L\u00e4ndern Elterngeld, was das Kumulationsverbot verhindern soll.<\/p>\n<p>Das Sozialgericht Trier folgte in seinem Urteil vom 25. Juni 2018 jedoch der Argumentation der Kl\u00e4gerin. Demnach handele es sich nicht um \u00a0gleiche Familienleistungen, wenn Elterngeld an zwei Eltern f\u00fcr jeweils andere Kinder gezahlt werde. Das Kumulationsverbot verbiete lediglich das Zusammentreffen von Leistungen f\u00fcr dasselbe Kind.<\/p>\n<p>Dieser auf den ersten Blick einfache Ausgang des Rechtstreits wird jedoch nicht unbedingt dessen Ende darstellen. Das letztlich f\u00fcr das Elterngeld zust\u00e4ndige Land Rheinland-Pfalz erw\u00e4gt Berufung. Das Jugendamt Bitburg entscheidet solche F\u00e4lle nicht selbst, sondern ist an die Weisungen des Landesamtes gebunden. Dieses wiederum muss Weisungen des Bundesministeriums befolgen. Das macht die L\u00f6sung solcher Rechtsfragen f\u00fcr Grenzg\u00e4nger unglaublich schwerf\u00e4llig.<\/p>\n<p>Interessant an diesem Fall ist, dass es wegen Elterngeld gar nicht so viele Rechtstreitigkeiten vor den Sozialgerichten gibt. Eventuell h\u00e4ngt dies auch mit der komplizierten Rechtsmaterie der EU-Richtlinien f\u00fcr Familienleistungen zusammen. Die meisten Grenzg\u00e4nger scheinen wohl die ablehnenden Bescheide hinzunehmen. Im Einzelfall sollten Grenzg\u00e4nger daher die Rechtslage fachm\u00e4nnisch pr\u00fcfen lassen, bevor sie den Kopf in den Sand stecken.<br \/>\n[\/et_pb_text][\/et_pb_column][et_pb_column type=&#8220;1_3&#8243; _builder_version=&#8220;4.16&#8243; background_position=&#8220;top_left&#8220; custom_padding=&#8220;0px|0px|0px|&#8220; global_colors_info=&#8220;{}&#8220; custom_padding__hover=&#8220;|||&#8220;][et_pb_text admin_label=&#8220;Text Abstandshalter&#8220; _builder_version=&#8220;4.16&#8243; custom_margin=&#8220;0px|0px|0px|0px&#8220; custom_padding=&#8220;0px|0px|0px|0px&#8220; global_colors_info=&#8220;{}&#8220;]<span style=\"color: #ffffff;\">:<\/span><br \/>\n<span style=\"color: #ffffff;\">:<\/span><br \/>\n[\/et_pb_text][et_pb_image src=&#8220;https:\/\/wonnebauer.de\/site\/wp-content\/uploads\/2018\/06\/Wonnebauer_trierischer_volksfreund_index.jpg&#8220; align_tablet=&#8220;center&#8220; align_phone=&#8220;&#8220; align_last_edited=&#8220;on|desktop&#8220; admin_label=&#8220;Bild Wonnebauer_trierischer_volksfreund_index&#8220; _builder_version=&#8220;4.16&#8243; custom_margin=&#8220;||0px|&#8220; global_colors_info=&#8220;{}&#8220;][\/et_pb_image][\/et_pb_column][\/et_pb_row][et_pb_row column_structure=&#8220;2_3,1_3&#8243; _builder_version=&#8220;4.16&#8243; global_colors_info=&#8220;{}&#8220;][et_pb_column type=&#8220;2_3&#8243; _builder_version=&#8220;4.16&#8243; background_position=&#8220;top_left&#8220; custom_padding=&#8220;0px|0px|0px|0px&#8220; global_colors_info=&#8220;{}&#8220; custom_padding__hover=&#8220;|||&#8220;][et_pb_text admin_label=&#8220;Text Abstandshalter&#8220; _builder_version=&#8220;4.16&#8243; custom_margin=&#8220;0px|0px|0px|0px&#8220; custom_padding=&#8220;0px|0px|0px|0px&#8220; global_colors_info=&#8220;{}&#8220;]<span style=\"color: #ffffff;\">:<\/span><br \/>\n<span style=\"color: #ffffff;\">:<\/span><br \/>\n[\/et_pb_text][et_pb_text admin_label=&#8220;Text \u00dcberschrift Kolumne Juni 2018: Flucht in die Krankheit&#8220; _builder_version=&#8220;4.16&#8243; global_colors_info=&#8220;{}&#8220;]<\/p>\n<h3>Kolumne Juni 2018: Flucht in die Krankheit<\/h3>\n<p>[\/et_pb_text][et_pb_text admin_label=&#8220;Text Kolumne Juni 2018: Flucht in die Krankheit&#8220; _builder_version=&#8220;4.16&#8243; global_colors_info=&#8220;{}&#8220;]<\/p>\n<p class=\"bodytext\">Bekannterma\u00dfen ist nach luxemburgischem Recht eine arbeitsrechtliche K\u00fcndigung w\u00e4hrend<br \/>\nder Arbeitsunf\u00e4higkeit unwirksam. Hintergrund dieser Vorschrift ist, dass der Arbeitgeber den<br \/>\nArbeitnehmer nicht wegen der Krankheit k\u00fcndigen soll. Dies setzt voraus, dass dem Arbeitgeber<br \/>\ndie Krankheit bekannt ist, wenn er die K\u00fcndigung auf den Weg bringt.<\/p>\n<p class=\"bodytext\">Daher erw\u00e4gen Arbeitnehmer den schnellen Gang zum Arzt, wenn die K\u00fcndigung droht, um einige<br \/>\nWochen Zeit zu gewinnen. Seri\u00f6se \u00c4rzte spielen das Spiel ohnehin nicht mit. Dennoch gibt es diese<br \/>\nGef\u00e4lligkeitsatteste.<\/p>\n<p class=\"bodytext\">Eine bekannte Ausnahme vom K\u00fcndigungsverbot ist die Einladung zum K\u00fcndigungsvorgespr\u00e4ch.<br \/>\nDie K\u00fcndigung ist daher trotz Krankheit m\u00f6glich, wenn der Arbeitnehmer nach der Ladung, aber<br \/>\nvor dem Gespr\u00e4ch, arbeitsunf\u00e4hig wird.<\/p>\n<p class=\"bodytext\">Aber auch in anderen F\u00e4llen wird die K\u00fcndigung trotz Krankmeldung wirksam.<\/p>\n<p class=\"bodytext\">Wenn die K\u00fcndigung einem Mitarbeiter bereits um 8:30 Uhr \u00fcbergeben wurde, der sie dann nachweislich<br \/>\nper Einschreiben um 9 Uhr bei der Post als Einschreiben aufgegeben hat, wusste der Arbeitgeber bis 8:30 Uhr<br \/>\njedenfalls nichts von der Krankheit, selbst wenn ein Attest anschlie\u00dfend um 8:35 Uhr bei ihm eintrifft.<\/p>\n<p class=\"bodytext\">\u00c4hnlich verh\u00e4lt es sich, wenn der Arbeitgeber dem Arbeitnehmer das K\u00fcndigungsschreiben \u00fcbergibt,<br \/>\nder Arbeitnehmer die K\u00fcndigung jedoch nicht quittiert und panikartig davonl\u00e4uft, um schlie\u00dflich eine<br \/>\nStunde sp\u00e4ter die Krankschreibung zuzusenden. In diesem Fall hat der Arbeitnehmer bewusst den<br \/>\nZugang der K\u00fcndigung vereitelt. Im Zeitpunkt des Ausspruchs der K\u00fcndigung wusste der Arbeitgeber<br \/>\njedenfalls nichts von einer Arbeitsunf\u00e4higkeit.<\/p>\n<p class=\"bodytext\">Gerade in konfliktbeladenen Arbeitsverh\u00e4ltnissen muss der Arbeitnehmer beweisen k\u00f6nnen,<br \/>\nwann das Attest ankam. Dies ist per WhatsApp, E-Mail oder SMS nicht immer m\u00f6glich.<br \/>\nEinschreiben ben\u00f6tigen \u00fcber die Grenze oft 4 Tage, sodass die 3-Tage-Frist\u00a0 nicht eingehalten<br \/>\nwerden kann. Zur Not muss eben das Attest per Bote \u00fcberbracht werden. Somit hat man auch<br \/>\neinen Zeugen f\u00fcr den Zugang.<\/p>\n<p>[\/et_pb_text][\/et_pb_column][et_pb_column type=&#8220;1_3&#8243; _builder_version=&#8220;4.16&#8243; background_position=&#8220;top_left&#8220; custom_padding=&#8220;0px|0px|0px|&#8220; global_colors_info=&#8220;{}&#8220; custom_padding__hover=&#8220;|||&#8220;][et_pb_text admin_label=&#8220;Text Abstandshalter&#8220; _builder_version=&#8220;4.16&#8243; custom_margin=&#8220;0px|0px|0px|0px&#8220; custom_padding=&#8220;0px|0px|0px|0px&#8220; global_colors_info=&#8220;{}&#8220;]<span style=\"color: #ffffff;\">:<\/span><br \/>\n<span style=\"color: #ffffff;\">:<\/span><br \/>\n[\/et_pb_text][et_pb_image src=&#8220;https:\/\/wonnebauer.de\/site\/wp-content\/uploads\/2018\/06\/Wonnebauer_trierischer_volksfreund_index.jpg&#8220; align_tablet=&#8220;center&#8220; align_phone=&#8220;&#8220; align_last_edited=&#8220;on|desktop&#8220; admin_label=&#8220;Bild Wonnebauer_trierischer_volksfreund_index&#8220; _builder_version=&#8220;4.16&#8243; custom_margin=&#8220;||0px|&#8220; global_colors_info=&#8220;{}&#8220;][\/et_pb_image][\/et_pb_column][\/et_pb_row][et_pb_row column_structure=&#8220;2_3,1_3&#8243; _builder_version=&#8220;4.16&#8243; global_colors_info=&#8220;{}&#8220;][et_pb_column type=&#8220;2_3&#8243; _builder_version=&#8220;4.16&#8243; background_position=&#8220;top_left&#8220; custom_padding=&#8220;0px|0px|0px|0px&#8220; global_colors_info=&#8220;{}&#8220; custom_padding__hover=&#8220;|||&#8220;][et_pb_text admin_label=&#8220;Text Abstandshalter&#8220; _builder_version=&#8220;4.16&#8243; custom_margin=&#8220;0px|0px|0px|0px&#8220; custom_padding=&#8220;0px|0px|0px|0px&#8220; global_colors_info=&#8220;{}&#8220;]<span style=\"color: #ffffff;\">:<\/span><br \/>\n<span style=\"color: #ffffff;\">:<\/span><br \/>\n[\/et_pb_text][et_pb_text admin_label=&#8220;Text \u00dcberschrift Kolumne vom 28. Mai 2018 Ger\u00fcchtek\u00fcche brodelt&#8220; _builder_version=&#8220;4.16&#8243; global_colors_info=&#8220;{}&#8220;]<\/p>\n<h3>Kolumne vom 28. Mai 2018 Ger\u00fcchtek\u00fcche brodelt<\/h3>\n<p>[\/et_pb_text][et_pb_text admin_label=&#8220;Text Kolumne vom 28. Mai 2018 Ger\u00fcchtek\u00fcche brodelt&#8220; _builder_version=&#8220;4.16&#8243; global_colors_info=&#8220;{}&#8220;]<\/p>\n<p class=\"bodytext\"><b>Die Ger\u00fcchtek\u00fcche brodelt<\/b><\/p>\n<p>&nbsp;<\/p>\n<p class=\"bodytext\">Aufgrund der Steuerreform haben sich erhebliche Ver\u00e4nderungen ergeben f\u00fcr verheiratete<br \/>\nGrenzg\u00e4nger. Diese Informationen sind jedoch noch nicht bei allen Grenzg\u00e4ngern angelangt,<br \/>\nso dass schon wieder neue Ger\u00fcchte im Umlauf sind. Dem muss entgegen getreten werden,<br \/>\ndamit das gekochte Ger\u00fcchtegericht nicht \u00fcberbrodelt.<\/p>\n<p>Viele Grenzg\u00e4nger erkl\u00e4ren, dass ihre Ehefrau (meistens ist es nun einmal die Ehefrau, die die<br \/>\nKinder betreut) nicht mehr arbeiten geht, weil sich dies f\u00fcr Grenzg\u00e4nger nicht lohne. Begr\u00fcndet<br \/>\nwird dies auch oft mit der 13.000,00 EUR-Grenze. Dies ist schon vom Grunde auf falsch.<br \/>\nDie EUR 13.000,00 gelten nur f\u00fcr den Grenzg\u00e4nger selbst und nicht f\u00fcr den Nichtgrenzg\u00e4nger.<br \/>\nDie 13.000,00 EUR-Grenze bedeutet, dass der Grenzg\u00e4nger bis zu EUR 13.000,00 unbeschadet<br \/>\nin Deutschland verdienen kann, beispielsweise durch Vermietungseink\u00fcnfte oder anteilige Lohneink\u00fcnfte,<br \/>\nohne das eine Steuerklasse 2 in Frage gestellt wird.<\/p>\n<p>Der Nichtgrenzg\u00e4nger-Ehegatte kann hingegen auch \u00fcber EUR 13.000,00 verdienen. Die Ehefrau,<br \/>\nie also gerne 50% statt 30% arbeiten geht, sollte hier nicht ausgebremst werden. Der steuerliche<br \/>\nNachteil in Luxemburg ist marginal. Der Nettogewinn in der Brieftasche ist erheblich. Hierauf sollte<br \/>\nalso nicht aufgrund von Ger\u00fcchten verzichtet werden.<\/p>\n<p>Ein weiteres Missverst\u00e4ndnis ist folgendes: Viele Grenzg\u00e4nger haben eine optimale Steuerklasse<br \/>\naufgrund eines guten Antrages. Sie zahlen wenig Steuern. Viele meinen, dass man dies ja auch so<br \/>\nbelassen k\u00f6nne, ohne ab dem Jahr 2018 eine Steuererkl\u00e4rung abzugeben. Dies ist jedoch falsch.<\/p>\n<p>Richtig ist vielmehr, dass dieser durch den Antrag auf Steuerklasse gew\u00e4hrte Prozentsatz nur eine<br \/>\nprovisorische Besteuerung darstellt. Erst mit der Steuererkl\u00e4rung wird letztendlich \u00fcberpr\u00fcft, ob die<br \/>\nSteuerklasse auch gerechtfertigt war. Verheiratete Grenzg\u00e4nger m\u00fcssen daher stets ab dem Jahr 2018<br \/>\neine Steuererkl\u00e4rung abgeben. Eine andere M\u00f6glichkeit gibt es gar nicht, wenn man die Steuerklasse 2<br \/>\nweiterf\u00fchren will.<br \/>\n[\/et_pb_text][\/et_pb_column][et_pb_column type=&#8220;1_3&#8243; _builder_version=&#8220;4.16&#8243; background_position=&#8220;top_left&#8220; custom_padding=&#8220;0px|0px|0px|&#8220; global_colors_info=&#8220;{}&#8220; custom_padding__hover=&#8220;|||&#8220;][et_pb_text admin_label=&#8220;Text Abstandshalter&#8220; _builder_version=&#8220;4.16&#8243; custom_margin=&#8220;0px|0px|0px|0px&#8220; custom_padding=&#8220;0px|0px|0px|0px&#8220; global_colors_info=&#8220;{}&#8220;]<span style=\"color: #ffffff;\">:<\/span><br \/>\n<span style=\"color: #ffffff;\">:<\/span><br \/>\n[\/et_pb_text][et_pb_image src=&#8220;https:\/\/wonnebauer.de\/site\/wp-content\/uploads\/2018\/06\/Wonnebauer_trierischer_volksfreund_index.jpg&#8220; align_tablet=&#8220;center&#8220; align_phone=&#8220;&#8220; align_last_edited=&#8220;on|desktop&#8220; admin_label=&#8220;Bild Wonnebauer_trierischer_volksfreund_index&#8220; _builder_version=&#8220;4.16&#8243; custom_margin=&#8220;||0px|&#8220; global_colors_info=&#8220;{}&#8220;][\/et_pb_image][\/et_pb_column][\/et_pb_row][et_pb_row column_structure=&#8220;2_3,1_3&#8243; _builder_version=&#8220;4.16&#8243; global_colors_info=&#8220;{}&#8220;][et_pb_column type=&#8220;2_3&#8243; _builder_version=&#8220;4.16&#8243; background_position=&#8220;top_left&#8220; custom_padding=&#8220;0px|0px|0px|0px&#8220; global_colors_info=&#8220;{}&#8220; custom_padding__hover=&#8220;|||&#8220;][et_pb_text admin_label=&#8220;Text Abstandshalter&#8220; _builder_version=&#8220;4.16&#8243; custom_margin=&#8220;0px|0px|0px|0px&#8220; custom_padding=&#8220;0px|0px|0px|0px&#8220; global_colors_info=&#8220;{}&#8220;]<span style=\"color: #ffffff;\">:<\/span><br \/>\n<span style=\"color: #ffffff;\">:<\/span><br \/>\n[\/et_pb_text][et_pb_text admin_label=&#8220;Text \u00dcberschrift Kolumne vom 23. April 2018 zum Absetzbarkeit der luxemburgische Pflegeversicherung&#8220; _builder_version=&#8220;4.16&#8243; global_colors_info=&#8220;{}&#8220;]<\/p>\n<h3>Kolumne vom 23. April 2018 zum Absetzbarkeit der luxemburgische Pflegeversicherung<\/h3>\n<p>[\/et_pb_text][et_pb_text admin_label=&#8220;Text Kolumne vom 23. April 2018 zum Absetzbarkeit der luxemburgische Pflegeversicherung&#8220; _builder_version=&#8220;4.16&#8243; global_colors_info=&#8220;{}&#8220;]<\/p>\n<p class=\"bodytext\"><b>Pflegeversicherung in der deutschen Steuererkl\u00e4rung absetzen<\/b><\/p>\n<p class=\"bodytext\">Grenzg\u00e4nger k\u00f6nnen bei ihrer deutschen Steuererkl\u00e4rung von einem Urteil des Europ\u00e4ischen Gerichtshofs<br \/>\naus dem Jahre 2017 profitieren. Das Bundesfinanzministerium hat im Dezember 2017 bereits entsprechende<br \/>\nAnweisungen an die Finanz\u00e4mter gegeben.<\/p>\n<p class=\"bodytext\">Im Ergebnis k\u00f6nnen Grenzg\u00e4nger ihre in Luxemburg gezahlte Pflegeversicherung in der deutschen<br \/>\nSteuererkl\u00e4rung als Vorsorgeaufwand angeben, als handele es sich um eine deutsche gesetzliche Versicherung.<\/p>\n<p class=\"bodytext\">Das deutsche Finanzamt wird diesen Betrag auch anerkennen, was wiederum zu einer Erh\u00f6hung der<br \/>\nSteuererstattung f\u00fchrt.<\/p>\n<p class=\"bodytext\">Die\u00a0 luxemburgische Pflegeversicherung betr\u00e4gt zirka 1,4% des luxemburgischen Bruttolohnes.<br \/>\nIn Luxemburg wird sie allerdings nicht steuermindernd ber\u00fccksichtigt. Dies ist auch eine Voraussetzung<br \/>\nf\u00fcr die Anerkennung der Beitr\u00e4ge in der deutschen Steuererkl\u00e4rung.<\/p>\n<p class=\"bodytext\">Der Europ\u00e4ische Gerichtshof hatte entschieden, dass es nicht grunds\u00e4tzlich verwehrt werden darf,<br \/>\ndass Sozialversicherungsbeitr\u00e4ge aus dem T\u00e4tigkeitsstaat in der Steuererkl\u00e4rung des Wohnsitzstaates<br \/>\nber\u00fccksichtigt werden k\u00f6nnen. Dies war jedoch bislang g\u00e4ngige Rechtsprechung in Deutschland.<\/p>\n<p class=\"bodytext\">Das Bundesfinanzministerium akzeptiert die Rechtsprechung, allerdings nur unter einer Bedingung:<br \/>\nSolange die Sozialversicherungsbeitr\u00e4ge nicht steuermindernd in dem T\u00e4tigkeitsland ber\u00fccksichtigt werden,<br \/>\nwerden sie anerkannt. Genau dies ist hier jedoch der Fall.<\/p>\n<p class=\"bodytext\">Als Nachweis der H\u00f6he der Pflegeversicherung k\u00f6nnen die Grenzg\u00e4nger entweder die Lohnabrechnung<br \/>\nf\u00fcr den Dezember einreichen, aus dem sich normalerweise die Kumulation der Monatsbetr\u00e4ge ergibt<br \/>\noder die Lohnsteuerbescheinigung.<\/p>\n<p class=\"bodytext\">Allerdings wird nur von wenigen Lohnsoftwareherstellern die Pflegeversicherung auf der<br \/>\nLohnsteuerbescheinigung ausgewiesen, da sie ja nach dem luxemburger Recht steuerlich keine Bedeutung hat.<\/p>\n<p class=\"bodytext\">Wenn der Steuerbescheid eintrifft sollte man dennoch kontrollieren, ob die Versicherung erfasst wurde,<br \/>\nda sie nicht von der deutschen Krankenversicherung automatisch an das Finanzamt gemeldet wurde.<br \/>\nAufgrund der automatisierten Bearbeitung kommt es immer wieder dazu, dass angegebene Betr\u00e4ge<br \/>\nnicht ber\u00fccksichtigt werden.<\/p>\n<p>[\/et_pb_text][\/et_pb_column][et_pb_column type=&#8220;1_3&#8243; _builder_version=&#8220;4.16&#8243; background_position=&#8220;top_left&#8220; custom_padding=&#8220;0px|0px|0px|&#8220; global_colors_info=&#8220;{}&#8220; custom_padding__hover=&#8220;|||&#8220;][et_pb_text admin_label=&#8220;Text Abstandshalter&#8220; _builder_version=&#8220;4.16&#8243; custom_margin=&#8220;0px|0px|0px|0px&#8220; custom_padding=&#8220;0px|0px|0px|0px&#8220; global_colors_info=&#8220;{}&#8220;]<span style=\"color: #ffffff;\">:<\/span><br \/>\n<span style=\"color: #ffffff;\">:<\/span><br \/>\n[\/et_pb_text][et_pb_image src=&#8220;https:\/\/wonnebauer.de\/site\/wp-content\/uploads\/2018\/06\/Wonnebauer_trierischer_volksfreund_index.jpg&#8220; align_tablet=&#8220;center&#8220; align_phone=&#8220;&#8220; align_last_edited=&#8220;on|desktop&#8220; admin_label=&#8220;Bild Wonnebauer_trierischer_volksfreund_index&#8220; _builder_version=&#8220;4.16&#8243; custom_margin=&#8220;||0px|&#8220; global_colors_info=&#8220;{}&#8220;][\/et_pb_image][\/et_pb_column][\/et_pb_row][et_pb_row column_structure=&#8220;2_3,1_3&#8243; _builder_version=&#8220;4.16&#8243; global_colors_info=&#8220;{}&#8220;][et_pb_column type=&#8220;2_3&#8243; _builder_version=&#8220;4.16&#8243; background_position=&#8220;top_left&#8220; custom_padding=&#8220;0px|0px|0px|0px&#8220; global_colors_info=&#8220;{}&#8220; custom_padding__hover=&#8220;|||&#8220;][et_pb_text admin_label=&#8220;Text Abstandshalter&#8220; _builder_version=&#8220;4.16&#8243; custom_margin=&#8220;0px|0px|0px|0px&#8220; custom_padding=&#8220;0px|0px|0px|0px&#8220; global_colors_info=&#8220;{}&#8220;]<span style=\"color: #ffffff;\">:<\/span><br \/>\n<span style=\"color: #ffffff;\">:<\/span><br \/>\n[\/et_pb_text][et_pb_text admin_label=&#8220;Text \u00dcberschrift link \u00dcberschrift Kolumne vom 19. M\u00e4rz 2018 zum Thema Untersuchung beim Arbeitsmediziner&#8220; _builder_version=&#8220;4.16&#8243; global_colors_info=&#8220;{}&#8220;]<strong><a href=\"https:\/\/www.volksfreund.de\/nachrichten\/mehrwert\/kolumnist-stephan-wonnebauer-zur-grenzgaenger-thematik_aid-7948811\">Kolumne vom 19. M\u00e4rz 2018 zum Thema Untersuchung beim Arbeitsmediziner<\/a><\/strong><br \/>\n[\/et_pb_text][\/et_pb_column][et_pb_column type=&#8220;1_3&#8243; _builder_version=&#8220;4.16&#8243; background_position=&#8220;top_left&#8220; custom_padding=&#8220;0px|0px|0px|&#8220; global_colors_info=&#8220;{}&#8220; custom_padding__hover=&#8220;|||&#8220;][et_pb_text admin_label=&#8220;Text Abstandshalter&#8220; _builder_version=&#8220;4.16&#8243; custom_margin=&#8220;0px|0px|0px|0px&#8220; custom_padding=&#8220;0px|0px|0px|0px&#8220; global_colors_info=&#8220;{}&#8220;]<span style=\"color: #ffffff;\">:<\/span><br \/>\n<span style=\"color: #ffffff;\">:<\/span><br \/>\n[\/et_pb_text][\/et_pb_column][\/et_pb_row][et_pb_row column_structure=&#8220;2_3,1_3&#8243; _builder_version=&#8220;4.16&#8243; global_colors_info=&#8220;{}&#8220;][et_pb_column type=&#8220;2_3&#8243; _builder_version=&#8220;4.16&#8243; background_position=&#8220;top_left&#8220; custom_padding=&#8220;0px|0px|0px|0px&#8220; global_colors_info=&#8220;{}&#8220; custom_padding__hover=&#8220;|||&#8220;][et_pb_text admin_label=&#8220;Text Abstandshalter&#8220; _builder_version=&#8220;4.16&#8243; custom_margin=&#8220;0px|0px|0px|0px&#8220; custom_padding=&#8220;0px|0px|0px|0px&#8220; global_colors_info=&#8220;{}&#8220;]<span style=\"color: #ffffff;\">:<\/span><br \/>\n<span style=\"color: #ffffff;\">:<\/span><br \/>\n[\/et_pb_text][et_pb_text admin_label=&#8220;Text \u00dcberschrift link Kolumne vom 19. Februar 2018 zur neuen Einzelveranlagung in Luxemburg&#8220; _builder_version=&#8220;4.16&#8243; global_colors_info=&#8220;{}&#8220;]<strong><a href=\"https:\/\/www.volksfreund.de\/nachrichten\/luxemburg\/grenzgaenger-kolumne-zu-neuen-steuerregeln_aid-7321397\">Kolumne vom 19. Februar 2018 zur neuen Einzelveranlagung in Luxemburg<\/a><\/strong><br \/>\n[\/et_pb_text][\/et_pb_column][et_pb_column type=&#8220;1_3&#8243; _builder_version=&#8220;4.16&#8243; background_position=&#8220;top_left&#8220; custom_padding=&#8220;0px|0px|0px|&#8220; global_colors_info=&#8220;{}&#8220; custom_padding__hover=&#8220;|||&#8220;][et_pb_text admin_label=&#8220;Text Abstandshalter&#8220; _builder_version=&#8220;4.16&#8243; custom_margin=&#8220;0px|0px|0px|0px&#8220; custom_padding=&#8220;0px|0px|0px|0px&#8220; global_colors_info=&#8220;{}&#8220;]<span style=\"color: #ffffff;\">:<\/span><br \/>\n<span style=\"color: #ffffff;\">:<\/span><br \/>\n[\/et_pb_text][\/et_pb_column][\/et_pb_row][et_pb_row column_structure=&#8220;2_3,1_3&#8243; _builder_version=&#8220;4.16&#8243; global_colors_info=&#8220;{}&#8220;][et_pb_column type=&#8220;2_3&#8243; _builder_version=&#8220;4.16&#8243; background_position=&#8220;top_left&#8220; custom_padding=&#8220;0px|0px|0px|0px&#8220; global_colors_info=&#8220;{}&#8220; custom_padding__hover=&#8220;|||&#8220;][et_pb_text admin_label=&#8220;Text Abstandshalter&#8220; _builder_version=&#8220;4.16&#8243; custom_margin=&#8220;0px|0px|0px|0px&#8220; custom_padding=&#8220;0px|0px|0px|0px&#8220; global_colors_info=&#8220;{}&#8220;]<span style=\"color: #ffffff;\">:<\/span><br \/>\n<span style=\"color: #ffffff;\">:<\/span><br \/>\n[\/et_pb_text][et_pb_text admin_label=&#8220;Text link Kolumne vom 15. Januar 2018 zu Steuerdaten der Grenzg\u00e4nger werden nach Deutschland gemeldet &#8211; Selbstanzeige \u00fcberlegen&#8220; _builder_version=&#8220;4.16&#8243; global_colors_info=&#8220;{}&#8220;]<a href=\"https:\/\/www.volksfreund.de\/nachrichten\/mehrwert\/fachanwalt-stephan-wonnebauer-gibt-tipps-fuer-grenzgaenger_aid-7030617\"><strong>Kolumne vom 15. Januar 2018 zu Steuerdaten der Grenzg\u00e4nger werden nach Deutschland gemeldet &#8211; Selbstanzeige \u00fcberlegen<\/strong><\/a><\/p>\n<h1><\/h1>\n<p>[\/et_pb_text][\/et_pb_column][et_pb_column type=&#8220;1_3&#8243; _builder_version=&#8220;4.16&#8243; background_position=&#8220;top_left&#8220; custom_padding=&#8220;0px|0px|0px|&#8220; global_colors_info=&#8220;{}&#8220; custom_padding__hover=&#8220;|||&#8220;][et_pb_text admin_label=&#8220;Text Abstandshalter&#8220; _builder_version=&#8220;4.16&#8243; custom_margin=&#8220;0px|0px|0px|0px&#8220; custom_padding=&#8220;0px|0px|0px|0px&#8220; global_colors_info=&#8220;{}&#8220;]<span style=\"color: #ffffff;\">:<\/span><br \/>\n<span style=\"color: #ffffff;\">:<\/span><br \/>\n[\/et_pb_text][\/et_pb_column][\/et_pb_row][et_pb_row column_structure=&#8220;2_3,1_3&#8243; _builder_version=&#8220;4.16&#8243; global_colors_info=&#8220;{}&#8220;][et_pb_column type=&#8220;2_3&#8243; _builder_version=&#8220;4.16&#8243; background_position=&#8220;top_left&#8220; custom_padding=&#8220;0px|0px|0px|0px&#8220; global_colors_info=&#8220;{}&#8220; custom_padding__hover=&#8220;|||&#8220;][et_pb_text admin_label=&#8220;Text Abstandshalter&#8220; _builder_version=&#8220;4.16&#8243; custom_margin=&#8220;0px|0px|0px|0px&#8220; custom_padding=&#8220;0px|0px|0px|0px&#8220; global_colors_info=&#8220;{}&#8220;]<span style=\"color: #ffffff;\">:<\/span><br \/>\n<span style=\"color: #ffffff;\">:<\/span><br \/>\n[\/et_pb_text][et_pb_text admin_label=&#8220;Text link Kolumne vom 18. Dezember 2017 zum Thema Besteuerung der Rufbereitschaft bei Grenzg\u00e4ngern&#8220; _builder_version=&#8220;4.16&#8243; global_colors_info=&#8220;{}&#8220;]<a href=\"https:\/\/www.volksfreund.de\/nachrichten\/mehrwert\/der-lohn-fuer-rufbereitschaft-wird-in-deutschland-versteuert_aid-6940749\"><strong>Kolumne vom 18. Dezember 2017 zum Thema Besteuerung der Rufbereitschaft bei Grenzg\u00e4ngern<\/strong><\/a><br \/>\n[\/et_pb_text][\/et_pb_column][et_pb_column type=&#8220;1_3&#8243; _builder_version=&#8220;4.16&#8243; background_position=&#8220;top_left&#8220; custom_padding=&#8220;0px|0px|0px|&#8220; global_colors_info=&#8220;{}&#8220; custom_padding__hover=&#8220;|||&#8220;][et_pb_text admin_label=&#8220;Text Abstandshalter&#8220; _builder_version=&#8220;4.16&#8243; custom_margin=&#8220;0px|0px|0px|0px&#8220; custom_padding=&#8220;0px|0px|0px|0px&#8220; global_colors_info=&#8220;{}&#8220;]<span style=\"color: #ffffff;\">:<\/span><br \/>\n<span style=\"color: #ffffff;\">:<\/span><br \/>\n[\/et_pb_text][\/et_pb_column][\/et_pb_row][et_pb_row column_structure=&#8220;2_3,1_3&#8243; _builder_version=&#8220;4.16&#8243; global_colors_info=&#8220;{}&#8220;][et_pb_column type=&#8220;2_3&#8243; _builder_version=&#8220;4.16&#8243; background_position=&#8220;top_left&#8220; custom_padding=&#8220;0px|0px|0px|0px&#8220; global_colors_info=&#8220;{}&#8220; custom_padding__hover=&#8220;|||&#8220;][et_pb_text admin_label=&#8220;Text Abstandshalter&#8220; _builder_version=&#8220;4.16&#8243; custom_margin=&#8220;0px|0px|0px|0px&#8220; custom_padding=&#8220;0px|0px|0px|0px&#8220; global_colors_info=&#8220;{}&#8220;]<span style=\"color: #ffffff;\">:<\/span><br \/>\n<span style=\"color: #ffffff;\">:<\/span><br \/>\n[\/et_pb_text][et_pb_text admin_label=&#8220;Text link Kolumne vom 20. November 2017 zum Erbfall Deutschland &#8211; Luxemburg&#8220; _builder_version=&#8220;4.16&#8243; global_colors_info=&#8220;{}&#8220;]<a href=\"http:\/\/www.volksfreund.de\/nachrichten\/welt\/mehrwert\/aktuell\/Heute-im-Volksfreund-Der-Erbfall-Deutschland;art8049,4737646\"><strong>Kolumne vom 20. November 2017 zum Erbfall Deutschland &#8211; Luxemburg<\/strong><\/a><br \/>\n[\/et_pb_text][\/et_pb_column][et_pb_column type=&#8220;1_3&#8243; _builder_version=&#8220;4.16&#8243; background_position=&#8220;top_left&#8220; custom_padding=&#8220;0px|0px|0px|&#8220; global_colors_info=&#8220;{}&#8220; custom_padding__hover=&#8220;|||&#8220;][et_pb_text admin_label=&#8220;Text Abstandshalter&#8220; _builder_version=&#8220;4.16&#8243; custom_margin=&#8220;0px|0px|0px|0px&#8220; custom_padding=&#8220;0px|0px|0px|0px&#8220; global_colors_info=&#8220;{}&#8220;]<span style=\"color: #ffffff;\">:<\/span><br \/>\n<span style=\"color: #ffffff;\">:<\/span><br \/>\n[\/et_pb_text][\/et_pb_column][\/et_pb_row][et_pb_row column_structure=&#8220;2_3,1_3&#8243; _builder_version=&#8220;4.16&#8243; global_colors_info=&#8220;{}&#8220;][et_pb_column type=&#8220;2_3&#8243; _builder_version=&#8220;4.16&#8243; background_position=&#8220;top_left&#8220; custom_padding=&#8220;0px|0px|0px|0px&#8220; global_colors_info=&#8220;{}&#8220; custom_padding__hover=&#8220;|||&#8220;][et_pb_text admin_label=&#8220;Text Abstandshalter&#8220; _builder_version=&#8220;4.16&#8243; custom_margin=&#8220;0px|0px|0px|0px&#8220; custom_padding=&#8220;0px|0px|0px|0px&#8220; global_colors_info=&#8220;{}&#8220;]<span style=\"color: #ffffff;\">:<\/span><br \/>\n<span style=\"color: #ffffff;\">:<\/span><br \/>\n[\/et_pb_text][et_pb_text admin_label=&#8220;Text link Kolumne vom 17. Oktober 2017&#8243; _builder_version=&#8220;4.16&#8243; global_colors_info=&#8220;{}&#8220;]<strong><a href=\"http:\/\/www.volksfreund.de\/nachrichten\/welt\/mehrwert\/aktuell\/Heute-im-Volksfreund-Neue-50-Tage-Grenze-mit-Steuerreform-gueltig;art8049,4720376\">Kolumne vom 17. Oktober 2017 zur neuen 50 Tage Grenze mit Steuerreform<\/a><\/strong><br \/>\n[\/et_pb_text][\/et_pb_column][et_pb_column type=&#8220;1_3&#8243; _builder_version=&#8220;4.16&#8243; background_position=&#8220;top_left&#8220; custom_padding=&#8220;0px|0px|0px|&#8220; global_colors_info=&#8220;{}&#8220; custom_padding__hover=&#8220;|||&#8220;][et_pb_text admin_label=&#8220;Text Abstandshalter&#8220; _builder_version=&#8220;4.16&#8243; custom_margin=&#8220;0px|0px|0px|0px&#8220; custom_padding=&#8220;0px|0px|0px|0px&#8220; global_colors_info=&#8220;{}&#8220;]<span style=\"color: #ffffff;\">:<\/span><br \/>\n<span style=\"color: #ffffff;\">:<\/span><br \/>\n[\/et_pb_text][\/et_pb_column][\/et_pb_row][et_pb_row column_structure=&#8220;2_3,1_3&#8243; _builder_version=&#8220;4.16&#8243; global_colors_info=&#8220;{}&#8220;][et_pb_column type=&#8220;2_3&#8243; _builder_version=&#8220;4.16&#8243; background_position=&#8220;top_left&#8220; custom_padding=&#8220;0px|0px|0px|0px&#8220; global_colors_info=&#8220;{}&#8220; custom_padding__hover=&#8220;|||&#8220;][et_pb_text admin_label=&#8220;Text Abstandshalter&#8220; _builder_version=&#8220;4.16&#8243; custom_margin=&#8220;0px|0px|0px|0px&#8220; custom_padding=&#8220;0px|0px|0px|0px&#8220; global_colors_info=&#8220;{}&#8220;]<span style=\"color: #ffffff;\">:<\/span><br \/>\n<span style=\"color: #ffffff;\">:<\/span><br \/>\n[\/et_pb_text][et_pb_text admin_label=&#8220;Text \u00dcberschrift Kolumne vom 20. September 2017 zum Kindergeld&#8220; _builder_version=&#8220;4.16&#8243; global_colors_info=&#8220;{}&#8220;]<strong><a href=\"https:\/\/wonnebauer.de\/site\/wp-content\/uploads\/2018\/07\/Kolumne_Volksfreund_September_2017.pdf\">Kolumne vom September 2017 zum Kindergeld<\/a><\/strong><br \/>\n[\/et_pb_text][\/et_pb_column][et_pb_column type=&#8220;1_3&#8243; _builder_version=&#8220;4.16&#8243; background_position=&#8220;top_left&#8220; custom_padding=&#8220;0px|0px|0px|&#8220; global_colors_info=&#8220;{}&#8220; custom_padding__hover=&#8220;|||&#8220;][et_pb_text admin_label=&#8220;Text Abstandshalter&#8220; _builder_version=&#8220;4.16&#8243; custom_margin=&#8220;0px|0px|0px|0px&#8220; custom_padding=&#8220;0px|0px|0px|0px&#8220; global_colors_info=&#8220;{}&#8220;]<span style=\"color: #ffffff;\">:<\/span><br \/>\n<span style=\"color: #ffffff;\">:<\/span><br \/>\n[\/et_pb_text][\/et_pb_column][\/et_pb_row][et_pb_row column_structure=&#8220;2_3,1_3&#8243; _builder_version=&#8220;4.16&#8243; global_colors_info=&#8220;{}&#8220;][et_pb_column type=&#8220;2_3&#8243; _builder_version=&#8220;4.16&#8243; background_position=&#8220;top_left&#8220; custom_padding=&#8220;0px|0px|0px|0px&#8220; global_colors_info=&#8220;{}&#8220; custom_padding__hover=&#8220;|||&#8220;][et_pb_text admin_label=&#8220;Text Abstandshalter&#8220; _builder_version=&#8220;4.16&#8243; custom_margin=&#8220;0px|0px|0px|0px&#8220; custom_padding=&#8220;0px|0px|0px|0px&#8220; global_colors_info=&#8220;{}&#8220;]<span style=\"color: #ffffff;\">:<\/span><br \/>\n<span style=\"color: #ffffff;\">:<\/span><br \/>\n[\/et_pb_text][et_pb_text admin_label=&#8220;Text \u00dcberschrift Kolumne vom 21. August 2017 zum Thema Neue 13.000-Euro-Grenze&#8220; _builder_version=&#8220;4.16&#8243; global_colors_info=&#8220;{}&#8220;]<strong><a href=\"https:\/\/wonnebauer.de\/site\/wp-content\/uploads\/2018\/07\/Kolumne_Volksfreund_21_August_2017.jpg\">Kolumne vom 21. August 2017 zum Thema Neue 13.000-Euro-Grenze<\/a><\/strong><br \/>\n[\/et_pb_text][\/et_pb_column][et_pb_column type=&#8220;1_3&#8243; _builder_version=&#8220;4.16&#8243; background_position=&#8220;top_left&#8220; custom_padding=&#8220;0px|0px|0px|&#8220; global_colors_info=&#8220;{}&#8220; custom_padding__hover=&#8220;|||&#8220;][et_pb_text admin_label=&#8220;Text Abstandshalter&#8220; _builder_version=&#8220;4.16&#8243; custom_margin=&#8220;0px|0px|0px|0px&#8220; custom_padding=&#8220;0px|0px|0px|0px&#8220; global_colors_info=&#8220;{}&#8220;]<span style=\"color: #ffffff;\">:<\/span><br \/>\n<span style=\"color: #ffffff;\">:<\/span><br \/>\n[\/et_pb_text][\/et_pb_column][\/et_pb_row][et_pb_row column_structure=&#8220;2_3,1_3&#8243; _builder_version=&#8220;4.16&#8243; global_colors_info=&#8220;{}&#8220;][et_pb_column type=&#8220;2_3&#8243; _builder_version=&#8220;4.16&#8243; background_position=&#8220;top_left&#8220; custom_padding=&#8220;0px|0px|0px|0px&#8220; global_colors_info=&#8220;{}&#8220; custom_padding__hover=&#8220;|||&#8220;][et_pb_text admin_label=&#8220;Text Abstandshalter&#8220; _builder_version=&#8220;4.16&#8243; custom_margin=&#8220;0px|0px|0px|0px&#8220; custom_padding=&#8220;0px|0px|0px|0px&#8220; global_colors_info=&#8220;{}&#8220;]<span style=\"color: #ffffff;\">:<\/span><br \/>\n<span style=\"color: #ffffff;\">:<\/span><br \/>\n[\/et_pb_text][et_pb_text admin_label=&#8220;Text \u00dcberschrift Beitrag vom 17.Juli 2017 zum Thema Luxemburger Steuerreform&#8220; _builder_version=&#8220;4.16&#8243; global_colors_info=&#8220;{}&#8220;]<strong><a href=\"https:\/\/wonnebauer.de\/site\/wp-content\/uploads\/2018\/07\/Kolumne_Volksfreund_17072017.pdf\">Kolumne vom 17.07.2017\u00a0 zum Thema Luxemburger Steuerreform<\/a><\/strong><br \/>\n[\/et_pb_text][\/et_pb_column][et_pb_column type=&#8220;1_3&#8243; _builder_version=&#8220;4.16&#8243; background_position=&#8220;top_left&#8220; custom_padding=&#8220;0px|0px|0px|&#8220; global_colors_info=&#8220;{}&#8220; custom_padding__hover=&#8220;|||&#8220;][et_pb_text admin_label=&#8220;Text Abstandshalter&#8220; _builder_version=&#8220;4.16&#8243; custom_margin=&#8220;0px|0px|0px|0px&#8220; custom_padding=&#8220;0px|0px|0px|0px&#8220; global_colors_info=&#8220;{}&#8220;]<span style=\"color: #ffffff;\">:<\/span><br \/>\n<span style=\"color: #ffffff;\">:<\/span><br \/>\n[\/et_pb_text][\/et_pb_column][\/et_pb_row][\/et_pb_section][et_pb_section fb_built=&#8220;1&#8243; _builder_version=&#8220;4.16&#8243; custom_padding=&#8220;0px|0px|0px|0px&#8220; global_colors_info=&#8220;{}&#8220;][et_pb_row _builder_version=&#8220;4.16&#8243; background_size=&#8220;initial&#8220; background_position=&#8220;top_left&#8220; background_repeat=&#8220;repeat&#8220; custom_padding=&#8220;0px|0px|0px|0px&#8220; global_colors_info=&#8220;{}&#8220;][et_pb_column type=&#8220;4_4&#8243; _builder_version=&#8220;4.16&#8243; custom_padding=&#8220;|||&#8220; global_colors_info=&#8220;{}&#8220; custom_padding__hover=&#8220;|||&#8220;][et_pb_text admin_label=&#8220;Text Abstandshalter mit Leerzeilen&#8220; _builder_version=&#8220;4.16&#8243; custom_margin=&#8220;0px|0px|0px|0px&#8220; custom_padding=&#8220;0px|0px|10px|0px&#8220; border_style=&#8220;solid&#8220; global_colors_info=&#8220;{}&#8220;]<span style=\"color: #ffffff;\">:<\/span><br \/>\n<span style=\"color: #ffffff;\">:<\/span><br \/>\n[\/et_pb_text][et_pb_text admin_label=&#8220;Text + Link Impressum Rechtsanwalt Stephan Wonnebauer&#8220; _builder_version=&#8220;4.16&#8243; custom_padding=&#8220;||5px|&#8220; border_style=&#8220;solid&#8220; global_colors_info=&#8220;{}&#8220;]<\/p>\n<p style=\"text-align: center;\"><span class=\"st\">\u00a9Rechtsanwalt Stephan Wonnebauer &#8211; <a href=\"https:\/\/wonnebauer.de\/site\/home\/impressum\/\">Impressum<\/a><br \/>\n<\/span><\/p>\n<p>[\/et_pb_text][\/et_pb_column][\/et_pb_row][\/et_pb_section]<\/p>\n","protected":false},"excerpt":{"rendered":"<p>: : Kolumne im Trierischen Volksfreund : : Kolumne Grenzg\u00e4nger im Trierischen Volksfreund In Zusammenarbeit mit dem Trierischen Volksfreund ver\u00f6ffentlichen wir n\u00fctzliche Tipps und Informationen zum Thema Grenzg\u00e4nger und Steuerrecht. Hier finden Sie unsere Beitr\u00e4ge zur Kolumne noch einmal zum Nachlesen. : : Gutschrift bei \u00dcberstunden!Grenzg\u00e4nger werden von den deutschen Finanz\u00e4mtern bez\u00fcglich ihrer in Luxemburg [&hellip;]<\/p>\n","protected":false},"author":1,"featured_media":0,"parent":967,"menu_order":8,"comment_status":"closed","ping_status":"closed","template":"","meta":{"_et_pb_use_builder":"on","_et_pb_old_content":"","_et_gb_content_width":"","footnotes":""},"class_list":["post-1814","page","type-page","status-publish","hentry"],"_links":{"self":[{"href":"https:\/\/wonnebauer.de\/site\/wp-json\/wp\/v2\/pages\/1814","targetHints":{"allow":["GET"]}}],"collection":[{"href":"https:\/\/wonnebauer.de\/site\/wp-json\/wp\/v2\/pages"}],"about":[{"href":"https:\/\/wonnebauer.de\/site\/wp-json\/wp\/v2\/types\/page"}],"author":[{"embeddable":true,"href":"https:\/\/wonnebauer.de\/site\/wp-json\/wp\/v2\/users\/1"}],"replies":[{"embeddable":true,"href":"https:\/\/wonnebauer.de\/site\/wp-json\/wp\/v2\/comments?post=1814"}],"version-history":[{"count":121,"href":"https:\/\/wonnebauer.de\/site\/wp-json\/wp\/v2\/pages\/1814\/revisions"}],"predecessor-version":[{"id":7290,"href":"https:\/\/wonnebauer.de\/site\/wp-json\/wp\/v2\/pages\/1814\/revisions\/7290"}],"up":[{"embeddable":true,"href":"https:\/\/wonnebauer.de\/site\/wp-json\/wp\/v2\/pages\/967"}],"wp:attachment":[{"href":"https:\/\/wonnebauer.de\/site\/wp-json\/wp\/v2\/media?parent=1814"}],"curies":[{"name":"wp","href":"https:\/\/api.w.org\/{rel}","templated":true}]}}