{"id":1779,"date":"2018-05-27T17:15:19","date_gmt":"2018-05-27T15:15:19","guid":{"rendered":"https:\/\/wonnebauer.de\/site\/?page_id=1779"},"modified":"2018-07-30T14:16:41","modified_gmt":"2018-07-30T12:16:41","slug":"deutschesarbeitsrecht","status":"publish","type":"page","link":"https:\/\/wonnebauer.de\/site\/arbeitsrecht\/deutschesarbeitsrecht\/","title":{"rendered":"Deutsches Arbeitsrecht"},"content":{"rendered":"<p>[et_pb_section bb_built=&#8220;1&#8243; admin_label=&#8220;Wilkommen Block 1&#8243; custom_padding=&#8220;0px|0px|0px|&#8220; _builder_version=&#8220;3.0.64&#8243; next_background_color=&#8220;#000000&#8243;][et_pb_row custom_padding=&#8220;0px|0px|0px|&#8220; padding_top_1=&#8220;0px&#8220; padding_right_1=&#8220;0px&#8220; padding_bottom_1=&#8220;0px&#8220; padding_left_1=&#8220;0px&#8220; padding_top_2=&#8220;0px&#8220; padding_right_2=&#8220;0px&#8220; padding_bottom_2=&#8220;0px&#8220; background_position_1=&#8220;top_left&#8220; background_position_2=&#8220;top_left&#8220; background_repeat_1=&#8220;no-repeat&#8220; background_repeat_2=&#8220;no-repeat&#8220; _builder_version=&#8220;3.0.64&#8243;][et_pb_column type=&#8220;1_3&#8243;][et_pb_text admin_label=&#8220;Text Abstandshalter&#8220; _builder_version=&#8220;3.2&#8243; custom_margin=&#8220;0px|0px|0px|0px&#8220; custom_padding=&#8220;0px|0px|0px|0px&#8220;]<\/p>\n<p><span style=\"color: #ffffff;\">:<\/span><br \/>\n<span style=\"color: #ffffff;\">:<\/span><\/p>\n<p>[\/et_pb_text][et_pb_text admin_label=&#8220;Text Deutsches Arbeitsrecht&#8220; _builder_version=&#8220;3.4.1&#8243;]<\/p>\n<h3><span style=\"color: #91001f;\">Deutsches Arbeitsrecht<\/span><\/h3>\n<p>[\/et_pb_text][\/et_pb_column][et_pb_column type=&#8220;2_3&#8243;][et_pb_text admin_label=&#8220;Text Abstandshalter&#8220; _builder_version=&#8220;3.2&#8243; custom_margin=&#8220;0px|0px|0px|0px&#8220; custom_padding=&#8220;0px|0px|0px|0px&#8220;]<\/p>\n<p><span style=\"color: #ffffff;\">:<\/span><br \/>\n<span style=\"color: #ffffff;\">:<\/span><\/p>\n<p>[\/et_pb_text][\/et_pb_column][\/et_pb_row][\/et_pb_section][et_pb_section bb_built=&#8220;1&#8243; admin_label=&#8220;Wilkommen Block 1&#8243; custom_padding=&#8220;0px|0px|0px|&#8220; _builder_version=&#8220;3.0.64&#8243; next_background_color=&#8220;#000000&#8243; prev_background_color=&#8220;#000000&#8243;][et_pb_row custom_padding=&#8220;0px|0px|0px|&#8220; padding_top_1=&#8220;0px&#8220; padding_right_1=&#8220;0px&#8220; padding_bottom_1=&#8220;0px&#8220; padding_left_1=&#8220;0px&#8220; padding_top_2=&#8220;0px&#8220; padding_right_2=&#8220;0px&#8220; padding_bottom_2=&#8220;0px&#8220; background_position_1=&#8220;top_left&#8220; background_position_2=&#8220;top_left&#8220; background_repeat_1=&#8220;no-repeat&#8220; background_repeat_2=&#8220;no-repeat&#8220; _builder_version=&#8220;3.0.64&#8243;][et_pb_column type=&#8220;2_3&#8243;][et_pb_text admin_label=&#8220;Text \u00dcberschrift Was k\u00f6nnen wir f\u00fcr Sie im Arbeitsrecht tun?&#8220; _builder_version=&#8220;3.4.1&#8243;]<\/p>\n<h3 class=\"csc-firstHeader\">Was k\u00f6nnen wir f\u00fcr Sie im Arbeitsrecht tun?<\/h3>\n<p>[\/et_pb_text][et_pb_text admin_label=&#8220;Text Was k\u00f6nnen wir f\u00fcr Sie im Arbeitsrecht tun?&#8220; _builder_version=&#8220;3.11&#8243;]<\/p>\n<p>Seit Bestehen der Kanzlei\u00a0werden arbeitsrechtliche Mandate bearbeitet.<\/p>\n<p>Insbesondere f\u00fcr Grenzg\u00e4nger nach Luxemburg bearbeiten wir Rechtsstreitigkeiten<br \/>\nim\u00a0<a class=\"internal-link\" title=\"Opens internal link in current window\" href=\"https:\/\/wonnebauer.de\/site\/arbeitsrecht\/luxemburgerarbeitsrecht\/\"><b>luxemburgischen Arbeitsrecht.<\/b><\/a><\/p>\n<p>Rechtsanwalt Wonnebauer\u00a0<b>unterrichtete von 2002 bis 2007 Arbeitsrecht\u00a0f\u00fcr die<br \/>\n<\/b><a class=\"external-link-new-window\" title=\"Opens external link in new window\" href=\"http:\/\/www.frankfurt-school.de\/\"><b>Frankfurt School of Finance and Management<\/b><\/a><b>.<br \/>\n<\/b><br \/>\nNicht erst im Proze\u00dffalle, beispielsweise nach einer fristlosen K\u00fcndigung, wird Rechtsrat erteilt,<br \/>\nsondern auch bei Fragen um Arbeitszeugnisse, Mobbing, Berechnung von Urlaubsanspr\u00fcchen<br \/>\nund Lohnabrechnungen.<\/p>\n<p>[\/et_pb_text][\/et_pb_column][et_pb_column type=&#8220;1_3&#8243;][et_pb_image admin_label=&#8220;Bild Wonnebauer_buch_deutsche_gesetze_P1020269&#8243; _builder_version=&#8220;3.4.1&#8243; src=&#8220;https:\/\/wonnebauer.de\/site\/wp-content\/uploads\/2018\/06\/Wonnebauer_buch_deutsche_gesetze_P1020269.jpg&#8220; \/][\/et_pb_column][\/et_pb_row][et_pb_row custom_padding=&#8220;0px|0px|0px|&#8220; padding_top_1=&#8220;0px&#8220; padding_right_1=&#8220;0px&#8220; padding_bottom_1=&#8220;0px&#8220; padding_left_1=&#8220;0px&#8220; padding_top_2=&#8220;0px&#8220; padding_right_2=&#8220;0px&#8220; padding_bottom_2=&#8220;0px&#8220; background_position_1=&#8220;top_left&#8220; background_position_2=&#8220;top_left&#8220; background_repeat_1=&#8220;no-repeat&#8220; background_repeat_2=&#8220;no-repeat&#8220; _builder_version=&#8220;3.0.64&#8243;][et_pb_column type=&#8220;2_3&#8243;][et_pb_text admin_label=&#8220;Text Abstandshalter&#8220; _builder_version=&#8220;3.2&#8243; custom_margin=&#8220;0px|0px|0px|0px&#8220; custom_padding=&#8220;0px|0px|0px|0px&#8220;]<\/p>\n<p><span style=\"color: #ffffff;\">:<\/span><br \/>\n<span style=\"color: #ffffff;\">:<\/span><\/p>\n<p>[\/et_pb_text][et_pb_text admin_label=&#8220;Text \u00dcberschrift Der virtuelle Betrieb im Arbeitsrecht&#8220; _builder_version=&#8220;3.4.1&#8243;]<\/p>\n<div class=\"csc-header csc-header-n2\">\n<h3>Der virtuelle Betrieb im Arbeitsrecht<\/h3>\n<\/div>\n<p>[\/et_pb_text][et_pb_text admin_label=&#8220;Text Der virtuelle Betrieb im Arbeitsrecht&#8220; _builder_version=&#8220;3.11&#8243;]<\/p>\n<p>Es gibt schon einige moderne Betriebe, bei denen man nicht t\u00e4glich zu einem B\u00fcro f\u00e4hrt.<\/p>\n<p>Arbeitnehmer arbeiten im\u00a0<b>Homeoffice<\/b>, besuchen Kunden oder treffen sich in kurzfristig<br \/>\nangemieteten\u00a0<b>Meeting-R\u00e4umen<\/b>. B\u00fcroraum wird in Ballungsr\u00e4umen auch immer teurer.<\/p>\n<p>Durch\u00a0<b>Digitalisierung und Internationalisierung<\/b>\u00a0ist Arbeit zunehmend zeit- und ortsunabh\u00e4ngig.<br \/>\nEine unmittelbare Kontrolle der Arbeitnehmer nimmt ab. Dabei werden Teams organisiert in<br \/>\nunterschiedlicher Gr\u00f6\u00dfe. Arbeitsmittel werden meist zur Verf\u00fcgung gestellt.<\/p>\n<p>Nach \u00a7 611a BGB wird der Arbeitsvertrag definiert. Die\u00a0<b>Weisungsgebundenheit\u00a0<\/b>wird mit der<br \/>\nArt der T\u00e4tigkeit und \u00d6rtlichkeit in Bezug gebracht. F\u00fcr die Feststellung, ob ein Arbeitsvertrag vorliegt,<br \/>\nist eine\u00a0<b>Gesamtbetrachtung<\/b>\u00a0durchzuf\u00fchren.<\/p>\n<p>Eine \u00dcberwachung findet EDV-gest\u00fctzt statt. Eine Form der Arbeit ist die Telearbeit.<br \/>\nMan muss nicht vor Ort sein.<\/p>\n<p>Die Gegens\u00e4tze zum\u00a0<b>freien Mitarbeiter<\/b>\u00a0sind:<br \/>\nDie Leistungen werden nur\u00a0<b>verg\u00fctungsbezogen<\/b>\u00a0gepr\u00fcft. Der zeitliche Umfang ist frei.<br \/>\nDer Freie kann auch f\u00fcr andere Unternehmen arbeiten.<\/p>\n<p>Unter das\u00a0<b>Heimarbeitsgesetz<\/b>\u00a0fallen auch EDV-Arbeiter, so das BAG am 14.6.2016.<br \/>\nDas k\u00f6nnen auch hochqualifizierte T\u00e4tigkeiten sein.<\/p>\n<p>[\/et_pb_text][\/et_pb_column][et_pb_column type=&#8220;1_3&#8243;][et_pb_text admin_label=&#8220;Text Abstandshalter&#8220; _builder_version=&#8220;3.2&#8243; custom_margin=&#8220;0px|0px|0px|0px&#8220; custom_padding=&#8220;0px|0px|0px|0px&#8220;]<\/p>\n<p><span style=\"color: #ffffff;\">:<\/span><br \/>\n<span style=\"color: #ffffff;\">:<\/span><\/p>\n<p>[\/et_pb_text][et_pb_image admin_label=&#8220;Bild Wonnebauer_dav_logo_280&#8243; _builder_version=&#8220;3.4.1&#8243; src=&#8220;https:\/\/wonnebauer.de\/site\/wp-content\/uploads\/2018\/05\/Wonnebauer_dav_logo_280.jpg&#8220; custom_margin=&#8220;||0px|&#8220; \/][\/et_pb_column][\/et_pb_row][et_pb_row custom_padding=&#8220;0px|0px|0px|&#8220; padding_top_1=&#8220;0px&#8220; padding_right_1=&#8220;0px&#8220; padding_bottom_1=&#8220;0px&#8220; padding_left_1=&#8220;0px&#8220; padding_top_2=&#8220;0px&#8220; padding_right_2=&#8220;0px&#8220; padding_bottom_2=&#8220;0px&#8220; background_position_1=&#8220;top_left&#8220; background_position_2=&#8220;top_left&#8220; background_repeat_1=&#8220;no-repeat&#8220; background_repeat_2=&#8220;no-repeat&#8220; _builder_version=&#8220;3.0.64&#8243;][et_pb_column type=&#8220;2_3&#8243;][et_pb_text admin_label=&#8220;Text Abstandshalter&#8220; _builder_version=&#8220;3.2&#8243; custom_margin=&#8220;0px|0px|0px|0px&#8220; custom_padding=&#8220;0px|0px|0px|0px&#8220;]<\/p>\n<p><span style=\"color: #ffffff;\">:<\/span><br \/>\n<span style=\"color: #ffffff;\">:<\/span><\/p>\n<p>[\/et_pb_text][et_pb_text admin_label=&#8220;Text \u00dcberschrift Der Betriebsrat im virtuellen Betrieb&#8220; _builder_version=&#8220;3.4.1&#8243;]<\/p>\n<div class=\"csc-header csc-header-n2\">\n<h3>Der Betriebsrat im virtuellen Betrieb<\/h3>\n<\/div>\n<p>[\/et_pb_text][et_pb_text admin_label=&#8220;Text Der Betriebsrat im virtuellen Betrieb&#8220; _builder_version=&#8220;3.11&#8243;]<\/p>\n<div id=\"c1314\" class=\"csc-default\">\n<div class=\"csc-textpic csc-textpic-intext-right\">\n<div class=\"csc-textpic-text\">\n<p class=\"bodytext\">Das Problem besteht schon einmal darin, ob ein virtueller Betrieb \u00fcberhaupt einen Betrieb darstellt.<\/p>\n<p>Nach der<b>\u00a0Definition des BAG<\/b>\u00a0muss eine organisatorischen Einheit bestehen.<br \/>\nEs muss eine Leitungsmacht vorliegen. Es kommt auf die Gesamtbetrachtung an.<\/p>\n<p><b>Kein Merkmal\u00a0<\/b>ist die<b>\u00a0physische<\/b>\u00a0Betriebsst\u00e4tte.<\/p>\n<p>Ein\u00a0<b>Verkn\u00fcpfung der Mitarbeiter<\/b>\u00a0besteht \u00fcber technische Mittel.<\/p>\n<p>Nach dem\u00a0<b>Betriebsverassungsgesetz<\/b>\u00a0muss eine betriebsratsf\u00e4hige Einheit vorliegen.<br \/>\nDa ein Mindestma\u00df an Organisation besteht, liegt grunds\u00e4tzlich eine Einheit vor.<\/p>\n<p>Die Arbeitsgerichte unterscheiden hier\u00a0<b>unterschiedlich.<\/b><\/p>\n<p>Den Konstellationen sind keine Grenzen gesetzt.<br \/>\nDer Teamleader k\u00f6nnte auch im Ausland sitzen.<\/p>\n<p>Um Rechtssicherheit zu erhalten, k\u00f6nnen\u00a0<b>Tarifvertr\u00e4ge oder Betriebsvereinbarungen<br \/>\n<\/b>geschlossen werden. Hiermit ist das Problem jedoch nur f\u00fcr eine bestimmte Zeit gel\u00f6st.<\/p>\n<p>Die\u00a0<b>Organistation des Betriebsrates<\/b>\u00a0ist ebenso aufw\u00e4ndig. Wie sollen in einem virtuellen<br \/>\nBetrieb Sprechstunden und Versammlungen organisiert werden. Um den Arbeitsplatz aufzusuchen,<br \/>\nmuss der Betriebsrat zu den Wohnungen mit Mitarbeiter fahren.<\/p>\n<p>Eine<b>\u00a0Betriebsratssitzung per Skype<\/b>\u00a0wird jedoch von Gerichten als unzul\u00e4ssig angesehen.<\/p>\n<\/div>\n<\/div>\n<\/div>\n<p>[\/et_pb_text][\/et_pb_column][et_pb_column type=&#8220;1_3&#8243;][et_pb_text admin_label=&#8220;Text Abstandshalter&#8220; _builder_version=&#8220;3.2&#8243; custom_margin=&#8220;0px|0px|0px|0px&#8220; custom_padding=&#8220;0px|0px|0px|0px&#8220;]<\/p>\n<p><span style=\"color: #ffffff;\">:<\/span><br \/>\n<span style=\"color: #ffffff;\">:<\/span><\/p>\n<p>[\/et_pb_text][et_pb_image admin_label=&#8220;Bild Wonnebauer_anwaltstag_17_schellenberg_P1080639&#8243; _builder_version=&#8220;3.4.1&#8243; src=&#8220;https:\/\/wonnebauer.de\/site\/wp-content\/uploads\/2018\/06\/Wonnebauer_anwaltstag_17_schellenberg_P1080639.jpg&#8220; custom_margin=&#8220;||0px|&#8220; \/][et_pb_text admin_label=&#8220;Text Rechtsanwalt Schellenberg auf dem Deutschen Anwaltstag 2017&#8243; _builder_version=&#8220;3.4.1&#8243; custom_margin=&#8220;0px|||&#8220; custom_padding=&#8220;0px|||&#8220;]<\/p>\n<p>Rechtsanwalt Schellenberg auf dem<br \/>\nDeutschen Anwaltstag 2017<\/p>\n<p>[\/et_pb_text][\/et_pb_column][\/et_pb_row][et_pb_row custom_padding=&#8220;0px|0px|0px|&#8220; padding_top_1=&#8220;0px&#8220; padding_right_1=&#8220;0px&#8220; padding_bottom_1=&#8220;0px&#8220; padding_left_1=&#8220;0px&#8220; padding_top_2=&#8220;0px&#8220; padding_right_2=&#8220;0px&#8220; padding_bottom_2=&#8220;0px&#8220; background_position_1=&#8220;top_left&#8220; background_position_2=&#8220;top_left&#8220; background_repeat_1=&#8220;no-repeat&#8220; background_repeat_2=&#8220;no-repeat&#8220; _builder_version=&#8220;3.0.64&#8243;][et_pb_column type=&#8220;2_3&#8243;][et_pb_text admin_label=&#8220;Text Abstandshalter&#8220; _builder_version=&#8220;3.4.1&#8243; custom_margin=&#8220;0px|0px|0px|0px&#8220; custom_padding=&#8220;0px|0px|0px|0px&#8220;]<\/p>\n<p><span style=\"color: #ffffff;\">:<\/span><br \/>\n<span style=\"color: #ffffff;\">:<\/span><\/p>\n<p>[\/et_pb_text][et_pb_text admin_label=&#8220;Text \u00dcberschrift Die Bedeutung des Arbeitsvertrages&#8220; _builder_version=&#8220;3.4.1&#8243;]<\/p>\n<div class=\"csc-header csc-header-n2\">\n<h3>Die Bedeutung des Arbeitsvertrages<\/h3>\n<\/div>\n<p>[\/et_pb_text][et_pb_text admin_label=&#8220;Text Die Bedeutung des Arbeitsvertrages&#8220; _builder_version=&#8220;3.11&#8243;]<\/p>\n<div id=\"c1314\" class=\"csc-default\">\n<div class=\"csc-textpic csc-textpic-intext-right\">\n<div class=\"csc-textpic-text\">\n<p class=\"bodytext\">Der\u00a0<b>Arbeitsvertrag\u00a0<\/b>sollte\u00a0<b>schriftlich<\/b>\u00a0abgeschlossen werden.<br \/>\nZwar gilt nach dem BGB auch ein m\u00fcndlicher Vertrag.<br \/>\nIm Zweifel gelten dann jedoch nur die gesetzlichen Regelungen.<\/p>\n<p>Besser ist es, einen schriftlichen Vertrag zu schlie\u00dfen.<br \/>\nHier k\u00f6nnen Details gekl\u00e4rt und Einzelheiten individuell festgelegt werden.<\/p>\n<p>Die\u00a0<b>Anzahl der Urlaubstage<\/b>, die Zahlungsmodalit\u00e4ten, Boni,\u00a0<b>Weihnachtsgeld<\/b>,<br \/>\n\u00dcberstundenregelungen, Verweise auf Tarifvertr\u00e4ge und<b>\u00a0Nebenvertr\u00e4ge<\/b>;<br \/>\nall dies sollte bedacht und geregelt werden.<\/p>\n<p>Arbeitsvertr\u00e4ge m\u00fcssen aber auch oft\u00a0<b>Beh\u00f6rden vorgelegt werden<\/b>,<br \/>\nbeispielsweise dem Finanzamt oder der Rentenversicherung.<\/p>\n<p>Es ist daher kaum zu begreifen, warum viele Arbeitgeber oder Arbeitnehmer<br \/>\nso sorglos mit diesen\u00a0<b>existenziellen Vorschriften<\/b>\u00a0umgehen.<\/p>\n<p>Unsere Kanzlei erstellt und pr\u00fcft Arbeitsvertr\u00e4ge unter Ber\u00fccksichtigung der konkreten Arbeitswelt.<\/p>\n<p>Weitere allgemeine Informationen zum\u00a0<b>Arbeitsvertrag<\/b>\u00a0erhalten Sie auf der sehr informativen<br \/>\nInternetseite des\u00a0<b>Berufsverbandes der Rechtsjournalisten:<a class=\"external-link-new-window\" title=\"\u00d6ffnet externen Link in neuem Fenster\" href=\"http:\/\/www.arbeitsvertrag.org\/\">\u00a0www.arbeitsvertrag.org<\/a><\/b><\/p>\n<\/div>\n<\/div>\n<\/div>\n<p>[\/et_pb_text][\/et_pb_column][et_pb_column type=&#8220;1_3&#8243;][et_pb_text admin_label=&#8220;Text Abstandshalter&#8220; _builder_version=&#8220;3.2&#8243; custom_margin=&#8220;0px|0px|0px|0px&#8220; custom_padding=&#8220;0px|0px|0px|0px&#8220;]<\/p>\n<p><span style=\"color: #ffffff;\">:<\/span><br \/>\n<span style=\"color: #ffffff;\">:<\/span><\/p>\n<p>[\/et_pb_text][\/et_pb_column][\/et_pb_row][et_pb_row custom_padding=&#8220;0px|0px|0px|&#8220; padding_top_1=&#8220;0px&#8220; padding_right_1=&#8220;0px&#8220; padding_bottom_1=&#8220;0px&#8220; padding_left_1=&#8220;0px&#8220; padding_top_2=&#8220;0px&#8220; padding_right_2=&#8220;0px&#8220; padding_bottom_2=&#8220;0px&#8220; background_position_1=&#8220;top_left&#8220; background_position_2=&#8220;top_left&#8220; background_repeat_1=&#8220;no-repeat&#8220; background_repeat_2=&#8220;no-repeat&#8220; _builder_version=&#8220;3.0.64&#8243;][et_pb_column type=&#8220;2_3&#8243;][et_pb_text admin_label=&#8220;Text Abstandshalter&#8220; _builder_version=&#8220;3.4.1&#8243; custom_margin=&#8220;0px|0px|0px|0px&#8220; custom_padding=&#8220;0px|0px|0px|0px&#8220;]<\/p>\n<p><span style=\"color: #ffffff;\">:<\/span><br \/>\n<span style=\"color: #ffffff;\">:<\/span><\/p>\n<p>[\/et_pb_text][et_pb_text admin_label=&#8220;Text \u00dcberschrift Unser Leistungsspektrum&#8220; _builder_version=&#8220;3.4.1&#8243;]<\/p>\n<div class=\"csc-header csc-header-n2\">\n<h3>Unser Leistungsspektrum<\/h3>\n<\/div>\n<p>[\/et_pb_text][et_pb_text admin_label=&#8220;Text Unser Leistungsspektrum&#8220; _builder_version=&#8220;3.11&#8243;]<\/p>\n<div id=\"c1314\" class=\"csc-default\">\n<div class=\"csc-textpic csc-textpic-intext-right\">\n<div class=\"csc-textpic-text\">\n<p class=\"bodytext\"><b>Mandanten<\/b>\u00a0holen Rechtsrat meist in folgenden F\u00e4llen ein:<\/p>\n<p><b>1. K\u00fcndigungsschutzklage:<\/b><\/p>\n<p>Der Arbeitnehmer erh\u00e4lt eine ordentliche oder fristlose K\u00fcndigung.<\/p>\n<p>Hiergegen mu\u00df innerhalb von drei Wochen eine sogenannte K\u00fcndigungsschutzklage<br \/>\nerhoben werden, da andernfalls die K\u00fcndigung wirksam bei Betrieben \u00fcber 5 Mitarbeiter ist.<\/p>\n<p><b>2. Lohnzahlung<\/b><\/p>\n<p>Gelegentlich wird auch eine Lohnzahlung verlangt, die der Arbeitgeber nicht leisten will.<\/p>\n<p>Hier ist insbesondere auf arbeitsvertragliche Verwirkungsklauseln zu achten.<br \/>\nNach vielen Tarifvertr\u00e4gen mu\u00df diese Zahlungsklage sp\u00e4testens 2 Monate nach Ausscheiden<br \/>\naus dem Betrieb erhoben werden, da ansonsten eine Art\u00a0<i>Verj\u00e4hrung <\/i>eingetreten ist.<\/p>\n<p><b>3. Arbeitszeugnis<\/b><\/p>\n<p>Viele Streitigkeiten gehen \u00fcber die Ausstellung von\u00a0Arbeitszeugnissen.<\/p>\n<p>Arbeitnehmer sind meist mit der Bewertung durch den Arbeitgeber nicht zufrieden.<br \/>\nIn beschr\u00e4nktem Ma\u00dfe kann dieses Arbeitszeugnis mit\u00a0einer Klage\u00a0 angegriffen werden.<\/p>\n<p><b>4. Abmahnungen<\/b><\/p>\n<p>Arbeitnehmer wehren sich oft gegen Abmahnungen.<\/p>\n<p>Die Abmahnung wird vom Arbeitgeber oft als\u00a0<b>Vorstufe f\u00fcr eine K\u00fcndigung<\/b>\u00a0erteilt.<br \/>\nDaher sollte jeder Abmahnung besondere Aufmerksamkeit gewidmet werden.<\/p>\n<p>Weitere Informationen zum Thema Abmahnung finden Sie auf der Seite des<br \/>\n<b>Berufsverbandes der Rechtsjournalisten.<a class=\"external-link-new-window\" title=\"\u00d6ffnet externen Link in neuem Fenster\" href=\"http:\/\/www.abmahnung.org\/arbeitsrecht\/\">\u00a0Hier klicken.\u00a0<\/a><\/b><\/p>\n<\/div>\n<\/div>\n<\/div>\n<p>[\/et_pb_text][\/et_pb_column][et_pb_column type=&#8220;1_3&#8243;][et_pb_text admin_label=&#8220;Text Abstandshalter&#8220; _builder_version=&#8220;3.2&#8243; custom_margin=&#8220;0px|0px|0px|0px&#8220; custom_padding=&#8220;0px|0px|0px|0px&#8220;]<\/p>\n<p><span style=\"color: #ffffff;\">:<\/span><br \/>\n<span style=\"color: #ffffff;\">:<\/span><\/p>\n<p>[\/et_pb_text][et_pb_image admin_label=&#8220;Bild Wonnebauer_geht_2_IMG_0703&#8243; _builder_version=&#8220;3.4.1&#8243; src=&#8220;https:\/\/wonnebauer.de\/site\/wp-content\/uploads\/2018\/06\/Wonnebauer_geht_2_IMG_0703.jpg&#8220; custom_margin=&#8220;||0px|&#8220; \/][\/et_pb_column][\/et_pb_row][et_pb_row custom_padding=&#8220;0px|0px|0px|&#8220; padding_top_1=&#8220;0px&#8220; padding_right_1=&#8220;0px&#8220; padding_bottom_1=&#8220;0px&#8220; padding_left_1=&#8220;0px&#8220; padding_top_2=&#8220;0px&#8220; padding_right_2=&#8220;0px&#8220; padding_bottom_2=&#8220;0px&#8220; background_position_1=&#8220;top_left&#8220; background_position_2=&#8220;top_left&#8220; background_repeat_1=&#8220;no-repeat&#8220; background_repeat_2=&#8220;no-repeat&#8220; _builder_version=&#8220;3.0.64&#8243;][et_pb_column type=&#8220;2_3&#8243;][et_pb_text admin_label=&#8220;Text Abstandshalter&#8220; _builder_version=&#8220;3.4.1&#8243; custom_margin=&#8220;0px|0px|0px|0px&#8220; custom_padding=&#8220;0px|0px|0px|0px&#8220;]<\/p>\n<p><span style=\"color: #ffffff;\">:<\/span><br \/>\n<span style=\"color: #ffffff;\">:<\/span><\/p>\n<p>[\/et_pb_text][et_pb_text admin_label=&#8220;Text \u00dcberschrift Illegale Arbeitnehmer\u00fcberlassung&#8220; _builder_version=&#8220;3.4.1&#8243;]<\/p>\n<div class=\"csc-header csc-header-n2\">\n<h3>Illegale Arbeitnehmer\u00fcberlassung<\/h3>\n<\/div>\n<p>[\/et_pb_text][et_pb_text admin_label=&#8220;Text Illegale Arbeitnehmer\u00fcberlassung&#8220; _builder_version=&#8220;3.11&#8243;]<\/p>\n<div id=\"c1314\" class=\"csc-default\">\n<div class=\"csc-textpic csc-textpic-intext-right\">\n<div class=\"csc-textpic-text\">\n<p class=\"bodytext\"><b>Arbeitnehmer\u00fcberlassung<\/b>\u00a0liegt vor, wenn Arbeitgeber als Verleiher Dritten Arbeitnehmer<br \/>\n(Leiharbeitnehmer) im Rahmen ihrer wirtschaftlichen T\u00e4tigkeit zur Arbeitsleistung \u00fcberlassen.<\/p>\n<p>Der Arbeitnehmer ist in die\u00a0<b>Organisation des Entleihers eingegliedert<\/b>. Das bedeutet,<br \/>\ndass der Arbeitnehmer von dem Entleiher seine Weisungen erh\u00e4lt.<\/p>\n<p>Der \u00dcberlasser schlie\u00dft also lediglich den Arbeitsvertrag und rechnet den Lohn ab.<\/p>\n<p>Nach dem BAG kommt es auf die innere Organisation an. Es ist also ohne Bedeutung,<br \/>\nob Werkzeuge \u00fcberlassen werden oder Arbeitskleidung des Entleihers getragen wird.<\/p>\n<p>Hiervon abzugrenzen ist der\u00a0<b>drittbezogene Arbeitnehmereinsatz.<\/b><\/p>\n<p>Praktisch problematisch ist, dass oft illegal Arbeitnehmer \u00fcberlassen werden,<br \/>\nweil es keine beh\u00f6rdliche Erlaubnis gibt.<\/p>\n<p>Liegt dieser Sachverhalt vor, hat der Arbeitnehmer gegen den Entleiher einen Entgeltanspruch,<br \/>\nder im Normalfall dann h\u00f6her ist, als der Lohn beim illegalen Verleiher.<\/p>\n<\/div>\n<\/div>\n<\/div>\n<p>[\/et_pb_text][\/et_pb_column][et_pb_column type=&#8220;1_3&#8243;][et_pb_text admin_label=&#8220;Text Abstandshalter&#8220; _builder_version=&#8220;3.2&#8243; custom_margin=&#8220;0px|0px|0px|0px&#8220; custom_padding=&#8220;0px|0px|0px|0px&#8220;]<\/p>\n<p><span style=\"color: #ffffff;\">:<\/span><br \/>\n<span style=\"color: #ffffff;\">:<\/span><\/p>\n<p>[\/et_pb_text][et_pb_image admin_label=&#8220;Bild Wonnebauer_logo_P1020231&#8243; _builder_version=&#8220;3.4.1&#8243; src=&#8220;https:\/\/wonnebauer.de\/site\/wp-content\/uploads\/2018\/06\/Wonnebauer_logo_P1020231.jpg&#8220; custom_margin=&#8220;||0px|&#8220; \/][\/et_pb_column][\/et_pb_row][et_pb_row custom_padding=&#8220;0px|0px|0px|&#8220; padding_top_1=&#8220;0px&#8220; padding_right_1=&#8220;0px&#8220; padding_bottom_1=&#8220;0px&#8220; padding_left_1=&#8220;0px&#8220; padding_top_2=&#8220;0px&#8220; padding_right_2=&#8220;0px&#8220; padding_bottom_2=&#8220;0px&#8220; background_position_1=&#8220;top_left&#8220; background_position_2=&#8220;top_left&#8220; background_repeat_1=&#8220;no-repeat&#8220; background_repeat_2=&#8220;no-repeat&#8220; _builder_version=&#8220;3.0.64&#8243;][et_pb_column type=&#8220;2_3&#8243;][et_pb_text admin_label=&#8220;Text Abstandshalter&#8220; _builder_version=&#8220;3.4.1&#8243; custom_margin=&#8220;0px|0px|0px|0px&#8220; custom_padding=&#8220;0px|0px|0px|0px&#8220;]<\/p>\n<p><span style=\"color: #ffffff;\">:<\/span><br \/>\n<span style=\"color: #ffffff;\">:<\/span><\/p>\n<p>[\/et_pb_text][et_pb_text admin_label=&#8220;Text \u00dcberschrift Scheinselbst\u00e4ndigkeit&#8220; _builder_version=&#8220;3.4.1&#8243;]<\/p>\n<div class=\"csc-header csc-header-n2\">\n<h3>Scheinselbst\u00e4ndigkeit<\/h3>\n<\/div>\n<p>[\/et_pb_text][et_pb_text admin_label=&#8220;Text Scheinselbst\u00e4ndigkeit&#8220; _builder_version=&#8220;3.11&#8243;]<\/p>\n<div id=\"c1314\" class=\"csc-default\">\n<div class=\"csc-textpic csc-textpic-intext-right\">\n<div class=\"csc-textpic-text\">\n<p class=\"bodytext\">Im Focus des Zoll steht die \u00dcberpr\u00fcfung, ob eine\u00a0<b>Scheinselbst\u00e4ndigkeit<\/b>\u00a0besteht.<\/p>\n<p>Je nach Branche werden Gewerbetreibende besch\u00e4ftigt, die jedoch bei genauerem<br \/>\nHinsehen alle Merkmale eines Arbeitverh\u00e4ltnisses besitzen.<\/p>\n<p>Zur Verschleierung werden zwar Vertr\u00e4ge geschlossen, die nicht nach Stundenlohn abrechnen,<br \/>\nsondern im Handwerk beispielsweise nach Aufma\u00df. Die Mitarbeiter haben jedoch\u00a0<b>keine eigene<br \/>\nBetriebsst\u00e4tte, werben nicht am Markt und haben meistens nur diesen einen Auftraggaber.<\/b><\/p>\n<p>Wird Scheinselbst\u00e4ndigkeit festgestellt, hat der Mitarbeiter also einen Arbeitnehmerstatus<br \/>\nmit allen arbeitsrechtlichen Folgen, wie\u00a0<b>K\u00fcndigungsschutz, Urlaub oder Anspruch auf den Tariflohn<\/b>.<\/p>\n<p>Der Arbeitgeber wird anschlie\u00dfend auch die\u00a0<b>Sozialversicherungsbeitr\u00e4ge<\/b>\u00a0nachzuzahlen haben.<br \/>\nZur Berechnung wird das gezahlte Entgelt als Nettoentgelt betrachtet. Steuern werden nach der<br \/>\n<b>Steuerklasse VI\u00a0<\/b>abgerechnet.<\/p>\n<p>Es gilt normalerweise im Sozialversicherungsrecht eine Verj\u00e4hrungsfrist von 4 Jahren.<br \/>\nLiegt schon\u00a0<b>bedingter Vorsatz\u00a0<\/b>vor, was eigentlich der Normalfall ist, gilt eine 30j\u00e4hrige Verj\u00e4hrung.<\/p>\n<p>Grunds\u00e4tzlich folgt auch eine erhebliche<b>\u00a0strafrechtliche Verurteilung<\/b>\u00a0des Arbeitgebers<br \/>\noder Gesch\u00e4ftsf\u00fchrers nach \u00a7 266a StGB.<\/p>\n<\/div>\n<\/div>\n<\/div>\n<p>[\/et_pb_text][\/et_pb_column][et_pb_column type=&#8220;1_3&#8243;][et_pb_text admin_label=&#8220;Text Abstandshalter&#8220; _builder_version=&#8220;3.2&#8243; custom_margin=&#8220;0px|0px|0px|0px&#8220; custom_padding=&#8220;0px|0px|0px|0px&#8220;]<\/p>\n<p><span style=\"color: #ffffff;\">:<\/span><br \/>\n<span style=\"color: #ffffff;\">:<\/span><\/p>\n<p>[\/et_pb_text][\/et_pb_column][\/et_pb_row][et_pb_row custom_padding=&#8220;0px|0px|0px|&#8220; padding_top_1=&#8220;0px&#8220; padding_right_1=&#8220;0px&#8220; padding_bottom_1=&#8220;0px&#8220; padding_left_1=&#8220;0px&#8220; padding_top_2=&#8220;0px&#8220; padding_right_2=&#8220;0px&#8220; padding_bottom_2=&#8220;0px&#8220; background_position_1=&#8220;top_left&#8220; background_position_2=&#8220;top_left&#8220; background_repeat_1=&#8220;no-repeat&#8220; background_repeat_2=&#8220;no-repeat&#8220; _builder_version=&#8220;3.0.64&#8243;][et_pb_column type=&#8220;2_3&#8243;][et_pb_text admin_label=&#8220;Text Abstandshalter&#8220; _builder_version=&#8220;3.4.1&#8243; custom_margin=&#8220;0px|0px|0px|0px&#8220; custom_padding=&#8220;0px|0px|0px|0px&#8220;]<\/p>\n<p><span style=\"color: #ffffff;\">:<\/span><br \/>\n<span style=\"color: #ffffff;\">:<\/span><\/p>\n<p>[\/et_pb_text][et_pb_text admin_label=&#8220;Text \u00dcberschrift Wann liegt eigentlich Schwarzarbeit vor?&#8220; _builder_version=&#8220;3.4.1&#8243;]<\/p>\n<div class=\"csc-header csc-header-n2\">\n<h3>Wann liegt eigentlich Schwarzarbeit vor?<\/h3>\n<\/div>\n<p>[\/et_pb_text][et_pb_text admin_label=&#8220;Text Wann liegt eigentlich Schwarzarbeit vor?&#8220; _builder_version=&#8220;3.11&#8243;]<\/p>\n<div id=\"c1314\" class=\"csc-default\">\n<div class=\"csc-textpic csc-textpic-intext-right\">\n<div class=\"csc-textpic-text\">\n<p class=\"bodytext\">Im\u00a0<b>Schwarzarbeitsgesetz<\/b>\u00a0wird definiert, was man unter Schwarzarbeit versteht.<br \/>\nNachbarschaftshilfe und Gef\u00e4lligkeiten geh\u00f6ren nicht dazu.<\/p>\n<p>Betroffen sind auch selten Hausbesitzer, die Leute nach Feierabend als Handwerker besch\u00e4ftigten.<\/p>\n<p>Es geht vielmehr um<b>\u00a0Unternehmer<\/b>, die Arbeitnehmer besch\u00e4ftigen<br \/>\nund weder Steuern noch Sozialversicherungsbeitr\u00e4ge zahlen.<\/p>\n<p>Letztlich kommt eine Einzelfallabw\u00e4gung in Betracht, ob eine Erheblichkeit vorliegt.<\/p>\n<p><b>Empf\u00e4nger von Sozialleistungen<\/b>\u00a0werden ebenso strafrechtlich belangt.<\/p>\n<p>Zust\u00e4ndig f\u00fcr die Ermittlung und Pr\u00fcfung ist der<b>\u00a0Zoll<\/b>. Der Unternehmer hat zun\u00e4chst<br \/>\neine\u00a0<b>Auskunftspflicht.<\/b>\u00a0Stellt der Zoll dann einen<b>\u00a0Anfangsverdacht<\/b>\u00a0fest, gilt die\u00a0<b>Strafproze\u00dfordnung<\/b>.<br \/>\nSodann hat der Unternehmer ein das Recht zu schweigen.<\/p>\n<\/div>\n<\/div>\n<\/div>\n<p>[\/et_pb_text][\/et_pb_column][et_pb_column type=&#8220;1_3&#8243;][et_pb_text admin_label=&#8220;Text Abstandshalter&#8220; _builder_version=&#8220;3.2&#8243; custom_margin=&#8220;0px|0px|0px|0px&#8220; custom_padding=&#8220;0px|0px|0px|0px&#8220;]<\/p>\n<p><span style=\"color: #ffffff;\">:<\/span><br \/>\n<span style=\"color: #ffffff;\">:<\/span><\/p>\n<p>[\/et_pb_text][et_pb_image admin_label=&#8220;Bild Wonnebauer_daa_juris_logo_images&#8220; _builder_version=&#8220;3.4.1&#8243; src=&#8220;https:\/\/wonnebauer.de\/site\/wp-content\/uploads\/2018\/06\/Wonnebauer_daa_juris_logo_images.png&#8220; custom_margin=&#8220;||0px|&#8220; \/][\/et_pb_column][\/et_pb_row][et_pb_row custom_padding=&#8220;0px|0px|0px|&#8220; padding_top_1=&#8220;0px&#8220; padding_right_1=&#8220;0px&#8220; padding_bottom_1=&#8220;0px&#8220; padding_left_1=&#8220;0px&#8220; padding_top_2=&#8220;0px&#8220; padding_right_2=&#8220;0px&#8220; padding_bottom_2=&#8220;0px&#8220; background_position_1=&#8220;top_left&#8220; background_position_2=&#8220;top_left&#8220; background_repeat_1=&#8220;no-repeat&#8220; background_repeat_2=&#8220;no-repeat&#8220; _builder_version=&#8220;3.0.64&#8243;][et_pb_column type=&#8220;2_3&#8243;][et_pb_text admin_label=&#8220;Text Abstandshalter&#8220; _builder_version=&#8220;3.4.1&#8243; custom_margin=&#8220;0px|0px|0px|0px&#8220; custom_padding=&#8220;0px|0px|0px|0px&#8220;]<\/p>\n<p><span style=\"color: #ffffff;\">:<\/span><br \/>\n<span style=\"color: #ffffff;\">:<\/span><\/p>\n<p>[\/et_pb_text][et_pb_text admin_label=&#8220;Text \u00dcberschrift Das arbeitsgerichtliche G\u00fcteverfahren und Mediation&#8220; _builder_version=&#8220;3.4.1&#8243;]<\/p>\n<div class=\"csc-header csc-header-n2\">\n<h3>Das arbeitsgerichtliche G\u00fcteverfahren und Mediation<\/h3>\n<\/div>\n<p>[\/et_pb_text][et_pb_text admin_label=&#8220;Text Das arbeitsgerichtliche G\u00fcteverfahren und Mediation&#8220; _builder_version=&#8220;3.11&#8243;]<\/p>\n<div id=\"c1314\" class=\"csc-default\">\n<div class=\"csc-textpic csc-textpic-intext-right\">\n<div class=\"csc-textpic-text\">\n<p class=\"bodytext\">Nach\u00a0<b>\u00a7 54 ArbGG<\/b>\u00a0beginnt das Arbeitsgerichtsverfahren mit einer\u00a0<b>G\u00fcteverhandlung<\/b>.<br \/>\nKommt kein Vergleich zustande, folgt normalerweise die m\u00fcndliche Verhandlung.<\/p>\n<p>Nach Abs. 6 ist die Verweisung an einen<b>\u00a0G\u00fcterichter<\/b>\u00a0m\u00f6glich. Dieser ist Richter am selben Gericht.<br \/>\nEr darf nicht entscheiden, sondern darf nur einen Vergleich herbeif\u00fchren.\u00a0 Er ist durch ein Verzeichnis<br \/>\nvon vorneherein festgelegt. Der Vorschlag darf also auch von einer Partei kommen.<\/p>\n<p>Normalerweise\u00a0<b>ruht<\/b>\u00a0dann das Verfahren nicht. Die Parteien k\u00f6nnen dies aber beantragen<br \/>\n(\u00a7 249 ZPO) Der Vorteil liegt darin, dass Fristen nicht weiterlaufen.<\/p>\n<p>Alternativ kann eine andere Person, also nicht der G\u00fcterichter, nach \u00a7 54a mit einer<br \/>\n<b>Mediation<\/b>\u00a0beauftragt werden.<\/p>\n<p>Vorteil dieser Verfahren ist, dass der\u00a0<b>Zeitdruck<\/b>\u00a0aus dem Streit genommen wird. Gerade<br \/>\nbei<b>\u00a0sehr komplexen<\/b>\u00a0F\u00e4llen (z.B. gleichzeitige Anh\u00e4ngigkeit eines anderen Rechtsstreits<br \/>\nbeim Landgericht, viele verschiedene Anspr\u00fcche, Streit \u00fcber Zust\u00e4ndigkeit bei einem<br \/>\nGmbH-Gesch\u00e4ftsf\u00fchrer), ist dies von Vorteil.<\/p>\n<p>Ein weiterer Vorteil ist der Grundsatz der Vertraulichkeit. Dies muss jedoch zwischen den<br \/>\nParteien vereinbart werden. Die \u00d6ffentlichkeit kann also ausgeschlossen werden.<br \/>\nMan kann offener argumentieren.<\/p>\n<p>Der G\u00fcterichter kann auch\u00a0<b>Einzelgespr\u00e4che<\/b>\u00a0mit den Parteien f\u00fchren. Das w\u00e4re in der normalen<br \/>\nG\u00fcteverhandlung nicht m\u00f6glich. Der Vertraulichkeit dient auch, dass<b>\u00a0keine Protokolle<\/b>\u00a0\u00fcber diese<br \/>\nVerhandlungen und Einzelgespr\u00e4che gef\u00fchrt werden.<\/p>\n<p>Nat\u00fcrlich muss auch der G\u00fcterichter erfahren und kompetent sein, um eine solche Verhandlung<br \/>\nerfolgreich zu f\u00fchren.<\/p>\n<p>Am Ende wird der Vergleich durch den Richter durch\u00a0<b>Beschluss<\/b>\u00a0aufgenommen. Dieser Beschluss ist<br \/>\ndann auch\u00a0<b>vollstreckbar<\/b>.<\/p>\n<p>Allerdings muss sich die Partei dar\u00fcber klar sein, dass es f\u00fcr ein G\u00fcterichterverfahren<br \/>\n<b>keinen gesonderten Rechtsschutz durch die Versicherungen<\/b>\u00a0gibt. Der enorme zeitliche<br \/>\nMehraufwand muss jedoch irgendwie auch verg\u00fctet werden. Anw\u00e4lte werden daher normalerweise hierf\u00fcr\u00a0<b>Honorarvereinbarungen<\/b>\u00a0vorschlagen.<\/p>\n<\/div>\n<\/div>\n<\/div>\n<p>[\/et_pb_text][\/et_pb_column][et_pb_column type=&#8220;1_3&#8243;][et_pb_text admin_label=&#8220;Text Abstandshalter&#8220; _builder_version=&#8220;3.2&#8243; custom_margin=&#8220;0px|0px|0px|0px&#8220; custom_padding=&#8220;0px|0px|0px|0px&#8220;]<\/p>\n<p><span style=\"color: #ffffff;\">:<\/span><br \/>\n<span style=\"color: #ffffff;\">:<\/span><\/p>\n<p>[\/et_pb_text][\/et_pb_column][\/et_pb_row][\/et_pb_section][et_pb_section bb_built=&#8220;1&#8243; custom_padding=&#8220;0px|0px|0px|0px&#8220; _builder_version=&#8220;3.0.64&#8243; prev_background_color=&#8220;#000000&#8243;][et_pb_row custom_padding=&#8220;0px|0px|0px|0px&#8220; _builder_version=&#8220;3.0.64&#8243; background_size=&#8220;initial&#8220; background_position=&#8220;top_left&#8220; background_repeat=&#8220;repeat&#8220;][et_pb_column type=&#8220;4_4&#8243;][et_pb_text admin_label=&#8220;Text Abstandshalter mit Leerzeilen&#8220; _builder_version=&#8220;3.0.64&#8243; custom_margin=&#8220;0px|0px|0px|0px&#8220; custom_padding=&#8220;0px|0px|10px|0px&#8220; background_layout=&#8220;light&#8220; text_orientation=&#8220;left&#8220; border_style=&#8220;solid&#8220;]<\/p>\n<p><span style=\"color: #ffffff;\">:<\/span><br \/>\n<span style=\"color: #ffffff;\">:<\/span><\/p>\n<p>[\/et_pb_text][et_pb_text admin_label=&#8220;Text + Link Impressum Rechtsanwalt Stephan Wonnebauer&#8220; _builder_version=&#8220;3.0.64&#8243; background_layout=&#8220;light&#8220; text_orientation=&#8220;left&#8220; border_style=&#8220;solid&#8220; custom_padding=&#8220;||5px|&#8220;]<\/p>\n<p style=\"text-align: center;\"><span class=\"st\">\u00a9Rechtsanwalt Stephan Wonnebauer &#8211; <a href=\"https:\/\/wonnebauer.de\/site\/home\/impressum\/\">Impressum<\/a><br \/>\n<\/span><\/p>\n<p>[\/et_pb_text][\/et_pb_column][\/et_pb_row][\/et_pb_section]<\/p>\n","protected":false},"excerpt":{"rendered":"<p>: : Deutsches Arbeitsrecht : : Was k\u00f6nnen wir f\u00fcr Sie im Arbeitsrecht tun? Seit Bestehen der Kanzlei\u00a0werden arbeitsrechtliche Mandate bearbeitet. Insbesondere f\u00fcr Grenzg\u00e4nger nach Luxemburg bearbeiten wir Rechtsstreitigkeiten im\u00a0luxemburgischen Arbeitsrecht. Rechtsanwalt Wonnebauer\u00a0unterrichtete von 2002 bis 2007 Arbeitsrecht\u00a0f\u00fcr die Frankfurt School of Finance and Management. Nicht erst im Proze\u00dffalle, beispielsweise nach einer fristlosen K\u00fcndigung, wird [&hellip;]<\/p>\n","protected":false},"author":1,"featured_media":0,"parent":934,"menu_order":10,"comment_status":"closed","ping_status":"closed","template":"","meta":{"_et_pb_use_builder":"on","_et_pb_old_content":"","_et_gb_content_width":"","footnotes":""},"class_list":["post-1779","page","type-page","status-publish","hentry"],"_links":{"self":[{"href":"https:\/\/wonnebauer.de\/site\/wp-json\/wp\/v2\/pages\/1779","targetHints":{"allow":["GET"]}}],"collection":[{"href":"https:\/\/wonnebauer.de\/site\/wp-json\/wp\/v2\/pages"}],"about":[{"href":"https:\/\/wonnebauer.de\/site\/wp-json\/wp\/v2\/types\/page"}],"author":[{"embeddable":true,"href":"https:\/\/wonnebauer.de\/site\/wp-json\/wp\/v2\/users\/1"}],"replies":[{"embeddable":true,"href":"https:\/\/wonnebauer.de\/site\/wp-json\/wp\/v2\/comments?post=1779"}],"version-history":[{"count":7,"href":"https:\/\/wonnebauer.de\/site\/wp-json\/wp\/v2\/pages\/1779\/revisions"}],"predecessor-version":[{"id":2726,"href":"https:\/\/wonnebauer.de\/site\/wp-json\/wp\/v2\/pages\/1779\/revisions\/2726"}],"up":[{"embeddable":true,"href":"https:\/\/wonnebauer.de\/site\/wp-json\/wp\/v2\/pages\/934"}],"wp:attachment":[{"href":"https:\/\/wonnebauer.de\/site\/wp-json\/wp\/v2\/media?parent=1779"}],"curies":[{"name":"wp","href":"https:\/\/api.w.org\/{rel}","templated":true}]}}