{"id":1769,"date":"2018-05-27T17:08:10","date_gmt":"2018-05-27T15:08:10","guid":{"rendered":"https:\/\/wonnebauer.de\/site\/?page_id=1769"},"modified":"2018-07-30T12:59:45","modified_gmt":"2018-07-30T10:59:45","slug":"steuerrechtlicheklage","status":"publish","type":"page","link":"https:\/\/wonnebauer.de\/site\/steuerberatung\/steuerrechtlicheklage\/","title":{"rendered":"Steuerrechtliche Klage"},"content":{"rendered":"<p>[et_pb_section bb_built=&#8220;1&#8243; admin_label=&#8220;Wilkommen Block 1&#8243; custom_padding=&#8220;0px|0px|0px|&#8220; _builder_version=&#8220;3.0.64&#8243; next_background_color=&#8220;#000000&#8243;][et_pb_row custom_padding=&#8220;0px|0px|0px|&#8220; padding_top_1=&#8220;0px&#8220; padding_right_1=&#8220;0px&#8220; padding_bottom_1=&#8220;0px&#8220; padding_left_1=&#8220;0px&#8220; padding_top_2=&#8220;0px&#8220; padding_right_2=&#8220;0px&#8220; padding_bottom_2=&#8220;0px&#8220; background_position_1=&#8220;top_left&#8220; background_position_2=&#8220;top_left&#8220; background_repeat_1=&#8220;no-repeat&#8220; background_repeat_2=&#8220;no-repeat&#8220; _builder_version=&#8220;3.0.64&#8243;][et_pb_column type=&#8220;1_3&#8243;][et_pb_text admin_label=&#8220;Text Abstandshalter&#8220; _builder_version=&#8220;3.2&#8243; custom_margin=&#8220;0px|0px|0px|0px&#8220; custom_padding=&#8220;0px|0px|0px|0px&#8220;]<\/p>\n<p><span style=\"color: #ffffff;\">:<\/span><br \/>\n<span style=\"color: #ffffff;\">:<\/span><\/p>\n<p>[\/et_pb_text][et_pb_text admin_label=&#8220;Text Steuerrechtliche Klage&#8220; _builder_version=&#8220;3.4.1&#8243;]<\/p>\n<h3><span style=\"color: #91001f;\">Steuerrechtliche Klage<\/span><\/h3>\n<p>[\/et_pb_text][\/et_pb_column][et_pb_column type=&#8220;2_3&#8243;][et_pb_text admin_label=&#8220;Text Abstandshalter&#8220; _builder_version=&#8220;3.2&#8243; custom_margin=&#8220;0px|0px|0px|0px&#8220; custom_padding=&#8220;0px|0px|0px|0px&#8220;]<\/p>\n<p><span style=\"color: #ffffff;\">:<\/span><br \/>\n<span style=\"color: #ffffff;\">:<\/span><\/p>\n<p>[\/et_pb_text][\/et_pb_column][\/et_pb_row][\/et_pb_section][et_pb_section bb_built=&#8220;1&#8243; admin_label=&#8220;Wilkommen Block 1&#8243; custom_padding=&#8220;0px|0px|0px|&#8220; _builder_version=&#8220;3.0.64&#8243; next_background_color=&#8220;#000000&#8243; prev_background_color=&#8220;#000000&#8243;][et_pb_row custom_padding=&#8220;0px|0px|0px|&#8220; padding_top_1=&#8220;0px&#8220; padding_right_1=&#8220;0px&#8220; padding_bottom_1=&#8220;0px&#8220; padding_left_1=&#8220;0px&#8220; padding_top_2=&#8220;0px&#8220; padding_right_2=&#8220;0px&#8220; padding_bottom_2=&#8220;0px&#8220; background_position_1=&#8220;top_left&#8220; background_position_2=&#8220;top_left&#8220; background_repeat_1=&#8220;no-repeat&#8220; background_repeat_2=&#8220;no-repeat&#8220; _builder_version=&#8220;3.0.64&#8243;][et_pb_column type=&#8220;2_3&#8243;][et_pb_text admin_label=&#8220;Text \u00dcberschrift Wann sind Steuergesetze verfassungswidrig?&#8220; _builder_version=&#8220;3.4.1&#8243;]<\/p>\n<div class=\"csc-header csc-header-n1\">\n<h3 class=\"csc-firstHeader\">Wann sind Steuergesetze verfassungswidrig?<\/h3>\n<\/div>\n<p>[\/et_pb_text][et_pb_text admin_label=&#8220;Text Wann sind Steuergesetze verfassungswidrig?&#8220; _builder_version=&#8220;3.11&#8243;]<\/p>\n<p class=\"bodytext\">Es ist nicht ungew\u00f6hnlich, dass der\u00a0<b>Bundesfinanzhof<\/b>\u00a0steuerrechtliche Vorschriften f\u00fcr<br \/>\nverfassungswidrig h\u00e4lt und den Rechtsstreit dann dem Bundesverfassungsgericht vorlegt,<br \/>\nder letztlich verbindlich \u00fcber die m\u00f6gliche Verfassungswidrigkeit entscheidet.<\/p>\n<p class=\"bodytext\">Rund 4000\u00a0<b>Verfassungsbeschwerden<\/b>\u00a0betreffen Steuersache. Erfolgreich sind zirka 2%.<br \/>\nPopul\u00e4r sind die Enscheidungen zum Erbschaftsteuerrecht oder zur Verm\u00f6gensteuer.<br \/>\nLetzteres Gesetz gibt es seitdem nicht mehr.<\/p>\n<p>Verfassungswidrig w\u00e4re auch ein Gesetz, das eine R\u00fcckwirkung von Pflichten vorsieht.<br \/>\nDer B\u00fcrger darf auf die Richtigkeit der Steuergesetze vertrauen. Es kann daher kein Gesetz geben,<br \/>\ndas r\u00fcckwirkend ein richtiges Verhalten f\u00fcr unrichtig betrachtet.<\/p>\n<p>Ebenso\u00a0<b>verfassungswidrig<\/b>\u00a0w\u00e4re ein Steuergesetz, das \u00fcberm\u00e4\u00dfig viel Steuern verlangt,<br \/>\nz.B.\u00a0<b>\u00fcber 50 Prozent<\/b>. Nach Ansicht des BFH w\u00e4re das ein\u00a0<b>Eingriff in die Eigentumsrechte<\/b>.<\/p>\n<p>Deutsche Gerichte sind hier sehr sensibel geworden.<br \/>\nWenn im<b>\u00a0Dritten Reich Juden<\/b>\u00a0aus Deutschland auswandern wollten, mussten Sie gro\u00dfe Teile<br \/>\nihres Verm\u00f6gens dem Staat abtreten. Dies beruhte auf einem Steuergesetz.<br \/>\nEbenso wurden\u00a0<b>DDR-B\u00fcrger<\/b>\u00a0behandelt, die flohen oder ausreisen wollten.<br \/>\nDas deutsche Steuerrecht war also in der Geschichte oft mi\u00dfbraucht worden f\u00fcr politische Zwecke.<\/p>\n<p>[\/et_pb_text][\/et_pb_column][et_pb_column type=&#8220;1_3&#8243;][et_pb_image admin_label=&#8220;Bild Wonnebauer_mellinghoff_praesident_bfh_P1080070&#8243; _builder_version=&#8220;3.4.1&#8243; src=&#8220;https:\/\/wonnebauer.de\/site\/wp-content\/uploads\/2018\/06\/Wonnebauer_mellinghoff_praesident_bfh_P1080070.jpg&#8220; \/][et_pb_text admin_label=&#8220;Text Mellinghoff, Pr\u00e4sident des BFH&#8220; _builder_version=&#8220;3.4.1&#8243; custom_margin=&#8220;0px|||&#8220; custom_padding=&#8220;0px|||&#8220;]<\/p>\n<p>Herr Mellinghoff, Pr\u00e4sident des BFH,<br \/>\nam Finanzgerichtstag 2018 in K\u00f6ln<\/p>\n<p>[\/et_pb_text][\/et_pb_column][\/et_pb_row][et_pb_row custom_padding=&#8220;0px|0px|0px|&#8220; padding_top_1=&#8220;0px&#8220; padding_right_1=&#8220;0px&#8220; padding_bottom_1=&#8220;0px&#8220; padding_left_1=&#8220;0px&#8220; padding_top_2=&#8220;0px&#8220; padding_right_2=&#8220;0px&#8220; padding_bottom_2=&#8220;0px&#8220; background_position_1=&#8220;top_left&#8220; background_position_2=&#8220;top_left&#8220; background_repeat_1=&#8220;no-repeat&#8220; background_repeat_2=&#8220;no-repeat&#8220; _builder_version=&#8220;3.0.64&#8243;][et_pb_column type=&#8220;2_3&#8243;][et_pb_text admin_label=&#8220;Text Abstandshalter&#8220; _builder_version=&#8220;3.2&#8243; custom_margin=&#8220;0px|0px|0px|0px&#8220; custom_padding=&#8220;0px|0px|0px|0px&#8220;]<\/p>\n<p><span style=\"color: #ffffff;\">:<\/span><br \/>\n<span style=\"color: #ffffff;\">:<\/span><\/p>\n<p>[\/et_pb_text][et_pb_text admin_label=&#8220;Text \u00dcberschrift Klage oder Verst\u00e4ndigungsverfahren? Oder beides? Neuere Entwicklungen&#8220; _builder_version=&#8220;3.4.1&#8243;]<\/p>\n<h3>Klage oder Verst\u00e4ndigungsverfahren? Oder beides? Neuere Entwicklungen<\/h3>\n<p>[\/et_pb_text][et_pb_text admin_label=&#8220;Text Klage oder Verst\u00e4ndigungsverfahren? Oder beides? Neuere Entwicklungen&#8220; _builder_version=&#8220;3.11&#8243;]<\/p>\n<p>Gerade im<b>\u00a0internationalen Steuerrecht<\/b>, insbesondere bei Streitigkeiten \u00fcber die Besteuerung<br \/>\nvon Gehaltsbestandteilen von\u00a0<b>Luxemburg-Grenzg\u00e4ngern<\/b>, gibt es immer noch ungekl\u00e4rte Rechtsfelder.<\/p>\n<p>Es geht zum Beispiel um die Frage, in welchem Land eine\u00a0<b>Betriebsrente<\/b>versteuert wird,<br \/>\ndie Pr\u00e4mien f\u00fcr die<b>\u00a0Rufbereitschaft<\/b>\u00a0oder ob eine feste\u00a0<b>Einrichtung\u00a0<\/b>oder Betriebsst\u00e4tte vorliegt.<\/p>\n<p>Bestimmte Begriffe werden von den\u00a0<b>Steuerverwaltungen<\/b>\u00a0in Deutschland und Luxemburg<br \/>\neben anders definiert.<\/p>\n<p>Aktuell ist zum Beispiel der Streit zu der Besteuerung der Rufbereitschaft.<\/p>\n<p>In anderen F\u00e4llen wird gestritten, ob man nach dem nationalen Recht das Vorliegen<br \/>\neiner<b>\u00a0festen Einrichtung von Freiberufler<\/b>\u00a0sieht, oder nicht.<\/p>\n<p>Man kann die Rechtsf\u00e4lle vor das Finanzgericht bringen, was der Normalfall ist.<\/p>\n<p>Eine andere M\u00f6glichkeit besteht in der\u00a0<b>Einleitung eines Verst\u00e4ndigungsverfahren<\/b>.<br \/>\nDies kann ohne Einleitung eines Klageverfahren geschehen oder w\u00e4hrend dessen.<br \/>\nIm letzten Fall ruht das Klageverfahren.<\/p>\n<p>Das Verst\u00e4ndigungsverfahren geht auf Regelungen im<b>\u00a0OECD-Musterabkommen<\/b>zur\u00fcck<br \/>\nund ist weltweit bekannt (MAP &#8211; mutual agreement procedure). Im Actionplan hat die OEDC<br \/>\nausserdem beschlossen, das\u00a0<b>Verfahren zu verbessern<\/b>. Man arbeitet gerade daran.<\/p>\n<p>Ein Problem besteht aber in der\u00a0<b>Dauer des Verfahrens<\/b>. Es geht also nicht unbedingt schneller.<br \/>\nAu\u00dferdem kann der Grenzg\u00e4nger an diesem Verfahren selbst werder teilnehmen noch seine<br \/>\nArgumente vorbringen. Es ist schlicht eine Verhandlung zwischen den Staaten.<\/p>\n<p>Dies ist von Vorteil, wenn es um spezielles Know-how in den jeweiligen Staaten geht,<br \/>\ninsbesondere wenn es um Fakten geht.<br \/>\nGibt es diese Firma \u00fcberhaupt?<br \/>\nWieviele Mitarbeiter hat die Firma?<br \/>\nWas macht die Firma wirklich und nicht blo\u00df in den Werbebrosch\u00fcren?<\/p>\n<p>Die maximale Dauer des Verfahren soll zuk\u00fcnftig bei\u00a0<b>24 Monaten<\/b>\u00a0liegen.<br \/>\nNach der Statistik dauern viele Verfahren durchschnittlich 25-27 Monate.<\/p>\n<p>Dazu m\u00fcssen die Staaten auch das\u00a0<b>notwendige Personal<\/b>\u00a0vorhalten.<br \/>\nDie internationale Abteilung in Luxemburg besteht nur aus 4 Mitarbeitern.<br \/>\nDiese sind f\u00fcr alles Internationale zust\u00e4ndig, nicht blo\u00df f\u00fcr Verst\u00e4ndigungsverfahren.<br \/>\nIn Deutschland gibt es f\u00fcr beinahe jedes DBA eine eigene Abteilung.<br \/>\nDas Problem besteht auch darin, f\u00e4hige Leute entsprechend auszubilden.<br \/>\nDaran sollen die Staaten zuk\u00fcnftig arbeiten.<\/p>\n<p><b>Deutschland<\/b>\u00a0(mit Belgien, Frankreich und der Schweiz) geh\u00f6rt zu den 7 Staaten,<br \/>\nderen Anzahl der F\u00e4lle 70 Prozent der weltweilten Verst\u00e4ndigungsvereinbarungen ausmachen.<\/p>\n<p>Staaten sind gut beraten, bei solchen Verfahren miteinander zu arbeiten.<br \/>\nSingul\u00e4re Rechtsansichten sind also fehl am Platz.<\/p>\n<p>Bislang sind die Staaten\u00a0<b>nicht verpflichtet, am Ende eine Einigung zu finden<\/b>\u00a0!<br \/>\nEine Doppelbesteuerung wird schlimmstenfalls hingenommen.<\/p>\n<p>[\/et_pb_text][\/et_pb_column][et_pb_column type=&#8220;1_3&#8243;][et_pb_text admin_label=&#8220;Text Abstandshalter&#8220; _builder_version=&#8220;3.2&#8243; custom_margin=&#8220;0px|0px|0px|0px&#8220; custom_padding=&#8220;0px|0px|0px|0px&#8220;]<\/p>\n<p><span style=\"color: #ffffff;\">:<\/span><br \/>\n<span style=\"color: #ffffff;\">:<\/span><\/p>\n<p>[\/et_pb_text][et_pb_image admin_label=&#8220;Bild Wonnebauer_congress_P1030809&#8243; _builder_version=&#8220;3.4.1&#8243; src=&#8220;https:\/\/wonnebauer.de\/site\/wp-content\/uploads\/2018\/06\/Wonnebauer_congress_P1030809.jpg&#8220; \/][et_pb_image admin_label=&#8220;Bild Wonnebauer_look_at_the_statistics_P1030801&#8243; _builder_version=&#8220;3.4.1&#8243; src=&#8220;https:\/\/wonnebauer.de\/site\/wp-content\/uploads\/2018\/06\/Wonnebauer_look_at_the_statistics_P1030801.jpg&#8220; custom_margin=&#8220;||0px|&#8220; \/][\/et_pb_column][\/et_pb_row][et_pb_row custom_padding=&#8220;0px|0px|0px|&#8220; padding_top_1=&#8220;0px&#8220; padding_right_1=&#8220;0px&#8220; padding_bottom_1=&#8220;0px&#8220; padding_left_1=&#8220;0px&#8220; padding_top_2=&#8220;0px&#8220; padding_right_2=&#8220;0px&#8220; padding_bottom_2=&#8220;0px&#8220; background_position_1=&#8220;top_left&#8220; background_position_2=&#8220;top_left&#8220; background_repeat_1=&#8220;no-repeat&#8220; background_repeat_2=&#8220;no-repeat&#8220; _builder_version=&#8220;3.0.64&#8243;][et_pb_column type=&#8220;2_3&#8243;][et_pb_text admin_label=&#8220;Text Abstandshalter&#8220; _builder_version=&#8220;3.2&#8243; custom_margin=&#8220;0px|0px|0px|0px&#8220; custom_padding=&#8220;0px|0px|0px|0px&#8220;]<\/p>\n<p><span style=\"color: #ffffff;\">:<\/span><br \/>\n<span style=\"color: #ffffff;\">:<\/span><\/p>\n<p>[\/et_pb_text][et_pb_text admin_label=&#8220;Text \u00dcberschrift Steuerklage in Luxemburg&#8220; _builder_version=&#8220;3.4.1&#8243;]<\/p>\n<h3>Steuerklage in Luxemburg<\/h3>\n<p>[\/et_pb_text][et_pb_text admin_label=&#8220;Text Steuerklage in Luxemburg&#8220; _builder_version=&#8220;3.11&#8243;]<\/p>\n<p>Es gibt\u00a0<b>dramatische Unterschiede<\/b>\u00a0zum deutschen Gerichtsverfahren.<\/p>\n<p>Gleich ist das\u00a0<b>Vorverfahren<\/b>. Gegen den Steuerbescheid wird die\u00a0<b>Anfechtung<\/b>\u00a0erkl\u00e4rt.<br \/>\nDiese wird von einer unabh\u00e4ngigen Stelle innerhalb der Finanzverwaltung \u00fcberpr\u00fcft.<br \/>\nDiese erl\u00e4\u00dft einen\u00a0<b>Anfechtungsbescheid<\/b>.<\/p>\n<p>F\u00fcr den Fall, dass man obsiegt, enth\u00e4lt der Anfechtungsbescheid an eine Anweisung<br \/>\nan das Steuerb\u00fcro (Finanzamt), wie der Steuerbescheid zu \u00e4ndern ist.<\/p>\n<p>Anderenfalls muss\u00a0<b>Klage<\/b>\u00a0eingereicht werden.<\/p>\n<p>Anders als in Deutschland, wird die Klage beim\u00a0<b>Verwaltungsgericht<\/b>\u00a0eingereicht.<br \/>\nEine eigene Steuergerichtsbarkeit &#8211; wie \u00fcbrigens in dem meisten L\u00e4ndern der Erde &#8211;<br \/>\ngibt es in Luxemburg nicht. Die Richter sind also nicht wirklich spezialisiert auf Steuerrecht.<br \/>\nEs gibt auch keinen Steuersenat in dieser\u00a0<b>Verwaltungsgerichtsbarkeit<\/b>.<\/p>\n<p>Das Verfahren ist\u00a0<b>schriftlich<\/b>. Diesem Begriff muss besondere Beachtung geschenkt werden:<br \/>\nAlle Argumente sind schriftlich vorzutragen. Der Kl\u00e4ger darf nur\u00a0<b>zwei Schrifts\u00e4tze<\/b>\u00a0an das Gericht richten:<br \/>\nzum einen die Klage, zum anderen noch eine\u00a0<b>Replik<\/b>\u00a0auf die Gegen\u00e4u\u00dferung der Finanzverwaltung.<\/p>\n<p>In der m\u00fcndlichen Verhandlung d\u00fcrfen dann keine Argumente mehr nachgeliefert werden.<br \/>\nDer Kl\u00e4ger darf sich nur auf die bereits\u00a0<b>geschriebene Begr\u00fcndung\u00a0<\/b>beziehen und diese erl\u00e4utern.<br \/>\nWenn er also noch eine Alternativl\u00f6sung \u00fcber andere Paragraphen anbietet, werden diese nicht mehr<br \/>\nin dem Urteil aufgegriffen und behandelt.<\/p>\n<p>Die drei Richter werden jegliche<b>\u00a0neuen Argumente nicht beachten<\/b>.<br \/>\nEs gibt folglich<b>\u00a0keine gerichtliche Aufkl\u00e4rung<\/b>\u00a0des Sachverhaltes.<\/p>\n<p>Auch neue rechtliche Argumente werden nicht aufgegriffen. Vielmehr sind<br \/>\ndie Proze\u00dfvorschriften als eine Art versp\u00e4tetes Vorbringen &#8211; \u00e4hnlich im Zivilverfahren &#8211; zu sehen.<\/p>\n<p>Hieran ist zu erkennen, dass das<b>\u00a0Proze\u00dfrecht an das franz\u00f6sische Recht angelehnt<\/b>\u00a0ist.<\/p>\n<p>Aber auch an dieser Stelle muss gesagt werden, dass das Proze\u00dfrecht in\u00a0<b>vielen L\u00e4ndern, sogar<br \/>\ninnerhalb der EU,\u00a0<\/b>unterschiedlich ist, wenn es um richterliche W\u00fcrdigung oder Beweiserhebungen geht.<br \/>\nDer gleich Fall kann also auch aus formellen Gr\u00fcnden unterschiedlich entschieden werden.<\/p>\n<p>Es ist folglich notwendig, die Klage umfassend zu verfassen.<\/p>\n<p>[\/et_pb_text][\/et_pb_column][et_pb_column type=&#8220;1_3&#8243;][et_pb_text admin_label=&#8220;Text Abstandshalter&#8220; _builder_version=&#8220;3.2&#8243; custom_margin=&#8220;0px|0px|0px|0px&#8220; custom_padding=&#8220;0px|0px|0px|0px&#8220;]<\/p>\n<p><span style=\"color: #ffffff;\">:<\/span><br \/>\n<span style=\"color: #ffffff;\">:<\/span><\/p>\n<p>[\/et_pb_text][\/et_pb_column][\/et_pb_row][et_pb_row custom_padding=&#8220;0px|0px|0px|&#8220; padding_top_1=&#8220;0px&#8220; padding_right_1=&#8220;0px&#8220; padding_bottom_1=&#8220;0px&#8220; padding_left_1=&#8220;0px&#8220; padding_top_2=&#8220;0px&#8220; padding_right_2=&#8220;0px&#8220; padding_bottom_2=&#8220;0px&#8220; background_position_1=&#8220;top_left&#8220; background_position_2=&#8220;top_left&#8220; background_repeat_1=&#8220;no-repeat&#8220; background_repeat_2=&#8220;no-repeat&#8220; _builder_version=&#8220;3.0.64&#8243;][et_pb_column type=&#8220;2_3&#8243;][et_pb_text admin_label=&#8220;Text Abstandshalter&#8220; _builder_version=&#8220;3.2&#8243; custom_margin=&#8220;0px|0px|0px|0px&#8220; custom_padding=&#8220;0px|0px|0px|0px&#8220;]<\/p>\n<p><span style=\"color: #ffffff;\">:<\/span><br \/>\n<span style=\"color: #ffffff;\">:<\/span><\/p>\n<p>[\/et_pb_text][et_pb_text admin_label=&#8220;Text \u00dcberschrift Klage in Deutschland&#8220; _builder_version=&#8220;3.4.1&#8243;]<\/p>\n<h3>Klage in Deutschland<\/h3>\n<p>[\/et_pb_text][et_pb_text admin_label=&#8220;Text Klage in Deutschland&#8220; _builder_version=&#8220;3.11&#8243;]<\/p>\n<p>Findet man mit dem Finanzamt keine Einigung, erl\u00e4sst das Finanzamt letztlich eine\u00a0<b>Einspruchsentscheidung<\/b>.<br \/>\nNunmehr\u00a0muss innerhalb einer Frist von einem Monat\u00a0<b>Klage beim Finanzgericht<\/b>eingereicht werden.<\/p>\n<p>Anders als beispielsweise im Zivilprozess, gibt es im Steuerrecht\u00a0<b>nur 2 Instanzen<\/b>.<br \/>\nMeistens ist aber bereits mit dem Urteil des Finanzgerichts der Streit abgeschlossen.<\/p>\n<p>Denn der\u00a0<b>Bundesfinanzhof<\/b>\u00a0als 2. Instanz entscheidet nur \u00fcber die\u00a0<b>Revision<\/b>.<br \/>\nDiese muss entweder vom Finanzgericht zugelassen werden, was selten vorkommt.<\/p>\n<p>Oder aber dem Kl\u00e4ger gelingt es, mit einer\u00a0<b>Beschwerde gegen die Nichtzulassung<\/b>,<br \/>\ndie 2. Instanz zu erreichen. Die H\u00fcrden hierf\u00fcr sind hoch. Der Bundesfinanzhof entscheidet<br \/>\n\u00fcber die Beschwerde.<\/p>\n<p>Dem Finanzgericht m\u00fcssen\u00a0<b>Verfahrensfehler<\/b>\u00a0vorgeworfen werden k\u00f6nnen. Auch dies\u00a0gelingt selten.<\/p>\n<p>Ein anderer Zulassungsgrund ist die\u00a0<b>herausragende Bedeutung des Rechtsproblems<\/b>.<br \/>\nDies ist zum Beispiel der Fall, wenn von dem Urteil ein gro\u00dfer Kreis von Steuerpflichtigen betroffen ist.<br \/>\nBeispiele hierf\u00fcr sind Grundsatzprobleme einer Berufsgruppe, Streitigkeiten zur Auslegung von<br \/>\nDoppelbesteuerungsabkommen, Fragen zur Vermietung oder zum Arbeitszimmer.<\/p>\n<p>Andererseits darf das Problem noch\u00a0<b>nicht<\/b>\u00a0bereits vom Bundesfinanzhof\u00a0<b>grundlegend gekl\u00e4rt<\/b>\u00a0sein.<\/p>\n<p>Aus diesem Grunde tr\u00e4gt der Rechtsanwalt eine hohe Verantwortung, wenn er\u00a0f\u00fcr seinen Mandanten<br \/>\neinen Finanzgerichtsprozess f\u00fchren soll.<\/p>\n<p>[\/et_pb_text][\/et_pb_column][et_pb_column type=&#8220;1_3&#8243;][et_pb_text admin_label=&#8220;Text Abstandshalter&#8220; _builder_version=&#8220;3.2&#8243; custom_margin=&#8220;0px|0px|0px|0px&#8220; custom_padding=&#8220;0px|0px|0px|0px&#8220;]<\/p>\n<p><span style=\"color: #ffffff;\">:<\/span><br \/>\n<span style=\"color: #ffffff;\">:<\/span><\/p>\n<p>[\/et_pb_text][et_pb_image admin_label=&#8220;Bild Wonnebauer_100_jahre_finanzgerichtsbarkeit_P1110170&#8243; _builder_version=&#8220;3.4.1&#8243; src=&#8220;https:\/\/wonnebauer.de\/site\/wp-content\/uploads\/2018\/06\/Wonnebauer_100_jahre_finanzgerichtsbarkeit_P1110170.jpg&#8220; custom_margin=&#8220;||0px|&#8220; \/][\/et_pb_column][\/et_pb_row][\/et_pb_section][et_pb_section bb_built=&#8220;1&#8243; custom_padding=&#8220;0px|0px|0px|0px&#8220; _builder_version=&#8220;3.0.64&#8243; prev_background_color=&#8220;#000000&#8243;][et_pb_row custom_padding=&#8220;0px|0px|0px|0px&#8220; _builder_version=&#8220;3.0.64&#8243; background_size=&#8220;initial&#8220; background_position=&#8220;top_left&#8220; background_repeat=&#8220;repeat&#8220;][et_pb_column type=&#8220;4_4&#8243;][et_pb_text admin_label=&#8220;Text Abstandshalter mit Leerzeilen&#8220; _builder_version=&#8220;3.0.64&#8243; custom_margin=&#8220;0px|0px|0px|0px&#8220; custom_padding=&#8220;0px|0px|10px|0px&#8220; background_layout=&#8220;light&#8220; text_orientation=&#8220;left&#8220; border_style=&#8220;solid&#8220;]<\/p>\n<p><span style=\"color: #ffffff;\">:<\/span><br \/>\n<span style=\"color: #ffffff;\">:<\/span><\/p>\n<p>[\/et_pb_text][et_pb_text admin_label=&#8220;Text + Link Impressum Rechtsanwalt Stephan Wonnebauer&#8220; _builder_version=&#8220;3.0.64&#8243; background_layout=&#8220;light&#8220; text_orientation=&#8220;left&#8220; border_style=&#8220;solid&#8220; custom_padding=&#8220;||5px|&#8220;]<\/p>\n<p style=\"text-align: center;\"><span class=\"st\">\u00a9Rechtsanwalt Stephan Wonnebauer &#8211; <a href=\"https:\/\/wonnebauer.de\/site\/home\/impressum\/\">Impressum<\/a><br \/>\n<\/span><\/p>\n<p>[\/et_pb_text][\/et_pb_column][\/et_pb_row][\/et_pb_section]<\/p>\n","protected":false},"excerpt":{"rendered":"<p>: : Steuerrechtliche Klage : : Wann sind Steuergesetze verfassungswidrig? Es ist nicht ungew\u00f6hnlich, dass der\u00a0Bundesfinanzhof\u00a0steuerrechtliche Vorschriften f\u00fcr verfassungswidrig h\u00e4lt und den Rechtsstreit dann dem Bundesverfassungsgericht vorlegt, der letztlich verbindlich \u00fcber die m\u00f6gliche Verfassungswidrigkeit entscheidet. Rund 4000\u00a0Verfassungsbeschwerden\u00a0betreffen Steuersache. Erfolgreich sind zirka 2%. Popul\u00e4r sind die Enscheidungen zum Erbschaftsteuerrecht oder zur Verm\u00f6gensteuer. Letzteres Gesetz gibt es [&hellip;]<\/p>\n","protected":false},"author":1,"featured_media":0,"parent":917,"menu_order":16,"comment_status":"closed","ping_status":"closed","template":"","meta":{"_et_pb_use_builder":"on","_et_pb_old_content":"","_et_gb_content_width":"","footnotes":""},"class_list":["post-1769","page","type-page","status-publish","hentry"],"_links":{"self":[{"href":"https:\/\/wonnebauer.de\/site\/wp-json\/wp\/v2\/pages\/1769","targetHints":{"allow":["GET"]}}],"collection":[{"href":"https:\/\/wonnebauer.de\/site\/wp-json\/wp\/v2\/pages"}],"about":[{"href":"https:\/\/wonnebauer.de\/site\/wp-json\/wp\/v2\/types\/page"}],"author":[{"embeddable":true,"href":"https:\/\/wonnebauer.de\/site\/wp-json\/wp\/v2\/users\/1"}],"replies":[{"embeddable":true,"href":"https:\/\/wonnebauer.de\/site\/wp-json\/wp\/v2\/comments?post=1769"}],"version-history":[{"count":7,"href":"https:\/\/wonnebauer.de\/site\/wp-json\/wp\/v2\/pages\/1769\/revisions"}],"predecessor-version":[{"id":2712,"href":"https:\/\/wonnebauer.de\/site\/wp-json\/wp\/v2\/pages\/1769\/revisions\/2712"}],"up":[{"embeddable":true,"href":"https:\/\/wonnebauer.de\/site\/wp-json\/wp\/v2\/pages\/917"}],"wp:attachment":[{"href":"https:\/\/wonnebauer.de\/site\/wp-json\/wp\/v2\/media?parent=1769"}],"curies":[{"name":"wp","href":"https:\/\/api.w.org\/{rel}","templated":true}]}}